{"id":63975,"date":"2021-12-18T00:38:03","date_gmt":"2021-12-18T00:38:03","guid":{"rendered":"https:\/\/villa-albertine.org\/professionals\/lappel-projets-jazz-new-music-2022-est-desormais-ouvert\/"},"modified":"2023-08-23T08:11:15","modified_gmt":"2023-08-23T08:11:15","slug":"lappel-projets-jazz-new-music-2022-est-desormais-ouvert","status":"publish","type":"app_professional","link":"https:\/\/villa-albertine.org\/va\/fr\/professionals\/lappel-projets-jazz-new-music-2022-est-desormais-ouvert\/","title":{"rendered":"L&rsquo;appel \u00e0 projets\u00a0Jazz &#038; New Music\u00a02022 est d\u00e9sormais ouvert !\u202f\u202f"},"content":{"rendered":"<p>La nouvelle date limite de candidature est le 28 f\u00e9vrier 2022.\u00a0\u00a0<\/p>\n<p>La pand\u00e9mie de COVID-19 continue d&rsquo;affecter profond\u00e9ment le monde \u00e0 bien des \u00e9gards. Les institutions culturelles et les \u00e9changes artistiques ayant \u00e9t\u00e9 particuli\u00e8rement touch\u00e9s par la crise mondiale, aujourd&rsquo;hui, plus que jamais, la Villa Albertine et la Fondation FACE sont fi\u00e8res d&rsquo;encourager, de promouvoir et de soutenir la performance et la cr\u00e9ation artistique.\u00a0<\/p>\n<p>Jazz &amp; New Music a ajust\u00e9 ses crit\u00e8res pour mieux r\u00e9pondre aux besoins de la coop\u00e9ration artistique entre la France et les Etats-Unis dans le monde d&rsquo;aujourd&rsquo;hui en encourageant le d\u00e9veloppement de projets num\u00e9riques et hybrides (num\u00e9rique + in-person).\u00a0<\/p>\n<p>L&rsquo;appel \u00e0 candidature est ouvert aux projets se d\u00e9roulant entre le 1er septembre 2022 et le 31 ao\u00fbt 2023.\u00a0<\/p>\n<p>Les artistes sont encourag\u00e9s \u00e0 postuler \u00e0 des projets qui se tiendront en 2023\u00a0en raison de la forte concentration de projets \u00e0 l\u2019automne 2022 d\u00fb au nombre de projets\u00a0report\u00e9s depuis\u00a02020 et 2021.\u00a0\u00a0<\/p>\n<p>Le programme Jazz &amp;\u00a0New Music\u00a0attribue deux types de bourses diff\u00e9rentes :\u00a0\u00a0<\/p>\n<p>&#8211;\u00a0<strong>Bourse de cr\u00e9ation\u00a0<\/strong><\/p>\n<p>Les bourses de cr\u00e9ation\u00a0Jazz &amp; New Music soutiennent des projets con\u00e7us conjointement par des musiciens professionnels et des institutions fran\u00e7aises et am\u00e9ricaines qui encouragent l&rsquo;exploration artistique, favorisent le dialogue interculturel et contribuent au dynamisme des esth\u00e9tiques musicales qu&rsquo;ils\u00a0d\u00e9fendent. Elles soutiennent \u00e9galement de nouvelles commandes \u00e0 des compositeurs fran\u00e7ais, notamment dans le domaine de\u00a0la musique contemporaine.\u00a0<\/p>\n<p><a href=\"https:\/\/face-foundation.org\/artistic-funds\/jazz-new-music\/creative-grant\/\">En savoir plus sur les bourses de cr\u00e9ation<\/a>\u00a0\u00a0<\/p>\n<p>&#8211;\u00a0<strong>Bourse de tourn\u00e9e\u00a0<\/strong><\/p>\n<p>Les\u00a0bourses de tourn\u00e9e\u00a0Jazz &amp; New Music\u00a0soutiennent les projets de tourn\u00e9e de musiciens et d&rsquo;ensembles fran\u00e7ais avec un minimum de trois repr\u00e9sentations aux Etats-Unis.\u00a0<\/p>\n<p><a href=\"https:\/\/face-foundation.org\/artistic-funds\/jazz-new-music\/touring-grant\/\">En savoir plus sur les bourses de tourn\u00e9e<\/a>\u00a0<\/p>\n<p>Jazz &amp; New Music est un programme de la Fondation FACE et de la Villa Albertine,\u00a0en partenariat avec l\u2019ambassade de France aux \u00c9tats-Unis\u00a0avec le soutien du Minist\u00e8re fran\u00e7ais de la Culture, de l&rsquo;Institut fran\u00e7ais, de la Soci\u00e9t\u00e9 des Auteurs, Compositeurs et\u00a0\u00c9diteurs de Musique (SACEM) et du Centre National de la Musique (CNM).\u00a0<\/p>\n<p>Les artistes\u00a0fran\u00e7ais\u00a0ou\u00a0bas\u00e9s\u00a0en\u00a0France qui\u00a0souhaitent\u00a0effectuer\u00a0une\u00a0r\u00e9sidence\u00a0exploratoire\u00a0d&rsquo;un \u00e0 trois\u00a0mois\u00a0aux\u00a0\u00c9tats-Unis\u00a0sont\u00a0invit\u00e9s\u00a0\u00e0\u00a0postuler\u00a0au\u00a0programme\u00a0de\u00a0r\u00e9sidence\u00a0de la Villa Albertine\u00a0<a href=\"https:\/\/villa-albertine.org\/professionals\/call-applications-villa-albertine-season-2\">ici<\/a>\u00a0<\/p>\n","protected":false},"featured_media":61598,"menu_order":0,"template":"","app_discipline":[281],"app_city_tax":[268,269,271,270,272,267,262,264,273,274],"app_professional_category":[307],"app_professional_content_type":[],"class_list":["post-63975","app_professional","type-app_professional","status-publish","has-post-thumbnail","hentry","app_discipline-musique-fr","app_city_tax-atl-fr","app_city_tax-bos-fr","app_city_tax-chi-fr","app_city_tax-hou-fr","app_city_tax-nola-fr","app_city_tax-la-fr","app_city_tax-mia-fr","app_city_tax-nyc-fr","app_city_tax-sf-fr","app_city_tax-dc-fr","app_professional_category-musique-fr"],"acf":[],"yoast_head":"<!-- This site is optimized with the Yoast SEO plugin v27.3 - https:\/\/yoast.com\/product\/yoast-seo-wordpress\/ -->\n<title>L&#039;appel \u00e0 projets\u00a0Jazz &amp; New Music\u00a02022 est d\u00e9sormais ouvert !\u202f\u202f - Villa Albertine<\/title>\n<meta name=\"robots\" content=\"index, follow, max-snippet:-1, max-image-preview:large, max-video-preview:-1\" \/>\n<link rel=\"canonical\" href=\"https:\/\/villa-albertine.org\/va\/fr\/professionals\/lappel-projets-jazz-new-music-2022-est-desormais-ouvert\/\" \/>\n<meta property=\"og:locale\" content=\"fr_FR\" \/>\n<meta property=\"og:type\" content=\"article\" \/>\n<meta property=\"og:title\" content=\"L&#039;appel \u00e0 projets\u00a0Jazz &amp; New Music\u00a02022 est d\u00e9sormais ouvert !\u202f\u202f - Villa Albertine\" \/>\n<meta property=\"og:description\" content=\"La nouvelle date limite de candidature est le 28 f\u00e9vrier 2022.\u00a0\u00a0 La pand\u00e9mie de COVID-19 continue d&rsquo;affecter profond\u00e9ment le monde \u00e0 bien des \u00e9gards. Les institutions culturelles et les \u00e9changes artistiques ayant \u00e9t\u00e9 particuli\u00e8rement touch\u00e9s par la crise mondiale, aujourd&rsquo;hui, plus que jamais, la Villa Albertine et la Fondation FACE sont fi\u00e8res d&rsquo;encourager, de promouvoir...\" \/>\n<meta property=\"og:url\" content=\"https:\/\/villa-albertine.org\/va\/fr\/professionals\/lappel-projets-jazz-new-music-2022-est-desormais-ouvert\/\" \/>\n<meta property=\"og:site_name\" content=\"Villa Albertine\" \/>\n<meta property=\"article:modified_time\" content=\"2023-08-23T08:11:15+00:00\" \/>\n<meta property=\"og:image\" content=\"https:\/\/villa-albertine.org\/wp-content\/uploads\/2023\/08\/Thais-Lona-C2A9-Sandra-Gomes-scaled-1.jpeg\" \/>\n\t<meta property=\"og:image:width\" content=\"1392\" \/>\n\t<meta property=\"og:image:height\" content=\"1740\" \/>\n\t<meta property=\"og:image:type\" content=\"image\/jpeg\" \/>\n<meta name=\"twitter:card\" content=\"summary_large_image\" \/>\n<meta name=\"twitter:label1\" content=\"Dur\u00e9e de lecture estim\u00e9e\" \/>\n\t<meta name=\"twitter:data1\" content=\"2 minutes\" \/>\n<script type=\"application\/ld+json\" class=\"yoast-schema-graph\">{\"@context\":\"https:\\\/\\\/schema.org\",\"@graph\":[{\"@type\":\"WebPage\",\"@id\":\"https:\\\/\\\/villa-albertine.org\\\/va\\\/fr\\\/professionals\\\/lappel-projets-jazz-new-music-2022-est-desormais-ouvert\\\/\",\"url\":\"https:\\\/\\\/villa-albertine.org\\\/va\\\/fr\\\/professionals\\\/lappel-projets-jazz-new-music-2022-est-desormais-ouvert\\\/\",\"name\":\"L'appel \u00e0 projets\u00a0Jazz & New Music\u00a02022 est d\u00e9sormais ouvert !\u202f\u202f - Villa Albertine\",\"isPartOf\":{\"@id\":\"https:\\\/\\\/villa-albertine.org\\\/va\\\/fr\\\/#website\"},\"primaryImageOfPage\":{\"@id\":\"https:\\\/\\\/villa-albertine.org\\\/va\\\/fr\\\/professionals\\\/lappel-projets-jazz-new-music-2022-est-desormais-ouvert\\\/#primaryimage\"},\"image\":{\"@id\":\"https:\\\/\\\/villa-albertine.org\\\/va\\\/fr\\\/professionals\\\/lappel-projets-jazz-new-music-2022-est-desormais-ouvert\\\/#primaryimage\"},\"thumbnailUrl\":\"https:\\\/\\\/villa-albertine.org\\\/wp-content\\\/uploads\\\/2023\\\/08\\\/Thais-Lona-C2A9-Sandra-Gomes-scaled-1.jpeg\",\"datePublished\":\"2021-12-18T00:38:03+00:00\",\"dateModified\":\"2023-08-23T08:11:15+00:00\",\"breadcrumb\":{\"@id\":\"https:\\\/\\\/villa-albertine.org\\\/va\\\/fr\\\/professionals\\\/lappel-projets-jazz-new-music-2022-est-desormais-ouvert\\\/#breadcrumb\"},\"inLanguage\":\"fr-FR\",\"potentialAction\":[{\"@type\":\"ReadAction\",\"target\":[\"https:\\\/\\\/villa-albertine.org\\\/va\\\/fr\\\/professionals\\\/lappel-projets-jazz-new-music-2022-est-desormais-ouvert\\\/\"]}]},{\"@type\":\"ImageObject\",\"inLanguage\":\"fr-FR\",\"@id\":\"https:\\\/\\\/villa-albertine.org\\\/va\\\/fr\\\/professionals\\\/lappel-projets-jazz-new-music-2022-est-desormais-ouvert\\\/#primaryimage\",\"url\":\"https:\\\/\\\/villa-albertine.org\\\/wp-content\\\/uploads\\\/2023\\\/08\\\/Thais-Lona-C2A9-Sandra-Gomes-scaled-1.jpeg\",\"contentUrl\":\"https:\\\/\\\/villa-albertine.org\\\/wp-content\\\/uploads\\\/2023\\\/08\\\/Thais-Lona-C2A9-Sandra-Gomes-scaled-1.jpeg\",\"width\":1392,\"height\":1740},{\"@type\":\"BreadcrumbList\",\"@id\":\"https:\\\/\\\/villa-albertine.org\\\/va\\\/fr\\\/professionals\\\/lappel-projets-jazz-new-music-2022-est-desormais-ouvert\\\/#breadcrumb\",\"itemListElement\":[{\"@type\":\"ListItem\",\"position\":1,\"name\":\"Home\",\"item\":\"https:\\\/\\\/villa-albertine.org\\\/va\\\/fr\\\/home\\\/\"},{\"@type\":\"ListItem\",\"position\":2,\"name\":\"L&rsquo;appel \u00e0 projets\u00a0Jazz &#038; New Music\u00a02022 est d\u00e9sormais ouvert !\u202f\u202f\"}]},{\"@type\":\"WebSite\",\"@id\":\"https:\\\/\\\/villa-albertine.org\\\/va\\\/fr\\\/#website\",\"url\":\"https:\\\/\\\/villa-albertine.org\\\/va\\\/fr\\\/\",\"name\":\"Villa Albertine\",\"description\":\"\",\"potentialAction\":[{\"@type\":\"SearchAction\",\"target\":{\"@type\":\"EntryPoint\",\"urlTemplate\":\"https:\\\/\\\/villa-albertine.org\\\/va\\\/fr\\\/?s={search_term_string}\"},\"query-input\":{\"@type\":\"PropertyValueSpecification\",\"valueRequired\":true,\"valueName\":\"search_term_string\"}}],\"inLanguage\":\"fr-FR\"}]}<\/script>\n<!-- \/ Yoast SEO plugin. -->","yoast_head_json":{"title":"L'appel \u00e0 projets\u00a0Jazz & New Music\u00a02022 est d\u00e9sormais ouvert !\u202f\u202f - Villa Albertine","robots":{"index":"index","follow":"follow","max-snippet":"max-snippet:-1","max-image-preview":"max-image-preview:large","max-video-preview":"max-video-preview:-1"},"canonical":"https:\/\/villa-albertine.org\/va\/fr\/professionals\/lappel-projets-jazz-new-music-2022-est-desormais-ouvert\/","og_locale":"fr_FR","og_type":"article","og_title":"L'appel \u00e0 projets\u00a0Jazz & New Music\u00a02022 est d\u00e9sormais ouvert !\u202f\u202f - Villa Albertine","og_description":"La nouvelle date limite de candidature est le 28 f\u00e9vrier 2022.\u00a0\u00a0 La pand\u00e9mie de COVID-19 continue d&rsquo;affecter profond\u00e9ment le monde \u00e0 bien des \u00e9gards. Les institutions culturelles et les \u00e9changes artistiques ayant \u00e9t\u00e9 particuli\u00e8rement touch\u00e9s par la crise mondiale, aujourd&rsquo;hui, plus que jamais, la Villa Albertine et la Fondation FACE sont fi\u00e8res d&rsquo;encourager, de promouvoir...","og_url":"https:\/\/villa-albertine.org\/va\/fr\/professionals\/lappel-projets-jazz-new-music-2022-est-desormais-ouvert\/","og_site_name":"Villa Albertine","article_modified_time":"2023-08-23T08:11:15+00:00","og_image":[{"width":1392,"height":1740,"url":"https:\/\/villa-albertine.org\/wp-content\/uploads\/2023\/08\/Thais-Lona-C2A9-Sandra-Gomes-scaled-1.jpeg","type":"image\/jpeg"}],"twitter_card":"summary_large_image","twitter_misc":{"Dur\u00e9e de lecture estim\u00e9e":"2 minutes"},"schema":{"@context":"https:\/\/schema.org","@graph":[{"@type":"WebPage","@id":"https:\/\/villa-albertine.org\/va\/fr\/professionals\/lappel-projets-jazz-new-music-2022-est-desormais-ouvert\/","url":"https:\/\/villa-albertine.org\/va\/fr\/professionals\/lappel-projets-jazz-new-music-2022-est-desormais-ouvert\/","name":"L'appel \u00e0 projets\u00a0Jazz & New Music\u00a02022 est d\u00e9sormais ouvert !\u202f\u202f - Villa Albertine","isPartOf":{"@id":"https:\/\/villa-albertine.org\/va\/fr\/#website"},"primaryImageOfPage":{"@id":"https:\/\/villa-albertine.org\/va\/fr\/professionals\/lappel-projets-jazz-new-music-2022-est-desormais-ouvert\/#primaryimage"},"image":{"@id":"https:\/\/villa-albertine.org\/va\/fr\/professionals\/lappel-projets-jazz-new-music-2022-est-desormais-ouvert\/#primaryimage"},"thumbnailUrl":"https:\/\/villa-albertine.org\/wp-content\/uploads\/2023\/08\/Thais-Lona-C2A9-Sandra-Gomes-scaled-1.jpeg","datePublished":"2021-12-18T00:38:03+00:00","dateModified":"2023-08-23T08:11:15+00:00","breadcrumb":{"@id":"https:\/\/villa-albertine.org\/va\/fr\/professionals\/lappel-projets-jazz-new-music-2022-est-desormais-ouvert\/#breadcrumb"},"inLanguage":"fr-FR","potentialAction":[{"@type":"ReadAction","target":["https:\/\/villa-albertine.org\/va\/fr\/professionals\/lappel-projets-jazz-new-music-2022-est-desormais-ouvert\/"]}]},{"@type":"ImageObject","inLanguage":"fr-FR","@id":"https:\/\/villa-albertine.org\/va\/fr\/professionals\/lappel-projets-jazz-new-music-2022-est-desormais-ouvert\/#primaryimage","url":"https:\/\/villa-albertine.org\/wp-content\/uploads\/2023\/08\/Thais-Lona-C2A9-Sandra-Gomes-scaled-1.jpeg","contentUrl":"https:\/\/villa-albertine.org\/wp-content\/uploads\/2023\/08\/Thais-Lona-C2A9-Sandra-Gomes-scaled-1.jpeg","width":1392,"height":1740},{"@type":"BreadcrumbList","@id":"https:\/\/villa-albertine.org\/va\/fr\/professionals\/lappel-projets-jazz-new-music-2022-est-desormais-ouvert\/#breadcrumb","itemListElement":[{"@type":"ListItem","position":1,"name":"Home","item":"https:\/\/villa-albertine.org\/va\/fr\/home\/"},{"@type":"ListItem","position":2,"name":"L&rsquo;appel \u00e0 projets\u00a0Jazz &#038; New Music\u00a02022 est d\u00e9sormais ouvert !\u202f\u202f"}]},{"@type":"WebSite","@id":"https:\/\/villa-albertine.org\/va\/fr\/#website","url":"https:\/\/villa-albertine.org\/va\/fr\/","name":"Villa Albertine","description":"","potentialAction":[{"@type":"SearchAction","target":{"@type":"EntryPoint","urlTemplate":"https:\/\/villa-albertine.org\/va\/fr\/?s={search_term_string}"},"query-input":{"@type":"PropertyValueSpecification","valueRequired":true,"valueName":"search_term_string"}}],"inLanguage":"fr-FR"}]}},"_links":{"self":[{"href":"https:\/\/villa-albertine.org\/va\/fr\/wp-json\/wp\/v2\/app_professional\/63975","targetHints":{"allow":["GET"]}}],"collection":[{"href":"https:\/\/villa-albertine.org\/va\/fr\/wp-json\/wp\/v2\/app_professional"}],"about":[{"href":"https:\/\/villa-albertine.org\/va\/fr\/wp-json\/wp\/v2\/types\/app_professional"}],"wp:featuredmedia":[{"embeddable":true,"href":"https:\/\/villa-albertine.org\/va\/fr\/wp-json\/wp\/v2\/media\/61598"}],"wp:attachment":[{"href":"https:\/\/villa-albertine.org\/va\/fr\/wp-json\/wp\/v2\/media?parent=63975"}],"wp:term":[{"taxonomy":"app_discipline","embeddable":true,"href":"https:\/\/villa-albertine.org\/va\/fr\/wp-json\/wp\/v2\/app_discipline?post=63975"},{"taxonomy":"app_city_tax","embeddable":true,"href":"https:\/\/villa-albertine.org\/va\/fr\/wp-json\/wp\/v2\/app_city_tax?post=63975"},{"taxonomy":"app_professional_category","embeddable":true,"href":"https:\/\/villa-albertine.org\/va\/fr\/wp-json\/wp\/v2\/app_professional_category?post=63975"},{"taxonomy":"app_professional_content_type","embeddable":true,"href":"https:\/\/villa-albertine.org\/va\/fr\/wp-json\/wp\/v2\/app_professional_content_type?post=63975"}],"curies":[{"name":"wp","href":"https:\/\/api.w.org\/{rel}","templated":true}]}}