{"id":63974,"date":"2021-12-02T22:42:00","date_gmt":"2021-12-02T22:42:00","guid":{"rendered":"https:\/\/villa-albertine.org\/professionals\/formation-boulevard-des-series-2021\/"},"modified":"2023-08-23T08:11:15","modified_gmt":"2023-08-23T08:11:15","slug":"formation-boulevard-des-series-2021","status":"publish","type":"app_professional","link":"https:\/\/villa-albertine.org\/va\/fr\/professionals\/formation-boulevard-des-series-2021\/","title":{"rendered":"Formation Boulevard des S\u00e9ries 2021"},"content":{"rendered":"<p>Boulevard des S\u00e9ries est un programme destin\u00e9 \u00e0 cr\u00e9er un \u00e9change interculturel entre des sc\u00e9naristes fran\u00e7ais de s\u00e9rie t\u00e9l\u00e9vis\u00e9e et des professionnels am\u00e9ricains. Il est co-organis\u00e9 par la Villa Albertine, nouvelle institution culturelle aux Etats-Unis pilot\u00e9e par les services culturels de l&rsquo;Ambassade de France, la SACD, l\u2019Institut Fran\u00e7ais et la <em>WGA Foundation<\/em>.<\/p>\n<p>\u00a0<\/p>\n<p>Un groupe de 11 auteurs constituera la d\u00e9l\u00e9gation fran\u00e7aise de cette ann\u00e9e, repr\u00e9sentant la diversit\u00e9 et la pluralit\u00e9 de la cr\u00e9ativit\u00e9 audiovisuelle fran\u00e7aise. Au cours de ces trois jours de rendez-vous en ligne, les sc\u00e9naristes vont rencontrer des experts de l\u2019industrie t\u00e9l\u00e9visuelle am\u00e9ricaine (<em>showrunners<\/em>, sc\u00e9naristes, r\u00e9alisateurs, producteurs). Ce programme de formation vise \u00e0 encourager un partage d\u2019exp\u00e9rience entre professionnels fran\u00e7ais et am\u00e9ricains, \u00e0 valoriser le savoir-faire fran\u00e7ais en mati\u00e8re de s\u00e9rie t\u00e9l\u00e9vis\u00e9e et \u00e0 offrir \u00e0 ces 11 auteurs l\u2019opportunit\u00e9 d\u2019acqu\u00e9rir une connaissance approfondie du paysage et des pratiques de l\u2019industrie t\u00e9l\u00e9visuelle am\u00e9ricaine. Boulevard des S\u00e9ries constitue par ailleurs un excellent espace de discussion quant aux m\u00e9thodes de cr\u00e9ation des deux pays, du fonctionnement des\u00a0<em>writer\u2019s rooms<\/em> au d\u00e9roulement des tournages et du processus de postproduction.<\/p>\n<p>\u00a0<\/p>\n<p>Cette ann\u00e9e, le programme de formation Boulevard des S\u00e9ries accueillera Shirin Rashidian, Sullivan Le Postec, Loo Hui Phang, Hughes Derolez, Thomas Cantaloube, C\u00e9leste Balin, F\u00e9licia Viti, Niksa Dzordeski, Michel Soiliho Bodin, Eurydice Da Silva and Nicolas Simonin.<\/p>\n<p>Pour en savoir plus sur les talents fran\u00e7ais de cette ann\u00e9es, consultez leur pr\u00e9sentation <a href=\"https:\/\/wetransfer.com\/downloads\/5abfcc2a80aa70c76bdbef37e3757e5720211202230139\/e65bda879656f0a9edf57e7eff16097220211202230159\/b46d79\">ici<\/a>.<\/p>\n<p>\u00a0<\/p>\n<p>\u00a0<\/p>\n<p>CONTACT<\/p>\n<p>Lucie Carette<\/p>\n<p>Attach\u00e9e audiovisuel et Directrice de la Villa Albertine \u00e0 Los Angeles<\/p>\n<p><a href=\"mailto:film@frenchculture.org\">film@frenchculture.org<\/a>\u00a0<\/p>\n","protected":false},"featured_media":61595,"menu_order":0,"template":"","app_discipline":[283],"app_city_tax":[267],"app_professional_category":[301],"app_professional_content_type":[],"class_list":["post-63974","app_professional","type-app_professional","status-publish","has-post-thumbnail","hentry","app_discipline-audiovisuel-fr","app_city_tax-la-fr","app_professional_category-cinema-series-fr"],"acf":[],"yoast_head":"<!-- This site is optimized with the Yoast SEO plugin v27.3 - https:\/\/yoast.com\/product\/yoast-seo-wordpress\/ -->\n<title>Formation Boulevard des S\u00e9ries 2021 - Villa Albertine<\/title>\n<meta name=\"robots\" content=\"index, follow, max-snippet:-1, max-image-preview:large, max-video-preview:-1\" \/>\n<link rel=\"canonical\" href=\"https:\/\/villa-albertine.org\/va\/fr\/professionals\/formation-boulevard-des-series-2021\/\" \/>\n<meta property=\"og:locale\" content=\"fr_FR\" \/>\n<meta property=\"og:type\" content=\"article\" \/>\n<meta property=\"og:title\" content=\"Formation Boulevard des S\u00e9ries 2021 - Villa Albertine\" \/>\n<meta property=\"og:description\" content=\"Boulevard des S\u00e9ries est un programme destin\u00e9 \u00e0 cr\u00e9er un \u00e9change interculturel entre des sc\u00e9naristes fran\u00e7ais de s\u00e9rie t\u00e9l\u00e9vis\u00e9e et des professionnels am\u00e9ricains. Il est co-organis\u00e9 par la Villa Albertine, nouvelle institution culturelle aux Etats-Unis pilot\u00e9e par les services culturels de l&rsquo;Ambassade de France, la SACD, l\u2019Institut Fran\u00e7ais et la WGA Foundation. \u00a0 Un groupe...\" \/>\n<meta property=\"og:url\" content=\"https:\/\/villa-albertine.org\/va\/fr\/professionals\/formation-boulevard-des-series-2021\/\" \/>\n<meta property=\"og:site_name\" content=\"Villa Albertine\" \/>\n<meta property=\"article:modified_time\" content=\"2023-08-23T08:11:15+00:00\" \/>\n<meta property=\"og:image\" content=\"https:\/\/villa-albertine.org\/wp-content\/uploads\/2023\/08\/boulevard20des20sC3A9ries.png\" \/>\n\t<meta property=\"og:image:width\" content=\"1392\" \/>\n\t<meta property=\"og:image:height\" content=\"584\" \/>\n\t<meta property=\"og:image:type\" content=\"image\/png\" \/>\n<meta name=\"twitter:card\" content=\"summary_large_image\" \/>\n<meta name=\"twitter:label1\" content=\"Dur\u00e9e de lecture estim\u00e9e\" \/>\n\t<meta name=\"twitter:data1\" content=\"1 minute\" \/>\n<script type=\"application\/ld+json\" class=\"yoast-schema-graph\">{\"@context\":\"https:\\\/\\\/schema.org\",\"@graph\":[{\"@type\":\"WebPage\",\"@id\":\"https:\\\/\\\/villa-albertine.org\\\/va\\\/fr\\\/professionals\\\/formation-boulevard-des-series-2021\\\/\",\"url\":\"https:\\\/\\\/villa-albertine.org\\\/va\\\/fr\\\/professionals\\\/formation-boulevard-des-series-2021\\\/\",\"name\":\"Formation Boulevard des S\u00e9ries 2021 - Villa Albertine\",\"isPartOf\":{\"@id\":\"https:\\\/\\\/villa-albertine.org\\\/va\\\/fr\\\/#website\"},\"primaryImageOfPage\":{\"@id\":\"https:\\\/\\\/villa-albertine.org\\\/va\\\/fr\\\/professionals\\\/formation-boulevard-des-series-2021\\\/#primaryimage\"},\"image\":{\"@id\":\"https:\\\/\\\/villa-albertine.org\\\/va\\\/fr\\\/professionals\\\/formation-boulevard-des-series-2021\\\/#primaryimage\"},\"thumbnailUrl\":\"https:\\\/\\\/villa-albertine.org\\\/wp-content\\\/uploads\\\/2023\\\/08\\\/boulevard20des20sC3A9ries.png\",\"datePublished\":\"2021-12-02T22:42:00+00:00\",\"dateModified\":\"2023-08-23T08:11:15+00:00\",\"breadcrumb\":{\"@id\":\"https:\\\/\\\/villa-albertine.org\\\/va\\\/fr\\\/professionals\\\/formation-boulevard-des-series-2021\\\/#breadcrumb\"},\"inLanguage\":\"fr-FR\",\"potentialAction\":[{\"@type\":\"ReadAction\",\"target\":[\"https:\\\/\\\/villa-albertine.org\\\/va\\\/fr\\\/professionals\\\/formation-boulevard-des-series-2021\\\/\"]}]},{\"@type\":\"ImageObject\",\"inLanguage\":\"fr-FR\",\"@id\":\"https:\\\/\\\/villa-albertine.org\\\/va\\\/fr\\\/professionals\\\/formation-boulevard-des-series-2021\\\/#primaryimage\",\"url\":\"https:\\\/\\\/villa-albertine.org\\\/wp-content\\\/uploads\\\/2023\\\/08\\\/boulevard20des20sC3A9ries.png\",\"contentUrl\":\"https:\\\/\\\/villa-albertine.org\\\/wp-content\\\/uploads\\\/2023\\\/08\\\/boulevard20des20sC3A9ries.png\",\"width\":1392,\"height\":584},{\"@type\":\"BreadcrumbList\",\"@id\":\"https:\\\/\\\/villa-albertine.org\\\/va\\\/fr\\\/professionals\\\/formation-boulevard-des-series-2021\\\/#breadcrumb\",\"itemListElement\":[{\"@type\":\"ListItem\",\"position\":1,\"name\":\"Home\",\"item\":\"https:\\\/\\\/villa-albertine.org\\\/va\\\/fr\\\/home\\\/\"},{\"@type\":\"ListItem\",\"position\":2,\"name\":\"Formation Boulevard des S\u00e9ries 2021\"}]},{\"@type\":\"WebSite\",\"@id\":\"https:\\\/\\\/villa-albertine.org\\\/va\\\/fr\\\/#website\",\"url\":\"https:\\\/\\\/villa-albertine.org\\\/va\\\/fr\\\/\",\"name\":\"Villa Albertine\",\"description\":\"\",\"potentialAction\":[{\"@type\":\"SearchAction\",\"target\":{\"@type\":\"EntryPoint\",\"urlTemplate\":\"https:\\\/\\\/villa-albertine.org\\\/va\\\/fr\\\/?s={search_term_string}\"},\"query-input\":{\"@type\":\"PropertyValueSpecification\",\"valueRequired\":true,\"valueName\":\"search_term_string\"}}],\"inLanguage\":\"fr-FR\"}]}<\/script>\n<!-- \/ Yoast SEO plugin. -->","yoast_head_json":{"title":"Formation Boulevard des S\u00e9ries 2021 - Villa Albertine","robots":{"index":"index","follow":"follow","max-snippet":"max-snippet:-1","max-image-preview":"max-image-preview:large","max-video-preview":"max-video-preview:-1"},"canonical":"https:\/\/villa-albertine.org\/va\/fr\/professionals\/formation-boulevard-des-series-2021\/","og_locale":"fr_FR","og_type":"article","og_title":"Formation Boulevard des S\u00e9ries 2021 - Villa Albertine","og_description":"Boulevard des S\u00e9ries est un programme destin\u00e9 \u00e0 cr\u00e9er un \u00e9change interculturel entre des sc\u00e9naristes fran\u00e7ais de s\u00e9rie t\u00e9l\u00e9vis\u00e9e et des professionnels am\u00e9ricains. Il est co-organis\u00e9 par la Villa Albertine, nouvelle institution culturelle aux Etats-Unis pilot\u00e9e par les services culturels de l&rsquo;Ambassade de France, la SACD, l\u2019Institut Fran\u00e7ais et la WGA Foundation. \u00a0 Un groupe...","og_url":"https:\/\/villa-albertine.org\/va\/fr\/professionals\/formation-boulevard-des-series-2021\/","og_site_name":"Villa Albertine","article_modified_time":"2023-08-23T08:11:15+00:00","og_image":[{"width":1392,"height":584,"url":"https:\/\/villa-albertine.org\/wp-content\/uploads\/2023\/08\/boulevard20des20sC3A9ries.png","type":"image\/png"}],"twitter_card":"summary_large_image","twitter_misc":{"Dur\u00e9e de lecture estim\u00e9e":"1 minute"},"schema":{"@context":"https:\/\/schema.org","@graph":[{"@type":"WebPage","@id":"https:\/\/villa-albertine.org\/va\/fr\/professionals\/formation-boulevard-des-series-2021\/","url":"https:\/\/villa-albertine.org\/va\/fr\/professionals\/formation-boulevard-des-series-2021\/","name":"Formation Boulevard des S\u00e9ries 2021 - Villa Albertine","isPartOf":{"@id":"https:\/\/villa-albertine.org\/va\/fr\/#website"},"primaryImageOfPage":{"@id":"https:\/\/villa-albertine.org\/va\/fr\/professionals\/formation-boulevard-des-series-2021\/#primaryimage"},"image":{"@id":"https:\/\/villa-albertine.org\/va\/fr\/professionals\/formation-boulevard-des-series-2021\/#primaryimage"},"thumbnailUrl":"https:\/\/villa-albertine.org\/wp-content\/uploads\/2023\/08\/boulevard20des20sC3A9ries.png","datePublished":"2021-12-02T22:42:00+00:00","dateModified":"2023-08-23T08:11:15+00:00","breadcrumb":{"@id":"https:\/\/villa-albertine.org\/va\/fr\/professionals\/formation-boulevard-des-series-2021\/#breadcrumb"},"inLanguage":"fr-FR","potentialAction":[{"@type":"ReadAction","target":["https:\/\/villa-albertine.org\/va\/fr\/professionals\/formation-boulevard-des-series-2021\/"]}]},{"@type":"ImageObject","inLanguage":"fr-FR","@id":"https:\/\/villa-albertine.org\/va\/fr\/professionals\/formation-boulevard-des-series-2021\/#primaryimage","url":"https:\/\/villa-albertine.org\/wp-content\/uploads\/2023\/08\/boulevard20des20sC3A9ries.png","contentUrl":"https:\/\/villa-albertine.org\/wp-content\/uploads\/2023\/08\/boulevard20des20sC3A9ries.png","width":1392,"height":584},{"@type":"BreadcrumbList","@id":"https:\/\/villa-albertine.org\/va\/fr\/professionals\/formation-boulevard-des-series-2021\/#breadcrumb","itemListElement":[{"@type":"ListItem","position":1,"name":"Home","item":"https:\/\/villa-albertine.org\/va\/fr\/home\/"},{"@type":"ListItem","position":2,"name":"Formation Boulevard des S\u00e9ries 2021"}]},{"@type":"WebSite","@id":"https:\/\/villa-albertine.org\/va\/fr\/#website","url":"https:\/\/villa-albertine.org\/va\/fr\/","name":"Villa Albertine","description":"","potentialAction":[{"@type":"SearchAction","target":{"@type":"EntryPoint","urlTemplate":"https:\/\/villa-albertine.org\/va\/fr\/?s={search_term_string}"},"query-input":{"@type":"PropertyValueSpecification","valueRequired":true,"valueName":"search_term_string"}}],"inLanguage":"fr-FR"}]}},"_links":{"self":[{"href":"https:\/\/villa-albertine.org\/va\/fr\/wp-json\/wp\/v2\/app_professional\/63974","targetHints":{"allow":["GET"]}}],"collection":[{"href":"https:\/\/villa-albertine.org\/va\/fr\/wp-json\/wp\/v2\/app_professional"}],"about":[{"href":"https:\/\/villa-albertine.org\/va\/fr\/wp-json\/wp\/v2\/types\/app_professional"}],"wp:featuredmedia":[{"embeddable":true,"href":"https:\/\/villa-albertine.org\/va\/fr\/wp-json\/wp\/v2\/media\/61595"}],"wp:attachment":[{"href":"https:\/\/villa-albertine.org\/va\/fr\/wp-json\/wp\/v2\/media?parent=63974"}],"wp:term":[{"taxonomy":"app_discipline","embeddable":true,"href":"https:\/\/villa-albertine.org\/va\/fr\/wp-json\/wp\/v2\/app_discipline?post=63974"},{"taxonomy":"app_city_tax","embeddable":true,"href":"https:\/\/villa-albertine.org\/va\/fr\/wp-json\/wp\/v2\/app_city_tax?post=63974"},{"taxonomy":"app_professional_category","embeddable":true,"href":"https:\/\/villa-albertine.org\/va\/fr\/wp-json\/wp\/v2\/app_professional_category?post=63974"},{"taxonomy":"app_professional_content_type","embeddable":true,"href":"https:\/\/villa-albertine.org\/va\/fr\/wp-json\/wp\/v2\/app_professional_content_type?post=63974"}],"curies":[{"name":"wp","href":"https:\/\/api.w.org\/{rel}","templated":true}]}}