{"id":63959,"date":"2021-10-11T16:23:37","date_gmt":"2021-10-11T16:23:37","guid":{"rendered":"https:\/\/villa-albertine.org\/professionals\/portrait-camille-trouve-2\/"},"modified":"2023-08-23T08:11:13","modified_gmt":"2023-08-23T08:11:13","slug":"portrait-camille-trouve","status":"publish","type":"app_professional","link":"https:\/\/villa-albertine.org\/va\/fr\/professionals\/portrait-camille-trouve\/","title":{"rendered":"Portrait : Camille Trouv\u00e9"},"content":{"rendered":"<p>En novembre 2015,\u00a0<em>R.A.G.E.<\/em>, le 7e spectacle de <strong>la Compagnie Les Anges au plafond<\/strong>, a \u00e9t\u00e9 pr\u00e9sent\u00e9 en avant-premi\u00e8re \u00e0 Equinoxe \u00e0 Ch\u00e2teauroux, en France. Pour cette pi\u00e8ce, deuxi\u00e8me d&rsquo;un diptyque centr\u00e9 sur le th\u00e8me de la censure, c&rsquo;est au tour de <strong>Camille Trouv\u00e9 <\/strong>de mettre en sc\u00e8ne Brice Berthoud dans un personnage bien connu du XXe si\u00e8cle. L&rsquo;histoire qui se d\u00e9roule se situe \u00e0 la crois\u00e9e de l&rsquo;escroquerie et de l&rsquo;authenticit\u00e9. Apr\u00e8s avoir \u00e9t\u00e9 jou\u00e9 sur diff\u00e9rentes sc\u00e8nes nationales,\u00a0<em>R.A.G.E.<\/em>\u00a0sera accueilli par le Chicago International\u00a0Puppet\u00a0Festival aux \u00c9tats-Unis, avec le soutien d&rsquo;une bourse du programme FACE\u00a0Contemporary\u00a0Theater.\u00a0\u00a0<\/p>\n<p><u><strong>Les Anges au Plafond : Des r\u00e9cits mythiques aux personnages contemporains\u00a0\u00a0<\/strong><\/u><\/p>\n<p>Sur le site web des Anges au plafond, leur travail est d\u00e9crit comme \u00e9tant ax\u00e9 \u00ab\u00a0sur l&rsquo;endroit pr\u00e9cis o\u00f9 l&rsquo;intime et le politique se croisent\u00a0\u00bb. Mais comment et pourquoi cette \u00e9quipe de marionnettistes veut-elle aborder ce sujet au XXIe si\u00e8cle ?\u00a0\u00a0<\/p>\n<p>Avec leurs performances,\u00a0<em>Antigone de papier<\/em>\u00a0(2007) et\u00a0<em>Au Fil d&rsquo;\u0152dipe<\/em>\u00a0(2009), qui font partie d&rsquo;une s\u00e9rie intitul\u00e9e <em>\u00ab\u00a0La Trag\u00e9die des Anges\u00a0\u00bb<\/em>, les artistes interrogent les mythes antiques d&rsquo;Antigone et d&rsquo;\u0152dipe, et leur rapport avec la question de la libert\u00e9 d&rsquo;expression. Cette cr\u00e9ation artistique a inspir\u00e9 Camille Trouv\u00e9 et Brice Berthoud pour r\u00e9fl\u00e9chir \u00e0 ces th\u00e8mes \u00e0 travers des personnages contemporains. Le \u00ab\u00a0Cycle de la Censure\u00a0\u00bb se compose de<em>\u00a0Les Mains de Camille\u00a0<\/em>(2012) et de<em>\u00a0R.A.G.E<\/em>.\u00a0(2015) qui mettent respectivement en sc\u00e8ne Camille Claudel et une c\u00e9l\u00e8bre romanci\u00e8re du XXe si\u00e8cle dont les initiales forment le titre du spectacle (\u00e0 vous de trouver de qui il s&rsquo;agit !). \u00c0 travers ces deux personnages, les marionnettistes racontent le combat de Camille Claudel contre la censure bourgeoise au XIXe si\u00e8cle et discutent avec\u00a0<em>R.A.G.E.<\/em>\u00a0de l&rsquo;impact de l&rsquo;autocensure du XXe si\u00e8cle. A travers ces r\u00e9cits tragiques et po\u00e9tiques, Camille Trouv\u00e9 et Brice Berthoud r\u00e9v\u00e8lent \u00e9galement un aspect important de la soci\u00e9t\u00e9 actuelle : la menace constante qui p\u00e8se sur notre libert\u00e9 d&rsquo;expression. Si la censure du XXe si\u00e8cle est plus\u00a0discr\u00e8te\u00a0que par le pass\u00e9, elle n&rsquo;en reste pas moins tr\u00e8s pr\u00e9sente dans notre soci\u00e9t\u00e9 moderne.\u00a0\u00a0\u00a0<\/p>\n<p><u><strong>R.A.G.E.\u00a0: un personnage complexe en qu\u00eate d&rsquo;authenticit\u00e9\u00a0\u00a0\u00a0\u00a0<\/strong><\/u><\/p>\n<p><em>R.A.G.E.<\/em>\u00a0est l&rsquo;histoire d&rsquo;un c\u00e9l\u00e8bre romancier, n\u00e9 dans l&rsquo;Empire russe au d\u00e9but de la Premi\u00e8re Guerre mondiale, qui s&rsquo;est r\u00e9fugi\u00e9 en France et est devenu la seule personne \u00e0 avoir remport\u00e9 deux fois le Prix Goncourt, sous deux noms diff\u00e9rents. C&rsquo;est aussi l&rsquo;histoire d&rsquo;une m\u00e8re qui a voulu que son fils accomplisse un destin extraordinaire d&rsquo;\u00e9crivain, de diplomate et de h\u00e9ros. Dans<em>\u00a0R.A.G.E<\/em>., nous voyons comment l&rsquo;amour maternel fa\u00e7onne le personnage principal, et nous observons comment il apprend \u00e0 multiplier son identit\u00e9 et \u00e0 voyager entre fiction et r\u00e9alit\u00e9.\u00a0\u00a0\u00a0<\/p>\n<p><em>R.A.G.E.\u00a0<\/em>d\u00e9crit comment ce personnage historique a \u00e9vit\u00e9 la censure en mentant. Dans l&rsquo;histoire, il s&rsquo;invente et se r\u00e9incarne, d\u00e9couvrant le v\u00e9ritable pouvoir des pseudonymes et cr\u00e9ant de nouveaux chefs-d&rsquo;\u0153uvre de la main de son alter ego. Le go\u00fbt du personnage principal pour le mensonge, la manipulation et le subterfuge est d\u00e9licatement mis en sc\u00e8ne par Camille Trouv\u00e9, qui r\u00e9v\u00e8le le paradoxe d\u00e9routant du mensonge en qu\u00eate de v\u00e9rit\u00e9.\u00a0\u00a0<\/p>\n<blockquote>\n<p>\u00ab\u00a0J&rsquo;en avais assez d&rsquo;\u00eatre seulement moi-m\u00eame. (&#8230;) Recommencer, revivre, \u00eatre un autre \u00e9tait la grande tentation de mon existence (&#8230;). La v\u00e9rit\u00e9 est que j&rsquo;ai \u00e9t\u00e9 tr\u00e8s profond\u00e9ment touch\u00e9 par la plus ancienne tentation de l&rsquo;homme : celle de la multiplicit\u00e9 (&#8230;) J&rsquo;ai toujours \u00e9t\u00e9 un autre. &#8230;\u00a0\u00bb dit le romancier mis en sc\u00e8ne dans\u00a0<em>R.A.G.E.\u00a0<\/em>(1981)\u00a0\u00a0<\/p>\n<\/blockquote>\n<p>Ce paradoxe, et l&rsquo;ambigu\u00eft\u00e9 entre fiction et r\u00e9alit\u00e9 &#8211; entre le visible et l&rsquo;invisible &#8211; sont pr\u00e9sent\u00e9s par la metteuse en sc\u00e8ne Camille Trouv\u00e9 comme repr\u00e9sentatifs du d\u00e9sir du personnage de se lib\u00e9rer des stigmates qui limitent sa cr\u00e9ativit\u00e9. L&rsquo;alter ego lib\u00e9rateur que l&rsquo;\u00e9crivain adopte devient son nouveau \u00ab\u00a0moi\u00a0\u00bb et, dans la multiplicit\u00e9 des identit\u00e9s, il se perd dans son propre jeu.\u00a0\u00a0\u00a0<\/p>\n<p><u><strong>Sc\u00e9nographie et mise en sc\u00e8ne : Jusqu&rsquo;o\u00f9 va l&rsquo;illusion ?\u00a0\u00a0\u00a0<\/strong><\/u><\/p>\n<p>Six interpr\u00e8tes (Brice Berthoud, Jonas\u00a0Coutancier, Yvan\u00a0Bernardet, Xavier\u00a0Drouault, Piero P\u00e9pin et\u00a0No\u00ebmi\u00a0Waysfed) donnent vie \u00e0 quinze marionnettes de papier. Alors que le bruiteur Xavier\u00a0Drouault\u00a0\u00e9veille notre imaginaire, que le trompettiste Piero P\u00e9pin porte les \u00e9motions de la pi\u00e8ce et que la chanteuse H\u00e9l\u00e9na\u00a0Maniakis\u00a0recr\u00e9e l&rsquo;univers de l&rsquo;\u00e9crivain, les marionnettistes offrent au public une exp\u00e9rience magique et dramatique. La manipulation et l&rsquo;illusion sont les essences m\u00eames du spectacle : le protagoniste joue avec le mensonge et la tromperie tandis que Camille Trouv\u00e9 et Brice Berthoud tentent de manipuler notre regard \u00e0 travers leur sc\u00e9nographie.\u00a0<\/p>\n<blockquote>\n<p>\u00ab\u00a0Sur cette \u00e9mission, nous voulions une multitude de points de vue possibles.\u00a0 (&#8230;) On s&rsquo;est dit : la base sera deux publics qui ne font qu&rsquo;un, deux personnages qui ne font aussi qu&rsquo;un, et on va jouer avec ces points de vue sur l&rsquo;histoire\u00a0\u00bb. Selon l&rsquo;endroit o\u00f9 vous \u00eates plac\u00e9 dans la salle ou m\u00eame sur la sc\u00e8ne, vous ne verrez pas le m\u00eame spectacle. On entend parfois une partie du public rire et pas l&rsquo;autre, et c&rsquo;est bien l\u00e0 l&rsquo;\u00e2me de\u00a0R.A.G.E.\u00a0: peut-on se m\u00e9fier des v\u00e9rit\u00e9s absolues ?\u00a0\u00bb Camille Trouv\u00e9 dans un entretien avec Laura Lalande en 2015.\u00a0\u00a0<\/p>\n<\/blockquote>\n<p>Le rapport entre la sc\u00e8ne et la salle, le jeu des lumi\u00e8res, les chansons en diff\u00e9rentes langues, la texture des textes et la riche diversit\u00e9 des arts utilis\u00e9s dans le spectacle cr\u00e9ent une atmosph\u00e8re captivante qui nous entra\u00eene au c\u0153ur d&rsquo;une r\u00e9flexion intime et nous immerge dans la vie du plus grand escroc litt\u00e9raire du XXe si\u00e8cle.\u00a0\u00a0\u00a0<\/p>\n<p><u><strong>\u00c0 propos de Camille Trouv\u00e9\u00a0\u00a0\u00a0<\/strong><\/u><\/p>\n<p>Apr\u00e8s une formation en marionnettes \u00e0 l&rsquo;\u00e9cole nationale de Glasgow, Camille rentre en France, o\u00f9 elle rencontre des metteurs en sc\u00e8ne tels que Wajdi Mouawad, Fran\u00e7ois Cervant\u00e8s, Catherine Germain, et Laurent\u00a0Fr\u00e9churet. Elle se forme \u00e9galement \u00e0 l&rsquo;Institut international de la marionnette de Charleville-M\u00e9zi\u00e8res aupr\u00e8s de la compagnie anglaise Green Ginger. Constructrice d&rsquo;objets articul\u00e9s insolites, marionnettiste et com\u00e9dienne, Camille Trouv\u00e9 poursuit ses explorations cr\u00e9atives. Au cours de ses diff\u00e9rentes productions, elle a cr\u00e9\u00e9 un univers visuel original et d\u00e9cal\u00e9, souvent r\u00e9alis\u00e9 en collaboration avec des coll\u00e8gues comme le marionnettiste et ma\u00eetre des ombres et lumi\u00e8res italien Fabrizio\u00a0Montechi. Elle a \u00e9galement jou\u00e9 en tant que marionnettiste dans\u00a0<em>Le Cri Quotidien<\/em>,\u00a0<em>Une Antigone de papier<\/em>,\u00a0<em>Les Mains de Camille<\/em>\u00a0et<em>\u00a0Du R\u00eave\u00a0que fut ma vie <\/em>et mis en sc\u00e8ne\u00a0<em>Les Nuits polaires<\/em>,<em>\u00a0Au Fil d&rsquo;\u0152dipe<\/em>,\u00a0<em>R.A.G.E.<\/em>\u00a0et\u00a0<em>White Dog<\/em>.\u00a0\u00a0<\/p>\n<p><u><strong>\u00c0 propos de Les Anges au plafond\u00a0\u00a0<\/strong><\/u><\/p>\n<p>Les Anges au Plafond est une rencontre entre deux esprits, initi\u00e9e en 2000 par les com\u00e9diens et marionnettistes, Camille Trouv\u00e9 et Brice Berthoud. Ils ont d\u00e9velopp\u00e9 leur langage artistique autour de trois axes principaux : le souffle \u00e9pique, l&rsquo;espace en question, la manipulation r\u00e9v\u00e9l\u00e9e ou dissimul\u00e9e. Leurs spectacles explorent la relation complexe entre le marionnettiste et la marionnette. Cherchant \u00e0 raconter des histoires de vie \u00e0 la fois intimes et spectaculaires, Camille Trouv\u00e9 et Brice Berthoud nous transportent dans les univers de protagonistes hors du commun. Ce faisant, ils se concentrent sur l&rsquo;endroit pr\u00e9cis o\u00f9 l&rsquo;intime et le politique se croisent. \u00c0 titre d&rsquo;exemple, leur derni\u00e8re cr\u00e9ation intitul\u00e9e\u00a0Le N\u00e9cessaire D\u00e9s\u00e9quilibre des Choses\u00a0explore la fragilit\u00e9, la vuln\u00e9rabilit\u00e9 et le chaos \u00e9motionnel de l&rsquo;\u00eatre humain tout en s&rsquo;interrogeant sur l&rsquo;origine du monde. Cette fois, les Anges au Plafond se d\u00e9tachent peu \u00e0 peu des figures mythologiques pour prendre forme humaine et d\u00e9battre de la notion de d\u00e9sir et du sens de la vie. Bas\u00e9e sur le texte de Roland Barthes<em>\u00a0Fragments d&rsquo;un discours amoureux<\/em>\u00a0(1977), cette pi\u00e8ce pleine de po\u00e9sie et de philosophie sera cr\u00e9\u00e9e le 3 novembre 2020 \u00e0 la Maison de la Culture de Bourges.\u00a0<\/p>\n","protected":false},"featured_media":61547,"menu_order":0,"template":"","app_discipline":[275],"app_city_tax":[268,269,271,270,272,267,262,264,273,274],"app_professional_category":[303],"app_professional_content_type":[300],"class_list":["post-63959","app_professional","type-app_professional","status-publish","has-post-thumbnail","hentry","app_discipline-arts-de-la-scene-fr","app_city_tax-atl-fr","app_city_tax-bos-fr","app_city_tax-chi-fr","app_city_tax-hou-fr","app_city_tax-nola-fr","app_city_tax-la-fr","app_city_tax-mia-fr","app_city_tax-nyc-fr","app_city_tax-sf-fr","app_city_tax-dc-fr","app_professional_category-arts-de-la-scene-fr","app_professional_content_type-resources-fr"],"acf":[],"yoast_head":"<!-- This site is optimized with the Yoast SEO plugin v27.3 - https:\/\/yoast.com\/product\/yoast-seo-wordpress\/ -->\n<title>Portrait : Camille Trouv\u00e9 - Villa Albertine<\/title>\n<meta name=\"robots\" content=\"index, follow, max-snippet:-1, max-image-preview:large, max-video-preview:-1\" \/>\n<link rel=\"canonical\" href=\"https:\/\/villa-albertine.org\/va\/fr\/professionals\/portrait-camille-trouve\/\" \/>\n<meta property=\"og:locale\" content=\"fr_FR\" \/>\n<meta property=\"og:type\" content=\"article\" \/>\n<meta property=\"og:title\" content=\"Portrait : Camille Trouv\u00e9 - Villa Albertine\" \/>\n<meta property=\"og:description\" content=\"En novembre 2015,\u00a0R.A.G.E., le 7e spectacle de la Compagnie Les Anges au plafond, a \u00e9t\u00e9 pr\u00e9sent\u00e9 en avant-premi\u00e8re \u00e0 Equinoxe \u00e0 Ch\u00e2teauroux, en France. Pour cette pi\u00e8ce, deuxi\u00e8me d&rsquo;un diptyque centr\u00e9 sur le th\u00e8me de la censure, c&rsquo;est au tour de Camille Trouv\u00e9 de mettre en sc\u00e8ne Brice Berthoud dans un personnage bien connu du...\" \/>\n<meta property=\"og:url\" content=\"https:\/\/villa-albertine.org\/va\/fr\/professionals\/portrait-camille-trouve\/\" \/>\n<meta property=\"og:site_name\" content=\"Villa Albertine\" \/>\n<meta property=\"article:modified_time\" content=\"2023-08-23T08:11:13+00:00\" \/>\n<meta property=\"og:image\" content=\"https:\/\/villa-albertine.org\/wp-content\/uploads\/2023\/08\/anges_portrait_camille_vm_2912-min.jpg\" \/>\n\t<meta property=\"og:image:width\" content=\"970\" \/>\n\t<meta property=\"og:image:height\" content=\"647\" \/>\n\t<meta property=\"og:image:type\" content=\"image\/jpeg\" \/>\n<meta name=\"twitter:card\" content=\"summary_large_image\" \/>\n<meta name=\"twitter:label1\" content=\"Dur\u00e9e de lecture estim\u00e9e\" \/>\n\t<meta name=\"twitter:data1\" content=\"7 minutes\" \/>\n<script type=\"application\/ld+json\" class=\"yoast-schema-graph\">{\"@context\":\"https:\\\/\\\/schema.org\",\"@graph\":[{\"@type\":\"WebPage\",\"@id\":\"https:\\\/\\\/villa-albertine.org\\\/va\\\/fr\\\/professionals\\\/portrait-camille-trouve\\\/\",\"url\":\"https:\\\/\\\/villa-albertine.org\\\/va\\\/fr\\\/professionals\\\/portrait-camille-trouve\\\/\",\"name\":\"Portrait : Camille Trouv\u00e9 - Villa Albertine\",\"isPartOf\":{\"@id\":\"https:\\\/\\\/villa-albertine.org\\\/va\\\/fr\\\/#website\"},\"primaryImageOfPage\":{\"@id\":\"https:\\\/\\\/villa-albertine.org\\\/va\\\/fr\\\/professionals\\\/portrait-camille-trouve\\\/#primaryimage\"},\"image\":{\"@id\":\"https:\\\/\\\/villa-albertine.org\\\/va\\\/fr\\\/professionals\\\/portrait-camille-trouve\\\/#primaryimage\"},\"thumbnailUrl\":\"https:\\\/\\\/villa-albertine.org\\\/wp-content\\\/uploads\\\/2023\\\/08\\\/anges_portrait_camille_vm_2912-min.jpg\",\"datePublished\":\"2021-10-11T16:23:37+00:00\",\"dateModified\":\"2023-08-23T08:11:13+00:00\",\"breadcrumb\":{\"@id\":\"https:\\\/\\\/villa-albertine.org\\\/va\\\/fr\\\/professionals\\\/portrait-camille-trouve\\\/#breadcrumb\"},\"inLanguage\":\"fr-FR\",\"potentialAction\":[{\"@type\":\"ReadAction\",\"target\":[\"https:\\\/\\\/villa-albertine.org\\\/va\\\/fr\\\/professionals\\\/portrait-camille-trouve\\\/\"]}]},{\"@type\":\"ImageObject\",\"inLanguage\":\"fr-FR\",\"@id\":\"https:\\\/\\\/villa-albertine.org\\\/va\\\/fr\\\/professionals\\\/portrait-camille-trouve\\\/#primaryimage\",\"url\":\"https:\\\/\\\/villa-albertine.org\\\/wp-content\\\/uploads\\\/2023\\\/08\\\/anges_portrait_camille_vm_2912-min.jpg\",\"contentUrl\":\"https:\\\/\\\/villa-albertine.org\\\/wp-content\\\/uploads\\\/2023\\\/08\\\/anges_portrait_camille_vm_2912-min.jpg\",\"width\":970,\"height\":647},{\"@type\":\"BreadcrumbList\",\"@id\":\"https:\\\/\\\/villa-albertine.org\\\/va\\\/fr\\\/professionals\\\/portrait-camille-trouve\\\/#breadcrumb\",\"itemListElement\":[{\"@type\":\"ListItem\",\"position\":1,\"name\":\"Home\",\"item\":\"https:\\\/\\\/villa-albertine.org\\\/va\\\/fr\\\/home\\\/\"},{\"@type\":\"ListItem\",\"position\":2,\"name\":\"Portrait : Camille Trouv\u00e9\"}]},{\"@type\":\"WebSite\",\"@id\":\"https:\\\/\\\/villa-albertine.org\\\/va\\\/fr\\\/#website\",\"url\":\"https:\\\/\\\/villa-albertine.org\\\/va\\\/fr\\\/\",\"name\":\"Villa Albertine\",\"description\":\"\",\"potentialAction\":[{\"@type\":\"SearchAction\",\"target\":{\"@type\":\"EntryPoint\",\"urlTemplate\":\"https:\\\/\\\/villa-albertine.org\\\/va\\\/fr\\\/?s={search_term_string}\"},\"query-input\":{\"@type\":\"PropertyValueSpecification\",\"valueRequired\":true,\"valueName\":\"search_term_string\"}}],\"inLanguage\":\"fr-FR\"}]}<\/script>\n<!-- \/ Yoast SEO plugin. -->","yoast_head_json":{"title":"Portrait : Camille Trouv\u00e9 - Villa Albertine","robots":{"index":"index","follow":"follow","max-snippet":"max-snippet:-1","max-image-preview":"max-image-preview:large","max-video-preview":"max-video-preview:-1"},"canonical":"https:\/\/villa-albertine.org\/va\/fr\/professionals\/portrait-camille-trouve\/","og_locale":"fr_FR","og_type":"article","og_title":"Portrait : Camille Trouv\u00e9 - Villa Albertine","og_description":"En novembre 2015,\u00a0R.A.G.E., le 7e spectacle de la Compagnie Les Anges au plafond, a \u00e9t\u00e9 pr\u00e9sent\u00e9 en avant-premi\u00e8re \u00e0 Equinoxe \u00e0 Ch\u00e2teauroux, en France. Pour cette pi\u00e8ce, deuxi\u00e8me d&rsquo;un diptyque centr\u00e9 sur le th\u00e8me de la censure, c&rsquo;est au tour de Camille Trouv\u00e9 de mettre en sc\u00e8ne Brice Berthoud dans un personnage bien connu du...","og_url":"https:\/\/villa-albertine.org\/va\/fr\/professionals\/portrait-camille-trouve\/","og_site_name":"Villa Albertine","article_modified_time":"2023-08-23T08:11:13+00:00","og_image":[{"width":970,"height":647,"url":"https:\/\/villa-albertine.org\/wp-content\/uploads\/2023\/08\/anges_portrait_camille_vm_2912-min.jpg","type":"image\/jpeg"}],"twitter_card":"summary_large_image","twitter_misc":{"Dur\u00e9e de lecture estim\u00e9e":"7 minutes"},"schema":{"@context":"https:\/\/schema.org","@graph":[{"@type":"WebPage","@id":"https:\/\/villa-albertine.org\/va\/fr\/professionals\/portrait-camille-trouve\/","url":"https:\/\/villa-albertine.org\/va\/fr\/professionals\/portrait-camille-trouve\/","name":"Portrait : Camille Trouv\u00e9 - Villa Albertine","isPartOf":{"@id":"https:\/\/villa-albertine.org\/va\/fr\/#website"},"primaryImageOfPage":{"@id":"https:\/\/villa-albertine.org\/va\/fr\/professionals\/portrait-camille-trouve\/#primaryimage"},"image":{"@id":"https:\/\/villa-albertine.org\/va\/fr\/professionals\/portrait-camille-trouve\/#primaryimage"},"thumbnailUrl":"https:\/\/villa-albertine.org\/wp-content\/uploads\/2023\/08\/anges_portrait_camille_vm_2912-min.jpg","datePublished":"2021-10-11T16:23:37+00:00","dateModified":"2023-08-23T08:11:13+00:00","breadcrumb":{"@id":"https:\/\/villa-albertine.org\/va\/fr\/professionals\/portrait-camille-trouve\/#breadcrumb"},"inLanguage":"fr-FR","potentialAction":[{"@type":"ReadAction","target":["https:\/\/villa-albertine.org\/va\/fr\/professionals\/portrait-camille-trouve\/"]}]},{"@type":"ImageObject","inLanguage":"fr-FR","@id":"https:\/\/villa-albertine.org\/va\/fr\/professionals\/portrait-camille-trouve\/#primaryimage","url":"https:\/\/villa-albertine.org\/wp-content\/uploads\/2023\/08\/anges_portrait_camille_vm_2912-min.jpg","contentUrl":"https:\/\/villa-albertine.org\/wp-content\/uploads\/2023\/08\/anges_portrait_camille_vm_2912-min.jpg","width":970,"height":647},{"@type":"BreadcrumbList","@id":"https:\/\/villa-albertine.org\/va\/fr\/professionals\/portrait-camille-trouve\/#breadcrumb","itemListElement":[{"@type":"ListItem","position":1,"name":"Home","item":"https:\/\/villa-albertine.org\/va\/fr\/home\/"},{"@type":"ListItem","position":2,"name":"Portrait : Camille Trouv\u00e9"}]},{"@type":"WebSite","@id":"https:\/\/villa-albertine.org\/va\/fr\/#website","url":"https:\/\/villa-albertine.org\/va\/fr\/","name":"Villa Albertine","description":"","potentialAction":[{"@type":"SearchAction","target":{"@type":"EntryPoint","urlTemplate":"https:\/\/villa-albertine.org\/va\/fr\/?s={search_term_string}"},"query-input":{"@type":"PropertyValueSpecification","valueRequired":true,"valueName":"search_term_string"}}],"inLanguage":"fr-FR"}]}},"_links":{"self":[{"href":"https:\/\/villa-albertine.org\/va\/fr\/wp-json\/wp\/v2\/app_professional\/63959","targetHints":{"allow":["GET"]}}],"collection":[{"href":"https:\/\/villa-albertine.org\/va\/fr\/wp-json\/wp\/v2\/app_professional"}],"about":[{"href":"https:\/\/villa-albertine.org\/va\/fr\/wp-json\/wp\/v2\/types\/app_professional"}],"wp:featuredmedia":[{"embeddable":true,"href":"https:\/\/villa-albertine.org\/va\/fr\/wp-json\/wp\/v2\/media\/61547"}],"wp:attachment":[{"href":"https:\/\/villa-albertine.org\/va\/fr\/wp-json\/wp\/v2\/media?parent=63959"}],"wp:term":[{"taxonomy":"app_discipline","embeddable":true,"href":"https:\/\/villa-albertine.org\/va\/fr\/wp-json\/wp\/v2\/app_discipline?post=63959"},{"taxonomy":"app_city_tax","embeddable":true,"href":"https:\/\/villa-albertine.org\/va\/fr\/wp-json\/wp\/v2\/app_city_tax?post=63959"},{"taxonomy":"app_professional_category","embeddable":true,"href":"https:\/\/villa-albertine.org\/va\/fr\/wp-json\/wp\/v2\/app_professional_category?post=63959"},{"taxonomy":"app_professional_content_type","embeddable":true,"href":"https:\/\/villa-albertine.org\/va\/fr\/wp-json\/wp\/v2\/app_professional_content_type?post=63959"}],"curies":[{"name":"wp","href":"https:\/\/api.w.org\/{rel}","templated":true}]}}