{"id":480745,"date":"2024-02-09T22:12:14","date_gmt":"2024-02-09T22:12:14","guid":{"rendered":"https:\/\/villa-albertine.org\/?post_type=app_professional&#038;p=480745"},"modified":"2024-07-15T15:10:59","modified_gmt":"2024-07-15T15:10:59","slug":"sept-professionnels-des-musees-francais-selectionnes-pour-la-deuxieme-edition-du-programme-museums-next-generation-2","status":"publish","type":"app_professional","link":"https:\/\/villa-albertine.org\/va\/fr\/professionals\/sept-professionnels-des-musees-francais-selectionnes-pour-la-deuxieme-edition-du-programme-museums-next-generation-2\/","title":{"rendered":"S\u00e9lection des 7 laur\u00e9ats fran\u00e7ais du programme Museums Next Generation 2024\u00a0"},"content":{"rendered":"\n<p><span data-contrast=\"auto\">Pour cette nouvelle \u00e9dition, la promotion 2024 de Museums Next Generation se rendra \u00e0 Los Angeles du 14 au 21 avril, puis \u00e0 New York et sur la c\u00f4te est du 12 au 19 mai. Les participants b\u00e9n\u00e9ficieront pendant ces deux semaines de visites de terrain dans certaines des institutions les plus dynamiques et les plus innovantes du pays, de rencontres privil\u00e9gi\u00e9es et d\u2019\u00e9changes avec les leaders et acteurs cl\u00e9 du domaine, de pr\u00e9sentations permettant de cerner les enjeux et sp\u00e9cificit\u00e9s des mus\u00e9es am\u00e9ricains, et d\u2019\u00e9v\u00e9nements de r\u00e9seautage avec les professionnels am\u00e9ricains.&nbsp;&nbsp;<\/span><\/p>\n\n\n\n<p><span data-contrast=\"auto\">Lanc\u00e9 en 2023, Museums Next Generation est con\u00e7u comme un programme professionnel d\u2019immersion et d\u2019acc\u00e9l\u00e9ration \u00e0 destination des conservateurs des mus\u00e9es fran\u00e7ais et am\u00e9ricains. Il invite chaque ann\u00e9e sept conservateurs de mus\u00e9es fran\u00e7ais, issus de toutes les sp\u00e9cialit\u00e9s de l\u2019histoire de l\u2019art, \u00e0 participer \u00e0 une mobilit\u00e9 de deux semaines aux Etats-Unis, et autant de conservateurs am\u00e9ricains pour une immersion de dix jours en France, \u00e0 la rencontre des acteurs cl\u00e9 du monde mus\u00e9al des deux pays.&nbsp;&nbsp;&nbsp;<\/span><\/p>\n\n\n\n<h2 class=\"wp-block-heading\">Participants fran\u00e7ais de l&rsquo;\u00e9dition 2024<\/h2>\n\n\n\n<figure class=\"wp-block-image size-full\">\n\t<img loading=\"lazy\" decoding=\"async\" width=\"1024\" height=\"576\" src=\"https:\/\/villa-albertine.org\/wp-content\/uploads\/2024\/02\/Museums-Next-Gen-2024.png\" class=\"attachment-full size-full\" alt=\"\" srcset=\"https:\/\/villa-albertine.org\/wp-content\/uploads\/2024\/02\/Museums-Next-Gen-2024.png 1024w, https:\/\/villa-albertine.org\/wp-content\/uploads\/2024\/02\/Museums-Next-Gen-2024-300x169.png 300w, https:\/\/villa-albertine.org\/wp-content\/uploads\/2024\/02\/Museums-Next-Gen-2024-768x432.png 768w\" sizes=\"auto, (max-width: 1024px) 100vw, 1024px\" \/>\n\t\t\t<figcaption>\n\t\t\t<p>De haut en bas, de gauche \u00e0 droite : Damarice Amao, Enguerrand Lascols, Fabrice Rubiella, Julie Rohou, Lise Mesz, Pam\u00e9la Grimaud, Pierre-Hippolyte P\u00e9net <\/p>\n\t\t<\/figcaption>\n\t<\/figure>\n\n\n\n<ul class=\"wp-block-list\">\n<li><strong>Damarice Amao<\/strong>, attach\u00e9e de conservation au cabinet de la photographie du mus\u00e9e national d\u2019art moderne \/ Centre Pompidou, Paris&nbsp;<\/li>\n<\/ul>\n\n\n\n<ul class=\"wp-block-list\">\n<li><strong>Pam\u00e9la Grimaud<\/strong>, conservatrice et responsable du service conservation et recherche au mus\u00e9e Granet, Aix-en-Provence&nbsp;&nbsp;<\/li>\n<\/ul>\n\n\n\n<ul class=\"wp-block-list\">\n<li><strong>Enguerrand Lascols<\/strong>, conservateur au Mucem &#8211; mus\u00e9e des civilisations de l&rsquo;Europe et de la M\u00e9diterran\u00e9e, Marseille&nbsp;&nbsp;<\/li>\n<\/ul>\n\n\n\n<ul class=\"wp-block-list\">\n<li><strong>Lise Mesz<\/strong>, conservatrice et pr\u00e9figuratrice du Centre de ressources et de recherche sur l&rsquo;Asie, mus\u00e9e Guimet, Paris<\/li>\n<\/ul>\n\n\n\n<ul class=\"wp-block-list\">\n<li><strong>Pierre-Hippolyte P\u00e9net<\/strong>, conservateur en charge des collections XVe-XVIIIe si\u00e8cles au Palais des ducs de Lorraine &#8211; Mus\u00e9e lorrain, Nancy&nbsp;<\/li>\n<\/ul>\n\n\n\n<ul class=\"wp-block-list\">\n<li><strong>Julie Rohou<\/strong>, conservatrice en charge des collections d\u2019orf\u00e8vrerie, joaillerie, instruments de mesure et armes au mus\u00e9e national de la Renaissance &#8211; Ch\u00e2teau d&rsquo;Ecouen, Ecouen&nbsp;<\/li>\n<\/ul>\n\n\n\n<ul class=\"wp-block-list\">\n<li><strong>Fabrice Rubiella<\/strong>, conservateur des collections antiques, extra-europ\u00e9ennes, objets d\u2019art et sculptures         des mus\u00e9es d\u2019Angers&nbsp;<\/li>\n<\/ul>\n\n\n\n<p>Ils ont \u00e9t\u00e9 s\u00e9lectionn\u00e9s \u00e0 l\u2019issue d\u2019un appel \u00e0 candidatures, par un jury de professionnels r\u00e9uni le 16 janvier 2024 et compos\u00e9 d\u2019Oriane Beaufils, conservatrice de la Villa Ephrussi de Rothschild, Saint-Jean-Cap-Ferrat\u202f; Anne-Lise Desmas, conservatrice et directrice du d\u00e9partement Sculpture et Arts d\u00e9coratifs du J. Paul Getty Museum de Los Angeles\u202f; Olivier Meslay, directeur du Clark Art Institute de Williamstown, MA\u202f; et Charles Personnaz, directeur de l\u2019Institut national du patrimoine, Paris.<\/p>\n\n\n\n<p>Ils ont \u00e9t\u00e9 s\u00e9lectionn\u00e9s \u00e0 l\u2019issue d\u2019un appel \u00e0 candidatures, par un jury de professionnels r\u00e9uni le 16 janvier 2024 et compos\u00e9 d\u2019Oriane Beaufils, conservatrice de la Villa Ephrussi de Rothschild, Saint-Jean-Cap-Ferrat\u202f; Anne-Lise Desmas, conservatrice et directrice du d\u00e9partement Sculpture et Arts d\u00e9coratifs du J. Paul Getty Museum de Los Angeles\u202f; Olivier Meslay, directeur du Clark Art Institute de Williamstown, MA\u202f; et Charles Personnaz, directeur de l\u2019Institut national du patrimoine, Paris.&nbsp;<\/p>\n\n\n\n<p>Les participants am\u00e9ricains du programme, invit\u00e9s \u00e0 10 jours d\u2019immersion dans l\u2019\u00e9cosyst\u00e8me mus\u00e9al fran\u00e7ais en octobre 2024, seront s\u00e9lectionn\u00e9s au d\u00e9but de l\u2019\u00e9t\u00e9 prochain.&nbsp;<\/p>\n\n\n\n<p>Le programme Museums Next Generation est organis\u00e9 en partenariat avec l\u2019Albertine Foundation et l\u2019Institut national du patrimoine, et b\u00e9n\u00e9ficie du soutien exceptionnel d\u2019une g\u00e9n\u00e9reuse donatrice anonyme.&nbsp;<\/p>\n\n\n\n<h2 class=\"wp-block-heading\"><\/h2>\n","protected":false},"featured_media":384724,"menu_order":0,"template":"","app_discipline":[280],"app_city_tax":[269,271,270,272,267,262,264,273,276,274],"app_professional_category":[304],"app_professional_content_type":[302,305],"class_list":["post-480745","app_professional","type-app_professional","status-publish","has-post-thumbnail","hentry","app_discipline-musees-fr","app_city_tax-bos-fr","app_city_tax-chi-fr","app_city_tax-hou-fr","app_city_tax-nola-fr","app_city_tax-la-fr","app_city_tax-mia-fr","app_city_tax-nyc-fr","app_city_tax-sf-fr","app_city_tax-toutes-les-villes-fr","app_city_tax-dc-fr","app_professional_category-musees-patrimoine-fr","app_professional_content_type-news-fr","app_professional_content_type-grants_programs-fr"],"acf":[],"yoast_head":"<!-- This site is optimized with the Yoast SEO plugin v27.3 - https:\/\/yoast.com\/product\/yoast-seo-wordpress\/ -->\n<title>S\u00e9lection des 7 laur\u00e9ats fran\u00e7ais du programme Museums Next Generation 2024\u00a0 - Villa Albertine<\/title>\n<meta name=\"robots\" content=\"index, follow, max-snippet:-1, max-image-preview:large, max-video-preview:-1\" \/>\n<link rel=\"canonical\" href=\"https:\/\/villa-albertine.org\/va\/fr\/professionals\/sept-professionnels-des-musees-francais-selectionnes-pour-la-deuxieme-edition-du-programme-museums-next-generation-2\/\" \/>\n<meta property=\"og:locale\" content=\"fr_FR\" \/>\n<meta property=\"og:type\" content=\"article\" \/>\n<meta property=\"og:title\" content=\"S\u00e9lection des 7 laur\u00e9ats fran\u00e7ais du programme Museums Next Generation 2024\u00a0 - Villa Albertine\" \/>\n<meta property=\"og:description\" content=\"Pour cette nouvelle \u00e9dition, la promotion 2024 de Museums Next Generation se rendra \u00e0 Los Angeles du 14 au 21 avril, puis \u00e0 New York et sur la c\u00f4te est du 12 au 19 mai. Les participants b\u00e9n\u00e9ficieront pendant ces deux semaines de visites de terrain dans certaines des institutions les plus dynamiques et les...\" \/>\n<meta property=\"og:url\" content=\"https:\/\/villa-albertine.org\/va\/fr\/professionals\/sept-professionnels-des-musees-francais-selectionnes-pour-la-deuxieme-edition-du-programme-museums-next-generation-2\/\" \/>\n<meta property=\"og:site_name\" content=\"Villa Albertine\" \/>\n<meta property=\"article:modified_time\" content=\"2024-07-15T15:10:59+00:00\" \/>\n<meta property=\"og:image\" content=\"https:\/\/villa-albertine.org\/wp-content\/uploads\/2023\/11\/Untitled5-scaled.jpg\" \/>\n\t<meta property=\"og:image:width\" content=\"2560\" \/>\n\t<meta property=\"og:image:height\" content=\"1604\" \/>\n\t<meta property=\"og:image:type\" content=\"image\/jpeg\" \/>\n<meta name=\"twitter:card\" content=\"summary_large_image\" \/>\n<meta name=\"twitter:label1\" content=\"Dur\u00e9e de lecture estim\u00e9e\" \/>\n\t<meta name=\"twitter:data1\" content=\"3 minutes\" \/>\n<script type=\"application\/ld+json\" class=\"yoast-schema-graph\">{\"@context\":\"https:\\\/\\\/schema.org\",\"@graph\":[{\"@type\":\"WebPage\",\"@id\":\"https:\\\/\\\/villa-albertine.org\\\/va\\\/fr\\\/professionals\\\/sept-professionnels-des-musees-francais-selectionnes-pour-la-deuxieme-edition-du-programme-museums-next-generation-2\\\/\",\"url\":\"https:\\\/\\\/villa-albertine.org\\\/va\\\/fr\\\/professionals\\\/sept-professionnels-des-musees-francais-selectionnes-pour-la-deuxieme-edition-du-programme-museums-next-generation-2\\\/\",\"name\":\"S\u00e9lection des 7 laur\u00e9ats fran\u00e7ais du programme Museums Next Generation 2024\u00a0 - Villa Albertine\",\"isPartOf\":{\"@id\":\"https:\\\/\\\/villa-albertine.org\\\/va\\\/fr\\\/#website\"},\"primaryImageOfPage\":{\"@id\":\"https:\\\/\\\/villa-albertine.org\\\/va\\\/fr\\\/professionals\\\/sept-professionnels-des-musees-francais-selectionnes-pour-la-deuxieme-edition-du-programme-museums-next-generation-2\\\/#primaryimage\"},\"image\":{\"@id\":\"https:\\\/\\\/villa-albertine.org\\\/va\\\/fr\\\/professionals\\\/sept-professionnels-des-musees-francais-selectionnes-pour-la-deuxieme-edition-du-programme-museums-next-generation-2\\\/#primaryimage\"},\"thumbnailUrl\":\"https:\\\/\\\/villa-albertine.org\\\/wp-content\\\/uploads\\\/2023\\\/11\\\/Untitled5-scaled.jpg\",\"datePublished\":\"2024-02-09T22:12:14+00:00\",\"dateModified\":\"2024-07-15T15:10:59+00:00\",\"breadcrumb\":{\"@id\":\"https:\\\/\\\/villa-albertine.org\\\/va\\\/fr\\\/professionals\\\/sept-professionnels-des-musees-francais-selectionnes-pour-la-deuxieme-edition-du-programme-museums-next-generation-2\\\/#breadcrumb\"},\"inLanguage\":\"fr-FR\",\"potentialAction\":[{\"@type\":\"ReadAction\",\"target\":[\"https:\\\/\\\/villa-albertine.org\\\/va\\\/fr\\\/professionals\\\/sept-professionnels-des-musees-francais-selectionnes-pour-la-deuxieme-edition-du-programme-museums-next-generation-2\\\/\"]}]},{\"@type\":\"ImageObject\",\"inLanguage\":\"fr-FR\",\"@id\":\"https:\\\/\\\/villa-albertine.org\\\/va\\\/fr\\\/professionals\\\/sept-professionnels-des-musees-francais-selectionnes-pour-la-deuxieme-edition-du-programme-museums-next-generation-2\\\/#primaryimage\",\"url\":\"https:\\\/\\\/villa-albertine.org\\\/wp-content\\\/uploads\\\/2023\\\/11\\\/Untitled5-scaled.jpg\",\"contentUrl\":\"https:\\\/\\\/villa-albertine.org\\\/wp-content\\\/uploads\\\/2023\\\/11\\\/Untitled5-scaled.jpg\",\"width\":2560,\"height\":1604,\"caption\":\"Clark Art Institute\"},{\"@type\":\"BreadcrumbList\",\"@id\":\"https:\\\/\\\/villa-albertine.org\\\/va\\\/fr\\\/professionals\\\/sept-professionnels-des-musees-francais-selectionnes-pour-la-deuxieme-edition-du-programme-museums-next-generation-2\\\/#breadcrumb\",\"itemListElement\":[{\"@type\":\"ListItem\",\"position\":1,\"name\":\"Home\",\"item\":\"https:\\\/\\\/villa-albertine.org\\\/va\\\/fr\\\/home\\\/\"},{\"@type\":\"ListItem\",\"position\":2,\"name\":\"S\u00e9lection des 7 laur\u00e9ats fran\u00e7ais du programme Museums Next Generation 2024\u00a0\"}]},{\"@type\":\"WebSite\",\"@id\":\"https:\\\/\\\/villa-albertine.org\\\/va\\\/fr\\\/#website\",\"url\":\"https:\\\/\\\/villa-albertine.org\\\/va\\\/fr\\\/\",\"name\":\"Villa Albertine\",\"description\":\"\",\"potentialAction\":[{\"@type\":\"SearchAction\",\"target\":{\"@type\":\"EntryPoint\",\"urlTemplate\":\"https:\\\/\\\/villa-albertine.org\\\/va\\\/fr\\\/?s={search_term_string}\"},\"query-input\":{\"@type\":\"PropertyValueSpecification\",\"valueRequired\":true,\"valueName\":\"search_term_string\"}}],\"inLanguage\":\"fr-FR\"}]}<\/script>\n<!-- \/ Yoast SEO plugin. -->","yoast_head_json":{"title":"S\u00e9lection des 7 laur\u00e9ats fran\u00e7ais du programme Museums Next Generation 2024\u00a0 - Villa Albertine","robots":{"index":"index","follow":"follow","max-snippet":"max-snippet:-1","max-image-preview":"max-image-preview:large","max-video-preview":"max-video-preview:-1"},"canonical":"https:\/\/villa-albertine.org\/va\/fr\/professionals\/sept-professionnels-des-musees-francais-selectionnes-pour-la-deuxieme-edition-du-programme-museums-next-generation-2\/","og_locale":"fr_FR","og_type":"article","og_title":"S\u00e9lection des 7 laur\u00e9ats fran\u00e7ais du programme Museums Next Generation 2024\u00a0 - Villa Albertine","og_description":"Pour cette nouvelle \u00e9dition, la promotion 2024 de Museums Next Generation se rendra \u00e0 Los Angeles du 14 au 21 avril, puis \u00e0 New York et sur la c\u00f4te est du 12 au 19 mai. Les participants b\u00e9n\u00e9ficieront pendant ces deux semaines de visites de terrain dans certaines des institutions les plus dynamiques et les...","og_url":"https:\/\/villa-albertine.org\/va\/fr\/professionals\/sept-professionnels-des-musees-francais-selectionnes-pour-la-deuxieme-edition-du-programme-museums-next-generation-2\/","og_site_name":"Villa Albertine","article_modified_time":"2024-07-15T15:10:59+00:00","og_image":[{"width":2560,"height":1604,"url":"https:\/\/villa-albertine.org\/wp-content\/uploads\/2023\/11\/Untitled5-scaled.jpg","type":"image\/jpeg"}],"twitter_card":"summary_large_image","twitter_misc":{"Dur\u00e9e de lecture estim\u00e9e":"3 minutes"},"schema":{"@context":"https:\/\/schema.org","@graph":[{"@type":"WebPage","@id":"https:\/\/villa-albertine.org\/va\/fr\/professionals\/sept-professionnels-des-musees-francais-selectionnes-pour-la-deuxieme-edition-du-programme-museums-next-generation-2\/","url":"https:\/\/villa-albertine.org\/va\/fr\/professionals\/sept-professionnels-des-musees-francais-selectionnes-pour-la-deuxieme-edition-du-programme-museums-next-generation-2\/","name":"S\u00e9lection des 7 laur\u00e9ats fran\u00e7ais du programme Museums Next Generation 2024\u00a0 - Villa Albertine","isPartOf":{"@id":"https:\/\/villa-albertine.org\/va\/fr\/#website"},"primaryImageOfPage":{"@id":"https:\/\/villa-albertine.org\/va\/fr\/professionals\/sept-professionnels-des-musees-francais-selectionnes-pour-la-deuxieme-edition-du-programme-museums-next-generation-2\/#primaryimage"},"image":{"@id":"https:\/\/villa-albertine.org\/va\/fr\/professionals\/sept-professionnels-des-musees-francais-selectionnes-pour-la-deuxieme-edition-du-programme-museums-next-generation-2\/#primaryimage"},"thumbnailUrl":"https:\/\/villa-albertine.org\/wp-content\/uploads\/2023\/11\/Untitled5-scaled.jpg","datePublished":"2024-02-09T22:12:14+00:00","dateModified":"2024-07-15T15:10:59+00:00","breadcrumb":{"@id":"https:\/\/villa-albertine.org\/va\/fr\/professionals\/sept-professionnels-des-musees-francais-selectionnes-pour-la-deuxieme-edition-du-programme-museums-next-generation-2\/#breadcrumb"},"inLanguage":"fr-FR","potentialAction":[{"@type":"ReadAction","target":["https:\/\/villa-albertine.org\/va\/fr\/professionals\/sept-professionnels-des-musees-francais-selectionnes-pour-la-deuxieme-edition-du-programme-museums-next-generation-2\/"]}]},{"@type":"ImageObject","inLanguage":"fr-FR","@id":"https:\/\/villa-albertine.org\/va\/fr\/professionals\/sept-professionnels-des-musees-francais-selectionnes-pour-la-deuxieme-edition-du-programme-museums-next-generation-2\/#primaryimage","url":"https:\/\/villa-albertine.org\/wp-content\/uploads\/2023\/11\/Untitled5-scaled.jpg","contentUrl":"https:\/\/villa-albertine.org\/wp-content\/uploads\/2023\/11\/Untitled5-scaled.jpg","width":2560,"height":1604,"caption":"Clark Art Institute"},{"@type":"BreadcrumbList","@id":"https:\/\/villa-albertine.org\/va\/fr\/professionals\/sept-professionnels-des-musees-francais-selectionnes-pour-la-deuxieme-edition-du-programme-museums-next-generation-2\/#breadcrumb","itemListElement":[{"@type":"ListItem","position":1,"name":"Home","item":"https:\/\/villa-albertine.org\/va\/fr\/home\/"},{"@type":"ListItem","position":2,"name":"S\u00e9lection des 7 laur\u00e9ats fran\u00e7ais du programme Museums Next Generation 2024\u00a0"}]},{"@type":"WebSite","@id":"https:\/\/villa-albertine.org\/va\/fr\/#website","url":"https:\/\/villa-albertine.org\/va\/fr\/","name":"Villa Albertine","description":"","potentialAction":[{"@type":"SearchAction","target":{"@type":"EntryPoint","urlTemplate":"https:\/\/villa-albertine.org\/va\/fr\/?s={search_term_string}"},"query-input":{"@type":"PropertyValueSpecification","valueRequired":true,"valueName":"search_term_string"}}],"inLanguage":"fr-FR"}]}},"_links":{"self":[{"href":"https:\/\/villa-albertine.org\/va\/fr\/wp-json\/wp\/v2\/app_professional\/480745","targetHints":{"allow":["GET"]}}],"collection":[{"href":"https:\/\/villa-albertine.org\/va\/fr\/wp-json\/wp\/v2\/app_professional"}],"about":[{"href":"https:\/\/villa-albertine.org\/va\/fr\/wp-json\/wp\/v2\/types\/app_professional"}],"wp:featuredmedia":[{"embeddable":true,"href":"https:\/\/villa-albertine.org\/va\/fr\/wp-json\/wp\/v2\/media\/384724"}],"wp:attachment":[{"href":"https:\/\/villa-albertine.org\/va\/fr\/wp-json\/wp\/v2\/media?parent=480745"}],"wp:term":[{"taxonomy":"app_discipline","embeddable":true,"href":"https:\/\/villa-albertine.org\/va\/fr\/wp-json\/wp\/v2\/app_discipline?post=480745"},{"taxonomy":"app_city_tax","embeddable":true,"href":"https:\/\/villa-albertine.org\/va\/fr\/wp-json\/wp\/v2\/app_city_tax?post=480745"},{"taxonomy":"app_professional_category","embeddable":true,"href":"https:\/\/villa-albertine.org\/va\/fr\/wp-json\/wp\/v2\/app_professional_category?post=480745"},{"taxonomy":"app_professional_content_type","embeddable":true,"href":"https:\/\/villa-albertine.org\/va\/fr\/wp-json\/wp\/v2\/app_professional_content_type?post=480745"}],"curies":[{"name":"wp","href":"https:\/\/api.w.org\/{rel}","templated":true}]}}