{"id":446620,"date":"2024-01-11T19:16:17","date_gmt":"2024-01-11T19:16:17","guid":{"rendered":"https:\/\/villa-albertine.org\/?post_type=app_professional&#038;p=446620"},"modified":"2024-07-15T14:37:15","modified_gmt":"2024-07-15T14:37:15","slug":"appel-a-candidatures-2024-albertine-translation-fund","status":"publish","type":"app_professional","link":"https:\/\/villa-albertine.org\/va\/fr\/professionals\/appel-a-candidatures-2024-albertine-translation-fund\/","title":{"rendered":"Appel \u00e0 candidatures 2024 : Albertine Translation Fund"},"content":{"rendered":"\n<p>Lanc\u00e9 en 2022 par la Villa Albertine, en partenariat avec Albertine Foundation (anciennement Face Foundation), Albertine Translation Fund soutient les traducteurs et les \u00e9diteurs am\u00e9ricains publiant des traductions en anglais d\u2019\u0153uvres parues en France au cours des dix derni\u00e8res ann\u00e9es.<\/p>\n\n\n\n<p>Un comit\u00e9 ind\u00e9pendant de sp\u00e9cialistes, compos\u00e9 d\u2019universitaires, de traducteurs et d\u2019\u00e9diteurs, s\u00e9lectionne des \u0153uvres qui incarnent les nombreuses facettes de la sc\u00e8ne litt\u00e9raire fran\u00e7aise. Le programme soutient des livres repr\u00e9sentant de nouvelles tendances en fiction, litt\u00e9rature jeunesse, po\u00e9sie, roman graphique ainsi que les ouvrages qui abordent des perspectives importantes en non-fiction.<\/p>\n\n\n\n<p>Chaque projet laur\u00e9at re\u00e7oit 2000$ pour couvrir les co\u00fbts de publication, ainsi qu\u2019une somme compl\u00e9mentaire \u00e9quivalente \u00e0 50% des co\u00fbts de traduction, avec un plafond \u00e0 5000$.<\/p>\n\n\n\n<p>Le comit\u00e9 choisit \u00e9galement chaque ann\u00e9e deux laur\u00e9ats pour le Prix Albertine Translation parmi l\u2019ensemble des projets soutenus, un dans la cat\u00e9gorie fiction et un dans la cat\u00e9gorie non-fiction. Les gagnants re\u00e7oivent un prix de 5000$, attribu\u00e9 au traducteur.<\/p>\n\n\n\n<p>A noter que les \u0153uvres qui n\u2019ont pas d\u2019\u00e9diteur am\u00e9ricain peuvent \u00eatre retenues par le programme Albertine Translation Fund \u00e0 condition que les \u00e9diteurs fran\u00e7ais de ces titres puissent \u00eatre en mesure d\u2019assurer la signature de contrats de cession de droits avec des \u00e9diteurs am\u00e9ricains, pour des traductions en anglais, dans l\u2019ann\u00e9e suivant l\u2019annonce des r\u00e9sultats.<\/p>\n\n\n\n<p>Les livres publi\u00e9s aux Etats-Unis b\u00e9n\u00e9ficiant du soutien du programme Albertine Translation Fund doivent faire figurer sur leur couverture le logo du programme et mentionner ce dernier sur la page des copyrights.<\/p>\n\n\n\n<p><\/p>\n\n\n\n<h3 class=\"wp-block-heading has-large-font-size\"><strong>Conditions d\u2019\u00e9ligibilit\u00e9<\/strong><\/h3>\n\n\n\n<p>Pour \u00eatre \u00e9ligible au programme Albertine Translation Fund, le livre doit avoir \u00e9t\u00e9 publi\u00e9 en France au cours des dix derni\u00e8res ann\u00e9es.<\/p>\n\n\n\n<p>Auteurs, agents litt\u00e9raires, traducteurs et \u00e9diteurs am\u00e9ricains et fran\u00e7ais peuvent candidater au programme Albertine Translation.<\/p>\n\n\n\n<p>Les traductions n\u2019ayant pas encore \u00e9t\u00e9 publi\u00e9es, les \u0153uvres publi\u00e9es en France au cours des dix derni\u00e8res ann\u00e9es, ou les livres dont les droits d\u2019acquisition sont d\u00e9j\u00e0 c\u00e9d\u00e9s ou sont en cours de n\u00e9gociation seront examin\u00e9s par le comit\u00e9.<\/p>\n\n\n\n<p>Certaines \u0153uvres classiques pourront \u00e9galement \u00eatre \u00e9ligibles \u00e0 titre tr\u00e8s exceptionnel \u00e0 condition que leur publication s\u2019inscrive dans un projet \u00e9ditorial bien pr\u00e9cis (par exemple, la r\u00e9\u00e9dition de l\u2019\u0153uvre compl\u00e8te d\u2019un auteur, \u00e9dition anniversaire\u2026). Veuillez noter que pour qu\u2019une \u0153uvre classique soit retenue, les candidats devront fournir des informations compl\u00e9mentaires pour justifier de la fa\u00e7on dont cette derni\u00e8re s\u2019inscrit dans leur projet \u00e9ditorial.<\/p>\n\n\n\n<p>La pr\u00e9f\u00e9rence sera donn\u00e9e aux auteurs qui n\u2019ont jamais \u00e9t\u00e9 publi\u00e9s en anglais. Toutefois, la candidature d\u2019auteurs dont des \u0153uvres auraient d\u00e9j\u00e0 \u00e9t\u00e9 publi\u00e9es en anglais pourra \u00eatre prise en compte si leur projet le justifie.<\/p>\n\n\n\n<p>Veuillez noter que seuls les textes publi\u00e9s aux Etats-Unis apr\u00e8s juin 2024 seront retenus.<\/p>\n\n\n\n<p><strong>Lors de l\u2019\u00e9valuation des ouvrages, le comit\u00e9 prendra en compte les crit\u00e8res suivants&nbsp;:<\/strong><\/p>\n\n\n\n<p>Qualit\u00e9 de l\u2019ouvrage en fran\u00e7ais et son importance dans la pens\u00e9e et la cr\u00e9ation fran\u00e7aise contemporaines<\/p>\n\n\n\n<p>Contenu innovant et forme litt\u00e9raire<\/p>\n\n\n\n<p>Qualit\u00e9 de la traduction<\/p>\n\n\n\n<p>Promotion et plan marketing<\/p>\n\n\n\n<p>Implication active de l\u2019\u00e9diteur \u00e0 traduire et \u00e0 publier des auteurs fran\u00e7ais<\/p>\n\n\n\n<p>Pertinence sur le march\u00e9 du livre am\u00e9ricain<\/p>\n\n\n\n<p><\/p>\n\n\n\n<h3 class=\"wp-block-heading has-large-font-size\"><strong>Dossier de candidature<\/strong><\/h3>\n\n\n\n<p>En plus de remplir le formulaire de candidature disponible sur la plateforme d\u00e9di\u00e9e du site Albertine Foundation, veuillez fournir deux exemplaires papier de l\u2019ouvrage en fran\u00e7ais ainsi qu\u2019une copie num\u00e9rique du texte original en fran\u00e7ais (voir la liste des documents requis ci-dessous).<\/p>\n\n\n\n<p>Les exemplaires papier doivent \u00eatre envoy\u00e9s \u00e0 l\u2019adresse suivante&nbsp;:<\/p>\n\n\n\n<div class=\"wp-block-group\"><div class=\"wp-block-group__inner-container is-layout-constrained wp-block-group-is-layout-constrained\">\n<p>D\u00e9partement du Livre et du d\u00e9bat d&rsquo;Id\u00e9es&nbsp;&nbsp;&nbsp;<\/p>\n\n\n\n<p>Services culturels de l\u2019ambassade de France aux Etats-Unis \/ Villa Albertine&nbsp;&nbsp;&nbsp;&nbsp;&nbsp;&nbsp;&nbsp;&nbsp;&nbsp;&nbsp;&nbsp;&nbsp;&nbsp;&nbsp;&nbsp;&nbsp;&nbsp;&nbsp;&nbsp;&nbsp;&nbsp;&nbsp;&nbsp;&nbsp;&nbsp;&nbsp;&nbsp;&nbsp;&nbsp;&nbsp;&nbsp;&nbsp;&nbsp;&nbsp;&nbsp;&nbsp;&nbsp;&nbsp;&nbsp;&nbsp;&nbsp;&nbsp;&nbsp;&nbsp;&nbsp;&nbsp;&nbsp;&nbsp;&nbsp;&nbsp;&nbsp;&nbsp;&nbsp;&nbsp;&nbsp;&nbsp;&nbsp;&nbsp;&nbsp;&nbsp;&nbsp;&nbsp;&nbsp;&nbsp;&nbsp;&nbsp;&nbsp;&nbsp;&nbsp;&nbsp;&nbsp;&nbsp;&nbsp;&nbsp;&nbsp;&nbsp;&nbsp;&nbsp;&nbsp;&nbsp; &nbsp;<\/p>\n\n\n\n<p>972 Fifth Avenue, New York, NY 10075, USA&nbsp;<\/p>\n<\/div><\/div>\n\n\n\n<p><\/p>\n\n\n\n<p>Veuillez envoyer une copie PDF du livre \u00e0 <a href=\"mailto:translation@villa-albertine.org\">translation@villa-albertine.org<\/a><\/p>\n\n\n\n<p>A noter que seules les candidatures compl\u00e8tes, comprenant des exemplaires papier et num\u00e9rique des ouvrages, seront examin\u00e9es.<\/p>\n\n\n\n<p class=\"has-vivid-cyan-blue-color has-text-color has-link-color wp-elements-7579029512acc7d2294033a834a323c6\"><a href=\"https:\/\/albertinefoundation.my.site.com\/s\/albertine-translation\"><strong>CANDIDATER<\/strong><\/a><\/p>\n\n\n\n<p><\/p>\n\n\n\n<h2 class=\"wp-block-heading has-large-font-size\"><strong>Documents requis<\/strong>&nbsp;<\/h2>\n\n\n\n<p>Types de fichiers accept\u00e9s&nbsp;:&nbsp;.doc \/ .docx \/ .pdf \/ .xls \/ .xlsx<\/p>\n\n\n\n<p>Les fichiers ne doivent pas exc\u00e9der 5mb, sauf pour les extraits en anglais et en fran\u00e7ais (max. 10mb).<\/p>\n\n\n\n<p><strong>Pour les \u00e9diteurs am\u00e9ricains en possession de contrats de cession de droits sign\u00e9s&nbsp;:<\/strong><\/p>\n\n\n\n<p>1 \u2013 Une biographie et la bibliographie de l\u2019auteur<\/p>\n\n\n\n<p>2 \u2013 Un extrait en anglais&nbsp;:<\/p>\n\n\n\n<ul class=\"wp-block-list\">\n<li>Un extrait de 10 \u00e0 12 pages de la traduction, interligne double<\/li>\n\n\n\n<li>Le traducteur de l\u2019extrait doit \u00eatre le traducteur du livre<\/li>\n\n\n\n<li>L\u2019extrait de la traduction ne doit pas mentionner le nom du traducteur<\/li>\n<\/ul>\n\n\n\n<p>3 \u2013 Un extrait en fran\u00e7ais&nbsp;: le dossier de candidature doit inclure une version scann\u00e9e de l\u2019extrait correspondant en fran\u00e7ais.<\/p>\n\n\n\n<p>4 \u2013 La biographie du traducteur&nbsp;: veuillez fournir quelques lignes r\u00e9dig\u00e9es, pas un CV (400 caract\u00e8res max.)<\/p>\n\n\n\n<p>5 \u2013 Le contrat traducteur\/\u00e9diteur&nbsp;: une copie sign\u00e9e du contrat entre le traducteur et l\u2019\u00e9diteur am\u00e9ricain<\/p>\n\n\n\n<p>6 \u2013 Le contrat de cession de droits&nbsp;: une copie sign\u00e9e du contrat entre l\u2019\u00e9diteur fran\u00e7ais et l\u2019\u00e9diteur am\u00e9ricain<\/p>\n\n\n\n<p>7 \u2013 Budget pour le livre (voir l\u2019exemple fourni)<\/p>\n\n\n\n<p>8 \u2013 Deux exemplaires papier du livre en fran\u00e7ais et une copie num\u00e9rique de l\u2019\u00e9dition fran\u00e7aise<\/p>\n\n\n\n<p><\/p>\n\n\n\n<p><strong>Pour les auteurs, traducteurs, agents litt\u00e9raires et \u00e9diteurs fran\u00e7ais et am\u00e9ricains qui ne poss\u00e8dent pas, au moment de la candidature, de contrat enti\u00e8rement finalis\u00e9 avec un \u00e9diteur fran\u00e7ais&nbsp;:<\/strong><\/p>\n\n\n\n<p>1 \u2013 Une biographie et la bibliographie de l\u2019auteur<\/p>\n\n\n\n<p>2 \u2013 Un extrait en anglais&nbsp;:<\/p>\n\n\n\n<ul class=\"wp-block-list\">\n<li>Un extrait de 10 \u00e0 12 pages de la traduction, interligne double<\/li>\n\n\n\n<li>Le traducteur de l\u2019extrait doit \u00eatre le traducteur du livre<\/li>\n\n\n\n<li>L\u2019extrait de la traduction ne doit pas mentionner le nom du traducteur<\/li>\n<\/ul>\n\n\n\n<p>3 \u2013 Un extrait en fran\u00e7ais&nbsp;: le dossier de candidature doit inclure une version scann\u00e9e de l\u2019extrait correspondant en fran\u00e7ais.<\/p>\n\n\n\n<p>4 \u2013 La biographie du traducteur&nbsp;: veuillez fournir quelques lignes r\u00e9dig\u00e9es, pas un CV (400 caract\u00e8res max.)<\/p>\n\n\n\n<p>5 \u2013 Une lettre du d\u00e9tenteur des droits d\u2019auteur garantissant que les droits en langue anglaise sont bien disponibles pour le livre<\/p>\n\n\n\n<p>6 \u2013 Pour les futurs \u00e9diteurs uniquement&nbsp;: budget pour le livre (voir l\u2019exemple fourni)<\/p>\n\n\n\n<ul class=\"wp-block-list\">\n<li>Pour les titres qui n\u2019ont pas encore d\u2019\u00e9diteur am\u00e9ricain, veuillez fournir ce document d\u00e8s qu\u2019un contrat aura \u00e9t\u00e9 sign\u00e9<\/li>\n<\/ul>\n\n\n\n<p>7 &#8211; Deux exemplaires papier du livre en fran\u00e7ais et une copie num\u00e9rique de l\u2019\u00e9dition fran\u00e7aise<\/p>\n\n\n\n<p><\/p>\n\n\n\n<h2 class=\"wp-block-heading has-large-font-size\"><strong>Calendrier<\/strong><\/h2>\n\n\n\n<p>L\u2019appel \u00e0 candidatures 2024 pour Albertine Translation (session 1) est d\u00e9sormais ouvert. <\/p>\n\n\n\n<p>Date limite de candidature (session 1)&nbsp;: 2 f\u00e9vrier 2024<\/p>\n\n\n\n<p>Les laur\u00e9ats seront annonc\u00e9s en juin 2024 (session 1) et d\u00e9cembre 2024 (session 2).<\/p>\n\n\n\n<p>Veuillez consulter la FAQ pour plus d\u2019information.<\/p>\n\n\n\n<p><\/p>\n\n\n\n<h2 class=\"wp-block-heading has-large-font-size\">Contact<\/h2>\n\n\n\n<div class=\"wp-block-group\"><div class=\"wp-block-group__inner-container is-layout-constrained wp-block-group-is-layout-constrained\">\n<p>Laure Poupard<\/p>\n\n\n\n<p>Charg\u00e9e <ins>de mission <\/ins>non-fiction, Livres &amp; d\u00e9bat d\u2019Id\u00e9es<\/p>\n\n\n\n<p>laure.poupard@villa-albertine.org<\/p>\n<\/div><\/div>\n","protected":false},"featured_media":425541,"menu_order":0,"template":"","app_discipline":[263,377],"app_city_tax":[268,269,271,270,272,267,262,264,273,276,274],"app_professional_category":[308],"app_professional_content_type":[302,305],"class_list":["post-446620","app_professional","type-app_professional","status-publish","has-post-thumbnail","hentry","app_discipline-litterature-fr","app_discipline-poetry-fr","app_city_tax-atl-fr","app_city_tax-bos-fr","app_city_tax-chi-fr","app_city_tax-hou-fr","app_city_tax-nola-fr","app_city_tax-la-fr","app_city_tax-mia-fr","app_city_tax-nyc-fr","app_city_tax-sf-fr","app_city_tax-toutes-les-villes-fr","app_city_tax-dc-fr","app_professional_category-livres-idees-fr","app_professional_content_type-news-fr","app_professional_content_type-grants_programs-fr"],"acf":[],"yoast_head":"<!-- This site is optimized with the Yoast SEO plugin v27.3 - https:\/\/yoast.com\/product\/yoast-seo-wordpress\/ -->\n<title>Appel \u00e0 candidatures 2024 : Albertine Translation Fund - Villa Albertine<\/title>\n<meta name=\"robots\" content=\"index, follow, max-snippet:-1, max-image-preview:large, max-video-preview:-1\" \/>\n<link rel=\"canonical\" href=\"https:\/\/villa-albertine.org\/va\/fr\/professionals\/appel-a-candidatures-2024-albertine-translation-fund\/\" \/>\n<meta property=\"og:locale\" content=\"fr_FR\" \/>\n<meta property=\"og:type\" content=\"article\" \/>\n<meta property=\"og:title\" content=\"Appel \u00e0 candidatures 2024 : Albertine Translation Fund - Villa Albertine\" \/>\n<meta property=\"og:description\" content=\"Lanc\u00e9 en 2022 par la Villa Albertine, en partenariat avec Albertine Foundation (anciennement Face Foundation), Albertine Translation Fund soutient les traducteurs et les \u00e9diteurs am\u00e9ricains publiant des traductions en anglais d\u2019\u0153uvres parues en France au cours des dix derni\u00e8res ann\u00e9es. Un comit\u00e9 ind\u00e9pendant de sp\u00e9cialistes, compos\u00e9 d\u2019universitaires, de traducteurs et d\u2019\u00e9diteurs, s\u00e9lectionne des \u0153uvres qui...\" \/>\n<meta property=\"og:url\" content=\"https:\/\/villa-albertine.org\/va\/fr\/professionals\/appel-a-candidatures-2024-albertine-translation-fund\/\" \/>\n<meta property=\"og:site_name\" content=\"Villa Albertine\" \/>\n<meta property=\"article:modified_time\" content=\"2024-07-15T14:37:15+00:00\" \/>\n<meta property=\"og:image\" content=\"https:\/\/villa-albertine.org\/wp-content\/uploads\/2024\/01\/susan-q-yin-2JIvboGLeho-unsplash-min-scaled.jpg\" \/>\n\t<meta property=\"og:image:width\" content=\"2560\" \/>\n\t<meta property=\"og:image:height\" content=\"1708\" \/>\n\t<meta property=\"og:image:type\" content=\"image\/jpeg\" \/>\n<meta name=\"twitter:card\" content=\"summary_large_image\" \/>\n<meta name=\"twitter:label1\" content=\"Dur\u00e9e de lecture estim\u00e9e\" \/>\n\t<meta name=\"twitter:data1\" content=\"6 minutes\" \/>\n<script type=\"application\/ld+json\" class=\"yoast-schema-graph\">{\"@context\":\"https:\\\/\\\/schema.org\",\"@graph\":[{\"@type\":\"WebPage\",\"@id\":\"https:\\\/\\\/villa-albertine.org\\\/va\\\/fr\\\/professionals\\\/appel-a-candidatures-2024-albertine-translation-fund\\\/\",\"url\":\"https:\\\/\\\/villa-albertine.org\\\/va\\\/fr\\\/professionals\\\/appel-a-candidatures-2024-albertine-translation-fund\\\/\",\"name\":\"Appel \u00e0 candidatures 2024 : Albertine Translation Fund - Villa Albertine\",\"isPartOf\":{\"@id\":\"https:\\\/\\\/villa-albertine.org\\\/va\\\/fr\\\/#website\"},\"primaryImageOfPage\":{\"@id\":\"https:\\\/\\\/villa-albertine.org\\\/va\\\/fr\\\/professionals\\\/appel-a-candidatures-2024-albertine-translation-fund\\\/#primaryimage\"},\"image\":{\"@id\":\"https:\\\/\\\/villa-albertine.org\\\/va\\\/fr\\\/professionals\\\/appel-a-candidatures-2024-albertine-translation-fund\\\/#primaryimage\"},\"thumbnailUrl\":\"https:\\\/\\\/villa-albertine.org\\\/wp-content\\\/uploads\\\/2024\\\/01\\\/susan-q-yin-2JIvboGLeho-unsplash-min-scaled.jpg\",\"datePublished\":\"2024-01-11T19:16:17+00:00\",\"dateModified\":\"2024-07-15T14:37:15+00:00\",\"breadcrumb\":{\"@id\":\"https:\\\/\\\/villa-albertine.org\\\/va\\\/fr\\\/professionals\\\/appel-a-candidatures-2024-albertine-translation-fund\\\/#breadcrumb\"},\"inLanguage\":\"fr-FR\",\"potentialAction\":[{\"@type\":\"ReadAction\",\"target\":[\"https:\\\/\\\/villa-albertine.org\\\/va\\\/fr\\\/professionals\\\/appel-a-candidatures-2024-albertine-translation-fund\\\/\"]}]},{\"@type\":\"ImageObject\",\"inLanguage\":\"fr-FR\",\"@id\":\"https:\\\/\\\/villa-albertine.org\\\/va\\\/fr\\\/professionals\\\/appel-a-candidatures-2024-albertine-translation-fund\\\/#primaryimage\",\"url\":\"https:\\\/\\\/villa-albertine.org\\\/wp-content\\\/uploads\\\/2024\\\/01\\\/susan-q-yin-2JIvboGLeho-unsplash-min-scaled.jpg\",\"contentUrl\":\"https:\\\/\\\/villa-albertine.org\\\/wp-content\\\/uploads\\\/2024\\\/01\\\/susan-q-yin-2JIvboGLeho-unsplash-min-scaled.jpg\",\"width\":2560,\"height\":1708,\"caption\":\"(c)\"},{\"@type\":\"BreadcrumbList\",\"@id\":\"https:\\\/\\\/villa-albertine.org\\\/va\\\/fr\\\/professionals\\\/appel-a-candidatures-2024-albertine-translation-fund\\\/#breadcrumb\",\"itemListElement\":[{\"@type\":\"ListItem\",\"position\":1,\"name\":\"Home\",\"item\":\"https:\\\/\\\/villa-albertine.org\\\/va\\\/fr\\\/home\\\/\"},{\"@type\":\"ListItem\",\"position\":2,\"name\":\"Appel \u00e0 candidatures 2024 : Albertine Translation Fund\"}]},{\"@type\":\"WebSite\",\"@id\":\"https:\\\/\\\/villa-albertine.org\\\/va\\\/fr\\\/#website\",\"url\":\"https:\\\/\\\/villa-albertine.org\\\/va\\\/fr\\\/\",\"name\":\"Villa Albertine\",\"description\":\"\",\"potentialAction\":[{\"@type\":\"SearchAction\",\"target\":{\"@type\":\"EntryPoint\",\"urlTemplate\":\"https:\\\/\\\/villa-albertine.org\\\/va\\\/fr\\\/?s={search_term_string}\"},\"query-input\":{\"@type\":\"PropertyValueSpecification\",\"valueRequired\":true,\"valueName\":\"search_term_string\"}}],\"inLanguage\":\"fr-FR\"}]}<\/script>\n<!-- \/ Yoast SEO plugin. -->","yoast_head_json":{"title":"Appel \u00e0 candidatures 2024 : Albertine Translation Fund - Villa Albertine","robots":{"index":"index","follow":"follow","max-snippet":"max-snippet:-1","max-image-preview":"max-image-preview:large","max-video-preview":"max-video-preview:-1"},"canonical":"https:\/\/villa-albertine.org\/va\/fr\/professionals\/appel-a-candidatures-2024-albertine-translation-fund\/","og_locale":"fr_FR","og_type":"article","og_title":"Appel \u00e0 candidatures 2024 : Albertine Translation Fund - Villa Albertine","og_description":"Lanc\u00e9 en 2022 par la Villa Albertine, en partenariat avec Albertine Foundation (anciennement Face Foundation), Albertine Translation Fund soutient les traducteurs et les \u00e9diteurs am\u00e9ricains publiant des traductions en anglais d\u2019\u0153uvres parues en France au cours des dix derni\u00e8res ann\u00e9es. Un comit\u00e9 ind\u00e9pendant de sp\u00e9cialistes, compos\u00e9 d\u2019universitaires, de traducteurs et d\u2019\u00e9diteurs, s\u00e9lectionne des \u0153uvres qui...","og_url":"https:\/\/villa-albertine.org\/va\/fr\/professionals\/appel-a-candidatures-2024-albertine-translation-fund\/","og_site_name":"Villa Albertine","article_modified_time":"2024-07-15T14:37:15+00:00","og_image":[{"width":2560,"height":1708,"url":"https:\/\/villa-albertine.org\/wp-content\/uploads\/2024\/01\/susan-q-yin-2JIvboGLeho-unsplash-min-scaled.jpg","type":"image\/jpeg"}],"twitter_card":"summary_large_image","twitter_misc":{"Dur\u00e9e de lecture estim\u00e9e":"6 minutes"},"schema":{"@context":"https:\/\/schema.org","@graph":[{"@type":"WebPage","@id":"https:\/\/villa-albertine.org\/va\/fr\/professionals\/appel-a-candidatures-2024-albertine-translation-fund\/","url":"https:\/\/villa-albertine.org\/va\/fr\/professionals\/appel-a-candidatures-2024-albertine-translation-fund\/","name":"Appel \u00e0 candidatures 2024 : Albertine Translation Fund - Villa Albertine","isPartOf":{"@id":"https:\/\/villa-albertine.org\/va\/fr\/#website"},"primaryImageOfPage":{"@id":"https:\/\/villa-albertine.org\/va\/fr\/professionals\/appel-a-candidatures-2024-albertine-translation-fund\/#primaryimage"},"image":{"@id":"https:\/\/villa-albertine.org\/va\/fr\/professionals\/appel-a-candidatures-2024-albertine-translation-fund\/#primaryimage"},"thumbnailUrl":"https:\/\/villa-albertine.org\/wp-content\/uploads\/2024\/01\/susan-q-yin-2JIvboGLeho-unsplash-min-scaled.jpg","datePublished":"2024-01-11T19:16:17+00:00","dateModified":"2024-07-15T14:37:15+00:00","breadcrumb":{"@id":"https:\/\/villa-albertine.org\/va\/fr\/professionals\/appel-a-candidatures-2024-albertine-translation-fund\/#breadcrumb"},"inLanguage":"fr-FR","potentialAction":[{"@type":"ReadAction","target":["https:\/\/villa-albertine.org\/va\/fr\/professionals\/appel-a-candidatures-2024-albertine-translation-fund\/"]}]},{"@type":"ImageObject","inLanguage":"fr-FR","@id":"https:\/\/villa-albertine.org\/va\/fr\/professionals\/appel-a-candidatures-2024-albertine-translation-fund\/#primaryimage","url":"https:\/\/villa-albertine.org\/wp-content\/uploads\/2024\/01\/susan-q-yin-2JIvboGLeho-unsplash-min-scaled.jpg","contentUrl":"https:\/\/villa-albertine.org\/wp-content\/uploads\/2024\/01\/susan-q-yin-2JIvboGLeho-unsplash-min-scaled.jpg","width":2560,"height":1708,"caption":"(c)"},{"@type":"BreadcrumbList","@id":"https:\/\/villa-albertine.org\/va\/fr\/professionals\/appel-a-candidatures-2024-albertine-translation-fund\/#breadcrumb","itemListElement":[{"@type":"ListItem","position":1,"name":"Home","item":"https:\/\/villa-albertine.org\/va\/fr\/home\/"},{"@type":"ListItem","position":2,"name":"Appel \u00e0 candidatures 2024 : Albertine Translation Fund"}]},{"@type":"WebSite","@id":"https:\/\/villa-albertine.org\/va\/fr\/#website","url":"https:\/\/villa-albertine.org\/va\/fr\/","name":"Villa Albertine","description":"","potentialAction":[{"@type":"SearchAction","target":{"@type":"EntryPoint","urlTemplate":"https:\/\/villa-albertine.org\/va\/fr\/?s={search_term_string}"},"query-input":{"@type":"PropertyValueSpecification","valueRequired":true,"valueName":"search_term_string"}}],"inLanguage":"fr-FR"}]}},"_links":{"self":[{"href":"https:\/\/villa-albertine.org\/va\/fr\/wp-json\/wp\/v2\/app_professional\/446620","targetHints":{"allow":["GET"]}}],"collection":[{"href":"https:\/\/villa-albertine.org\/va\/fr\/wp-json\/wp\/v2\/app_professional"}],"about":[{"href":"https:\/\/villa-albertine.org\/va\/fr\/wp-json\/wp\/v2\/types\/app_professional"}],"wp:featuredmedia":[{"embeddable":true,"href":"https:\/\/villa-albertine.org\/va\/fr\/wp-json\/wp\/v2\/media\/425541"}],"wp:attachment":[{"href":"https:\/\/villa-albertine.org\/va\/fr\/wp-json\/wp\/v2\/media?parent=446620"}],"wp:term":[{"taxonomy":"app_discipline","embeddable":true,"href":"https:\/\/villa-albertine.org\/va\/fr\/wp-json\/wp\/v2\/app_discipline?post=446620"},{"taxonomy":"app_city_tax","embeddable":true,"href":"https:\/\/villa-albertine.org\/va\/fr\/wp-json\/wp\/v2\/app_city_tax?post=446620"},{"taxonomy":"app_professional_category","embeddable":true,"href":"https:\/\/villa-albertine.org\/va\/fr\/wp-json\/wp\/v2\/app_professional_category?post=446620"},{"taxonomy":"app_professional_content_type","embeddable":true,"href":"https:\/\/villa-albertine.org\/va\/fr\/wp-json\/wp\/v2\/app_professional_content_type?post=446620"}],"curies":[{"name":"wp","href":"https:\/\/api.w.org\/{rel}","templated":true}]}}