{"id":423772,"date":"2023-12-21T12:57:27","date_gmt":"2023-12-21T12:57:27","guid":{"rendered":"https:\/\/villa-albertine.org\/?post_type=app_professional&#038;p=423772"},"modified":"2024-01-27T23:46:36","modified_gmt":"2024-01-27T23:46:36","slug":"appel-a-candidatures-oui-design-2024","status":"publish","type":"app_professional","link":"https:\/\/villa-albertine.org\/va\/fr\/professionals\/appel-a-candidatures-oui-design-2024\/","title":{"rendered":"Appel \u00e0 candidatures : Oui Design ! 2024\u00a0"},"content":{"rendered":"\n<p><strong>La Villa Albertine lance deux appels \u00e0 candidatures pour OuiDesign ! 2024 pour soutenir les designers et artisans d&rsquo;art \u00e9mergents fran\u00e7ais ou bas\u00e9s en France.\u00a0<\/strong><\/p>\n\n\n\n<p>OuiDesign!<strong> <\/strong>est un parcours curat\u00e9 d&rsquo;open studios, de conf\u00e9rences, d&rsquo;expositions et d&rsquo;\u00e9v\u00e9nements qui c\u00e9l\u00e8brent la riche tradition de collaboration entre les sc\u00e8nes fran\u00e7aise et am\u00e9ricaine du design.\u00a0<\/p>\n\n\n\n<p>Organis\u00e9 pendant cinq jours dans le cadre de NYCxDesign, OuiDesign! 2024 mettra en valeur les designers et cr\u00e9ateur.ice.s fran\u00e7ais.e.s au c\u0153ur de l\u2019\u00e9cosyst\u00e8me newyorkais, de Chelsea \u00e0 Greenpoint et de Long Island City \u00e0 Industry City. C&rsquo;est ainsi que la Villa Albertine se propose d&rsquo;approfondir le dialogue et les liens culturels entre les publics et les professionnels am\u00e9ricains et francophones.\u00a0<\/p>\n\n\n\n<p>Deux nouveaux appels \u00e0 candidatures sont ouverts pour 2024.\u00a0<\/p>\n\n\n\n<p><\/p>\n\n\n\n<h2 class=\"wp-block-heading\">Oui Design ! Bourse d&rsquo;immersion pour artisans d&rsquo;art<\/h2>\n\n\n\n<p><strong>Lignes directrices<\/strong>&nbsp;<\/p>\n\n\n\n<p>Oui Design! Bourse d\u2019immersion s\u2019adresse aux artisans d\u2019art \u00e9mergents cherchant \u00e0 d\u00e9velopper leur activit\u00e9 sur le march\u00e9 am\u00e9ricain de la d\u00e9coration et du design d\u2019int\u00e9rieur. Le programme offre une semaine d\u2019immersion du 15 au 21 mai \u00e0 l\u2019occasion de <a href=\"https:\/\/nycxdesign.org\/\" target=\"_blank\" rel=\"noreferrer noopener\">NYCxDesign Week<\/a>. C\u2019est au sein de ce contexte stimulant que les artisans d\u2019art fran\u00e7ais.e.s pourront s\u2019immerger, rencontrer des professionnels, comprendre les diff\u00e9rentes fa\u00e7ons de valoriser et faire exister leur savoir-faire d\u2019exception au sein de ce march\u00e9 aussi riche que comp\u00e9titif.&nbsp;<\/p>\n\n\n\n<p>L\u2019objectif de ce programme est d\u2019aider les artisans d\u2019art fran\u00e7ais.e.s&nbsp;\u00e0 appr\u00e9hender au plus pr\u00e8s l\u2019\u00e9cosyst\u00e8me de ce march\u00e9 newyorkais afin de mieux \u00e9valuer les opportunit\u00e9s de d\u00e9veloppement qu\u2019il pourrait leur offrir.&nbsp;<\/p>\n\n\n\n<p>Pendant 6 jours, du 15 au 21 mai, le programme propose de :&nbsp;<\/p>\n\n\n\n<p>Faire d\u00e9couvrir la r\u00e9alit\u00e9 du travail des entreprises fran\u00e7aises d\u2019artisanat d\u2019art actives \u00e0 New York, gr\u00e2ce \u00e0 des visites de terrain dans les manufactures et chantiers d\u2019am\u00e9nagements pour des soci\u00e9t\u00e9s et clients de premier plan ;&nbsp;<\/p>\n\n\n\n<p>Renforcer leur compr\u00e9hension du secteur au contact de professionnels am\u00e9ricains cl\u00e9s du domaine (interior designers, architectes, directeur.ice.s de foire, de galeries, etc.) ;&nbsp;<\/p>\n\n\n\n<p>\u00catre source d\u2019inspiration et de renouvellement par la d\u00e9couverte des tendances et la demande de la client\u00e8le am\u00e9ricain.e ;&nbsp;<\/p>\n\n\n\n<p>Promouvoir aupr\u00e8s du milieu professionnel am\u00e9ricain le savoir-faire d\u2019une nouvelle g\u00e9n\u00e9ration d\u2019artisans d\u2019art fran\u00e7ais.e.s.&nbsp;pendant une journ\u00e9e d\u00e9di\u00e9e.<\/p>\n\n\n\n<p>Le programme d\u00e9taill\u00e9 de la semaine sera pr\u00e9cis\u00e9 ult\u00e9rieurement et ajust\u00e9 selon les domaines de sp\u00e9cialit\u00e9 des laur\u00e9ats.&nbsp;<\/p>\n\n\n\n<p>La Villa Albertine prendra en charge les voyages aller-retour Paris &#8211; New York, l&rsquo;h\u00e9bergement et un d\u00e9fraiement quotidien pour les repas et les transports.<\/p>\n\n\n\n<p><strong>Crit\u00e8res de s\u00e9lection<\/strong><\/p>\n\n\n\n<p>Le programme est ouvert aux candidat.e.s r\u00e9pondant au profil suivant :&nbsp;<\/p>\n\n\n\n<ul class=\"wp-block-list\">\n<li>Tout artisan d\u2019art de plus de 21 ans et de moins de 45 ans et  dont les savoir-faire peuvent \u00eatre mobilis\u00e9s dans le domaine du design d\u2019int\u00e9rieur ;&nbsp;<\/li>\n\n\n\n<li>Justifiant d&rsquo;au moins 5 ans d\u2019exp\u00e9rience ;&nbsp;<\/li>\n\n\n\n<li>Justifiant d\u2019un num\u00e9ro de SIRET;&nbsp;&nbsp;<\/li>\n\n\n\n<li>Justifiant d\u2019une bonne maitrise de l\u2019anglais (une vid\u00e9o de 2 minutes viendra t\u00e9moigner de leur capacit\u00e9 \u00e0 s\u2019exprimer en anglais) ;&nbsp;<\/li>\n\n\n\n<li>De nationalit\u00e9 fran\u00e7aise ou exer\u00e7ant en France.&nbsp;<\/li>\n<\/ul>\n\n\n\n<p>&nbsp;<strong>Les candidat.e.s doivent fournir (en anglais) :&nbsp;&nbsp;<\/strong><\/p>\n\n\n\n<ul class=\"wp-block-list\">\n<li>Une lettre de motivation pour un s\u00e9jour d\u2019immersion, mentionnant les \u00e9ventuels liens ou chantiers d\u00e9j\u00e0 men\u00e9s aux Etats-Unis ;&nbsp;<\/li>\n\n\n\n<li>Une courte biographie (1500 caract\u00e8res) ;&nbsp;<\/li>\n\n\n\n<li>Un portfolio des travaux r\u00e9alis\u00e9s ;&nbsp;<\/li>\n\n\n\n<li>Une vid\u00e9o de 2 minutes vous pr\u00e9sentant et t\u00e9moignant de l\u2019aisance \u00e0 s\u2019exprimer en anglais ;&nbsp;<\/li>\n\n\n\n<li>Une copie d\u2019un passeport valide et\/ou du Visa pour les r\u00e9sidents ;&nbsp;<\/li>\n\n\n\n<li>Un justificatif de N\u00b0 de SIRET.&nbsp;<\/li>\n<\/ul>\n\n\n\n<p><strong>Le calendrier et la candidature :<\/strong>&nbsp;<\/p>\n\n\n\n<p>L\u2019appel \u00e0 candidatures est ouvert jusqu\u2019au <strong>dimanche 28 janvier 2024 \u00e0 23h59 (heure de NYC).<\/strong>&nbsp;<\/p>\n\n\n\n<p>Ce programme est men\u00e9 en partenariat avec <a href=\"https:\/\/www.mobiliernational.culture.gouv.fr\/\" target=\"_blank\" rel=\"noreferrer noopener\">Mobilier national.<\/a>&nbsp;<\/p>\n\n\n\n<p><strong><a href=\"https:\/\/albertinefoundation.org\/oui-design-immersion\/\" data-type=\"link\" data-id=\"https:\/\/albertinefoundation.org\/oui-design-immersion\/\"><mark style=\"background-color:rgba(0, 0, 0, 0)\" class=\"has-inline-color has-vivid-cyan-blue-color\">Apply here<\/mark><\/a><\/strong><\/p>\n\n\n\n<p><\/p>\n\n\n\n<h2 class=\"wp-block-heading\"><strong>Soutien<\/strong> <strong>OuiDesign! aux expositions de designers \u00e0 NYC<\/strong><\/h2>\n\n\n\n<p><strong>Lignes directrices<\/strong>&nbsp;<\/p>\n\n\n\n<p>Le soutien OuiDesign! aux expositions apporte une aide financi\u00e8re aux galeries et lieux d&rsquo;exposition bas\u00e9s \u00e0 New York qui souhaitent pr\u00e9senter de jeunes designers \u00e9mergents fran\u00e7ais ou bas\u00e9s en France, incluant un \u00e9v\u00e9nement public dans le cadre de OuiDesign! pendant la semaine\u00a0<a href=\"https:\/\/nycxdesign.org\/\" target=\"_blank\" rel=\"noreferrer noopener\">NYCxDesign week<\/a>\u00a0(du 16 au 22 mai 2024).\u00a0<\/p>\n\n\n\n<p>Le programme vise \u00e0 soutenir des projets in\u00e9dits de design qui renouvellent les approches du design contemporain \u00e0 travers le monde. Le programme cherche avant tout \u00e0 valoriser des designers fran\u00e7ais dont les travaux ont rarement, voire jamais, \u00e9t\u00e9 pr\u00e9sent\u00e9s aux \u00c9tats-Unis. Il encourage de nouvelles opportunit\u00e9s de collaboration entre les designers fran\u00e7ais et les galeries ou espaces d&rsquo;exposition bas\u00e9s \u00e0 New York souhaitant renforcer leurs liens.\u00a0<\/p>\n\n\n\n<p><strong>Crit\u00e8res de s\u00e9lection<\/strong><\/p>\n\n\n\n<p>Tous les types de design sont pris en consid\u00e9ration pour le soutien Oui Design! aux expositions.\u00a0<\/p>\n\n\n\n<p>Les financements concernent les expositions monographiques et les expositions collectives.&nbsp;<\/p>\n\n\n\n<p>Une attention particuli\u00e8re sera accord\u00e9e aux projets innovants s&rsquo;inscrivant dans une d\u00e9marche durable.&nbsp; &nbsp;<\/p>\n\n\n\n<p>Les designers impliqu\u00e9s doivent \u00eatre de nationalit\u00e9 fran\u00e7aise ou r\u00e9sider en France depuis plus de cinq ans, et justifier d&rsquo;une exp\u00e9rience professionnelle d&rsquo;au moins cinq ans en tant que designer apr\u00e8s leur formation initiale.&nbsp;<\/p>\n\n\n\n<p>La priorit\u00e9 sera donn\u00e9e aux jeunes designers et aux \u0153uvres qui n&rsquo;ont jamais ou rarement \u00e9t\u00e9 expos\u00e9es aux Etats-Unis.&nbsp;<\/p>\n\n\n\n<p>Le comit\u00e9 de s\u00e9lection privil\u00e9giera les projets pr\u00e9sentant une s\u00e9rie d&rsquo;objets du designer plut\u00f4t qu&rsquo;une seule \u0153uvre, ainsi que la pr\u00e9sence du designer lors de OuiDesign! 2024. \u00a0<\/p>\n\n\n\n<p>Les soutiens ne d\u00e9passeront pas un montant maximum de $8,000.\u00a0<\/p>\n\n\n\n<p><strong>Les galeries ou espaces d&rsquo;exposition candidats doivent fournir :<\/strong>&nbsp;<\/p>\n\n\n\n<ul class=\"wp-block-list\">\n<li>Une description \u00e9crite d\u00e9taill\u00e9e du projet artistique exposant clairement les id\u00e9es essentielles, les objectifs et le contenu de l&rsquo;exposition ;\u00a0<\/li>\n\n\n\n<li>Une proposition de budget global, d\u00e9taill\u00e9 et \u00e9quilibr\u00e9, \u00e9num\u00e9rant toutes les d\u00e9penses et recettes pr\u00e9visionnelles ;&nbsp;<\/li>\n\n\n\n<li>Un curriculum vit\u00e6 de chaque cr\u00e9ateur.ice fran\u00e7ais.e ou bas\u00e9.e en France&nbsp;<\/li>\n\n\n\n<li>Un Portfolio artistique : travaux audio \/ visuels (catalogues, photographies, photos d&rsquo;exposition, lien vid\u00e9o, etc.)&nbsp;<\/li>\n<\/ul>\n\n\n\n<p><strong>Le calendrier et la candidature :<\/strong>&nbsp;<\/p>\n\n\n\n<p>L\u2019appel \u00e0 candidatures est ouvert jusqu\u2019au <strong>dimanche 28 janvier 2024 \u00e0 23h59 (heure de NYC).<\/strong>\u00a0<\/p>\n\n\n\n<p>Ce programme est men\u00e9 en partenariat avec l&rsquo;<a href=\"https:\/\/www.institutfrancais.com\/en\" target=\"_blank\" rel=\"noreferrer noopener\">Institut fran\u00e7ais.<\/a>\u00a0<\/p>\n\n\n\n<p><mark style=\"background-color:rgba(0, 0, 0, 0)\" class=\"has-inline-color has-vivid-cyan-blue-color\"><strong><a href=\"https:\/\/albertinefoundation.org\/oui-design-exhibition\/\">Apply here<\/a><\/strong><\/mark><mark style=\"background-color:rgba(0, 0, 0, 0)\" class=\"has-inline-color has-vivid-cyan-blue-color\"><\/mark><\/p>\n\n\n\n<p><\/p>\n\n\n\n<p><strong>Contact<\/strong><\/p>\n\n\n\n<p>Pour toute question concernant les programmes ou la proc\u00e9dure de candidature, veuillez contacter :<\/p>\n\n\n\n<p><strong>Olivier Le Falher<\/strong>&nbsp;<\/p>\n\n\n\n<p>Charg\u00e9 de mission arts visuels, design et architecture <\/p>\n\n\n\n<p><a href=\"mailto:olivier.lefalher@villa-albertine.org\" target=\"_blank\" rel=\"noreferrer noopener\">olivier.lefalher@villa-albertine.org<\/a>&nbsp;<\/p>\n","protected":false},"featured_media":410184,"menu_order":0,"template":"","app_discipline":[279],"app_city_tax":[264,276],"app_professional_category":[306],"app_professional_content_type":[302,305],"class_list":["post-423772","app_professional","type-app_professional","status-publish","has-post-thumbnail","hentry","app_discipline-design-metiers-dart-fr","app_city_tax-nyc-fr","app_city_tax-toutes-les-villes-fr","app_professional_category-art-design-fr","app_professional_content_type-news-fr","app_professional_content_type-grants_programs-fr"],"acf":[],"yoast_head":"<!-- This site is optimized with the Yoast SEO plugin v27.3 - https:\/\/yoast.com\/product\/yoast-seo-wordpress\/ -->\n<title>Appel \u00e0 candidatures : Oui Design ! 2024\u00a0 - Villa Albertine<\/title>\n<meta name=\"robots\" content=\"index, follow, max-snippet:-1, max-image-preview:large, max-video-preview:-1\" \/>\n<link rel=\"canonical\" href=\"https:\/\/villa-albertine.org\/va\/fr\/professionals\/appel-a-candidatures-oui-design-2024\/\" \/>\n<meta property=\"og:locale\" content=\"fr_FR\" \/>\n<meta property=\"og:type\" content=\"article\" \/>\n<meta property=\"og:title\" content=\"Appel \u00e0 candidatures : Oui Design ! 2024\u00a0 - Villa Albertine\" \/>\n<meta property=\"og:description\" content=\"La Villa Albertine lance deux appels \u00e0 candidatures pour OuiDesign ! 2024 pour soutenir les designers et artisans d&rsquo;art \u00e9mergents fran\u00e7ais ou bas\u00e9s en France.\u00a0 OuiDesign! est un parcours curat\u00e9 d&rsquo;open studios, de conf\u00e9rences, d&rsquo;expositions et d&rsquo;\u00e9v\u00e9nements qui c\u00e9l\u00e8brent la riche tradition de collaboration entre les sc\u00e8nes fran\u00e7aise et am\u00e9ricaine du design.\u00a0 Organis\u00e9 pendant cinq...\" \/>\n<meta property=\"og:url\" content=\"https:\/\/villa-albertine.org\/va\/fr\/professionals\/appel-a-candidatures-oui-design-2024\/\" \/>\n<meta property=\"og:site_name\" content=\"Villa Albertine\" \/>\n<meta property=\"article:modified_time\" content=\"2024-01-27T23:46:36+00:00\" \/>\n<meta property=\"og:image\" content=\"https:\/\/villa-albertine.org\/wp-content\/uploads\/2023\/12\/OuiDesign-\u00a9-Created-by-Studio-Des-Signes-Paris.jpg\" \/>\n\t<meta property=\"og:image:width\" content=\"1392\" \/>\n\t<meta property=\"og:image:height\" content=\"783\" \/>\n\t<meta property=\"og:image:type\" content=\"image\/jpeg\" \/>\n<meta name=\"twitter:card\" content=\"summary_large_image\" \/>\n<meta name=\"twitter:label1\" content=\"Dur\u00e9e de lecture estim\u00e9e\" \/>\n\t<meta name=\"twitter:data1\" content=\"6 minutes\" \/>\n<script type=\"application\/ld+json\" class=\"yoast-schema-graph\">{\"@context\":\"https:\\\/\\\/schema.org\",\"@graph\":[{\"@type\":\"WebPage\",\"@id\":\"https:\\\/\\\/villa-albertine.org\\\/va\\\/fr\\\/professionals\\\/appel-a-candidatures-oui-design-2024\\\/\",\"url\":\"https:\\\/\\\/villa-albertine.org\\\/va\\\/fr\\\/professionals\\\/appel-a-candidatures-oui-design-2024\\\/\",\"name\":\"Appel \u00e0 candidatures : Oui Design ! 2024\u00a0 - Villa Albertine\",\"isPartOf\":{\"@id\":\"https:\\\/\\\/villa-albertine.org\\\/va\\\/fr\\\/#website\"},\"primaryImageOfPage\":{\"@id\":\"https:\\\/\\\/villa-albertine.org\\\/va\\\/fr\\\/professionals\\\/appel-a-candidatures-oui-design-2024\\\/#primaryimage\"},\"image\":{\"@id\":\"https:\\\/\\\/villa-albertine.org\\\/va\\\/fr\\\/professionals\\\/appel-a-candidatures-oui-design-2024\\\/#primaryimage\"},\"thumbnailUrl\":\"https:\\\/\\\/villa-albertine.org\\\/wp-content\\\/uploads\\\/2023\\\/12\\\/OuiDesign-\u00a9-Created-by-Studio-Des-Signes-Paris.jpg\",\"datePublished\":\"2023-12-21T12:57:27+00:00\",\"dateModified\":\"2024-01-27T23:46:36+00:00\",\"breadcrumb\":{\"@id\":\"https:\\\/\\\/villa-albertine.org\\\/va\\\/fr\\\/professionals\\\/appel-a-candidatures-oui-design-2024\\\/#breadcrumb\"},\"inLanguage\":\"fr-FR\",\"potentialAction\":[{\"@type\":\"ReadAction\",\"target\":[\"https:\\\/\\\/villa-albertine.org\\\/va\\\/fr\\\/professionals\\\/appel-a-candidatures-oui-design-2024\\\/\"]}]},{\"@type\":\"ImageObject\",\"inLanguage\":\"fr-FR\",\"@id\":\"https:\\\/\\\/villa-albertine.org\\\/va\\\/fr\\\/professionals\\\/appel-a-candidatures-oui-design-2024\\\/#primaryimage\",\"url\":\"https:\\\/\\\/villa-albertine.org\\\/wp-content\\\/uploads\\\/2023\\\/12\\\/OuiDesign-\u00a9-Created-by-Studio-Des-Signes-Paris.jpg\",\"contentUrl\":\"https:\\\/\\\/villa-albertine.org\\\/wp-content\\\/uploads\\\/2023\\\/12\\\/OuiDesign-\u00a9-Created-by-Studio-Des-Signes-Paris.jpg\",\"width\":1392,\"height\":783,\"caption\":\"OuiDesign! \u00a9 Created by Studio Des Signes, Paris\"},{\"@type\":\"BreadcrumbList\",\"@id\":\"https:\\\/\\\/villa-albertine.org\\\/va\\\/fr\\\/professionals\\\/appel-a-candidatures-oui-design-2024\\\/#breadcrumb\",\"itemListElement\":[{\"@type\":\"ListItem\",\"position\":1,\"name\":\"Home\",\"item\":\"https:\\\/\\\/villa-albertine.org\\\/va\\\/fr\\\/home\\\/\"},{\"@type\":\"ListItem\",\"position\":2,\"name\":\"Appel \u00e0 candidatures : Oui Design ! 2024\u00a0\"}]},{\"@type\":\"WebSite\",\"@id\":\"https:\\\/\\\/villa-albertine.org\\\/va\\\/fr\\\/#website\",\"url\":\"https:\\\/\\\/villa-albertine.org\\\/va\\\/fr\\\/\",\"name\":\"Villa Albertine\",\"description\":\"\",\"potentialAction\":[{\"@type\":\"SearchAction\",\"target\":{\"@type\":\"EntryPoint\",\"urlTemplate\":\"https:\\\/\\\/villa-albertine.org\\\/va\\\/fr\\\/?s={search_term_string}\"},\"query-input\":{\"@type\":\"PropertyValueSpecification\",\"valueRequired\":true,\"valueName\":\"search_term_string\"}}],\"inLanguage\":\"fr-FR\"}]}<\/script>\n<!-- \/ Yoast SEO plugin. -->","yoast_head_json":{"title":"Appel \u00e0 candidatures : Oui Design ! 2024\u00a0 - Villa Albertine","robots":{"index":"index","follow":"follow","max-snippet":"max-snippet:-1","max-image-preview":"max-image-preview:large","max-video-preview":"max-video-preview:-1"},"canonical":"https:\/\/villa-albertine.org\/va\/fr\/professionals\/appel-a-candidatures-oui-design-2024\/","og_locale":"fr_FR","og_type":"article","og_title":"Appel \u00e0 candidatures : Oui Design ! 2024\u00a0 - Villa Albertine","og_description":"La Villa Albertine lance deux appels \u00e0 candidatures pour OuiDesign ! 2024 pour soutenir les designers et artisans d&rsquo;art \u00e9mergents fran\u00e7ais ou bas\u00e9s en France.\u00a0 OuiDesign! est un parcours curat\u00e9 d&rsquo;open studios, de conf\u00e9rences, d&rsquo;expositions et d&rsquo;\u00e9v\u00e9nements qui c\u00e9l\u00e8brent la riche tradition de collaboration entre les sc\u00e8nes fran\u00e7aise et am\u00e9ricaine du design.\u00a0 Organis\u00e9 pendant cinq...","og_url":"https:\/\/villa-albertine.org\/va\/fr\/professionals\/appel-a-candidatures-oui-design-2024\/","og_site_name":"Villa Albertine","article_modified_time":"2024-01-27T23:46:36+00:00","og_image":[{"width":1392,"height":783,"url":"https:\/\/villa-albertine.org\/wp-content\/uploads\/2023\/12\/OuiDesign-\u00a9-Created-by-Studio-Des-Signes-Paris.jpg","type":"image\/jpeg"}],"twitter_card":"summary_large_image","twitter_misc":{"Dur\u00e9e de lecture estim\u00e9e":"6 minutes"},"schema":{"@context":"https:\/\/schema.org","@graph":[{"@type":"WebPage","@id":"https:\/\/villa-albertine.org\/va\/fr\/professionals\/appel-a-candidatures-oui-design-2024\/","url":"https:\/\/villa-albertine.org\/va\/fr\/professionals\/appel-a-candidatures-oui-design-2024\/","name":"Appel \u00e0 candidatures : Oui Design ! 2024\u00a0 - Villa Albertine","isPartOf":{"@id":"https:\/\/villa-albertine.org\/va\/fr\/#website"},"primaryImageOfPage":{"@id":"https:\/\/villa-albertine.org\/va\/fr\/professionals\/appel-a-candidatures-oui-design-2024\/#primaryimage"},"image":{"@id":"https:\/\/villa-albertine.org\/va\/fr\/professionals\/appel-a-candidatures-oui-design-2024\/#primaryimage"},"thumbnailUrl":"https:\/\/villa-albertine.org\/wp-content\/uploads\/2023\/12\/OuiDesign-\u00a9-Created-by-Studio-Des-Signes-Paris.jpg","datePublished":"2023-12-21T12:57:27+00:00","dateModified":"2024-01-27T23:46:36+00:00","breadcrumb":{"@id":"https:\/\/villa-albertine.org\/va\/fr\/professionals\/appel-a-candidatures-oui-design-2024\/#breadcrumb"},"inLanguage":"fr-FR","potentialAction":[{"@type":"ReadAction","target":["https:\/\/villa-albertine.org\/va\/fr\/professionals\/appel-a-candidatures-oui-design-2024\/"]}]},{"@type":"ImageObject","inLanguage":"fr-FR","@id":"https:\/\/villa-albertine.org\/va\/fr\/professionals\/appel-a-candidatures-oui-design-2024\/#primaryimage","url":"https:\/\/villa-albertine.org\/wp-content\/uploads\/2023\/12\/OuiDesign-\u00a9-Created-by-Studio-Des-Signes-Paris.jpg","contentUrl":"https:\/\/villa-albertine.org\/wp-content\/uploads\/2023\/12\/OuiDesign-\u00a9-Created-by-Studio-Des-Signes-Paris.jpg","width":1392,"height":783,"caption":"OuiDesign! \u00a9 Created by Studio Des Signes, Paris"},{"@type":"BreadcrumbList","@id":"https:\/\/villa-albertine.org\/va\/fr\/professionals\/appel-a-candidatures-oui-design-2024\/#breadcrumb","itemListElement":[{"@type":"ListItem","position":1,"name":"Home","item":"https:\/\/villa-albertine.org\/va\/fr\/home\/"},{"@type":"ListItem","position":2,"name":"Appel \u00e0 candidatures : Oui Design ! 2024\u00a0"}]},{"@type":"WebSite","@id":"https:\/\/villa-albertine.org\/va\/fr\/#website","url":"https:\/\/villa-albertine.org\/va\/fr\/","name":"Villa Albertine","description":"","potentialAction":[{"@type":"SearchAction","target":{"@type":"EntryPoint","urlTemplate":"https:\/\/villa-albertine.org\/va\/fr\/?s={search_term_string}"},"query-input":{"@type":"PropertyValueSpecification","valueRequired":true,"valueName":"search_term_string"}}],"inLanguage":"fr-FR"}]}},"_links":{"self":[{"href":"https:\/\/villa-albertine.org\/va\/fr\/wp-json\/wp\/v2\/app_professional\/423772","targetHints":{"allow":["GET"]}}],"collection":[{"href":"https:\/\/villa-albertine.org\/va\/fr\/wp-json\/wp\/v2\/app_professional"}],"about":[{"href":"https:\/\/villa-albertine.org\/va\/fr\/wp-json\/wp\/v2\/types\/app_professional"}],"wp:featuredmedia":[{"embeddable":true,"href":"https:\/\/villa-albertine.org\/va\/fr\/wp-json\/wp\/v2\/media\/410184"}],"wp:attachment":[{"href":"https:\/\/villa-albertine.org\/va\/fr\/wp-json\/wp\/v2\/media?parent=423772"}],"wp:term":[{"taxonomy":"app_discipline","embeddable":true,"href":"https:\/\/villa-albertine.org\/va\/fr\/wp-json\/wp\/v2\/app_discipline?post=423772"},{"taxonomy":"app_city_tax","embeddable":true,"href":"https:\/\/villa-albertine.org\/va\/fr\/wp-json\/wp\/v2\/app_city_tax?post=423772"},{"taxonomy":"app_professional_category","embeddable":true,"href":"https:\/\/villa-albertine.org\/va\/fr\/wp-json\/wp\/v2\/app_professional_category?post=423772"},{"taxonomy":"app_professional_content_type","embeddable":true,"href":"https:\/\/villa-albertine.org\/va\/fr\/wp-json\/wp\/v2\/app_professional_content_type?post=423772"}],"curies":[{"name":"wp","href":"https:\/\/api.w.org\/{rel}","templated":true}]}}