{"id":4212258,"date":"2025-06-06T19:44:41","date_gmt":"2025-06-06T19:44:41","guid":{"rendered":"https:\/\/villa-albertine.org\/va\/?post_type=app_professional&#038;p=4212258"},"modified":"2025-10-15T20:32:10","modified_gmt":"2025-10-15T20:32:10","slug":"de-paris-a-hollywood-six-scenaristes-selectionnes-pour-boulevard-des-series-the-factory-2025","status":"publish","type":"app_professional","link":"https:\/\/villa-albertine.org\/va\/fr\/professionals\/de-paris-a-hollywood-six-scenaristes-selectionnes-pour-boulevard-des-series-the-factory-2025\/","title":{"rendered":"De Paris \u00e0 Hollywood : Cinq sc\u00e9naristes s\u00e9lectionn\u00e9s pour Boulevard des S\u00e9ries &#8211; The Factory 2025\u00a0"},"content":{"rendered":"\n<p>Cette r\u00e9sidence d\u2019\u00e9criture professionnelle se tiendra \u00e0 Los Angeles du 6 au 24 octobre 2025. Pendant trois semaines, les participants b\u00e9n\u00e9ficieront d\u2019un accompagnement personnalis\u00e9, en anglais, par des sp\u00e9cialistes de l\u2019\u00e9criture de s\u00e9ries qui les aideront \u00e0 d\u00e9velopper leur projet. Des \u00e9changes, des rencontres professionnelles et des visites d\u2019institutions locales permettront \u00e9galement aux sc\u00e9naristes fran\u00e7ais d\u2019acqu\u00e9rir une compr\u00e9hension approfondie des pratiques et du fonctionnement de l\u2019industrie hollywoodienne.&nbsp;<\/p>\n\n\n\n<p>Un jury international compos\u00e9 de professionnels fran\u00e7ais et am\u00e9ricains de renom a \u00e9valu\u00e9 chaque projet selon plusieurs crit\u00e8res : sa valeur artistique, sa coh\u00e9rence, l\u2019originalit\u00e9 du concept et du point de vue propos\u00e9, ainsi que son potentiel international. Il a \u00e9galement \u00e9t\u00e9 sensible \u00e0 l\u2019\u00e9mergence de voix nouvelles.&nbsp;<\/p>\n\n\n\n<p>Les projets retenus refl\u00e8tent une grande diversit\u00e9 de genres et de th\u00e9matiques \u2014 allant d\u2019une tr\u00e9pidante qu\u00eate virtuelle \u00e0 une s\u00e9rie polici\u00e8re riche en rebondissements men\u00e9e par une enqu\u00eatrice anciennement alcoolique, un drame adolescent qui interroge l\u2019\u00e9volution de la perception du genre dans notre soci\u00e9t\u00e9, une com\u00e9die dramatique explorant les non-dits d\u2019une famille dont les parents, en pleine s\u00e9paration, choisissent de taire la v\u00e9rit\u00e9 \u00e0 leurs enfants et, enfin, une \u00ab crime comedy \u00bb qui cherche \u00e0 percer le myst\u00e8re du meurtre d\u2019une c\u00e9l\u00e8bre influenceuse, survenu sur un yacht.&nbsp;<\/p>\n\n\n\n<p>Le jury a \u00e9galement soulign\u00e9 que cette ann\u00e9e, bon nombre de projets, malgr\u00e9 l\u2019\u00e9clectisme des th\u00e8mes choisis (la confiance, les liens sociaux, la filiation, l\u2019investigation, la qu\u00eate\u2026), laissaient pressentir une certaine anxi\u00e9t\u00e9 vis-\u00e0-vis de notre \u00e9poque, faisant de la fiction un miroir des tourments contemporains.&nbsp;<\/p>\n\n\n\n<p>D\u00e9couvrez la liste compl\u00e8te des r\u00e9sidents et de leurs projets ci-dessous.&nbsp;<\/p>\n\n\n<div class=\"articles-small articles-small--richtext section__articles\">\n\t\t<div class=\"articles__items\" id=\"items_2817\">\n\t\t\t\t\t\t\t\t\t<div class=\"articles__item\" id=\"item_1205\">\n\t\t\t\t\t<div class=\"article-small article-small--reverse article-small--limit-title-3\">\n\t\t\t\t\t\t<div class=\"article__inner\">\n\t\t\t\t\t\t\t<div class=\"article__image\">\n\t\t\t\t\t\t\t\t<img loading=\"lazy\" decoding=\"async\" sizes=\"auto, (max-width: 300px) 100vw, 300px\" width=\"300\" height=\"169\" src=\"https:\/\/villa-albertine.org\/wp-content\/uploads\/2025\/06\/Sophie-Dab-e1749236057146.png\"\n\t\t\t\t\t\t\t\t\t  class=\"attachment-medium size-medium wp-post-image\">\n\t\t\t\t\t\t\t<\/div>\n\t\t\t\t\t\t\t<div class=\"article__content\">\n\t\t\t\t\t\t\t\t<div class=\"article__head\">\n\t\t\t\t\t\t\t\t\t<h3 style=\"margin-bottom: 0px\">Sophie Dab<\/h3>\n\t\t\t\t\t\t\t\t<\/div><!-- \/.article__head -->\n\t\t\t\t\t\t\t\t<div class=\"article__excerpt\" style=\"display: block\">\n\t\t\t\t\t\t\t\t\t<p>\n\t\t\t\t\t\t\t\t\t\t\t\t\t\t\t\t\t\t\t\t\t\t\t\t\t\t\t\t\t\t\t\t\t\t\t\t\t\t\t\t<br>Toxique \t\t\t\t\t\t\t\t\t<\/p>\n\n\t\t\t\t\t\t\t\t<\/div><!-- \/.article__excerpt -->\n\t\t\t\t\t\t\t\t<a class=\"seemore\" id=\"more1205\" onclick=\"toggleDescs(1205);\">Voir plus<\/a>\n\t\t\t\t\t\t\t\t<div class=\"description\" style=\"display: none;\">\n\t\t\t\t\t\t\t\t\t<p>\n\t\t\t\t\t\t\t\t\t\t<div class=\"react-pdf__Page css-172\" data-page-number=\"1\">\n<div class=\"react-pdf__Page__textContent textLayer\" data-main-rotation=\"0\"><span id=\"p3R_mc10\" class=\"markedContent\"><span dir=\"ltr\" role=\"presentation\"><span tabindex=\"0\" data-fui-focus-visible=\"\">Sophie Dab a grandi entre Paris et la province canadienne du Nouveau<\/span><\/span><\/span><span id=\"p3R_mc11\" class=\"markedContent\"><span dir=\"ltr\" role=\"presentation\"><span tabindex=\"0\">&#8211;<\/span><\/span><\/span><span id=\"p3R_mc12\" class=\"markedContent\"><span dir=\"ltr\" role=\"presentation\"><span tabindex=\"0\">Brunswick. Elle a <\/span><\/span><\/span><span id=\"p3R_mc13\" class=\"markedContent\"><span dir=\"ltr\" role=\"presentation\"><span tabindex=\"0\">obtenu une licence de Sociologie de l\u2019Universit\u00e9 de McGill et un Master du Peter Stark <\/span><\/span><\/span><span id=\"p3R_mc14\" class=\"markedContent\"><span dir=\"ltr\" role=\"presentation\"><span tabindex=\"0\">Producing Program de USC. Elle a \u00e9t\u00e9 stagiaire chez Fox, dans les d\u00e9partements de<\/span><\/span><\/span><span id=\"p3R_mc15\" class=\"markedContent\"> <span dir=\"ltr\" role=\"presentation\"><span tabindex=\"0\">S\u00e9ries <\/span><\/span><\/span><span id=\"p3R_mc16\" class=\"markedContent\"><span dir=\"ltr\" role=\"presentation\"><span tabindex=\"0\">Courantes et en D\u00e9veloppement, et chez Showtime pour le Pr\u00e9sident de la Cha\u00eene (David <\/span><\/span><\/span><span id=\"p3R_mc17\" class=\"markedContent\"><span dir=\"ltr\" role=\"presentation\"><span tabindex=\"0\">Nevins). Apr\u00e8s sa remise de dipl\u00f4me, elle est devenue assistante de Caitlin Foito<\/span><\/span><\/span><span id=\"p3R_mc18\" class=\"markedContent\"><span dir=\"ltr\" role=\"presentation\"><span tabindex=\"0\">&#8211;<\/span><\/span><\/span><span id=\"p3R_mc19\" class=\"markedContent\"><span dir=\"ltr\" role=\"presentation\"><span tabindex=\"0\">Bleiweiss, Vice<\/span><\/span><\/span><span id=\"p3R_mc20\" class=\"markedContent\"><span dir=\"ltr\" role=\"presentation\"><span tabindex=\"0\">&#8211;<\/span><\/span><\/span><span id=\"p3R_mc21\" class=\"markedContent\"><span dir=\"ltr\" role=\"presentation\"><span tabindex=\"0\">Pr\u00e9sidente du D\u00e9veloppement de S\u00e9ries Dramatiques chez ABC Studio<\/span><\/span><\/span><span id=\"p3R_mc22\" class=\"markedContent\"><span dir=\"ltr\" role=\"presentation\"><span tabindex=\"0\">s.<\/span><\/span><\/span><\/div>\n<div data-main-rotation=\"0\"><\/div>\n<div class=\"react-pdf__Page__textContent textLayer\" data-main-rotation=\"0\"><span id=\"p3R_mc23\" class=\"markedContent\"><span dir=\"ltr\" role=\"presentation\"><span tabindex=\"0\">Elle a ensuite \u00e9t\u00e9 Directrice de D\u00e9veloppement chez Federation \u00e0 Los Angeles avant de <\/span><\/span><\/span><span id=\"p3R_mc24\" class=\"markedContent\"><span dir=\"ltr\" role=\"presentation\"><span tabindex=\"0\">revenir \u00e0 Paris en 2019 pour se consacrer \u00e0 l\u2019\u00e9criture. Depuis, elle a co<\/span><\/span><\/span><span id=\"p3R_mc25\" class=\"markedContent\"><span dir=\"ltr\" role=\"presentation\"><span tabindex=\"0\">&#8211;<\/span><\/span><\/span><span id=\"p3R_mc26\" class=\"markedContent\"><span dir=\"ltr\" role=\"presentation\"><span tabindex=\"0\">cr\u00e9\u00e9 pour 13e Rue <\/span><\/span><\/span><span id=\"p3R_mc27\" class=\"markedContent\"><span dir=\"ltr\" role=\"presentation\"><span tabindex=\"0\">les mini<\/span><\/span><\/span><span id=\"p3R_mc28\" class=\"markedContent\"><span dir=\"ltr\" role=\"presentation\"><span tabindex=\"0\">&#8211;<\/span><\/span><\/span><span id=\"p3R_mc29\" class=\"markedContent\"><span dir=\"ltr\" role=\"presentation\"><span tabindex=\"0\">s\u00e9ries thriller J\u2019ai Tu\u00e9 Mon Mari (2021) et Follow (Prix de la Mei<\/span><\/span><\/span><span id=\"p3R_mc30\" class=\"markedContent\"><span dir=\"ltr\" role=\"presentation\"><span tabindex=\"0\">lleure S\u00e9rie de \u201852 au <\/span><\/span><\/span><span id=\"p3R_mc31\" class=\"markedContent\"><span dir=\"ltr\" role=\"presentation\"><span tabindex=\"0\">Festival de La Rochelle en 2023) ainsi que l\u2019adaptation du Myst\u00e8re de la Chambre Jaune <\/span><\/span><\/span><span id=\"p3R_mc32\" class=\"markedContent\"><span dir=\"ltr\" role=\"presentation\"><span tabindex=\"0\">pour TF1.<\/span><\/span><\/span><\/div>\n<\/div>\n\t\t\t\t\t\t\t\t\t<\/p>\n\t\t\t\t\t\t\t\t<\/div>\n\t\t\t\t\t\t\t<\/div><!-- \/.article__content -->\n\t\t\t\t\t\t<\/div>\n\t\t\t\t\t<\/div>\n\t\t\t\t<\/div>\n\t\t\t\t\t\t\t<div class=\"articles__item\" id=\"item_1946\">\n\t\t\t\t\t<div class=\"article-small article-small--reverse article-small--limit-title-3\">\n\t\t\t\t\t\t<div class=\"article__inner\">\n\t\t\t\t\t\t\t<div class=\"article__image\">\n\t\t\t\t\t\t\t\t<img loading=\"lazy\" decoding=\"async\" sizes=\"auto, (max-width: 300px) 100vw, 300px\" width=\"300\" height=\"169\" src=\"https:\/\/villa-albertine.org\/wp-content\/uploads\/2025\/06\/Sarah-Farkas-2.jpg\"\n\t\t\t\t\t\t\t\t\t  class=\"attachment-medium size-medium wp-post-image\">\n\t\t\t\t\t\t\t<\/div>\n\t\t\t\t\t\t\t<div class=\"article__content\">\n\t\t\t\t\t\t\t\t<div class=\"article__head\">\n\t\t\t\t\t\t\t\t\t<h3 style=\"margin-bottom: 0px\">Sarah Farkas<\/h3>\n\t\t\t\t\t\t\t\t<\/div><!-- \/.article__head -->\n\t\t\t\t\t\t\t\t<div class=\"article__excerpt\" style=\"display: block\">\n\t\t\t\t\t\t\t\t\t<p>\n\t\t\t\t\t\t\t\t\t\t\t\t\t\t\t\t\t\t\t\t\t\t\t\t\t\t\t\t\t\t\t\t\t\t\t\t\t\t\t\t<br>Pas devant les enfants   \t\t\t\t\t\t\t\t\t<\/p>\n\n\t\t\t\t\t\t\t\t<\/div><!-- \/.article__excerpt -->\n\t\t\t\t\t\t\t\t<a class=\"seemore\" id=\"more1946\" onclick=\"toggleDescs(1946);\">Voir plus<\/a>\n\t\t\t\t\t\t\t\t<div class=\"description\" style=\"display: none;\">\n\t\t\t\t\t\t\t\t\t<p>\n\t\t\t\t\t\t\t\t\t\t<p><span id=\"p3R_mc18\" class=\"markedContent\"><span dir=\"ltr\" role=\"presentation\"><span tabindex=\"0\" data-fui-focus-visible=\"\">Dipl\u00f4m\u00e9e de la F\u00e9mis s\u00e9ries TV, puis de UCLA, Sarah fait ses armes sur des s\u00e9ries <\/span><\/span><\/span><span id=\"p3R_mc19\" class=\"markedContent\"><span dir=\"ltr\" role=\"presentation\"><span tabindex=\"0\">polar\/m\u00e9dical avant de co<\/span><\/span><\/span><span id=\"p3R_mc20\" class=\"markedContent\"><span dir=\"ltr\" role=\"presentation\"><span tabindex=\"0\">&#8211;<\/span><\/span><\/span><span id=\"p3R_mc21\" class=\"markedContent\"><span dir=\"ltr\" role=\"presentation\"><span tabindex=\"0\">cr\u00e9er<\/span><\/span><\/span><span id=\"p3R_mc22\" class=\"markedContent\"><\/span><span id=\"p3R_mc23\" class=\"markedContent\"> <span dir=\"ltr\" role=\"presentation\"><span tabindex=\"0\">la s\u00e9rie Hors Saison (polar 52\u2019 avec Marina Hands<\/span><\/span><\/span><span id=\"p3R_mc24\" class=\"markedContent\"> <span dir=\"ltr\" role=\"presentation\"><span tabindex=\"0\">&#8211;<\/span><\/span><\/span><span id=\"p3R_mc25\" class=\"markedContent\"><\/span><span id=\"p3R_mc26\" class=\"markedContent\"> <span dir=\"ltr\" role=\"presentation\"><span tabindex=\"0\">France <\/span><\/span><\/span><span id=\"p3R_mc27\" class=\"markedContent\"><span dir=\"ltr\" role=\"presentation\"><span tabindex=\"0\">3<\/span><\/span><\/span><span id=\"p3R_mc28\" class=\"markedContent\"> <span dir=\"ltr\" role=\"presentation\"><span tabindex=\"0\">&#8211;<\/span><\/span><\/span><span id=\"p3R_mc29\" class=\"markedContent\"><\/span><span id=\"p3R_mc30\" class=\"markedContent\"> <span dir=\"ltr\" role=\"presentation\"><span tabindex=\"0\">2022). La m\u00eame ann\u00e9e, elle cr\u00e9\u00e9 et dirige avec Camille Couasse l\u2019\u00e9criture de Vortex <\/span><\/span><\/span><span id=\"p3R_mc31\" class=\"markedContent\"><span dir=\"ltr\" role=\"presentation\"><span tabindex=\"0\">(polar fantastique 52\u2019 avec Tomer Sisley<\/span><\/span><\/span><span id=\"p3R_mc32\" class=\"markedContent\"> <span dir=\"ltr\" role=\"presentation\"><span tabindex=\"0\">&#8211;<\/span><\/span><\/span><span id=\"p3R_mc33\" class=\"markedContent\"><\/span><span id=\"p3R_mc34\" class=\"markedContent\"> <span dir=\"ltr\" role=\"presentation\"><span tabindex=\"0\">France 2 \/Netflix). L\u2019ann\u00e9e suivante, elle participe <\/span><\/span><\/span><span id=\"p3R_mc35\" class=\"markedContent\"><span dir=\"ltr\" role=\"presentation\"><span tabindex=\"0\">\u00e0 l\u2019\u00e9criture<\/span><\/span><\/span><span id=\"p3R_mc36\" class=\"markedContent\"><\/span><span id=\"p3R_mc37\" class=\"markedContent\"> <span dir=\"ltr\" role=\"presentation\"><span tabindex=\"0\">de Car\u00eame (Apple TV +) et co<\/span><\/span><\/span><span id=\"p3R_mc38\" class=\"markedContent\"><span dir=\"ltr\" role=\"presentation\"><span tabindex=\"0\">&#8211;<\/span><\/span><\/span><span id=\"p3R_mc39\" class=\"markedContent\"><span dir=\"ltr\" role=\"presentation\"><span tabindex=\"0\">cr\u00e9\u00e9 avec Camille la s\u00e9rie Tom &amp; Lola pour France <\/span><\/span><\/span><span id=\"p3R_mc40\" class=\"markedContent\"><span dir=\"ltr\" role=\"presentation\"><span tabindex=\"0\">TV.<\/span><\/span><\/span><\/p>\n<p><span id=\"p3R_mc40\" class=\"markedContent\"><span dir=\"ltr\" role=\"presentation\"><span tabindex=\"0\">Elle lance en 2023 sa structure<\/span><\/span><\/span><span id=\"p3R_mc41\" class=\"markedContent\"> <span dir=\"ltr\" role=\"presentation\"><span tabindex=\"0\">\u2013<\/span><\/span><\/span><span id=\"p3R_mc42\" class=\"markedContent\"><\/span><span id=\"p3R_mc43\" class=\"markedContent\"> <span dir=\"ltr\" role=\"presentation\"><span tabindex=\"0\">Loch Ness Productions<\/span><\/span><\/span><span id=\"p3R_mc44\" class=\"markedContent\"> <span dir=\"ltr\" role=\"presentation\"><span tabindex=\"0\">\u2013<\/span><\/span><\/span><span id=\"p3R_mc45\" class=\"markedContent\"><\/span><span id=\"p3R_mc46\" class=\"markedContent\"> <span dir=\"ltr\" role=\"presentation\"><span tabindex=\"0\">afin de co<\/span><\/span><\/span><span id=\"p3R_mc47\" class=\"markedContent\"><span dir=\"ltr\" role=\"presentation\"><span tabindex=\"0\">&#8211;<\/span><\/span><\/span><span id=\"p3R_mc48\" class=\"markedContent\"><span dir=\"ltr\" role=\"presentation\"><span tabindex=\"0\">produire ses <\/span><\/span><\/span><span id=\"p3R_mc49\" class=\"markedContent\"><span dir=\"ltr\" role=\"presentation\"><span tabindex=\"0\">projets, en France et \u00e0 l\u2019international. Elle travaille actuellement en tant que cr\u00e9atrice<\/span><\/span><\/span><span id=\"p3R_mc50\" class=\"markedContent\"><\/span><span id=\"p3R_mc51\" class=\"markedContent\"> <span dir=\"ltr\" role=\"presentation\"><span tabindex=\"0\">et <\/span><\/span><\/span><span id=\"p3R_mc52\" class=\"markedContent\"><span dir=\"ltr\" role=\"presentation\"><span tabindex=\"0\">coproductrice d\u2019une s\u00e9rie 8&#215;52\u2019 pour Netflix.<\/span><\/span><\/span><\/p>\n\t\t\t\t\t\t\t\t\t<\/p>\n\t\t\t\t\t\t\t\t<\/div>\n\t\t\t\t\t\t\t<\/div><!-- \/.article__content -->\n\t\t\t\t\t\t<\/div>\n\t\t\t\t\t<\/div>\n\t\t\t\t<\/div>\n\t\t\t\t\t\t\t<div class=\"articles__item\" id=\"item_1316\">\n\t\t\t\t\t<div class=\"article-small article-small--reverse article-small--limit-title-3\">\n\t\t\t\t\t\t<div class=\"article__inner\">\n\t\t\t\t\t\t\t<div class=\"article__image\">\n\t\t\t\t\t\t\t\t<img loading=\"lazy\" decoding=\"async\" sizes=\"auto, (max-width: 300px) 100vw, 300px\" width=\"300\" height=\"169\" src=\"https:\/\/villa-albertine.org\/wp-content\/uploads\/2025\/06\/Marc-Kressman-e1749236983402.jpg\"\n\t\t\t\t\t\t\t\t\t  class=\"attachment-medium size-medium wp-post-image\">\n\t\t\t\t\t\t\t<\/div>\n\t\t\t\t\t\t\t<div class=\"article__content\">\n\t\t\t\t\t\t\t\t<div class=\"article__head\">\n\t\t\t\t\t\t\t\t\t<h3 style=\"margin-bottom: 0px\">Marc Kressmann<\/h3>\n\t\t\t\t\t\t\t\t<\/div><!-- \/.article__head -->\n\t\t\t\t\t\t\t\t<div class=\"article__excerpt\" style=\"display: block\">\n\t\t\t\t\t\t\t\t\t<p>\n\t\t\t\t\t\t\t\t\t\t\t\t\t\t\t\t\t\t\t\t\t\t\t\t\t\t\t\t\t\t\t\t\t\t\t\t\t\t\t\t<br>Bloody Marie\t\t\t\t\t\t\t\t\t<\/p>\n\n\t\t\t\t\t\t\t\t<\/div><!-- \/.article__excerpt -->\n\t\t\t\t\t\t\t\t<a class=\"seemore\" id=\"more1316\" onclick=\"toggleDescs(1316);\">Voir plus<\/a>\n\t\t\t\t\t\t\t\t<div class=\"description\" style=\"display: none;\">\n\t\t\t\t\t\t\t\t\t<p>\n\t\t\t\t\t\t\t\t\t\t<p><span id=\"p3R_mc1\" class=\"markedContent\"><span dir=\"ltr\" role=\"presentation\"><span tabindex=\"0\" data-fui-focus-visible=\"\">Marc Kressmann<\/span><\/span><\/span><span id=\"p3R_mc2\" class=\"markedContent\"><\/span><span id=\"p3R_mc3\" class=\"markedContent\"> <span dir=\"ltr\" role=\"presentation\"><span tabindex=\"0\">est sc\u00e9nariste, directeur de collection et producteur. Dans une premi\u00e8re <\/span><\/span><\/span><span id=\"p3R_mc4\" class=\"markedContent\"><span dir=\"ltr\" role=\"presentation\"><span tabindex=\"0\">vie, il a \u00e9t\u00e9 concepteur<\/span><\/span><\/span><span id=\"p3R_mc5\" class=\"markedContent\"><span dir=\"ltr\" role=\"presentation\"><span tabindex=\"0\">&#8211;<\/span><\/span><\/span><span id=\"p3R_mc6\" class=\"markedContent\"><span dir=\"ltr\" role=\"presentation\"><span tabindex=\"0\">r\u00e9dacteur et pigiste. Apr\u00e8s des d\u00e9buts de sc\u00e9nariste dans <\/span><\/span><\/span><span id=\"p3R_mc7\" class=\"markedContent\"><span dir=\"ltr\" role=\"presentation\"><span tabindex=\"0\">l\u2019animation et les feuilletons quotidiens, il a cocr\u00e9\u00e9 La Nouvelle Maud. Il a ensuite \u00e9crit <\/span><\/span><\/span><span id=\"p3R_mc8\" class=\"markedContent\"><span dir=\"ltr\" role=\"presentation\"><span tabindex=\"0\">deux fe<\/span><\/span><\/span><span id=\"p3R_mc9\" class=\"markedContent\"><span dir=\"ltr\" role=\"presentation\"><span tabindex=\"0\">uilletons radio pour France Culture, de nombreux \u00e9pisodes de s\u00e9ries avant de <\/span><\/span><\/span><span id=\"p3R_mc10\" class=\"markedContent\"><span dir=\"ltr\" role=\"presentation\"><span tabindex=\"0\">devenir le showrunner de Candice Renoir (com\u00e9die polici\u00e8re, prim\u00e9e notamment aux <\/span><\/span><\/span><span id=\"p3R_mc11\" class=\"markedContent\"><span dir=\"ltr\" role=\"presentation\"><span tabindex=\"0\">Seoul International Drama Awards), Munch (com\u00e9die judiciaire) et Demain Nous <\/span><\/span><\/span><span id=\"p3R_mc12\" class=\"markedContent\"><span dir=\"ltr\" role=\"presentation\"><span tabindex=\"0\">Appartient (soap). R\u00e9<\/span><\/span><\/span><span id=\"p3R_mc13\" class=\"markedContent\"><span dir=\"ltr\" role=\"presentation\"><span tabindex=\"0\">cemment, il a co<\/span><\/span><\/span><span id=\"p3R_mc14\" class=\"markedContent\"><span dir=\"ltr\" role=\"presentation\"><span tabindex=\"0\">&#8211;<\/span><\/span><\/span><span id=\"p3R_mc15\" class=\"markedContent\"><span dir=\"ltr\" role=\"presentation\"><span tabindex=\"0\">\u00e9crit l\u2019unitaire Meurtres dans le P\u00e9rigord Vert. Il <\/span><\/span><\/span><span id=\"p3R_mc16\" class=\"markedContent\"><span dir=\"ltr\" role=\"presentation\"><span tabindex=\"0\">d\u00e9veloppe actuellement deux projets de s\u00e9rie en tant qu\u2019auteur et coproducteur : <\/span><\/span><\/span><span id=\"p3R_mc17\" class=\"markedContent\"><span dir=\"ltr\" role=\"presentation\"><span tabindex=\"0\">Infaillible(s), une com\u00e9die polici\u00e8re, et Bloody Marie, un drame policier. Il a une app\u00e9tence <\/span><\/span><\/span><span id=\"p3R_mc18\" class=\"markedContent\"><span dir=\"ltr\" role=\"presentation\"><span tabindex=\"0\">pour les th\u00e9<\/span><\/span><\/span><span id=\"p3R_mc19\" class=\"markedContent\"><span dir=\"ltr\" role=\"presentation\"><span tabindex=\"0\">matiques famille, LGBT et les faits de soci\u00e9t\u00e9.<\/span><\/span><\/span><\/p>\n\t\t\t\t\t\t\t\t\t<\/p>\n\t\t\t\t\t\t\t\t<\/div>\n\t\t\t\t\t\t\t<\/div><!-- \/.article__content -->\n\t\t\t\t\t\t<\/div>\n\t\t\t\t\t<\/div>\n\t\t\t\t<\/div>\n\t\t\t\t\t\t\t<div class=\"articles__item\" id=\"item_1306\">\n\t\t\t\t\t<div class=\"article-small article-small--reverse article-small--limit-title-3\">\n\t\t\t\t\t\t<div class=\"article__inner\">\n\t\t\t\t\t\t\t<div class=\"article__image\">\n\t\t\t\t\t\t\t\t<img loading=\"lazy\" decoding=\"async\" sizes=\"auto, (max-width: 300px) 100vw, 300px\" width=\"300\" height=\"169\" src=\"https:\/\/villa-albertine.org\/wp-content\/uploads\/2025\/06\/Elodie-Namer-e1749237527208.jpg\"\n\t\t\t\t\t\t\t\t\t  class=\"attachment-medium size-medium wp-post-image\">\n\t\t\t\t\t\t\t<\/div>\n\t\t\t\t\t\t\t<div class=\"article__content\">\n\t\t\t\t\t\t\t\t<div class=\"article__head\">\n\t\t\t\t\t\t\t\t\t<h3 style=\"margin-bottom: 0px\">Elodie Namer<\/h3>\n\t\t\t\t\t\t\t\t<\/div><!-- \/.article__head -->\n\t\t\t\t\t\t\t\t<div class=\"article__excerpt\" style=\"display: block\">\n\t\t\t\t\t\t\t\t\t<p>\n\t\t\t\t\t\t\t\t\t\t\t\t\t\t\t\t\t\t\t\t\t\t\t\t\t\t\t\t\t\t\t\t\t\t\t\t\t\t\t\t<br>Illumio\t\t\t\t\t\t\t\t\t<\/p>\n\n\t\t\t\t\t\t\t\t<\/div><!-- \/.article__excerpt -->\n\t\t\t\t\t\t\t\t<a class=\"seemore\" id=\"more1306\" onclick=\"toggleDescs(1306);\">Voir plus<\/a>\n\t\t\t\t\t\t\t\t<div class=\"description\" style=\"display: none;\">\n\t\t\t\t\t\t\t\t\t<p>\n\t\t\t\t\t\t\t\t\t\t<div class=\"react-pdf__Page css-101\" data-page-number=\"1\">\n<div class=\"react-pdf__Page__textContent textLayer\" data-main-rotation=\"0\"><span id=\"p3R_mc11\" class=\"markedContent\"><span dir=\"ltr\" role=\"presentation\"><span tabindex=\"0\" data-fui-focus-visible=\"\">\u00c9lodie Namer<\/span><\/span><\/span><span id=\"p3R_mc12\" class=\"markedContent\"><\/span><span id=\"p3R_mc13\" class=\"markedContent\"> <span dir=\"ltr\" role=\"presentation\"><span tabindex=\"0\">est sc\u00e9nariste et r\u00e9alisatrice, bas\u00e9e \u00e0 Paris. Elle \u00e9tudie la litt\u00e9rature et <\/span><\/span><\/span><span id=\"p3R_mc14\" class=\"markedContent\"><span dir=\"ltr\" role=\"presentation\"><span tabindex=\"0\">travaille comme journaliste avant de se tourner vers l\u2019\u00e9criture pour la t\u00e9l\u00e9vision et le <\/span><\/span><\/span><span id=\"p3R_mc15\" class=\"markedContent\"><span dir=\"ltr\" role=\"presentation\"><span tabindex=\"0\">cin\u00e9ma. <\/span><\/span><\/span><span id=\"p3R_mc16\" class=\"markedContent\"><\/span><span id=\"p3R_mc17\" class=\"markedContent\"><\/span><span id=\"p3R_mc17\" class=\"markedContent\"><span dir=\"ltr\" role=\"presentation\"><span tabindex=\"0\">En 2015, elle \u00e9crit et r\u00e9alise son premier long<\/span><\/span><\/span><span id=\"p3R_mc18\" class=\"markedContent\"><span dir=\"ltr\" role=\"presentation\"><span tabindex=\"0\">&#8211;<\/span><\/span><\/span><span id=\"p3R_mc19\" class=\"markedContent\"><span dir=\"ltr\" role=\"presentation\"><span tabindex=\"0\">m\u00e9trage, Le Tournoi, qui explore le monde <\/span><\/span><\/span><span id=\"p3R_mc20\" class=\"markedContent\"><span dir=\"ltr\" role=\"presentation\"><span tabindex=\"0\">des \u00e9checs de haut niveau. Pour cela elle a appris \u00e0 jouer, et s\u2019est immerg\u00e9e pendant plus <\/span><\/span><\/span><span id=\"p3R_mc21\" class=\"markedContent\"><span dir=\"ltr\" role=\"presentation\"><span tabindex=\"0\">d\u2019un an dans l\u2019univers des tournois professionnels.<\/span><\/span><\/span><\/div>\n<div data-main-rotation=\"0\"><\/div>\n<div class=\"react-pdf__Page__textContent textLayer\" data-main-rotation=\"0\"><span id=\"p3R_mc22\" class=\"markedContent\"><\/span><span id=\"p3R_mc23\" class=\"markedContent\"><\/span><span id=\"p3R_mc23\" class=\"markedContent\"><span dir=\"ltr\" role=\"presentation\"><span tabindex=\"0\">Autrice \u00e9clectique, elle aime s\u2019investir dans des genres et des univers vari\u00e9s : son dernier <\/span><\/span><\/span><span id=\"p3R_mc24\" class=\"markedContent\"><span dir=\"ltr\" role=\"presentation\"><span tabindex=\"0\">long<\/span><\/span><\/span><span id=\"p3R_mc25\" class=\"markedContent\"><span dir=\"ltr\" role=\"presentation\"><span tabindex=\"0\">&#8211;<\/span><\/span><\/span><span id=\"p3R_mc26\" class=\"markedContent\"><span dir=\"ltr\" role=\"presentation\"><span tabindex=\"0\">m\u00e9trage sorti en salle, Miss, est une com\u00e9die dramatique autour des questions de <\/span><\/span><\/span><span id=\"p3R_mc27\" class=\"markedContent\"><span dir=\"ltr\" role=\"presentation\"><span tabindex=\"0\">genre, tandis que Le Patient (Arte\/Netflix) est un thriller psychologique. El<\/span><\/span><\/span><span id=\"p3R_mc28\" class=\"markedContent\"><span dir=\"ltr\" role=\"presentation\"><span tabindex=\"0\">le a \u00e9galement <\/span><\/span><\/span><span id=\"p3R_mc29\" class=\"markedContent\"><span dir=\"ltr\" role=\"presentation\"><span tabindex=\"0\">collabor\u00e9 \u00e0 de nombreuses s\u00e9ries pour les principales cha\u00eenes fran\u00e7aises, dont Les <\/span><\/span><\/span><span id=\"p3R_mc30\" class=\"markedContent\"><span dir=\"ltr\" role=\"presentation\"><span tabindex=\"0\">Randonneuses et Toulouse Lautrec pour TF1. <\/span><\/span><\/span><span id=\"p3R_mc32\" class=\"markedContent\"><span dir=\"ltr\" role=\"presentation\"><span tabindex=\"0\">Elle vient de terminer l\u2019\u00e9criture du prochain long<\/span><\/span><\/span><span id=\"p3R_mc33\" class=\"markedContent\"><span dir=\"ltr\" role=\"presentation\"><span tabindex=\"0\">&#8211;<\/span><\/span><\/span><span id=\"p3R_mc34\" class=\"markedContent\"><span dir=\"ltr\" role=\"presentation\"><span tabindex=\"0\">m\u00e9trage de Christophe Charrier, et de co<\/span><\/span><\/span><span id=\"p3R_mc35\" class=\"markedContent\"><span dir=\"ltr\" role=\"presentation\"><span tabindex=\"0\">&#8211;<\/span><\/span><\/span><span id=\"p3R_mc36\" class=\"markedContent\"><span dir=\"ltr\" role=\"presentation\"><span tabindex=\"0\">cr\u00e9er une s\u00e9rie pour TF1, Le Dipl\u00f4me, qui sera \u00e0 l\u2019antenne en 2026.<\/span><\/span><\/span><\/div>\n<div data-main-rotation=\"0\"><\/div>\n<div class=\"react-pdf__Page__textContent textLayer\" data-main-rotation=\"0\"><span id=\"p3R_mc37\" class=\"markedContent\"><\/span><span id=\"p3R_mc38\" class=\"markedContent\"><\/span><span id=\"p3R_mc38\" class=\"markedContent\"><span dir=\"ltr\" role=\"presentation\"><span tabindex=\"0\">Elodie Namer est \u00e9galement co<\/span><\/span><\/span><span id=\"p3R_mc39\" class=\"markedContent\"><span dir=\"ltr\" role=\"presentation\"><span tabindex=\"0\">&#8211;<\/span><\/span><\/span><span id=\"p3R_mc40\" class=\"markedContent\"><span dir=\"ltr\" role=\"presentation\"><span tabindex=\"0\">fondatrice et vice<\/span><\/span><\/span><span id=\"p3R_mc41\" class=\"markedContent\"><span dir=\"ltr\" role=\"presentation\"><span tabindex=\"0\">&#8211;<\/span><\/span><\/span><span id=\"p3R_mc42\" class=\"markedContent\"><span dir=\"ltr\" role=\"presentation\"><span tabindex=\"0\">pr\u00e9sidente de La Cit\u00e9 Europ\u00e9enne des <\/span><\/span><\/span><span id=\"p3R_mc43\" class=\"markedContent\"><span dir=\"ltr\" role=\"presentation\"><span tabindex=\"0\">Sc\u00e9naristes. Elle a \u00e9galement r\u00e9cemment co<\/span><\/span><\/span><span id=\"p3R_mc44\" class=\"markedContent\"><span dir=\"ltr\" role=\"presentation\"><span tabindex=\"0\">&#8211;<\/span><\/span><\/span><span id=\"p3R_mc45\" class=\"markedContent\"><span dir=\"ltr\" role=\"presentation\"><span tabindex=\"0\">fond\u00e9 \u00ab Nouvelle S\u00e9quence \u00bb, un collectif de <\/span><\/span><\/span><span id=\"p3R_mc46\" class=\"markedContent\"><span dir=\"ltr\" role=\"presentation\"><span tabindex=\"0\">sc\u00e9naristes professionnel visant \u00e0 promouvoir les th\u00e9matiques environnementales da<\/span><\/span><\/span><span id=\"p3R_mc47\" class=\"markedContent\"><span dir=\"ltr\" role=\"presentation\"><span tabindex=\"0\">ns la <\/span><\/span><\/span><span id=\"p3R_mc48\" class=\"markedContent\"><span dir=\"ltr\" role=\"presentation\"><span tabindex=\"0\">fiction.<\/span><\/span><\/span><span id=\"p3R_mc52\" class=\"markedContent\"><br \/>\n<\/span><\/div>\n<\/div>\n\t\t\t\t\t\t\t\t\t<\/p>\n\t\t\t\t\t\t\t\t<\/div>\n\t\t\t\t\t\t\t<\/div><!-- \/.article__content -->\n\t\t\t\t\t\t<\/div>\n\t\t\t\t\t<\/div>\n\t\t\t\t<\/div>\n\t\t\t\t\t\t\t<div class=\"articles__item\" id=\"item_1959\">\n\t\t\t\t\t<div class=\"article-small article-small--reverse article-small--limit-title-3\">\n\t\t\t\t\t\t<div class=\"article__inner\">\n\t\t\t\t\t\t\t<div class=\"article__image\">\n\t\t\t\t\t\t\t\t<img loading=\"lazy\" decoding=\"async\" sizes=\"auto, (max-width: 300px) 100vw, 300px\" width=\"300\" height=\"169\" src=\"https:\/\/villa-albertine.org\/wp-content\/uploads\/2025\/06\/Louise-Silverio-e1749237939715.png\"\n\t\t\t\t\t\t\t\t\t  class=\"attachment-medium size-medium wp-post-image\">\n\t\t\t\t\t\t\t<\/div>\n\t\t\t\t\t\t\t<div class=\"article__content\">\n\t\t\t\t\t\t\t\t<div class=\"article__head\">\n\t\t\t\t\t\t\t\t\t<h3 style=\"margin-bottom: 0px\">Louise Silverio<\/h3>\n\t\t\t\t\t\t\t\t<\/div><!-- \/.article__head -->\n\t\t\t\t\t\t\t\t<div class=\"article__excerpt\" style=\"display: block\">\n\t\t\t\t\t\t\t\t\t<p>\n\t\t\t\t\t\t\t\t\t\t\t\t\t\t\t\t\t\t\t\t\t\t\t\t\t\t\t\t\t\t\t\t\t\t\t\t\t\t\t\t<br>Belleblue (co-written by Miao Yu, produced by Jericho) \t\t\t\t\t\t\t\t\t<\/p>\n\n\t\t\t\t\t\t\t\t<\/div><!-- \/.article__excerpt -->\n\t\t\t\t\t\t\t\t<a class=\"seemore\" id=\"more1959\" onclick=\"toggleDescs(1959);\">Voir plus<\/a>\n\t\t\t\t\t\t\t\t<div class=\"description\" style=\"display: none;\">\n\t\t\t\t\t\t\t\t\t<p>\n\t\t\t\t\t\t\t\t\t\t<p><span id=\"p3R_mc3\" class=\"markedContent\"><span dir=\"ltr\" role=\"presentation\"><span tabindex=\"0\" data-fui-focus-visible=\"\">Louise Silverio est une sc\u00e9nariste fran\u00e7aise n\u00e9e en 1993. Dipl\u00f4m\u00e9e de SciencesPo Paris, <\/span><\/span><\/span><span id=\"p3R_mc4\" class=\"markedContent\"><span dir=\"ltr\" role=\"presentation\"><span tabindex=\"0\">de la F\u00e9mis<\/span><\/span><\/span><span id=\"p3R_mc5\" class=\"markedContent\"><\/span><span id=\"p3R_mc6\" class=\"markedContent\"> <span dir=\"ltr\" role=\"presentation\"><span tabindex=\"0\">(section production) et du programme d\u2019\u00e9criture s\u00e9rielle<\/span><\/span><\/span><span id=\"p3R_mc7\" class=\"markedContent\"><\/span><span id=\"p3R_mc8\" class=\"markedContent\"> <span dir=\"ltr\" role=\"presentation\"><span tabindex=\"0\">Serial Eyes<\/span><\/span><\/span><span id=\"p3R_mc9\" class=\"markedContent\"><\/span><span id=\"p3R_mc10\" class=\"markedContent\"> <span dir=\"ltr\" role=\"presentation\"><span tabindex=\"0\">(DFFB), <\/span><\/span><\/span><span id=\"p3R_mc11\" class=\"markedContent\"><span dir=\"ltr\" role=\"presentation\"><span tabindex=\"0\">elle vit et travaille \u00e0 Paris. Elle d\u00e9bute sa carri\u00e8re sur des formats courts, en collaboration <\/span><\/span><\/span><span id=\"p3R_mc12\" class=\"markedContent\"><span dir=\"ltr\" role=\"presentation\"><span tabindex=\"0\">avec des artistes fran\u00e7ais et internationaux. <\/span><\/span><\/span><span id=\"p3R_mc13\" class=\"markedContent\"><\/span><span id=\"p3R_mc14\" class=\"markedContent\"><span dir=\"ltr\" role=\"presentation\"><span tabindex=\"0\">Elle a co<\/span><\/span><\/span><span id=\"p3R_mc15\" class=\"markedContent\"><span dir=\"ltr\" role=\"presentation\"><span tabindex=\"0\">&#8211;<\/span><\/span><\/span><span id=\"p3R_mc16\" class=\"markedContent\"><span dir=\"ltr\" role=\"presentation\"><span tabindex=\"0\">\u00e9crit notamment<\/span><\/span><\/span><span id=\"p3R_mc17\" class=\"markedContent\"><\/span><span id=\"p3R_mc18\" class=\"markedContent\"> <span dir=\"ltr\" role=\"presentation\"><span tabindex=\"0\">Happiness<\/span><\/span><\/span><span id=\"p3R_mc19\" class=\"markedContent\"><\/span><span id=\"p3R_mc20\" class=\"markedContent\"> <span dir=\"ltr\" role=\"presentation\"><span tabindex=\"0\">(15&#215;6\u2019, Arte), r\u00e9cit d\u2019apprentissage iranien <\/span><\/span><\/span><span id=\"p3R_mc21\" class=\"markedContent\"><span dir=\"ltr\" role=\"presentation\"><span tabindex=\"0\">s\u00e9lectionn\u00e9 \u00e0 S\u00e9ries Mania 2021;<\/span><\/span><\/span><span id=\"p3R_mc22\" class=\"markedContent\"><\/span><span id=\"p3R_mc23\" class=\"markedContent\"> <span dir=\"ltr\" role=\"presentation\"><span tabindex=\"0\">Ceux qui Rougissent<\/span><\/span><\/span><span id=\"p3R_mc24\" class=\"markedContent\"><\/span><span id=\"p3R_mc25\" class=\"markedContent\"> <span dir=\"ltr\" role=\"presentation\"><span tabindex=\"0\">(8&#215;10\u2019, Arte), prim\u00e9 Meilleure s\u00e9rie <\/span><\/span><\/span><span id=\"p3R_mc26\" class=\"markedContent\"><span dir=\"ltr\" role=\"presentation\"><span tabindex=\"0\">de format court \u00e0 S\u00e9ries Mania 2024; ainsi que la saison 2 d\u2019<\/span><\/span><\/span><span id=\"p3R_mc27\" class=\"markedContent\"><span dir=\"ltr\" role=\"presentation\"><span tabindex=\"0\">Amours Solitaires<\/span><\/span><\/span><span id=\"p3R_mc28\" class=\"markedContent\"><span dir=\"ltr\" role=\"presentation\"><span tabindex=\"0\">,<\/span><\/span><\/span><span id=\"p3R_mc29\" class=\"markedContent\"><\/span><span id=\"p3R_mc30\" class=\"markedContent\"> <span dir=\"ltr\" role=\"presentation\"><span tabindex=\"0\">Lewis &amp; <\/span><\/span><\/span><span id=\"p3R_mc31\" class=\"markedContent\"><span dir=\"ltr\" role=\"presentation\"><span tabindex=\"0\">Noa<\/span><\/span><\/span><span id=\"p3R_mc32\" class=\"markedContent\"><\/span><span id=\"p3R_mc33\" class=\"markedContent\"> <span dir=\"ltr\" role=\"presentation\"><span tabindex=\"0\">(20&#215;3\u2019, Arte \/ France T\u00e9l\u00e9visions), qui a rencontr\u00e9 un large succ\u00e8s public avec plusieurs <\/span><\/span><\/span><span id=\"p3R_mc34\" class=\"markedContent\"><span dir=\"ltr\" role=\"presentation\"><span tabindex=\"0\">millions de vues.<\/span><\/span><\/span><\/p>\n<p><span id=\"p3R_mc35\" class=\"markedContent\"><\/span><span id=\"p3R_mc36\" class=\"markedContent\"><span dir=\"ltr\" role=\"presentation\"><span tabindex=\"0\">Elle d\u00e9veloppe actuellement plusieurs projets :<\/span><\/span><\/span><span id=\"p3R_mc37\" class=\"markedContent\"><\/span><span id=\"p3R_mc38\" class=\"markedContent\"> <span dir=\"ltr\" role=\"presentation\"><span tabindex=\"0\">Flatwar<\/span><\/span><\/span><span id=\"p3R_mc39\" class=\"markedContent\"><span dir=\"ltr\" role=\"presentation\"><span tabindex=\"0\">, court<\/span><\/span><\/span><span id=\"p3R_mc40\" class=\"markedContent\"><span dir=\"ltr\" role=\"presentation\"><span tabindex=\"0\">&#8211;<\/span><\/span><\/span><span id=\"p3R_mc41\" class=\"markedContent\"><span dir=\"ltr\" role=\"presentation\"><span tabindex=\"0\">m\u00e9trage com\u00e9die laur\u00e9at de <\/span><\/span><\/span><span id=\"p3R_mc42\" class=\"markedContent\"><span dir=\"ltr\" role=\"presentation\"><span tabindex=\"0\">la r\u00e9sidence War on Screen ;<\/span><\/span><\/span><span id=\"p3R_mc43\" class=\"markedContent\"><\/span><span id=\"p3R_mc44\" class=\"markedContent\"> <span dir=\"ltr\" role=\"presentation\"><span tabindex=\"0\">Miss Saturne<\/span><\/span><\/span><span id=\"p3R_mc45\" class=\"markedContent\"><span dir=\"ltr\" role=\"presentation\"><span tabindex=\"0\">, s\u00e9rie d\u2019animation pour Arte ; et<\/span><\/span><\/span><span id=\"p3R_mc46\" class=\"markedContent\"><\/span><span id=\"p3R_mc47\" class=\"markedContent\"> <span dir=\"ltr\" role=\"presentation\"><span tabindex=\"0\">Belleblue<\/span><\/span><\/span><span id=\"p3R_mc48\" class=\"markedContent\"><span dir=\"ltr\" role=\"presentation\"><span tabindex=\"0\">, s\u00e9rie <\/span><\/span><\/span><span id=\"p3R_mc49\" class=\"markedContent\"><span dir=\"ltr\" role=\"presentation\"><span tabindex=\"0\">co<\/span><\/span><\/span><span id=\"p3R_mc50\" class=\"markedContent\"><span dir=\"ltr\" role=\"presentation\"><span tabindex=\"0\">&#8211;<\/span><\/span><\/span><span id=\"p3R_mc51\" class=\"markedContent\"><span dir=\"ltr\" role=\"presentation\"><span tabindex=\"0\">\u00e9crite avec Miao Yu, finaliste du Fonds SACD Diversit\u00e9 France T\u00e9l\u00e9visions et laur\u00e9ate de <\/span><\/span><\/span><span id=\"p3R_mc52\" class=\"markedContent\"><span dir=\"ltr\" role=\"presentation\"><span tabindex=\"0\">la bourse T\u00e9l\u00e9vision Beaumarchais.<\/span><\/span><\/span><\/p>\n\t\t\t\t\t\t\t\t\t<\/p>\n\t\t\t\t\t\t\t\t<\/div>\n\t\t\t\t\t\t\t<\/div><!-- \/.article__content -->\n\t\t\t\t\t\t<\/div>\n\t\t\t\t\t<\/div>\n\t\t\t\t<\/div>\n\t\t\t\t\t\t<\/div>\n<\/div>\n<script>\n   function toggleDescs(rand) {\n\t  if (jQuery('#item_' + rand + ' .description').attr(\"style\") == \"display: none;\") {\n\t\t jQuery('#items_2817 .articles__item .description').each(function () {\n\t\t\tjQuery(this).hide(\"slow\");\n\t\t });\n\t\t jQuery('#items_2817 .articles__item a.seemore').each(function () {\n\t\t\tjQuery(this).html(\"Voir plus\");\n\t\t });\n\t\t jQuery('#items_2817 .articles__item').each(function () {\n\t\t\tjQuery(this).removeClass('on');\n\t\t });\n\t\t jQuery('#item_' + rand).addClass(\"on\");\n\t\t jQuery('#item_' + rand + ' .description').show(\"slow\");\n\t\t jQuery('#more' + rand).html(\"See less\");\n\t  } else {\n\t\t jQuery('#item_' + rand + ' .articles__item').removeClass(\"off\");\n\t\t jQuery('#item_' + rand + ' .description').hide(\"slow\");\n\t\t jQuery('#more' + rand).html(\"Voir plus\");\n\t  }\n   }\n<\/script>\n<style>\n   div.articles__item.on .article-small .article__image,\n   .article-small .article__image:hover,\n   .article-small .article__image > img:hover {\n\t  filter: grayscale(0%);\n   }\n\n<\/style>\n","protected":false},"featured_media":4211354,"menu_order":0,"template":"","app_discipline":[283],"app_city_tax":[267,276],"app_professional_category":[301],"app_professional_content_type":[302],"class_list":["post-4212258","app_professional","type-app_professional","status-publish","has-post-thumbnail","hentry","app_discipline-audiovisuel-fr","app_city_tax-la-fr","app_city_tax-toutes-les-villes-fr","app_professional_category-cinema-series-fr","app_professional_content_type-news-fr"],"acf":[],"yoast_head":"<!-- This site is optimized with the Yoast SEO plugin v27.3 - https:\/\/yoast.com\/product\/yoast-seo-wordpress\/ -->\n<title>De Paris \u00e0 Hollywood : Cinq sc\u00e9naristes s\u00e9lectionn\u00e9s pour Boulevard des S\u00e9ries - The Factory 2025\u00a0 - Villa Albertine<\/title>\n<meta name=\"robots\" content=\"index, follow, max-snippet:-1, max-image-preview:large, max-video-preview:-1\" \/>\n<link rel=\"canonical\" href=\"https:\/\/villa-albertine.org\/va\/fr\/professionals\/de-paris-a-hollywood-six-scenaristes-selectionnes-pour-boulevard-des-series-the-factory-2025\/\" \/>\n<meta property=\"og:locale\" content=\"fr_FR\" \/>\n<meta property=\"og:type\" content=\"article\" \/>\n<meta property=\"og:title\" content=\"De Paris \u00e0 Hollywood : Cinq sc\u00e9naristes s\u00e9lectionn\u00e9s pour Boulevard des S\u00e9ries - The Factory 2025\u00a0 - Villa Albertine\" \/>\n<meta property=\"og:description\" content=\"Cette r\u00e9sidence d\u2019\u00e9criture professionnelle se tiendra \u00e0 Los Angeles du 6 au 24 octobre 2025. Pendant trois semaines, les participants b\u00e9n\u00e9ficieront d\u2019un accompagnement personnalis\u00e9, en anglais, par des sp\u00e9cialistes de l\u2019\u00e9criture de s\u00e9ries qui les aideront \u00e0 d\u00e9velopper leur projet. Des \u00e9changes, des rencontres professionnelles et des visites d\u2019institutions locales permettront \u00e9galement aux sc\u00e9naristes fran\u00e7ais...\" \/>\n<meta property=\"og:url\" content=\"https:\/\/villa-albertine.org\/va\/fr\/professionals\/de-paris-a-hollywood-six-scenaristes-selectionnes-pour-boulevard-des-series-the-factory-2025\/\" \/>\n<meta property=\"og:site_name\" content=\"Villa Albertine\" \/>\n<meta property=\"article:modified_time\" content=\"2025-10-15T20:32:10+00:00\" \/>\n<meta property=\"og:image\" content=\"https:\/\/villa-albertine.org\/wp-content\/uploads\/2025\/06\/jake-blucker-8LlJNFLTEm0-unsplash-1-scaled.jpg\" \/>\n\t<meta property=\"og:image:width\" content=\"2560\" \/>\n\t<meta property=\"og:image:height\" content=\"1707\" \/>\n\t<meta property=\"og:image:type\" content=\"image\/jpeg\" \/>\n<meta name=\"twitter:card\" content=\"summary_large_image\" \/>\n<meta name=\"twitter:label1\" content=\"Dur\u00e9e de lecture estim\u00e9e\" \/>\n\t<meta name=\"twitter:data1\" content=\"2 minutes\" \/>\n<script type=\"application\/ld+json\" class=\"yoast-schema-graph\">{\"@context\":\"https:\\\/\\\/schema.org\",\"@graph\":[{\"@type\":\"WebPage\",\"@id\":\"https:\\\/\\\/villa-albertine.org\\\/va\\\/fr\\\/professionals\\\/de-paris-a-hollywood-six-scenaristes-selectionnes-pour-boulevard-des-series-the-factory-2025\\\/\",\"url\":\"https:\\\/\\\/villa-albertine.org\\\/va\\\/fr\\\/professionals\\\/de-paris-a-hollywood-six-scenaristes-selectionnes-pour-boulevard-des-series-the-factory-2025\\\/\",\"name\":\"De Paris \u00e0 Hollywood : Cinq sc\u00e9naristes s\u00e9lectionn\u00e9s pour Boulevard des S\u00e9ries - The Factory 2025\u00a0 - Villa Albertine\",\"isPartOf\":{\"@id\":\"https:\\\/\\\/villa-albertine.org\\\/va\\\/fr\\\/#website\"},\"primaryImageOfPage\":{\"@id\":\"https:\\\/\\\/villa-albertine.org\\\/va\\\/fr\\\/professionals\\\/de-paris-a-hollywood-six-scenaristes-selectionnes-pour-boulevard-des-series-the-factory-2025\\\/#primaryimage\"},\"image\":{\"@id\":\"https:\\\/\\\/villa-albertine.org\\\/va\\\/fr\\\/professionals\\\/de-paris-a-hollywood-six-scenaristes-selectionnes-pour-boulevard-des-series-the-factory-2025\\\/#primaryimage\"},\"thumbnailUrl\":\"https:\\\/\\\/villa-albertine.org\\\/wp-content\\\/uploads\\\/2025\\\/06\\\/jake-blucker-8LlJNFLTEm0-unsplash-1-scaled.jpg\",\"datePublished\":\"2025-06-06T19:44:41+00:00\",\"dateModified\":\"2025-10-15T20:32:10+00:00\",\"breadcrumb\":{\"@id\":\"https:\\\/\\\/villa-albertine.org\\\/va\\\/fr\\\/professionals\\\/de-paris-a-hollywood-six-scenaristes-selectionnes-pour-boulevard-des-series-the-factory-2025\\\/#breadcrumb\"},\"inLanguage\":\"fr-FR\",\"potentialAction\":[{\"@type\":\"ReadAction\",\"target\":[\"https:\\\/\\\/villa-albertine.org\\\/va\\\/fr\\\/professionals\\\/de-paris-a-hollywood-six-scenaristes-selectionnes-pour-boulevard-des-series-the-factory-2025\\\/\"]}]},{\"@type\":\"ImageObject\",\"inLanguage\":\"fr-FR\",\"@id\":\"https:\\\/\\\/villa-albertine.org\\\/va\\\/fr\\\/professionals\\\/de-paris-a-hollywood-six-scenaristes-selectionnes-pour-boulevard-des-series-the-factory-2025\\\/#primaryimage\",\"url\":\"https:\\\/\\\/villa-albertine.org\\\/wp-content\\\/uploads\\\/2025\\\/06\\\/jake-blucker-8LlJNFLTEm0-unsplash-1-scaled.jpg\",\"contentUrl\":\"https:\\\/\\\/villa-albertine.org\\\/wp-content\\\/uploads\\\/2025\\\/06\\\/jake-blucker-8LlJNFLTEm0-unsplash-1-scaled.jpg\",\"width\":2560,\"height\":1707},{\"@type\":\"BreadcrumbList\",\"@id\":\"https:\\\/\\\/villa-albertine.org\\\/va\\\/fr\\\/professionals\\\/de-paris-a-hollywood-six-scenaristes-selectionnes-pour-boulevard-des-series-the-factory-2025\\\/#breadcrumb\",\"itemListElement\":[{\"@type\":\"ListItem\",\"position\":1,\"name\":\"Home\",\"item\":\"https:\\\/\\\/villa-albertine.org\\\/va\\\/fr\\\/home\\\/\"},{\"@type\":\"ListItem\",\"position\":2,\"name\":\"De Paris \u00e0 Hollywood : Cinq sc\u00e9naristes s\u00e9lectionn\u00e9s pour Boulevard des S\u00e9ries &#8211; The Factory 2025\u00a0\"}]},{\"@type\":\"WebSite\",\"@id\":\"https:\\\/\\\/villa-albertine.org\\\/va\\\/fr\\\/#website\",\"url\":\"https:\\\/\\\/villa-albertine.org\\\/va\\\/fr\\\/\",\"name\":\"Villa Albertine\",\"description\":\"\",\"potentialAction\":[{\"@type\":\"SearchAction\",\"target\":{\"@type\":\"EntryPoint\",\"urlTemplate\":\"https:\\\/\\\/villa-albertine.org\\\/va\\\/fr\\\/?s={search_term_string}\"},\"query-input\":{\"@type\":\"PropertyValueSpecification\",\"valueRequired\":true,\"valueName\":\"search_term_string\"}}],\"inLanguage\":\"fr-FR\"}]}<\/script>\n<!-- \/ Yoast SEO plugin. -->","yoast_head_json":{"title":"De Paris \u00e0 Hollywood : Cinq sc\u00e9naristes s\u00e9lectionn\u00e9s pour Boulevard des S\u00e9ries - The Factory 2025\u00a0 - Villa Albertine","robots":{"index":"index","follow":"follow","max-snippet":"max-snippet:-1","max-image-preview":"max-image-preview:large","max-video-preview":"max-video-preview:-1"},"canonical":"https:\/\/villa-albertine.org\/va\/fr\/professionals\/de-paris-a-hollywood-six-scenaristes-selectionnes-pour-boulevard-des-series-the-factory-2025\/","og_locale":"fr_FR","og_type":"article","og_title":"De Paris \u00e0 Hollywood : Cinq sc\u00e9naristes s\u00e9lectionn\u00e9s pour Boulevard des S\u00e9ries - The Factory 2025\u00a0 - Villa Albertine","og_description":"Cette r\u00e9sidence d\u2019\u00e9criture professionnelle se tiendra \u00e0 Los Angeles du 6 au 24 octobre 2025. Pendant trois semaines, les participants b\u00e9n\u00e9ficieront d\u2019un accompagnement personnalis\u00e9, en anglais, par des sp\u00e9cialistes de l\u2019\u00e9criture de s\u00e9ries qui les aideront \u00e0 d\u00e9velopper leur projet. Des \u00e9changes, des rencontres professionnelles et des visites d\u2019institutions locales permettront \u00e9galement aux sc\u00e9naristes fran\u00e7ais...","og_url":"https:\/\/villa-albertine.org\/va\/fr\/professionals\/de-paris-a-hollywood-six-scenaristes-selectionnes-pour-boulevard-des-series-the-factory-2025\/","og_site_name":"Villa Albertine","article_modified_time":"2025-10-15T20:32:10+00:00","og_image":[{"width":2560,"height":1707,"url":"https:\/\/villa-albertine.org\/wp-content\/uploads\/2025\/06\/jake-blucker-8LlJNFLTEm0-unsplash-1-scaled.jpg","type":"image\/jpeg"}],"twitter_card":"summary_large_image","twitter_misc":{"Dur\u00e9e de lecture estim\u00e9e":"2 minutes"},"schema":{"@context":"https:\/\/schema.org","@graph":[{"@type":"WebPage","@id":"https:\/\/villa-albertine.org\/va\/fr\/professionals\/de-paris-a-hollywood-six-scenaristes-selectionnes-pour-boulevard-des-series-the-factory-2025\/","url":"https:\/\/villa-albertine.org\/va\/fr\/professionals\/de-paris-a-hollywood-six-scenaristes-selectionnes-pour-boulevard-des-series-the-factory-2025\/","name":"De Paris \u00e0 Hollywood : Cinq sc\u00e9naristes s\u00e9lectionn\u00e9s pour Boulevard des S\u00e9ries - The Factory 2025\u00a0 - Villa Albertine","isPartOf":{"@id":"https:\/\/villa-albertine.org\/va\/fr\/#website"},"primaryImageOfPage":{"@id":"https:\/\/villa-albertine.org\/va\/fr\/professionals\/de-paris-a-hollywood-six-scenaristes-selectionnes-pour-boulevard-des-series-the-factory-2025\/#primaryimage"},"image":{"@id":"https:\/\/villa-albertine.org\/va\/fr\/professionals\/de-paris-a-hollywood-six-scenaristes-selectionnes-pour-boulevard-des-series-the-factory-2025\/#primaryimage"},"thumbnailUrl":"https:\/\/villa-albertine.org\/wp-content\/uploads\/2025\/06\/jake-blucker-8LlJNFLTEm0-unsplash-1-scaled.jpg","datePublished":"2025-06-06T19:44:41+00:00","dateModified":"2025-10-15T20:32:10+00:00","breadcrumb":{"@id":"https:\/\/villa-albertine.org\/va\/fr\/professionals\/de-paris-a-hollywood-six-scenaristes-selectionnes-pour-boulevard-des-series-the-factory-2025\/#breadcrumb"},"inLanguage":"fr-FR","potentialAction":[{"@type":"ReadAction","target":["https:\/\/villa-albertine.org\/va\/fr\/professionals\/de-paris-a-hollywood-six-scenaristes-selectionnes-pour-boulevard-des-series-the-factory-2025\/"]}]},{"@type":"ImageObject","inLanguage":"fr-FR","@id":"https:\/\/villa-albertine.org\/va\/fr\/professionals\/de-paris-a-hollywood-six-scenaristes-selectionnes-pour-boulevard-des-series-the-factory-2025\/#primaryimage","url":"https:\/\/villa-albertine.org\/wp-content\/uploads\/2025\/06\/jake-blucker-8LlJNFLTEm0-unsplash-1-scaled.jpg","contentUrl":"https:\/\/villa-albertine.org\/wp-content\/uploads\/2025\/06\/jake-blucker-8LlJNFLTEm0-unsplash-1-scaled.jpg","width":2560,"height":1707},{"@type":"BreadcrumbList","@id":"https:\/\/villa-albertine.org\/va\/fr\/professionals\/de-paris-a-hollywood-six-scenaristes-selectionnes-pour-boulevard-des-series-the-factory-2025\/#breadcrumb","itemListElement":[{"@type":"ListItem","position":1,"name":"Home","item":"https:\/\/villa-albertine.org\/va\/fr\/home\/"},{"@type":"ListItem","position":2,"name":"De Paris \u00e0 Hollywood : Cinq sc\u00e9naristes s\u00e9lectionn\u00e9s pour Boulevard des S\u00e9ries &#8211; The Factory 2025\u00a0"}]},{"@type":"WebSite","@id":"https:\/\/villa-albertine.org\/va\/fr\/#website","url":"https:\/\/villa-albertine.org\/va\/fr\/","name":"Villa Albertine","description":"","potentialAction":[{"@type":"SearchAction","target":{"@type":"EntryPoint","urlTemplate":"https:\/\/villa-albertine.org\/va\/fr\/?s={search_term_string}"},"query-input":{"@type":"PropertyValueSpecification","valueRequired":true,"valueName":"search_term_string"}}],"inLanguage":"fr-FR"}]}},"_links":{"self":[{"href":"https:\/\/villa-albertine.org\/va\/fr\/wp-json\/wp\/v2\/app_professional\/4212258","targetHints":{"allow":["GET"]}}],"collection":[{"href":"https:\/\/villa-albertine.org\/va\/fr\/wp-json\/wp\/v2\/app_professional"}],"about":[{"href":"https:\/\/villa-albertine.org\/va\/fr\/wp-json\/wp\/v2\/types\/app_professional"}],"wp:featuredmedia":[{"embeddable":true,"href":"https:\/\/villa-albertine.org\/va\/fr\/wp-json\/wp\/v2\/media\/4211354"}],"wp:attachment":[{"href":"https:\/\/villa-albertine.org\/va\/fr\/wp-json\/wp\/v2\/media?parent=4212258"}],"wp:term":[{"taxonomy":"app_discipline","embeddable":true,"href":"https:\/\/villa-albertine.org\/va\/fr\/wp-json\/wp\/v2\/app_discipline?post=4212258"},{"taxonomy":"app_city_tax","embeddable":true,"href":"https:\/\/villa-albertine.org\/va\/fr\/wp-json\/wp\/v2\/app_city_tax?post=4212258"},{"taxonomy":"app_professional_category","embeddable":true,"href":"https:\/\/villa-albertine.org\/va\/fr\/wp-json\/wp\/v2\/app_professional_category?post=4212258"},{"taxonomy":"app_professional_content_type","embeddable":true,"href":"https:\/\/villa-albertine.org\/va\/fr\/wp-json\/wp\/v2\/app_professional_content_type?post=4212258"}],"curies":[{"name":"wp","href":"https:\/\/api.w.org\/{rel}","templated":true}]}}