{"id":3843197,"date":"2025-05-12T14:59:43","date_gmt":"2025-05-12T14:59:43","guid":{"rendered":"https:\/\/villa-albertine.org\/va\/professionals\/appel-a-candidatures-programme-dimmersion-professionnelle-a-los-angeles-pour-des-designers-avec-une-pratique-eco-responsable\/"},"modified":"2025-05-14T16:48:43","modified_gmt":"2025-05-14T16:48:43","slug":"appel-a-candidatures-programme-dimmersion-professionnelle-a-los-angeles-pour-des-designers-avec-une-pratique-eco-responsable","status":"publish","type":"app_professional","link":"https:\/\/villa-albertine.org\/va\/fr\/professionals\/appel-a-candidatures-programme-dimmersion-professionnelle-a-los-angeles-pour-des-designers-avec-une-pratique-eco-responsable\/","title":{"rendered":"Appel \u00e0 candidatures &#8211; Oui Design! Los Angeles"},"content":{"rendered":"\n<p>En partenariat avec le Laboratoire des pratiques durables des Manufactures Nationales \u2013 Mobilier National &amp; S\u00e8vres, la Villa Albertine lance un appel \u00e0 candidatures pour un programme d\u2019immersion professionnelle de dix jours \u00e0 Los Angeles et dans le d\u00e9sert, destin\u00e9 \u00e0 des designers fran\u00e7ais d\u00e9veloppant des projets autour de mat\u00e9riaux innovants, de pratiques durables\u00a0 et de technologie de pointe. Ce programme vise \u00e0 connecter les cr\u00e9ateurs fran\u00e7ais avec les \u00e9cosyst\u00e8mes professionnels de la Californie du Sud.<br>\u00a0<br><strong><strong>Programme<\/strong><\/strong><br>\u00a0<br>Le s\u00e9jour, pr\u00e9vu du 11 au 22 novembre 2025 (trajets en avion inclus), comprendra :<\/p>\n\n\n\n<ul class=\"wp-block-list\">\n<li>Un <strong>programme de rencontres <\/strong>avec des institutionnels, curateurs, architectes, designers, entrepreneurs, galeristes et acteurs universitaires, incluant la d\u00e9couverte de sites iconiques ;\u00a0\u00a0<\/li>\n\n\n\n<li>La <strong>visite de laboratoires de pointe<\/strong> sp\u00e9cialis\u00e9s dans l\u2019innovation mati\u00e8re, la production durable et les nouvelles technologies ;\u00a0<\/li>\n\n\n\n<li>Une conf\u00e9rence au sein d\u2019une institution culturelle <strong>pr\u00e9sentant le travail et les recherches des participants<\/strong> ;\u00a0\u00a0<\/li>\n\n\n\n<li>Un <strong>\u00e9v\u00e9nement de lancement<\/strong> rassemblant un public de professionnels prescripteurs ;\u00a0<\/li>\n\n\n\n<li>Un <strong>accompagnement personnalis\u00e9 <\/strong>afin de saisir au mieux les dynamiques cr\u00e9atives de la C\u00f4te Ouest.\u00a0<\/li>\n<\/ul>\n\n\n\n<p><strong><strong>Prise en charge<\/strong><\/strong><br>La Villa Albertine prendra en charge :<\/p>\n\n\n\n<ul class=\"wp-block-list\">\n<li>Le voyage aller-retour France \u2013 Los Angeles,<\/li>\n\n\n\n<li>L\u2019h\u00e9bergement, les repas et transports.<\/li>\n<\/ul>\n\n\n\n<p><strong><strong><strong>Crit\u00e8res de s\u00e9lection<\/strong><\/strong><\/strong><\/p>\n\n\n\n<p>Le programme est ouvert aux candidat.e.s r\u00e9pondant aux crit\u00e8res suivants :<\/p>\n\n\n\n<ul class=\"wp-block-list\">\n<li>Designer de <strong>moins de 45 ans<\/strong>, exer\u00e7ant son activit\u00e9 \u00e0 titre professionnel depuis <strong>au moins 5 ans<\/strong> ;<\/li>\n\n\n\n<li><strong>De nationalit\u00e9 fran\u00e7aise<\/strong> ou r\u00e9sidant\/exer\u00e7ant en France depuis <strong>au moins 5 ans<\/strong> ;\u00a0<\/li>\n\n\n\n<li>D\u00e9veloppant une <strong>recherche appliqu\u00e9e ou un projet concret<\/strong> en lien avec des mat\u00e9riaux durables ou des innovations de production dans le champ du design ;<\/li>\n\n\n\n<li>Justifiant d\u2019une <strong>bonne ma\u00eetrise de l\u2019anglais<\/strong>.<\/li>\n<\/ul>\n\n\n\n<p><strong><strong><strong>Dossier de candidature<\/strong><\/strong><\/strong><\/p>\n\n\n\n<p>Les candidat.e.s doivent soumettre les \u00e9l\u00e9ments suivants via <a href=\"https:\/\/forms.office.com\/r\/e2iynrHCCB\" target=\"_blank\" rel=\"noreferrer noopener\">ce formulaire<\/a> :<\/p>\n\n\n\n<ul class=\"wp-block-list\">\n<li>Une <strong>lettre de motivation<\/strong>, expliquant l\u2019int\u00e9r\u00eat de cette immersion au regard de leur parcours, leur d\u00e9marche \u00e9co-responsable, et leurs objectifs aux \u00c9tats-Unis ;\u00a0<\/li>\n\n\n\n<li>Une <strong>courte biographie<\/strong> (1500 caract\u00e8res) ;<\/li>\n\n\n\n<li>Un <strong>portfolio de travaux<\/strong> ;<\/li>\n\n\n\n<li>Une <strong>vid\u00e9o de 2 minutes<\/strong>, pr\u00e9sentant le candidat et t\u00e9moignant de son aisance \u00e0 communiquer <strong>en anglais<\/strong> ;<\/li>\n\n\n\n<li>Une <strong>copie d\u2019un passeport valide<\/strong> (au moins 4 mois apr\u00e8s la date de retour) ;<\/li>\n\n\n\n<li>Un <strong>justificatif de num\u00e9ro SIRET<\/strong>.<\/li>\n<\/ul>\n\n\n\n<p>Les candidatures seront \u00e9valu\u00e9es par un jury franco-am\u00e9ricain ind\u00e9pendant, compos\u00e9 de professionnels du design, de l\u2019innovation et de la recherche, selon la qualit\u00e9 du projet, son potentiel de d\u00e9veloppement \u00e9conomique, sa pertinence pour la sc\u00e8ne californienne, et la motivation du candidat.<\/p>\n\n\n\n<p><strong><strong>Calendrier<\/strong><\/strong><\/p>\n\n\n\n<ul class=\"wp-block-list\">\n<li><strong>Lancement de l\u2019appel \u00e0 candidatures<\/strong> : 14 mai 2025<\/li>\n\n\n\n<li><strong>Cl\u00f4ture des candidatures<\/strong> : 14 juin 2025 \u00e0 23h59 (heure fran\u00e7aise)<\/li>\n\n\n\n<li><strong>S\u00e9lection par le jury<\/strong> : Fin juin 2025<\/li>\n\n\n\n<li><strong>Annonce des laur\u00e9ats<\/strong> : Juillet 2025<\/li>\n<\/ul>\n\n\n\n<p><em>Ce programme b\u00e9n\u00e9ficie du soutien des Manufactures nationales, de la Fondation Bettencourt Schueller, de l\u2019Institut fran\u00e7ais et de Lionel et Ariane Sauvage. \u00a0<\/em><\/p>\n\n\n\n<p>Pour toute question en amont de votre d\u00e9p\u00f4t de candidature, merci de contacter :<\/p>\n\n\n\n<p>Zo\u00e9 Appy, Charg\u00e9e de mission Design et m\u00e9tiers d\u2019art<br><a href=\"mailto:zoe.appy@villa-albertine.org\" target=\"_blank\" rel=\"noreferrer noopener\">zoe.appy@villa-albertine.org<\/a>\u00a0<\/p>\n\n\n\n<p>Oc\u00e9ane Arnaud, Attach\u00e9e culturelle \u00e0 Los Angeles\u00a0<br><a href=\"mailto:oceane.arnaud@villa-albertine.org\" target=\"_blank\" rel=\"noreferrer noopener\">oceane.arnaud@villa-albertine.org<\/a>\u00a0<\/p>\n","protected":false},"featured_media":3883151,"menu_order":0,"template":"","app_discipline":[279],"app_city_tax":[267,276],"app_professional_category":[],"app_professional_content_type":[302],"class_list":["post-3843197","app_professional","type-app_professional","status-publish","has-post-thumbnail","hentry","app_discipline-design-metiers-dart-fr","app_city_tax-la-fr","app_city_tax-toutes-les-villes-fr","app_professional_content_type-news-fr"],"acf":[],"yoast_head":"<!-- This site is optimized with the Yoast SEO plugin v27.3 - https:\/\/yoast.com\/product\/yoast-seo-wordpress\/ -->\n<title>Appel \u00e0 candidatures - Oui Design! Los Angeles - Villa Albertine<\/title>\n<meta name=\"robots\" content=\"index, follow, max-snippet:-1, max-image-preview:large, max-video-preview:-1\" \/>\n<link rel=\"canonical\" href=\"https:\/\/villa-albertine.org\/va\/fr\/professionals\/appel-a-candidatures-programme-dimmersion-professionnelle-a-los-angeles-pour-des-designers-avec-une-pratique-eco-responsable\/\" \/>\n<meta property=\"og:locale\" content=\"fr_FR\" \/>\n<meta property=\"og:type\" content=\"article\" \/>\n<meta property=\"og:title\" content=\"Appel \u00e0 candidatures - Oui Design! Los Angeles - Villa Albertine\" \/>\n<meta property=\"og:description\" content=\"En partenariat avec le Laboratoire des pratiques durables des Manufactures Nationales \u2013 Mobilier National &amp; S\u00e8vres, la Villa Albertine lance un appel \u00e0 candidatures pour un programme d\u2019immersion professionnelle de dix jours \u00e0 Los Angeles et dans le d\u00e9sert, destin\u00e9 \u00e0 des designers fran\u00e7ais d\u00e9veloppant des projets autour de mat\u00e9riaux innovants, de pratiques durables\u00a0 et...\" \/>\n<meta property=\"og:url\" content=\"https:\/\/villa-albertine.org\/va\/fr\/professionals\/appel-a-candidatures-programme-dimmersion-professionnelle-a-los-angeles-pour-des-designers-avec-une-pratique-eco-responsable\/\" \/>\n<meta property=\"og:site_name\" content=\"Villa Albertine\" \/>\n<meta property=\"article:modified_time\" content=\"2025-05-14T16:48:43+00:00\" \/>\n<meta property=\"og:image\" content=\"https:\/\/villa-albertine.org\/wp-content\/uploads\/2025\/05\/SutherlinSanto_01.jpg\" \/>\n\t<meta property=\"og:image:width\" content=\"1920\" \/>\n\t<meta property=\"og:image:height\" content=\"1080\" \/>\n\t<meta property=\"og:image:type\" content=\"image\/jpeg\" \/>\n<meta name=\"twitter:card\" content=\"summary_large_image\" \/>\n<meta name=\"twitter:label1\" content=\"Dur\u00e9e de lecture estim\u00e9e\" \/>\n\t<meta name=\"twitter:data1\" content=\"3 minutes\" \/>\n<script type=\"application\/ld+json\" class=\"yoast-schema-graph\">{\"@context\":\"https:\\\/\\\/schema.org\",\"@graph\":[{\"@type\":\"WebPage\",\"@id\":\"https:\\\/\\\/villa-albertine.org\\\/va\\\/fr\\\/professionals\\\/appel-a-candidatures-programme-dimmersion-professionnelle-a-los-angeles-pour-des-designers-avec-une-pratique-eco-responsable\\\/\",\"url\":\"https:\\\/\\\/villa-albertine.org\\\/va\\\/fr\\\/professionals\\\/appel-a-candidatures-programme-dimmersion-professionnelle-a-los-angeles-pour-des-designers-avec-une-pratique-eco-responsable\\\/\",\"name\":\"Appel \u00e0 candidatures - Oui Design! Los Angeles - Villa Albertine\",\"isPartOf\":{\"@id\":\"https:\\\/\\\/villa-albertine.org\\\/va\\\/fr\\\/#website\"},\"primaryImageOfPage\":{\"@id\":\"https:\\\/\\\/villa-albertine.org\\\/va\\\/fr\\\/professionals\\\/appel-a-candidatures-programme-dimmersion-professionnelle-a-los-angeles-pour-des-designers-avec-une-pratique-eco-responsable\\\/#primaryimage\"},\"image\":{\"@id\":\"https:\\\/\\\/villa-albertine.org\\\/va\\\/fr\\\/professionals\\\/appel-a-candidatures-programme-dimmersion-professionnelle-a-los-angeles-pour-des-designers-avec-une-pratique-eco-responsable\\\/#primaryimage\"},\"thumbnailUrl\":\"https:\\\/\\\/villa-albertine.org\\\/wp-content\\\/uploads\\\/2025\\\/05\\\/SutherlinSanto_01.jpg\",\"datePublished\":\"2025-05-12T14:59:43+00:00\",\"dateModified\":\"2025-05-14T16:48:43+00:00\",\"breadcrumb\":{\"@id\":\"https:\\\/\\\/villa-albertine.org\\\/va\\\/fr\\\/professionals\\\/appel-a-candidatures-programme-dimmersion-professionnelle-a-los-angeles-pour-des-designers-avec-une-pratique-eco-responsable\\\/#breadcrumb\"},\"inLanguage\":\"fr-FR\",\"potentialAction\":[{\"@type\":\"ReadAction\",\"target\":[\"https:\\\/\\\/villa-albertine.org\\\/va\\\/fr\\\/professionals\\\/appel-a-candidatures-programme-dimmersion-professionnelle-a-los-angeles-pour-des-designers-avec-une-pratique-eco-responsable\\\/\"]}]},{\"@type\":\"ImageObject\",\"inLanguage\":\"fr-FR\",\"@id\":\"https:\\\/\\\/villa-albertine.org\\\/va\\\/fr\\\/professionals\\\/appel-a-candidatures-programme-dimmersion-professionnelle-a-los-angeles-pour-des-designers-avec-une-pratique-eco-responsable\\\/#primaryimage\",\"url\":\"https:\\\/\\\/villa-albertine.org\\\/wp-content\\\/uploads\\\/2025\\\/05\\\/SutherlinSanto_01.jpg\",\"contentUrl\":\"https:\\\/\\\/villa-albertine.org\\\/wp-content\\\/uploads\\\/2025\\\/05\\\/SutherlinSanto_01.jpg\",\"width\":1920,\"height\":1080},{\"@type\":\"BreadcrumbList\",\"@id\":\"https:\\\/\\\/villa-albertine.org\\\/va\\\/fr\\\/professionals\\\/appel-a-candidatures-programme-dimmersion-professionnelle-a-los-angeles-pour-des-designers-avec-une-pratique-eco-responsable\\\/#breadcrumb\",\"itemListElement\":[{\"@type\":\"ListItem\",\"position\":1,\"name\":\"Home\",\"item\":\"https:\\\/\\\/villa-albertine.org\\\/va\\\/fr\\\/home\\\/\"},{\"@type\":\"ListItem\",\"position\":2,\"name\":\"Appel \u00e0 candidatures &#8211; Oui Design! Los Angeles\"}]},{\"@type\":\"WebSite\",\"@id\":\"https:\\\/\\\/villa-albertine.org\\\/va\\\/fr\\\/#website\",\"url\":\"https:\\\/\\\/villa-albertine.org\\\/va\\\/fr\\\/\",\"name\":\"Villa Albertine\",\"description\":\"\",\"potentialAction\":[{\"@type\":\"SearchAction\",\"target\":{\"@type\":\"EntryPoint\",\"urlTemplate\":\"https:\\\/\\\/villa-albertine.org\\\/va\\\/fr\\\/?s={search_term_string}\"},\"query-input\":{\"@type\":\"PropertyValueSpecification\",\"valueRequired\":true,\"valueName\":\"search_term_string\"}}],\"inLanguage\":\"fr-FR\"}]}<\/script>\n<!-- \/ Yoast SEO plugin. -->","yoast_head_json":{"title":"Appel \u00e0 candidatures - Oui Design! Los Angeles - Villa Albertine","robots":{"index":"index","follow":"follow","max-snippet":"max-snippet:-1","max-image-preview":"max-image-preview:large","max-video-preview":"max-video-preview:-1"},"canonical":"https:\/\/villa-albertine.org\/va\/fr\/professionals\/appel-a-candidatures-programme-dimmersion-professionnelle-a-los-angeles-pour-des-designers-avec-une-pratique-eco-responsable\/","og_locale":"fr_FR","og_type":"article","og_title":"Appel \u00e0 candidatures - Oui Design! Los Angeles - Villa Albertine","og_description":"En partenariat avec le Laboratoire des pratiques durables des Manufactures Nationales \u2013 Mobilier National &amp; S\u00e8vres, la Villa Albertine lance un appel \u00e0 candidatures pour un programme d\u2019immersion professionnelle de dix jours \u00e0 Los Angeles et dans le d\u00e9sert, destin\u00e9 \u00e0 des designers fran\u00e7ais d\u00e9veloppant des projets autour de mat\u00e9riaux innovants, de pratiques durables\u00a0 et...","og_url":"https:\/\/villa-albertine.org\/va\/fr\/professionals\/appel-a-candidatures-programme-dimmersion-professionnelle-a-los-angeles-pour-des-designers-avec-une-pratique-eco-responsable\/","og_site_name":"Villa Albertine","article_modified_time":"2025-05-14T16:48:43+00:00","og_image":[{"width":1920,"height":1080,"url":"https:\/\/villa-albertine.org\/wp-content\/uploads\/2025\/05\/SutherlinSanto_01.jpg","type":"image\/jpeg"}],"twitter_card":"summary_large_image","twitter_misc":{"Dur\u00e9e de lecture estim\u00e9e":"3 minutes"},"schema":{"@context":"https:\/\/schema.org","@graph":[{"@type":"WebPage","@id":"https:\/\/villa-albertine.org\/va\/fr\/professionals\/appel-a-candidatures-programme-dimmersion-professionnelle-a-los-angeles-pour-des-designers-avec-une-pratique-eco-responsable\/","url":"https:\/\/villa-albertine.org\/va\/fr\/professionals\/appel-a-candidatures-programme-dimmersion-professionnelle-a-los-angeles-pour-des-designers-avec-une-pratique-eco-responsable\/","name":"Appel \u00e0 candidatures - Oui Design! Los Angeles - Villa Albertine","isPartOf":{"@id":"https:\/\/villa-albertine.org\/va\/fr\/#website"},"primaryImageOfPage":{"@id":"https:\/\/villa-albertine.org\/va\/fr\/professionals\/appel-a-candidatures-programme-dimmersion-professionnelle-a-los-angeles-pour-des-designers-avec-une-pratique-eco-responsable\/#primaryimage"},"image":{"@id":"https:\/\/villa-albertine.org\/va\/fr\/professionals\/appel-a-candidatures-programme-dimmersion-professionnelle-a-los-angeles-pour-des-designers-avec-une-pratique-eco-responsable\/#primaryimage"},"thumbnailUrl":"https:\/\/villa-albertine.org\/wp-content\/uploads\/2025\/05\/SutherlinSanto_01.jpg","datePublished":"2025-05-12T14:59:43+00:00","dateModified":"2025-05-14T16:48:43+00:00","breadcrumb":{"@id":"https:\/\/villa-albertine.org\/va\/fr\/professionals\/appel-a-candidatures-programme-dimmersion-professionnelle-a-los-angeles-pour-des-designers-avec-une-pratique-eco-responsable\/#breadcrumb"},"inLanguage":"fr-FR","potentialAction":[{"@type":"ReadAction","target":["https:\/\/villa-albertine.org\/va\/fr\/professionals\/appel-a-candidatures-programme-dimmersion-professionnelle-a-los-angeles-pour-des-designers-avec-une-pratique-eco-responsable\/"]}]},{"@type":"ImageObject","inLanguage":"fr-FR","@id":"https:\/\/villa-albertine.org\/va\/fr\/professionals\/appel-a-candidatures-programme-dimmersion-professionnelle-a-los-angeles-pour-des-designers-avec-une-pratique-eco-responsable\/#primaryimage","url":"https:\/\/villa-albertine.org\/wp-content\/uploads\/2025\/05\/SutherlinSanto_01.jpg","contentUrl":"https:\/\/villa-albertine.org\/wp-content\/uploads\/2025\/05\/SutherlinSanto_01.jpg","width":1920,"height":1080},{"@type":"BreadcrumbList","@id":"https:\/\/villa-albertine.org\/va\/fr\/professionals\/appel-a-candidatures-programme-dimmersion-professionnelle-a-los-angeles-pour-des-designers-avec-une-pratique-eco-responsable\/#breadcrumb","itemListElement":[{"@type":"ListItem","position":1,"name":"Home","item":"https:\/\/villa-albertine.org\/va\/fr\/home\/"},{"@type":"ListItem","position":2,"name":"Appel \u00e0 candidatures &#8211; Oui Design! Los Angeles"}]},{"@type":"WebSite","@id":"https:\/\/villa-albertine.org\/va\/fr\/#website","url":"https:\/\/villa-albertine.org\/va\/fr\/","name":"Villa Albertine","description":"","potentialAction":[{"@type":"SearchAction","target":{"@type":"EntryPoint","urlTemplate":"https:\/\/villa-albertine.org\/va\/fr\/?s={search_term_string}"},"query-input":{"@type":"PropertyValueSpecification","valueRequired":true,"valueName":"search_term_string"}}],"inLanguage":"fr-FR"}]}},"_links":{"self":[{"href":"https:\/\/villa-albertine.org\/va\/fr\/wp-json\/wp\/v2\/app_professional\/3843197","targetHints":{"allow":["GET"]}}],"collection":[{"href":"https:\/\/villa-albertine.org\/va\/fr\/wp-json\/wp\/v2\/app_professional"}],"about":[{"href":"https:\/\/villa-albertine.org\/va\/fr\/wp-json\/wp\/v2\/types\/app_professional"}],"wp:featuredmedia":[{"embeddable":true,"href":"https:\/\/villa-albertine.org\/va\/fr\/wp-json\/wp\/v2\/media\/3883151"}],"wp:attachment":[{"href":"https:\/\/villa-albertine.org\/va\/fr\/wp-json\/wp\/v2\/media?parent=3843197"}],"wp:term":[{"taxonomy":"app_discipline","embeddable":true,"href":"https:\/\/villa-albertine.org\/va\/fr\/wp-json\/wp\/v2\/app_discipline?post=3843197"},{"taxonomy":"app_city_tax","embeddable":true,"href":"https:\/\/villa-albertine.org\/va\/fr\/wp-json\/wp\/v2\/app_city_tax?post=3843197"},{"taxonomy":"app_professional_category","embeddable":true,"href":"https:\/\/villa-albertine.org\/va\/fr\/wp-json\/wp\/v2\/app_professional_category?post=3843197"},{"taxonomy":"app_professional_content_type","embeddable":true,"href":"https:\/\/villa-albertine.org\/va\/fr\/wp-json\/wp\/v2\/app_professional_content_type?post=3843197"}],"curies":[{"name":"wp","href":"https:\/\/api.w.org\/{rel}","templated":true}]}}