{"id":372369,"date":"2023-11-22T00:16:19","date_gmt":"2023-11-22T00:16:19","guid":{"rendered":"https:\/\/villa-albertine.org\/?post_type=app_professional&#038;p=372369"},"modified":"2024-05-02T13:22:28","modified_gmt":"2024-05-02T13:22:28","slug":"appel-candidatures-residences-2025","status":"publish","type":"app_professional","link":"https:\/\/villa-albertine.org\/va\/fr\/professionals\/appel-candidatures-residences-2025\/","title":{"rendered":"Appel \u00e0 candidatures de la Villa Albertine\u00a0: r\u00e9sidences 2025"},"content":{"rendered":"\n<h5 class=\"wp-block-heading\">L\u2019appel \u00e0 candidatures pour les r\u00e9sidences 2025 de la Villa Albertine est ouvert jusqu\u2019au 1<sup>er <\/sup>f\u00e9vrier 2024. <\/h5>\n\n\n\n<h5 class=\"wp-block-heading\">De janvier \u00e0 d\u00e9cembre 2025, la Villa Albertine accompagnera une cinquantaine de r\u00e9sidences d\u2019exploration, d\u2019une dur\u00e9e comprise entre un et trois mois, dans l\u2019ensemble des \u00c9tats-Unis. Ces r\u00e9sidences seront, en majorit\u00e9, ancr\u00e9es dans une ville, et itin\u00e9rantes pour quelques-unes.<\/h5>\n\n\n\n<p>\u00c0 travers ce format de r\u00e9sidence d\u2019exploration, la Villa Albertine invite \u00e0 explorer un territoire et \u00e0 en rencontrer les acteurs afin de nourrir une r\u00e9flexion artistique ou intellectuelle originale, qui ne pourrait se d\u00e9ployer autrement. Une telle r\u00e9sidence ne se con\u00e7oit pas comme un travail en chambre, mais comme une enqu\u00eate de terrain qui inspire et cr\u00e9e des liens. Le projet men\u00e9 peut \u00eatre soit une proposition nouvelle, sp\u00e9cifiquement pens\u00e9e pour la Villa Albertine, soit en continuit\u00e9 avec une recherche pr\u00e9existant \u00e0 la venue du r\u00e9sident aux \u00c9tats-Unis. Dans les deux cas, c\u2019est le rapport du projet au territoire qui en fait l\u2019int\u00e9r\u00eat. Ainsi, rencontres, visites et \u00e9v\u00e8nements viennent nourrir le travail men\u00e9 par le r\u00e9sident. La r\u00e9sidence d\u2019exploration produit des \u00e9changes, des collaborations pour l\u2019avenir. Elle permet d\u2019affiner une d\u00e9marche, d\u2019approfondir une r\u00e9flexion. Si elle peut faire l\u2019objet d\u2019une restitution, sous une forme \u00e0 pr\u00e9ciser, son d\u00e9roulement n\u2019est pas centr\u00e9 sur un livrable sp\u00e9cifique, notamment mat\u00e9riel, comme ce serait le cas pour une r\u00e9sidence de production.<\/p>\n\n\n\n<p>Ce programme est con\u00e7u et conduit par la Villa Albertine, institution de la France aux \u00c9tats-Unis au service des arts et des id\u00e9es cr\u00e9\u00e9e par le Minist\u00e8re de l\u2019Europe et des Affaires \u00e9trang\u00e8res avec le soutien du Minist\u00e8re de la culture.<\/p>\n\n\n\n<p>Ce programme b\u00e9n\u00e9ficie du soutien de Soci\u00e9t\u00e9 G\u00e9n\u00e9rale, grand m\u00e9c\u00e8ne des r\u00e9sidences de la Villa Albertine, ainsi que de la Fondation Ford, de la Fondation Bettencourt Schueller, de la Fondation Recanati-Kaplan et de la Fondation Louis Roederer, et de m\u00e9c\u00e8nes individuels.<\/p>\n\n\n\n<p><\/p>\n\n\n\n<h4 class=\"wp-block-heading\">Profils et projets recherch\u00e9s<\/h4>\n\n\n\n<p>La Villa Albertine s\u2019adresse \u00e0 des cr\u00e9ateurs, chercheurs ou professionnels de la culture portant un projet de recherche original, dans les domaines des arts ou des id\u00e9es, qui n\u00e9cessite un s\u00e9jour d\u2019immersion aux \u00c9tats-Unis. Ce projet pr\u00e9sentera un lien avec les enjeux du territoire explor\u00e9 et sera \u00e0 m\u00eame de susciter un dialogue actif avec les acteurs locaux rencontr\u00e9s.<\/p>\n\n\n\n<p>Les disciplines et champs professionnels consid\u00e9r\u00e9s peuvent \u00eatre, de mani\u00e8re non exhaustive, les suivants&nbsp;: arts visuels, architecture, arts de la sc\u00e8ne, arts de la rue, musique (\u00e0 l\u2019exclusion des candidats couverts par l\u2019appel \u00e0 candidatures \u00ab&nbsp;<ins><a href=\"http:\/\/villa-albertine.org\/fr\/professionals\/appel-a-candidatures-residences-musique-classique\/\">Musique Classique<\/a><\/ins>&nbsp;\u00bb, d\u00e9di\u00e9 aux compositeurs, chanteurs, instrumentistes classiques et femmes cheffes d\u2019orchestre), cin\u00e9ma, s\u00e9ries, litt\u00e9rature, bande dessin\u00e9e, litt\u00e9rature de jeunesse, recherche en sciences humaines et sociales, mus\u00e9ologie, patrimoine, histoire de l\u2019art, cr\u00e9ation num\u00e9rique (exp\u00e9riences immersives, jeu vid\u00e9o et autres formes de cr\u00e9ation li\u00e9es aux nouvelles technologies, y compris l\u2019intelligence artificielle et la r\u00e9alit\u00e9 virtuelle), podcast, arts culinaires, etc. Les projets pluridisciplinaires sont \u00e9galement les bienvenus.&nbsp;<\/p>\n\n\n\n<p>La Villa Albertine privil\u00e9gie les candidatures individuelles. Cependant, les candidatures en duo ou en trio, qui justifient la pr\u00e9sence de plusieurs personnes engag\u00e9es dans un travail collectif, artistique ou intellectuel, sont accept\u00e9es.<\/p>\n\n\n\n<p>L\u2019appel n\u2019est pas r\u00e9serv\u00e9 aux Fran\u00e7ais ou francophones mais ouvert \u00e0 tout cr\u00e9ateur, chercheur ou professionnel de la culture qui respecte les crit\u00e8res d\u2019\u00e9ligibilit\u00e9 mentionn\u00e9s ci-dessous, notamment celui d\u2019\u00eatre soutenu par un partenaire fran\u00e7ais.&nbsp;<\/p>\n\n\n\n<p><em><u>NB<\/u><\/em><em>:<\/em><br><em>Pour des raisons sp\u00e9cifiques aux accompagnements propos\u00e9s, les disciplines M\u00e9tiers d\u2019Art et Design et Musique classique font l\u2019objet d\u2019appels \u00e0 candidatures s\u00e9par\u00e9s. Les candidats relevant de ces disciplines sont invit\u00e9s \u00e0 se reporter aux liens suivants :<\/em><\/p>\n\n\n\n<ul class=\"wp-block-list\">\n<li><a href=\"https:\/\/villa-albertine.org\/fr\/professionals\/appel-candidatures-metiers-dart-ou-design-2025\/\"><em>M\u00e9tiers d\u2019art et Design<\/em><\/a><em> <\/em><em><\/em><\/li>\n\n\n\n<li><a href=\"http:\/\/villa-albertine.org\/fr\/professionals\/appel-a-candidatures-residences-musique-classique\/\"><em>Musique classique<\/em><\/a><em><\/em><\/li>\n<\/ul>\n\n\n\n<p><\/p>\n\n\n\n<h4 class=\"wp-block-heading\">10 antennes pour accompagner des r\u00e9sidences ancr\u00e9es dans un territoire<\/h4>\n\n\n\n<figure class=\"wp-block-image size-large is-resized\"><img loading=\"lazy\" decoding=\"async\" width=\"1024\" height=\"714\" src=\"https:\/\/villa-albertine.org\/wp-content\/uploads\/2023\/11\/CARTE-CIRCONSCRIPTIONS-1024x714.jpg\" alt=\"\" class=\"wp-image-372407\" style=\"width:614px;height:auto\" srcset=\"https:\/\/villa-albertine.org\/wp-content\/uploads\/2023\/11\/CARTE-CIRCONSCRIPTIONS-1024x714.jpg 1024w, https:\/\/villa-albertine.org\/wp-content\/uploads\/2023\/11\/CARTE-CIRCONSCRIPTIONS-300x209.jpg 300w, https:\/\/villa-albertine.org\/wp-content\/uploads\/2023\/11\/CARTE-CIRCONSCRIPTIONS-768x535.jpg 768w, https:\/\/villa-albertine.org\/wp-content\/uploads\/2023\/11\/CARTE-CIRCONSCRIPTIONS-1536x1071.jpg 1536w, https:\/\/villa-albertine.org\/wp-content\/uploads\/2023\/11\/CARTE-CIRCONSCRIPTIONS-2048x1428.jpg 2048w\" sizes=\"auto, (max-width: 1024px) 100vw, 1024px\" \/><\/figure>\n\n\n\n<p><a href=\"https:\/\/frenchcultural.sharepoint.com\/:b:\/s\/VILLAALBERTINE\/Ef2SwiBd4PVKv4m84NdEK-YBErgX_GNmrDOWm9UQ42m_Gg?e=9KtLKg\"><em>Carte accessible en cliquant sur ce lien.<\/em><\/a><em><\/em><\/p>\n\n\n\n<p>Les candidats sont invit\u00e9s \u00e0 proposer une r\u00e9sidence ancr\u00e9e dans une ville ou un territoire des \u00c9tats-Unis. Ils peuvent choisir l\u2019une des dix villes o\u00f9 la Villa dispose d\u2019une antenne permanente (<a href=\"https:\/\/villa-albertine.org\/fr\/map\/atlanta\/\">Atlanta<\/a>, <a href=\"https:\/\/villa-albertine.org\/fr\/map\/boston\/\">Boston<\/a>, <a href=\"https:\/\/villa-albertine.org\/fr\/map\/chicago\/\">Chicago<\/a>, <a href=\"https:\/\/villa-albertine.org\/fr\/map\/houston\/\">Houston<\/a>, <a href=\"https:\/\/villa-albertine.org\/fr\/map\/los-angeles\/\">Los Angeles<\/a>, <a href=\"https:\/\/villa-albertine.org\/fr\/map\/miami\/\">Miami<\/a>, <a href=\"https:\/\/villa-albertine.org\/fr\/map\/new-york-city\/\">New York<\/a>, <a href=\"https:\/\/villa-albertine.org\/fr\/map\/new-orleans\/\">La Nouvelle-Orl\u00e9ans<\/a>, <a href=\"https:\/\/villa-albertine.org\/fr\/map\/san-francisco\/\">San Francisco<\/a> et <a href=\"https:\/\/villa-albertine.org\/fr\/map\/washington-dc\/\">Washington DC<\/a>) ou une autre ville ou &nbsp;territoire.<\/p>\n\n\n\n<p>Les candidats peuvent \u00e9galement proposer une r\u00e9sidence itin\u00e9rante, \u00e0 savoir une r\u00e9sidence en plusieurs \u00e9tapes dans diff\u00e9rentes r\u00e9gions ou villes des \u00c9tats-Unis. Il est cependant \u00e0 noter qu\u2019un nombre tr\u00e8s limit\u00e9 de projets itin\u00e9rants sera retenu.<\/p>\n\n\n\n<p>Le candidat devra inscrire sa r\u00e9sidence dans un territoire qui fait sens au regard des th\u00e9matiques qu&rsquo;il souhaite explorer. Ils seront accompagn\u00e9s par l\u2019antenne de la Villa Albertine dont d\u00e9pend le territoire concern\u00e9. \u00c0 titre d\u2019exemple, une r\u00e9sidence qui serait effectu\u00e9e \u00e0 Seattle d\u00e9pendra de la Villa Albertine \u00e0 San Francisco. &nbsp;<\/p>\n\n\n\n<p><\/p>\n\n\n\n<h4 class=\"wp-block-heading\">Accompagnement de la Villa<\/h4>\n\n\n\n<p>La Villa Albertine s\u2019efforce d\u2019apporter, outre une multiplicit\u00e9 de lieux de r\u00e9sidence possibles, un accompagnement individualis\u00e9 \u00e0 chaque r\u00e9sident.<\/p>\n\n\n\n<p>Cet accompagnement repose sur la mobilisation d\u2019une \u00e9quipe de 80 personnes <a>r\u00e9parties<\/a> dans 10 villes, ainsi que sur la syst\u00e9matisation de partenariats avec des structures fran\u00e7aises et am\u00e9ricaines pour que le r\u00e9sident soit d\u2019embl\u00e9e ins\u00e9r\u00e9 dans un \u00e9cosyst\u00e8me acc\u00e9l\u00e9rateur de rencontres, de d\u00e9couvertes, de questionnements. Un programme de rendez-vous et de visites sera \u00e9tabli pour chaque r\u00e9sident, selon son projet et ses besoins. L\u2019antenne de la Villa concern\u00e9e accompagnera le r\u00e9sident en mettant \u00e0 sa disposition sa connaissance experte de la sc\u00e8ne artistique et culturelle locale et son r\u00e9seau de partenaires.<\/p>\n\n\n\n<p>La Villa Albertine accompagnera \u00e9galement le r\u00e9sident dans l\u2019analyse des besoins mat\u00e9riels et logistiques n\u00e9cessaires \u00e0 la bonne r\u00e9alisation de son projet, et organisera sa venue et son s\u00e9jour. Elle couvrira&nbsp;les&nbsp;frais de&nbsp;d\u00e9placement et de&nbsp;s\u00e9jour&nbsp;aff\u00e9rents \u00e0 la r\u00e9sidence, \u00e0 savoir :&nbsp;&nbsp;<\/p>\n\n\n\n<ul class=\"wp-block-list\">\n<li>une&nbsp;allocation de r\u00e9sidence, permettant de couvrir les frais du quotidien (repas, transports locaux&#8230;).&nbsp;\u00c0 titre indicatif, cette allocation est de $110 par jour \u00e0 New York&nbsp;;<\/li>\n\n\n\n<li>les&nbsp;voyages internationaux et \u00e9ventuellement int\u00e9rieurs&nbsp;;<\/li>\n\n\n\n<li>le&nbsp;logement&nbsp;;<\/li>\n\n\n\n<li>la&nbsp;location d\u2019une voiture (dans des villes tr\u00e8s \u00e9tendues ou si le projet le n\u00e9cessite)&nbsp;;<\/li>\n\n\n\n<li>l\u2019assurance&nbsp;sant\u00e9,&nbsp;responsabilit\u00e9 civile et rapatriement.<\/li>\n<\/ul>\n\n\n\n<p>La Villa Albertine ne peut s\u2019engager \u00e0 couvrir d\u2019autres d\u00e9penses que les frais de d\u00e9placement et de s\u00e9jour mentionn\u00e9s ci-avant. Si le candidat identifie des besoins sp\u00e9cifiques (mat\u00e9riel technique, espace de travail\u2026), des solutions doivent \u00eatre pr\u00e9sent\u00e9es par ses soins pour d\u00e9montrer la viabilit\u00e9 du projet (partenariats, soutiens financiers compl\u00e9mentaires).<\/p>\n\n\n\n<p>Le cadre d\u2019accueil de la Villa Albertine invite \u00e0 privil\u00e9gier des r\u00e9sidences sans accompagnant (famille ou autre proche qui ne serait pas partie prenante au projet). Dans le cas o\u00f9 cet accompagnement serait n\u00e9cessaire (notamment parent avec enfant(s) \u00e0 charge), une telle situation serait prise en compte dans l\u2019organisation de la r\u00e9sidence en recherchant un logement adapt\u00e9.<\/p>\n\n\n\n<p><\/p>\n\n\n\n<h4 class=\"wp-block-heading\">Partenaire fran\u00e7ais<\/h4>\n\n\n\n<p>Il est demand\u00e9 \u00e0 chaque candidat d\u2019associer un partenaire fran\u00e7ais, bas\u00e9 en France, \u00e0 son projet de r\u00e9sidence. Selon les cas, ce soutien peut \u00eatre de trois ordres&nbsp;:<\/p>\n\n\n\n<ul class=\"wp-block-list\">\n<li>conception du projet de r\u00e9sidence : aide \u00e0 la r\u00e9daction du projet de r\u00e9sidence, identification de ressources et contacts qui pourraient aider le candidat, etc. ;<\/li>\n\n\n\n<li>promotion de la r\u00e9sidence : communication sur les r\u00e9seaux sociaux, r\u00e9alisation de contenus autour de la r\u00e9sidence (articles, podcasts, vid\u00e9os, etc.)&nbsp;;<\/li>\n\n\n\n<li>r\u00e9alisation d&rsquo;un volet post-r\u00e9sidence&nbsp;: temps de restitution en France du travail men\u00e9 aux \u00c9tats-Unis (conf\u00e9rence, rencontre avec des professionnels, etc.), aide au d\u00e9veloppement du projet artistique ou intellectuel.<\/li>\n<\/ul>\n\n\n\n<p>Il n\u2019est pas demand\u00e9 aux partenaires de contribuer financi\u00e8rement \u00e0 la r\u00e9sidence.<\/p>\n\n\n\n<p>Pour les candidats qui n\u2019ont pas de s\u00e9curit\u00e9 sociale fran\u00e7aise et pour les candidats non fran\u00e7ais vivant hors des pays \u00e9ligibles au \u00ab&nbsp;Visa Waiver Program&nbsp;\u00bb, le partenaire fran\u00e7ais devra \u00eatre en mesure de signer une convention avec la Villa Albertine afin d\u2019assurer la gestion administrative de la r\u00e9sidence et les d\u00e9marches n\u00e9cessaires \u00e0 l\u2019entr\u00e9e du r\u00e9sident aux \u00c9tats-Unis.<\/p>\n\n\n\n<p>Toute structure publique ou priv\u00e9e, de droit fran\u00e7ais et implant\u00e9e en France, peut \u00eatre partenaire.<\/p>\n\n\n\n<p>Pour les artistes, cette structure ne peut pas \u00eatre une organisation que le candidat dirigerait ou qu\u2019il aurait cr\u00e9\u00e9e. Il doit s\u2019agir d\u2019un partenaire distinct.<\/p>\n\n\n\n<p>Pour les chercheurs et les professionnels de la culture, cette structure ne peut pas \u00eatre une organisation que le candidat dirigerait ou qu\u2019il aurait cr\u00e9\u00e9e mais il peut s\u2019agir de la structure dont le candidat est salari\u00e9.<\/p>\n\n\n\n<p>Outre ce partenaire principal, le candidat peut \u00e9galement appuyer sa candidature sur d\u2019autres partenaires fran\u00e7ais, ainsi que sur des structures am\u00e9ricaines susceptibles d\u2019aider au d\u00e9veloppement du projet (mises en relation, allocation d\u2019un espace de travail, etc.).&nbsp;<\/p>\n\n\n\n<p><\/p>\n\n\n\n<h4 class=\"wp-block-heading\">Crit\u00e8res de s\u00e9lection<\/h4>\n\n\n\n<p>Au titre des <strong>crit\u00e8res d\u2019\u00e9ligibilit\u00e9<\/strong>, les candidats doivent justifier :<\/p>\n\n\n\n<ul class=\"wp-block-list\">\n<li>de la pratique professionnelle de leur activit\u00e9 dans les champs de la cr\u00e9ation artistique et intellectuelle, \u00e0 travers l&rsquo;envoi d&rsquo;un dossier de pr\u00e9sentation de leur parcours et de leur travail de moins de 10 pages ;&nbsp;<\/li>\n\n\n\n<li>d\u2019une pratique courante de l\u2019anglais, \u00e0 travers l\u2019envoi d\u2019une courte vid\u00e9o de pr\u00e9sentation de leur parcours et de leur projet en 3 minutes maximum (il n\u2019est pas attendu de montage, mais une simple vid\u00e9o tourn\u00e9e face cam\u00e9ra ; le candidat ne doit pas lire un texte) ;<\/li>\n\n\n\n<li>de l\u2019association d\u2019un partenaire fran\u00e7ais au projet de r\u00e9sidence, soit toute structure publique ou priv\u00e9e fran\u00e7aise bas\u00e9e en France (institution culturelle, association, maison d\u2019\u00e9dition, entreprise dans le secteur des industries cr\u00e9atives et culturelles, etc.), qui doit faire part de son int\u00e9r\u00eat pour accompagner le candidat par un courrier adress\u00e9 \u00e0 Judith Roze, directrice adjointe de la Villa Albertine.<\/li>\n<\/ul>\n\n\n\n<p>Le candidat devra \u00eatre \u00e2g\u00e9 de plus de 21 ans avant la date de d\u00e9part envisag\u00e9e en r\u00e9sidence.<\/p>\n\n\n\n<p>Au titre des <strong>crit\u00e8res d\u2019appr\u00e9ciation d\u2019une candidature<\/strong>, sont retenus&nbsp;:<\/p>\n\n\n\n<ul class=\"wp-block-list\">\n<li>la qualit\u00e9 du parcours du candidat&nbsp;: le candidat exerce sa pratique artistique ou intellectuelle \u00e0 titre professionnel, il est reconnu par ses pairs, son projet pour la Villa s\u2019inscrit dans une suite logique par rapport \u00e0 son travail&nbsp;; &nbsp;<\/li>\n\n\n\n<li>la qualit\u00e9 du projet&nbsp;: le projet est clair et les axes artistiques, culturels, intellectuels qu\u2019il d\u00e9veloppe sont pertinents et pr\u00e9sentent un lien fort avec l\u2019\u00e9cosyst\u00e8me du lieu de r\u00e9sidence&nbsp;;<\/li>\n<\/ul>\n\n\n\n<ul class=\"wp-block-list\">\n<li>la pertinence du projet par rapport au territoire consid\u00e9r\u00e9&nbsp;: le projet pr\u00e9sente un lien fort avec les dynamiques et enjeux locaux, il n\u00e9cessite la venue du candidat aux \u00c9tats-Unis ;<\/li>\n\n\n\n<li>la faisabilit\u00e9 du projet&nbsp;: la Villa se r\u00e9serve le droit de ne pas accueillir des projets qu\u2019elle ne serait pas en mesure d\u2019accompagner.&nbsp;&nbsp;<\/li>\n<\/ul>\n\n\n\n<p>Par ailleurs, le candidat doit pouvoir s\u2019adapter aux \u00e9ventuelles contraintes du territoire o\u00f9 il envisage une r\u00e9sidence. Par exemple, il est fortement recommand\u00e9 de d\u00e9tenir le permis de conduire pour r\u00e9sider dans des villes \u00e9tendues comme Los Angeles.<\/p>\n\n\n\n<p><\/p>\n\n\n\n<h4 class=\"wp-block-heading\">Processus de candidature<\/h4>\n\n\n\n<p><strong>Les candidatures sont \u00e0 d\u00e9poser&nbsp;d\u2019ici le 1<sup>er<\/sup> f\u00e9vrier 2024 \u00e0 23h59, heure fran\u00e7aise en compl\u00e9tant le formulaire sur la plateforme d\u00e9di\u00e9e via ce lien<\/strong> :<\/p>\n\n\n\n<p class=\"has-vivid-cyan-blue-color has-text-color has-link-color has-large-font-size wp-elements-86dcf4c43fa354779cacc1f6ecff264b\"><strong><a href=\"https:\/\/villaalbertinecallforapplication.wiin.io\/fr\/applications\/appel-a-candidatures-de-la-villa-albertine-saison-2025\" data-type=\"link\" data-id=\"https:\/\/villaalbertinecallforapplication.wiin.io\/fr\/applications\/appel-a-candidatures-de-la-villa-albertine-saison-2025\">Postulez ici<\/a><\/strong><\/p>\n\n\n\n<p><\/p>\n\n\n\n<p>Il est fortement recommand\u00e9 de ne pas attendre cette date, afin d&rsquo;\u00e9viter un \u00e9ventuel engorgement de la plateforme.<\/p>\n\n\n\n<p>Un candidat ne peut d\u00e9poser qu&rsquo;une seule candidature pour cet appel.<\/p>\n\n\n\n<p>Il est possible de compl\u00e9ter le formulaire en plusieurs fois et de modifier une candidature avant envoi jusqu\u2019\u00e0 la date de cl\u00f4ture de l\u2019appel. Une fois envoy\u00e9e, la candidature n\u2019est plus modifiable.<\/p>\n\n\n\n<p>Pour les candidatures qui justifient la participation de plusieurs personnes, une seule candidature doit \u00eatre d\u00e9pos\u00e9e. Chaque participant devra se pr\u00e9senter \u00e0 travers le m\u00eame formulaire.<\/p>\n\n\n\n<p>Les candidatures \u00e9tant examin\u00e9es y compris par des experts anglophones, le candidat doit r\u00e9pondre en anglais aux questions du formulaire qui n\u00e9cessitent une r\u00e9daction.&nbsp;<\/p>\n\n\n\n<p>Le candidat est invit\u00e9 \u00e0 mentionner le territoire et la dur\u00e9e souhait\u00e9s pour la r\u00e9sidence (un, deux ou trois mois). La Villa se r\u00e9serve le droit de proposer une dur\u00e9e de r\u00e9sidence plus courte que celle souhait\u00e9e initialement par le candidat, ou un itin\u00e9raire adapt\u00e9 pour rendre le projet r\u00e9alisable.<\/p>\n\n\n\n<p>Toute candidature incompl\u00e8te ou non conforme sera d\u00e9clar\u00e9e irrecevable.&nbsp;Toute d\u00e9claration mensong\u00e8re entra\u00eenera de plein droit l\u2019annulation de la candidature.<\/p>\n\n\n\n<p>Les candidatures seront analys\u00e9es en trois temps. Apr\u00e8s un examen par des experts des disciplines concern\u00e9es, puis par un jury local qui, dans chaque ville o\u00f9 est implant\u00e9e la Villa, jugera de la pertinence du projet par rapport au territoire vis\u00e9, la s\u00e9lection finale sera op\u00e9r\u00e9e par un jury r\u00e9unissant des personnalit\u00e9s qualifi\u00e9es fran\u00e7aises et am\u00e9ricaines.<\/p>\n\n\n\n<p>Le jury de la Villa Albertine est souverain. Il n&rsquo;a pas \u00e0 justifier ses d\u00e9cisions aupr\u00e8s des candidats.<\/p>\n\n\n\n<p>Les laur\u00e9ats seront annonc\u00e9s le 12 juin 2024.<\/p>\n\n\n\n<p><\/p>\n\n\n\n<h4 class=\"wp-block-heading\">Nos appels en cours<\/h4>\n\n\n\n<p>Parall\u00e8lement \u00e0 cet appel g\u00e9n\u00e9ral, la Villa Albertine lance deux appels \u00e0 candidatures pour des r\u00e9sidences relevant de disciplines sp\u00e9cifiques en 2025 :<\/p>\n\n\n\n<ul class=\"wp-block-list\">\n<li><a href=\"https:\/\/villa-albertine.org\/fr\/professionals\/appel-candidatures-metiers-dart-ou-design-2025\/\">Appel m\u00e9tiers d\u2019arts et design<\/a> [ouvert du 22 novembre 2023 au 1<sup>er<\/sup> f\u00e9vrier 2024, pour une r\u00e9sidence d\u2019un \u00e0 trois mois au cours de l\u2019ann\u00e9e 2025]<\/li>\n\n\n\n<li><a href=\"http:\/\/villa-albertine.org\/fr\/professionals\/appel-a-candidatures-residences-musique-classique\/\">Appel musique classique<\/a> [ouvert du 22 novembre 2023 au 1<sup>er<\/sup> f\u00e9vrier 2024, pour une r\u00e9sidence d\u2019un \u00e0 trois mois au cours de l\u2019ann\u00e9e 2025]<\/li>\n<\/ul>\n\n\n\n<p>Pour m\u00e9moire, deux autres appels sp\u00e9cifiques sont actuellement ouverts pour des r\u00e9sidences au cours de l\u2019ann\u00e9e 2024 :<\/p>\n\n\n\n<ul class=\"wp-block-list\">\n<li>Appel <a href=\"https:\/\/villa-albertine.org\/fr\/professionals\/appel-a-candidatures-prix-recanati-kaplan\/\">Recanati-Kaplan<\/a> [ouvert du 13 novembre 2023 au 31 d\u00e9cembre 2023, pour une r\u00e9sidence de 2 mois \u00e0 l\u2019automne 2024]<\/li>\n\n\n\n<li>Appel \u00ab&nbsp;<a href=\"https:\/\/villa-albertine.org\/fr\/professionals\/habiter-le-desert-appel-a-candidatures-pour-une-residence-collective-a-marfa-texas\/\">Habiter le d\u00e9sert<\/a>&nbsp;\u00bb, pour un r\u00e9sidence collective \u00e0 Marfa, Texas [ouvert du 13 novembre 2023 au 31 d\u00e9cembre 2023, pour une r\u00e9sidence d\u2019un mois \u00e0 l\u2019automne 2024]<\/li>\n<\/ul>\n\n\n\n<p><\/p>\n\n\n\n<h2 class=\"wp-block-heading\">Foire aux questions<\/h2>\n\n\n\n<p><strong>Le r\u00e9sident per\u00e7oit-il une r\u00e9mun\u00e9ration ?&nbsp;&nbsp;<\/strong><br>La Villa Albertine d\u00e9pend du minist\u00e8re de l&rsquo;Europe et des Affaires \u00e9trang\u00e8res et, \u00e0 ce titre, peut verser des allocations de r\u00e9sidence. Ajust\u00e9es suivant le co\u00fbt de la vie dans les villes concern\u00e9es, elles seront \u00e0 titre d&rsquo;exemple de $110 par jour \u00e0 New York, soit $3 300 par mois, les frais d&rsquo;h\u00e9bergement \u00e9tant pris en charge par ailleurs.<\/p>\n\n\n\n<p><strong>J\u2019aimerais d\u00e9velopper un projet dans un autre territoire que les 10 villes o\u00f9 est implant\u00e9e la Villa. Est-ce possible ?<\/strong><br>Oui. Merci de pr\u00e9ciser la ville ou les villes consid\u00e9r\u00e9e(s) dans le formulaire.<\/p>\n\n\n\n<p><strong>Y a-t-il des quotas par ville&nbsp;ou type de r\u00e9sidence ?<\/strong><br>La capacit\u00e9 d\u2019accueil de la Villa d\u00e9pend d\u2019abord des \u00e9quipes dont elle dispose sur le territoire am\u00e9ricain, qui se r\u00e9partissent dans 10 villes et sont coordonn\u00e9es depuis New York. A cet \u00e9gard, elle est en mesure d\u2019accueillir en moyenne chaque ann\u00e9e environ 6 \u00e0 8 r\u00e9sidents \u00e0 New York, 3 dans chaque autre ville, ainsi que quelques r\u00e9sidents \u00ab\u00a0itin\u00e9rants\u201d. Compte tenu du grand nombre de candidats potentiels pour une ville comme New York, il est recommand\u00e9 de consid\u00e9rer diff\u00e9rentes options possibles pour votre projet.<\/p>\n\n\n\n<p>Dans tous les cas, le choix de la ville (ou des villes pour une r\u00e9sidence itin\u00e9rante) devra faire l\u2019objet d\u2019une argumentation sp\u00e9cifique.<\/p>\n\n\n\n<p>Vous pouvez consulter <a href=\"https:\/\/frenchcultural.sharepoint.com\/:b:\/s\/VILLAALBERTINE\/EdLWPJYIQQ1Gl71MgL2R0K0BlNvkjL4lNjaLtcxH-pnfjg?e=8U8HPo\">le rapport du jury<\/a> qui comporte des statistiques sur les projets re\u00e7us lors de l\u2019appel de la saison 2024.&nbsp;<\/p>\n\n\n\n<p><strong>Puis-je venir accompagn\u00e9(e) ?<\/strong><br>Seul l\u2019individu qui a d\u00e9pos\u00e9 une candidature pourra venir en r\u00e9sidence, \u00e0 l\u2019exception des candidatures soumises par des duos ou des trios quand le travail artistique ou intellectuel le justifie. N\u00e9anmoins, si la venue d\u2019un membre de la famille ou d\u2019un aidant est n\u00e9cessaire, la Villa Albertine accompagnera le r\u00e9sident pour la r\u00e9servation d\u2019un logement adapt\u00e9.<\/p>\n\n\n\n<p><strong>J\u2019habite aux \u00c9tats-Unis, est-ce que je peux candidater ?<\/strong><br>Si un partenaire fran\u00e7ais soutient votre candidature et que vous r\u00e9pondez aux autres crit\u00e8res d\u2019\u00e9ligibilit\u00e9, vous pouvez r\u00e9pondre \u00e0 l\u2019appel. Vous devrez justifier en quoi l\u2019accompagnement de la Villa Albertine peut vous aider \u00e0 conduire un projet sur un territoire sp\u00e9cifique, dans un pays o\u00f9 vous r\u00e9sidez d\u00e9j\u00e0.<\/p>\n\n\n\n<p><strong>Puis-je r\u00e9aliser la r\u00e9sidence en plusieurs s\u00e9jours&nbsp;?<\/strong><br>La Villa propose des r\u00e9sidences pour un s\u00e9jour unique. Seules des raisons imp\u00e9rieuses (famille, sant\u00e9) peuvent amener \u00e0 \u00e9tudier la possibilit\u00e9 d\u2019une r\u00e9sidence en deux s\u00e9jours.<\/p>\n\n\n\n<p><strong>Si je souhaite aller dans plusieurs villes qui d\u00e9pendent de la m\u00eame antenne de la Villa Albertine (par exemple Los Angeles et Las Vegas), est-ce consid\u00e9r\u00e9 comme une r\u00e9sidence itin\u00e9rante ?<\/strong><br>Oui, \u00e0 partir du moment o\u00f9 la r\u00e9sidence ne s\u2019effectue pas dans un lieu fixe, elle est consid\u00e9r\u00e9e comme itin\u00e9rante.<\/p>\n\n\n\n<p><strong>Combien de personnes ont candidat\u00e9 l\u2019an dernier ? Combien en avez-vous retenues ?<\/strong><br>Pour les statistiques et informations sur l\u2019analyse des candidatures de l\u2019appel pour 2024, merci de vous reporter au <a href=\"https:\/\/frenchcultural.sharepoint.com\/:b:\/s\/VILLAALBERTINE\/EdLWPJYIQQ1Gl71MgL2R0K0BlNvkjL4lNjaLtcxH-pnfjg?e=8U8HPo\">rapport du jury<\/a>.<\/p>\n\n\n\n<p><strong>Une structure du r\u00e9seau culturel fran\u00e7ais bas\u00e9e hors de France (ex. Alliance fran\u00e7aise, Institut fran\u00e7ais)&nbsp;peut-elle \u00eatre le partenaire fran\u00e7ais de ma candidature&nbsp;?<\/strong><br>Non, la structure fran\u00e7aise partenaire doit \u00eatre bas\u00e9e en France.<\/p>\n\n\n\n<p><strong>Je suis artisan d\u2019art et\/ou designer et souhaite d\u00e9poser mon dossier pour une r\u00e9sidence 2025 avec la Villa Albertine. A quel appel dois-je r\u00e9pondre&nbsp;?<\/strong><br>Vous devez remplir votre formulaire sur l\u2019appel th\u00e9matique M\u00e9tiers d\u2019art et Design via ce <a href=\"https:\/\/villa-albertine.org\/fr\/professionals\/appel-candidatures-metiers-dart-ou-design-2025\/\">lien<\/a>.<\/p>\n\n\n\n<p><strong>Je suis musicien(ne) ou professionnel(le) dans le domaine de la musique classique et je souhaite d\u00e9poser mon dossier pour une r\u00e9sidence 2025 avec la Villa Albertine. A quel appel dois-je r\u00e9pondre&nbsp;?<\/strong><br>Vous devez remplir votre formulaire sur l\u2019appel th\u00e9matique Musique classique via ce <a href=\"http:\/\/villa-albertine.org\/fr\/professionals\/appel-a-candidatures-residences-musique-classique\/\">lien<\/a>.<\/p>\n\n\n\n<p><strong>Une autre question&nbsp;?<\/strong><br>Contactez\u202fcandidatures@villa-albertine.org &nbsp;<\/p>\n\n\n\n<p>La Villa Albertine organise une session de pr\u00e9sentation de l\u2019appel (en fran\u00e7ais) le 7 d\u00e9cembre 2023 \u00e0 18h (heure de Paris) sur Zoom. <a href=\"https:\/\/us06web.zoom.us\/j\/87220420731\" data-type=\"link\" data-id=\"https:\/\/us06web.zoom.us\/j\/87220420731\">Inscrivez-vous\u202fen cliquant ici.<\/a>&nbsp;&nbsp;<\/p>\n","protected":false},"featured_media":374754,"menu_order":0,"template":"","app_discipline":[277,275,265,283,278,266,261,352,263,280,281,376,377,282,284],"app_city_tax":[276],"app_professional_category":[303,301,299,308,304,307],"app_professional_content_type":[302,305],"class_list":["post-372369","app_professional","type-app_professional","status-publish","has-post-thumbnail","hentry","app_discipline-architecture-fr","app_discipline-arts-de-la-scene-fr","app_discipline-arts-visuels-fr","app_discipline-audiovisuel-fr","app_discipline-bande-dessinee-fr","app_discipline-cinema-fr","app_discipline-creation-numerique-fr","app_discipline-gastronomie","app_discipline-litterature-fr","app_discipline-musees-fr","app_discipline-musique-fr","app_discipline-paysagisme","app_discipline-poetry-fr","app_discipline-sciences-humaines-et-sociales-fr","app_discipline-toutes-disciplines-fr","app_city_tax-toutes-les-villes-fr","app_professional_category-arts-de-la-scene-fr","app_professional_category-cinema-series-fr","app_professional_category-creation-numerique-fr","app_professional_category-livres-idees-fr","app_professional_category-musees-patrimoine-fr","app_professional_category-musique-fr","app_professional_content_type-news-fr","app_professional_content_type-grants_programs-fr"],"acf":[],"yoast_head":"<!-- This site is optimized with the Yoast SEO plugin v27.3 - https:\/\/yoast.com\/product\/yoast-seo-wordpress\/ -->\n<title>Appel \u00e0 candidatures de la Villa Albertine\u00a0: r\u00e9sidences 2025 - Villa Albertine<\/title>\n<meta name=\"robots\" content=\"index, follow, max-snippet:-1, max-image-preview:large, max-video-preview:-1\" \/>\n<link rel=\"canonical\" href=\"https:\/\/villa-albertine.org\/va\/fr\/professionals\/appel-candidatures-residences-2025\/\" \/>\n<meta property=\"og:locale\" content=\"fr_FR\" \/>\n<meta property=\"og:type\" content=\"article\" \/>\n<meta property=\"og:title\" content=\"Appel \u00e0 candidatures de la Villa Albertine\u00a0: r\u00e9sidences 2025 - Villa Albertine\" \/>\n<meta property=\"og:description\" content=\"L\u2019appel \u00e0 candidatures pour les r\u00e9sidences 2025 de la Villa Albertine est ouvert jusqu\u2019au 1er f\u00e9vrier 2024. De janvier \u00e0 d\u00e9cembre 2025, la Villa Albertine accompagnera une cinquantaine de r\u00e9sidences d\u2019exploration, d\u2019une dur\u00e9e comprise entre un et trois mois, dans l\u2019ensemble des \u00c9tats-Unis. Ces r\u00e9sidences seront, en majorit\u00e9, ancr\u00e9es dans une ville, et itin\u00e9rantes pour...\" \/>\n<meta property=\"og:url\" content=\"https:\/\/villa-albertine.org\/va\/fr\/professionals\/appel-candidatures-residences-2025\/\" \/>\n<meta property=\"og:site_name\" content=\"Villa Albertine\" \/>\n<meta property=\"article:modified_time\" content=\"2024-05-02T13:22:28+00:00\" \/>\n<meta property=\"og:image\" content=\"https:\/\/villa-albertine.org\/wp-content\/uploads\/2023\/11\/VA25_935450-300DPI-1-scaled.jpg\" \/>\n\t<meta property=\"og:image:width\" content=\"2560\" \/>\n\t<meta property=\"og:image:height\" content=\"1232\" \/>\n\t<meta property=\"og:image:type\" content=\"image\/jpeg\" \/>\n<meta name=\"twitter:card\" content=\"summary_large_image\" \/>\n<meta name=\"twitter:label1\" content=\"Dur\u00e9e de lecture estim\u00e9e\" \/>\n\t<meta name=\"twitter:data1\" content=\"16 minutes\" \/>\n<script type=\"application\/ld+json\" class=\"yoast-schema-graph\">{\"@context\":\"https:\\\/\\\/schema.org\",\"@graph\":[{\"@type\":\"WebPage\",\"@id\":\"https:\\\/\\\/villa-albertine.org\\\/va\\\/fr\\\/professionals\\\/appel-candidatures-residences-2025\\\/\",\"url\":\"https:\\\/\\\/villa-albertine.org\\\/va\\\/fr\\\/professionals\\\/appel-candidatures-residences-2025\\\/\",\"name\":\"Appel \u00e0 candidatures de la Villa Albertine\u00a0: r\u00e9sidences 2025 - Villa Albertine\",\"isPartOf\":{\"@id\":\"https:\\\/\\\/villa-albertine.org\\\/va\\\/fr\\\/#website\"},\"primaryImageOfPage\":{\"@id\":\"https:\\\/\\\/villa-albertine.org\\\/va\\\/fr\\\/professionals\\\/appel-candidatures-residences-2025\\\/#primaryimage\"},\"image\":{\"@id\":\"https:\\\/\\\/villa-albertine.org\\\/va\\\/fr\\\/professionals\\\/appel-candidatures-residences-2025\\\/#primaryimage\"},\"thumbnailUrl\":\"https:\\\/\\\/villa-albertine.org\\\/wp-content\\\/uploads\\\/2023\\\/11\\\/VA25_935450-300DPI-1-scaled.jpg\",\"datePublished\":\"2023-11-22T00:16:19+00:00\",\"dateModified\":\"2024-05-02T13:22:28+00:00\",\"breadcrumb\":{\"@id\":\"https:\\\/\\\/villa-albertine.org\\\/va\\\/fr\\\/professionals\\\/appel-candidatures-residences-2025\\\/#breadcrumb\"},\"inLanguage\":\"fr-FR\",\"potentialAction\":[{\"@type\":\"ReadAction\",\"target\":[\"https:\\\/\\\/villa-albertine.org\\\/va\\\/fr\\\/professionals\\\/appel-candidatures-residences-2025\\\/\"]}]},{\"@type\":\"ImageObject\",\"inLanguage\":\"fr-FR\",\"@id\":\"https:\\\/\\\/villa-albertine.org\\\/va\\\/fr\\\/professionals\\\/appel-candidatures-residences-2025\\\/#primaryimage\",\"url\":\"https:\\\/\\\/villa-albertine.org\\\/wp-content\\\/uploads\\\/2023\\\/11\\\/VA25_935450-300DPI-1-scaled.jpg\",\"contentUrl\":\"https:\\\/\\\/villa-albertine.org\\\/wp-content\\\/uploads\\\/2023\\\/11\\\/VA25_935450-300DPI-1-scaled.jpg\",\"width\":2560,\"height\":1232,\"caption\":\"(c) Des Signes\"},{\"@type\":\"BreadcrumbList\",\"@id\":\"https:\\\/\\\/villa-albertine.org\\\/va\\\/fr\\\/professionals\\\/appel-candidatures-residences-2025\\\/#breadcrumb\",\"itemListElement\":[{\"@type\":\"ListItem\",\"position\":1,\"name\":\"Home\",\"item\":\"https:\\\/\\\/villa-albertine.org\\\/va\\\/fr\\\/home\\\/\"},{\"@type\":\"ListItem\",\"position\":2,\"name\":\"Appel \u00e0 candidatures de la Villa Albertine\u00a0: r\u00e9sidences 2025\"}]},{\"@type\":\"WebSite\",\"@id\":\"https:\\\/\\\/villa-albertine.org\\\/va\\\/fr\\\/#website\",\"url\":\"https:\\\/\\\/villa-albertine.org\\\/va\\\/fr\\\/\",\"name\":\"Villa Albertine\",\"description\":\"\",\"potentialAction\":[{\"@type\":\"SearchAction\",\"target\":{\"@type\":\"EntryPoint\",\"urlTemplate\":\"https:\\\/\\\/villa-albertine.org\\\/va\\\/fr\\\/?s={search_term_string}\"},\"query-input\":{\"@type\":\"PropertyValueSpecification\",\"valueRequired\":true,\"valueName\":\"search_term_string\"}}],\"inLanguage\":\"fr-FR\"}]}<\/script>\n<!-- \/ Yoast SEO plugin. -->","yoast_head_json":{"title":"Appel \u00e0 candidatures de la Villa Albertine\u00a0: r\u00e9sidences 2025 - Villa Albertine","robots":{"index":"index","follow":"follow","max-snippet":"max-snippet:-1","max-image-preview":"max-image-preview:large","max-video-preview":"max-video-preview:-1"},"canonical":"https:\/\/villa-albertine.org\/va\/fr\/professionals\/appel-candidatures-residences-2025\/","og_locale":"fr_FR","og_type":"article","og_title":"Appel \u00e0 candidatures de la Villa Albertine\u00a0: r\u00e9sidences 2025 - Villa Albertine","og_description":"L\u2019appel \u00e0 candidatures pour les r\u00e9sidences 2025 de la Villa Albertine est ouvert jusqu\u2019au 1er f\u00e9vrier 2024. De janvier \u00e0 d\u00e9cembre 2025, la Villa Albertine accompagnera une cinquantaine de r\u00e9sidences d\u2019exploration, d\u2019une dur\u00e9e comprise entre un et trois mois, dans l\u2019ensemble des \u00c9tats-Unis. Ces r\u00e9sidences seront, en majorit\u00e9, ancr\u00e9es dans une ville, et itin\u00e9rantes pour...","og_url":"https:\/\/villa-albertine.org\/va\/fr\/professionals\/appel-candidatures-residences-2025\/","og_site_name":"Villa Albertine","article_modified_time":"2024-05-02T13:22:28+00:00","og_image":[{"width":2560,"height":1232,"url":"https:\/\/villa-albertine.org\/wp-content\/uploads\/2023\/11\/VA25_935450-300DPI-1-scaled.jpg","type":"image\/jpeg"}],"twitter_card":"summary_large_image","twitter_misc":{"Dur\u00e9e de lecture estim\u00e9e":"16 minutes"},"schema":{"@context":"https:\/\/schema.org","@graph":[{"@type":"WebPage","@id":"https:\/\/villa-albertine.org\/va\/fr\/professionals\/appel-candidatures-residences-2025\/","url":"https:\/\/villa-albertine.org\/va\/fr\/professionals\/appel-candidatures-residences-2025\/","name":"Appel \u00e0 candidatures de la Villa Albertine\u00a0: r\u00e9sidences 2025 - Villa Albertine","isPartOf":{"@id":"https:\/\/villa-albertine.org\/va\/fr\/#website"},"primaryImageOfPage":{"@id":"https:\/\/villa-albertine.org\/va\/fr\/professionals\/appel-candidatures-residences-2025\/#primaryimage"},"image":{"@id":"https:\/\/villa-albertine.org\/va\/fr\/professionals\/appel-candidatures-residences-2025\/#primaryimage"},"thumbnailUrl":"https:\/\/villa-albertine.org\/wp-content\/uploads\/2023\/11\/VA25_935450-300DPI-1-scaled.jpg","datePublished":"2023-11-22T00:16:19+00:00","dateModified":"2024-05-02T13:22:28+00:00","breadcrumb":{"@id":"https:\/\/villa-albertine.org\/va\/fr\/professionals\/appel-candidatures-residences-2025\/#breadcrumb"},"inLanguage":"fr-FR","potentialAction":[{"@type":"ReadAction","target":["https:\/\/villa-albertine.org\/va\/fr\/professionals\/appel-candidatures-residences-2025\/"]}]},{"@type":"ImageObject","inLanguage":"fr-FR","@id":"https:\/\/villa-albertine.org\/va\/fr\/professionals\/appel-candidatures-residences-2025\/#primaryimage","url":"https:\/\/villa-albertine.org\/wp-content\/uploads\/2023\/11\/VA25_935450-300DPI-1-scaled.jpg","contentUrl":"https:\/\/villa-albertine.org\/wp-content\/uploads\/2023\/11\/VA25_935450-300DPI-1-scaled.jpg","width":2560,"height":1232,"caption":"(c) Des Signes"},{"@type":"BreadcrumbList","@id":"https:\/\/villa-albertine.org\/va\/fr\/professionals\/appel-candidatures-residences-2025\/#breadcrumb","itemListElement":[{"@type":"ListItem","position":1,"name":"Home","item":"https:\/\/villa-albertine.org\/va\/fr\/home\/"},{"@type":"ListItem","position":2,"name":"Appel \u00e0 candidatures de la Villa Albertine\u00a0: r\u00e9sidences 2025"}]},{"@type":"WebSite","@id":"https:\/\/villa-albertine.org\/va\/fr\/#website","url":"https:\/\/villa-albertine.org\/va\/fr\/","name":"Villa Albertine","description":"","potentialAction":[{"@type":"SearchAction","target":{"@type":"EntryPoint","urlTemplate":"https:\/\/villa-albertine.org\/va\/fr\/?s={search_term_string}"},"query-input":{"@type":"PropertyValueSpecification","valueRequired":true,"valueName":"search_term_string"}}],"inLanguage":"fr-FR"}]}},"_links":{"self":[{"href":"https:\/\/villa-albertine.org\/va\/fr\/wp-json\/wp\/v2\/app_professional\/372369","targetHints":{"allow":["GET"]}}],"collection":[{"href":"https:\/\/villa-albertine.org\/va\/fr\/wp-json\/wp\/v2\/app_professional"}],"about":[{"href":"https:\/\/villa-albertine.org\/va\/fr\/wp-json\/wp\/v2\/types\/app_professional"}],"wp:featuredmedia":[{"embeddable":true,"href":"https:\/\/villa-albertine.org\/va\/fr\/wp-json\/wp\/v2\/media\/374754"}],"wp:attachment":[{"href":"https:\/\/villa-albertine.org\/va\/fr\/wp-json\/wp\/v2\/media?parent=372369"}],"wp:term":[{"taxonomy":"app_discipline","embeddable":true,"href":"https:\/\/villa-albertine.org\/va\/fr\/wp-json\/wp\/v2\/app_discipline?post=372369"},{"taxonomy":"app_city_tax","embeddable":true,"href":"https:\/\/villa-albertine.org\/va\/fr\/wp-json\/wp\/v2\/app_city_tax?post=372369"},{"taxonomy":"app_professional_category","embeddable":true,"href":"https:\/\/villa-albertine.org\/va\/fr\/wp-json\/wp\/v2\/app_professional_category?post=372369"},{"taxonomy":"app_professional_content_type","embeddable":true,"href":"https:\/\/villa-albertine.org\/va\/fr\/wp-json\/wp\/v2\/app_professional_content_type?post=372369"}],"curies":[{"name":"wp","href":"https:\/\/api.w.org\/{rel}","templated":true}]}}