{"id":2659900,"date":"2025-02-14T20:47:12","date_gmt":"2025-02-14T20:47:12","guid":{"rendered":"https:\/\/villa-albertine.org\/va\/?post_type=app_professional&#038;p=2659900"},"modified":"2025-02-19T15:02:12","modified_gmt":"2025-02-19T15:02:12","slug":"trois-artistes-prennent-le-large-decouvrez-les-laureats-2025-des-residences-maritimes-de-la-villa-albertine","status":"publish","type":"app_professional","link":"https:\/\/villa-albertine.org\/va\/fr\/professionals\/trois-artistes-prennent-le-large-decouvrez-les-laureats-2025-des-residences-maritimes-de-la-villa-albertine\/","title":{"rendered":"Trois artistes prennent le large : d\u00e9couvrez les laur\u00e9ats 2025 des r\u00e9sidences maritimes de la Villa Albertine\u00a0"},"content":{"rendered":"\n<p>Alors que la France accueillera en 2025 la Conf\u00e9rence des Nations Unies sur l\u2019Oc\u00e9an, la Villa Albertine valorise les regards cr\u00e9atifs sur les enjeux maritimes. &nbsp;<\/p>\n\n\n\n<p>A l\u2019automne 2024, la Villa Albertine a lanc\u00e9 un appel \u00e0 candidatures pour des r\u00e9sidences maritimes, \u00e0 bord d\u2019un porte-conteneurs qui traverse les oc\u00e9ans Atlantique et Pacifique.&nbsp;<\/p>\n\n\n\n<p>Par cette initiative, la Villa Albertine promeut les approches sensibles des r\u00e9alit\u00e9s de la mondialisation maritime, qui contribuent \u00e0 renouveler les imaginaires de la mer. En changeant la focale, pla\u00e7ant les artistes aux c\u00f4t\u00e9s de ceux qui observent le monde depuis les Oc\u00e9ans, la Villa Albertine encourage une diversit\u00e9 de perspectives qui enrichissent la compr\u00e9hension du monde.\u00a0<\/p>\n\n\n\n<p>Apr\u00e8s examen de plus d\u2019une centaine de candidatures, le Jury de s\u00e9lection, compos\u00e9 des trois institutions partenaires \u2013 l\u2019armateur Marfret, le Mus\u00e9e national de la Marine et la Villa Albertine \u2013, a d\u00e9sign\u00e9 trois laur\u00e9ats. Au cours de l\u2019ann\u00e9e 2025, <strong>Sam Butin, Louise Cognard et Karim Oyarzabal&nbsp;<\/strong>effectueront une travers\u00e9e unique sur les Oc\u00e9ans, embarquant successivement au sein de l\u2019\u00e9quipage du MARIUS, un porte-conteneurs de 195 m\u00e8tres qui relie l\u2019Hexagone aux territoires fran\u00e7ais du Pacifique en passant par les Etats-Unis.&nbsp;<\/p>\n\n\n\n<p><br><strong>Sam Butin : une histoire transatlantique \u00e0 travers le jeu-vid\u00e9o <\/strong>&nbsp;<\/p>\n\n\n\n<p>Cr\u00e9ateur de jeux-vid\u00e9os, Sam Butin tirera de sa travers\u00e9e sur le Marius le mat\u00e9riel de recherche n\u00e9cessaire \u00e0 la cr\u00e9ation de son projet de jeu documentaire immersif d\u00e9di\u00e9 \u00e0 un fait marquant de l\u2019histoire des relations transatlantiques : le dernier voyage du <em>SS Normandie<\/em>, navire de pointe fran\u00e7ais\u00a0ayant transport\u00e9, \u00e0 la veille de la Seconde Guerre mondiale, des r\u00e9fugi\u00e9s fuyant l\u2019Europe vers les Etats-Unis. A bord du porte-conteneurs du Havre \u00e0 New York, son s\u00e9jour lui permettra de collecter le mat\u00e9riel de recherche n\u00e9cessaire pour recr\u00e9er l\u2019atmosph\u00e8re du voyage maritime. En parall\u00e8le, il conduira une r\u00e9flexion sur les parall\u00e8les entre le pass\u00e9 et le pr\u00e9sent au prisme des questions d\u2019immigration, d\u2019identit\u00e9 et de r\u00e9silience. Intitul\u00e9 \u00ab\u00a0<em>Normandie : A Documentary Video Game\u00a0\u00bb <\/em>son projet r\u00e9invente les fa\u00e7ons de transmettre l\u2019histoire \u00e0 travers la narration, le jeu et l\u2019immersion.\u00a0\u00a0<\/p>\n\n\n\n<p><strong>Louise Cognard : un carnet de bord litt\u00e9raire et sonore<\/strong>&nbsp;<\/p>\n\n\n\n<p>Journaliste et \u00e9crivaine rod\u00e9e aux exp\u00e9riences maritimes, Louise Cognard interrogera la fa\u00e7on dont les traditions maritimes subsistent dans les environnements hypermodernes des cargos. Elle en tirera un documentaire sonore fond\u00e9 sur les r\u00e9cits de l\u2019\u00e9quipage collect\u00e9s \u00e0 bord de sa travers\u00e9e, tout en poursuivant l\u2019\u00e9criture de son roman <em>November Charlie <\/em>consacr\u00e9 \u00e0 une jeunesse occidentale id\u00e9aliste confront\u00e9e aux r\u00e9alit\u00e9s complexes du monde moderne. Au sein de l\u2019\u00e9quipage du MARIUS, son s\u00e9jour la conduira du Havre \u00e0 Noum\u00e9a, en passant par les Etats-Unis. &nbsp;<\/p>\n\n\n\n<p><strong>Karim Oyarzabal : une utopie maritime en image et en sons<\/strong>&nbsp;<\/p>\n\n\n\n<p>De Papeete \u00e0 Philadelphie, l\u2019illustrateur, r\u00e9alisateur et ing\u00e9nieur Karim Oyarzabal \u00e9tudiera les contrastes de l\u2019univers maritime pour inspirer un court-m\u00e9trage d\u2019animation. Centr\u00e9 sur l\u2019histoire d&rsquo;une utopie maritime, fiction po\u00e9tique mettant en sc\u00e8ne un navire imaginaire, silencieux et en harmonie avec la nature, son projet se fondera sur une observation minutieuse de la vie \u00e0 bord du MARIUS. Lors de sa travers\u00e9e, il se consacrera \u00e0 un carnet de croquis d\u00e9taill\u00e9 ainsi qu\u2019\u00e0 des captations sonores qui alimenteront la base visuelle et bande-son de l&rsquo;\u0153uvre anim\u00e9e. En m\u00ealant m\u00e9canique, \u00e9cologie et po\u00e9sie, ce projet interroge les tensions entre innovation technologique et pr\u00e9servation de la nature.\u00a0<\/p>\n","protected":false},"featured_media":2659724,"menu_order":0,"template":"","app_discipline":[],"app_city_tax":[],"app_professional_category":[],"app_professional_content_type":[],"class_list":["post-2659900","app_professional","type-app_professional","status-publish","has-post-thumbnail","hentry"],"acf":[],"yoast_head":"<!-- This site is optimized with the Yoast SEO plugin v27.3 - https:\/\/yoast.com\/product\/yoast-seo-wordpress\/ -->\n<title>Trois artistes prennent le large : d\u00e9couvrez les laur\u00e9ats 2025 des r\u00e9sidences maritimes de la Villa Albertine\u00a0 - Villa Albertine<\/title>\n<meta name=\"robots\" content=\"index, follow, max-snippet:-1, max-image-preview:large, max-video-preview:-1\" \/>\n<link rel=\"canonical\" href=\"https:\/\/villa-albertine.org\/va\/fr\/professionals\/trois-artistes-prennent-le-large-decouvrez-les-laureats-2025-des-residences-maritimes-de-la-villa-albertine\/\" \/>\n<meta property=\"og:locale\" content=\"fr_FR\" \/>\n<meta property=\"og:type\" content=\"article\" \/>\n<meta property=\"og:title\" content=\"Trois artistes prennent le large : d\u00e9couvrez les laur\u00e9ats 2025 des r\u00e9sidences maritimes de la Villa Albertine\u00a0 - Villa Albertine\" \/>\n<meta property=\"og:description\" content=\"Alors que la France accueillera en 2025 la Conf\u00e9rence des Nations Unies sur l\u2019Oc\u00e9an, la Villa Albertine valorise les regards cr\u00e9atifs sur les enjeux maritimes. &nbsp; A l\u2019automne 2024, la Villa Albertine a lanc\u00e9 un appel \u00e0 candidatures pour des r\u00e9sidences maritimes, \u00e0 bord d\u2019un porte-conteneurs qui traverse les oc\u00e9ans Atlantique et Pacifique.&nbsp; Par cette...\" \/>\n<meta property=\"og:url\" content=\"https:\/\/villa-albertine.org\/va\/fr\/professionals\/trois-artistes-prennent-le-large-decouvrez-les-laureats-2025-des-residences-maritimes-de-la-villa-albertine\/\" \/>\n<meta property=\"og:site_name\" content=\"Villa Albertine\" \/>\n<meta property=\"article:modified_time\" content=\"2025-02-19T15:02:12+00:00\" \/>\n<meta property=\"og:image\" content=\"https:\/\/villa-albertine.org\/wp-content\/uploads\/2025\/02\/Croquis-v3-pour-COMM-Bateau-Oiseau-HD-1024x724.png\" \/>\n\t<meta property=\"og:image:width\" content=\"1024\" \/>\n\t<meta property=\"og:image:height\" content=\"724\" \/>\n\t<meta property=\"og:image:type\" content=\"image\/png\" \/>\n<meta name=\"twitter:card\" content=\"summary_large_image\" \/>\n<meta name=\"twitter:label1\" content=\"Dur\u00e9e de lecture estim\u00e9e\" \/>\n\t<meta name=\"twitter:data1\" content=\"3 minutes\" \/>\n<script type=\"application\/ld+json\" class=\"yoast-schema-graph\">{\"@context\":\"https:\\\/\\\/schema.org\",\"@graph\":[{\"@type\":\"WebPage\",\"@id\":\"https:\\\/\\\/villa-albertine.org\\\/va\\\/fr\\\/professionals\\\/trois-artistes-prennent-le-large-decouvrez-les-laureats-2025-des-residences-maritimes-de-la-villa-albertine\\\/\",\"url\":\"https:\\\/\\\/villa-albertine.org\\\/va\\\/fr\\\/professionals\\\/trois-artistes-prennent-le-large-decouvrez-les-laureats-2025-des-residences-maritimes-de-la-villa-albertine\\\/\",\"name\":\"Trois artistes prennent le large : d\u00e9couvrez les laur\u00e9ats 2025 des r\u00e9sidences maritimes de la Villa Albertine\u00a0 - Villa Albertine\",\"isPartOf\":{\"@id\":\"https:\\\/\\\/villa-albertine.org\\\/va\\\/fr\\\/#website\"},\"primaryImageOfPage\":{\"@id\":\"https:\\\/\\\/villa-albertine.org\\\/va\\\/fr\\\/professionals\\\/trois-artistes-prennent-le-large-decouvrez-les-laureats-2025-des-residences-maritimes-de-la-villa-albertine\\\/#primaryimage\"},\"image\":{\"@id\":\"https:\\\/\\\/villa-albertine.org\\\/va\\\/fr\\\/professionals\\\/trois-artistes-prennent-le-large-decouvrez-les-laureats-2025-des-residences-maritimes-de-la-villa-albertine\\\/#primaryimage\"},\"thumbnailUrl\":\"https:\\\/\\\/villa-albertine.org\\\/wp-content\\\/uploads\\\/2025\\\/02\\\/Croquis-v3-pour-COMM-Bateau-Oiseau-HD.png\",\"datePublished\":\"2025-02-14T20:47:12+00:00\",\"dateModified\":\"2025-02-19T15:02:12+00:00\",\"breadcrumb\":{\"@id\":\"https:\\\/\\\/villa-albertine.org\\\/va\\\/fr\\\/professionals\\\/trois-artistes-prennent-le-large-decouvrez-les-laureats-2025-des-residences-maritimes-de-la-villa-albertine\\\/#breadcrumb\"},\"inLanguage\":\"fr-FR\",\"potentialAction\":[{\"@type\":\"ReadAction\",\"target\":[\"https:\\\/\\\/villa-albertine.org\\\/va\\\/fr\\\/professionals\\\/trois-artistes-prennent-le-large-decouvrez-les-laureats-2025-des-residences-maritimes-de-la-villa-albertine\\\/\"]}]},{\"@type\":\"ImageObject\",\"inLanguage\":\"fr-FR\",\"@id\":\"https:\\\/\\\/villa-albertine.org\\\/va\\\/fr\\\/professionals\\\/trois-artistes-prennent-le-large-decouvrez-les-laureats-2025-des-residences-maritimes-de-la-villa-albertine\\\/#primaryimage\",\"url\":\"https:\\\/\\\/villa-albertine.org\\\/wp-content\\\/uploads\\\/2025\\\/02\\\/Croquis-v3-pour-COMM-Bateau-Oiseau-HD.png\",\"contentUrl\":\"https:\\\/\\\/villa-albertine.org\\\/wp-content\\\/uploads\\\/2025\\\/02\\\/Croquis-v3-pour-COMM-Bateau-Oiseau-HD.png\",\"width\":4961,\"height\":3508},{\"@type\":\"BreadcrumbList\",\"@id\":\"https:\\\/\\\/villa-albertine.org\\\/va\\\/fr\\\/professionals\\\/trois-artistes-prennent-le-large-decouvrez-les-laureats-2025-des-residences-maritimes-de-la-villa-albertine\\\/#breadcrumb\",\"itemListElement\":[{\"@type\":\"ListItem\",\"position\":1,\"name\":\"Home\",\"item\":\"https:\\\/\\\/villa-albertine.org\\\/va\\\/fr\\\/home\\\/\"},{\"@type\":\"ListItem\",\"position\":2,\"name\":\"Trois artistes prennent le large : d\u00e9couvrez les laur\u00e9ats 2025 des r\u00e9sidences maritimes de la Villa Albertine\u00a0\"}]},{\"@type\":\"WebSite\",\"@id\":\"https:\\\/\\\/villa-albertine.org\\\/va\\\/fr\\\/#website\",\"url\":\"https:\\\/\\\/villa-albertine.org\\\/va\\\/fr\\\/\",\"name\":\"Villa Albertine\",\"description\":\"\",\"potentialAction\":[{\"@type\":\"SearchAction\",\"target\":{\"@type\":\"EntryPoint\",\"urlTemplate\":\"https:\\\/\\\/villa-albertine.org\\\/va\\\/fr\\\/?s={search_term_string}\"},\"query-input\":{\"@type\":\"PropertyValueSpecification\",\"valueRequired\":true,\"valueName\":\"search_term_string\"}}],\"inLanguage\":\"fr-FR\"}]}<\/script>\n<!-- \/ Yoast SEO plugin. -->","yoast_head_json":{"title":"Trois artistes prennent le large : d\u00e9couvrez les laur\u00e9ats 2025 des r\u00e9sidences maritimes de la Villa Albertine\u00a0 - Villa Albertine","robots":{"index":"index","follow":"follow","max-snippet":"max-snippet:-1","max-image-preview":"max-image-preview:large","max-video-preview":"max-video-preview:-1"},"canonical":"https:\/\/villa-albertine.org\/va\/fr\/professionals\/trois-artistes-prennent-le-large-decouvrez-les-laureats-2025-des-residences-maritimes-de-la-villa-albertine\/","og_locale":"fr_FR","og_type":"article","og_title":"Trois artistes prennent le large : d\u00e9couvrez les laur\u00e9ats 2025 des r\u00e9sidences maritimes de la Villa Albertine\u00a0 - Villa Albertine","og_description":"Alors que la France accueillera en 2025 la Conf\u00e9rence des Nations Unies sur l\u2019Oc\u00e9an, la Villa Albertine valorise les regards cr\u00e9atifs sur les enjeux maritimes. &nbsp; A l\u2019automne 2024, la Villa Albertine a lanc\u00e9 un appel \u00e0 candidatures pour des r\u00e9sidences maritimes, \u00e0 bord d\u2019un porte-conteneurs qui traverse les oc\u00e9ans Atlantique et Pacifique.&nbsp; Par cette...","og_url":"https:\/\/villa-albertine.org\/va\/fr\/professionals\/trois-artistes-prennent-le-large-decouvrez-les-laureats-2025-des-residences-maritimes-de-la-villa-albertine\/","og_site_name":"Villa Albertine","article_modified_time":"2025-02-19T15:02:12+00:00","og_image":[{"width":1024,"height":724,"url":"https:\/\/villa-albertine.org\/wp-content\/uploads\/2025\/02\/Croquis-v3-pour-COMM-Bateau-Oiseau-HD-1024x724.png","type":"image\/png"}],"twitter_card":"summary_large_image","twitter_misc":{"Dur\u00e9e de lecture estim\u00e9e":"3 minutes"},"schema":{"@context":"https:\/\/schema.org","@graph":[{"@type":"WebPage","@id":"https:\/\/villa-albertine.org\/va\/fr\/professionals\/trois-artistes-prennent-le-large-decouvrez-les-laureats-2025-des-residences-maritimes-de-la-villa-albertine\/","url":"https:\/\/villa-albertine.org\/va\/fr\/professionals\/trois-artistes-prennent-le-large-decouvrez-les-laureats-2025-des-residences-maritimes-de-la-villa-albertine\/","name":"Trois artistes prennent le large : d\u00e9couvrez les laur\u00e9ats 2025 des r\u00e9sidences maritimes de la Villa Albertine\u00a0 - Villa Albertine","isPartOf":{"@id":"https:\/\/villa-albertine.org\/va\/fr\/#website"},"primaryImageOfPage":{"@id":"https:\/\/villa-albertine.org\/va\/fr\/professionals\/trois-artistes-prennent-le-large-decouvrez-les-laureats-2025-des-residences-maritimes-de-la-villa-albertine\/#primaryimage"},"image":{"@id":"https:\/\/villa-albertine.org\/va\/fr\/professionals\/trois-artistes-prennent-le-large-decouvrez-les-laureats-2025-des-residences-maritimes-de-la-villa-albertine\/#primaryimage"},"thumbnailUrl":"https:\/\/villa-albertine.org\/wp-content\/uploads\/2025\/02\/Croquis-v3-pour-COMM-Bateau-Oiseau-HD.png","datePublished":"2025-02-14T20:47:12+00:00","dateModified":"2025-02-19T15:02:12+00:00","breadcrumb":{"@id":"https:\/\/villa-albertine.org\/va\/fr\/professionals\/trois-artistes-prennent-le-large-decouvrez-les-laureats-2025-des-residences-maritimes-de-la-villa-albertine\/#breadcrumb"},"inLanguage":"fr-FR","potentialAction":[{"@type":"ReadAction","target":["https:\/\/villa-albertine.org\/va\/fr\/professionals\/trois-artistes-prennent-le-large-decouvrez-les-laureats-2025-des-residences-maritimes-de-la-villa-albertine\/"]}]},{"@type":"ImageObject","inLanguage":"fr-FR","@id":"https:\/\/villa-albertine.org\/va\/fr\/professionals\/trois-artistes-prennent-le-large-decouvrez-les-laureats-2025-des-residences-maritimes-de-la-villa-albertine\/#primaryimage","url":"https:\/\/villa-albertine.org\/wp-content\/uploads\/2025\/02\/Croquis-v3-pour-COMM-Bateau-Oiseau-HD.png","contentUrl":"https:\/\/villa-albertine.org\/wp-content\/uploads\/2025\/02\/Croquis-v3-pour-COMM-Bateau-Oiseau-HD.png","width":4961,"height":3508},{"@type":"BreadcrumbList","@id":"https:\/\/villa-albertine.org\/va\/fr\/professionals\/trois-artistes-prennent-le-large-decouvrez-les-laureats-2025-des-residences-maritimes-de-la-villa-albertine\/#breadcrumb","itemListElement":[{"@type":"ListItem","position":1,"name":"Home","item":"https:\/\/villa-albertine.org\/va\/fr\/home\/"},{"@type":"ListItem","position":2,"name":"Trois artistes prennent le large : d\u00e9couvrez les laur\u00e9ats 2025 des r\u00e9sidences maritimes de la Villa Albertine\u00a0"}]},{"@type":"WebSite","@id":"https:\/\/villa-albertine.org\/va\/fr\/#website","url":"https:\/\/villa-albertine.org\/va\/fr\/","name":"Villa Albertine","description":"","potentialAction":[{"@type":"SearchAction","target":{"@type":"EntryPoint","urlTemplate":"https:\/\/villa-albertine.org\/va\/fr\/?s={search_term_string}"},"query-input":{"@type":"PropertyValueSpecification","valueRequired":true,"valueName":"search_term_string"}}],"inLanguage":"fr-FR"}]}},"_links":{"self":[{"href":"https:\/\/villa-albertine.org\/va\/fr\/wp-json\/wp\/v2\/app_professional\/2659900","targetHints":{"allow":["GET"]}}],"collection":[{"href":"https:\/\/villa-albertine.org\/va\/fr\/wp-json\/wp\/v2\/app_professional"}],"about":[{"href":"https:\/\/villa-albertine.org\/va\/fr\/wp-json\/wp\/v2\/types\/app_professional"}],"wp:featuredmedia":[{"embeddable":true,"href":"https:\/\/villa-albertine.org\/va\/fr\/wp-json\/wp\/v2\/media\/2659724"}],"wp:attachment":[{"href":"https:\/\/villa-albertine.org\/va\/fr\/wp-json\/wp\/v2\/media?parent=2659900"}],"wp:term":[{"taxonomy":"app_discipline","embeddable":true,"href":"https:\/\/villa-albertine.org\/va\/fr\/wp-json\/wp\/v2\/app_discipline?post=2659900"},{"taxonomy":"app_city_tax","embeddable":true,"href":"https:\/\/villa-albertine.org\/va\/fr\/wp-json\/wp\/v2\/app_city_tax?post=2659900"},{"taxonomy":"app_professional_category","embeddable":true,"href":"https:\/\/villa-albertine.org\/va\/fr\/wp-json\/wp\/v2\/app_professional_category?post=2659900"},{"taxonomy":"app_professional_content_type","embeddable":true,"href":"https:\/\/villa-albertine.org\/va\/fr\/wp-json\/wp\/v2\/app_professional_content_type?post=2659900"}],"curies":[{"name":"wp","href":"https:\/\/api.w.org\/{rel}","templated":true}]}}