{"id":2490245,"date":"2025-02-04T19:01:59","date_gmt":"2025-02-04T19:01:59","guid":{"rendered":"https:\/\/villa-albertine.org\/va\/?post_type=app_professional&#038;p=2490245"},"modified":"2025-02-10T21:26:19","modified_gmt":"2025-02-10T21:26:19","slug":"appel-a-candidatures-pour-des-residences-arts-in-the-age-of-ai-en-2026-sur-la-creation-a-lere-de-lintelligence-artificielle","status":"publish","type":"app_professional","link":"https:\/\/villa-albertine.org\/va\/fr\/professionals\/appel-a-candidatures-pour-des-residences-arts-in-the-age-of-ai-en-2026-sur-la-creation-a-lere-de-lintelligence-artificielle\/","title":{"rendered":"Appel \u00e0 candidatures pour des r\u00e9sidences \u00ab Arts in the age of AI \u00bb en 2026 sur la cr\u00e9ation \u00e0 l\u2019\u00e8re de l\u2019intelligence artificielle"},"content":{"rendered":"\n<p><a id=\"_msocom_1\"><\/a>Entre janvier et d\u00e9cembre 2026, quatre cr\u00e9ateurs ou professionnels de la culture porteurs d\u2019un projet en lien avec l\u2019intelligence artificielle &nbsp;b\u00e9n\u00e9ficieront d&rsquo;une r\u00e9sidence de recherche et d\u2019exploration de deux mois sur le territoire am\u00e9ricain, accompagn\u00e9s par la Villa Albertine. Ce programme est destin\u00e9 \u00e0 se poursuivre en 2027 avec quatre r\u00e9sidences suppl\u00e9mentaires, portant \u00e0 huit le nombre total de r\u00e9sidences sur deux ans.<\/p>\n\n\n\n<p>Ce programme vise \u00e0 stimuler l&rsquo;innovation, la r\u00e9flexion et les collaborations franco-am\u00e9ricaines en favorisant les \u00e9changes avec une diversit\u00e9 d&rsquo;acteurs : universit\u00e9s, entreprises, artistes, habitants, acteurs publics ou institutions culturelles.<\/p>\n\n\n\n<p>Le programme de r\u00e9sidence \u00ab\u00a0Arts in the Age of AI\u00a0\u00bb de la Villa Albertine est r\u00e9alis\u00e9 en partenariat et b\u00e9n\u00e9ficie du soutien principal de la m\u00e9c\u00e8ne et entrepreneure num\u00e9rique franco-am\u00e9ricaine, Fidji Simo.<\/p>\n\n\n\n<p>Les laur\u00e9ats int\u00e8greront la promotion 2026 du programme de r\u00e9sidences de la Villa Albertine, qui c\u00e9l\u00e8brera son cinqui\u00e8me anniversaire. <\/p>\n\n\n\n<p><strong>Date limite de candidature : 25 mars 2025, 23h59 (heure de Paris).&nbsp;<\/strong><\/p>\n\n\n\n<p><strong>Profils et projets recherch\u00e9s<\/strong>&nbsp;<\/p>\n\n\n\n<p>Cet appel s\u2019adresse \u00e0 des cr\u00e9ateurs et professionnels de la culture porteurs d\u2019un projet original li\u00e9 \u00e0 l\u2019intelligence artificielle et n\u00e9cessitant un s\u00e9jour d\u2019immersion aux \u00c9tats-Unis. &nbsp;<\/p>\n\n\n\n<p>La Villa Albertine offre aux r\u00e9sidents l&rsquo;opportunit\u00e9 d\u2019effectuer un s\u00e9jour de recherche et d\u2019exploration de deux mois sur le territoire de leur choix. Le projet doit \u00eatre ancr\u00e9 dans une ville ou un territoire d\u00e9termin\u00e9s. \u00c0 travers ce format de r\u00e9sidence d\u2019exploration, la Villa Albertine invite \u00e0 parcourir et d\u00e9couvrir un territoire et \u00e0 en rencontrer les acteurs afin de nourrir une r\u00e9flexion artistique ou intellectuelle qui ne pourrait se d\u00e9ployer autrement. Une telle r\u00e9sidence n\u2019invite pas \u00e0 un travail isol\u00e9, mais \u00e0 une d\u00e9marche d\u2019exploration sur le terrain, favorisant l\u2019inspiration et les connexions avec les acteurs locaux.&nbsp;&nbsp;<\/p>\n\n\n\n<p>Cet appel est ouvert aux candidats qui souhaitent&nbsp;travailler&nbsp;<em>sur<\/em>&nbsp;ou&nbsp;<em>avec<\/em>&nbsp;l\u2019intelligence artificielle, et dont le projet n\u00e9cessite un s\u00e9jour d\u2019immersion aux Etats-Unis.&nbsp;A titre d\u2019exemple,&nbsp;la r\u00e9sidence peut constituer le terrain de recherche d\u2019un projet cr\u00e9atif r\u00e9alis\u00e9 avec l\u2019intelligence artificielle, en lien avec un \u00e9cosyst\u00e8me am\u00e9ricain.&nbsp;Elle peut aussi offrir \u00e0 un candidat l\u2019opportunit\u00e9 de poser un regard sur les&nbsp;impacts de l\u2019intelligence artificielle dans un contexte sp\u00e9cifique aux Etats-Unis, \u00e9ventuellement selon une approche comparative&nbsp;avec l\u2019Europe ou la France.&nbsp;Quel que soit le projet, la r\u00e9sidence repr\u00e9sente une opportunit\u00e9 de valoriser un savoir-faire et de susciter de nouvelles collaborations franco-am\u00e9ricaines.&nbsp;<br>&nbsp;<br>Le projet pr\u00e9sent\u00e9 peut s\u2019appuyer sur une proposition nouvelle, sp\u00e9cifiquement pens\u00e9e pour la Villa Albertine, ou s\u2019inscrire dans la continuit\u00e9 d\u2019une recherche pr\u00e9existante qui y trouverait un d\u00e9veloppement singulier. Dans les deux cas, c\u2019est le rapport du projet au territoire qui en fait l\u2019int\u00e9r\u00eat.<\/p>\n\n\n\n<p>Le\/la candidat(e) devra donc inscrire sa r\u00e9sidence dans un territoire qui fait sens au regard des th\u00e9matiques qu&rsquo;il souhaite explorer. La ville ou le territoire doivent \u00eatre clairement identifi\u00e9s. L\u2019appel n\u2019est pas ouvert aux projets itin\u00e9rants impliquant des d\u00e9placements dans plusieurs Etats des Etats-Unis.&nbsp;&nbsp;<\/p>\n\n\n\n<p>Les laur\u00e9ats seront accompagn\u00e9s par l\u2019antenne de la Villa Albertine dont d\u00e9pend le territoire concern\u00e9, parmi les dix villes o\u00f9 elle est implant\u00e9e. Les villes o\u00f9 la Villa Albertine dispose d\u2019une antenne permanente sont : <a href=\"https:\/\/villa-albertine.org\/fr\/map\/atlanta\/\" target=\"_blank\" rel=\"noreferrer noopener\">Atlanta,<\/a> <a href=\"https:\/\/villa-albertine.org\/fr\/map\/boston\/\" target=\"_blank\" rel=\"noreferrer noopener\">Boston,<\/a> <a href=\"https:\/\/villa-albertine.org\/fr\/map\/chicago\/\" target=\"_blank\" rel=\"noreferrer noopener\">Chicago,<\/a> <a href=\"https:\/\/villa-albertine.org\/fr\/map\/houston\/\" target=\"_blank\" rel=\"noreferrer noopener\">Houston,<\/a> <a href=\"https:\/\/villa-albertine.org\/fr\/map\/los-angeles\/\" target=\"_blank\" rel=\"noreferrer noopener\">Los Angeles,<\/a> <a href=\"https:\/\/villa-albertine.org\/fr\/map\/miami\/\" target=\"_blank\" rel=\"noreferrer noopener\">Miami,<\/a> <a href=\"https:\/\/villa-albertine.org\/fr\/map\/new-york-city\/\" target=\"_blank\" rel=\"noreferrer noopener\">New York,<\/a> <a href=\"https:\/\/villa-albertine.org\/fr\/map\/new-orleans\/\" target=\"_blank\" rel=\"noreferrer noopener\">La Nouvelle-Orl\u00e9ans,<\/a> <a href=\"https:\/\/villa-albertine.org\/fr\/map\/san-francisco\/\" target=\"_blank\" rel=\"noreferrer noopener\">San Francisco<\/a> et <a href=\"https:\/\/villa-albertine.org\/fr\/map\/washington-dc\/\" target=\"_blank\" rel=\"noreferrer noopener\">Washington, DC.<\/a> \u00c0 titre d\u2019exemple, une r\u00e9sidence qui serait effectu\u00e9e \u00e0 Seattle d\u00e9pendra de la Villa Albertine \u00e0 San Francisco.&nbsp;<\/p>\n\n\n\n<p>Deux candidats seront s\u00e9lectionn\u00e9s en Californie ; deux autres dans le reste du territoire des Etats-Unis.&nbsp;<\/p>\n\n\n\n<p>L\u2019appel n\u2019est pas r\u00e9serv\u00e9 aux Fran\u00e7ais ou francophones mais ouvert \u00e0 tout cr\u00e9ateur, chercheur ou professionnel de la culture qui respecte les crit\u00e8res d\u2019\u00e9ligibilit\u00e9 mentionn\u00e9s ci-dessous, notamment celui d\u2019\u00eatre soutenu par un partenaire fran\u00e7ais.<\/p>\n\n\n\n<p><strong>Accompagnement de la Villa Albertine\u202f<\/strong>&nbsp;<\/p>\n\n\n\n<p>La Villa Albertine apporte un accompagnement individuel, adapt\u00e9 aux attentes et au profil de chaque r\u00e9sident.\u202f\u202f&nbsp;<\/p>\n\n\n\n<p>Un tel accompagnement repose sur la mobilisation d\u2019une \u00e9quipe de 80 personnes r\u00e9parties dans 10 villes aux Etats-Unis, ainsi que sur la syst\u00e9matisation de partenariats avec des structures fran\u00e7aises et am\u00e9ricaines, pour que le r\u00e9sident soit d\u2019embl\u00e9e ins\u00e9r\u00e9 dans un \u00e9cosyst\u00e8me acc\u00e9l\u00e9rateur de rencontres, de d\u00e9couvertes et de questionnements.&nbsp;&nbsp;<\/p>\n\n\n\n<p>L\u2019antenne de la Villa concern\u00e9e accompagnera le r\u00e9sident en mettant \u00e0 sa disposition sa connaissance de la sc\u00e8ne artistique et culturelle locale et son r\u00e9seau de partenaires. Selon les axes d\u2019exploration envisag\u00e9s par le r\u00e9sident, un travail de prospection en amont permettra d\u2019identifier les interlocuteurs les plus pertinents sur le territoire consid\u00e9r\u00e9.&nbsp;<\/p>\n\n\n\n<p>Un programme de rendez-vous et de visites sera \u00e9tabli pour chaque r\u00e9sident, selon son projet et ses besoins. La Villa Albertine accompagnera \u00e9galement le r\u00e9sident dans l\u2019analyse des besoins logistiques n\u00e9cessaires \u00e0 la bonne r\u00e9alisation de son projet.&nbsp;<\/p>\n\n\n\n<p>La Villa Albertine couvre les frais de d\u00e9placement et de s\u00e9jour aff\u00e9rents \u00e0 la r\u00e9sidence, selon les modalit\u00e9s suivantes :<\/p>\n\n\n\n<ul class=\"wp-block-list\">\n<li>une allocation de r\u00e9sidence, permettant de couvrir les frais du quotidien (repas, transports locaux&#8230;). \u00c0 titre indicatif, cette allocation est de $100 par jour \u00e0 Washington DC ;&nbsp;<\/li>\n\n\n\n<li>les voyages internationaux ;&nbsp;<\/li>\n\n\n\n<li>le logement ;&nbsp;<\/li>\n\n\n\n<li>la location d\u2019une voiture (dans des villes tr\u00e8s \u00e9tendues ou si le projet le n\u00e9cessite) ;&nbsp;<\/li>\n\n\n\n<li>l\u2019assurance sant\u00e9, responsabilit\u00e9 civile et rapatriement.&nbsp;<\/li>\n<\/ul>\n\n\n\n<p>Ces d\u00e9penses sont prises en charge directement par la Villa Albertine, et ne font pas l&rsquo;objet du versement d&rsquo;une bourse forfaitaire.<\/p>\n\n\n\n<p>La Villa Albertine ne pourra pas s\u2019engager \u00e0 couvrir d\u2019autres d\u00e9penses que les frais de d\u00e9placement et de s\u00e9jour mentionn\u00e9s ci-avant. Si le candidat identifie des besoins sp\u00e9cifiques (mat\u00e9riel technique, espace de travail\u2026), des solutions doivent \u00eatre pr\u00e9sent\u00e9es par ses soins pour d\u00e9montrer la viabilit\u00e9 du projet (partenariats, soutiens financiers compl\u00e9mentaires).&nbsp;<\/p>\n\n\n\n<p>L\u2019appel est ouvert \u00e0 des candidatures individuelles uniquement. Les candidatures en duo ou en groupe ne sont pas accept\u00e9es dans le cadre de cet appel.<\/p>\n\n\n\n<p>Le cadre d\u2019accueil de la Villa Albertine invite \u00e0 consid\u00e9rer des r\u00e9sidences sans accompagnant (famille ou autre proche qui ne serait pas partie prenante du projet). Dans le cas o\u00f9 cet accompagnement serait n\u00e9cessaire (notamment parent avec enfant(s) \u00e0 charge), une telle situation serait prise en compte dans l\u2019organisation de la r\u00e9sidence en recherchant un logement adapt\u00e9. Les accompagnants ne b\u00e9n\u00e9ficieront ni de l\u2019accompagnement, ni de la prise en charge des frais relatifs \u00e0 leur s\u00e9jour.&nbsp;<\/p>\n\n\n\n<p><strong>Partenaire fran\u00e7ais<\/strong>&nbsp;<\/p>\n\n\n\n<p>Chaque candidat est tenu d\u2019associer un partenaire fran\u00e7ais, bas\u00e9 en France, \u00e0 son projet de r\u00e9sidence. Selon les cas, le soutien du partenaire peut \u00eatre de trois ordres\u202f:&nbsp;<\/p>\n\n\n\n<ul class=\"wp-block-list\">\n<li>conception du projet de r\u00e9sidence : aide \u00e0 la r\u00e9daction du projet de r\u00e9sidence, identification de ressources et contacts qui pourraient aider le candidat, etc. ;&nbsp;<\/li>\n\n\n\n<li>promotion de la r\u00e9sidence : communication sur les r\u00e9seaux sociaux, r\u00e9alisation de contenus autour de la r\u00e9sidence (articles, podcasts, vid\u00e9os, etc.)\u202f;&nbsp;<\/li>\n\n\n\n<li>r\u00e9alisation d&rsquo;un volet post-r\u00e9sidence\u202f: temps de restitution en France du travail men\u00e9 aux \u00c9tats-Unis (conf\u00e9rence, rencontre avec des professionnels, etc.), aide au d\u00e9veloppement du projet artistique ou intellectuel.&nbsp;<\/li>\n<\/ul>\n\n\n\n<p>Il n\u2019est pas demand\u00e9 aux partenaires de contribuer financi\u00e8rement \u00e0 la r\u00e9sidence.&nbsp;<\/p>\n\n\n\n<p>Toute structure publique ou priv\u00e9e, de droit fran\u00e7ais et implant\u00e9e en France, peut \u00eatre partenaire. Cette structure ne peut pas \u00eatre une organisation que le candidat dirigerait ou qu\u2019il aurait cr\u00e9\u00e9e mais il peut s\u2019agir de la structure dont le candidat est salari\u00e9, ou bien d&rsquo;un partenaire distinct.&nbsp;<\/p>\n\n\n\n<p>Il revient aux candidats d&rsquo;identifier et de s\u00e9lectionner le partenaire le plus pertinent pour leur projet. Ils peuvent pour cela s&rsquo;appuyer sur des partenariats pr\u00e9existants ou initier des collaborations adapt\u00e9es aux besoins sp\u00e9cifiques du projet. L&rsquo;objectif est de favoriser des passerelles entre les \u00e9cosyst\u00e8mes culturels et artistique fran\u00e7ais, incluant le partenaire, et am\u00e9ricain, o\u00f9 le r\u00e9sident s&rsquo;immergera durant sa r\u00e9sidence.<\/p>\n\n\n\n<p>Le candidat peut \u00e9galement appuyer sa candidature sur d\u2019autres partenaires fran\u00e7ais, ainsi que sur des structures am\u00e9ricaines susceptibles d\u2019aider au d\u00e9veloppement du projet (studios de r\u00e9p\u00e9tition, ateliers de cr\u00e9ation, mises en relation, etc.).\u202f&nbsp;<\/p>\n\n\n\n<p><strong>Crit\u00e8res de s\u00e9lection<\/strong>&nbsp;<\/p>\n\n\n\n<p>Au titre des <strong>crit\u00e8res d\u2019\u00e9ligibilit\u00e9<\/strong>, les candidats doivent justifier :&nbsp;<\/p>\n\n\n\n<ul class=\"wp-block-list\">\n<li>de la pratique professionnelle de leur activit\u00e9 dans les champs de la cr\u00e9ation artistique et intellectuelle, explicitant leur lien avec l\u2019intelligence artificielle, \u00e0 travers l&rsquo;envoi d&rsquo;un dossier de pr\u00e9sentation de leur parcours et de leur travail de moins de 10 pages ;<\/li>\n\n\n\n<li>d\u2019une pratique courante de l\u2019anglais, \u00e0 travers l\u2019envoi d\u2019une courte vid\u00e9o de pr\u00e9sentation de leur parcours et de leur projet en 3 minutes maximum (il n\u2019est pas attendu de montage, mais une simple vid\u00e9o tourn\u00e9e face cam\u00e9ra ; le candidat ne doit pas lire un texte) ;&nbsp;<\/li>\n\n\n\n<li>de l\u2019association d\u2019un partenaire fran\u00e7ais au projet de r\u00e9sidence, soit toute structure publique ou priv\u00e9e fran\u00e7aise bas\u00e9e en France (institution culturelle, association, maison d\u2019\u00e9dition, entreprise dans le secteur des industries cr\u00e9atives et culturelles, etc.), qui doit faire part de son int\u00e9r\u00eat pour accompagner le candidat par un courrier adress\u00e9 \u00e0 M. Mohamed Bouabdallah, directeur de la Villa Albertine.&nbsp;<\/li>\n<\/ul>\n\n\n\n<p>Le candidat devra \u00eatre \u00e2g\u00e9 de plus de 21 ans avant la date de d\u00e9part envisag\u00e9e en r\u00e9sidence.&nbsp;<\/p>\n\n\n\n<p>Au titre des <strong>crit\u00e8res d\u2019appr\u00e9ciation d\u2019une candidature<\/strong>, sont retenus\u202f:&nbsp;<\/p>\n\n\n\n<ul class=\"wp-block-list\">\n<li>la qualit\u00e9 du parcours du candidat\u202f: le candidat exerce sa pratique artistique ou intellectuelle \u00e0 titre professionnel, il est reconnu par ses pairs, son projet pour la Villa s\u2019inscrit dans la suite logique de son travail ant\u00e9rieur\u202f; \u202f&nbsp;<\/li>\n\n\n\n<li>la qualit\u00e9 du projet\u202f: le projet est clair et les axes artistiques, culturels, intellectuels qu\u2019il d\u00e9veloppe sont pertinents ;&nbsp;<\/li>\n\n\n\n<li>l\u2019ancrage territorial : le projet pr\u00e9sente un lien fort avec les dynamiques et enjeux locaux, il n\u00e9cessite la venue du candidat aux \u00c9tats-Unis et sur le territoire choisi en particulier ;&nbsp;<\/li>\n\n\n\n<li>la faisabilit\u00e9 du projet\u202f: la Villa se r\u00e9serve le droit de ne pas accueillir des projets qu\u2019elle ne serait pas en mesure d\u2019accompagner.\u202f\u202f&nbsp;<\/li>\n<\/ul>\n\n\n\n<p>Par ailleurs, le candidat doit pouvoir s\u2019adapter aux \u00e9ventuelles contraintes du territoire o\u00f9 il envisage une r\u00e9sidence. Par exemple, il est fortement recommand\u00e9 de d\u00e9tenir le permis de conduire pour r\u00e9sider dans des villes \u00e9tendues comme Los Angeles.&nbsp;<\/p>\n\n\n\n<p><strong>Modalit\u00e9s de candidature\u202f<\/strong>\u202f&nbsp;<\/p>\n\n\n\n<p><strong>Les candidatures sont \u00e0 compl\u00e9ter sur la plateforme de l\u2019appel avant le 25 mars 2025 via <\/strong><a href=\"https:\/\/villaalbertinecallforapplication.wiin.io\/fr\/applications\/arts-in-the-age-of-ai-2026?programId=67a265f7f60e8313993195c6\" target=\"_blank\" rel=\"noreferrer noopener\"><strong>ce lien<\/strong><\/a><strong>.<\/strong>&nbsp;<\/p>\n\n\n\n<p>Le candidat devra notamment fournir :\u202f\u202f\u202f&nbsp;<\/p>\n\n\n\n<ul class=\"wp-block-list\">\n<li>un dossier de pr\u00e9sentation de son parcours et de son travail de moins de 10 pages justifiant de la pratique professionnelle de son activit\u00e9 dans le champ de l&rsquo;intelligence artificielle (Max 10 Mo) ;\u202f\u202f\u202f&nbsp;<\/li>\n\n\n\n<li>une courte vid\u00e9o de pr\u00e9sentation en anglais de son parcours et de son projet (vid\u00e9o d\u00e9j\u00e0 r\u00e9alis\u00e9e et disponible en ligne, ou enregistr\u00e9e pour l\u2019occasion, dans laquelle le candidat pourra, en 3 minutes maximum, se pr\u00e9senter simplement et dire quelques mots de son projet\u202f; il n\u2019est pas attendu de montage, mais une simple vid\u00e9o tourn\u00e9e face cam\u00e9ra o\u00f9 le candidat est bien visible). Cette vid\u00e9o permettra de t\u00e9moigner d\u2019une pratique courante de l\u2019anglais\u202f;\u202f\u202f&nbsp;<\/li>\n\n\n\n<li>un courrier adress\u00e9 \u00e0 M. Mohamed Bouabdallah,&nbsp; directeur de la Villa Albertine, sign\u00e9 par le partenaire fran\u00e7ais associ\u00e9 au projet. Ce courrier devra faire \u00e9tat de la mani\u00e8re dont le partenaire accompagnera la r\u00e9sidence.\u202f\u202f&nbsp;<\/li>\n<\/ul>\n\n\n\n<p>L&rsquo;ensemble doit \u00eatre renseign\u00e9 ou t\u00e9l\u00e9charg\u00e9 sur la <a href=\"https:\/\/villaalbertinecallforapplication.wiin.io\/fr\/\" target=\"_blank\" rel=\"noreferrer noopener\">plateforme d\u00e9di\u00e9e<\/a>. Toute candidature incompl\u00e8te ou non conforme, et\/ou toute candidature transmise par d\u2019autres canaux sera consid\u00e9r\u00e9e comme irrecevable. \u202fToute d\u00e9claration mensong\u00e8re entra\u00eenera de plein droit la nullit\u00e9 de la candidature.\u202f\u202f Un candidat ne peut soumettre qu&rsquo;une seule candidature par saison pour l&rsquo;appel <em>Arts in the Age of AI<\/em><em>.<\/em><em><\/em>&nbsp;<\/p>\n\n\n\n<p>Les candidatures \u00e9tant examin\u00e9es y compris par des experts anglophones, le candidat doit r\u00e9pondre en anglais aux questions du formulaire qui n\u00e9cessitent une r\u00e9daction.&nbsp;<\/p>\n\n\n\n<p>Le candidat est invit\u00e9 \u00e0 mentionner le territoire et la dur\u00e9e souhait\u00e9s pour la r\u00e9sidence (un mois minimum et deux mois maximum). La Villa se r\u00e9serve le droit de proposer une dur\u00e9e de r\u00e9sidence plus courte que celle souhait\u00e9e initialement par le candidat, ou un itin\u00e9raire adapt\u00e9 pour rendre le projet r\u00e9alisable.&nbsp;<\/p>\n\n\n\n<p><strong>Calendrier\u202f<\/strong>\u202f&nbsp;<\/p>\n\n\n\n<p><strong>25 mars 2025, 23h59 (heure fran\u00e7aise)<\/strong> : Cl\u00f4ture de l\u2019appel \u00e0 candidature\u202f\u202f&nbsp;<\/p>\n\n\n\n<p>Les candidatures sont \u00e0 d\u00e9poser en compl\u00e9tant le<strong> <a href=\"https:\/\/villaalbertinecallforapplication.wiin.io\/fr\/applications\/arts-in-the-age-of-ai-2026?programId=67a265f7f60e8313993195c6\">formulaire suivant<\/a>.&nbsp;<\/strong><\/p>\n\n\n\n<p>Il est vivement recommand\u00e9 de ne pas attendre la date limite pour soumettre votre candidature sur la plateforme afin d\u2019\u00e9viter les difficult\u00e9s de derni\u00e8re minute. Les dossiers de candidature peuvent \u00eatre cr\u00e9\u00e9s en amont et compl\u00e9t\u00e9s en plusieurs \u00e9tapes avant soumission finale.<\/p>\n\n\n\n<p>Le jury de la Villa Albertine est souverain et n\u2019a pas \u00e0 justifier ses d\u00e9cisions aupr\u00e8s des candidats. Les laur\u00e9ats seront annonc\u00e9s mi-juin 2025.&nbsp;&nbsp;&nbsp;<\/p>\n\n\n\n<p><strong>Contexte : u<\/strong><strong>n engagement renforc\u00e9 pour la cr\u00e9ation \u00e0 l\u2019\u00e8re de l\u2019IA<\/strong>&nbsp;<\/p>\n\n\n\n<p>Ce programme marque une nouvelle \u00e9tape dans l\u2019exploration du dialogue entre art et intelligence artificielle initi\u00e9 par la Villa Albertine, \u00e9tablissement relevant du Minist\u00e8re de l\u2019Europe et des Affaires \u00e9trang\u00e8res, et b\u00e9n\u00e9ficiant du soutien du Minist\u00e8re de la Culture. &nbsp;<\/p>\n\n\n\n<p>Depuis 2021, la Villa Albertine accompagne des cr\u00e9ateurs innovants dans leurs recherches aux Etats-Unis, comme le cin\u00e9aste Simon Bouisson, qui a explor\u00e9 l\u2019\u00e9criture cin\u00e9matographique assist\u00e9e par IA en Californie, ou l\u2019artiste Justine Emard, expos\u00e9e pendant le Sommet, qui rejoindra le MIT Media Lab \u00e0 Boston pour lier neurosciences, IA et cr\u00e9ation num\u00e9rique. En mai 2024, l\u2019\u00e9v\u00e9nement \u00ab Art in the Age of AI \u00bb a pos\u00e9 les bases d\u2019une r\u00e9flexion franco-am\u00e9ricaine autour de l\u2019IA dans la cr\u00e9ation en rassemblant, au si\u00e8ge de la Villa Albertine, divers acteurs cl\u00e9s parmi lesquels OpenAI, Google, l\u2019universit\u00e9 Paris Saclay, le Cleveland Museum of Art ou encore le Mus\u00e9e national d\u2019arch\u00e9ologie. Enfin, la Villa Albertine enrichit ce dialogue \u00e0 travers son magazine <em>States<\/em>, dont le troisi\u00e8me num\u00e9ro donne voix \u00e0 des personnalit\u00e9s influentes du d\u00e9bat transatlantique sur l\u2019IA telles qu\u2019Anne Bouverot, envoy\u00e9e sp\u00e9ciale du Pr\u00e9sident de la R\u00e9publique sur l\u2019IA, Mark Sureman pr\u00e9sident de la Mozilla Foundation, l\u2019\u00e9crivain Alain Damasio, ou Linda Powell pr\u00e9sidente du syndicat des acteurs SAG AFTRA.<strong>&nbsp;<\/strong>&nbsp;<\/p>\n\n\n\n<p><strong>\u00c0 propos des partenaires&nbsp;<\/strong>&nbsp;<\/p>\n\n\n\n<p><strong>Fidji Simo<\/strong>&nbsp;<\/p>\n\n\n\n<p>N\u00e9e \u00e0 S\u00e8te, Fidji Simo est pr\u00e9sidente directrice g\u00e9n\u00e9rale d\u2019Instacart, le leader nord-am\u00e9ricain des courses en ligne. Elle est \u00e9galement membre du conseil d\u2019administration d\u2019OpenAI et de Shopify, et ancienne Directrice de Facebook chez Meta, o\u00f9 elle a pass\u00e9 dix ans. Avec plus de 15 ans d\u2019exp\u00e9rience \u00e0 la t\u00eate d\u2019entreprises parmi les plus innovantes, Fidji Simo apporte \u00e0 ce programme de r\u00e9sidences sa compr\u00e9hension sp\u00e9cifique du r\u00f4le que la technologie peut jouer dans l\u2019\u00e9volution des usages \u00e0 l\u2019\u00e9chelle mondiale. Artiste elle-m\u00eame, elle nourrit \u00e9galement une passion pour le croisement de l\u2019art et de la technologie. Son m\u00e9c\u00e9nat permettra de donner vie \u00e0 cette opportunit\u00e9 unique pour huit r\u00e9sidents au cours des deux prochaines ann\u00e9es.&nbsp;<\/p>\n","protected":false},"featured_media":2490265,"menu_order":0,"template":"","app_discipline":[],"app_city_tax":[],"app_professional_category":[],"app_professional_content_type":[],"class_list":["post-2490245","app_professional","type-app_professional","status-publish","has-post-thumbnail","hentry"],"acf":[],"yoast_head":"<!-- This site is optimized with the Yoast SEO plugin v27.3 - https:\/\/yoast.com\/product\/yoast-seo-wordpress\/ -->\n<title>Appel \u00e0 candidatures pour des r\u00e9sidences \u00ab Arts in the age of AI \u00bb en 2026 sur la cr\u00e9ation \u00e0 l\u2019\u00e8re de l\u2019intelligence artificielle - Villa Albertine<\/title>\n<meta name=\"robots\" content=\"index, follow, max-snippet:-1, max-image-preview:large, max-video-preview:-1\" \/>\n<link rel=\"canonical\" href=\"https:\/\/villa-albertine.org\/va\/fr\/professionals\/appel-a-candidatures-pour-des-residences-arts-in-the-age-of-ai-en-2026-sur-la-creation-a-lere-de-lintelligence-artificielle\/\" \/>\n<meta property=\"og:locale\" content=\"fr_FR\" \/>\n<meta property=\"og:type\" content=\"article\" \/>\n<meta property=\"og:title\" content=\"Appel \u00e0 candidatures pour des r\u00e9sidences \u00ab Arts in the age of AI \u00bb en 2026 sur la cr\u00e9ation \u00e0 l\u2019\u00e8re de l\u2019intelligence artificielle - Villa Albertine\" \/>\n<meta property=\"og:description\" content=\"Entre janvier et d\u00e9cembre 2026, quatre cr\u00e9ateurs ou professionnels de la culture porteurs d\u2019un projet en lien avec l\u2019intelligence artificielle &nbsp;b\u00e9n\u00e9ficieront d&rsquo;une r\u00e9sidence de recherche et d\u2019exploration de deux mois sur le territoire am\u00e9ricain, accompagn\u00e9s par la Villa Albertine. Ce programme est destin\u00e9 \u00e0 se poursuivre en 2027 avec quatre r\u00e9sidences suppl\u00e9mentaires, portant \u00e0 huit...\" \/>\n<meta property=\"og:url\" content=\"https:\/\/villa-albertine.org\/va\/fr\/professionals\/appel-a-candidatures-pour-des-residences-arts-in-the-age-of-ai-en-2026-sur-la-creation-a-lere-de-lintelligence-artificielle\/\" \/>\n<meta property=\"og:site_name\" content=\"Villa Albertine\" \/>\n<meta property=\"article:modified_time\" content=\"2025-02-10T21:26:19+00:00\" \/>\n<meta property=\"og:image\" content=\"https:\/\/villa-albertine.org\/wp-content\/uploads\/2025\/02\/thumbnail_Screenshot-2025-01-17-at-4.23.08-PM.png\" \/>\n\t<meta property=\"og:image:width\" content=\"1020\" \/>\n\t<meta property=\"og:image:height\" content=\"586\" \/>\n\t<meta property=\"og:image:type\" content=\"image\/png\" \/>\n<meta name=\"twitter:card\" content=\"summary_large_image\" \/>\n<meta name=\"twitter:label1\" content=\"Dur\u00e9e de lecture estim\u00e9e\" \/>\n\t<meta name=\"twitter:data1\" content=\"11 minutes\" \/>\n<script type=\"application\/ld+json\" class=\"yoast-schema-graph\">{\"@context\":\"https:\\\/\\\/schema.org\",\"@graph\":[{\"@type\":\"WebPage\",\"@id\":\"https:\\\/\\\/villa-albertine.org\\\/va\\\/fr\\\/professionals\\\/appel-a-candidatures-pour-des-residences-arts-in-the-age-of-ai-en-2026-sur-la-creation-a-lere-de-lintelligence-artificielle\\\/\",\"url\":\"https:\\\/\\\/villa-albertine.org\\\/va\\\/fr\\\/professionals\\\/appel-a-candidatures-pour-des-residences-arts-in-the-age-of-ai-en-2026-sur-la-creation-a-lere-de-lintelligence-artificielle\\\/\",\"name\":\"Appel \u00e0 candidatures pour des r\u00e9sidences \u00ab Arts in the age of AI \u00bb en 2026 sur la cr\u00e9ation \u00e0 l\u2019\u00e8re de l\u2019intelligence artificielle - Villa Albertine\",\"isPartOf\":{\"@id\":\"https:\\\/\\\/villa-albertine.org\\\/va\\\/fr\\\/#website\"},\"primaryImageOfPage\":{\"@id\":\"https:\\\/\\\/villa-albertine.org\\\/va\\\/fr\\\/professionals\\\/appel-a-candidatures-pour-des-residences-arts-in-the-age-of-ai-en-2026-sur-la-creation-a-lere-de-lintelligence-artificielle\\\/#primaryimage\"},\"image\":{\"@id\":\"https:\\\/\\\/villa-albertine.org\\\/va\\\/fr\\\/professionals\\\/appel-a-candidatures-pour-des-residences-arts-in-the-age-of-ai-en-2026-sur-la-creation-a-lere-de-lintelligence-artificielle\\\/#primaryimage\"},\"thumbnailUrl\":\"https:\\\/\\\/villa-albertine.org\\\/wp-content\\\/uploads\\\/2025\\\/02\\\/thumbnail_Screenshot-2025-01-17-at-4.23.08-PM.png\",\"datePublished\":\"2025-02-04T19:01:59+00:00\",\"dateModified\":\"2025-02-10T21:26:19+00:00\",\"breadcrumb\":{\"@id\":\"https:\\\/\\\/villa-albertine.org\\\/va\\\/fr\\\/professionals\\\/appel-a-candidatures-pour-des-residences-arts-in-the-age-of-ai-en-2026-sur-la-creation-a-lere-de-lintelligence-artificielle\\\/#breadcrumb\"},\"inLanguage\":\"fr-FR\",\"potentialAction\":[{\"@type\":\"ReadAction\",\"target\":[\"https:\\\/\\\/villa-albertine.org\\\/va\\\/fr\\\/professionals\\\/appel-a-candidatures-pour-des-residences-arts-in-the-age-of-ai-en-2026-sur-la-creation-a-lere-de-lintelligence-artificielle\\\/\"]}]},{\"@type\":\"ImageObject\",\"inLanguage\":\"fr-FR\",\"@id\":\"https:\\\/\\\/villa-albertine.org\\\/va\\\/fr\\\/professionals\\\/appel-a-candidatures-pour-des-residences-arts-in-the-age-of-ai-en-2026-sur-la-creation-a-lere-de-lintelligence-artificielle\\\/#primaryimage\",\"url\":\"https:\\\/\\\/villa-albertine.org\\\/wp-content\\\/uploads\\\/2025\\\/02\\\/thumbnail_Screenshot-2025-01-17-at-4.23.08-PM.png\",\"contentUrl\":\"https:\\\/\\\/villa-albertine.org\\\/wp-content\\\/uploads\\\/2025\\\/02\\\/thumbnail_Screenshot-2025-01-17-at-4.23.08-PM.png\",\"width\":1020,\"height\":586},{\"@type\":\"BreadcrumbList\",\"@id\":\"https:\\\/\\\/villa-albertine.org\\\/va\\\/fr\\\/professionals\\\/appel-a-candidatures-pour-des-residences-arts-in-the-age-of-ai-en-2026-sur-la-creation-a-lere-de-lintelligence-artificielle\\\/#breadcrumb\",\"itemListElement\":[{\"@type\":\"ListItem\",\"position\":1,\"name\":\"Home\",\"item\":\"https:\\\/\\\/villa-albertine.org\\\/va\\\/fr\\\/home\\\/\"},{\"@type\":\"ListItem\",\"position\":2,\"name\":\"Appel \u00e0 candidatures pour des r\u00e9sidences \u00ab Arts in the age of AI \u00bb en 2026 sur la cr\u00e9ation \u00e0 l\u2019\u00e8re de l\u2019intelligence artificielle\"}]},{\"@type\":\"WebSite\",\"@id\":\"https:\\\/\\\/villa-albertine.org\\\/va\\\/fr\\\/#website\",\"url\":\"https:\\\/\\\/villa-albertine.org\\\/va\\\/fr\\\/\",\"name\":\"Villa Albertine\",\"description\":\"\",\"potentialAction\":[{\"@type\":\"SearchAction\",\"target\":{\"@type\":\"EntryPoint\",\"urlTemplate\":\"https:\\\/\\\/villa-albertine.org\\\/va\\\/fr\\\/?s={search_term_string}\"},\"query-input\":{\"@type\":\"PropertyValueSpecification\",\"valueRequired\":true,\"valueName\":\"search_term_string\"}}],\"inLanguage\":\"fr-FR\"}]}<\/script>\n<!-- \/ Yoast SEO plugin. -->","yoast_head_json":{"title":"Appel \u00e0 candidatures pour des r\u00e9sidences \u00ab Arts in the age of AI \u00bb en 2026 sur la cr\u00e9ation \u00e0 l\u2019\u00e8re de l\u2019intelligence artificielle - Villa Albertine","robots":{"index":"index","follow":"follow","max-snippet":"max-snippet:-1","max-image-preview":"max-image-preview:large","max-video-preview":"max-video-preview:-1"},"canonical":"https:\/\/villa-albertine.org\/va\/fr\/professionals\/appel-a-candidatures-pour-des-residences-arts-in-the-age-of-ai-en-2026-sur-la-creation-a-lere-de-lintelligence-artificielle\/","og_locale":"fr_FR","og_type":"article","og_title":"Appel \u00e0 candidatures pour des r\u00e9sidences \u00ab Arts in the age of AI \u00bb en 2026 sur la cr\u00e9ation \u00e0 l\u2019\u00e8re de l\u2019intelligence artificielle - Villa Albertine","og_description":"Entre janvier et d\u00e9cembre 2026, quatre cr\u00e9ateurs ou professionnels de la culture porteurs d\u2019un projet en lien avec l\u2019intelligence artificielle &nbsp;b\u00e9n\u00e9ficieront d&rsquo;une r\u00e9sidence de recherche et d\u2019exploration de deux mois sur le territoire am\u00e9ricain, accompagn\u00e9s par la Villa Albertine. Ce programme est destin\u00e9 \u00e0 se poursuivre en 2027 avec quatre r\u00e9sidences suppl\u00e9mentaires, portant \u00e0 huit...","og_url":"https:\/\/villa-albertine.org\/va\/fr\/professionals\/appel-a-candidatures-pour-des-residences-arts-in-the-age-of-ai-en-2026-sur-la-creation-a-lere-de-lintelligence-artificielle\/","og_site_name":"Villa Albertine","article_modified_time":"2025-02-10T21:26:19+00:00","og_image":[{"width":1020,"height":586,"url":"https:\/\/villa-albertine.org\/wp-content\/uploads\/2025\/02\/thumbnail_Screenshot-2025-01-17-at-4.23.08-PM.png","type":"image\/png"}],"twitter_card":"summary_large_image","twitter_misc":{"Dur\u00e9e de lecture estim\u00e9e":"11 minutes"},"schema":{"@context":"https:\/\/schema.org","@graph":[{"@type":"WebPage","@id":"https:\/\/villa-albertine.org\/va\/fr\/professionals\/appel-a-candidatures-pour-des-residences-arts-in-the-age-of-ai-en-2026-sur-la-creation-a-lere-de-lintelligence-artificielle\/","url":"https:\/\/villa-albertine.org\/va\/fr\/professionals\/appel-a-candidatures-pour-des-residences-arts-in-the-age-of-ai-en-2026-sur-la-creation-a-lere-de-lintelligence-artificielle\/","name":"Appel \u00e0 candidatures pour des r\u00e9sidences \u00ab Arts in the age of AI \u00bb en 2026 sur la cr\u00e9ation \u00e0 l\u2019\u00e8re de l\u2019intelligence artificielle - Villa Albertine","isPartOf":{"@id":"https:\/\/villa-albertine.org\/va\/fr\/#website"},"primaryImageOfPage":{"@id":"https:\/\/villa-albertine.org\/va\/fr\/professionals\/appel-a-candidatures-pour-des-residences-arts-in-the-age-of-ai-en-2026-sur-la-creation-a-lere-de-lintelligence-artificielle\/#primaryimage"},"image":{"@id":"https:\/\/villa-albertine.org\/va\/fr\/professionals\/appel-a-candidatures-pour-des-residences-arts-in-the-age-of-ai-en-2026-sur-la-creation-a-lere-de-lintelligence-artificielle\/#primaryimage"},"thumbnailUrl":"https:\/\/villa-albertine.org\/wp-content\/uploads\/2025\/02\/thumbnail_Screenshot-2025-01-17-at-4.23.08-PM.png","datePublished":"2025-02-04T19:01:59+00:00","dateModified":"2025-02-10T21:26:19+00:00","breadcrumb":{"@id":"https:\/\/villa-albertine.org\/va\/fr\/professionals\/appel-a-candidatures-pour-des-residences-arts-in-the-age-of-ai-en-2026-sur-la-creation-a-lere-de-lintelligence-artificielle\/#breadcrumb"},"inLanguage":"fr-FR","potentialAction":[{"@type":"ReadAction","target":["https:\/\/villa-albertine.org\/va\/fr\/professionals\/appel-a-candidatures-pour-des-residences-arts-in-the-age-of-ai-en-2026-sur-la-creation-a-lere-de-lintelligence-artificielle\/"]}]},{"@type":"ImageObject","inLanguage":"fr-FR","@id":"https:\/\/villa-albertine.org\/va\/fr\/professionals\/appel-a-candidatures-pour-des-residences-arts-in-the-age-of-ai-en-2026-sur-la-creation-a-lere-de-lintelligence-artificielle\/#primaryimage","url":"https:\/\/villa-albertine.org\/wp-content\/uploads\/2025\/02\/thumbnail_Screenshot-2025-01-17-at-4.23.08-PM.png","contentUrl":"https:\/\/villa-albertine.org\/wp-content\/uploads\/2025\/02\/thumbnail_Screenshot-2025-01-17-at-4.23.08-PM.png","width":1020,"height":586},{"@type":"BreadcrumbList","@id":"https:\/\/villa-albertine.org\/va\/fr\/professionals\/appel-a-candidatures-pour-des-residences-arts-in-the-age-of-ai-en-2026-sur-la-creation-a-lere-de-lintelligence-artificielle\/#breadcrumb","itemListElement":[{"@type":"ListItem","position":1,"name":"Home","item":"https:\/\/villa-albertine.org\/va\/fr\/home\/"},{"@type":"ListItem","position":2,"name":"Appel \u00e0 candidatures pour des r\u00e9sidences \u00ab Arts in the age of AI \u00bb en 2026 sur la cr\u00e9ation \u00e0 l\u2019\u00e8re de l\u2019intelligence artificielle"}]},{"@type":"WebSite","@id":"https:\/\/villa-albertine.org\/va\/fr\/#website","url":"https:\/\/villa-albertine.org\/va\/fr\/","name":"Villa Albertine","description":"","potentialAction":[{"@type":"SearchAction","target":{"@type":"EntryPoint","urlTemplate":"https:\/\/villa-albertine.org\/va\/fr\/?s={search_term_string}"},"query-input":{"@type":"PropertyValueSpecification","valueRequired":true,"valueName":"search_term_string"}}],"inLanguage":"fr-FR"}]}},"_links":{"self":[{"href":"https:\/\/villa-albertine.org\/va\/fr\/wp-json\/wp\/v2\/app_professional\/2490245","targetHints":{"allow":["GET"]}}],"collection":[{"href":"https:\/\/villa-albertine.org\/va\/fr\/wp-json\/wp\/v2\/app_professional"}],"about":[{"href":"https:\/\/villa-albertine.org\/va\/fr\/wp-json\/wp\/v2\/types\/app_professional"}],"wp:featuredmedia":[{"embeddable":true,"href":"https:\/\/villa-albertine.org\/va\/fr\/wp-json\/wp\/v2\/media\/2490265"}],"wp:attachment":[{"href":"https:\/\/villa-albertine.org\/va\/fr\/wp-json\/wp\/v2\/media?parent=2490245"}],"wp:term":[{"taxonomy":"app_discipline","embeddable":true,"href":"https:\/\/villa-albertine.org\/va\/fr\/wp-json\/wp\/v2\/app_discipline?post=2490245"},{"taxonomy":"app_city_tax","embeddable":true,"href":"https:\/\/villa-albertine.org\/va\/fr\/wp-json\/wp\/v2\/app_city_tax?post=2490245"},{"taxonomy":"app_professional_category","embeddable":true,"href":"https:\/\/villa-albertine.org\/va\/fr\/wp-json\/wp\/v2\/app_professional_category?post=2490245"},{"taxonomy":"app_professional_content_type","embeddable":true,"href":"https:\/\/villa-albertine.org\/va\/fr\/wp-json\/wp\/v2\/app_professional_content_type?post=2490245"}],"curies":[{"name":"wp","href":"https:\/\/api.w.org\/{rel}","templated":true}]}}