{"id":8875574,"date":"2026-04-24T19:04:58","date_gmt":"2026-04-24T19:04:58","guid":{"rendered":"https:\/\/villa-albertine.org\/va\/?post_type=app_job&#038;p=8875574"},"modified":"2026-04-28T16:25:15","modified_gmt":"2026-04-28T16:25:15","slug":"stagiaire-h-f-en-gestion-de-projets-culturels-et-educatifs-a-atlanta","status":"publish","type":"app_job","link":"https:\/\/villa-albertine.org\/va\/fr\/careers\/stagiaire-h-f-en-gestion-de-projets-culturels-et-educatifs-a-atlanta\/","title":{"rendered":"Stagiaire (H\/F) en gestion de projets culturels et \u00e9ducatifs \u00e0 Atlanta"},"content":{"rendered":"\n<p><strong>Le\/a stagiaire de l\u2019Institut Fran\u00e7ais des Etats-Unis -Villa Albertine accompagnera la mise en place de la programmation des projets culturels (arts visuels, livre, spectacle vivant, litt\u00e9rature, cin\u00e9ma, musique, num\u00e9rique), notamment en lien avec la Villa Albertine, et des projets universitaires et \u00e9ducatifs \u00e0 Atlanta.<\/strong><\/p>\n\n\n\n<ul class=\"wp-block-list\">\n<li><strong>Adresse:<\/strong> Consulat G\u00e9n\u00e9ral de France \u00e0 Atlanta \u2013 3399 Peachtree Road NE, Suite 567, Atlanta,&nbsp;GA 30326<\/li>\n\n\n\n<li><strong>Service:<\/strong> Institut fran\u00e7ais des Etats-Unis \u2013 Villa Albertine \u2013 Antenne d\u2019Atlanta<\/li>\n\n\n\n<li><strong>Nom du responsable du Stage (tuteur):<\/strong> M. Fabrice Rozi\u00e9, attach\u00e9 culturel \u2013 directeur de la Villa&nbsp;Albertine Atlanta<\/li>\n\n\n\n<li><strong>Dur\u00e9e du stage souhait\u00e9e :<\/strong> 5 mois&nbsp;<\/li>\n\n\n\n<li><strong>Date de d\u00e9but du stage souhait\u00e9e : <\/strong>1er septembre 2026<\/li>\n<\/ul>\n\n\n\n<p><\/p>\n\n\n\n<p><strong>I. Description de l\u2019institution :&nbsp;<\/strong><\/p>\n\n\n\n<p>La Villa Albertine, imagin\u00e9e par le Service Culturel de l\u2019Ambassade de France aux Etats-Unis, dont le si\u00e8ge se trouve \u00e0 New York, fait la promotion de la culture contemporaine aupr\u00e8s d\u2019institutions culturelles et acad\u00e9miques. Des antennes sont pr\u00e9sentes \u00e0 Atlanta, Boston, Chicago, Houston, Miami, Los Angeles, Nouvelle-Orl\u00e9ans, Washington et San Francisco.&nbsp;<\/p>\n\n\n\n<p><strong>II. Gratification :&nbsp;<\/strong><\/p>\n\n\n\n<ul class=\"wp-block-list\">\n<li>Montant minimum l\u00e9gal en vigueur en France (15% du plafond horaire de la s\u00e9curit\u00e9 sociale).&nbsp;<\/li>\n\n\n\n<li>Indemnit\u00e9 de Transport Mensuelle de 120$ (vers\u00e9 en euros au taux de chancellerie applicable)&nbsp;<\/li>\n<\/ul>\n\n\n\n<p><strong>III. Description du poste :&nbsp;<\/strong><\/p>\n\n\n\n<p>Le\/la stagiaire aura la charge d\u2019assister l\u2019attach\u00e9 culturel et la charg\u00e9e de mission sur les projets culturels et \u00e9ducatifs de la circonscription.&nbsp;<\/p>\n\n\n\n<p><strong>IV. Missions propos\u00e9es :&nbsp;<\/strong><\/p>\n\n\n\n<p>Au sein du l\u2019antenne de la Villa Albertine Atlanta h\u00e9berg\u00e9e au Consulat g\u00e9n\u00e9ral de France \u00e0&nbsp;Atlanta, le\/ la stagiaire aura en particulier pour t\u00e2ches de :&nbsp;<\/p>\n\n\n\n<ul class=\"wp-block-list\">\n<li>Participer \u00e0 la mise en place des projets d&rsquo;action et de coop\u00e9ration culturelles de la Villa&nbsp;Albertine \u00e0 Atlanta de septembre 2026 \u00e0 janvier 2027, notamment \u00e0 l\u2019occasion de la Saison&nbsp;France-Atlanta du 17 septembre au 15 novembre 2026.&nbsp;<\/li>\n\n\n\n<li>Assister \u00e0 la communication pour la mise en valeur des \u00e9v\u00e9nements et de la programmation&nbsp;du second semestre 2026 : r\u00e9daction et mise en page des newsletters, communication web,&nbsp;r\u00e9seaux sociaux et r\u00e9daction et mise en page \u00e9ventuelle de supports imprim\u00e9s.&nbsp;<\/li>\n\n\n\n<li>R\u00e9aliser la veille et les recherches pour l\u2019accompagnement des r\u00e9sidents du programme de&nbsp;r\u00e9sidences de la Villa Albertine, et les r\u00e9flexions du poste sur le paysage culturel,&nbsp;universitaire et artistique de la circonscription (r\u00e9daction de notes, veille m\u00e9diatique, prise&nbsp;de contacts avec des partenaires am\u00e9ricains).&nbsp;<\/li>\n\n\n\n<li>Aider au montage des projets d&rsquo;action et de coop\u00e9ration culturelles de 2027 de la Villa&nbsp;Albertine \u00e0 Atlanta : mise en place de projets \u00ab Film on the Green \u00bb, d\u00e9veloppement de la&nbsp;communaut\u00e9 \u00e9ducative de la Villa Albertine, r\u00e9daction de notes.&nbsp;<\/li>\n\n\n\n<li>Soutenir les activit\u00e9s \u00e9v\u00e9nementielles et notamment les besoins logistiques vari\u00e9es,&nbsp;notamment \u00e0 l\u2019occasion de l\u2019accueil de l\u2019exposition \u00ab En Route : Views from Atlanta and&nbsp;Marseille \u00bb \u00e0 Emory University<\/li>\n\n\n\n<li>Pour la r\u00e9alisation de ces missions, il\/ elle collaborera \u00e9troitement avec\u202f: l\u2019attach\u00e9 culturel, directeur de la Villa Albertine \u00e0 Atlanta, la charg\u00e9e de projets culturels, la charg\u00e9e de mission \u00e9ducative et linguistique<\/li>\n<\/ul>\n\n\n\n<p><strong>V. Profil recherch\u00e9 :&nbsp;<\/strong><\/p>\n\n\n\n<ul class=\"wp-block-list\">\n<li><strong>Niveau d\u2019\u00e9tude :<\/strong> niveau Master 1 ou 2, ann\u00e9e de c\u00e9sure entre la licence et le master envisageable&nbsp;<\/li>\n\n\n\n<li><strong>Cursus\/fili\u00e8re :<\/strong> gestion des entreprises culturelles, sciences politiques, culture et patrimoine,&nbsp; m\u00e9diation culturelle, sciences humaines et sociales&nbsp;<\/li>\n\n\n\n<li><strong>Comp\u00e9tences techniques n\u00e9cessaires : <\/strong>comp\u00e9tence r\u00e9dactionnelle, ma\u00eetrise de la suite office&nbsp; (Excel et power point notamment), familiarit\u00e9 avec les outils de communication (MailChimp, r\u00e9seaux sociaux, backend web), ma\u00eetrise des outils de cr\u00e9ation multim\u00e9dia (Canva, Photoshop&nbsp; etc.)&nbsp;<\/li>\n\n\n\n<li><strong>Qualit\u00e9s personnelles requises :<\/strong> sens de l\u2019initiative, de l\u2019organisation, esprit d\u2019\u00e9quipe, capacit\u00e9s&nbsp; d\u2019adaptation, curiosit\u00e9, autonomie, aisance \u00e0 l\u2019oral&nbsp;<\/li>\n\n\n\n<li><strong>Comp\u00e9tences linguistiques n\u00e9cessaires :<\/strong> niveau avanc\u00e9 en anglais oral et \u00e9crit<\/li>\n<\/ul>\n\n\n\n<p><\/p>\n\n\n\n<p><strong>VI. IMPORTANT&nbsp;<\/strong>: <\/p>\n\n\n\n<ul class=\"wp-block-list\">\n<li>Le\/la candidat.e devra imp\u00e9rativement \u00eatre inscrit pour l\u2019ann\u00e9e en cours dans un \u00e9tablissement conventionn\u00e9 et devra pouvoir nous fournir une convention couvrant toute la dur\u00e9e du stage.&nbsp;<\/li>\n\n\n\n<li>Le\/la candidat.e doit \u00eatre en possession d\u2019un passeport valide au moins jusqu\u2019\u00e0 6 mois apr\u00e8s la date de fin du stage.<\/li>\n\n\n\n<li>Il\/Elle devra s\u2019assurer des d\u00e9marches li\u00e9es \u00e0 l\u2019obtention d\u2019un visa de stage \u00e0 l\u2019Ambassade des Etats-Unis \u00e0 Paris avec avec l\u2019appui de l\u2019IFEU-VA&nbsp;<\/li>\n\n\n\n<li>Stage gratifi\u00e9 aux conditions l\u00e9gales en vigueur en France \u00e0 laquelle s\u2019ajoute une indemnit\u00e9&nbsp; forfaitaire de $120 par mois pour les frais de transports (m\u00e9tro, bus).<\/li>\n\n\n\n<li>Assurance obligatoire \u201crapatriement\u201d et \u201cresponsabilit\u00e9 civile\u201d, \u00e0 souscrire avant de venir.<\/li>\n\n\n\n<li>Recrutement conditionn\u00e9 \u00e0 l\u2019obtention d\u2019un visa A2 qui peut \u00eatre obtenu aupr\u00e8s de&nbsp;l\u2019ambassade des Etats-Unis \u00e0 Paris avant le d\u00e9part avec l\u2019appui de l\u2019IFEU-VA (d\u00e9lais \u00e0&nbsp; prendre en compte).&nbsp;<\/li>\n\n\n\n<li>Attention au co\u00fbt de la vie particuli\u00e8rement \u00e9lev\u00e9e aux Etats-Unis.<\/li>\n<\/ul>\n\n\n\n<p><strong>Date limite de candidature :<\/strong> 23 mai 2026<\/p>\n\n\n\n<p>Les candidat.e.s int\u00e9ress\u00e9.e.s doivent envoyer CV + lettre de motivation en fran\u00e7ais adress\u00e9s&nbsp; \u00e0 Fabrice Rozi\u00e9, Directeur, Villa Albertine Atlanta par mail \u00e0 <a href=\"mailto:fabrice.rozie@villa-albertine.org\">fabrice.rozie@villa-albertine.org<\/a> avec&nbsp; copie \u00e0 <a href=\"mailto:emilie.georget@villa-albertine.org\">emilie.georget@villa-albertine.org<\/a>&nbsp;<\/p>\n\n\n\n<p>L\u2019objet du mail doit comporter l\u2019intitul\u00e9 \u00ab Villa Albertine Atlanta \u2013 candidature stage \u00bb<\/p>\n","protected":false},"featured_media":0,"menu_order":0,"template":"","app_city_tax":[268],"app_department":[],"class_list":["post-8875574","app_job","type-app_job","status-publish","hentry","app_city_tax-atl-fr"],"acf":[],"yoast_head":"<!-- This site is optimized with the Yoast SEO plugin v27.3 - https:\/\/yoast.com\/product\/yoast-seo-wordpress\/ -->\n<title>Stagiaire (H\/F) en gestion de projets culturels et \u00e9ducatifs \u00e0 Atlanta - Villa Albertine<\/title>\n<meta name=\"robots\" content=\"index, follow, max-snippet:-1, max-image-preview:large, max-video-preview:-1\" \/>\n<link rel=\"canonical\" href=\"https:\/\/villa-albertine.org\/va\/fr\/careers\/stagiaire-h-f-en-gestion-de-projets-culturels-et-educatifs-a-atlanta\/\" \/>\n<meta property=\"og:locale\" content=\"fr_FR\" \/>\n<meta property=\"og:type\" content=\"article\" \/>\n<meta property=\"og:title\" content=\"Stagiaire (H\/F) en gestion de projets culturels et \u00e9ducatifs \u00e0 Atlanta - Villa Albertine\" \/>\n<meta property=\"og:description\" content=\"Le\/a stagiaire de l\u2019Institut Fran\u00e7ais des Etats-Unis -Villa Albertine accompagnera la mise en place de la programmation des projets culturels (arts visuels, livre, spectacle vivant, litt\u00e9rature, cin\u00e9ma, musique, num\u00e9rique), notamment en lien avec la Villa Albertine, et des projets universitaires et \u00e9ducatifs \u00e0 Atlanta. I. Description de l\u2019institution :&nbsp; La Villa Albertine, imagin\u00e9e par le...\" \/>\n<meta property=\"og:url\" content=\"https:\/\/villa-albertine.org\/va\/fr\/careers\/stagiaire-h-f-en-gestion-de-projets-culturels-et-educatifs-a-atlanta\/\" \/>\n<meta property=\"og:site_name\" content=\"Villa Albertine\" \/>\n<meta property=\"article:modified_time\" content=\"2026-04-28T16:25:15+00:00\" \/>\n<meta name=\"twitter:card\" content=\"summary_large_image\" \/>\n<meta name=\"twitter:label1\" content=\"Dur\u00e9e de lecture estim\u00e9e\" \/>\n\t<meta name=\"twitter:data1\" content=\"4 minutes\" \/>\n<script type=\"application\/ld+json\" class=\"yoast-schema-graph\">{\"@context\":\"https:\\\/\\\/schema.org\",\"@graph\":[{\"@type\":\"WebPage\",\"@id\":\"https:\\\/\\\/villa-albertine.org\\\/va\\\/fr\\\/careers\\\/stagiaire-h-f-en-gestion-de-projets-culturels-et-educatifs-a-atlanta\\\/\",\"url\":\"https:\\\/\\\/villa-albertine.org\\\/va\\\/fr\\\/careers\\\/stagiaire-h-f-en-gestion-de-projets-culturels-et-educatifs-a-atlanta\\\/\",\"name\":\"Stagiaire (H\\\/F) en gestion de projets culturels et \u00e9ducatifs \u00e0 Atlanta - Villa Albertine\",\"isPartOf\":{\"@id\":\"https:\\\/\\\/villa-albertine.org\\\/va\\\/fr\\\/#website\"},\"datePublished\":\"2026-04-24T19:04:58+00:00\",\"dateModified\":\"2026-04-28T16:25:15+00:00\",\"breadcrumb\":{\"@id\":\"https:\\\/\\\/villa-albertine.org\\\/va\\\/fr\\\/careers\\\/stagiaire-h-f-en-gestion-de-projets-culturels-et-educatifs-a-atlanta\\\/#breadcrumb\"},\"inLanguage\":\"fr-FR\",\"potentialAction\":[{\"@type\":\"ReadAction\",\"target\":[\"https:\\\/\\\/villa-albertine.org\\\/va\\\/fr\\\/careers\\\/stagiaire-h-f-en-gestion-de-projets-culturels-et-educatifs-a-atlanta\\\/\"]}]},{\"@type\":\"BreadcrumbList\",\"@id\":\"https:\\\/\\\/villa-albertine.org\\\/va\\\/fr\\\/careers\\\/stagiaire-h-f-en-gestion-de-projets-culturels-et-educatifs-a-atlanta\\\/#breadcrumb\",\"itemListElement\":[{\"@type\":\"ListItem\",\"position\":1,\"name\":\"Home\",\"item\":\"https:\\\/\\\/villa-albertine.org\\\/va\\\/fr\\\/home\\\/\"},{\"@type\":\"ListItem\",\"position\":2,\"name\":\"Stagiaire (H\\\/F) en gestion de projets culturels et \u00e9ducatifs \u00e0 Atlanta\"}]},{\"@type\":\"WebSite\",\"@id\":\"https:\\\/\\\/villa-albertine.org\\\/va\\\/fr\\\/#website\",\"url\":\"https:\\\/\\\/villa-albertine.org\\\/va\\\/fr\\\/\",\"name\":\"Villa Albertine\",\"description\":\"\",\"potentialAction\":[{\"@type\":\"SearchAction\",\"target\":{\"@type\":\"EntryPoint\",\"urlTemplate\":\"https:\\\/\\\/villa-albertine.org\\\/va\\\/fr\\\/?s={search_term_string}\"},\"query-input\":{\"@type\":\"PropertyValueSpecification\",\"valueRequired\":true,\"valueName\":\"search_term_string\"}}],\"inLanguage\":\"fr-FR\"}]}<\/script>\n<!-- \/ Yoast SEO plugin. -->","yoast_head_json":{"title":"Stagiaire (H\/F) en gestion de projets culturels et \u00e9ducatifs \u00e0 Atlanta - Villa Albertine","robots":{"index":"index","follow":"follow","max-snippet":"max-snippet:-1","max-image-preview":"max-image-preview:large","max-video-preview":"max-video-preview:-1"},"canonical":"https:\/\/villa-albertine.org\/va\/fr\/careers\/stagiaire-h-f-en-gestion-de-projets-culturels-et-educatifs-a-atlanta\/","og_locale":"fr_FR","og_type":"article","og_title":"Stagiaire (H\/F) en gestion de projets culturels et \u00e9ducatifs \u00e0 Atlanta - Villa Albertine","og_description":"Le\/a stagiaire de l\u2019Institut Fran\u00e7ais des Etats-Unis -Villa Albertine accompagnera la mise en place de la programmation des projets culturels (arts visuels, livre, spectacle vivant, litt\u00e9rature, cin\u00e9ma, musique, num\u00e9rique), notamment en lien avec la Villa Albertine, et des projets universitaires et \u00e9ducatifs \u00e0 Atlanta. I. Description de l\u2019institution :&nbsp; La Villa Albertine, imagin\u00e9e par le...","og_url":"https:\/\/villa-albertine.org\/va\/fr\/careers\/stagiaire-h-f-en-gestion-de-projets-culturels-et-educatifs-a-atlanta\/","og_site_name":"Villa Albertine","article_modified_time":"2026-04-28T16:25:15+00:00","twitter_card":"summary_large_image","twitter_misc":{"Dur\u00e9e de lecture estim\u00e9e":"4 minutes"},"schema":{"@context":"https:\/\/schema.org","@graph":[{"@type":"WebPage","@id":"https:\/\/villa-albertine.org\/va\/fr\/careers\/stagiaire-h-f-en-gestion-de-projets-culturels-et-educatifs-a-atlanta\/","url":"https:\/\/villa-albertine.org\/va\/fr\/careers\/stagiaire-h-f-en-gestion-de-projets-culturels-et-educatifs-a-atlanta\/","name":"Stagiaire (H\/F) en gestion de projets culturels et \u00e9ducatifs \u00e0 Atlanta - Villa Albertine","isPartOf":{"@id":"https:\/\/villa-albertine.org\/va\/fr\/#website"},"datePublished":"2026-04-24T19:04:58+00:00","dateModified":"2026-04-28T16:25:15+00:00","breadcrumb":{"@id":"https:\/\/villa-albertine.org\/va\/fr\/careers\/stagiaire-h-f-en-gestion-de-projets-culturels-et-educatifs-a-atlanta\/#breadcrumb"},"inLanguage":"fr-FR","potentialAction":[{"@type":"ReadAction","target":["https:\/\/villa-albertine.org\/va\/fr\/careers\/stagiaire-h-f-en-gestion-de-projets-culturels-et-educatifs-a-atlanta\/"]}]},{"@type":"BreadcrumbList","@id":"https:\/\/villa-albertine.org\/va\/fr\/careers\/stagiaire-h-f-en-gestion-de-projets-culturels-et-educatifs-a-atlanta\/#breadcrumb","itemListElement":[{"@type":"ListItem","position":1,"name":"Home","item":"https:\/\/villa-albertine.org\/va\/fr\/home\/"},{"@type":"ListItem","position":2,"name":"Stagiaire (H\/F) en gestion de projets culturels et \u00e9ducatifs \u00e0 Atlanta"}]},{"@type":"WebSite","@id":"https:\/\/villa-albertine.org\/va\/fr\/#website","url":"https:\/\/villa-albertine.org\/va\/fr\/","name":"Villa Albertine","description":"","potentialAction":[{"@type":"SearchAction","target":{"@type":"EntryPoint","urlTemplate":"https:\/\/villa-albertine.org\/va\/fr\/?s={search_term_string}"},"query-input":{"@type":"PropertyValueSpecification","valueRequired":true,"valueName":"search_term_string"}}],"inLanguage":"fr-FR"}]}},"_links":{"self":[{"href":"https:\/\/villa-albertine.org\/va\/fr\/wp-json\/wp\/v2\/app_job\/8875574","targetHints":{"allow":["GET"]}}],"collection":[{"href":"https:\/\/villa-albertine.org\/va\/fr\/wp-json\/wp\/v2\/app_job"}],"about":[{"href":"https:\/\/villa-albertine.org\/va\/fr\/wp-json\/wp\/v2\/types\/app_job"}],"wp:attachment":[{"href":"https:\/\/villa-albertine.org\/va\/fr\/wp-json\/wp\/v2\/media?parent=8875574"}],"wp:term":[{"taxonomy":"app_city_tax","embeddable":true,"href":"https:\/\/villa-albertine.org\/va\/fr\/wp-json\/wp\/v2\/app_city_tax?post=8875574"},{"taxonomy":"app_department","embeddable":true,"href":"https:\/\/villa-albertine.org\/va\/fr\/wp-json\/wp\/v2\/app_department?post=8875574"}],"curies":[{"name":"wp","href":"https:\/\/api.w.org\/{rel}","templated":true}]}}