{"id":63667,"date":"2022-03-04T00:31:56","date_gmt":"2022-03-04T00:31:56","guid":{"rendered":"https:\/\/villa-albertine.org\/events\/french-comedy-club-presents-weekend-french-comedy-fine-arts-theater-2\/"},"modified":"2023-08-23T08:10:53","modified_gmt":"2023-08-23T08:10:53","slug":"french-comedy-club-presents-weekend-french-comedy-fine-arts-theater","status":"publish","type":"app_event","link":"https:\/\/villa-albertine.org\/va\/fr\/events\/french-comedy-club-presents-weekend-french-comedy-fine-arts-theater\/","title":{"rendered":"Le French Comedy Club pr\u00e9sente : Un weekend de com\u00e9dies fran\u00e7aises au Fine Arts Theater"},"content":{"rendered":"<h3><strong>En exclusivit\u00e9 aux Etats-Unis!\u00a0<\/strong><\/h3>\n\n<p>Le programme comprendra quatre nouvelles com\u00e9dies fran\u00e7aises, pr\u00e9sent\u00e9es au Fine Arts Theater \u00e0 Los Angeles. Tous les films seront projet\u00e9s en fran\u00e7ais avec sous-titres anglais. En exclusivit\u00e9 aux Etats-Unis !\u00a0<\/p><h3><strong>Programme :\u00a0<\/strong><\/h3><p><strong>Samedi 2 avril | 16h<\/strong><br \/><em>Maison de retraite<\/em><br \/>\nR\u00e9alis\u00e9 par Thomas Gilou<br \/>\nAvec Kev Adams, G\u00e9rard Depardieu, Daniel Pr\u00e9vost<\/p>\n\n<p>Afin d\u2019\u00e9viter la case prison, Milann, 30 ans, est contraint d\u2019effectuer 300 heures de travaux d\u2019int\u00e9r\u00eats g\u00e9n\u00e9raux dans une maison de retraite, Les Mimosas. Ses premi\u00e8res semaines sont un v\u00e9ritable enfer ! Mais il se fait rapidement adopter par les retrait\u00e9s, en particulier par une bande de 7 ins\u00e9parables qui lui apprennent, chacun \u00e0 leur mani\u00e8re, leur vision de la vie. Au fil des semaines, Milann d\u00e9couvre que l\u2019\u00e9tablissement profite de la vuln\u00e9rabilit\u00e9 de ses pensionnaires pour les arnaquer. Il d\u00e9cide alors d\u2019organiser une grande \u00e9vasion, mais il n\u2019est pas au bout de ses peines&#8230;<\/p>\n\n<p><strong>Regardez la <\/strong><a href=\"https:\/\/www.youtube.com\/watch?v=_UUisidllnM&amp;feature=emb_imp_woyt\"><strong>bande-annonce<\/strong><\/a><strong> !<br \/>\nPlace : 10$ | R\u00e9servez vos billets\u00a0<\/strong><a href=\"https:\/\/app.formovietickets.com\/index.html?id=screeningservicesgroup\"><strong>ici<\/strong><\/a><\/p>\n<figure class=\"wp-block-image size-full\">\n\t<img loading=\"lazy\" decoding=\"async\" width=\"1023\" height=\"661\" src=\"https:\/\/villa-albertine.org\/wp-content\/uploads\/2023\/08\/maison-de-retraite.jpg\" class=\"attachment-full size-full\" alt=\"\" srcset=\"https:\/\/villa-albertine.org\/wp-content\/uploads\/2023\/08\/maison-de-retraite.jpg 1023w, https:\/\/villa-albertine.org\/wp-content\/uploads\/2023\/08\/maison-de-retraite-300x194.jpg 300w, https:\/\/villa-albertine.org\/wp-content\/uploads\/2023\/08\/maison-de-retraite-768x496.jpg 768w\" sizes=\"auto, (max-width: 1023px) 100vw, 1023px\" \/>\n\t\t\t<figcaption>\n\t\t\t<p>Maison de retraite<\/p>\n\t\t<\/figcaption>\n\t<\/figure>\n<p><strong>Samedi 2 avril | 19h<\/strong><br \/><em>Super-H\u00e9ros Malgr\u00e9 Lui<\/em><br \/>\nR\u00e9alis\u00e9 par Philippe Lacheau<br \/>\nAvec Philippe Lacheau, Julien Arruti, Tarek Boudali, Elodie Fontan<\/p>\n\n<p>Apprenti com\u00e9dien en gal\u00e8re, C\u00e9dric d\u00e9croche enfin son premier r\u00f4le dans un film de super-h\u00e9ros. Un soir, alors qu&rsquo;il emprunte la voiture de tournage, il est victime d&rsquo;un accident qui lui fait perdre la m\u00e9moire. A son r\u00e9veil, v\u00eatu de son costume de justicier et au milieu des accessoires du film, il est persuad\u00e9 d&rsquo;\u00eatre devenu le personnage du film avec une mission p\u00e9rilleuse \u00e0 accomplir. Mais n&rsquo;est pas h\u00e9ros et encore moins super-h\u00e9ros qui veut&#8230; Et encore moins C\u00e9dric.<\/p>\n\n<p><strong>Regardez la <\/strong><a href=\"https:\/\/www.youtube.com\/watch?v=g0cqDn4alKc&amp;feature=emb_imp_woyt\"><strong>bande-annonce<\/strong><\/a><strong> !\u00a0<br \/>\nPlace : 10$ | R\u00e9servez vos billets <\/strong><a href=\"https:\/\/app.formovietickets.com\/index.html?id=screeningservicesgroup\"><strong>ici<\/strong><\/a><\/p>\n<figure class=\"wp-block-image size-full\">\n\t<img loading=\"lazy\" decoding=\"async\" width=\"1024\" height=\"576\" src=\"https:\/\/villa-albertine.org\/wp-content\/uploads\/2023\/08\/super-heros-malgre-lui.jpg\" class=\"attachment-full size-full\" alt=\"\" srcset=\"https:\/\/villa-albertine.org\/wp-content\/uploads\/2023\/08\/super-heros-malgre-lui.jpg 1024w, https:\/\/villa-albertine.org\/wp-content\/uploads\/2023\/08\/super-heros-malgre-lui-300x169.jpg 300w, https:\/\/villa-albertine.org\/wp-content\/uploads\/2023\/08\/super-heros-malgre-lui-768x432.jpg 768w\" sizes=\"auto, (max-width: 1024px) 100vw, 1024px\" \/>\n\t\t\t<figcaption>\n\t\t\t<p>Super-h\u00e9ros malgr\u00e9 lui<\/p>\n\t\t<\/figcaption>\n\t<\/figure>\n<p><strong>Dimanche 3 avril | 16h<\/strong><br \/><em>Les Tuche 4<\/em><br \/>\nR\u00e9alis\u00e9 par Olivier Baroux<br \/>\nAvec Jean-Paul Rouve, Isabelle Nanty, Michel Blanc<\/p>\n\n<p>Apr\u00e8s avoir d\u00e9missionn\u00e9 de son poste de pr\u00e9sident de la r\u00e9publique, Jeff et sa famille sont heureux de retrouver leur village de Bouzolles. A l\u2019approche des f\u00eates de fin d\u2019ann\u00e9e, Cathy demande un unique cadeau : renouer les liens avec sa s\u0153ur Maguy, et son mari Jean-Yves avec qui Jeff est f\u00e2ch\u00e9 depuis 10 ans. La r\u00e9conciliation aurait pu se d\u00e9rouler sans probl\u00e8me, sauf que lors d\u2019un d\u00e9jeuner, Jeff et Jean-Yves, vont une nouvelle fois trouver un sujet de discorde : NO\u00cbL. Cette querelle familiale qui n\u2019aurait jamais d\u00fb sortir de Bouzolles va se transformer en bras de fer entre Jeff et un g\u00e9ant de la distribution sur Internet.<\/p>\n\n<p><strong>Regardez la <\/strong><a href=\"https:\/\/www.youtube.com\/watch?v=MXtAyqee7aQ&amp;feature=emb_logo\"><strong>bande-annonce<\/strong><\/a><strong> !\u00a0<br \/>\nPlace : 10$ | R\u00e9servez vos billets <\/strong><a href=\"https:\/\/app.formovietickets.com\/index.html?id=screeningservicesgroup\"><strong>ici<\/strong><\/a><\/p>\n<figure class=\"wp-block-image size-full\">\n\t<img loading=\"lazy\" decoding=\"async\" width=\"1023\" height=\"556\" src=\"https:\/\/villa-albertine.org\/wp-content\/uploads\/2023\/08\/les-tuche-4.jpg\" class=\"attachment-full size-full\" alt=\"\" srcset=\"https:\/\/villa-albertine.org\/wp-content\/uploads\/2023\/08\/les-tuche-4.jpg 1023w, https:\/\/villa-albertine.org\/wp-content\/uploads\/2023\/08\/les-tuche-4-300x163.jpg 300w, https:\/\/villa-albertine.org\/wp-content\/uploads\/2023\/08\/les-tuche-4-768x417.jpg 768w\" sizes=\"auto, (max-width: 1023px) 100vw, 1023px\" \/>\n\t\t\t<figcaption>\n\t\t\t<p>Les Tuche 4<\/p>\n\t\t<\/figcaption>\n\t<\/figure>\n<p><strong>Dimanche 3 avril | 19h<\/strong><br \/><em>Les Vedettes<\/em><br \/>\nR\u00e9alis\u00e9 par Jonathan Barr\u00e9<br \/>\nAvec Gr\u00e9goire Ludig, David Marsais<\/p>\n\n<p>Daniel, un chanteur rat\u00e9, travaille dans un magasin d\u2019\u00e9lectrom\u00e9nager. Pr\u00eat \u00e0 tout pour rembourser ses dettes et se retrouver sous le feu des projecteurs, il d\u00e9cide d\u2019utiliser St\u00e9phane, un coll\u00e8gue na\u00eff et pr\u00e9tentieux, pour participer \u00e0 des jeux t\u00e9l\u00e9vis\u00e9s. Alors oui tout les oppose, non \u00e7a ne sera pas de tout repos, mais Daniel et St\u00e9phane sont plein de ressources\u2026<\/p>\n\n<p><strong>Regardez la <\/strong><a href=\"https:\/\/www.youtube.com\/watch?v=9UZpig7UI5k&amp;feature=emb_imp_woyt\"><strong>bande-annonce<\/strong><\/a><strong> !<br \/>\nPlace : 10$ | R\u00e9servez vos billets <\/strong><a href=\"https:\/\/app.formovietickets.com\/index.html?id=screeningservicesgroup\"><strong>ici<\/strong><\/a><\/p>\n<figure class=\"wp-block-image size-full\">\n\t<img loading=\"lazy\" decoding=\"async\" width=\"1024\" height=\"576\" src=\"https:\/\/villa-albertine.org\/wp-content\/uploads\/2023\/08\/les-vedettes2028129.jpg\" class=\"attachment-full size-full\" alt=\"\" srcset=\"https:\/\/villa-albertine.org\/wp-content\/uploads\/2023\/08\/les-vedettes2028129.jpg 1024w, https:\/\/villa-albertine.org\/wp-content\/uploads\/2023\/08\/les-vedettes2028129-300x169.jpg 300w, https:\/\/villa-albertine.org\/wp-content\/uploads\/2023\/08\/les-vedettes2028129-768x432.jpg 768w\" sizes=\"auto, (max-width: 1024px) 100vw, 1024px\" \/>\n\t\t\t<figcaption>\n\t\t\t<p>Les Vedettes<\/p>\n\t\t<\/figcaption>\n\t<\/figure>\n<p><strong>Pour plus d\u2019informations sur les projections, visitez le <\/strong><a href=\"https:\/\/www.thefrenchcomedyclub.com\/\"><strong>site<\/strong><\/a><strong> du French Comedy Club.<\/strong><\/p>","protected":false},"featured_media":59995,"menu_order":0,"template":"","app_discipline":[266],"app_city_tax":[267],"app_event_type":[287],"class_list":["post-63667","app_event","type-app_event","status-publish","has-post-thumbnail","hentry","app_discipline-cinema-fr","app_city_tax-la-fr","app_event_type-film-fr"],"acf":[],"yoast_head":"<!-- This site is optimized with the Yoast SEO plugin v27.3 - https:\/\/yoast.com\/product\/yoast-seo-wordpress\/ -->\n<title>Le French Comedy Club pr\u00e9sente : Un weekend de com\u00e9dies fran\u00e7aises au Fine Arts Theater - Villa Albertine<\/title>\n<meta name=\"robots\" content=\"index, follow, max-snippet:-1, max-image-preview:large, max-video-preview:-1\" \/>\n<link rel=\"canonical\" href=\"https:\/\/villa-albertine.org\/va\/fr\/events\/french-comedy-club-presents-weekend-french-comedy-fine-arts-theater\/\" \/>\n<meta property=\"og:locale\" content=\"fr_FR\" \/>\n<meta property=\"og:type\" content=\"article\" \/>\n<meta property=\"og:title\" content=\"Le French Comedy Club pr\u00e9sente : Un weekend de com\u00e9dies fran\u00e7aises au Fine Arts Theater - Villa Albertine\" \/>\n<meta property=\"og:description\" content=\"En exclusivit\u00e9 aux Etats-Unis!\u00a0 Le programme comprendra quatre nouvelles com\u00e9dies fran\u00e7aises, pr\u00e9sent\u00e9es au Fine Arts Theater \u00e0 Los Angeles. Tous les films seront projet\u00e9s en fran\u00e7ais avec sous-titres anglais. En exclusivit\u00e9 aux Etats-Unis !\u00a0Programme :\u00a0Samedi 2 avril | 16hMaison de retraite R\u00e9alis\u00e9 par Thomas Gilou Avec Kev Adams, G\u00e9rard Depardieu, Daniel Pr\u00e9vost Afin d\u2019\u00e9viter la...\" \/>\n<meta property=\"og:url\" content=\"https:\/\/villa-albertine.org\/va\/fr\/events\/french-comedy-club-presents-weekend-french-comedy-fine-arts-theater\/\" \/>\n<meta property=\"og:site_name\" content=\"Villa Albertine\" \/>\n<meta property=\"article:modified_time\" content=\"2023-08-23T08:10:53+00:00\" \/>\n<meta property=\"og:image\" content=\"https:\/\/villa-albertine.org\/wp-content\/uploads\/2023\/08\/les-vedettes.jpg\" \/>\n\t<meta property=\"og:image:width\" content=\"1024\" \/>\n\t<meta property=\"og:image:height\" content=\"576\" \/>\n\t<meta property=\"og:image:type\" content=\"image\/jpeg\" \/>\n<meta name=\"twitter:card\" content=\"summary_large_image\" \/>\n<meta name=\"twitter:label1\" content=\"Dur\u00e9e de lecture estim\u00e9e\" \/>\n\t<meta name=\"twitter:data1\" content=\"3 minutes\" \/>\n<script type=\"application\/ld+json\" class=\"yoast-schema-graph\">{\"@context\":\"https:\\\/\\\/schema.org\",\"@graph\":[{\"@type\":\"WebPage\",\"@id\":\"https:\\\/\\\/villa-albertine.org\\\/va\\\/fr\\\/events\\\/french-comedy-club-presents-weekend-french-comedy-fine-arts-theater\\\/\",\"url\":\"https:\\\/\\\/villa-albertine.org\\\/va\\\/fr\\\/events\\\/french-comedy-club-presents-weekend-french-comedy-fine-arts-theater\\\/\",\"name\":\"Le French Comedy Club pr\u00e9sente : Un weekend de com\u00e9dies fran\u00e7aises au Fine Arts Theater - Villa Albertine\",\"isPartOf\":{\"@id\":\"https:\\\/\\\/villa-albertine.org\\\/va\\\/fr\\\/#website\"},\"primaryImageOfPage\":{\"@id\":\"https:\\\/\\\/villa-albertine.org\\\/va\\\/fr\\\/events\\\/french-comedy-club-presents-weekend-french-comedy-fine-arts-theater\\\/#primaryimage\"},\"image\":{\"@id\":\"https:\\\/\\\/villa-albertine.org\\\/va\\\/fr\\\/events\\\/french-comedy-club-presents-weekend-french-comedy-fine-arts-theater\\\/#primaryimage\"},\"thumbnailUrl\":\"https:\\\/\\\/villa-albertine.org\\\/wp-content\\\/uploads\\\/2023\\\/08\\\/les-vedettes.jpg\",\"datePublished\":\"2022-03-04T00:31:56+00:00\",\"dateModified\":\"2023-08-23T08:10:53+00:00\",\"breadcrumb\":{\"@id\":\"https:\\\/\\\/villa-albertine.org\\\/va\\\/fr\\\/events\\\/french-comedy-club-presents-weekend-french-comedy-fine-arts-theater\\\/#breadcrumb\"},\"inLanguage\":\"fr-FR\",\"potentialAction\":[{\"@type\":\"ReadAction\",\"target\":[\"https:\\\/\\\/villa-albertine.org\\\/va\\\/fr\\\/events\\\/french-comedy-club-presents-weekend-french-comedy-fine-arts-theater\\\/\"]}]},{\"@type\":\"ImageObject\",\"inLanguage\":\"fr-FR\",\"@id\":\"https:\\\/\\\/villa-albertine.org\\\/va\\\/fr\\\/events\\\/french-comedy-club-presents-weekend-french-comedy-fine-arts-theater\\\/#primaryimage\",\"url\":\"https:\\\/\\\/villa-albertine.org\\\/wp-content\\\/uploads\\\/2023\\\/08\\\/les-vedettes.jpg\",\"contentUrl\":\"https:\\\/\\\/villa-albertine.org\\\/wp-content\\\/uploads\\\/2023\\\/08\\\/les-vedettes.jpg\",\"width\":1024,\"height\":576},{\"@type\":\"BreadcrumbList\",\"@id\":\"https:\\\/\\\/villa-albertine.org\\\/va\\\/fr\\\/events\\\/french-comedy-club-presents-weekend-french-comedy-fine-arts-theater\\\/#breadcrumb\",\"itemListElement\":[{\"@type\":\"ListItem\",\"position\":1,\"name\":\"Home\",\"item\":\"https:\\\/\\\/villa-albertine.org\\\/va\\\/fr\\\/home\\\/\"},{\"@type\":\"ListItem\",\"position\":2,\"name\":\"Le French Comedy Club pr\u00e9sente : Un weekend de com\u00e9dies fran\u00e7aises au Fine Arts Theater\"}]},{\"@type\":\"WebSite\",\"@id\":\"https:\\\/\\\/villa-albertine.org\\\/va\\\/fr\\\/#website\",\"url\":\"https:\\\/\\\/villa-albertine.org\\\/va\\\/fr\\\/\",\"name\":\"Villa Albertine\",\"description\":\"\",\"potentialAction\":[{\"@type\":\"SearchAction\",\"target\":{\"@type\":\"EntryPoint\",\"urlTemplate\":\"https:\\\/\\\/villa-albertine.org\\\/va\\\/fr\\\/?s={search_term_string}\"},\"query-input\":{\"@type\":\"PropertyValueSpecification\",\"valueRequired\":true,\"valueName\":\"search_term_string\"}}],\"inLanguage\":\"fr-FR\"}]}<\/script>\n<!-- \/ Yoast SEO plugin. -->","yoast_head_json":{"title":"Le French Comedy Club pr\u00e9sente : Un weekend de com\u00e9dies fran\u00e7aises au Fine Arts Theater - Villa Albertine","robots":{"index":"index","follow":"follow","max-snippet":"max-snippet:-1","max-image-preview":"max-image-preview:large","max-video-preview":"max-video-preview:-1"},"canonical":"https:\/\/villa-albertine.org\/va\/fr\/events\/french-comedy-club-presents-weekend-french-comedy-fine-arts-theater\/","og_locale":"fr_FR","og_type":"article","og_title":"Le French Comedy Club pr\u00e9sente : Un weekend de com\u00e9dies fran\u00e7aises au Fine Arts Theater - Villa Albertine","og_description":"En exclusivit\u00e9 aux Etats-Unis!\u00a0 Le programme comprendra quatre nouvelles com\u00e9dies fran\u00e7aises, pr\u00e9sent\u00e9es au Fine Arts Theater \u00e0 Los Angeles. Tous les films seront projet\u00e9s en fran\u00e7ais avec sous-titres anglais. En exclusivit\u00e9 aux Etats-Unis !\u00a0Programme :\u00a0Samedi 2 avril | 16hMaison de retraite R\u00e9alis\u00e9 par Thomas Gilou Avec Kev Adams, G\u00e9rard Depardieu, Daniel Pr\u00e9vost Afin d\u2019\u00e9viter la...","og_url":"https:\/\/villa-albertine.org\/va\/fr\/events\/french-comedy-club-presents-weekend-french-comedy-fine-arts-theater\/","og_site_name":"Villa Albertine","article_modified_time":"2023-08-23T08:10:53+00:00","og_image":[{"width":1024,"height":576,"url":"https:\/\/villa-albertine.org\/wp-content\/uploads\/2023\/08\/les-vedettes.jpg","type":"image\/jpeg"}],"twitter_card":"summary_large_image","twitter_misc":{"Dur\u00e9e de lecture estim\u00e9e":"3 minutes"},"schema":{"@context":"https:\/\/schema.org","@graph":[{"@type":"WebPage","@id":"https:\/\/villa-albertine.org\/va\/fr\/events\/french-comedy-club-presents-weekend-french-comedy-fine-arts-theater\/","url":"https:\/\/villa-albertine.org\/va\/fr\/events\/french-comedy-club-presents-weekend-french-comedy-fine-arts-theater\/","name":"Le French Comedy Club pr\u00e9sente : Un weekend de com\u00e9dies fran\u00e7aises au Fine Arts Theater - Villa Albertine","isPartOf":{"@id":"https:\/\/villa-albertine.org\/va\/fr\/#website"},"primaryImageOfPage":{"@id":"https:\/\/villa-albertine.org\/va\/fr\/events\/french-comedy-club-presents-weekend-french-comedy-fine-arts-theater\/#primaryimage"},"image":{"@id":"https:\/\/villa-albertine.org\/va\/fr\/events\/french-comedy-club-presents-weekend-french-comedy-fine-arts-theater\/#primaryimage"},"thumbnailUrl":"https:\/\/villa-albertine.org\/wp-content\/uploads\/2023\/08\/les-vedettes.jpg","datePublished":"2022-03-04T00:31:56+00:00","dateModified":"2023-08-23T08:10:53+00:00","breadcrumb":{"@id":"https:\/\/villa-albertine.org\/va\/fr\/events\/french-comedy-club-presents-weekend-french-comedy-fine-arts-theater\/#breadcrumb"},"inLanguage":"fr-FR","potentialAction":[{"@type":"ReadAction","target":["https:\/\/villa-albertine.org\/va\/fr\/events\/french-comedy-club-presents-weekend-french-comedy-fine-arts-theater\/"]}]},{"@type":"ImageObject","inLanguage":"fr-FR","@id":"https:\/\/villa-albertine.org\/va\/fr\/events\/french-comedy-club-presents-weekend-french-comedy-fine-arts-theater\/#primaryimage","url":"https:\/\/villa-albertine.org\/wp-content\/uploads\/2023\/08\/les-vedettes.jpg","contentUrl":"https:\/\/villa-albertine.org\/wp-content\/uploads\/2023\/08\/les-vedettes.jpg","width":1024,"height":576},{"@type":"BreadcrumbList","@id":"https:\/\/villa-albertine.org\/va\/fr\/events\/french-comedy-club-presents-weekend-french-comedy-fine-arts-theater\/#breadcrumb","itemListElement":[{"@type":"ListItem","position":1,"name":"Home","item":"https:\/\/villa-albertine.org\/va\/fr\/home\/"},{"@type":"ListItem","position":2,"name":"Le French Comedy Club pr\u00e9sente : Un weekend de com\u00e9dies fran\u00e7aises au Fine Arts Theater"}]},{"@type":"WebSite","@id":"https:\/\/villa-albertine.org\/va\/fr\/#website","url":"https:\/\/villa-albertine.org\/va\/fr\/","name":"Villa Albertine","description":"","potentialAction":[{"@type":"SearchAction","target":{"@type":"EntryPoint","urlTemplate":"https:\/\/villa-albertine.org\/va\/fr\/?s={search_term_string}"},"query-input":{"@type":"PropertyValueSpecification","valueRequired":true,"valueName":"search_term_string"}}],"inLanguage":"fr-FR"}]}},"_links":{"self":[{"href":"https:\/\/villa-albertine.org\/va\/fr\/wp-json\/wp\/v2\/app_event\/63667","targetHints":{"allow":["GET"]}}],"collection":[{"href":"https:\/\/villa-albertine.org\/va\/fr\/wp-json\/wp\/v2\/app_event"}],"about":[{"href":"https:\/\/villa-albertine.org\/va\/fr\/wp-json\/wp\/v2\/types\/app_event"}],"wp:featuredmedia":[{"embeddable":true,"href":"https:\/\/villa-albertine.org\/va\/fr\/wp-json\/wp\/v2\/media\/59995"}],"wp:attachment":[{"href":"https:\/\/villa-albertine.org\/va\/fr\/wp-json\/wp\/v2\/media?parent=63667"}],"wp:term":[{"taxonomy":"app_discipline","embeddable":true,"href":"https:\/\/villa-albertine.org\/va\/fr\/wp-json\/wp\/v2\/app_discipline?post=63667"},{"taxonomy":"app_city_tax","embeddable":true,"href":"https:\/\/villa-albertine.org\/va\/fr\/wp-json\/wp\/v2\/app_city_tax?post=63667"},{"taxonomy":"app_event_type","embeddable":true,"href":"https:\/\/villa-albertine.org\/va\/fr\/wp-json\/wp\/v2\/app_event_type?post=63667"}],"curies":[{"name":"wp","href":"https:\/\/api.w.org\/{rel}","templated":true}]}}