{"id":63633,"date":"2022-09-08T15:33:57","date_gmt":"2022-09-08T15:33:57","guid":{"rendered":"https:\/\/villa-albertine.org\/events\/space-odyssey-etienne-rey-2\/"},"modified":"2024-05-03T16:37:58","modified_gmt":"2024-05-03T16:37:58","slug":"space-odyssey-etienne-rey","status":"publish","type":"app_event","link":"https:\/\/villa-albertine.org\/va\/fr\/events\/space-odyssey-etienne-rey\/","title":{"rendered":"Vernissage : Space Odyssey d\u2019\u00c9tienne Rey"},"content":{"rendered":"<p>Entre sculpture d\u00e9mat\u00e9rialis\u00e9e et architecture, l&rsquo;installation d&rsquo;Etienne REY nous situe dans un espace o\u00f9 les rep\u00e8res deviennent mobiles, les distances \u00e9lastiques et l&rsquo;\u00e9quilibre pr\u00e9caire. Voyage stroboscopique au c\u0153ur de la lumi\u00e8re comme mat\u00e9riau, la travers\u00e9e de <strong>SPACE ODYSSEY<\/strong>, en r\u00e9f\u00e9rence au film de Stanley Kubrick, est un passage, un seuil mental et sensoriel situ\u00e9 \u00e0 la rencontre du monde physique et des exp\u00e9rimentations sur la perception. <em>Space Odyssey<\/em> a d\u00e9j\u00e0 \u00e9t\u00e9 expos\u00e9e en France \u00e0 plusieurs reprises, notamment \u00e0 Nantes et \u00e0 Paris.<\/p>\n\n\n<figure class=\"wp-block-image size-full\">\n\t<img loading=\"lazy\" decoding=\"async\" width=\"1178\" height=\"627\" src=\"https:\/\/villa-albertine.org\/wp-content\/uploads\/2023\/08\/purple.png\" class=\"attachment-full size-full\" alt=\"\" srcset=\"https:\/\/villa-albertine.org\/wp-content\/uploads\/2023\/08\/purple.png 1178w, https:\/\/villa-albertine.org\/wp-content\/uploads\/2023\/08\/purple-300x160.png 300w, https:\/\/villa-albertine.org\/wp-content\/uploads\/2023\/08\/purple-1024x545.png 1024w, https:\/\/villa-albertine.org\/wp-content\/uploads\/2023\/08\/purple-768x409.png 768w\" sizes=\"auto, (max-width: 1178px) 100vw, 1178px\" \/>\n\t<\/figure>\n\n\n<p>Artiste visuel fran\u00e7ais, <strong>Etienne Rey<\/strong> vit et travaille \u00e0 Marseille. La perception de la r\u00e9alit\u00e9 par le spectateur est le sujet principal de son travail. A travers ses installations et ses sculptures, il d\u00e9forme ce qui semblait \u00eatre la base de la compr\u00e9hension d&rsquo;un contexte donn\u00e9. Dans son travail, il est avant tout question de perception, de point de vue et d&rsquo;une forme d&rsquo;exp\u00e9rience sensorielle. La lumi\u00e8re, qu&rsquo;elle soit naturelle et se refl\u00e8te sur des mat\u00e9riaux filtrants et diffractants, ou artificielle, jouant avec l&rsquo;obscurit\u00e9 et la brume, est un vecteur essentiel de cette m\u00e9tamorphose. Etienne Rey utilise les propri\u00e9t\u00e9s optiques du verre ou des motifs pour ouvrir les cadres d&rsquo;appr\u00e9hension d&rsquo;un environnement, de fa\u00e7on \u00e0 ce que ses installations en red\u00e9finissent la mat\u00e9rialit\u00e9. \u00c9cran, cadre, flou, turbulence, vortex ou reflet sont quelques-uns des \u00e9l\u00e9ments de son vocabulaire visuel ; ils sont les outils de cette transfiguration de la r\u00e9alit\u00e9.<\/p>\n<p>En partenariat avec DIGATL et ELEVATE, \u201c<a href=\"https:\/\/my-moon.org\/\"><u>Museum of the Moon<\/u><\/a>\u201d sera pr\u00e9sent\u00e9 \u00e0 Underground Atlanta du 7 au 9 octobre 2022. L&rsquo;exposition comprendra une installation lunaire gonflable cr\u00e9\u00e9e par l&rsquo;artiste britannique de renom Luke Jerram, une composition partiellement sonore du compositeur Dan Jones, laur\u00e9at des prix BAFTA et Ivor Novella, une festivit\u00e9 \u00ab Moon Bounce \u00bb avec <a href=\"http:\/\/www.flightofswallows.com\/\"><u>Flight of Swallows<\/u><\/a>, une peinture murale de l&rsquo;artiste de rue fran\u00e7ais <a href=\"https:\/\/www.instagram.com\/mr.difuz\/?hl=en\"><u>DIFUZ<\/u><\/a>, l&rsquo;installation lumineuse \u00a0<a href=\"https:\/\/villa-albertine.org\/events\/space-odyssey-etienne-rey\"><u>SPACE ODYSSEY<\/u><\/a> du c\u00e9l\u00e8bre artiste visuel fran\u00e7ais \u00c9tienne Rey, et bien plus encore !<\/p>\n<p><em>Cette installation est pr\u00e9sent\u00e9e \u00e0 Underground Atlanta par DIGATL, Villa Albertine, ELEVATE et France Atlanta.<\/em><\/p>\n<p><em>Con\u00e7u en 2015 et mis en \u0153uvre pour la premi\u00e8re fois \u00e0 Chicago et San Francisco, City\/Cit\u00e9 est un programme de coop\u00e9ration et d\u2019\u00e9change transatlantiques initi\u00e9 par la Villa Albertine et ax\u00e9 sur les politiques urbaines et la fabrique des villes.\u00a0<\/em><\/p>\n<p><em>En 2022, une premi\u00e8re \u00e9dition de City\/Cit\u00e9 Atlanta x Marseille est programm\u00e9e \u00e0 l\u2019occasion du programme annuel\u00a0<a href=\"https:\/\/france-atlanta.org\/\">France-Atlanta<\/a>\u00a0du Consulat de France,\u00a0<a href=\"https:\/\/atlantadesignfestival.net\/\">Atlanta Design Festival<\/a>\u00a0et City of Atlanta\u2019s\u00a0<a href=\"https:\/\/www.elevateatlart.com\/\">ELEVATE<\/a>\u00a0festival.\u00a0<a href=\"https:\/\/villa-albertine.org\/events\/city-cite-atlanta-x-marseille\">CITY CIT\u00c9 \u2013 Atlanta x Marseille 2022<\/a>\u00a0vise \u00e0 interroger le r\u00f4le de la culture dans le d\u00e9veloppement urbain et social des villes d\u2019Atlanta et de Marseille en cr\u00e9ant un dialogue entre les deux villes et en invitant La Friche la Belle de Mai, une institution majeure de Marseille \u00e0 la pointe de l\u2019innovation culturelle, sociale, environnementale et urbaine.<\/em><\/p>\n<p><em>CITY CIT\u00c9 \u2013 Atlanta x Marseille 2022 est soutenu par l\u2019Institut fran\u00e7ais, la Villa Albertine, The City of Atlanta Mayor\u2019s Office of Cultural Affairs et France-Atlanta.<\/em><\/p>","protected":false},"featured_media":59529,"menu_order":0,"template":"","app_discipline":[382,383,261],"app_city_tax":[268],"app_event_type":[290],"class_list":["post-63633","app_event","type-app_event","status-publish","has-post-thumbnail","hentry","app_discipline-city-cite","app_discipline-city-cite-fr","app_discipline-creation-numerique-fr","app_city_tax-atl-fr","app_event_type-exposition-fr"],"acf":[],"yoast_head":"<!-- This site is optimized with the Yoast SEO plugin v27.3 - https:\/\/yoast.com\/product\/yoast-seo-wordpress\/ -->\n<title>Vernissage : Space Odyssey d\u2019\u00c9tienne Rey - Villa Albertine<\/title>\n<meta name=\"robots\" content=\"index, follow, max-snippet:-1, max-image-preview:large, max-video-preview:-1\" \/>\n<link rel=\"canonical\" href=\"https:\/\/villa-albertine.org\/va\/fr\/events\/space-odyssey-etienne-rey\/\" \/>\n<meta property=\"og:locale\" content=\"fr_FR\" \/>\n<meta property=\"og:type\" content=\"article\" \/>\n<meta property=\"og:title\" content=\"Vernissage : Space Odyssey d\u2019\u00c9tienne Rey - Villa Albertine\" \/>\n<meta property=\"og:description\" content=\"Entre sculpture d\u00e9mat\u00e9rialis\u00e9e et architecture, l&rsquo;installation d&rsquo;Etienne REY nous situe dans un espace o\u00f9 les rep\u00e8res deviennent mobiles, les distances \u00e9lastiques et l&rsquo;\u00e9quilibre pr\u00e9caire. Voyage stroboscopique au c\u0153ur de la lumi\u00e8re comme mat\u00e9riau, la travers\u00e9e de SPACE ODYSSEY, en r\u00e9f\u00e9rence au film de Stanley Kubrick, est un passage, un seuil mental et sensoriel situ\u00e9 \u00e0...\" \/>\n<meta property=\"og:url\" content=\"https:\/\/villa-albertine.org\/va\/fr\/events\/space-odyssey-etienne-rey\/\" \/>\n<meta property=\"og:site_name\" content=\"Villa Albertine\" \/>\n<meta property=\"article:modified_time\" content=\"2024-05-03T16:37:58+00:00\" \/>\n<meta property=\"og:image\" content=\"https:\/\/villa-albertine.org\/wp-content\/uploads\/2023\/08\/lime.png\" \/>\n\t<meta property=\"og:image:width\" content=\"1158\" \/>\n\t<meta property=\"og:image:height\" content=\"749\" \/>\n\t<meta property=\"og:image:type\" content=\"image\/png\" \/>\n<meta name=\"twitter:card\" content=\"summary_large_image\" \/>\n<meta name=\"twitter:label1\" content=\"Dur\u00e9e de lecture estim\u00e9e\" \/>\n\t<meta name=\"twitter:data1\" content=\"3 minutes\" \/>\n<script type=\"application\/ld+json\" class=\"yoast-schema-graph\">{\"@context\":\"https:\\\/\\\/schema.org\",\"@graph\":[{\"@type\":\"WebPage\",\"@id\":\"https:\\\/\\\/villa-albertine.org\\\/va\\\/fr\\\/events\\\/space-odyssey-etienne-rey\\\/\",\"url\":\"https:\\\/\\\/villa-albertine.org\\\/va\\\/fr\\\/events\\\/space-odyssey-etienne-rey\\\/\",\"name\":\"Vernissage : Space Odyssey d\u2019\u00c9tienne Rey - Villa Albertine\",\"isPartOf\":{\"@id\":\"https:\\\/\\\/villa-albertine.org\\\/va\\\/fr\\\/#website\"},\"primaryImageOfPage\":{\"@id\":\"https:\\\/\\\/villa-albertine.org\\\/va\\\/fr\\\/events\\\/space-odyssey-etienne-rey\\\/#primaryimage\"},\"image\":{\"@id\":\"https:\\\/\\\/villa-albertine.org\\\/va\\\/fr\\\/events\\\/space-odyssey-etienne-rey\\\/#primaryimage\"},\"thumbnailUrl\":\"https:\\\/\\\/villa-albertine.org\\\/wp-content\\\/uploads\\\/2023\\\/08\\\/lime.png\",\"datePublished\":\"2022-09-08T15:33:57+00:00\",\"dateModified\":\"2024-05-03T16:37:58+00:00\",\"breadcrumb\":{\"@id\":\"https:\\\/\\\/villa-albertine.org\\\/va\\\/fr\\\/events\\\/space-odyssey-etienne-rey\\\/#breadcrumb\"},\"inLanguage\":\"fr-FR\",\"potentialAction\":[{\"@type\":\"ReadAction\",\"target\":[\"https:\\\/\\\/villa-albertine.org\\\/va\\\/fr\\\/events\\\/space-odyssey-etienne-rey\\\/\"]}]},{\"@type\":\"ImageObject\",\"inLanguage\":\"fr-FR\",\"@id\":\"https:\\\/\\\/villa-albertine.org\\\/va\\\/fr\\\/events\\\/space-odyssey-etienne-rey\\\/#primaryimage\",\"url\":\"https:\\\/\\\/villa-albertine.org\\\/wp-content\\\/uploads\\\/2023\\\/08\\\/lime.png\",\"contentUrl\":\"https:\\\/\\\/villa-albertine.org\\\/wp-content\\\/uploads\\\/2023\\\/08\\\/lime.png\",\"width\":1158,\"height\":749},{\"@type\":\"BreadcrumbList\",\"@id\":\"https:\\\/\\\/villa-albertine.org\\\/va\\\/fr\\\/events\\\/space-odyssey-etienne-rey\\\/#breadcrumb\",\"itemListElement\":[{\"@type\":\"ListItem\",\"position\":1,\"name\":\"Home\",\"item\":\"https:\\\/\\\/villa-albertine.org\\\/va\\\/fr\\\/home\\\/\"},{\"@type\":\"ListItem\",\"position\":2,\"name\":\"Vernissage : Space Odyssey d\u2019\u00c9tienne Rey\"}]},{\"@type\":\"WebSite\",\"@id\":\"https:\\\/\\\/villa-albertine.org\\\/va\\\/fr\\\/#website\",\"url\":\"https:\\\/\\\/villa-albertine.org\\\/va\\\/fr\\\/\",\"name\":\"Villa Albertine\",\"description\":\"\",\"potentialAction\":[{\"@type\":\"SearchAction\",\"target\":{\"@type\":\"EntryPoint\",\"urlTemplate\":\"https:\\\/\\\/villa-albertine.org\\\/va\\\/fr\\\/?s={search_term_string}\"},\"query-input\":{\"@type\":\"PropertyValueSpecification\",\"valueRequired\":true,\"valueName\":\"search_term_string\"}}],\"inLanguage\":\"fr-FR\"}]}<\/script>\n<!-- \/ Yoast SEO plugin. -->","yoast_head_json":{"title":"Vernissage : Space Odyssey d\u2019\u00c9tienne Rey - Villa Albertine","robots":{"index":"index","follow":"follow","max-snippet":"max-snippet:-1","max-image-preview":"max-image-preview:large","max-video-preview":"max-video-preview:-1"},"canonical":"https:\/\/villa-albertine.org\/va\/fr\/events\/space-odyssey-etienne-rey\/","og_locale":"fr_FR","og_type":"article","og_title":"Vernissage : Space Odyssey d\u2019\u00c9tienne Rey - Villa Albertine","og_description":"Entre sculpture d\u00e9mat\u00e9rialis\u00e9e et architecture, l&rsquo;installation d&rsquo;Etienne REY nous situe dans un espace o\u00f9 les rep\u00e8res deviennent mobiles, les distances \u00e9lastiques et l&rsquo;\u00e9quilibre pr\u00e9caire. Voyage stroboscopique au c\u0153ur de la lumi\u00e8re comme mat\u00e9riau, la travers\u00e9e de SPACE ODYSSEY, en r\u00e9f\u00e9rence au film de Stanley Kubrick, est un passage, un seuil mental et sensoriel situ\u00e9 \u00e0...","og_url":"https:\/\/villa-albertine.org\/va\/fr\/events\/space-odyssey-etienne-rey\/","og_site_name":"Villa Albertine","article_modified_time":"2024-05-03T16:37:58+00:00","og_image":[{"width":1158,"height":749,"url":"https:\/\/villa-albertine.org\/wp-content\/uploads\/2023\/08\/lime.png","type":"image\/png"}],"twitter_card":"summary_large_image","twitter_misc":{"Dur\u00e9e de lecture estim\u00e9e":"3 minutes"},"schema":{"@context":"https:\/\/schema.org","@graph":[{"@type":"WebPage","@id":"https:\/\/villa-albertine.org\/va\/fr\/events\/space-odyssey-etienne-rey\/","url":"https:\/\/villa-albertine.org\/va\/fr\/events\/space-odyssey-etienne-rey\/","name":"Vernissage : Space Odyssey d\u2019\u00c9tienne Rey - Villa Albertine","isPartOf":{"@id":"https:\/\/villa-albertine.org\/va\/fr\/#website"},"primaryImageOfPage":{"@id":"https:\/\/villa-albertine.org\/va\/fr\/events\/space-odyssey-etienne-rey\/#primaryimage"},"image":{"@id":"https:\/\/villa-albertine.org\/va\/fr\/events\/space-odyssey-etienne-rey\/#primaryimage"},"thumbnailUrl":"https:\/\/villa-albertine.org\/wp-content\/uploads\/2023\/08\/lime.png","datePublished":"2022-09-08T15:33:57+00:00","dateModified":"2024-05-03T16:37:58+00:00","breadcrumb":{"@id":"https:\/\/villa-albertine.org\/va\/fr\/events\/space-odyssey-etienne-rey\/#breadcrumb"},"inLanguage":"fr-FR","potentialAction":[{"@type":"ReadAction","target":["https:\/\/villa-albertine.org\/va\/fr\/events\/space-odyssey-etienne-rey\/"]}]},{"@type":"ImageObject","inLanguage":"fr-FR","@id":"https:\/\/villa-albertine.org\/va\/fr\/events\/space-odyssey-etienne-rey\/#primaryimage","url":"https:\/\/villa-albertine.org\/wp-content\/uploads\/2023\/08\/lime.png","contentUrl":"https:\/\/villa-albertine.org\/wp-content\/uploads\/2023\/08\/lime.png","width":1158,"height":749},{"@type":"BreadcrumbList","@id":"https:\/\/villa-albertine.org\/va\/fr\/events\/space-odyssey-etienne-rey\/#breadcrumb","itemListElement":[{"@type":"ListItem","position":1,"name":"Home","item":"https:\/\/villa-albertine.org\/va\/fr\/home\/"},{"@type":"ListItem","position":2,"name":"Vernissage : Space Odyssey d\u2019\u00c9tienne Rey"}]},{"@type":"WebSite","@id":"https:\/\/villa-albertine.org\/va\/fr\/#website","url":"https:\/\/villa-albertine.org\/va\/fr\/","name":"Villa Albertine","description":"","potentialAction":[{"@type":"SearchAction","target":{"@type":"EntryPoint","urlTemplate":"https:\/\/villa-albertine.org\/va\/fr\/?s={search_term_string}"},"query-input":{"@type":"PropertyValueSpecification","valueRequired":true,"valueName":"search_term_string"}}],"inLanguage":"fr-FR"}]}},"_links":{"self":[{"href":"https:\/\/villa-albertine.org\/va\/fr\/wp-json\/wp\/v2\/app_event\/63633","targetHints":{"allow":["GET"]}}],"collection":[{"href":"https:\/\/villa-albertine.org\/va\/fr\/wp-json\/wp\/v2\/app_event"}],"about":[{"href":"https:\/\/villa-albertine.org\/va\/fr\/wp-json\/wp\/v2\/types\/app_event"}],"wp:featuredmedia":[{"embeddable":true,"href":"https:\/\/villa-albertine.org\/va\/fr\/wp-json\/wp\/v2\/media\/59529"}],"wp:attachment":[{"href":"https:\/\/villa-albertine.org\/va\/fr\/wp-json\/wp\/v2\/media?parent=63633"}],"wp:term":[{"taxonomy":"app_discipline","embeddable":true,"href":"https:\/\/villa-albertine.org\/va\/fr\/wp-json\/wp\/v2\/app_discipline?post=63633"},{"taxonomy":"app_city_tax","embeddable":true,"href":"https:\/\/villa-albertine.org\/va\/fr\/wp-json\/wp\/v2\/app_city_tax?post=63633"},{"taxonomy":"app_event_type","embeddable":true,"href":"https:\/\/villa-albertine.org\/va\/fr\/wp-json\/wp\/v2\/app_event_type?post=63633"}],"curies":[{"name":"wp","href":"https:\/\/api.w.org\/{rel}","templated":true}]}}