{"id":63612,"date":"2022-05-11T18:09:29","date_gmt":"2022-05-11T18:09:29","guid":{"rendered":"https:\/\/villa-albertine.org\/events\/clovis-nicolas-freedom-suite-blue-note-european-sounds-series-2\/"},"modified":"2023-08-23T08:10:48","modified_gmt":"2023-08-23T08:10:48","slug":"clovis-nicolas-freedom-suite-blue-note-european-sounds-series","status":"publish","type":"app_event","link":"https:\/\/villa-albertine.org\/va\/fr\/events\/clovis-nicolas-freedom-suite-blue-note-european-sounds-series\/","title":{"rendered":"Clovis Nicolas &#038; Freedom Suite au Blue Note"},"content":{"rendered":"<p>En juin, le festival European Sounds Series au Blue Note pr\u00e9sente des musiciens issus de diff\u00e9rents pays europ\u00e9ens.\u00a0 \u00a0<\/p>\n<p>Cette ann\u00e9e, c&rsquo;est le bassiste fran\u00e7ais Clovis Nicolas et son groupe Freedom Suite qui jouera lors du festival. Le groupe sera compos\u00e9 de Clovis Nicolas \u00e0 la contrebasse, Scott Wendholt \u00e0 la trompette, Grant Stewart au\u00a0saxophone t\u00e9nor et Jason Tiemann \u00e0 la batterie.<\/p>\n<p>Achetez vos billets pour le concert \u00e0 14h30 <a href=\"https:\/\/www.ticketweb.com\/event\/clovis-nicolas-freedom-suite-blue-note-jazz-club-tickets\/11920845?pl=bluenoteny&amp;REFID=tempsite\">ici<\/a><\/p>\n<p><strong>European Sounds Series est soutenu par la Villa Albertine, en partenariat avec l&rsquo;Ambassade de France aux Etats-Unis.\u00a0<\/strong><\/p>\n","protected":false},"featured_media":59184,"menu_order":0,"template":"","app_discipline":[281],"app_city_tax":[264],"app_event_type":[286],"class_list":["post-63612","app_event","type-app_event","status-publish","has-post-thumbnail","hentry","app_discipline-musique-fr","app_city_tax-nyc-fr","app_event_type-concert-fr"],"acf":[],"yoast_head":"<!-- This site is optimized with the Yoast SEO plugin v27.3 - https:\/\/yoast.com\/product\/yoast-seo-wordpress\/ -->\n<title>Clovis Nicolas &amp; Freedom Suite au Blue Note - Villa Albertine<\/title>\n<meta name=\"robots\" content=\"index, follow, max-snippet:-1, max-image-preview:large, max-video-preview:-1\" \/>\n<link rel=\"canonical\" href=\"https:\/\/villa-albertine.org\/va\/fr\/events\/clovis-nicolas-freedom-suite-blue-note-european-sounds-series\/\" \/>\n<meta property=\"og:locale\" content=\"fr_FR\" \/>\n<meta property=\"og:type\" content=\"article\" \/>\n<meta property=\"og:title\" content=\"Clovis Nicolas &amp; Freedom Suite au Blue Note - Villa Albertine\" \/>\n<meta property=\"og:description\" content=\"En juin, le festival European Sounds Series au Blue Note pr\u00e9sente des musiciens issus de diff\u00e9rents pays europ\u00e9ens.\u00a0 \u00a0 Cette ann\u00e9e, c&rsquo;est le bassiste fran\u00e7ais Clovis Nicolas et son groupe Freedom Suite qui jouera lors du festival. Le groupe sera compos\u00e9 de Clovis Nicolas \u00e0 la contrebasse, Scott Wendholt \u00e0 la trompette, Grant Stewart au\u00a0saxophone...\" \/>\n<meta property=\"og:url\" content=\"https:\/\/villa-albertine.org\/va\/fr\/events\/clovis-nicolas-freedom-suite-blue-note-european-sounds-series\/\" \/>\n<meta property=\"og:site_name\" content=\"Villa Albertine\" \/>\n<meta property=\"article:modified_time\" content=\"2023-08-23T08:10:48+00:00\" \/>\n<meta property=\"og:image\" content=\"https:\/\/villa-albertine.org\/wp-content\/uploads\/2023\/08\/Clovis20Nicolas20by20Shervin20Lainez20-228more20light29.jpeg\" \/>\n\t<meta property=\"og:image:width\" content=\"1392\" \/>\n\t<meta property=\"og:image:height\" content=\"1077\" \/>\n\t<meta property=\"og:image:type\" content=\"image\/jpeg\" \/>\n<meta name=\"twitter:card\" content=\"summary_large_image\" \/>\n<script type=\"application\/ld+json\" class=\"yoast-schema-graph\">{\"@context\":\"https:\\\/\\\/schema.org\",\"@graph\":[{\"@type\":\"WebPage\",\"@id\":\"https:\\\/\\\/villa-albertine.org\\\/va\\\/fr\\\/events\\\/clovis-nicolas-freedom-suite-blue-note-european-sounds-series\\\/\",\"url\":\"https:\\\/\\\/villa-albertine.org\\\/va\\\/fr\\\/events\\\/clovis-nicolas-freedom-suite-blue-note-european-sounds-series\\\/\",\"name\":\"Clovis Nicolas & Freedom Suite au Blue Note - Villa Albertine\",\"isPartOf\":{\"@id\":\"https:\\\/\\\/villa-albertine.org\\\/va\\\/fr\\\/#website\"},\"primaryImageOfPage\":{\"@id\":\"https:\\\/\\\/villa-albertine.org\\\/va\\\/fr\\\/events\\\/clovis-nicolas-freedom-suite-blue-note-european-sounds-series\\\/#primaryimage\"},\"image\":{\"@id\":\"https:\\\/\\\/villa-albertine.org\\\/va\\\/fr\\\/events\\\/clovis-nicolas-freedom-suite-blue-note-european-sounds-series\\\/#primaryimage\"},\"thumbnailUrl\":\"https:\\\/\\\/villa-albertine.org\\\/wp-content\\\/uploads\\\/2023\\\/08\\\/Clovis20Nicolas20by20Shervin20Lainez20-228more20light29.jpeg\",\"datePublished\":\"2022-05-11T18:09:29+00:00\",\"dateModified\":\"2023-08-23T08:10:48+00:00\",\"breadcrumb\":{\"@id\":\"https:\\\/\\\/villa-albertine.org\\\/va\\\/fr\\\/events\\\/clovis-nicolas-freedom-suite-blue-note-european-sounds-series\\\/#breadcrumb\"},\"inLanguage\":\"fr-FR\",\"potentialAction\":[{\"@type\":\"ReadAction\",\"target\":[\"https:\\\/\\\/villa-albertine.org\\\/va\\\/fr\\\/events\\\/clovis-nicolas-freedom-suite-blue-note-european-sounds-series\\\/\"]}]},{\"@type\":\"ImageObject\",\"inLanguage\":\"fr-FR\",\"@id\":\"https:\\\/\\\/villa-albertine.org\\\/va\\\/fr\\\/events\\\/clovis-nicolas-freedom-suite-blue-note-european-sounds-series\\\/#primaryimage\",\"url\":\"https:\\\/\\\/villa-albertine.org\\\/wp-content\\\/uploads\\\/2023\\\/08\\\/Clovis20Nicolas20by20Shervin20Lainez20-228more20light29.jpeg\",\"contentUrl\":\"https:\\\/\\\/villa-albertine.org\\\/wp-content\\\/uploads\\\/2023\\\/08\\\/Clovis20Nicolas20by20Shervin20Lainez20-228more20light29.jpeg\",\"width\":1392,\"height\":1077},{\"@type\":\"BreadcrumbList\",\"@id\":\"https:\\\/\\\/villa-albertine.org\\\/va\\\/fr\\\/events\\\/clovis-nicolas-freedom-suite-blue-note-european-sounds-series\\\/#breadcrumb\",\"itemListElement\":[{\"@type\":\"ListItem\",\"position\":1,\"name\":\"Home\",\"item\":\"https:\\\/\\\/villa-albertine.org\\\/va\\\/fr\\\/home\\\/\"},{\"@type\":\"ListItem\",\"position\":2,\"name\":\"Clovis Nicolas &#038; Freedom Suite au Blue Note\"}]},{\"@type\":\"WebSite\",\"@id\":\"https:\\\/\\\/villa-albertine.org\\\/va\\\/fr\\\/#website\",\"url\":\"https:\\\/\\\/villa-albertine.org\\\/va\\\/fr\\\/\",\"name\":\"Villa Albertine\",\"description\":\"\",\"potentialAction\":[{\"@type\":\"SearchAction\",\"target\":{\"@type\":\"EntryPoint\",\"urlTemplate\":\"https:\\\/\\\/villa-albertine.org\\\/va\\\/fr\\\/?s={search_term_string}\"},\"query-input\":{\"@type\":\"PropertyValueSpecification\",\"valueRequired\":true,\"valueName\":\"search_term_string\"}}],\"inLanguage\":\"fr-FR\"}]}<\/script>\n<!-- \/ Yoast SEO plugin. -->","yoast_head_json":{"title":"Clovis Nicolas & Freedom Suite au Blue Note - Villa Albertine","robots":{"index":"index","follow":"follow","max-snippet":"max-snippet:-1","max-image-preview":"max-image-preview:large","max-video-preview":"max-video-preview:-1"},"canonical":"https:\/\/villa-albertine.org\/va\/fr\/events\/clovis-nicolas-freedom-suite-blue-note-european-sounds-series\/","og_locale":"fr_FR","og_type":"article","og_title":"Clovis Nicolas & Freedom Suite au Blue Note - Villa Albertine","og_description":"En juin, le festival European Sounds Series au Blue Note pr\u00e9sente des musiciens issus de diff\u00e9rents pays europ\u00e9ens.\u00a0 \u00a0 Cette ann\u00e9e, c&rsquo;est le bassiste fran\u00e7ais Clovis Nicolas et son groupe Freedom Suite qui jouera lors du festival. Le groupe sera compos\u00e9 de Clovis Nicolas \u00e0 la contrebasse, Scott Wendholt \u00e0 la trompette, Grant Stewart au\u00a0saxophone...","og_url":"https:\/\/villa-albertine.org\/va\/fr\/events\/clovis-nicolas-freedom-suite-blue-note-european-sounds-series\/","og_site_name":"Villa Albertine","article_modified_time":"2023-08-23T08:10:48+00:00","og_image":[{"width":1392,"height":1077,"url":"https:\/\/villa-albertine.org\/wp-content\/uploads\/2023\/08\/Clovis20Nicolas20by20Shervin20Lainez20-228more20light29.jpeg","type":"image\/jpeg"}],"twitter_card":"summary_large_image","schema":{"@context":"https:\/\/schema.org","@graph":[{"@type":"WebPage","@id":"https:\/\/villa-albertine.org\/va\/fr\/events\/clovis-nicolas-freedom-suite-blue-note-european-sounds-series\/","url":"https:\/\/villa-albertine.org\/va\/fr\/events\/clovis-nicolas-freedom-suite-blue-note-european-sounds-series\/","name":"Clovis Nicolas & Freedom Suite au Blue Note - Villa Albertine","isPartOf":{"@id":"https:\/\/villa-albertine.org\/va\/fr\/#website"},"primaryImageOfPage":{"@id":"https:\/\/villa-albertine.org\/va\/fr\/events\/clovis-nicolas-freedom-suite-blue-note-european-sounds-series\/#primaryimage"},"image":{"@id":"https:\/\/villa-albertine.org\/va\/fr\/events\/clovis-nicolas-freedom-suite-blue-note-european-sounds-series\/#primaryimage"},"thumbnailUrl":"https:\/\/villa-albertine.org\/wp-content\/uploads\/2023\/08\/Clovis20Nicolas20by20Shervin20Lainez20-228more20light29.jpeg","datePublished":"2022-05-11T18:09:29+00:00","dateModified":"2023-08-23T08:10:48+00:00","breadcrumb":{"@id":"https:\/\/villa-albertine.org\/va\/fr\/events\/clovis-nicolas-freedom-suite-blue-note-european-sounds-series\/#breadcrumb"},"inLanguage":"fr-FR","potentialAction":[{"@type":"ReadAction","target":["https:\/\/villa-albertine.org\/va\/fr\/events\/clovis-nicolas-freedom-suite-blue-note-european-sounds-series\/"]}]},{"@type":"ImageObject","inLanguage":"fr-FR","@id":"https:\/\/villa-albertine.org\/va\/fr\/events\/clovis-nicolas-freedom-suite-blue-note-european-sounds-series\/#primaryimage","url":"https:\/\/villa-albertine.org\/wp-content\/uploads\/2023\/08\/Clovis20Nicolas20by20Shervin20Lainez20-228more20light29.jpeg","contentUrl":"https:\/\/villa-albertine.org\/wp-content\/uploads\/2023\/08\/Clovis20Nicolas20by20Shervin20Lainez20-228more20light29.jpeg","width":1392,"height":1077},{"@type":"BreadcrumbList","@id":"https:\/\/villa-albertine.org\/va\/fr\/events\/clovis-nicolas-freedom-suite-blue-note-european-sounds-series\/#breadcrumb","itemListElement":[{"@type":"ListItem","position":1,"name":"Home","item":"https:\/\/villa-albertine.org\/va\/fr\/home\/"},{"@type":"ListItem","position":2,"name":"Clovis Nicolas &#038; Freedom Suite au Blue Note"}]},{"@type":"WebSite","@id":"https:\/\/villa-albertine.org\/va\/fr\/#website","url":"https:\/\/villa-albertine.org\/va\/fr\/","name":"Villa Albertine","description":"","potentialAction":[{"@type":"SearchAction","target":{"@type":"EntryPoint","urlTemplate":"https:\/\/villa-albertine.org\/va\/fr\/?s={search_term_string}"},"query-input":{"@type":"PropertyValueSpecification","valueRequired":true,"valueName":"search_term_string"}}],"inLanguage":"fr-FR"}]}},"_links":{"self":[{"href":"https:\/\/villa-albertine.org\/va\/fr\/wp-json\/wp\/v2\/app_event\/63612","targetHints":{"allow":["GET"]}}],"collection":[{"href":"https:\/\/villa-albertine.org\/va\/fr\/wp-json\/wp\/v2\/app_event"}],"about":[{"href":"https:\/\/villa-albertine.org\/va\/fr\/wp-json\/wp\/v2\/types\/app_event"}],"wp:featuredmedia":[{"embeddable":true,"href":"https:\/\/villa-albertine.org\/va\/fr\/wp-json\/wp\/v2\/media\/59184"}],"wp:attachment":[{"href":"https:\/\/villa-albertine.org\/va\/fr\/wp-json\/wp\/v2\/media?parent=63612"}],"wp:term":[{"taxonomy":"app_discipline","embeddable":true,"href":"https:\/\/villa-albertine.org\/va\/fr\/wp-json\/wp\/v2\/app_discipline?post=63612"},{"taxonomy":"app_city_tax","embeddable":true,"href":"https:\/\/villa-albertine.org\/va\/fr\/wp-json\/wp\/v2\/app_city_tax?post=63612"},{"taxonomy":"app_event_type","embeddable":true,"href":"https:\/\/villa-albertine.org\/va\/fr\/wp-json\/wp\/v2\/app_event_type?post=63612"}],"curies":[{"name":"wp","href":"https:\/\/api.w.org\/{rel}","templated":true}]}}