{"id":63600,"date":"2022-05-09T18:35:32","date_gmt":"2022-05-09T18:35:32","guid":{"rendered":"https:\/\/villa-albertine.org\/events\/villa-albertine-presents-10-america-cannes-2\/"},"modified":"2023-08-23T08:10:47","modified_gmt":"2023-08-23T08:10:47","slug":"villa-albertine-presents-10-america-cannes","status":"publish","type":"app_event","link":"https:\/\/villa-albertine.org\/va\/fr\/events\/villa-albertine-presents-10-america-cannes\/","title":{"rendered":"Cannes 2022: Villa Albertine presente \u00ab\u00a010 In America\u00a0\u00bb"},"content":{"rendered":"<p><strong>Le 22 mai 2022, 14h-15h (Cannes, FRANCE)<br \/>\nVillage international &#8211; Les Cin\u00e9mas du Monde Pavilion (108)\u00a0<\/strong><\/p>\n<p>\u00ab\u00a010 In America\u00a0\u00bb est une s\u00e9rie de films documentaires qui r\u00e9unit une g\u00e9n\u00e9ration de cin\u00e9astes fran\u00e7ais, acclam\u00e9s par la critique et qui ont pr\u00e9sent\u00e9 leurs films dans de grands festivals internationaux. A partir du mois de juillet 2022, la Villa Albertine accueillera 10 cin\u00e9astes pour une r\u00e9sidence d&rsquo;artiste dans l&rsquo;une des 10 villes am\u00e9ricaines : Atlanta, Boston, Chicago, Houston, Los Angeles, Miami, New York, La Nouvelle-Orl\u00e9ans, San Francisco, et Washington D.C. Collectivement, ils sont invit\u00e9s \u00e0 faire l&rsquo;exp\u00e9rience d&rsquo;un territoire indissociable du cin\u00e9ma lui-m\u00eame.<\/p>\n<p>\nLa liste compl\u00e8te des cin\u00e9astes sera d\u00e9voil\u00e9e au cours d&rsquo;une table ronde anim\u00e9e par <strong>Val\u00e9rie Mouroux,\u00a0<\/strong>directrice du D\u00e9partement Film, TV et New Media de la Villa Albertine,\u00a0avec <strong>Catherine Bizern<\/strong>, curatrice de la collection et directrice du Festival du r\u00e9el, <strong>Michel Klein<\/strong>, producteur (Les Films Hatari), <strong>William J\u00e9hannin<\/strong> producteur (UFO production) et les r\u00e9alisateurs (TBC).<\/p>\n<p>Pour en savoir plus sur la table ronde cliquez <a href=\"https:\/\/www.lescinemasdumonde.com\/fr\/la-fabrique\/2022\/events\">ICI <\/a><\/p>\n<p>Pour acc\u00e9der au calendrier cliquez <a href=\"https:\/\/www.marchedufilm.com\/fr\/calendar\/\">ICI<\/a><\/p>\n<p>\u00a0<\/p>\n<p>\u00ab\u00a010 In America\u00a0\u00bb:<\/p>\n<p>S\u2019attachant tout particuli\u00e8rement \u00e0 l\u2019exp\u00e9rience du pr\u00e9sent, tous les cin\u00e9astes d\u00e9veloppent dans leurs \u0153uvres un rapport au r\u00e9el fluctuant depuis la frontalit\u00e9 du documentaire jusqu\u2019\u00e0 la magie de la fiction. Ensemble, ils donnent une image transversale et dynamique du cin\u00e9ma fran\u00e7ais contemporain : vari\u00e9, hybride, exigeant et multiculturel.<\/p>\n<p>Ils ont \u00e9t\u00e9 r\u00e9unis par la directrice artistique de la collection, Catherine\u00a0Bizern. D\u00e9l\u00e9gu\u00e9e g\u00e9n\u00e9rale du festival Entrevues entre 2006 et 2012, elle a vu s\u2019affirmer cette g\u00e9n\u00e9ration de cin\u00e9astes. Elle est aujourd\u2019hui d\u00e9l\u00e9gu\u00e9e g\u00e9n\u00e9rale du festival Cin\u00e9ma du r\u00e9el et directrice artistique du Centre des \u00e9critures cin\u00e9matographiques au Moulin d\u2019And\u00e9\u00a0o\u00f9 elle accompagne le travail de cr\u00e9ation des cin\u00e9astes d\u2019aujourd\u2019hui.<\/p>\n<p>La collection est d\u00e9velopp\u00e9e par le producteur Michel Klein au sein de sa soci\u00e9t\u00e9 Les Films\u00a0Hatari\u00a0qui en assurera la production. Proche de cette m\u00eame g\u00e9n\u00e9ration de cin\u00e9astes, Michel Klein a \u00e9t\u00e9 le producteur en 2002 d\u2019une premi\u00e8re collection \u00ab Portrait \u00bb coproduite par la cha\u00eene Arte et pr\u00e9sent\u00e9e \u00e0 la quinzaine des r\u00e9alisateurs en 2004. Il a depuis produit plus de 50 films longs m\u00e9trages de fiction ou documentaire.\u00a0<\/p>\n","protected":false},"featured_media":59117,"menu_order":0,"template":"","app_discipline":[266],"app_city_tax":[264],"app_event_type":[285],"class_list":["post-63600","app_event","type-app_event","status-publish","has-post-thumbnail","hentry","app_discipline-cinema-fr","app_city_tax-nyc-fr","app_event_type-festival-fr"],"acf":[],"yoast_head":"<!-- This site is optimized with the Yoast SEO plugin v27.3 - https:\/\/yoast.com\/product\/yoast-seo-wordpress\/ -->\n<title>Cannes 2022: Villa Albertine presente &quot;10 In America&quot; - Villa Albertine<\/title>\n<meta name=\"robots\" content=\"index, follow, max-snippet:-1, max-image-preview:large, max-video-preview:-1\" \/>\n<link rel=\"canonical\" href=\"https:\/\/villa-albertine.org\/va\/fr\/events\/villa-albertine-presents-10-america-cannes\/\" \/>\n<meta property=\"og:locale\" content=\"fr_FR\" \/>\n<meta property=\"og:type\" content=\"article\" \/>\n<meta property=\"og:title\" content=\"Cannes 2022: Villa Albertine presente &quot;10 In America&quot; - Villa Albertine\" \/>\n<meta property=\"og:description\" content=\"Le 22 mai 2022, 14h-15h (Cannes, FRANCE) Village international &#8211; Les Cin\u00e9mas du Monde Pavilion (108)\u00a0 \u00ab\u00a010 In America\u00a0\u00bb est une s\u00e9rie de films documentaires qui r\u00e9unit une g\u00e9n\u00e9ration de cin\u00e9astes fran\u00e7ais, acclam\u00e9s par la critique et qui ont pr\u00e9sent\u00e9 leurs films dans de grands festivals internationaux. A partir du mois de juillet 2022, la...\" \/>\n<meta property=\"og:url\" content=\"https:\/\/villa-albertine.org\/va\/fr\/events\/villa-albertine-presents-10-america-cannes\/\" \/>\n<meta property=\"og:site_name\" content=\"Villa Albertine\" \/>\n<meta property=\"article:modified_time\" content=\"2023-08-23T08:10:47+00:00\" \/>\n<meta property=\"og:image\" content=\"https:\/\/villa-albertine.org\/wp-content\/uploads\/2023\/08\/10inAmerica.jpg\" \/>\n\t<meta property=\"og:image:width\" content=\"1392\" \/>\n\t<meta property=\"og:image:height\" content=\"1046\" \/>\n\t<meta property=\"og:image:type\" content=\"image\/jpeg\" \/>\n<meta name=\"twitter:card\" content=\"summary_large_image\" \/>\n<meta name=\"twitter:label1\" content=\"Dur\u00e9e de lecture estim\u00e9e\" \/>\n\t<meta name=\"twitter:data1\" content=\"2 minutes\" \/>\n<script type=\"application\/ld+json\" class=\"yoast-schema-graph\">{\"@context\":\"https:\\\/\\\/schema.org\",\"@graph\":[{\"@type\":\"WebPage\",\"@id\":\"https:\\\/\\\/villa-albertine.org\\\/va\\\/fr\\\/events\\\/villa-albertine-presents-10-america-cannes\\\/\",\"url\":\"https:\\\/\\\/villa-albertine.org\\\/va\\\/fr\\\/events\\\/villa-albertine-presents-10-america-cannes\\\/\",\"name\":\"Cannes 2022: Villa Albertine presente \\\"10 In America\\\" - Villa Albertine\",\"isPartOf\":{\"@id\":\"https:\\\/\\\/villa-albertine.org\\\/va\\\/fr\\\/#website\"},\"primaryImageOfPage\":{\"@id\":\"https:\\\/\\\/villa-albertine.org\\\/va\\\/fr\\\/events\\\/villa-albertine-presents-10-america-cannes\\\/#primaryimage\"},\"image\":{\"@id\":\"https:\\\/\\\/villa-albertine.org\\\/va\\\/fr\\\/events\\\/villa-albertine-presents-10-america-cannes\\\/#primaryimage\"},\"thumbnailUrl\":\"https:\\\/\\\/villa-albertine.org\\\/wp-content\\\/uploads\\\/2023\\\/08\\\/10inAmerica.jpg\",\"datePublished\":\"2022-05-09T18:35:32+00:00\",\"dateModified\":\"2023-08-23T08:10:47+00:00\",\"breadcrumb\":{\"@id\":\"https:\\\/\\\/villa-albertine.org\\\/va\\\/fr\\\/events\\\/villa-albertine-presents-10-america-cannes\\\/#breadcrumb\"},\"inLanguage\":\"fr-FR\",\"potentialAction\":[{\"@type\":\"ReadAction\",\"target\":[\"https:\\\/\\\/villa-albertine.org\\\/va\\\/fr\\\/events\\\/villa-albertine-presents-10-america-cannes\\\/\"]}]},{\"@type\":\"ImageObject\",\"inLanguage\":\"fr-FR\",\"@id\":\"https:\\\/\\\/villa-albertine.org\\\/va\\\/fr\\\/events\\\/villa-albertine-presents-10-america-cannes\\\/#primaryimage\",\"url\":\"https:\\\/\\\/villa-albertine.org\\\/wp-content\\\/uploads\\\/2023\\\/08\\\/10inAmerica.jpg\",\"contentUrl\":\"https:\\\/\\\/villa-albertine.org\\\/wp-content\\\/uploads\\\/2023\\\/08\\\/10inAmerica.jpg\",\"width\":1392,\"height\":1046},{\"@type\":\"BreadcrumbList\",\"@id\":\"https:\\\/\\\/villa-albertine.org\\\/va\\\/fr\\\/events\\\/villa-albertine-presents-10-america-cannes\\\/#breadcrumb\",\"itemListElement\":[{\"@type\":\"ListItem\",\"position\":1,\"name\":\"Home\",\"item\":\"https:\\\/\\\/villa-albertine.org\\\/va\\\/fr\\\/home\\\/\"},{\"@type\":\"ListItem\",\"position\":2,\"name\":\"Cannes 2022: Villa Albertine presente \u00ab\u00a010 In America\u00a0\u00bb\"}]},{\"@type\":\"WebSite\",\"@id\":\"https:\\\/\\\/villa-albertine.org\\\/va\\\/fr\\\/#website\",\"url\":\"https:\\\/\\\/villa-albertine.org\\\/va\\\/fr\\\/\",\"name\":\"Villa Albertine\",\"description\":\"\",\"potentialAction\":[{\"@type\":\"SearchAction\",\"target\":{\"@type\":\"EntryPoint\",\"urlTemplate\":\"https:\\\/\\\/villa-albertine.org\\\/va\\\/fr\\\/?s={search_term_string}\"},\"query-input\":{\"@type\":\"PropertyValueSpecification\",\"valueRequired\":true,\"valueName\":\"search_term_string\"}}],\"inLanguage\":\"fr-FR\"}]}<\/script>\n<!-- \/ Yoast SEO plugin. -->","yoast_head_json":{"title":"Cannes 2022: Villa Albertine presente \"10 In America\" - Villa Albertine","robots":{"index":"index","follow":"follow","max-snippet":"max-snippet:-1","max-image-preview":"max-image-preview:large","max-video-preview":"max-video-preview:-1"},"canonical":"https:\/\/villa-albertine.org\/va\/fr\/events\/villa-albertine-presents-10-america-cannes\/","og_locale":"fr_FR","og_type":"article","og_title":"Cannes 2022: Villa Albertine presente \"10 In America\" - Villa Albertine","og_description":"Le 22 mai 2022, 14h-15h (Cannes, FRANCE) Village international &#8211; Les Cin\u00e9mas du Monde Pavilion (108)\u00a0 \u00ab\u00a010 In America\u00a0\u00bb est une s\u00e9rie de films documentaires qui r\u00e9unit une g\u00e9n\u00e9ration de cin\u00e9astes fran\u00e7ais, acclam\u00e9s par la critique et qui ont pr\u00e9sent\u00e9 leurs films dans de grands festivals internationaux. A partir du mois de juillet 2022, la...","og_url":"https:\/\/villa-albertine.org\/va\/fr\/events\/villa-albertine-presents-10-america-cannes\/","og_site_name":"Villa Albertine","article_modified_time":"2023-08-23T08:10:47+00:00","og_image":[{"width":1392,"height":1046,"url":"https:\/\/villa-albertine.org\/wp-content\/uploads\/2023\/08\/10inAmerica.jpg","type":"image\/jpeg"}],"twitter_card":"summary_large_image","twitter_misc":{"Dur\u00e9e de lecture estim\u00e9e":"2 minutes"},"schema":{"@context":"https:\/\/schema.org","@graph":[{"@type":"WebPage","@id":"https:\/\/villa-albertine.org\/va\/fr\/events\/villa-albertine-presents-10-america-cannes\/","url":"https:\/\/villa-albertine.org\/va\/fr\/events\/villa-albertine-presents-10-america-cannes\/","name":"Cannes 2022: Villa Albertine presente \"10 In America\" - Villa Albertine","isPartOf":{"@id":"https:\/\/villa-albertine.org\/va\/fr\/#website"},"primaryImageOfPage":{"@id":"https:\/\/villa-albertine.org\/va\/fr\/events\/villa-albertine-presents-10-america-cannes\/#primaryimage"},"image":{"@id":"https:\/\/villa-albertine.org\/va\/fr\/events\/villa-albertine-presents-10-america-cannes\/#primaryimage"},"thumbnailUrl":"https:\/\/villa-albertine.org\/wp-content\/uploads\/2023\/08\/10inAmerica.jpg","datePublished":"2022-05-09T18:35:32+00:00","dateModified":"2023-08-23T08:10:47+00:00","breadcrumb":{"@id":"https:\/\/villa-albertine.org\/va\/fr\/events\/villa-albertine-presents-10-america-cannes\/#breadcrumb"},"inLanguage":"fr-FR","potentialAction":[{"@type":"ReadAction","target":["https:\/\/villa-albertine.org\/va\/fr\/events\/villa-albertine-presents-10-america-cannes\/"]}]},{"@type":"ImageObject","inLanguage":"fr-FR","@id":"https:\/\/villa-albertine.org\/va\/fr\/events\/villa-albertine-presents-10-america-cannes\/#primaryimage","url":"https:\/\/villa-albertine.org\/wp-content\/uploads\/2023\/08\/10inAmerica.jpg","contentUrl":"https:\/\/villa-albertine.org\/wp-content\/uploads\/2023\/08\/10inAmerica.jpg","width":1392,"height":1046},{"@type":"BreadcrumbList","@id":"https:\/\/villa-albertine.org\/va\/fr\/events\/villa-albertine-presents-10-america-cannes\/#breadcrumb","itemListElement":[{"@type":"ListItem","position":1,"name":"Home","item":"https:\/\/villa-albertine.org\/va\/fr\/home\/"},{"@type":"ListItem","position":2,"name":"Cannes 2022: Villa Albertine presente \u00ab\u00a010 In America\u00a0\u00bb"}]},{"@type":"WebSite","@id":"https:\/\/villa-albertine.org\/va\/fr\/#website","url":"https:\/\/villa-albertine.org\/va\/fr\/","name":"Villa Albertine","description":"","potentialAction":[{"@type":"SearchAction","target":{"@type":"EntryPoint","urlTemplate":"https:\/\/villa-albertine.org\/va\/fr\/?s={search_term_string}"},"query-input":{"@type":"PropertyValueSpecification","valueRequired":true,"valueName":"search_term_string"}}],"inLanguage":"fr-FR"}]}},"_links":{"self":[{"href":"https:\/\/villa-albertine.org\/va\/fr\/wp-json\/wp\/v2\/app_event\/63600","targetHints":{"allow":["GET"]}}],"collection":[{"href":"https:\/\/villa-albertine.org\/va\/fr\/wp-json\/wp\/v2\/app_event"}],"about":[{"href":"https:\/\/villa-albertine.org\/va\/fr\/wp-json\/wp\/v2\/types\/app_event"}],"wp:featuredmedia":[{"embeddable":true,"href":"https:\/\/villa-albertine.org\/va\/fr\/wp-json\/wp\/v2\/media\/59117"}],"wp:attachment":[{"href":"https:\/\/villa-albertine.org\/va\/fr\/wp-json\/wp\/v2\/media?parent=63600"}],"wp:term":[{"taxonomy":"app_discipline","embeddable":true,"href":"https:\/\/villa-albertine.org\/va\/fr\/wp-json\/wp\/v2\/app_discipline?post=63600"},{"taxonomy":"app_city_tax","embeddable":true,"href":"https:\/\/villa-albertine.org\/va\/fr\/wp-json\/wp\/v2\/app_city_tax?post=63600"},{"taxonomy":"app_event_type","embeddable":true,"href":"https:\/\/villa-albertine.org\/va\/fr\/wp-json\/wp\/v2\/app_event_type?post=63600"}],"curies":[{"name":"wp","href":"https:\/\/api.w.org\/{rel}","templated":true}]}}