{"id":63589,"date":"2022-04-06T19:11:27","date_gmt":"2022-04-06T19:11:27","guid":{"rendered":"https:\/\/villa-albertine.org\/events\/tastemakers-18th-century-french-luxury-market-and-global-art-trade-2\/"},"modified":"2023-08-23T08:10:46","modified_gmt":"2023-08-23T08:10:46","slug":"tastemakers-18th-century-french-luxury-market-and-global-art-trade","status":"publish","type":"app_event","link":"https:\/\/villa-albertine.org\/va\/fr\/events\/tastemakers-18th-century-french-luxury-market-and-global-art-trade\/","title":{"rendered":"\u00ab\u00a0Marchands-merciers\u00a0\u00bb : le march\u00e9 du luxe en France au 18e si\u00e8cle et la mondialisation du commerce de l&rsquo;art"},"content":{"rendered":"<p>Rassemblant plus de 30 \u0153uvres, pi\u00e8ces de mobilier et objets d&rsquo;arts r\u00e9alis\u00e9s par les artistes et artisans les plus talentueux du 18e si\u00e8cle, cette exposition met en lumi\u00e8re le r\u00f4le centrale des \u00ab\u00a0marchands-merciers\u00a0\u00bb parisiens, faiseurs de go\u00fbt et ambassadeurs de l&rsquo;art fran\u00e7ais et de l&rsquo;art de vivre \u00ab\u00a0\u00e0 la fran\u00e7aise\u00a0\u00bb, qui ont fourni aux souverains et \u00e0 la haute aristocratie europ\u00e9enne des pi\u00e8ces aussi rares que pr\u00e9cieuses et ont contribu\u00e9 \u00e0 modeler le go\u00fbt fran\u00e7ais et \u00e0 le promouvoir bien au-del\u00e0 de Paris et des fronti\u00e8res nationales.\u00a0<\/p>\n\n<p>Fruit d&rsquo;un partenariat transatlantique avec la\u00a0<a href=\"https:\/\/www.galeriekugel.com\/\">Galerie Kugel<\/a>, cette exposition, qui se tient en parall\u00e8le de la\u00a0<a href=\"https:\/\/www.tefaf.com\/fairs\/tefaf-new-york-spring\">TEFAF New York<\/a>,\u00a0offre un regard renouvel\u00e9 sur les arts d\u00e9coratifs et le march\u00e9 du luxe de la France du 18e si\u00e8cle. Dans la lign\u00e9e des missions de la Villa Albertine, \u0153uvrant \u00e0 la promotion des arts et des id\u00e9es entre la France et les \u00c9tats-Unis, elle se fait l&rsquo;\u00e9cho \u00e0 travers le prisme du pass\u00e9 des questions d&rsquo;influence culturelle et de mondialisation des arts, d\u00e9j\u00e0 \u00e0 l&rsquo;\u0153uvre au 18e si\u00e8cle.<\/p>\n\n<p>Les \u00ab\u00a0marchands-merciers\u00a0\u00bb \u00e9taient les faiseurs de go\u00fbt du march\u00e9 de l&rsquo;art et du luxe dans la France du 18e si\u00e8cle. D\u00e9sign\u00e9s par Denis Diderot dans l&rsquo;<em>Encyclop\u00e9die<\/em>\u00a0comme des \u00ab\u00a0marchands de tout et faiseurs de rien\u00a0\u00bb, ils appartenaient \u00e0 une puissante corporation et ont lanc\u00e9 les modes et tendances artistiques qui d\u00e9finissent aujourd&rsquo;hui l&rsquo;art fran\u00e7ais de leur \u00e9poque. Faisant importer \u00e0 Paris des mat\u00e9riaux et objets pr\u00e9cieux du monde entier &#8211; bois exotiques d&rsquo;Afrique et des Am\u00e9riques, porcelaines et laques de Chine et du Japon -, ils collaboraient avec les meilleurs artistes et artisans parisiens, accompagnant la cr\u00e9ation de meubles et d&rsquo;objets d&rsquo;arts d&rsquo;un go\u00fbt nouveau pour une client\u00e8le prestigieuse, parmi lesquels les roi de France, la marquise de Pompadour ou la reine Marie-Antoinette.<\/p>\n\n<p>Tout \u00e0 la fois n\u00e9gociants, importateurs, collecteurs, concepteurs et d\u00e9corateurs, ces \u00ab\u00a0marchands-merciers\u00a0\u00bb ont \u00e9t\u00e9 au c\u0153ur de l&rsquo;essor de l&rsquo;industrie du luxe en France au 18e si\u00e8cle et ont particip\u00e9 activement \u00e0 l&rsquo;une des premi\u00e8res manifestations de la mondialisation des arts. Ils \u00e9taient \u00e9galement actifs sur le march\u00e9 de seconde main, achetant des collections aux ench\u00e8res et agissant comme agents artistiques pour leurs clients, se procurant peintures et sculptures dans toute l&rsquo;Europe.<\/p>\n<figure class=\"wp-block-image size-full\">\n\t<img loading=\"lazy\" decoding=\"async\" width=\"1392\" height=\"1969\" src=\"https:\/\/villa-albertine.org\/wp-content\/uploads\/2023\/08\/Sans20titre-12028129.jpg\" class=\"attachment-full size-full\" alt=\"\" srcset=\"https:\/\/villa-albertine.org\/wp-content\/uploads\/2023\/08\/Sans20titre-12028129.jpg 1392w, https:\/\/villa-albertine.org\/wp-content\/uploads\/2023\/08\/Sans20titre-12028129-212x300.jpg 212w, https:\/\/villa-albertine.org\/wp-content\/uploads\/2023\/08\/Sans20titre-12028129-724x1024.jpg 724w, https:\/\/villa-albertine.org\/wp-content\/uploads\/2023\/08\/Sans20titre-12028129-768x1086.jpg 768w, https:\/\/villa-albertine.org\/wp-content\/uploads\/2023\/08\/Sans20titre-12028129-1086x1536.jpg 1086w\" sizes=\"auto, (max-width: 1392px) 100vw, 1392px\" \/>\n\t\t\t<figcaption>\n\t\t\t<p>Courtesy of Galerie Kugel \u00a9 Guillaume Benoit<\/p>\n\t\t<\/figcaption>\n\t<\/figure>\n<p>\u00c0 travers la pr\u00e9sentation de plus d&rsquo;une trentaine d&rsquo;\u0153uvres, dont la pr\u00e9ciosit\u00e9 n&rsquo;a d&rsquo;\u00e9gale que le nom de leurs cr\u00e9ateurs et de leurs propri\u00e9taires, cette exposition revient, selon un fil chronologique, sur le parcours de quelques-uns des marchands les plus influents du 18e si\u00e8cle, tels Laurent Danet (vers 1650 &#8211; 1720), fournisseurs d&rsquo;objets pr\u00e9cieux pour le roi Louis XIV et son fils, le Dauphin ; Lazare Duvaux (actif entre 1748 et 1758), qui jouissait d&rsquo;une relation privil\u00e9gi\u00e9e avec la marquise de Pompadour ; ou Dominique Daguerre (actif entre 1777 et 1796), l&rsquo;un des plus grands marchands de la fin du 18e si\u00e8cle, qui a largement contribu\u00e9 \u00e0 diffuser le go\u00fbt fran\u00e7ais en Angleterre.<\/p>\n\n<p>Capturant l&rsquo;essence de l&rsquo;une des premi\u00e8res manifestations de la globalisation des arts &#8211; lorsque le meilleur du g\u00e9nie artistique fran\u00e7ais s&rsquo;est confront\u00e9 \u00e0 des mat\u00e9riaux pr\u00e9cieux et des traditions artistiques du monde entier, cette exposition se fait l&rsquo;\u00e9cho \u00e9galement de d\u00e9bats d&rsquo;actualit\u00e9 en illustrant comment la question des \u00e9changes artistiques internationaux \u00e9taient d\u00e9j\u00e0 en jeu au 18e si\u00e8cle.<\/p>\n\n<p>\u00a0<\/p>\n\n<p>En lien avec l&rsquo;exposition, la Villa Albertine organise un cycle de deux conf\u00e9rences :<\/p>\n\n<p>\u00a0<\/p>\n\n<p><u><a href=\"https:\/\/villa-albertine.org\/fr\/events\/lecture-series-tastemakers-18th-century-french-luxury-market-and-global-art-trade\"><strong>Mercredi 4 Mai, \u00e0 18h<\/strong><\/a><\/u><\/p>\n\n<p><strong><em>Les marchands-merciers et la naissance des strat\u00e9gies commerciales au 18e si\u00e8cle<\/em><\/strong><\/p>\n\n<p>Par St\u00e9phane Castelluccio, directeur de recherche au CNRS, Centre Andr\u00e9 Chastel, Paris<\/p>\n\n<p>Plus d&rsquo;info\u00a0<a href=\"https:\/\/villa-albertine.org\/fr\/events\/lecture-series-tastemakers-18th-century-french-luxury-market-and-global-art-trade\"><strong>ici<\/strong><\/a>\u00a0|\u00a0\u00a0RSVP via <a href=\"https:\/\/www.eventbrite.com\/e\/lecture-series-tastemakers-the-18th-century-french-luxury-market-tickets-317282469407\"><strong>Eventbrite<\/strong><\/a><\/p>\n\n<p>\u00a0<\/p>\n\n<p><u><a href=\"https:\/\/villa-albertine.org\/fr\/events\/lecture-series-tastemakers-18th-century-french-luxury-market-and-global-art-trade\"><strong>Jeudi 5 Mai, \u00e0 18h<\/strong><\/a><\/u><\/p>\n\n<p><strong><em>Les marchands-merciers \u00e0 New York : chefs-d&rsquo;\u0153uvre<\/em><em> des arts d\u00e9coratifs fran\u00e7ais du 18e si\u00e8cle de la Frick Collection<\/em><\/strong><\/p>\n\n<p>Par Marie-Laure Buku Pongo, Assistant Curator of Decorative Arts, The Frick Collection, New York<\/p>\n\n<p>Plus d&rsquo;info\u00a0<a href=\"https:\/\/villa-albertine.org\/fr\/events\/lecture-series-tastemakers-18th-century-french-luxury-market-and-global-art-trade\"><strong>ici<\/strong><\/a>\u00a0|\u00a0\u00a0RSVP via <a href=\"https:\/\/www.eventbrite.com\/e\/lecture-series-tastemakers-the-18th-century-french-luxury-market-tickets-317282469407\"><strong>Eventbrite<\/strong><\/a><\/p>\n\n<p>\u00a0<\/p>","protected":false},"featured_media":59014,"menu_order":0,"template":"","app_discipline":[265,280],"app_city_tax":[264],"app_event_type":[290],"class_list":["post-63589","app_event","type-app_event","status-publish","has-post-thumbnail","hentry","app_discipline-arts-visuels-fr","app_discipline-musees-fr","app_city_tax-nyc-fr","app_event_type-exposition-fr"],"acf":[],"yoast_head":"<!-- This site is optimized with the Yoast SEO plugin v27.3 - https:\/\/yoast.com\/product\/yoast-seo-wordpress\/ -->\n<title>&quot;Marchands-merciers&quot; : le march\u00e9 du luxe en France au 18e si\u00e8cle et la mondialisation du commerce de l&#039;art - Villa Albertine<\/title>\n<meta name=\"robots\" content=\"index, follow, max-snippet:-1, max-image-preview:large, max-video-preview:-1\" \/>\n<link rel=\"canonical\" href=\"https:\/\/villa-albertine.org\/va\/fr\/events\/tastemakers-18th-century-french-luxury-market-and-global-art-trade\/\" \/>\n<meta property=\"og:locale\" content=\"fr_FR\" \/>\n<meta property=\"og:type\" content=\"article\" \/>\n<meta property=\"og:title\" content=\"&quot;Marchands-merciers&quot; : le march\u00e9 du luxe en France au 18e si\u00e8cle et la mondialisation du commerce de l&#039;art - Villa Albertine\" \/>\n<meta property=\"og:description\" content=\"Rassemblant plus de 30 \u0153uvres, pi\u00e8ces de mobilier et objets d&rsquo;arts r\u00e9alis\u00e9s par les artistes et artisans les plus talentueux du 18e si\u00e8cle, cette exposition met en lumi\u00e8re le r\u00f4le centrale des \u00ab\u00a0marchands-merciers\u00a0\u00bb parisiens, faiseurs de go\u00fbt et ambassadeurs de l&rsquo;art fran\u00e7ais et de l&rsquo;art de vivre \u00ab\u00a0\u00e0 la fran\u00e7aise\u00a0\u00bb, qui ont fourni aux souverains...\" \/>\n<meta property=\"og:url\" content=\"https:\/\/villa-albertine.org\/va\/fr\/events\/tastemakers-18th-century-french-luxury-market-and-global-art-trade\/\" \/>\n<meta property=\"og:site_name\" content=\"Villa Albertine\" \/>\n<meta property=\"article:modified_time\" content=\"2023-08-23T08:10:46+00:00\" \/>\n<meta property=\"og:image\" content=\"https:\/\/villa-albertine.org\/wp-content\/uploads\/2023\/08\/1246x572-1.jpg\" \/>\n\t<meta property=\"og:image:width\" content=\"1392\" \/>\n\t<meta property=\"og:image:height\" content=\"639\" \/>\n\t<meta property=\"og:image:type\" content=\"image\/jpeg\" \/>\n<meta name=\"twitter:card\" content=\"summary_large_image\" \/>\n<meta name=\"twitter:label1\" content=\"Dur\u00e9e de lecture estim\u00e9e\" \/>\n\t<meta name=\"twitter:data1\" content=\"3 minutes\" \/>\n<script type=\"application\/ld+json\" class=\"yoast-schema-graph\">{\"@context\":\"https:\\\/\\\/schema.org\",\"@graph\":[{\"@type\":\"WebPage\",\"@id\":\"https:\\\/\\\/villa-albertine.org\\\/va\\\/fr\\\/events\\\/tastemakers-18th-century-french-luxury-market-and-global-art-trade\\\/\",\"url\":\"https:\\\/\\\/villa-albertine.org\\\/va\\\/fr\\\/events\\\/tastemakers-18th-century-french-luxury-market-and-global-art-trade\\\/\",\"name\":\"\\\"Marchands-merciers\\\" : le march\u00e9 du luxe en France au 18e si\u00e8cle et la mondialisation du commerce de l'art - Villa Albertine\",\"isPartOf\":{\"@id\":\"https:\\\/\\\/villa-albertine.org\\\/va\\\/fr\\\/#website\"},\"primaryImageOfPage\":{\"@id\":\"https:\\\/\\\/villa-albertine.org\\\/va\\\/fr\\\/events\\\/tastemakers-18th-century-french-luxury-market-and-global-art-trade\\\/#primaryimage\"},\"image\":{\"@id\":\"https:\\\/\\\/villa-albertine.org\\\/va\\\/fr\\\/events\\\/tastemakers-18th-century-french-luxury-market-and-global-art-trade\\\/#primaryimage\"},\"thumbnailUrl\":\"https:\\\/\\\/villa-albertine.org\\\/wp-content\\\/uploads\\\/2023\\\/08\\\/1246x572-1.jpg\",\"datePublished\":\"2022-04-06T19:11:27+00:00\",\"dateModified\":\"2023-08-23T08:10:46+00:00\",\"breadcrumb\":{\"@id\":\"https:\\\/\\\/villa-albertine.org\\\/va\\\/fr\\\/events\\\/tastemakers-18th-century-french-luxury-market-and-global-art-trade\\\/#breadcrumb\"},\"inLanguage\":\"fr-FR\",\"potentialAction\":[{\"@type\":\"ReadAction\",\"target\":[\"https:\\\/\\\/villa-albertine.org\\\/va\\\/fr\\\/events\\\/tastemakers-18th-century-french-luxury-market-and-global-art-trade\\\/\"]}]},{\"@type\":\"ImageObject\",\"inLanguage\":\"fr-FR\",\"@id\":\"https:\\\/\\\/villa-albertine.org\\\/va\\\/fr\\\/events\\\/tastemakers-18th-century-french-luxury-market-and-global-art-trade\\\/#primaryimage\",\"url\":\"https:\\\/\\\/villa-albertine.org\\\/wp-content\\\/uploads\\\/2023\\\/08\\\/1246x572-1.jpg\",\"contentUrl\":\"https:\\\/\\\/villa-albertine.org\\\/wp-content\\\/uploads\\\/2023\\\/08\\\/1246x572-1.jpg\",\"width\":1392,\"height\":639},{\"@type\":\"BreadcrumbList\",\"@id\":\"https:\\\/\\\/villa-albertine.org\\\/va\\\/fr\\\/events\\\/tastemakers-18th-century-french-luxury-market-and-global-art-trade\\\/#breadcrumb\",\"itemListElement\":[{\"@type\":\"ListItem\",\"position\":1,\"name\":\"Home\",\"item\":\"https:\\\/\\\/villa-albertine.org\\\/va\\\/fr\\\/home\\\/\"},{\"@type\":\"ListItem\",\"position\":2,\"name\":\"\u00ab\u00a0Marchands-merciers\u00a0\u00bb : le march\u00e9 du luxe en France au 18e si\u00e8cle et la mondialisation du commerce de l&rsquo;art\"}]},{\"@type\":\"WebSite\",\"@id\":\"https:\\\/\\\/villa-albertine.org\\\/va\\\/fr\\\/#website\",\"url\":\"https:\\\/\\\/villa-albertine.org\\\/va\\\/fr\\\/\",\"name\":\"Villa Albertine\",\"description\":\"\",\"potentialAction\":[{\"@type\":\"SearchAction\",\"target\":{\"@type\":\"EntryPoint\",\"urlTemplate\":\"https:\\\/\\\/villa-albertine.org\\\/va\\\/fr\\\/?s={search_term_string}\"},\"query-input\":{\"@type\":\"PropertyValueSpecification\",\"valueRequired\":true,\"valueName\":\"search_term_string\"}}],\"inLanguage\":\"fr-FR\"}]}<\/script>\n<!-- \/ Yoast SEO plugin. -->","yoast_head_json":{"title":"\"Marchands-merciers\" : le march\u00e9 du luxe en France au 18e si\u00e8cle et la mondialisation du commerce de l'art - Villa Albertine","robots":{"index":"index","follow":"follow","max-snippet":"max-snippet:-1","max-image-preview":"max-image-preview:large","max-video-preview":"max-video-preview:-1"},"canonical":"https:\/\/villa-albertine.org\/va\/fr\/events\/tastemakers-18th-century-french-luxury-market-and-global-art-trade\/","og_locale":"fr_FR","og_type":"article","og_title":"\"Marchands-merciers\" : le march\u00e9 du luxe en France au 18e si\u00e8cle et la mondialisation du commerce de l'art - Villa Albertine","og_description":"Rassemblant plus de 30 \u0153uvres, pi\u00e8ces de mobilier et objets d&rsquo;arts r\u00e9alis\u00e9s par les artistes et artisans les plus talentueux du 18e si\u00e8cle, cette exposition met en lumi\u00e8re le r\u00f4le centrale des \u00ab\u00a0marchands-merciers\u00a0\u00bb parisiens, faiseurs de go\u00fbt et ambassadeurs de l&rsquo;art fran\u00e7ais et de l&rsquo;art de vivre \u00ab\u00a0\u00e0 la fran\u00e7aise\u00a0\u00bb, qui ont fourni aux souverains...","og_url":"https:\/\/villa-albertine.org\/va\/fr\/events\/tastemakers-18th-century-french-luxury-market-and-global-art-trade\/","og_site_name":"Villa Albertine","article_modified_time":"2023-08-23T08:10:46+00:00","og_image":[{"width":1392,"height":639,"url":"https:\/\/villa-albertine.org\/wp-content\/uploads\/2023\/08\/1246x572-1.jpg","type":"image\/jpeg"}],"twitter_card":"summary_large_image","twitter_misc":{"Dur\u00e9e de lecture estim\u00e9e":"3 minutes"},"schema":{"@context":"https:\/\/schema.org","@graph":[{"@type":"WebPage","@id":"https:\/\/villa-albertine.org\/va\/fr\/events\/tastemakers-18th-century-french-luxury-market-and-global-art-trade\/","url":"https:\/\/villa-albertine.org\/va\/fr\/events\/tastemakers-18th-century-french-luxury-market-and-global-art-trade\/","name":"\"Marchands-merciers\" : le march\u00e9 du luxe en France au 18e si\u00e8cle et la mondialisation du commerce de l'art - Villa Albertine","isPartOf":{"@id":"https:\/\/villa-albertine.org\/va\/fr\/#website"},"primaryImageOfPage":{"@id":"https:\/\/villa-albertine.org\/va\/fr\/events\/tastemakers-18th-century-french-luxury-market-and-global-art-trade\/#primaryimage"},"image":{"@id":"https:\/\/villa-albertine.org\/va\/fr\/events\/tastemakers-18th-century-french-luxury-market-and-global-art-trade\/#primaryimage"},"thumbnailUrl":"https:\/\/villa-albertine.org\/wp-content\/uploads\/2023\/08\/1246x572-1.jpg","datePublished":"2022-04-06T19:11:27+00:00","dateModified":"2023-08-23T08:10:46+00:00","breadcrumb":{"@id":"https:\/\/villa-albertine.org\/va\/fr\/events\/tastemakers-18th-century-french-luxury-market-and-global-art-trade\/#breadcrumb"},"inLanguage":"fr-FR","potentialAction":[{"@type":"ReadAction","target":["https:\/\/villa-albertine.org\/va\/fr\/events\/tastemakers-18th-century-french-luxury-market-and-global-art-trade\/"]}]},{"@type":"ImageObject","inLanguage":"fr-FR","@id":"https:\/\/villa-albertine.org\/va\/fr\/events\/tastemakers-18th-century-french-luxury-market-and-global-art-trade\/#primaryimage","url":"https:\/\/villa-albertine.org\/wp-content\/uploads\/2023\/08\/1246x572-1.jpg","contentUrl":"https:\/\/villa-albertine.org\/wp-content\/uploads\/2023\/08\/1246x572-1.jpg","width":1392,"height":639},{"@type":"BreadcrumbList","@id":"https:\/\/villa-albertine.org\/va\/fr\/events\/tastemakers-18th-century-french-luxury-market-and-global-art-trade\/#breadcrumb","itemListElement":[{"@type":"ListItem","position":1,"name":"Home","item":"https:\/\/villa-albertine.org\/va\/fr\/home\/"},{"@type":"ListItem","position":2,"name":"\u00ab\u00a0Marchands-merciers\u00a0\u00bb : le march\u00e9 du luxe en France au 18e si\u00e8cle et la mondialisation du commerce de l&rsquo;art"}]},{"@type":"WebSite","@id":"https:\/\/villa-albertine.org\/va\/fr\/#website","url":"https:\/\/villa-albertine.org\/va\/fr\/","name":"Villa Albertine","description":"","potentialAction":[{"@type":"SearchAction","target":{"@type":"EntryPoint","urlTemplate":"https:\/\/villa-albertine.org\/va\/fr\/?s={search_term_string}"},"query-input":{"@type":"PropertyValueSpecification","valueRequired":true,"valueName":"search_term_string"}}],"inLanguage":"fr-FR"}]}},"_links":{"self":[{"href":"https:\/\/villa-albertine.org\/va\/fr\/wp-json\/wp\/v2\/app_event\/63589","targetHints":{"allow":["GET"]}}],"collection":[{"href":"https:\/\/villa-albertine.org\/va\/fr\/wp-json\/wp\/v2\/app_event"}],"about":[{"href":"https:\/\/villa-albertine.org\/va\/fr\/wp-json\/wp\/v2\/types\/app_event"}],"wp:featuredmedia":[{"embeddable":true,"href":"https:\/\/villa-albertine.org\/va\/fr\/wp-json\/wp\/v2\/media\/59014"}],"wp:attachment":[{"href":"https:\/\/villa-albertine.org\/va\/fr\/wp-json\/wp\/v2\/media?parent=63589"}],"wp:term":[{"taxonomy":"app_discipline","embeddable":true,"href":"https:\/\/villa-albertine.org\/va\/fr\/wp-json\/wp\/v2\/app_discipline?post=63589"},{"taxonomy":"app_city_tax","embeddable":true,"href":"https:\/\/villa-albertine.org\/va\/fr\/wp-json\/wp\/v2\/app_city_tax?post=63589"},{"taxonomy":"app_event_type","embeddable":true,"href":"https:\/\/villa-albertine.org\/va\/fr\/wp-json\/wp\/v2\/app_event_type?post=63589"}],"curies":[{"name":"wp","href":"https:\/\/api.w.org\/{rel}","templated":true}]}}