{"id":63579,"date":"2022-04-07T17:16:48","date_gmt":"2022-04-07T17:16:48","guid":{"rendered":"https:\/\/villa-albertine.org\/events\/lecture-series-tastemakers-18th-century-french-luxury-market-and-global-art-trade-2\/"},"modified":"2023-08-23T08:10:45","modified_gmt":"2023-08-23T08:10:45","slug":"lecture-series-tastemakers-18th-century-french-luxury-market-and-global-art-trade","status":"publish","type":"app_event","link":"https:\/\/villa-albertine.org\/va\/fr\/events\/lecture-series-tastemakers-18th-century-french-luxury-market-and-global-art-trade\/","title":{"rendered":"Conf\u00e9rences  | \u00ab\u00a0Marchands-merciers\u00a0\u00bb : le march\u00e9 du luxe en France au 18e si\u00e8cle et la mondialisation du commerce de l&rsquo;art"},"content":{"rendered":"<p>A l&rsquo;occasion de l&rsquo;exposition\u00a0<a href=\"https:\/\/villa-albertine.org\/fr\/events\/tastemakers-18th-century-french-luxury-market-and-global-art-trade\">\u00ab\u00a0Marchands-mercier : le march\u00e9 du luxe en France au 18e si\u00e8cle et la mondialisation du commerce de l&rsquo;art\u00a0\u00bb<\/a>, pr\u00e9sent\u00e9e \u00e0 la\u00a0Payne Whitney Mansion du 4 au 9 mai 2022, la Villa Albertine et la\u00a0<a href=\"https:\/\/www.galeriekugel.com\/\">Galerie Kugel<\/a>\u00a0vous invitent \u00e0 une s\u00e9rie de deux conf\u00e9rences, les mercredi 4 et jeudi 5 mai.<\/p>\n\n<p>\u00a0<\/p>\n\n<p><u><strong>Mercredi 4 Mai | 18h<\/strong><\/u><\/p>\n\n<p><strong><em>Les marchands-merciers et la naissance des strat\u00e9gies commerciales au 18e si\u00e8cle<\/em><\/strong><\/p>\n\n<p><strong>Par St\u00e9phane Castelluccio, directeur de recherche au CNRS, Centre Andr\u00e9 Chastel, Paris<\/strong><\/p>\n\n<p><strong>RSVP via\u00a0<u><a href=\"https:\/\/www.eventbrite.com\/e\/lecture-series-tastemakers-the-18th-century-french-luxury-market-tickets-317282469407\">Eventbrite<\/a><\/u><\/strong><\/p>\n\n<p><em>Les \u00ab\u00a0marchands-merciers\u00a0\u00bb parisiens du 18e si\u00e8cle ont d\u00e9velopp\u00e9 diverses strat\u00e9gies leur permettant de promouvoir leurs activit\u00e9s et de d\u00e9velopper leur client\u00e8le. Ces tactiques commerciales sont les pr\u00e9curseurs directs de ce que nous d\u00e9signons aujourd&rsquo;hui sous le terme de \u00ab\u00a0marketing\u00a0\u00bb. Ils ont ainsi cr\u00e9\u00e9 des outils d&rsquo;identit\u00e9 visuelle (enseignes, cartes de visite) &#8211; anc\u00eatres des logos actuels &#8211; et \u00e9labor\u00e9 les premi\u00e8res publicit\u00e9s pr\u00e9sentant leurs marchandises sous un jour le plus flatteur possible. Ces publicit\u00e9s \u00e9taient largement diffus\u00e9es sous la forme d&rsquo;annonces dans les gazettes contemporaines, les revues sp\u00e9cialis\u00e9es et les guides, qui se multiplient \u00e0 l&rsquo;\u00e9poque. Ils ont r\u00e9ussi par ce biais \u00e0 d\u00e9velopper leur client\u00e8le, bien au-del\u00e0 des cercles parisiens, suscitant chez eux le d\u00e9sir d&rsquo;achat et de possession, moteur essentiel du commerce.<\/em><\/p>\n\n<p>St\u00e9phane\u00a0Castelluccio est historien de l&rsquo;art et directeur de recherche au CNRS, Paris. Dipl\u00f4m\u00e9 de l&rsquo;Ecole du Louvre et de l&rsquo;Universit\u00e9 Paris-IV, il a consacr\u00e9 sa th\u00e8se au \u00ab\u00a0Garde-Meuble de la Couronne\u00a0\u00bb et aux collections royales fran\u00e7aises d&rsquo;art d\u00e9coratif. Sp\u00e9cialiste de l&rsquo;histoire des r\u00e9sidences royales, de leurs d\u00e9cors, du mobilier, de l&rsquo;histoire collections d&rsquo;objets d&rsquo;art et du commerce du luxe aux 17e et 18e si\u00e8cles, il a publi\u00e9 plus d&rsquo;une centaine d&rsquo;articles et une quinzaine d&rsquo;ouvrages, dont\u00a0<em>Les Collections royales d\u2019objets d\u2019art de Fran\u00e7ois\u00a0Ier\u00a0\u00e0 la R\u00e9volution <\/em>(2002),\u00a0<em>Le Go\u00fbt pour les laques de Chine et du Japon aux XVIIe\u00a0et XVIIIe\u00a0si\u00e8cles <\/em>(2013) et\u00a0<em>Le prince et le marchand : Le commerce de luxe chez les marchands merciers parisiens pendant le r\u00e8gne de Louis XIV <\/em>(2014). Son dernier ouvrage,\u00a0<em>La Noblesse et ses domestiques au XVIIIe\u00a0si\u00e8cle,\u00a0<\/em>a \u00e9t\u00e9 publi\u00e9 en 2021.<\/p>\n\n<p>\u00a0<\/p>\n\n<p><u><strong>Jeudi 5 Mai | 18h<\/strong><\/u><\/p>\n\n<p><strong><em>Les marchands-merciers \u00e0 New York : chefs-d&rsquo;\u0153uvre<\/em><em> des arts d\u00e9coratifs fran\u00e7ais du 18e si\u00e8cle de la Frick Collection<\/em><\/strong><\/p>\n\n<p><strong>Par Marie-Laure Buku Pongo, Assistant Curator of Decorative Arts, The Frick Collection, New York<\/strong><\/p>\n\n<p><strong>RSVP via\u00a0<u><a href=\"https:\/\/www.eventbrite.com\/e\/lecture-series-tastemakers-the-18th-century-french-luxury-market-tickets-317282469407\">Eventbrite<\/a><\/u><\/strong><\/p>\n\n<p><em>\u00ab\u00a0Marchands de tout et faiseurs de rien\u00a0\u00bb selon l&rsquo;expression de l&rsquo;encyclop\u00e9diste Denis Diderot, les marchands-merciers ont jouer un r\u00f4le fondamental dans le rayonnement des arts d\u00e9coratifs fran\u00e7ais au 18e si\u00e8cle. Tout \u00e0 la fois n\u00e9gociants, importateurs, collecteurs, concepteurs et d\u00e9corateurs, ils ont largement contribu\u00e9 \u00e0 l&rsquo;essor de l&rsquo;industrie du luxe et activement particip\u00e9 \u00e0 l&rsquo;une des premi\u00e8res manifestations de la mondialisation des arts,\u00a0lorsque le meilleur du g\u00e9nie artistique fran\u00e7ais s&rsquo;est empar\u00e9 de mat\u00e9riaux pr\u00e9cieux et de traditions artistiques du monde entier. Leurs \u00ab\u00a0cr\u00e9ations\u00a0\u00bb, meubles et objets d&rsquo;art dont la pr\u00e9ciosit\u00e9 n&rsquo;a d&rsquo;\u00e9gale que le noms de leurs commanditaires ou propri\u00e9taires &#8211; rois et membres de la haute aristocratie -, repr\u00e9sentent les pi\u00e8ces les plus raffin\u00e9es des arts d\u00e9coratifs fran\u00e7ais du 18e si\u00e8cle, tr\u00e8s recherch\u00e9es en tant que telles par les collectionneurs jusqu&rsquo;\u00e0 aujourd&rsquo;hui. La <a href=\"https:\/\/www.frick.org\/\">Frick Collection<\/a>\u00a0de New York, initialement constitu\u00e9e par Henry Clay Frick (1849-1919), qui l\u00e9gua son h\u00f4tel particulier de la 5e Avenue et ses collections pour le plaisir du grand public, poss\u00e8de d&rsquo;importantes collections d&rsquo;arts d\u00e9coratifs fran\u00e7ais du 18e si\u00e8cle, dont de nombreux chefs-d&rsquo;\u0153uvre attach\u00e9s aux noms des plus c\u00e9l\u00e8bres marchands-merciers parisiens.<\/em>\u00a0<\/p>\n\n<p>Marie-Laure Buku Pongo est historienne et historienne de l&rsquo;art, <em>assistant curator\u00a0<\/em>pour les arts d\u00e9coratifs \u00e0 la Frick Collection de New York. Dipl\u00f4m\u00e9e en histoire, histoire de l&rsquo;art et droit de l&rsquo;Ecole du Louvre, de l&rsquo;Universit\u00e9 de la Sorbonne et de l&rsquo;Universit\u00e9 Paris II Panth\u00e9on-Assas, elle a pr\u00e9c\u00e9demment travaill\u00e9 au ch\u00e2teau de Versailles comme assistante de recherche pour l&rsquo;exposition \u00ab\u00a0Versailles et le monde\u00a0\u00bb pr\u00e9sent\u00e9e en 2022 au Louvre Abu Dhabi. Elle a \u00e9galement travaill\u00e9 \u00e0 la Mission ameublement du Mobilier national, conseillant et participant aux chantiers de r\u00e9am\u00e9nagement et d&rsquo;ameublement du Palais de l&rsquo;Elys\u00e9e, des bureaux du Premier ministre \u00e0 Matignon, du S\u00e9nat, de l&rsquo;Assembl\u00e9e nationale ou de plusieurs minist\u00e8res et ambassades fran\u00e7ais,. Marie-Laure Buku Pongo est actuellement en train de terminer sa th\u00e8se en histoire moderne et histoire de l&rsquo;art, consacr\u00e9e aux cadeaux diplomatiques faits par le roi de France Louis XV.<\/p>\n<figure class=\"wp-block-image size-full\">\n\t<img loading=\"lazy\" decoding=\"async\" width=\"1392\" height=\"1969\" src=\"https:\/\/villa-albertine.org\/wp-content\/uploads\/2023\/08\/Sans20titre-12028129.jpg\" class=\"attachment-full size-full\" alt=\"\" srcset=\"https:\/\/villa-albertine.org\/wp-content\/uploads\/2023\/08\/Sans20titre-12028129.jpg 1392w, https:\/\/villa-albertine.org\/wp-content\/uploads\/2023\/08\/Sans20titre-12028129-212x300.jpg 212w, https:\/\/villa-albertine.org\/wp-content\/uploads\/2023\/08\/Sans20titre-12028129-724x1024.jpg 724w, https:\/\/villa-albertine.org\/wp-content\/uploads\/2023\/08\/Sans20titre-12028129-768x1086.jpg 768w, https:\/\/villa-albertine.org\/wp-content\/uploads\/2023\/08\/Sans20titre-12028129-1086x1536.jpg 1086w\" sizes=\"auto, (max-width: 1392px) 100vw, 1392px\" \/>\n\t\t\t<figcaption>\n\t\t\t<p>Courtesy of Galerie Kugel \u00a9 Guillaume Benoit<\/p>\n\t\t<\/figcaption>\n\t<\/figure>\n","protected":false},"featured_media":58936,"menu_order":0,"template":"","app_discipline":[265,280],"app_city_tax":[264],"app_event_type":[289],"class_list":["post-63579","app_event","type-app_event","status-publish","has-post-thumbnail","hentry","app_discipline-arts-visuels-fr","app_discipline-musees-fr","app_city_tax-nyc-fr","app_event_type-conference-fr"],"acf":[],"yoast_head":"<!-- This site is optimized with the Yoast SEO plugin v27.3 - https:\/\/yoast.com\/product\/yoast-seo-wordpress\/ -->\n<title>Conf\u00e9rences | &quot;Marchands-merciers&quot; : le march\u00e9 du luxe en France au 18e si\u00e8cle et la mondialisation du commerce de l&#039;art - Villa Albertine<\/title>\n<meta name=\"robots\" content=\"index, follow, max-snippet:-1, max-image-preview:large, max-video-preview:-1\" \/>\n<link rel=\"canonical\" href=\"https:\/\/villa-albertine.org\/va\/fr\/events\/lecture-series-tastemakers-18th-century-french-luxury-market-and-global-art-trade\/\" \/>\n<meta property=\"og:locale\" content=\"fr_FR\" \/>\n<meta property=\"og:type\" content=\"article\" \/>\n<meta property=\"og:title\" content=\"Conf\u00e9rences | &quot;Marchands-merciers&quot; : le march\u00e9 du luxe en France au 18e si\u00e8cle et la mondialisation du commerce de l&#039;art - Villa Albertine\" \/>\n<meta property=\"og:description\" content=\"A l&rsquo;occasion de l&rsquo;exposition\u00a0\u00ab\u00a0Marchands-mercier : le march\u00e9 du luxe en France au 18e si\u00e8cle et la mondialisation du commerce de l&rsquo;art\u00a0\u00bb, pr\u00e9sent\u00e9e \u00e0 la\u00a0Payne Whitney Mansion du 4 au 9 mai 2022, la Villa Albertine et la\u00a0Galerie Kugel\u00a0vous invitent \u00e0 une s\u00e9rie de deux conf\u00e9rences, les mercredi 4 et jeudi 5 mai. \u00a0 Mercredi 4...\" \/>\n<meta property=\"og:url\" content=\"https:\/\/villa-albertine.org\/va\/fr\/events\/lecture-series-tastemakers-18th-century-french-luxury-market-and-global-art-trade\/\" \/>\n<meta property=\"og:site_name\" content=\"Villa Albertine\" \/>\n<meta property=\"article:modified_time\" content=\"2023-08-23T08:10:45+00:00\" \/>\n<meta property=\"og:image\" content=\"https:\/\/villa-albertine.org\/wp-content\/uploads\/2023\/08\/Image3_sized_1.jpg\" \/>\n\t<meta property=\"og:image:width\" content=\"1392\" \/>\n\t<meta property=\"og:image:height\" content=\"669\" \/>\n\t<meta property=\"og:image:type\" content=\"image\/jpeg\" \/>\n<meta name=\"twitter:card\" content=\"summary_large_image\" \/>\n<meta name=\"twitter:label1\" content=\"Dur\u00e9e de lecture estim\u00e9e\" \/>\n\t<meta name=\"twitter:data1\" content=\"4 minutes\" \/>\n<script type=\"application\/ld+json\" class=\"yoast-schema-graph\">{\"@context\":\"https:\\\/\\\/schema.org\",\"@graph\":[{\"@type\":\"WebPage\",\"@id\":\"https:\\\/\\\/villa-albertine.org\\\/va\\\/fr\\\/events\\\/lecture-series-tastemakers-18th-century-french-luxury-market-and-global-art-trade\\\/\",\"url\":\"https:\\\/\\\/villa-albertine.org\\\/va\\\/fr\\\/events\\\/lecture-series-tastemakers-18th-century-french-luxury-market-and-global-art-trade\\\/\",\"name\":\"Conf\u00e9rences | \\\"Marchands-merciers\\\" : le march\u00e9 du luxe en France au 18e si\u00e8cle et la mondialisation du commerce de l'art - Villa Albertine\",\"isPartOf\":{\"@id\":\"https:\\\/\\\/villa-albertine.org\\\/va\\\/fr\\\/#website\"},\"primaryImageOfPage\":{\"@id\":\"https:\\\/\\\/villa-albertine.org\\\/va\\\/fr\\\/events\\\/lecture-series-tastemakers-18th-century-french-luxury-market-and-global-art-trade\\\/#primaryimage\"},\"image\":{\"@id\":\"https:\\\/\\\/villa-albertine.org\\\/va\\\/fr\\\/events\\\/lecture-series-tastemakers-18th-century-french-luxury-market-and-global-art-trade\\\/#primaryimage\"},\"thumbnailUrl\":\"https:\\\/\\\/villa-albertine.org\\\/wp-content\\\/uploads\\\/2023\\\/08\\\/Image3_sized_1.jpg\",\"datePublished\":\"2022-04-07T17:16:48+00:00\",\"dateModified\":\"2023-08-23T08:10:45+00:00\",\"breadcrumb\":{\"@id\":\"https:\\\/\\\/villa-albertine.org\\\/va\\\/fr\\\/events\\\/lecture-series-tastemakers-18th-century-french-luxury-market-and-global-art-trade\\\/#breadcrumb\"},\"inLanguage\":\"fr-FR\",\"potentialAction\":[{\"@type\":\"ReadAction\",\"target\":[\"https:\\\/\\\/villa-albertine.org\\\/va\\\/fr\\\/events\\\/lecture-series-tastemakers-18th-century-french-luxury-market-and-global-art-trade\\\/\"]}]},{\"@type\":\"ImageObject\",\"inLanguage\":\"fr-FR\",\"@id\":\"https:\\\/\\\/villa-albertine.org\\\/va\\\/fr\\\/events\\\/lecture-series-tastemakers-18th-century-french-luxury-market-and-global-art-trade\\\/#primaryimage\",\"url\":\"https:\\\/\\\/villa-albertine.org\\\/wp-content\\\/uploads\\\/2023\\\/08\\\/Image3_sized_1.jpg\",\"contentUrl\":\"https:\\\/\\\/villa-albertine.org\\\/wp-content\\\/uploads\\\/2023\\\/08\\\/Image3_sized_1.jpg\",\"width\":1392,\"height\":669},{\"@type\":\"BreadcrumbList\",\"@id\":\"https:\\\/\\\/villa-albertine.org\\\/va\\\/fr\\\/events\\\/lecture-series-tastemakers-18th-century-french-luxury-market-and-global-art-trade\\\/#breadcrumb\",\"itemListElement\":[{\"@type\":\"ListItem\",\"position\":1,\"name\":\"Home\",\"item\":\"https:\\\/\\\/villa-albertine.org\\\/va\\\/fr\\\/home\\\/\"},{\"@type\":\"ListItem\",\"position\":2,\"name\":\"Conf\u00e9rences | \u00ab\u00a0Marchands-merciers\u00a0\u00bb : le march\u00e9 du luxe en France au 18e si\u00e8cle et la mondialisation du commerce de l&rsquo;art\"}]},{\"@type\":\"WebSite\",\"@id\":\"https:\\\/\\\/villa-albertine.org\\\/va\\\/fr\\\/#website\",\"url\":\"https:\\\/\\\/villa-albertine.org\\\/va\\\/fr\\\/\",\"name\":\"Villa Albertine\",\"description\":\"\",\"potentialAction\":[{\"@type\":\"SearchAction\",\"target\":{\"@type\":\"EntryPoint\",\"urlTemplate\":\"https:\\\/\\\/villa-albertine.org\\\/va\\\/fr\\\/?s={search_term_string}\"},\"query-input\":{\"@type\":\"PropertyValueSpecification\",\"valueRequired\":true,\"valueName\":\"search_term_string\"}}],\"inLanguage\":\"fr-FR\"}]}<\/script>\n<!-- \/ Yoast SEO plugin. -->","yoast_head_json":{"title":"Conf\u00e9rences | \"Marchands-merciers\" : le march\u00e9 du luxe en France au 18e si\u00e8cle et la mondialisation du commerce de l'art - Villa Albertine","robots":{"index":"index","follow":"follow","max-snippet":"max-snippet:-1","max-image-preview":"max-image-preview:large","max-video-preview":"max-video-preview:-1"},"canonical":"https:\/\/villa-albertine.org\/va\/fr\/events\/lecture-series-tastemakers-18th-century-french-luxury-market-and-global-art-trade\/","og_locale":"fr_FR","og_type":"article","og_title":"Conf\u00e9rences | \"Marchands-merciers\" : le march\u00e9 du luxe en France au 18e si\u00e8cle et la mondialisation du commerce de l'art - Villa Albertine","og_description":"A l&rsquo;occasion de l&rsquo;exposition\u00a0\u00ab\u00a0Marchands-mercier : le march\u00e9 du luxe en France au 18e si\u00e8cle et la mondialisation du commerce de l&rsquo;art\u00a0\u00bb, pr\u00e9sent\u00e9e \u00e0 la\u00a0Payne Whitney Mansion du 4 au 9 mai 2022, la Villa Albertine et la\u00a0Galerie Kugel\u00a0vous invitent \u00e0 une s\u00e9rie de deux conf\u00e9rences, les mercredi 4 et jeudi 5 mai. \u00a0 Mercredi 4...","og_url":"https:\/\/villa-albertine.org\/va\/fr\/events\/lecture-series-tastemakers-18th-century-french-luxury-market-and-global-art-trade\/","og_site_name":"Villa Albertine","article_modified_time":"2023-08-23T08:10:45+00:00","og_image":[{"width":1392,"height":669,"url":"https:\/\/villa-albertine.org\/wp-content\/uploads\/2023\/08\/Image3_sized_1.jpg","type":"image\/jpeg"}],"twitter_card":"summary_large_image","twitter_misc":{"Dur\u00e9e de lecture estim\u00e9e":"4 minutes"},"schema":{"@context":"https:\/\/schema.org","@graph":[{"@type":"WebPage","@id":"https:\/\/villa-albertine.org\/va\/fr\/events\/lecture-series-tastemakers-18th-century-french-luxury-market-and-global-art-trade\/","url":"https:\/\/villa-albertine.org\/va\/fr\/events\/lecture-series-tastemakers-18th-century-french-luxury-market-and-global-art-trade\/","name":"Conf\u00e9rences | \"Marchands-merciers\" : le march\u00e9 du luxe en France au 18e si\u00e8cle et la mondialisation du commerce de l'art - Villa Albertine","isPartOf":{"@id":"https:\/\/villa-albertine.org\/va\/fr\/#website"},"primaryImageOfPage":{"@id":"https:\/\/villa-albertine.org\/va\/fr\/events\/lecture-series-tastemakers-18th-century-french-luxury-market-and-global-art-trade\/#primaryimage"},"image":{"@id":"https:\/\/villa-albertine.org\/va\/fr\/events\/lecture-series-tastemakers-18th-century-french-luxury-market-and-global-art-trade\/#primaryimage"},"thumbnailUrl":"https:\/\/villa-albertine.org\/wp-content\/uploads\/2023\/08\/Image3_sized_1.jpg","datePublished":"2022-04-07T17:16:48+00:00","dateModified":"2023-08-23T08:10:45+00:00","breadcrumb":{"@id":"https:\/\/villa-albertine.org\/va\/fr\/events\/lecture-series-tastemakers-18th-century-french-luxury-market-and-global-art-trade\/#breadcrumb"},"inLanguage":"fr-FR","potentialAction":[{"@type":"ReadAction","target":["https:\/\/villa-albertine.org\/va\/fr\/events\/lecture-series-tastemakers-18th-century-french-luxury-market-and-global-art-trade\/"]}]},{"@type":"ImageObject","inLanguage":"fr-FR","@id":"https:\/\/villa-albertine.org\/va\/fr\/events\/lecture-series-tastemakers-18th-century-french-luxury-market-and-global-art-trade\/#primaryimage","url":"https:\/\/villa-albertine.org\/wp-content\/uploads\/2023\/08\/Image3_sized_1.jpg","contentUrl":"https:\/\/villa-albertine.org\/wp-content\/uploads\/2023\/08\/Image3_sized_1.jpg","width":1392,"height":669},{"@type":"BreadcrumbList","@id":"https:\/\/villa-albertine.org\/va\/fr\/events\/lecture-series-tastemakers-18th-century-french-luxury-market-and-global-art-trade\/#breadcrumb","itemListElement":[{"@type":"ListItem","position":1,"name":"Home","item":"https:\/\/villa-albertine.org\/va\/fr\/home\/"},{"@type":"ListItem","position":2,"name":"Conf\u00e9rences | \u00ab\u00a0Marchands-merciers\u00a0\u00bb : le march\u00e9 du luxe en France au 18e si\u00e8cle et la mondialisation du commerce de l&rsquo;art"}]},{"@type":"WebSite","@id":"https:\/\/villa-albertine.org\/va\/fr\/#website","url":"https:\/\/villa-albertine.org\/va\/fr\/","name":"Villa Albertine","description":"","potentialAction":[{"@type":"SearchAction","target":{"@type":"EntryPoint","urlTemplate":"https:\/\/villa-albertine.org\/va\/fr\/?s={search_term_string}"},"query-input":{"@type":"PropertyValueSpecification","valueRequired":true,"valueName":"search_term_string"}}],"inLanguage":"fr-FR"}]}},"_links":{"self":[{"href":"https:\/\/villa-albertine.org\/va\/fr\/wp-json\/wp\/v2\/app_event\/63579","targetHints":{"allow":["GET"]}}],"collection":[{"href":"https:\/\/villa-albertine.org\/va\/fr\/wp-json\/wp\/v2\/app_event"}],"about":[{"href":"https:\/\/villa-albertine.org\/va\/fr\/wp-json\/wp\/v2\/types\/app_event"}],"wp:featuredmedia":[{"embeddable":true,"href":"https:\/\/villa-albertine.org\/va\/fr\/wp-json\/wp\/v2\/media\/58936"}],"wp:attachment":[{"href":"https:\/\/villa-albertine.org\/va\/fr\/wp-json\/wp\/v2\/media?parent=63579"}],"wp:term":[{"taxonomy":"app_discipline","embeddable":true,"href":"https:\/\/villa-albertine.org\/va\/fr\/wp-json\/wp\/v2\/app_discipline?post=63579"},{"taxonomy":"app_city_tax","embeddable":true,"href":"https:\/\/villa-albertine.org\/va\/fr\/wp-json\/wp\/v2\/app_city_tax?post=63579"},{"taxonomy":"app_event_type","embeddable":true,"href":"https:\/\/villa-albertine.org\/va\/fr\/wp-json\/wp\/v2\/app_event_type?post=63579"}],"curies":[{"name":"wp","href":"https:\/\/api.w.org\/{rel}","templated":true}]}}