{"id":63568,"date":"2022-03-11T18:11:32","date_gmt":"2022-03-11T18:11:32","guid":{"rendered":"https:\/\/villa-albertine.org\/events\/american-cinematheque-presents-women-go-2\/"},"modified":"2023-08-23T08:10:44","modified_gmt":"2023-08-23T08:10:44","slug":"american-cinematheque-presents-women-go","status":"publish","type":"app_event","link":"https:\/\/villa-albertine.org\/va\/fr\/events\/american-cinematheque-presents-women-go\/","title":{"rendered":"L\u2019American Cin\u00e9math\u00e8que pr\u00e9sente\u2026 Femmes en d\u00e9placement"},"content":{"rendered":"<p>Les femmes de ces films font toutes un voyage, que ce soit en avion, en train, ou en automobile, \u00e0 la recherche de quelque chose de plus ou de diff\u00e9rent. Certaines se d\u00e9placent \u00e0 travers le film et en ressortent avec une perspective radicalement nouvelle, tandis que d\u2019autres gagnent en libert\u00e9 ou en ind\u00e9pendance. Certaines sont transform\u00e9es. Le projet de l\u2019American Cin\u00e9math\u00e8que est que le public profite de ces voyages au fur et \u00e0 mesure qu\u2019ils se d\u00e9roulent et nous montrent d\u2019autres vies \u00e0 travers les yeux des femmes en d\u00e9placement.\u00a0<\/p>\n\n<p>Dans cette s\u00e9rie de projections figureront les films fran\u00e7ais suivants.<\/p><p><strong>LE RAYON VERT<\/strong><\/p>\n\n<p>Dimanche 13 mars 2022 | 19h00 | Los Feliz 3\u00a0<\/p>\n\n<p><em>Le Rayon Vert <\/em>s\u2019inspire librement du roman \u00e9ponyme de Jules Verne pour raconter l\u2019histoire de Delphine (Marie Rivi\u00e8re), une jeune secr\u00e9taire r\u00eaveuse et introvertie qui, sous le choc d\u2019une rupture avec son petit ami, fait face \u00e0 la perspective de passer ses vacances d\u2019\u00e9t\u00e9 seule. Alors qu\u2019elle passe de Cherbourg aux Alpes satur\u00e9es par les touristes de Biarritz, Delphine traverse un tourbillon d&rsquo;activit\u00e9 sociale, mais reste profond\u00e9ment seule, car une v\u00e9ritable connexion humaine lui \u00e9chappe continuellement. Portrait aussi honn\u00eate que jamais dans le cin\u00e9ma de la solitude, de la d\u00e9pression, et du d\u00e9sir de compr\u00e9hension, <em>Le Rayon Vert<\/em> est l\u2019une des \u0153uvres les plus accrues au niveau perceptif, r\u00e9alis\u00e9e par le cin\u00e9aste fran\u00e7ais le plus enclin \u00e0 observer les relations humaines.\u00a0<\/p>\n\n<p>R\u00e9alisateur: \u00c9ric Rohmer, 98 min, 1986, fran\u00e7ais<\/p>\n<figure class=\"wp-block-image size-full\">\n\t<img loading=\"lazy\" decoding=\"async\" width=\"1024\" height=\"731\" src=\"https:\/\/villa-albertine.org\/wp-content\/uploads\/2023\/08\/le-rayon-vert.jpg\" class=\"attachment-full size-full\" alt=\"\" srcset=\"https:\/\/villa-albertine.org\/wp-content\/uploads\/2023\/08\/le-rayon-vert.jpg 1024w, https:\/\/villa-albertine.org\/wp-content\/uploads\/2023\/08\/le-rayon-vert-300x214.jpg 300w, https:\/\/villa-albertine.org\/wp-content\/uploads\/2023\/08\/le-rayon-vert-768x548.jpg 768w\" sizes=\"auto, (max-width: 1024px) 100vw, 1024px\" \/>\n\t\t\t<figcaption>\n\t\t\t<p>Le Rayon vert<\/p>\n\t\t<\/figcaption>\n\t<\/figure>\n<p><strong>LES RENDEZ-VOUS D\u2019ANNA\u00a0<\/strong><\/p>\n\n<p>Mercredi 16 mars 2022 | 22h00 | Los Feliz 3\u00a0<\/p>\n\n<p>Dans l\u2019une des \u00e9tudes de personnages les plus p\u00e9n\u00e9trantes de Chantal Akerman, Anna, cin\u00e9aste accomplie (jou\u00e9e par Aurore Cl\u00e9ment), parcourt en train une s\u00e9rie de villes europ\u00e9ennes pour promouvoir son dernier film. Gr\u00e2ce \u00e0 une succession de rencontres, magnifiquement film\u00e9es, \u00e9tranges et br\u00e8ves,\u00a0 \u2013 avec des hommes et des femmes, des membres de la famille et des \u00e9trangers \u2013 nous en venons \u00e0 voir son d\u00e9tachement \u00e9motionnel et physique du monde.<\/p>\n\n<p>R\u00e9alisateur: Chantal Akerman, 127 min, 1978, fran\u00e7ais<\/p>\n<figure class=\"wp-block-image size-full\">\n\t<img loading=\"lazy\" decoding=\"async\" width=\"1392\" height=\"781\" src=\"https:\/\/villa-albertine.org\/wp-content\/uploads\/2023\/08\/Anna-train-hero.png\" class=\"attachment-full size-full\" alt=\"\" srcset=\"https:\/\/villa-albertine.org\/wp-content\/uploads\/2023\/08\/Anna-train-hero.png 1392w, https:\/\/villa-albertine.org\/wp-content\/uploads\/2023\/08\/Anna-train-hero-300x168.png 300w, https:\/\/villa-albertine.org\/wp-content\/uploads\/2023\/08\/Anna-train-hero-1024x575.png 1024w, https:\/\/villa-albertine.org\/wp-content\/uploads\/2023\/08\/Anna-train-hero-768x431.png 768w\" sizes=\"auto, (max-width: 1392px) 100vw, 1392px\" \/>\n\t\t\t<figcaption>\n\t\t\t<p>Les rendez-vous d&#039;Anna<\/p>\n\t\t<\/figcaption>\n\t<\/figure>\n<p><strong>VAGABOND<\/strong><\/p>\n\n<p>Vendredi 18 mars 2022 | 13h30 | Los Feliz 3<\/p>\n\n<p>Sandrine Bonnaire a remport\u00e9 le C\u00e9sar de la meilleure actrice pour son interpr\u00e9tation de la jeune vagabonde Mona, retrouv\u00e9e gel\u00e9e \u00e0 mort dans un foss\u00e9 au d\u00e9but de VAGABOND. Agn\u00e8s Varda reconstitue l\u2019histoire de Mona \u00e0 travers des flashbacks racont\u00e9s par ceux qui l\u2019ont rencontr\u00e9e (jou\u00e9s par une distribution largement non professionnelle), produisant le portrait \u00e9clat\u00e9 d\u2019une femme \u00e9nigmatique. Avec son imagerie clairsem\u00e9e et po\u00e9tique, VAGABOND est stup\u00e9fiant et a valu \u00e0 Varda le premier prix de la Mostra de Venise.\u00a0<\/p>\n<figure class=\"wp-block-image size-full\">\n\t<img loading=\"lazy\" decoding=\"async\" width=\"1392\" height=\"781\" src=\"https:\/\/villa-albertine.org\/wp-content\/uploads\/2023\/08\/Vagabond-HERO.jpg\" class=\"attachment-full size-full\" alt=\"\" srcset=\"https:\/\/villa-albertine.org\/wp-content\/uploads\/2023\/08\/Vagabond-HERO.jpg 1392w, https:\/\/villa-albertine.org\/wp-content\/uploads\/2023\/08\/Vagabond-HERO-300x168.jpg 300w, https:\/\/villa-albertine.org\/wp-content\/uploads\/2023\/08\/Vagabond-HERO-1024x575.jpg 1024w, https:\/\/villa-albertine.org\/wp-content\/uploads\/2023\/08\/Vagabond-HERO-768x431.jpg 768w\" sizes=\"auto, (max-width: 1392px) 100vw, 1392px\" \/>\n\t\t\t<figcaption>\n\t\t\t<p>Vagabond<\/p>\n\t\t<\/figcaption>\n\t<\/figure>\n<p>La liste compl\u00e8te des films comprend :\u00a0<\/p>\n\n<p><strong>Y TU MAM\u00c1 TAMBI\u00c9N,<\/strong> <strong>MY BLUEBERRY NIGHTS, THE GREEN RAY, LES RENDEZ-VOUS D\u2019ANNA, VAGABOND, JOAN OF ARC OF MONGOLIA, NIGHTS OF CABIRIA, THE ADVENTURES OF PRISCILLA, QUEEN OF THE DESERT<\/strong><\/p>","protected":false},"featured_media":58845,"menu_order":0,"template":"","app_discipline":[266],"app_city_tax":[267],"app_event_type":[287],"class_list":["post-63568","app_event","type-app_event","status-publish","has-post-thumbnail","hentry","app_discipline-cinema-fr","app_city_tax-la-fr","app_event_type-film-fr"],"acf":[],"yoast_head":"<!-- This site is optimized with the Yoast SEO plugin v27.3 - https:\/\/yoast.com\/product\/yoast-seo-wordpress\/ -->\n<title>L\u2019American Cin\u00e9math\u00e8que pr\u00e9sente\u2026 Femmes en d\u00e9placement - Villa Albertine<\/title>\n<meta name=\"robots\" content=\"index, follow, max-snippet:-1, max-image-preview:large, max-video-preview:-1\" \/>\n<link rel=\"canonical\" href=\"https:\/\/villa-albertine.org\/va\/fr\/events\/american-cinematheque-presents-women-go\/\" \/>\n<meta property=\"og:locale\" content=\"fr_FR\" \/>\n<meta property=\"og:type\" content=\"article\" \/>\n<meta property=\"og:title\" content=\"L\u2019American Cin\u00e9math\u00e8que pr\u00e9sente\u2026 Femmes en d\u00e9placement - Villa Albertine\" \/>\n<meta property=\"og:description\" content=\"Les femmes de ces films font toutes un voyage, que ce soit en avion, en train, ou en automobile, \u00e0 la recherche de quelque chose de plus ou de diff\u00e9rent. Certaines se d\u00e9placent \u00e0 travers le film et en ressortent avec une perspective radicalement nouvelle, tandis que d\u2019autres gagnent en libert\u00e9 ou en ind\u00e9pendance. Certaines...\" \/>\n<meta property=\"og:url\" content=\"https:\/\/villa-albertine.org\/va\/fr\/events\/american-cinematheque-presents-women-go\/\" \/>\n<meta property=\"og:site_name\" content=\"Villa Albertine\" \/>\n<meta property=\"article:modified_time\" content=\"2023-08-23T08:10:44+00:00\" \/>\n<meta property=\"og:image\" content=\"https:\/\/villa-albertine.org\/wp-content\/uploads\/2023\/08\/The-Green-Ray-HERO.jpg\" \/>\n\t<meta property=\"og:image:width\" content=\"1392\" \/>\n\t<meta property=\"og:image:height\" content=\"781\" \/>\n\t<meta property=\"og:image:type\" content=\"image\/jpeg\" \/>\n<meta name=\"twitter:card\" content=\"summary_large_image\" \/>\n<meta name=\"twitter:label1\" content=\"Dur\u00e9e de lecture estim\u00e9e\" \/>\n\t<meta name=\"twitter:data1\" content=\"2 minutes\" \/>\n<script type=\"application\/ld+json\" class=\"yoast-schema-graph\">{\"@context\":\"https:\\\/\\\/schema.org\",\"@graph\":[{\"@type\":\"WebPage\",\"@id\":\"https:\\\/\\\/villa-albertine.org\\\/va\\\/fr\\\/events\\\/american-cinematheque-presents-women-go\\\/\",\"url\":\"https:\\\/\\\/villa-albertine.org\\\/va\\\/fr\\\/events\\\/american-cinematheque-presents-women-go\\\/\",\"name\":\"L\u2019American Cin\u00e9math\u00e8que pr\u00e9sente\u2026 Femmes en d\u00e9placement - Villa Albertine\",\"isPartOf\":{\"@id\":\"https:\\\/\\\/villa-albertine.org\\\/va\\\/fr\\\/#website\"},\"primaryImageOfPage\":{\"@id\":\"https:\\\/\\\/villa-albertine.org\\\/va\\\/fr\\\/events\\\/american-cinematheque-presents-women-go\\\/#primaryimage\"},\"image\":{\"@id\":\"https:\\\/\\\/villa-albertine.org\\\/va\\\/fr\\\/events\\\/american-cinematheque-presents-women-go\\\/#primaryimage\"},\"thumbnailUrl\":\"https:\\\/\\\/villa-albertine.org\\\/wp-content\\\/uploads\\\/2023\\\/08\\\/The-Green-Ray-HERO.jpg\",\"datePublished\":\"2022-03-11T18:11:32+00:00\",\"dateModified\":\"2023-08-23T08:10:44+00:00\",\"breadcrumb\":{\"@id\":\"https:\\\/\\\/villa-albertine.org\\\/va\\\/fr\\\/events\\\/american-cinematheque-presents-women-go\\\/#breadcrumb\"},\"inLanguage\":\"fr-FR\",\"potentialAction\":[{\"@type\":\"ReadAction\",\"target\":[\"https:\\\/\\\/villa-albertine.org\\\/va\\\/fr\\\/events\\\/american-cinematheque-presents-women-go\\\/\"]}]},{\"@type\":\"ImageObject\",\"inLanguage\":\"fr-FR\",\"@id\":\"https:\\\/\\\/villa-albertine.org\\\/va\\\/fr\\\/events\\\/american-cinematheque-presents-women-go\\\/#primaryimage\",\"url\":\"https:\\\/\\\/villa-albertine.org\\\/wp-content\\\/uploads\\\/2023\\\/08\\\/The-Green-Ray-HERO.jpg\",\"contentUrl\":\"https:\\\/\\\/villa-albertine.org\\\/wp-content\\\/uploads\\\/2023\\\/08\\\/The-Green-Ray-HERO.jpg\",\"width\":1392,\"height\":781},{\"@type\":\"BreadcrumbList\",\"@id\":\"https:\\\/\\\/villa-albertine.org\\\/va\\\/fr\\\/events\\\/american-cinematheque-presents-women-go\\\/#breadcrumb\",\"itemListElement\":[{\"@type\":\"ListItem\",\"position\":1,\"name\":\"Home\",\"item\":\"https:\\\/\\\/villa-albertine.org\\\/va\\\/fr\\\/home\\\/\"},{\"@type\":\"ListItem\",\"position\":2,\"name\":\"L\u2019American Cin\u00e9math\u00e8que pr\u00e9sente\u2026 Femmes en d\u00e9placement\"}]},{\"@type\":\"WebSite\",\"@id\":\"https:\\\/\\\/villa-albertine.org\\\/va\\\/fr\\\/#website\",\"url\":\"https:\\\/\\\/villa-albertine.org\\\/va\\\/fr\\\/\",\"name\":\"Villa Albertine\",\"description\":\"\",\"potentialAction\":[{\"@type\":\"SearchAction\",\"target\":{\"@type\":\"EntryPoint\",\"urlTemplate\":\"https:\\\/\\\/villa-albertine.org\\\/va\\\/fr\\\/?s={search_term_string}\"},\"query-input\":{\"@type\":\"PropertyValueSpecification\",\"valueRequired\":true,\"valueName\":\"search_term_string\"}}],\"inLanguage\":\"fr-FR\"}]}<\/script>\n<!-- \/ Yoast SEO plugin. -->","yoast_head_json":{"title":"L\u2019American Cin\u00e9math\u00e8que pr\u00e9sente\u2026 Femmes en d\u00e9placement - Villa Albertine","robots":{"index":"index","follow":"follow","max-snippet":"max-snippet:-1","max-image-preview":"max-image-preview:large","max-video-preview":"max-video-preview:-1"},"canonical":"https:\/\/villa-albertine.org\/va\/fr\/events\/american-cinematheque-presents-women-go\/","og_locale":"fr_FR","og_type":"article","og_title":"L\u2019American Cin\u00e9math\u00e8que pr\u00e9sente\u2026 Femmes en d\u00e9placement - Villa Albertine","og_description":"Les femmes de ces films font toutes un voyage, que ce soit en avion, en train, ou en automobile, \u00e0 la recherche de quelque chose de plus ou de diff\u00e9rent. Certaines se d\u00e9placent \u00e0 travers le film et en ressortent avec une perspective radicalement nouvelle, tandis que d\u2019autres gagnent en libert\u00e9 ou en ind\u00e9pendance. Certaines...","og_url":"https:\/\/villa-albertine.org\/va\/fr\/events\/american-cinematheque-presents-women-go\/","og_site_name":"Villa Albertine","article_modified_time":"2023-08-23T08:10:44+00:00","og_image":[{"width":1392,"height":781,"url":"https:\/\/villa-albertine.org\/wp-content\/uploads\/2023\/08\/The-Green-Ray-HERO.jpg","type":"image\/jpeg"}],"twitter_card":"summary_large_image","twitter_misc":{"Dur\u00e9e de lecture estim\u00e9e":"2 minutes"},"schema":{"@context":"https:\/\/schema.org","@graph":[{"@type":"WebPage","@id":"https:\/\/villa-albertine.org\/va\/fr\/events\/american-cinematheque-presents-women-go\/","url":"https:\/\/villa-albertine.org\/va\/fr\/events\/american-cinematheque-presents-women-go\/","name":"L\u2019American Cin\u00e9math\u00e8que pr\u00e9sente\u2026 Femmes en d\u00e9placement - Villa Albertine","isPartOf":{"@id":"https:\/\/villa-albertine.org\/va\/fr\/#website"},"primaryImageOfPage":{"@id":"https:\/\/villa-albertine.org\/va\/fr\/events\/american-cinematheque-presents-women-go\/#primaryimage"},"image":{"@id":"https:\/\/villa-albertine.org\/va\/fr\/events\/american-cinematheque-presents-women-go\/#primaryimage"},"thumbnailUrl":"https:\/\/villa-albertine.org\/wp-content\/uploads\/2023\/08\/The-Green-Ray-HERO.jpg","datePublished":"2022-03-11T18:11:32+00:00","dateModified":"2023-08-23T08:10:44+00:00","breadcrumb":{"@id":"https:\/\/villa-albertine.org\/va\/fr\/events\/american-cinematheque-presents-women-go\/#breadcrumb"},"inLanguage":"fr-FR","potentialAction":[{"@type":"ReadAction","target":["https:\/\/villa-albertine.org\/va\/fr\/events\/american-cinematheque-presents-women-go\/"]}]},{"@type":"ImageObject","inLanguage":"fr-FR","@id":"https:\/\/villa-albertine.org\/va\/fr\/events\/american-cinematheque-presents-women-go\/#primaryimage","url":"https:\/\/villa-albertine.org\/wp-content\/uploads\/2023\/08\/The-Green-Ray-HERO.jpg","contentUrl":"https:\/\/villa-albertine.org\/wp-content\/uploads\/2023\/08\/The-Green-Ray-HERO.jpg","width":1392,"height":781},{"@type":"BreadcrumbList","@id":"https:\/\/villa-albertine.org\/va\/fr\/events\/american-cinematheque-presents-women-go\/#breadcrumb","itemListElement":[{"@type":"ListItem","position":1,"name":"Home","item":"https:\/\/villa-albertine.org\/va\/fr\/home\/"},{"@type":"ListItem","position":2,"name":"L\u2019American Cin\u00e9math\u00e8que pr\u00e9sente\u2026 Femmes en d\u00e9placement"}]},{"@type":"WebSite","@id":"https:\/\/villa-albertine.org\/va\/fr\/#website","url":"https:\/\/villa-albertine.org\/va\/fr\/","name":"Villa Albertine","description":"","potentialAction":[{"@type":"SearchAction","target":{"@type":"EntryPoint","urlTemplate":"https:\/\/villa-albertine.org\/va\/fr\/?s={search_term_string}"},"query-input":{"@type":"PropertyValueSpecification","valueRequired":true,"valueName":"search_term_string"}}],"inLanguage":"fr-FR"}]}},"_links":{"self":[{"href":"https:\/\/villa-albertine.org\/va\/fr\/wp-json\/wp\/v2\/app_event\/63568","targetHints":{"allow":["GET"]}}],"collection":[{"href":"https:\/\/villa-albertine.org\/va\/fr\/wp-json\/wp\/v2\/app_event"}],"about":[{"href":"https:\/\/villa-albertine.org\/va\/fr\/wp-json\/wp\/v2\/types\/app_event"}],"wp:featuredmedia":[{"embeddable":true,"href":"https:\/\/villa-albertine.org\/va\/fr\/wp-json\/wp\/v2\/media\/58845"}],"wp:attachment":[{"href":"https:\/\/villa-albertine.org\/va\/fr\/wp-json\/wp\/v2\/media?parent=63568"}],"wp:term":[{"taxonomy":"app_discipline","embeddable":true,"href":"https:\/\/villa-albertine.org\/va\/fr\/wp-json\/wp\/v2\/app_discipline?post=63568"},{"taxonomy":"app_city_tax","embeddable":true,"href":"https:\/\/villa-albertine.org\/va\/fr\/wp-json\/wp\/v2\/app_city_tax?post=63568"},{"taxonomy":"app_event_type","embeddable":true,"href":"https:\/\/villa-albertine.org\/va\/fr\/wp-json\/wp\/v2\/app_event_type?post=63568"}],"curies":[{"name":"wp","href":"https:\/\/api.w.org\/{rel}","templated":true}]}}