{"id":63563,"date":"2022-02-28T20:43:20","date_gmt":"2022-02-28T20:43:20","guid":{"rendered":"https:\/\/villa-albertine.org\/events\/nicolas-maurys-my-best-part-playing-laemmle-until-march-3-2\/"},"modified":"2023-08-23T08:10:44","modified_gmt":"2023-08-23T08:10:44","slug":"nicolas-maurys-my-best-part-playing-laemmle-until-march-3","status":"publish","type":"app_event","link":"https:\/\/villa-albertine.org\/va\/fr\/events\/nicolas-maurys-my-best-part-playing-laemmle-until-march-3\/","title":{"rendered":"Gar\u00e7on chiffon de Nicolas Maury pr\u00e9sent\u00e9 au Laemmle jusqu\u2019au 3 mars"},"content":{"rendered":"<p>Mieux connu du public am\u00e9ricain pour son r\u00f4le d\u2019Herv\u00e9, l\u2019assistant d\u2019agence fr\u00e9n\u00e9tique dans la s\u00e9rie \u00e0 succ\u00e8s de Netflix <em>Dix pour cent, <\/em>l\u2019acteur Nicolas Maury passe derri\u00e8re la cam\u00e9ra en r\u00e9alisant, co-\u00e9crivant et jouant dans cette com\u00e9die dramatique sur le passage \u00e0 l\u2019\u00e2ge adulte, <em>Gar\u00e7on chiffon<\/em>. Ici, l\u2019auteur se glisse courageusement dans la peau du mercurien J\u00e9r\u00e9mie, un acteur hypersensible en difficult\u00e9 ayant sur le dos un monstre incontr\u00f4lable aux yeux verts. Aux prises avec une perte personnelle, une vie amoureuse en pagaille et une carri\u00e8re chancelante, J\u00e9r\u00e9mie se tourne souvent vers sa m\u00e8re lucide pour obtenir du soutien (Nathalie Baye dans l\u2019un des plus beaux r\u00f4les de sa carri\u00e8re) dans cette premi\u00e8re r\u00e9alisation prometteuse et souvent touchante.\u00a0<\/p>\n<p>Sc\u00e9nario co-\u00e9crit et r\u00e9alis\u00e9 par Nicolas Maury\u00a0<br \/>\n112 minutes, fran\u00e7ais<br \/>\nProjection au Laemmle Glendale, billets\u00a0<a href=\"https:\/\/www.laemmle.com\/films?theaters[32219]=32219&amp;theaters[167964]=167964&amp;theaters[345724]=345724&amp;theaters[32215]=32215&amp;theaters[343348]=343348&amp;theaters[32220]=32220&amp;theaters[32217]=32217&amp;theaters[32214]=32214&amp;theaters[32218]=32218&amp;statuses[343]=343&amp;statuses[Opening%20This%20Week]=Opening%20This%20Week&amp;statuses[Last%20Chance]=Last%20Chance&amp;statuses[342]=342&amp;statuses[One%20Day%20Only]=One%20Day%20Only&amp;statuses[344]=344&amp;title=my%20best%20part&amp;sort=title&amp;direction=asc\"><u>ici<\/u><\/a><\/p>\n<p>\u00a0<\/p>\n<p>\u00a0<\/p>\n<blockquote>\n<p><strong><em>\u201cUne com\u00e9die dramatique douce-am\u00e8re qui parvient \u00e0 \u00eatre hilarante dans une sc\u00e8ne et extr\u00eamement touchante dans la suivante.\u201d &#8211; The Hollywood Reporter<\/em><\/strong><\/p>\n<\/blockquote>\n","protected":false},"featured_media":58788,"menu_order":0,"template":"","app_discipline":[266],"app_city_tax":[267],"app_event_type":[287],"class_list":["post-63563","app_event","type-app_event","status-publish","has-post-thumbnail","hentry","app_discipline-cinema-fr","app_city_tax-la-fr","app_event_type-film-fr"],"acf":[],"yoast_head":"<!-- This site is optimized with the Yoast SEO plugin v27.3 - https:\/\/yoast.com\/product\/yoast-seo-wordpress\/ -->\n<title>Gar\u00e7on chiffon de Nicolas Maury pr\u00e9sent\u00e9 au Laemmle jusqu\u2019au 3 mars - Villa Albertine<\/title>\n<meta name=\"robots\" content=\"index, follow, max-snippet:-1, max-image-preview:large, max-video-preview:-1\" \/>\n<link rel=\"canonical\" href=\"https:\/\/villa-albertine.org\/va\/fr\/events\/nicolas-maurys-my-best-part-playing-laemmle-until-march-3\/\" \/>\n<meta property=\"og:locale\" content=\"fr_FR\" \/>\n<meta property=\"og:type\" content=\"article\" \/>\n<meta property=\"og:title\" content=\"Gar\u00e7on chiffon de Nicolas Maury pr\u00e9sent\u00e9 au Laemmle jusqu\u2019au 3 mars - Villa Albertine\" \/>\n<meta property=\"og:description\" content=\"Mieux connu du public am\u00e9ricain pour son r\u00f4le d\u2019Herv\u00e9, l\u2019assistant d\u2019agence fr\u00e9n\u00e9tique dans la s\u00e9rie \u00e0 succ\u00e8s de Netflix Dix pour cent, l\u2019acteur Nicolas Maury passe derri\u00e8re la cam\u00e9ra en r\u00e9alisant, co-\u00e9crivant et jouant dans cette com\u00e9die dramatique sur le passage \u00e0 l\u2019\u00e2ge adulte, Gar\u00e7on chiffon. Ici, l\u2019auteur se glisse courageusement dans la peau du...\" \/>\n<meta property=\"og:url\" content=\"https:\/\/villa-albertine.org\/va\/fr\/events\/nicolas-maurys-my-best-part-playing-laemmle-until-march-3\/\" \/>\n<meta property=\"og:site_name\" content=\"Villa Albertine\" \/>\n<meta property=\"article:modified_time\" content=\"2023-08-23T08:10:44+00:00\" \/>\n<meta property=\"og:image\" content=\"https:\/\/villa-albertine.org\/wp-content\/uploads\/2023\/08\/garcon-chiffon2028129.jpg\" \/>\n\t<meta property=\"og:image:width\" content=\"1021\" \/>\n\t<meta property=\"og:image:height\" content=\"430\" \/>\n\t<meta property=\"og:image:type\" content=\"image\/jpeg\" \/>\n<meta name=\"twitter:card\" content=\"summary_large_image\" \/>\n<meta name=\"twitter:label1\" content=\"Dur\u00e9e de lecture estim\u00e9e\" \/>\n\t<meta name=\"twitter:data1\" content=\"1 minute\" \/>\n<script type=\"application\/ld+json\" class=\"yoast-schema-graph\">{\"@context\":\"https:\\\/\\\/schema.org\",\"@graph\":[{\"@type\":\"WebPage\",\"@id\":\"https:\\\/\\\/villa-albertine.org\\\/va\\\/fr\\\/events\\\/nicolas-maurys-my-best-part-playing-laemmle-until-march-3\\\/\",\"url\":\"https:\\\/\\\/villa-albertine.org\\\/va\\\/fr\\\/events\\\/nicolas-maurys-my-best-part-playing-laemmle-until-march-3\\\/\",\"name\":\"Gar\u00e7on chiffon de Nicolas Maury pr\u00e9sent\u00e9 au Laemmle jusqu\u2019au 3 mars - Villa Albertine\",\"isPartOf\":{\"@id\":\"https:\\\/\\\/villa-albertine.org\\\/va\\\/fr\\\/#website\"},\"primaryImageOfPage\":{\"@id\":\"https:\\\/\\\/villa-albertine.org\\\/va\\\/fr\\\/events\\\/nicolas-maurys-my-best-part-playing-laemmle-until-march-3\\\/#primaryimage\"},\"image\":{\"@id\":\"https:\\\/\\\/villa-albertine.org\\\/va\\\/fr\\\/events\\\/nicolas-maurys-my-best-part-playing-laemmle-until-march-3\\\/#primaryimage\"},\"thumbnailUrl\":\"https:\\\/\\\/villa-albertine.org\\\/wp-content\\\/uploads\\\/2023\\\/08\\\/garcon-chiffon2028129.jpg\",\"datePublished\":\"2022-02-28T20:43:20+00:00\",\"dateModified\":\"2023-08-23T08:10:44+00:00\",\"breadcrumb\":{\"@id\":\"https:\\\/\\\/villa-albertine.org\\\/va\\\/fr\\\/events\\\/nicolas-maurys-my-best-part-playing-laemmle-until-march-3\\\/#breadcrumb\"},\"inLanguage\":\"fr-FR\",\"potentialAction\":[{\"@type\":\"ReadAction\",\"target\":[\"https:\\\/\\\/villa-albertine.org\\\/va\\\/fr\\\/events\\\/nicolas-maurys-my-best-part-playing-laemmle-until-march-3\\\/\"]}]},{\"@type\":\"ImageObject\",\"inLanguage\":\"fr-FR\",\"@id\":\"https:\\\/\\\/villa-albertine.org\\\/va\\\/fr\\\/events\\\/nicolas-maurys-my-best-part-playing-laemmle-until-march-3\\\/#primaryimage\",\"url\":\"https:\\\/\\\/villa-albertine.org\\\/wp-content\\\/uploads\\\/2023\\\/08\\\/garcon-chiffon2028129.jpg\",\"contentUrl\":\"https:\\\/\\\/villa-albertine.org\\\/wp-content\\\/uploads\\\/2023\\\/08\\\/garcon-chiffon2028129.jpg\",\"width\":1021,\"height\":430},{\"@type\":\"BreadcrumbList\",\"@id\":\"https:\\\/\\\/villa-albertine.org\\\/va\\\/fr\\\/events\\\/nicolas-maurys-my-best-part-playing-laemmle-until-march-3\\\/#breadcrumb\",\"itemListElement\":[{\"@type\":\"ListItem\",\"position\":1,\"name\":\"Home\",\"item\":\"https:\\\/\\\/villa-albertine.org\\\/va\\\/fr\\\/home\\\/\"},{\"@type\":\"ListItem\",\"position\":2,\"name\":\"Gar\u00e7on chiffon de Nicolas Maury pr\u00e9sent\u00e9 au Laemmle jusqu\u2019au 3 mars\"}]},{\"@type\":\"WebSite\",\"@id\":\"https:\\\/\\\/villa-albertine.org\\\/va\\\/fr\\\/#website\",\"url\":\"https:\\\/\\\/villa-albertine.org\\\/va\\\/fr\\\/\",\"name\":\"Villa Albertine\",\"description\":\"\",\"potentialAction\":[{\"@type\":\"SearchAction\",\"target\":{\"@type\":\"EntryPoint\",\"urlTemplate\":\"https:\\\/\\\/villa-albertine.org\\\/va\\\/fr\\\/?s={search_term_string}\"},\"query-input\":{\"@type\":\"PropertyValueSpecification\",\"valueRequired\":true,\"valueName\":\"search_term_string\"}}],\"inLanguage\":\"fr-FR\"}]}<\/script>\n<!-- \/ Yoast SEO plugin. -->","yoast_head_json":{"title":"Gar\u00e7on chiffon de Nicolas Maury pr\u00e9sent\u00e9 au Laemmle jusqu\u2019au 3 mars - Villa Albertine","robots":{"index":"index","follow":"follow","max-snippet":"max-snippet:-1","max-image-preview":"max-image-preview:large","max-video-preview":"max-video-preview:-1"},"canonical":"https:\/\/villa-albertine.org\/va\/fr\/events\/nicolas-maurys-my-best-part-playing-laemmle-until-march-3\/","og_locale":"fr_FR","og_type":"article","og_title":"Gar\u00e7on chiffon de Nicolas Maury pr\u00e9sent\u00e9 au Laemmle jusqu\u2019au 3 mars - Villa Albertine","og_description":"Mieux connu du public am\u00e9ricain pour son r\u00f4le d\u2019Herv\u00e9, l\u2019assistant d\u2019agence fr\u00e9n\u00e9tique dans la s\u00e9rie \u00e0 succ\u00e8s de Netflix Dix pour cent, l\u2019acteur Nicolas Maury passe derri\u00e8re la cam\u00e9ra en r\u00e9alisant, co-\u00e9crivant et jouant dans cette com\u00e9die dramatique sur le passage \u00e0 l\u2019\u00e2ge adulte, Gar\u00e7on chiffon. Ici, l\u2019auteur se glisse courageusement dans la peau du...","og_url":"https:\/\/villa-albertine.org\/va\/fr\/events\/nicolas-maurys-my-best-part-playing-laemmle-until-march-3\/","og_site_name":"Villa Albertine","article_modified_time":"2023-08-23T08:10:44+00:00","og_image":[{"width":1021,"height":430,"url":"https:\/\/villa-albertine.org\/wp-content\/uploads\/2023\/08\/garcon-chiffon2028129.jpg","type":"image\/jpeg"}],"twitter_card":"summary_large_image","twitter_misc":{"Dur\u00e9e de lecture estim\u00e9e":"1 minute"},"schema":{"@context":"https:\/\/schema.org","@graph":[{"@type":"WebPage","@id":"https:\/\/villa-albertine.org\/va\/fr\/events\/nicolas-maurys-my-best-part-playing-laemmle-until-march-3\/","url":"https:\/\/villa-albertine.org\/va\/fr\/events\/nicolas-maurys-my-best-part-playing-laemmle-until-march-3\/","name":"Gar\u00e7on chiffon de Nicolas Maury pr\u00e9sent\u00e9 au Laemmle jusqu\u2019au 3 mars - Villa Albertine","isPartOf":{"@id":"https:\/\/villa-albertine.org\/va\/fr\/#website"},"primaryImageOfPage":{"@id":"https:\/\/villa-albertine.org\/va\/fr\/events\/nicolas-maurys-my-best-part-playing-laemmle-until-march-3\/#primaryimage"},"image":{"@id":"https:\/\/villa-albertine.org\/va\/fr\/events\/nicolas-maurys-my-best-part-playing-laemmle-until-march-3\/#primaryimage"},"thumbnailUrl":"https:\/\/villa-albertine.org\/wp-content\/uploads\/2023\/08\/garcon-chiffon2028129.jpg","datePublished":"2022-02-28T20:43:20+00:00","dateModified":"2023-08-23T08:10:44+00:00","breadcrumb":{"@id":"https:\/\/villa-albertine.org\/va\/fr\/events\/nicolas-maurys-my-best-part-playing-laemmle-until-march-3\/#breadcrumb"},"inLanguage":"fr-FR","potentialAction":[{"@type":"ReadAction","target":["https:\/\/villa-albertine.org\/va\/fr\/events\/nicolas-maurys-my-best-part-playing-laemmle-until-march-3\/"]}]},{"@type":"ImageObject","inLanguage":"fr-FR","@id":"https:\/\/villa-albertine.org\/va\/fr\/events\/nicolas-maurys-my-best-part-playing-laemmle-until-march-3\/#primaryimage","url":"https:\/\/villa-albertine.org\/wp-content\/uploads\/2023\/08\/garcon-chiffon2028129.jpg","contentUrl":"https:\/\/villa-albertine.org\/wp-content\/uploads\/2023\/08\/garcon-chiffon2028129.jpg","width":1021,"height":430},{"@type":"BreadcrumbList","@id":"https:\/\/villa-albertine.org\/va\/fr\/events\/nicolas-maurys-my-best-part-playing-laemmle-until-march-3\/#breadcrumb","itemListElement":[{"@type":"ListItem","position":1,"name":"Home","item":"https:\/\/villa-albertine.org\/va\/fr\/home\/"},{"@type":"ListItem","position":2,"name":"Gar\u00e7on chiffon de Nicolas Maury pr\u00e9sent\u00e9 au Laemmle jusqu\u2019au 3 mars"}]},{"@type":"WebSite","@id":"https:\/\/villa-albertine.org\/va\/fr\/#website","url":"https:\/\/villa-albertine.org\/va\/fr\/","name":"Villa Albertine","description":"","potentialAction":[{"@type":"SearchAction","target":{"@type":"EntryPoint","urlTemplate":"https:\/\/villa-albertine.org\/va\/fr\/?s={search_term_string}"},"query-input":{"@type":"PropertyValueSpecification","valueRequired":true,"valueName":"search_term_string"}}],"inLanguage":"fr-FR"}]}},"_links":{"self":[{"href":"https:\/\/villa-albertine.org\/va\/fr\/wp-json\/wp\/v2\/app_event\/63563","targetHints":{"allow":["GET"]}}],"collection":[{"href":"https:\/\/villa-albertine.org\/va\/fr\/wp-json\/wp\/v2\/app_event"}],"about":[{"href":"https:\/\/villa-albertine.org\/va\/fr\/wp-json\/wp\/v2\/types\/app_event"}],"wp:featuredmedia":[{"embeddable":true,"href":"https:\/\/villa-albertine.org\/va\/fr\/wp-json\/wp\/v2\/media\/58788"}],"wp:attachment":[{"href":"https:\/\/villa-albertine.org\/va\/fr\/wp-json\/wp\/v2\/media?parent=63563"}],"wp:term":[{"taxonomy":"app_discipline","embeddable":true,"href":"https:\/\/villa-albertine.org\/va\/fr\/wp-json\/wp\/v2\/app_discipline?post=63563"},{"taxonomy":"app_city_tax","embeddable":true,"href":"https:\/\/villa-albertine.org\/va\/fr\/wp-json\/wp\/v2\/app_city_tax?post=63563"},{"taxonomy":"app_event_type","embeddable":true,"href":"https:\/\/villa-albertine.org\/va\/fr\/wp-json\/wp\/v2\/app_event_type?post=63563"}],"curies":[{"name":"wp","href":"https:\/\/api.w.org\/{rel}","templated":true}]}}