{"id":63557,"date":"2022-02-18T21:04:45","date_gmt":"2022-02-18T21:04:45","guid":{"rendered":"https:\/\/villa-albertine.org\/events\/french-director-caroline-fourest-presents-her-feature-film-sisters-arms-soeurs-darmes-american-2\/"},"modified":"2023-08-23T08:10:43","modified_gmt":"2023-08-23T08:10:43","slug":"french-director-caroline-fourest-presents-her-feature-film-sisters-arms-soeurs-darmes-american","status":"publish","type":"app_event","link":"https:\/\/villa-albertine.org\/va\/fr\/events\/french-director-caroline-fourest-presents-her-feature-film-sisters-arms-soeurs-darmes-american\/","title":{"rendered":"La r\u00e9alisatrice fran\u00e7aise Caroline Fourest pr\u00e9sente son long-m\u00e9trage Soeurs d\u2019armes \u00e0 l\u2019American Cinematheque"},"content":{"rendered":"<p>Au moment o\u00f9 les Kurdes font face \u00e0 un possible massacre en Syrie, <em>Soeurs d\u2019armes <\/em>raconte l\u2019histoire d\u2019un groupe de femmes soldats qui se battent pour d\u00e9fendre leur libert\u00e9 et sauver la minorit\u00e9 Yazidi pers\u00e9cut\u00e9e. Apr\u00e8s que la jeune Zara (Dilan Gwyn) est vendue comme esclave sexuelle \u00e0 un Jihadiste, elle r\u00e9ussit \u00e0 s\u2019enfuir et rejoint un groupe international de femmes combattantes dirig\u00e9 par les forces de d\u00e9fense kurdes. Provenant de religions et milieux diff\u00e9rents, toutes ont des blessures \u00e0 panser, tandis qu\u2019elles se regroupent avec courage pour mener un assaut important envers le fanatisme et le barbarisme.<\/p>\n\n<p>Entr\u00e9e gratuite.<\/p>\n<figure class=\"wp-block-image size-full\">\n\t<img loading=\"lazy\" decoding=\"async\" width=\"819\" height=\"1024\" src=\"https:\/\/villa-albertine.org\/wp-content\/uploads\/2023\/08\/media2028129.jpg\" class=\"attachment-full size-full\" alt=\"\" srcset=\"https:\/\/villa-albertine.org\/wp-content\/uploads\/2023\/08\/media2028129.jpg 819w, https:\/\/villa-albertine.org\/wp-content\/uploads\/2023\/08\/media2028129-240x300.jpg 240w, https:\/\/villa-albertine.org\/wp-content\/uploads\/2023\/08\/media2028129-768x960.jpg 768w\" sizes=\"auto, (max-width: 819px) 100vw, 819px\" \/>\n\t\t\t<figcaption>\n\t\t\t<p>Unifrance<\/p>\n\t\t<\/figcaption>\n\t<\/figure>\n<p>Caroline Fourest est une autrice, journaliste et cin\u00e9aste r\u00e9compens\u00e9e. Elle est la co-fondatrice du journal f\u00e9ministe, anti-raciste et la\u00efc ProChoix. Face \u00e0 de nombreuses menaces, elle a \u00e9crit abondamment sur les mouvements extr\u00e9mistes et d\u2019extr\u00eames droites, et a \u00e9t\u00e9 journaliste \u00e0 Charlie Hebdo pendant 5 ans, \u00e0 la p\u00e9riode de l\u2019affaire des caricatures. En tant que cin\u00e9aste, elle a r\u00e9alis\u00e9 21 documentaires et a produit 70 films traitant de la voix des femmes musulmanes dans le monde.<\/p><p><strong>Lieu<\/strong><\/p>\n\n<p>LOS FELIZ THEATRE, 1822 N Vermont Ave, Los Angeles, CA 90027<\/p>\n\n<p><a href=\"https:\/\/www.americancinematheque.com\/now-showing\/sisters-at-arms-3-11-22\/ \">Billets et information<\/a><\/p>","protected":false},"featured_media":58747,"menu_order":0,"template":"","app_discipline":[266],"app_city_tax":[267],"app_event_type":[287],"class_list":["post-63557","app_event","type-app_event","status-publish","has-post-thumbnail","hentry","app_discipline-cinema-fr","app_city_tax-la-fr","app_event_type-film-fr"],"acf":[],"yoast_head":"<!-- This site is optimized with the Yoast SEO plugin v27.3 - https:\/\/yoast.com\/product\/yoast-seo-wordpress\/ -->\n<title>La r\u00e9alisatrice fran\u00e7aise Caroline Fourest pr\u00e9sente son long-m\u00e9trage Soeurs d\u2019armes \u00e0 l\u2019American Cinematheque - Villa Albertine<\/title>\n<meta name=\"robots\" content=\"index, follow, max-snippet:-1, max-image-preview:large, max-video-preview:-1\" \/>\n<link rel=\"canonical\" href=\"https:\/\/villa-albertine.org\/va\/fr\/events\/french-director-caroline-fourest-presents-her-feature-film-sisters-arms-soeurs-darmes-american\/\" \/>\n<meta property=\"og:locale\" content=\"fr_FR\" \/>\n<meta property=\"og:type\" content=\"article\" \/>\n<meta property=\"og:title\" content=\"La r\u00e9alisatrice fran\u00e7aise Caroline Fourest pr\u00e9sente son long-m\u00e9trage Soeurs d\u2019armes \u00e0 l\u2019American Cinematheque - Villa Albertine\" \/>\n<meta property=\"og:description\" content=\"Au moment o\u00f9 les Kurdes font face \u00e0 un possible massacre en Syrie, Soeurs d\u2019armes raconte l\u2019histoire d\u2019un groupe de femmes soldats qui se battent pour d\u00e9fendre leur libert\u00e9 et sauver la minorit\u00e9 Yazidi pers\u00e9cut\u00e9e. Apr\u00e8s que la jeune Zara (Dilan Gwyn) est vendue comme esclave sexuelle \u00e0 un Jihadiste, elle r\u00e9ussit \u00e0 s\u2019enfuir et...\" \/>\n<meta property=\"og:url\" content=\"https:\/\/villa-albertine.org\/va\/fr\/events\/french-director-caroline-fourest-presents-her-feature-film-sisters-arms-soeurs-darmes-american\/\" \/>\n<meta property=\"og:site_name\" content=\"Villa Albertine\" \/>\n<meta property=\"article:modified_time\" content=\"2023-08-23T08:10:43+00:00\" \/>\n<meta property=\"og:image\" content=\"https:\/\/villa-albertine.org\/wp-content\/uploads\/2023\/08\/soeurs-d-armes2028129.jpg\" \/>\n\t<meta property=\"og:image:width\" content=\"1023\" \/>\n\t<meta property=\"og:image:height\" content=\"683\" \/>\n\t<meta property=\"og:image:type\" content=\"image\/jpeg\" \/>\n<meta name=\"twitter:card\" content=\"summary_large_image\" \/>\n<meta name=\"twitter:label1\" content=\"Dur\u00e9e de lecture estim\u00e9e\" \/>\n\t<meta name=\"twitter:data1\" content=\"1 minute\" \/>\n<script type=\"application\/ld+json\" class=\"yoast-schema-graph\">{\"@context\":\"https:\\\/\\\/schema.org\",\"@graph\":[{\"@type\":\"WebPage\",\"@id\":\"https:\\\/\\\/villa-albertine.org\\\/va\\\/fr\\\/events\\\/french-director-caroline-fourest-presents-her-feature-film-sisters-arms-soeurs-darmes-american\\\/\",\"url\":\"https:\\\/\\\/villa-albertine.org\\\/va\\\/fr\\\/events\\\/french-director-caroline-fourest-presents-her-feature-film-sisters-arms-soeurs-darmes-american\\\/\",\"name\":\"La r\u00e9alisatrice fran\u00e7aise Caroline Fourest pr\u00e9sente son long-m\u00e9trage Soeurs d\u2019armes \u00e0 l\u2019American Cinematheque - Villa Albertine\",\"isPartOf\":{\"@id\":\"https:\\\/\\\/villa-albertine.org\\\/va\\\/fr\\\/#website\"},\"primaryImageOfPage\":{\"@id\":\"https:\\\/\\\/villa-albertine.org\\\/va\\\/fr\\\/events\\\/french-director-caroline-fourest-presents-her-feature-film-sisters-arms-soeurs-darmes-american\\\/#primaryimage\"},\"image\":{\"@id\":\"https:\\\/\\\/villa-albertine.org\\\/va\\\/fr\\\/events\\\/french-director-caroline-fourest-presents-her-feature-film-sisters-arms-soeurs-darmes-american\\\/#primaryimage\"},\"thumbnailUrl\":\"https:\\\/\\\/villa-albertine.org\\\/wp-content\\\/uploads\\\/2023\\\/08\\\/soeurs-d-armes2028129.jpg\",\"datePublished\":\"2022-02-18T21:04:45+00:00\",\"dateModified\":\"2023-08-23T08:10:43+00:00\",\"breadcrumb\":{\"@id\":\"https:\\\/\\\/villa-albertine.org\\\/va\\\/fr\\\/events\\\/french-director-caroline-fourest-presents-her-feature-film-sisters-arms-soeurs-darmes-american\\\/#breadcrumb\"},\"inLanguage\":\"fr-FR\",\"potentialAction\":[{\"@type\":\"ReadAction\",\"target\":[\"https:\\\/\\\/villa-albertine.org\\\/va\\\/fr\\\/events\\\/french-director-caroline-fourest-presents-her-feature-film-sisters-arms-soeurs-darmes-american\\\/\"]}]},{\"@type\":\"ImageObject\",\"inLanguage\":\"fr-FR\",\"@id\":\"https:\\\/\\\/villa-albertine.org\\\/va\\\/fr\\\/events\\\/french-director-caroline-fourest-presents-her-feature-film-sisters-arms-soeurs-darmes-american\\\/#primaryimage\",\"url\":\"https:\\\/\\\/villa-albertine.org\\\/wp-content\\\/uploads\\\/2023\\\/08\\\/soeurs-d-armes2028129.jpg\",\"contentUrl\":\"https:\\\/\\\/villa-albertine.org\\\/wp-content\\\/uploads\\\/2023\\\/08\\\/soeurs-d-armes2028129.jpg\",\"width\":1023,\"height\":683},{\"@type\":\"BreadcrumbList\",\"@id\":\"https:\\\/\\\/villa-albertine.org\\\/va\\\/fr\\\/events\\\/french-director-caroline-fourest-presents-her-feature-film-sisters-arms-soeurs-darmes-american\\\/#breadcrumb\",\"itemListElement\":[{\"@type\":\"ListItem\",\"position\":1,\"name\":\"Home\",\"item\":\"https:\\\/\\\/villa-albertine.org\\\/va\\\/fr\\\/home\\\/\"},{\"@type\":\"ListItem\",\"position\":2,\"name\":\"La r\u00e9alisatrice fran\u00e7aise Caroline Fourest pr\u00e9sente son long-m\u00e9trage Soeurs d\u2019armes \u00e0 l\u2019American Cinematheque\"}]},{\"@type\":\"WebSite\",\"@id\":\"https:\\\/\\\/villa-albertine.org\\\/va\\\/fr\\\/#website\",\"url\":\"https:\\\/\\\/villa-albertine.org\\\/va\\\/fr\\\/\",\"name\":\"Villa Albertine\",\"description\":\"\",\"potentialAction\":[{\"@type\":\"SearchAction\",\"target\":{\"@type\":\"EntryPoint\",\"urlTemplate\":\"https:\\\/\\\/villa-albertine.org\\\/va\\\/fr\\\/?s={search_term_string}\"},\"query-input\":{\"@type\":\"PropertyValueSpecification\",\"valueRequired\":true,\"valueName\":\"search_term_string\"}}],\"inLanguage\":\"fr-FR\"}]}<\/script>\n<!-- \/ Yoast SEO plugin. -->","yoast_head_json":{"title":"La r\u00e9alisatrice fran\u00e7aise Caroline Fourest pr\u00e9sente son long-m\u00e9trage Soeurs d\u2019armes \u00e0 l\u2019American Cinematheque - Villa Albertine","robots":{"index":"index","follow":"follow","max-snippet":"max-snippet:-1","max-image-preview":"max-image-preview:large","max-video-preview":"max-video-preview:-1"},"canonical":"https:\/\/villa-albertine.org\/va\/fr\/events\/french-director-caroline-fourest-presents-her-feature-film-sisters-arms-soeurs-darmes-american\/","og_locale":"fr_FR","og_type":"article","og_title":"La r\u00e9alisatrice fran\u00e7aise Caroline Fourest pr\u00e9sente son long-m\u00e9trage Soeurs d\u2019armes \u00e0 l\u2019American Cinematheque - Villa Albertine","og_description":"Au moment o\u00f9 les Kurdes font face \u00e0 un possible massacre en Syrie, Soeurs d\u2019armes raconte l\u2019histoire d\u2019un groupe de femmes soldats qui se battent pour d\u00e9fendre leur libert\u00e9 et sauver la minorit\u00e9 Yazidi pers\u00e9cut\u00e9e. Apr\u00e8s que la jeune Zara (Dilan Gwyn) est vendue comme esclave sexuelle \u00e0 un Jihadiste, elle r\u00e9ussit \u00e0 s\u2019enfuir et...","og_url":"https:\/\/villa-albertine.org\/va\/fr\/events\/french-director-caroline-fourest-presents-her-feature-film-sisters-arms-soeurs-darmes-american\/","og_site_name":"Villa Albertine","article_modified_time":"2023-08-23T08:10:43+00:00","og_image":[{"width":1023,"height":683,"url":"https:\/\/villa-albertine.org\/wp-content\/uploads\/2023\/08\/soeurs-d-armes2028129.jpg","type":"image\/jpeg"}],"twitter_card":"summary_large_image","twitter_misc":{"Dur\u00e9e de lecture estim\u00e9e":"1 minute"},"schema":{"@context":"https:\/\/schema.org","@graph":[{"@type":"WebPage","@id":"https:\/\/villa-albertine.org\/va\/fr\/events\/french-director-caroline-fourest-presents-her-feature-film-sisters-arms-soeurs-darmes-american\/","url":"https:\/\/villa-albertine.org\/va\/fr\/events\/french-director-caroline-fourest-presents-her-feature-film-sisters-arms-soeurs-darmes-american\/","name":"La r\u00e9alisatrice fran\u00e7aise Caroline Fourest pr\u00e9sente son long-m\u00e9trage Soeurs d\u2019armes \u00e0 l\u2019American Cinematheque - Villa Albertine","isPartOf":{"@id":"https:\/\/villa-albertine.org\/va\/fr\/#website"},"primaryImageOfPage":{"@id":"https:\/\/villa-albertine.org\/va\/fr\/events\/french-director-caroline-fourest-presents-her-feature-film-sisters-arms-soeurs-darmes-american\/#primaryimage"},"image":{"@id":"https:\/\/villa-albertine.org\/va\/fr\/events\/french-director-caroline-fourest-presents-her-feature-film-sisters-arms-soeurs-darmes-american\/#primaryimage"},"thumbnailUrl":"https:\/\/villa-albertine.org\/wp-content\/uploads\/2023\/08\/soeurs-d-armes2028129.jpg","datePublished":"2022-02-18T21:04:45+00:00","dateModified":"2023-08-23T08:10:43+00:00","breadcrumb":{"@id":"https:\/\/villa-albertine.org\/va\/fr\/events\/french-director-caroline-fourest-presents-her-feature-film-sisters-arms-soeurs-darmes-american\/#breadcrumb"},"inLanguage":"fr-FR","potentialAction":[{"@type":"ReadAction","target":["https:\/\/villa-albertine.org\/va\/fr\/events\/french-director-caroline-fourest-presents-her-feature-film-sisters-arms-soeurs-darmes-american\/"]}]},{"@type":"ImageObject","inLanguage":"fr-FR","@id":"https:\/\/villa-albertine.org\/va\/fr\/events\/french-director-caroline-fourest-presents-her-feature-film-sisters-arms-soeurs-darmes-american\/#primaryimage","url":"https:\/\/villa-albertine.org\/wp-content\/uploads\/2023\/08\/soeurs-d-armes2028129.jpg","contentUrl":"https:\/\/villa-albertine.org\/wp-content\/uploads\/2023\/08\/soeurs-d-armes2028129.jpg","width":1023,"height":683},{"@type":"BreadcrumbList","@id":"https:\/\/villa-albertine.org\/va\/fr\/events\/french-director-caroline-fourest-presents-her-feature-film-sisters-arms-soeurs-darmes-american\/#breadcrumb","itemListElement":[{"@type":"ListItem","position":1,"name":"Home","item":"https:\/\/villa-albertine.org\/va\/fr\/home\/"},{"@type":"ListItem","position":2,"name":"La r\u00e9alisatrice fran\u00e7aise Caroline Fourest pr\u00e9sente son long-m\u00e9trage Soeurs d\u2019armes \u00e0 l\u2019American Cinematheque"}]},{"@type":"WebSite","@id":"https:\/\/villa-albertine.org\/va\/fr\/#website","url":"https:\/\/villa-albertine.org\/va\/fr\/","name":"Villa Albertine","description":"","potentialAction":[{"@type":"SearchAction","target":{"@type":"EntryPoint","urlTemplate":"https:\/\/villa-albertine.org\/va\/fr\/?s={search_term_string}"},"query-input":{"@type":"PropertyValueSpecification","valueRequired":true,"valueName":"search_term_string"}}],"inLanguage":"fr-FR"}]}},"_links":{"self":[{"href":"https:\/\/villa-albertine.org\/va\/fr\/wp-json\/wp\/v2\/app_event\/63557","targetHints":{"allow":["GET"]}}],"collection":[{"href":"https:\/\/villa-albertine.org\/va\/fr\/wp-json\/wp\/v2\/app_event"}],"about":[{"href":"https:\/\/villa-albertine.org\/va\/fr\/wp-json\/wp\/v2\/types\/app_event"}],"wp:featuredmedia":[{"embeddable":true,"href":"https:\/\/villa-albertine.org\/va\/fr\/wp-json\/wp\/v2\/media\/58747"}],"wp:attachment":[{"href":"https:\/\/villa-albertine.org\/va\/fr\/wp-json\/wp\/v2\/media?parent=63557"}],"wp:term":[{"taxonomy":"app_discipline","embeddable":true,"href":"https:\/\/villa-albertine.org\/va\/fr\/wp-json\/wp\/v2\/app_discipline?post=63557"},{"taxonomy":"app_city_tax","embeddable":true,"href":"https:\/\/villa-albertine.org\/va\/fr\/wp-json\/wp\/v2\/app_city_tax?post=63557"},{"taxonomy":"app_event_type","embeddable":true,"href":"https:\/\/villa-albertine.org\/va\/fr\/wp-json\/wp\/v2\/app_event_type?post=63557"}],"curies":[{"name":"wp","href":"https:\/\/api.w.org\/{rel}","templated":true}]}}