{"id":63553,"date":"2022-02-16T17:49:14","date_gmt":"2022-02-16T17:49:14","guid":{"rendered":"https:\/\/villa-albertine.org\/events\/week-french-language-cinema-2\/"},"modified":"2023-08-23T08:10:43","modified_gmt":"2023-08-23T08:10:43","slug":"week-french-language-cinema","status":"publish","type":"app_event","link":"https:\/\/villa-albertine.org\/va\/fr\/events\/week-french-language-cinema\/","title":{"rendered":"La Semaine du Cin\u00e9ma Francophone"},"content":{"rendered":"<p>Pour la treizi\u00e8me ann\u00e9e cons\u00e9cutive, le Th\u00e9\u00e2tre Raymond Kabbaz, en collaboration avec les Consulats de France, Belgique, Suisse, Canada, le Bureau gouvernemental du Qu\u00e9bec \u00e0 Los Angeles et le Lyc\u00e9e Fran\u00e7ais de Los Angeles, pour pr\u00e9senter La Semaine du Cin\u00e9ma Francophone, avec la projection nocturne de films francophones acclam\u00e9s par la critique, du vendredi 18 mars au mercredi 23 mars 2022. Le programme comprend des films notables provenant de ces cinq pays francophones et d\u2019autres.<\/p>\n<p>Cet ensemble de longs-m\u00e9trages c\u00e9l\u00e8bre la richesse et la diversit\u00e9 de la population francophone dans le monde, et offre un aper\u00e7u de la vari\u00e9t\u00e9 d\u2019histoires racont\u00e9es dans une seule langue \u00e0 travers les cinq continents.<\/p>\n<p>La Semaine du Cin\u00e9ma Francophone se tient chaque ann\u00e9e parall\u00e8lement \u00e0 la c\u00e9l\u00e9bration annuelle de la langue fran\u00e7aise et des cultures francophones de l\u2019Organisation Internationale de la Francophonie (OIF) le 20 mars.<\/p>\n<p><strong><em>Saint Laurent<\/em><\/strong><\/p>\n<p><strong>Vendredi 18 mars, 20h @ Th\u00e9\u00e2tre Raymond Kabbaz<\/strong><\/p>\n<p><em>Saint Laurent <\/em>raconte la vie d\u2019Yves Saint Laurent de 1967 \u00e0 1976, p\u00e9riode pendant laquelle le c\u00e9l\u00e8bre grand couturier \u00e9tait au summum de sa carri\u00e8re. C\u2019est aussi une p\u00e9riode sombre pour lui, tourment\u00e9 par des drames professionnels et personnels, mais aussi par sa relation tumultueuse avec le dandy Jacques Bascher et son partenaire Pierre Berger. Le film se concentre sur ses m\u00e9thodes de travail, sa rencontre avec ses deux muses, Loulou de la Falaise et Betty Catroux, ses exc\u00e8s nocturnes, mais aussi et surtout sur l\u2019isolement quotidien et la pression exerc\u00e9e sur Saint Laurent.\u00a0<\/p>\n<p>R\u00e9alisation : Bertrand Bonello ; France ; 2014 ; Fran\u00e7ais, 2h30min<\/p>\n<p><u>R\u00e9compenses<\/u><\/p>\n<p>40\u00e8me C\u00e9r\u00e9monie des C\u00e9sars : Meilleurs Costumes<\/p>\n<p>20\u00e8me Lumi\u00e8res: Meilleur Acteur<\/p>\n<p>5\u00e8mes Magritte Awards: meilleur acteur dans un second r\u00f4le<\/p>\n<p>International Cinephile Society Awards 2016: meilleur acteur<\/p>\n<p><u>Nominations<\/u><\/p>\n<p>2014 Cannes Festival: Palme d&rsquo;Or<\/p>\n<p>40\u00e8me C\u00e9r\u00e9monie des C\u00e9sars dans 9 cat\u00e9gories<\/p>\n<p>C\u00e9r\u00e9monie des Globes de Cristal : Meilleur Acteur<\/p>\n<p>Prix Louis Delluc : Meilleur Film<\/p>\n<p>20\u00e8me Lumi\u00e8res dans 5 cat\u00e9gories<\/p>\n<p><strong><em>Olga<\/em><\/strong><strong>\u00a0<\/strong><\/p>\n<p><strong>Samedi 19 mars, 20h @ Th\u00e9\u00e2tre Raymond Kabbaz<\/strong><\/p>\n<p>Exil\u00e9e en Suisse, une gymnaste ukrainienne de 15 ans se pr\u00e9pare pour les Championnats de Gymnastiques Europ\u00e9ens, lorsque les manifestations d\u2019Euromaidan commencent \u00e0 Kiev, dans lesquelles ses proches sont impliqu\u00e9s. Tandis que la jeune fille doit s\u2019adapter \u00e0 son nouveau pays et continuer \u00e0 s\u2019entra\u00eener, la r\u00e9volution ukrainienne s\u2019immisce dans sa vie et bouleverse tout\u2026<\/p>\n<p>R\u00e9alisation : Elie Grappe ; Suisse, France ; 2021 ; Fran\u00e7ais, 1h35min<\/p>\n<p><u>R\u00e9compenses<\/u><\/p>\n<p>Oscar du Meilleur Film International (2022) : s\u00e9lection officielle pour repr\u00e9senter la Suisse<\/p>\n<p>Festival de Cannes (2021) : S\u00e9lection de la \u201cSemaine de la critique\u201d, Prix SACD<\/p>\n<p>Festival Premiers Plans d\u2019Angers (2020) : R\u00e9compense de la Fondation Visio pour un sc\u00e9nario de long-m\u00e9trage<\/p>\n<p>Festival International du Film Fantastique de Bruxelles (2021) : Prix du public (comp\u00e9tition internationale), Prix de la t\u00e9l\u00e9vision<\/p>\n<p><strong><em>Je m&rsquo;appelle humain<\/em><\/strong><\/p>\n<p><strong>Dimanche 20 mars, 20h @ Th\u00e9\u00e2tre Raymond Kabbaz<\/strong><\/p>\n<p>\u201c\u00catre sauvage\u201d, dit Jos\u00e9phine Bacon, \u201ccela veut dire \u00eatre compl\u00e8tement libre\u201d. Quand les a\u00een\u00e9s nous quittent, un lien vers le pass\u00e9 dispara\u00eet avec eux. La femme de lettres innue, Jos\u00e9phine Bacon, incarne cette g\u00e9n\u00e9ration t\u00e9moin d\u2019un temps bient\u00f4t r\u00e9volu. Avec charisme et sensibilit\u00e9, elle m\u00e8ne un combat contre l\u2019oubli et la disparition d\u2019un langage, d\u2019une culture et de ses traditions. Suivant les pas de Papakassik, le ma\u00eetre du caribou, <em>Je m&rsquo;appelle humain<\/em> propose une incursion dans l\u2019histoire d\u2019un peuple multi-mill\u00e9naire aux c\u00f4t\u00e9s d\u2019une femme libre qui a d\u00e9di\u00e9 sa vie \u00e0 la transmission de ses connaissances et de celles de ses anc\u00eatres. Dans sa langue, Innu veut dire \u201chumain\u201d.<\/p>\n<p>R\u00e9alisation : Kim O\u2019Bomsawin ; Canada ; 2020 ; Fran\u00e7ais, 1h18min<\/p>\n<p><u>R\u00e9compenses<\/u><\/p>\n<p>Prix G\u00e9meaux: Meilleur Documentaire, Meilleure r\u00e9alisation, Meilleur son, et Meilleure composition (2021)<\/p>\n<p>FCVQ: Prix du jury coll\u00e9gial (ex aequo) &amp; Mention sp\u00e9ciale au Grand Prix de la Comp\u00e9tition \u2013 long-m\u00e9trage (2020)<\/p>\n<p>VIFF: Meilleur Documentaire canadien (2020)<\/p>\n<p>CIFF: Meilleur Documentaire canadien &amp; Prix du public (2020)<\/p>\n<p>Cinefest Sudbury International Film Festival: Prix du public (2020)<\/p>\n<p>Cin\u00e9mania: Les Visages de la Francophonie TV5 (2021)<\/p>\n<p>PCCQ: Prix coll\u00e9gial du Cin\u00e9ma qu\u00e9b\u00e9cois 2021<\/p>\n<p><strong><em>La mis\u00e9ricorde de la jungle<\/em><\/strong><\/p>\n<p><strong>Lundi 21 mars, 20h @ Th\u00e9\u00e2tre Raymond Kabbaz<\/strong><\/p>\n<p>Le sergent Xavier, h\u00e9ros de guerre, et le jeune soldat Faustin sont accidentellement s\u00e9par\u00e9s de leur bataillon rwandais sur le territoire congolais au moment o\u00f9 il est rappel\u00e9 soudainement pendant un raid nocturne. Ils se retrouvent confront\u00e9s \u00e0 un manque d\u2019eau et de nourriture, et aux menaces de la fi\u00e8vre palud\u00e9enne et des animaux de la jungle. Ils tentent tous les deux de retrouver leur bataillon en se dirigeant vers l\u2019ouest, mais doivent se m\u00e9fier de leurs interactions avec la population locale, connaissant l\u2019antipathie congolaise envers l\u2019arm\u00e9e rwandaise et la pr\u00e9sence de factions rebelles officieuses.<\/p>\n<p>R\u00e9alisation : Jo\u00ebl Karekezi\u00a0 ; Rwanda, Belgique, France, Allemagne ; 2018 ; Fran\u00e7ais, 1h31min\u00a0<\/p>\n<p><u>R\u00e9compenses<\/u><\/p>\n<p>Africa Movie Academy Awards (AMAA), 2019 : Prix du meilleur r\u00e9alisateur, prix des meilleurs maquillages, prix des meilleurs costumes<\/p>\n<p>Festival panafricain du cin\u00e9ma et de la t\u00e9l\u00e9vision de Ouagadougou : Etalon d\u2019or de Yennenga<\/p>\n<p><u>Nominations :<\/u><\/p>\n<p>10\u00e8me Magritte du cin\u00e9ma, 2020 : Meilleur acteur<\/p>\n<p>Africa Movie Academy Awards (AMAA), 2019 : Nomm\u00e9 dans 5 autres cat\u00e9gories<\/p>\n<p><em><strong>14 jours, 12 nuits\u00a0<\/strong><\/em><\/p>\n<p><strong>Mardi 22 Mars, 20h @ Th\u00e9\u00e2tre Raymond Kabbaz<\/strong><\/p>\n<p>Isabelle Brodeur se lance dans un voyage au Vietnam, le lieu de naissance de sa fille adoptive. Son chemin la m\u00e8ne jusqu&rsquo;\u00e0 la femme qui \u00e9tait la nourrice de sa fille. En faisant cela, Isabelle apprend l&rsquo;existence et le lieu o\u00f9 se trouve la m\u00e8re biologique de sa fille. Tout au long de cette aventure incroyablement belle, Isabelle d\u00e9couvre le pays de sa fille \u00e0 travers les yeux de la femme qui l&rsquo;a mise au monde. Cette sorte de p\u00e8lerinage am\u00e8ne les deux femmes \u00e0 se r\u00e9v\u00e9ler leurs secrets les plus intimes.<\/p>\n<p>R\u00e9alisation : Jean-Philippe Duval ; Canada ; 2019 ; Fran\u00e7ais ; 1h39min<\/p>\n<p><u>R\u00e9compenses<\/u><\/p>\n<p>Prix Iris: Meilleure direction de la photographie (2020)<\/p>\n<p>Minneapolis-Saint Paul International Film Festival: Prix du public \u2013 World Cinema (2021)<\/p>\n<p><u>Nominations<\/u><\/p>\n<p>Canadian Screen Awards: Meilleure Actrice dans un second r\u00f4le (2020)<\/p>\n<p>Prix Iris: Meilleure actrice &amp; Meilleur montage (2020)<\/p>\n<p><em><strong>Un monde<\/strong><\/em><\/p>\n<p><strong>Mercredi 23 mars, 20h @ Th\u00e9\u00e2tre Raymond Kabbaz<\/strong><\/p>\n<p>Une petite fille de sept ans est t\u00e9moin du harc\u00e8lement de son fr\u00e8re. Bien qu\u2019il lui fasse jurer de ne rien dire, elle le raconte \u00e0 son p\u00e8re et se retrouve rapidement victime \u00e0 son tour de harc\u00e8lement.\u00a0<\/p>\n<p>R\u00e9alisation : Laura Wandel ; France ; 2021 ; Fran\u00e7ais, 1h12min<\/p>\n<p><u>R\u00e9compenses<\/u><\/p>\n<p>Prix FIPRESCI de la section \u201cUn certain regard\u201d du festival de Cannes<\/p>\n<p>Festival du film de Sarajevo : section Kinescope, Prix sp\u00e9cial pour promouvoir l\u2019\u00e9galit\u00e9 des genres : Mention sp\u00e9ciale du jury.<\/p>\n<p>Guanajuato International Film Festival (GIFF) 2021 : Meilleur film international<\/p>\n<p>Festival international de film de Haifa 2021 : Golden Anchor du Meilleur premier film<\/p>\n<p>BFI London Film Festival 2021 : Prix Sutherland<\/p>\n<p>Festival international de film de Pingyao : People\u2019s Choice Award &#8211; Meilleur film<\/p>\n<p>Festival cine por mujeres, Madrid : Meilleur film international<\/p>\n<p><strong>Billets :<\/strong><\/p>\n<p><strong><a href=\"https:\/\/frenchcinemaweek.eventive.org\/welcome\u00a0\">https:\/\/frenchcinemaweek.eventive.org\/welcome\u00a0<\/a>\u00a0<\/strong><\/p>\n","protected":false},"featured_media":58722,"menu_order":0,"template":"","app_discipline":[266],"app_city_tax":[267],"app_event_type":[287],"class_list":["post-63553","app_event","type-app_event","status-publish","has-post-thumbnail","hentry","app_discipline-cinema-fr","app_city_tax-la-fr","app_event_type-film-fr"],"acf":[],"yoast_head":"<!-- This site is optimized with the Yoast SEO plugin v27.3 - https:\/\/yoast.com\/product\/yoast-seo-wordpress\/ -->\n<title>La Semaine du Cin\u00e9ma Francophone - Villa Albertine<\/title>\n<meta name=\"robots\" content=\"index, follow, max-snippet:-1, max-image-preview:large, max-video-preview:-1\" \/>\n<link rel=\"canonical\" href=\"https:\/\/villa-albertine.org\/va\/fr\/events\/week-french-language-cinema\/\" \/>\n<meta property=\"og:locale\" content=\"fr_FR\" \/>\n<meta property=\"og:type\" content=\"article\" \/>\n<meta property=\"og:title\" content=\"La Semaine du Cin\u00e9ma Francophone - Villa Albertine\" \/>\n<meta property=\"og:description\" content=\"Pour la treizi\u00e8me ann\u00e9e cons\u00e9cutive, le Th\u00e9\u00e2tre Raymond Kabbaz, en collaboration avec les Consulats de France, Belgique, Suisse, Canada, le Bureau gouvernemental du Qu\u00e9bec \u00e0 Los Angeles et le Lyc\u00e9e Fran\u00e7ais de Los Angeles, pour pr\u00e9senter La Semaine du Cin\u00e9ma Francophone, avec la projection nocturne de films francophones acclam\u00e9s par la critique, du vendredi 18...\" \/>\n<meta property=\"og:url\" content=\"https:\/\/villa-albertine.org\/va\/fr\/events\/week-french-language-cinema\/\" \/>\n<meta property=\"og:site_name\" content=\"Villa Albertine\" \/>\n<meta property=\"article:modified_time\" content=\"2023-08-23T08:10:43+00:00\" \/>\n<meta property=\"og:image\" content=\"https:\/\/villa-albertine.org\/wp-content\/uploads\/2023\/08\/gaspard-ulliel.jpg\" \/>\n\t<meta property=\"og:image:width\" content=\"1024\" \/>\n\t<meta property=\"og:image:height\" content=\"576\" \/>\n\t<meta property=\"og:image:type\" content=\"image\/jpeg\" \/>\n<meta name=\"twitter:card\" content=\"summary_large_image\" \/>\n<meta name=\"twitter:label1\" content=\"Dur\u00e9e de lecture estim\u00e9e\" \/>\n\t<meta name=\"twitter:data1\" content=\"6 minutes\" \/>\n<script type=\"application\/ld+json\" class=\"yoast-schema-graph\">{\"@context\":\"https:\\\/\\\/schema.org\",\"@graph\":[{\"@type\":\"WebPage\",\"@id\":\"https:\\\/\\\/villa-albertine.org\\\/va\\\/fr\\\/events\\\/week-french-language-cinema\\\/\",\"url\":\"https:\\\/\\\/villa-albertine.org\\\/va\\\/fr\\\/events\\\/week-french-language-cinema\\\/\",\"name\":\"La Semaine du Cin\u00e9ma Francophone - Villa Albertine\",\"isPartOf\":{\"@id\":\"https:\\\/\\\/villa-albertine.org\\\/va\\\/fr\\\/#website\"},\"primaryImageOfPage\":{\"@id\":\"https:\\\/\\\/villa-albertine.org\\\/va\\\/fr\\\/events\\\/week-french-language-cinema\\\/#primaryimage\"},\"image\":{\"@id\":\"https:\\\/\\\/villa-albertine.org\\\/va\\\/fr\\\/events\\\/week-french-language-cinema\\\/#primaryimage\"},\"thumbnailUrl\":\"https:\\\/\\\/villa-albertine.org\\\/wp-content\\\/uploads\\\/2023\\\/08\\\/gaspard-ulliel.jpg\",\"datePublished\":\"2022-02-16T17:49:14+00:00\",\"dateModified\":\"2023-08-23T08:10:43+00:00\",\"breadcrumb\":{\"@id\":\"https:\\\/\\\/villa-albertine.org\\\/va\\\/fr\\\/events\\\/week-french-language-cinema\\\/#breadcrumb\"},\"inLanguage\":\"fr-FR\",\"potentialAction\":[{\"@type\":\"ReadAction\",\"target\":[\"https:\\\/\\\/villa-albertine.org\\\/va\\\/fr\\\/events\\\/week-french-language-cinema\\\/\"]}]},{\"@type\":\"ImageObject\",\"inLanguage\":\"fr-FR\",\"@id\":\"https:\\\/\\\/villa-albertine.org\\\/va\\\/fr\\\/events\\\/week-french-language-cinema\\\/#primaryimage\",\"url\":\"https:\\\/\\\/villa-albertine.org\\\/wp-content\\\/uploads\\\/2023\\\/08\\\/gaspard-ulliel.jpg\",\"contentUrl\":\"https:\\\/\\\/villa-albertine.org\\\/wp-content\\\/uploads\\\/2023\\\/08\\\/gaspard-ulliel.jpg\",\"width\":1024,\"height\":576},{\"@type\":\"BreadcrumbList\",\"@id\":\"https:\\\/\\\/villa-albertine.org\\\/va\\\/fr\\\/events\\\/week-french-language-cinema\\\/#breadcrumb\",\"itemListElement\":[{\"@type\":\"ListItem\",\"position\":1,\"name\":\"Home\",\"item\":\"https:\\\/\\\/villa-albertine.org\\\/va\\\/fr\\\/home\\\/\"},{\"@type\":\"ListItem\",\"position\":2,\"name\":\"La Semaine du Cin\u00e9ma Francophone\"}]},{\"@type\":\"WebSite\",\"@id\":\"https:\\\/\\\/villa-albertine.org\\\/va\\\/fr\\\/#website\",\"url\":\"https:\\\/\\\/villa-albertine.org\\\/va\\\/fr\\\/\",\"name\":\"Villa Albertine\",\"description\":\"\",\"potentialAction\":[{\"@type\":\"SearchAction\",\"target\":{\"@type\":\"EntryPoint\",\"urlTemplate\":\"https:\\\/\\\/villa-albertine.org\\\/va\\\/fr\\\/?s={search_term_string}\"},\"query-input\":{\"@type\":\"PropertyValueSpecification\",\"valueRequired\":true,\"valueName\":\"search_term_string\"}}],\"inLanguage\":\"fr-FR\"}]}<\/script>\n<!-- \/ Yoast SEO plugin. -->","yoast_head_json":{"title":"La Semaine du Cin\u00e9ma Francophone - Villa Albertine","robots":{"index":"index","follow":"follow","max-snippet":"max-snippet:-1","max-image-preview":"max-image-preview:large","max-video-preview":"max-video-preview:-1"},"canonical":"https:\/\/villa-albertine.org\/va\/fr\/events\/week-french-language-cinema\/","og_locale":"fr_FR","og_type":"article","og_title":"La Semaine du Cin\u00e9ma Francophone - Villa Albertine","og_description":"Pour la treizi\u00e8me ann\u00e9e cons\u00e9cutive, le Th\u00e9\u00e2tre Raymond Kabbaz, en collaboration avec les Consulats de France, Belgique, Suisse, Canada, le Bureau gouvernemental du Qu\u00e9bec \u00e0 Los Angeles et le Lyc\u00e9e Fran\u00e7ais de Los Angeles, pour pr\u00e9senter La Semaine du Cin\u00e9ma Francophone, avec la projection nocturne de films francophones acclam\u00e9s par la critique, du vendredi 18...","og_url":"https:\/\/villa-albertine.org\/va\/fr\/events\/week-french-language-cinema\/","og_site_name":"Villa Albertine","article_modified_time":"2023-08-23T08:10:43+00:00","og_image":[{"width":1024,"height":576,"url":"https:\/\/villa-albertine.org\/wp-content\/uploads\/2023\/08\/gaspard-ulliel.jpg","type":"image\/jpeg"}],"twitter_card":"summary_large_image","twitter_misc":{"Dur\u00e9e de lecture estim\u00e9e":"6 minutes"},"schema":{"@context":"https:\/\/schema.org","@graph":[{"@type":"WebPage","@id":"https:\/\/villa-albertine.org\/va\/fr\/events\/week-french-language-cinema\/","url":"https:\/\/villa-albertine.org\/va\/fr\/events\/week-french-language-cinema\/","name":"La Semaine du Cin\u00e9ma Francophone - Villa Albertine","isPartOf":{"@id":"https:\/\/villa-albertine.org\/va\/fr\/#website"},"primaryImageOfPage":{"@id":"https:\/\/villa-albertine.org\/va\/fr\/events\/week-french-language-cinema\/#primaryimage"},"image":{"@id":"https:\/\/villa-albertine.org\/va\/fr\/events\/week-french-language-cinema\/#primaryimage"},"thumbnailUrl":"https:\/\/villa-albertine.org\/wp-content\/uploads\/2023\/08\/gaspard-ulliel.jpg","datePublished":"2022-02-16T17:49:14+00:00","dateModified":"2023-08-23T08:10:43+00:00","breadcrumb":{"@id":"https:\/\/villa-albertine.org\/va\/fr\/events\/week-french-language-cinema\/#breadcrumb"},"inLanguage":"fr-FR","potentialAction":[{"@type":"ReadAction","target":["https:\/\/villa-albertine.org\/va\/fr\/events\/week-french-language-cinema\/"]}]},{"@type":"ImageObject","inLanguage":"fr-FR","@id":"https:\/\/villa-albertine.org\/va\/fr\/events\/week-french-language-cinema\/#primaryimage","url":"https:\/\/villa-albertine.org\/wp-content\/uploads\/2023\/08\/gaspard-ulliel.jpg","contentUrl":"https:\/\/villa-albertine.org\/wp-content\/uploads\/2023\/08\/gaspard-ulliel.jpg","width":1024,"height":576},{"@type":"BreadcrumbList","@id":"https:\/\/villa-albertine.org\/va\/fr\/events\/week-french-language-cinema\/#breadcrumb","itemListElement":[{"@type":"ListItem","position":1,"name":"Home","item":"https:\/\/villa-albertine.org\/va\/fr\/home\/"},{"@type":"ListItem","position":2,"name":"La Semaine du Cin\u00e9ma Francophone"}]},{"@type":"WebSite","@id":"https:\/\/villa-albertine.org\/va\/fr\/#website","url":"https:\/\/villa-albertine.org\/va\/fr\/","name":"Villa Albertine","description":"","potentialAction":[{"@type":"SearchAction","target":{"@type":"EntryPoint","urlTemplate":"https:\/\/villa-albertine.org\/va\/fr\/?s={search_term_string}"},"query-input":{"@type":"PropertyValueSpecification","valueRequired":true,"valueName":"search_term_string"}}],"inLanguage":"fr-FR"}]}},"_links":{"self":[{"href":"https:\/\/villa-albertine.org\/va\/fr\/wp-json\/wp\/v2\/app_event\/63553","targetHints":{"allow":["GET"]}}],"collection":[{"href":"https:\/\/villa-albertine.org\/va\/fr\/wp-json\/wp\/v2\/app_event"}],"about":[{"href":"https:\/\/villa-albertine.org\/va\/fr\/wp-json\/wp\/v2\/types\/app_event"}],"wp:featuredmedia":[{"embeddable":true,"href":"https:\/\/villa-albertine.org\/va\/fr\/wp-json\/wp\/v2\/media\/58722"}],"wp:attachment":[{"href":"https:\/\/villa-albertine.org\/va\/fr\/wp-json\/wp\/v2\/media?parent=63553"}],"wp:term":[{"taxonomy":"app_discipline","embeddable":true,"href":"https:\/\/villa-albertine.org\/va\/fr\/wp-json\/wp\/v2\/app_discipline?post=63553"},{"taxonomy":"app_city_tax","embeddable":true,"href":"https:\/\/villa-albertine.org\/va\/fr\/wp-json\/wp\/v2\/app_city_tax?post=63553"},{"taxonomy":"app_event_type","embeddable":true,"href":"https:\/\/villa-albertine.org\/va\/fr\/wp-json\/wp\/v2\/app_event_type?post=63553"}],"curies":[{"name":"wp","href":"https:\/\/api.w.org\/{rel}","templated":true}]}}