{"id":63550,"date":"2022-02-04T21:45:41","date_gmt":"2022-02-04T21:45:41","guid":{"rendered":"https:\/\/villa-albertine.org\/events\/mezzanine-presents-deception-premiere-arnaud-desplechin-person-two-night-screening-series-2\/"},"modified":"2023-08-23T08:10:43","modified_gmt":"2023-08-23T08:10:43","slug":"mezzanine-presents-deception-premiere-arnaud-desplechin-person-two-night-screening-series","status":"publish","type":"app_event","link":"https:\/\/villa-albertine.org\/va\/fr\/events\/mezzanine-presents-deception-premiere-arnaud-desplechin-person-two-night-screening-series\/","title":{"rendered":"Mezzanine presents Deception Premiere with Arnaud Desplechin in-person, two-night screening series"},"content":{"rendered":"<p><strong>Mezzanine pr\u00e9sente\u2026<\/strong><\/p>\n<p><strong>RECONTRE AVEC ARNAUD DESPLECHIN<\/strong><\/p>\n<p>\u00c0 l\u2019occasion de la venue d\u2019Arnaud Desplechin \u00e0 Los Angeles les 3 et 4 mars 2022, Mezzanine vous invite \u00e0 d\u00e9couvrir l\u2019\u0153uvre du r\u00e9alisateur fran\u00e7ais qui pr\u00e9sentera pour la premi\u00e8re fois \u00e0 Los Angeles son dernier long-m\u00e9trage, <em>Tromperie <\/em>(2021), une adaptation du roman de Philip Roth.<\/p>\n<p>Le r\u00e9alisateur viendra pr\u00e9senter en personne les projections de la nouvelle version restaur\u00e9e de son premier moyen-m\u00e9trage, <em>La vie des morts<\/em> (1991) suivi de sa carte blanche, <em>Petite conversation familiale<\/em> (2001) r\u00e9alis\u00e9 par H\u00e9l\u00e8ne Lapiower, ainsi que la s\u00e9ance en avant-premi\u00e8re de <em>Tromperie<\/em>.<\/p>\n<p>Arnaud Desplechin, r\u00e9alisateur fran\u00e7ais n\u00e9 \u00e0 Roubaix le 31 octobre 1960, a fait ses d\u00e9buts au cin\u00e9ma en tant que directeur de la photographie. Lorsqu\u2019il est pass\u00e9 derri\u00e8re la cam\u00e9ra, ses r\u00e9alisations ont rapidement \u00e9t\u00e9 reconnues par la presse, et son premier long-m\u00e9trage (<em>La Sentinelle<\/em>, 1992), a fait partie de la s\u00e9lection du festival de Cannes. Lou\u00e9 comme l\u2019un des repr\u00e9sentants d\u2019une nouvelle g\u00e9n\u00e9ration de cin\u00e9astes fran\u00e7ais, il est aussi passionn\u00e9 de la culture am\u00e9ricaine, ayant tourn\u00e9 sur le sol am\u00e9ricain en 2013 pour son film <em>Jimmy P. (Psychoth\u00e9rapie d\u2019un Indien des Plaines). <\/em>C\u2019est avec plaisir que nous l\u2019accueillons \u00e0 nouveau aux Etats-Unis pour le rencontrer pendant ces deux s\u00e9ances.<\/p>\n<p><strong>Programmation:<\/strong><\/p>\n<p><strong><em>LA VIE DE MORTS<\/em>\u00a0(1991)<em> <\/em>+ <em>PETITE CONVERSATION FAMILIALE\u00a0<\/em>(2001), Suivi d&rsquo;une conversation avec Arnaud Desplechin<\/strong><\/p>\n<p>Jeudi 3 mars, 19h30<\/p>\n<p><em>2220 Arts + Archives, 2220 Beverly Blvd, Los Angeles, CA 90057<\/em><\/p>\n<p><em>La vie des morts<\/em>, qui sera projet\u00e9 dans sa version num\u00e9rique restaur\u00e9e, est le premier moyen-m\u00e9trage d\u2019Arnaud Desplechin. R\u00e9compens\u00e9 par le prix Jean Vigo, il explore les liens familiaux des proches de Patrick, un jeune homme de 20 ans qui vient de tenter de se suicider. Toutes les caract\u00e9ristiques du style de Desplechin \u2013 son sens aigu du caract\u00e8re, l\u2019\u00e9quilibre tendu entre des relations interpersonnelles denses et leurs angoisses associ\u00e9es, et des allusions litt\u00e9raires \u00e9mouvantes \u2013\u00a0\u00e9taient d\u00e9j\u00e0 expos\u00e9es dans ce premier film, qui a donn\u00e9 le coup d&rsquo;envoi \u00e0 une s\u00e9rie de films de ma\u00eetre des ann\u00e9es 1990.<\/p>\n<p><strong>TROMPERIE (2021), Suivi d&rsquo;une discussion avec Arnaud Desplechin<\/strong><\/p>\n<p>Vendredi 4 mars, 19h30<\/p>\n<p><em>Lumiere Music Hall, 9036 Wilshire Blvd, Beverly Hills, CA 90211<\/em><\/p>\n<p>U.S. premiere<\/p>\n<p>Bas\u00e9 sur le roman autobiographique de 1990 de Philip Roth, le nouveau film de Desplechin est un projet passionnel de trente ans en gestation, adapt\u00e9 \u00e0 l\u2019\u00e9cran avec Julie Peyr. Il raconte l\u2019histoire d\u2019un \u00e9crivain am\u00e9ricain mari\u00e9 nomm\u00e9 Philip (Denis Podalyd\u00e8s), vivant \u00e0 Londres, et de son rendez-vous intellectuel et \u00e9rotique avec une Anglaise mari\u00e9e (L\u00e9a Seydoux), coinc\u00e9e avec un petit enfant dans une famille bourgeoise sans amour. La vie des deux personnages se r\u00e9v\u00e8le au fur et \u00e0 mesure qu\u2019ils se parlent, avant et apr\u00e8s avoir fait l\u2019amour.<\/p>\n<p><strong>Plus d&rsquo;information et billetterie:<\/strong><\/p>\n<p><a href=\"https:\/\/shoutout.wix.com\/so\/36NwsjIU3?languageTag=en&amp;status=Draft&amp;cid=00000000-0000-0000-0000-000000000000#\/main\"><u>https:\/\/shoutout.wix.com\/so\/36NwsjIU3?languageTag=en&amp;status=Draft&amp;cid=00000000-0000-0000-0000-000000000000#\/main<\/u><\/a>\u00a0<\/p>\n<p>\u00a0<\/p>\n","protected":false},"featured_media":58710,"menu_order":0,"template":"","app_discipline":[266],"app_city_tax":[267],"app_event_type":[287],"class_list":["post-63550","app_event","type-app_event","status-publish","has-post-thumbnail","hentry","app_discipline-cinema-fr","app_city_tax-la-fr","app_event_type-film-fr"],"acf":[],"yoast_head":"<!-- This site is optimized with the Yoast SEO plugin v27.3 - https:\/\/yoast.com\/product\/yoast-seo-wordpress\/ -->\n<title>Mezzanine presents Deception Premiere with Arnaud Desplechin in-person, two-night screening series - Villa Albertine<\/title>\n<meta name=\"robots\" content=\"index, follow, max-snippet:-1, max-image-preview:large, max-video-preview:-1\" \/>\n<link rel=\"canonical\" href=\"https:\/\/villa-albertine.org\/va\/fr\/events\/mezzanine-presents-deception-premiere-arnaud-desplechin-person-two-night-screening-series\/\" \/>\n<meta property=\"og:locale\" content=\"fr_FR\" \/>\n<meta property=\"og:type\" content=\"article\" \/>\n<meta property=\"og:title\" content=\"Mezzanine presents Deception Premiere with Arnaud Desplechin in-person, two-night screening series - Villa Albertine\" \/>\n<meta property=\"og:description\" content=\"Mezzanine pr\u00e9sente\u2026 RECONTRE AVEC ARNAUD DESPLECHIN \u00c0 l\u2019occasion de la venue d\u2019Arnaud Desplechin \u00e0 Los Angeles les 3 et 4 mars 2022, Mezzanine vous invite \u00e0 d\u00e9couvrir l\u2019\u0153uvre du r\u00e9alisateur fran\u00e7ais qui pr\u00e9sentera pour la premi\u00e8re fois \u00e0 Los Angeles son dernier long-m\u00e9trage, Tromperie (2021), une adaptation du roman de Philip Roth. Le r\u00e9alisateur viendra...\" \/>\n<meta property=\"og:url\" content=\"https:\/\/villa-albertine.org\/va\/fr\/events\/mezzanine-presents-deception-premiere-arnaud-desplechin-person-two-night-screening-series\/\" \/>\n<meta property=\"og:site_name\" content=\"Villa Albertine\" \/>\n<meta property=\"article:modified_time\" content=\"2023-08-23T08:10:43+00:00\" \/>\n<meta property=\"og:image\" content=\"https:\/\/villa-albertine.org\/wp-content\/uploads\/2023\/08\/DeceptionResized.png\" \/>\n\t<meta property=\"og:image:width\" content=\"1246\" \/>\n\t<meta property=\"og:image:height\" content=\"572\" \/>\n\t<meta property=\"og:image:type\" content=\"image\/png\" \/>\n<meta name=\"twitter:card\" content=\"summary_large_image\" \/>\n<meta name=\"twitter:label1\" content=\"Dur\u00e9e de lecture estim\u00e9e\" \/>\n\t<meta name=\"twitter:data1\" content=\"3 minutes\" \/>\n<script type=\"application\/ld+json\" class=\"yoast-schema-graph\">{\"@context\":\"https:\\\/\\\/schema.org\",\"@graph\":[{\"@type\":\"WebPage\",\"@id\":\"https:\\\/\\\/villa-albertine.org\\\/va\\\/fr\\\/events\\\/mezzanine-presents-deception-premiere-arnaud-desplechin-person-two-night-screening-series\\\/\",\"url\":\"https:\\\/\\\/villa-albertine.org\\\/va\\\/fr\\\/events\\\/mezzanine-presents-deception-premiere-arnaud-desplechin-person-two-night-screening-series\\\/\",\"name\":\"Mezzanine presents Deception Premiere with Arnaud Desplechin in-person, two-night screening series - Villa Albertine\",\"isPartOf\":{\"@id\":\"https:\\\/\\\/villa-albertine.org\\\/va\\\/fr\\\/#website\"},\"primaryImageOfPage\":{\"@id\":\"https:\\\/\\\/villa-albertine.org\\\/va\\\/fr\\\/events\\\/mezzanine-presents-deception-premiere-arnaud-desplechin-person-two-night-screening-series\\\/#primaryimage\"},\"image\":{\"@id\":\"https:\\\/\\\/villa-albertine.org\\\/va\\\/fr\\\/events\\\/mezzanine-presents-deception-premiere-arnaud-desplechin-person-two-night-screening-series\\\/#primaryimage\"},\"thumbnailUrl\":\"https:\\\/\\\/villa-albertine.org\\\/wp-content\\\/uploads\\\/2023\\\/08\\\/DeceptionResized.png\",\"datePublished\":\"2022-02-04T21:45:41+00:00\",\"dateModified\":\"2023-08-23T08:10:43+00:00\",\"breadcrumb\":{\"@id\":\"https:\\\/\\\/villa-albertine.org\\\/va\\\/fr\\\/events\\\/mezzanine-presents-deception-premiere-arnaud-desplechin-person-two-night-screening-series\\\/#breadcrumb\"},\"inLanguage\":\"fr-FR\",\"potentialAction\":[{\"@type\":\"ReadAction\",\"target\":[\"https:\\\/\\\/villa-albertine.org\\\/va\\\/fr\\\/events\\\/mezzanine-presents-deception-premiere-arnaud-desplechin-person-two-night-screening-series\\\/\"]}]},{\"@type\":\"ImageObject\",\"inLanguage\":\"fr-FR\",\"@id\":\"https:\\\/\\\/villa-albertine.org\\\/va\\\/fr\\\/events\\\/mezzanine-presents-deception-premiere-arnaud-desplechin-person-two-night-screening-series\\\/#primaryimage\",\"url\":\"https:\\\/\\\/villa-albertine.org\\\/wp-content\\\/uploads\\\/2023\\\/08\\\/DeceptionResized.png\",\"contentUrl\":\"https:\\\/\\\/villa-albertine.org\\\/wp-content\\\/uploads\\\/2023\\\/08\\\/DeceptionResized.png\",\"width\":1246,\"height\":572},{\"@type\":\"BreadcrumbList\",\"@id\":\"https:\\\/\\\/villa-albertine.org\\\/va\\\/fr\\\/events\\\/mezzanine-presents-deception-premiere-arnaud-desplechin-person-two-night-screening-series\\\/#breadcrumb\",\"itemListElement\":[{\"@type\":\"ListItem\",\"position\":1,\"name\":\"Home\",\"item\":\"https:\\\/\\\/villa-albertine.org\\\/va\\\/fr\\\/home\\\/\"},{\"@type\":\"ListItem\",\"position\":2,\"name\":\"Mezzanine presents Deception Premiere with Arnaud Desplechin in-person, two-night screening series\"}]},{\"@type\":\"WebSite\",\"@id\":\"https:\\\/\\\/villa-albertine.org\\\/va\\\/fr\\\/#website\",\"url\":\"https:\\\/\\\/villa-albertine.org\\\/va\\\/fr\\\/\",\"name\":\"Villa Albertine\",\"description\":\"\",\"potentialAction\":[{\"@type\":\"SearchAction\",\"target\":{\"@type\":\"EntryPoint\",\"urlTemplate\":\"https:\\\/\\\/villa-albertine.org\\\/va\\\/fr\\\/?s={search_term_string}\"},\"query-input\":{\"@type\":\"PropertyValueSpecification\",\"valueRequired\":true,\"valueName\":\"search_term_string\"}}],\"inLanguage\":\"fr-FR\"}]}<\/script>\n<!-- \/ Yoast SEO plugin. -->","yoast_head_json":{"title":"Mezzanine presents Deception Premiere with Arnaud Desplechin in-person, two-night screening series - Villa Albertine","robots":{"index":"index","follow":"follow","max-snippet":"max-snippet:-1","max-image-preview":"max-image-preview:large","max-video-preview":"max-video-preview:-1"},"canonical":"https:\/\/villa-albertine.org\/va\/fr\/events\/mezzanine-presents-deception-premiere-arnaud-desplechin-person-two-night-screening-series\/","og_locale":"fr_FR","og_type":"article","og_title":"Mezzanine presents Deception Premiere with Arnaud Desplechin in-person, two-night screening series - Villa Albertine","og_description":"Mezzanine pr\u00e9sente\u2026 RECONTRE AVEC ARNAUD DESPLECHIN \u00c0 l\u2019occasion de la venue d\u2019Arnaud Desplechin \u00e0 Los Angeles les 3 et 4 mars 2022, Mezzanine vous invite \u00e0 d\u00e9couvrir l\u2019\u0153uvre du r\u00e9alisateur fran\u00e7ais qui pr\u00e9sentera pour la premi\u00e8re fois \u00e0 Los Angeles son dernier long-m\u00e9trage, Tromperie (2021), une adaptation du roman de Philip Roth. Le r\u00e9alisateur viendra...","og_url":"https:\/\/villa-albertine.org\/va\/fr\/events\/mezzanine-presents-deception-premiere-arnaud-desplechin-person-two-night-screening-series\/","og_site_name":"Villa Albertine","article_modified_time":"2023-08-23T08:10:43+00:00","og_image":[{"width":1246,"height":572,"url":"https:\/\/villa-albertine.org\/wp-content\/uploads\/2023\/08\/DeceptionResized.png","type":"image\/png"}],"twitter_card":"summary_large_image","twitter_misc":{"Dur\u00e9e de lecture estim\u00e9e":"3 minutes"},"schema":{"@context":"https:\/\/schema.org","@graph":[{"@type":"WebPage","@id":"https:\/\/villa-albertine.org\/va\/fr\/events\/mezzanine-presents-deception-premiere-arnaud-desplechin-person-two-night-screening-series\/","url":"https:\/\/villa-albertine.org\/va\/fr\/events\/mezzanine-presents-deception-premiere-arnaud-desplechin-person-two-night-screening-series\/","name":"Mezzanine presents Deception Premiere with Arnaud Desplechin in-person, two-night screening series - Villa Albertine","isPartOf":{"@id":"https:\/\/villa-albertine.org\/va\/fr\/#website"},"primaryImageOfPage":{"@id":"https:\/\/villa-albertine.org\/va\/fr\/events\/mezzanine-presents-deception-premiere-arnaud-desplechin-person-two-night-screening-series\/#primaryimage"},"image":{"@id":"https:\/\/villa-albertine.org\/va\/fr\/events\/mezzanine-presents-deception-premiere-arnaud-desplechin-person-two-night-screening-series\/#primaryimage"},"thumbnailUrl":"https:\/\/villa-albertine.org\/wp-content\/uploads\/2023\/08\/DeceptionResized.png","datePublished":"2022-02-04T21:45:41+00:00","dateModified":"2023-08-23T08:10:43+00:00","breadcrumb":{"@id":"https:\/\/villa-albertine.org\/va\/fr\/events\/mezzanine-presents-deception-premiere-arnaud-desplechin-person-two-night-screening-series\/#breadcrumb"},"inLanguage":"fr-FR","potentialAction":[{"@type":"ReadAction","target":["https:\/\/villa-albertine.org\/va\/fr\/events\/mezzanine-presents-deception-premiere-arnaud-desplechin-person-two-night-screening-series\/"]}]},{"@type":"ImageObject","inLanguage":"fr-FR","@id":"https:\/\/villa-albertine.org\/va\/fr\/events\/mezzanine-presents-deception-premiere-arnaud-desplechin-person-two-night-screening-series\/#primaryimage","url":"https:\/\/villa-albertine.org\/wp-content\/uploads\/2023\/08\/DeceptionResized.png","contentUrl":"https:\/\/villa-albertine.org\/wp-content\/uploads\/2023\/08\/DeceptionResized.png","width":1246,"height":572},{"@type":"BreadcrumbList","@id":"https:\/\/villa-albertine.org\/va\/fr\/events\/mezzanine-presents-deception-premiere-arnaud-desplechin-person-two-night-screening-series\/#breadcrumb","itemListElement":[{"@type":"ListItem","position":1,"name":"Home","item":"https:\/\/villa-albertine.org\/va\/fr\/home\/"},{"@type":"ListItem","position":2,"name":"Mezzanine presents Deception Premiere with Arnaud Desplechin in-person, two-night screening series"}]},{"@type":"WebSite","@id":"https:\/\/villa-albertine.org\/va\/fr\/#website","url":"https:\/\/villa-albertine.org\/va\/fr\/","name":"Villa Albertine","description":"","potentialAction":[{"@type":"SearchAction","target":{"@type":"EntryPoint","urlTemplate":"https:\/\/villa-albertine.org\/va\/fr\/?s={search_term_string}"},"query-input":{"@type":"PropertyValueSpecification","valueRequired":true,"valueName":"search_term_string"}}],"inLanguage":"fr-FR"}]}},"_links":{"self":[{"href":"https:\/\/villa-albertine.org\/va\/fr\/wp-json\/wp\/v2\/app_event\/63550","targetHints":{"allow":["GET"]}}],"collection":[{"href":"https:\/\/villa-albertine.org\/va\/fr\/wp-json\/wp\/v2\/app_event"}],"about":[{"href":"https:\/\/villa-albertine.org\/va\/fr\/wp-json\/wp\/v2\/types\/app_event"}],"wp:featuredmedia":[{"embeddable":true,"href":"https:\/\/villa-albertine.org\/va\/fr\/wp-json\/wp\/v2\/media\/58710"}],"wp:attachment":[{"href":"https:\/\/villa-albertine.org\/va\/fr\/wp-json\/wp\/v2\/media?parent=63550"}],"wp:term":[{"taxonomy":"app_discipline","embeddable":true,"href":"https:\/\/villa-albertine.org\/va\/fr\/wp-json\/wp\/v2\/app_discipline?post=63550"},{"taxonomy":"app_city_tax","embeddable":true,"href":"https:\/\/villa-albertine.org\/va\/fr\/wp-json\/wp\/v2\/app_city_tax?post=63550"},{"taxonomy":"app_event_type","embeddable":true,"href":"https:\/\/villa-albertine.org\/va\/fr\/wp-json\/wp\/v2\/app_event_type?post=63550"}],"curies":[{"name":"wp","href":"https:\/\/api.w.org\/{rel}","templated":true}]}}