{"id":63547,"date":"2022-02-01T22:34:57","date_gmt":"2022-02-01T22:34:57","guid":{"rendered":"https:\/\/villa-albertine.org\/events\/trilogy-dance-films-french-artist-smail-kanoute-2\/"},"modified":"2023-08-23T08:10:42","modified_gmt":"2023-08-23T08:10:42","slug":"trilogy-dance-films-french-artist-smail-kanoute","status":"publish","type":"app_event","link":"https:\/\/villa-albertine.org\/va\/fr\/events\/trilogy-dance-films-french-artist-smail-kanoute\/","title":{"rendered":"Une trilogie de films de danse de Sma\u00efl Kanout\u00e9"},"content":{"rendered":"<p>La Trilogie comprend <strong>Never Twenty One 21<\/strong>, un court m\u00e9trage cor\u00e9alis\u00e9 avec l&rsquo;ex-collectif Racine. Mis en sc\u00e8ne en 2021, il s&rsquo;agit d&rsquo;un hommage \u00e0 ceux qui n&rsquo;auront jamais l&rsquo;occasion de voir l&rsquo;\u00e2ge de 21 ans ; leurs vies vol\u00e9es \u00e0 cause de la violence des armes \u00e0 feu aux \u00c9tats-Unis. N\u00e9e du mouvement Black Lives Matters, l&rsquo;expression Never 21 d\u00e9nonce ces morts pr\u00e9matur\u00e9es qui frappent les \u00c9tats-Unis. De vrais t\u00e9moignages accompagnent trois danseurs qui donnent vie aux paroles des victimes et de leurs familles. La rage, le deuil des proches disparus sont incarn\u00e9s \u00e0 travers diff\u00e9rentes \u00e9nergies physiques et musicales. Le sujet est abord\u00e9 sous l&rsquo;angle de diff\u00e9rents territoires : Rio de Janeiro, Soweto et le Bronx, New York. Tatou\u00e9s sur le corps des trois danseurs, les noms des d\u00e9funts se faufilent entre les muscles en mouvement, comme pour graver \u00e0 jamais la mal\u00e9diction du chiffre 21, le vide laiss\u00e9 par ces vies perdues, leurs souvenirs et leurs mots.\u00a0<\/p>\n<p>Tout au long du second court-m\u00e9trage, Sma\u00efl Kanout\u00e9 suit les pas de<strong> Yasuke Kurosan<\/strong>, un esclave africain arriv\u00e9 au pays du soleil levant \u00e0 la fin du XVIe si\u00e8cle et qui a obtenu le statut exceptionnel de samoura\u00ef, devenant ainsi le premier samoura\u00ef \u00e9tranger de l&rsquo;histoire du Japon. Sma\u00efl Kanout\u00e9 s&#8217;empare de ce r\u00e9cit et interroge la cr\u00e9ation de soi quand on est multiculturel. Son \u00e9criture chor\u00e9graphique traduit la transformation du corps courb\u00e9 de l&rsquo;esclave en corps fier et droit du samoura\u00ef, et ce par la rencontre entre la danse africaine et l&rsquo;art du Bushido (code d&rsquo;honneur du Samoura\u00ef). R\u00e9alis\u00e9 par Abdou Diouri, ce film de 15 minutes constitue le point de d\u00e9part d&rsquo;une \u0153uvre chor\u00e9graphique sur sc\u00e8ne pour 2022.\u00a0<\/p>\n<p>Dans <strong>SO AVA<\/strong>, Sma\u00efl Kanout\u00e9 renoue avec ses racines africaines en retra\u00e7ant le parcours des esclaves qui, par leur exil forc\u00e9, ont r\u00e9pandu leurs croyances et leurs rituels vaudous \u00e0 travers le monde. Tourn\u00e9 au B\u00e9nin, ce court m\u00e9trage met en valeur les liens qui nous unissent \u00e0 nos anc\u00eatres. Intrigu\u00e9 par l&rsquo;invisible et profond\u00e9ment convaincu que lorsque l&rsquo;on danse, on ne danse jamais seul, Sma\u00efl Kanout\u00e9 s&rsquo;est immerg\u00e9 pendant une semaine dans cette communaut\u00e9 \u00e9nigmatique et myst\u00e9rieuse pour apprendre ses danses et la philosophie vaudou, en s&rsquo;attachant \u00e0 purger les histoires souvent douloureuses de la diaspora africaine.\u00a0<\/p>\n<p>La projection \u00e0 l&rsquo;Universit\u00e9 de Rochester sera suivie d&rsquo;un Zoom en direct avec Sma\u00efl Kanout\u00e9 avec questions-r\u00e9ponses.\u00a0<\/p>\n<p>L&rsquo;\u00e9v\u00e9nement est pr\u00e9sent\u00e9 par le Programme de Danse et de Mouvement de l&rsquo;Universit\u00e9 de Rochester avec le soutien de la Villa Albertine en partenariat avec l&rsquo;Ambassade de France et la Fondation FACE, dans le cadre de la promotion des Films de Danse de France, le Bureau pour le Leadership Communautaire en relation avec DANC305 Danse et Communaut\u00e9 Interd\u00e9pendante, et la Table Ronde sur la Diversit\u00e9 du Coll\u00e8ge.\u00a0<\/p>\n<h3>\u00c0 propos de SMA\u00cfL KANOUT\u00c9\u00a0<\/h3>\n<p>N\u00e9 en 1986, Sma\u00efl Kanout\u00e9 est un graphiste, danseur, s\u00e9rigraphe franco-malien, dipl\u00f4m\u00e9 de l&rsquo;ENSAD. Il vit et travaille \u00e0 Paris. Parmi ses nombreux projets, il a travaill\u00e9 dans le domaine de la mode avec le designer Xuly Bet et s&rsquo;est produit avec Rapha\u00eblle Delauney, Radhouane El Meddeb et d&rsquo;autres. Kanout\u00e9 a cr\u00e9\u00e9 sa propre compagnie, la Compagnie Vivons, et a depuis cr\u00e9\u00e9 plusieurs pi\u00e8ces de performance dont Les Actes du D\u00e9sert. Dans le domaine des arts visuels, il a fr\u00e9quemment collabor\u00e9 avec le street et plasticien Philippe Baudelocque, et pour la grande exposition de Tino Sehgal \u00a0\u00bb These Associations \u00a0\u00bb au Palais de Tokyo en 2016.\u00a0<\/p>\n<p>\u00a0<\/p>\n<h3>\u00c0 propos de l&rsquo;UNIVERSIT\u00c9 DE ROCHESTER\u00a0<\/h3>\n<p>Les projections auront lieu au Spurrier Hall, \u00e0 l&rsquo;Universit\u00e9 de Rochester. Spurrier abrite un gymnase, le studio de danse du d\u00e9partement de la danse et du mouvement, des salles de r\u00e9p\u00e9tition de musique, le carillon de r\u00e9p\u00e9tition, les bureaux et le stockage des organisations \u00e9tudiantes, la salle de r\u00e9p\u00e9tition de musique et des salles de r\u00e9union. Spurrier est reli\u00e9 \u00e0 Susan B. Anthony Hall par le syst\u00e8me de tunnels. Il sert de lieu d&rsquo;enseignement pendant la journ\u00e9e et de centre d&rsquo;activit\u00e9s pour les organisations \u00e9tudiantes le soir et le week-end.\u00a0<\/p>\n<p>\u00a0<\/p>\n<h3>\u00c0 propos du CATALOGUE DES FILMS DE DANSE, un programme de la Villa Albertine\u00a0<\/h3>\n<p>Cr\u00e9\u00e9 en 2021 par la Villa Albertine en partenariat avec l&rsquo;Ambassade de France aux Etats-Unis et avec le soutien de l&rsquo;Institut fran\u00e7ais et du minist\u00e8re fran\u00e7ais de la Culture, le Catalogue des films de danse pr\u00e9sente des films et des documentaires r\u00e9alis\u00e9s par et avec des artistes d&rsquo;horizons divers.\u00a0<\/p>\n<p>\u00a0<a href=\"https:\/\/villa-albertine.org\/professionals\/dance-films-catalogue\">https:\/\/villa-albertine.org\/professionals\/dance-films-catalogue<\/a>\u00a0<\/p>\n","protected":false},"featured_media":58700,"menu_order":0,"template":"","app_discipline":[275],"app_city_tax":[264],"app_event_type":[291],"class_list":["post-63547","app_event","type-app_event","status-publish","has-post-thumbnail","hentry","app_discipline-arts-de-la-scene-fr","app_city_tax-nyc-fr","app_event_type-spectacle-fr"],"acf":[],"yoast_head":"<!-- This site is optimized with the Yoast SEO plugin v27.3 - https:\/\/yoast.com\/product\/yoast-seo-wordpress\/ -->\n<title>Une trilogie de films de danse de Sma\u00efl Kanout\u00e9 - Villa Albertine<\/title>\n<meta name=\"robots\" content=\"index, follow, max-snippet:-1, max-image-preview:large, max-video-preview:-1\" \/>\n<link rel=\"canonical\" href=\"https:\/\/villa-albertine.org\/va\/fr\/events\/trilogy-dance-films-french-artist-smail-kanoute\/\" \/>\n<meta property=\"og:locale\" content=\"fr_FR\" \/>\n<meta property=\"og:type\" content=\"article\" \/>\n<meta property=\"og:title\" content=\"Une trilogie de films de danse de Sma\u00efl Kanout\u00e9 - Villa Albertine\" \/>\n<meta property=\"og:description\" content=\"La Trilogie comprend Never Twenty One 21, un court m\u00e9trage cor\u00e9alis\u00e9 avec l&rsquo;ex-collectif Racine. Mis en sc\u00e8ne en 2021, il s&rsquo;agit d&rsquo;un hommage \u00e0 ceux qui n&rsquo;auront jamais l&rsquo;occasion de voir l&rsquo;\u00e2ge de 21 ans ; leurs vies vol\u00e9es \u00e0 cause de la violence des armes \u00e0 feu aux \u00c9tats-Unis. N\u00e9e du mouvement Black Lives...\" \/>\n<meta property=\"og:url\" content=\"https:\/\/villa-albertine.org\/va\/fr\/events\/trilogy-dance-films-french-artist-smail-kanoute\/\" \/>\n<meta property=\"og:site_name\" content=\"Villa Albertine\" \/>\n<meta property=\"article:modified_time\" content=\"2023-08-23T08:10:42+00:00\" \/>\n<meta property=\"og:image\" content=\"https:\/\/villa-albertine.org\/wp-content\/uploads\/2023\/08\/sk05-tt-width-800-height-447-bgcolor-ffffff-lazyload-1.jpeg\" \/>\n\t<meta property=\"og:image:width\" content=\"800\" \/>\n\t<meta property=\"og:image:height\" content=\"447\" \/>\n\t<meta property=\"og:image:type\" content=\"image\/jpeg\" \/>\n<meta name=\"twitter:card\" content=\"summary_large_image\" \/>\n<meta name=\"twitter:label1\" content=\"Dur\u00e9e de lecture estim\u00e9e\" \/>\n\t<meta name=\"twitter:data1\" content=\"4 minutes\" \/>\n<script type=\"application\/ld+json\" class=\"yoast-schema-graph\">{\"@context\":\"https:\\\/\\\/schema.org\",\"@graph\":[{\"@type\":\"WebPage\",\"@id\":\"https:\\\/\\\/villa-albertine.org\\\/va\\\/fr\\\/events\\\/trilogy-dance-films-french-artist-smail-kanoute\\\/\",\"url\":\"https:\\\/\\\/villa-albertine.org\\\/va\\\/fr\\\/events\\\/trilogy-dance-films-french-artist-smail-kanoute\\\/\",\"name\":\"Une trilogie de films de danse de Sma\u00efl Kanout\u00e9 - Villa Albertine\",\"isPartOf\":{\"@id\":\"https:\\\/\\\/villa-albertine.org\\\/va\\\/fr\\\/#website\"},\"primaryImageOfPage\":{\"@id\":\"https:\\\/\\\/villa-albertine.org\\\/va\\\/fr\\\/events\\\/trilogy-dance-films-french-artist-smail-kanoute\\\/#primaryimage\"},\"image\":{\"@id\":\"https:\\\/\\\/villa-albertine.org\\\/va\\\/fr\\\/events\\\/trilogy-dance-films-french-artist-smail-kanoute\\\/#primaryimage\"},\"thumbnailUrl\":\"https:\\\/\\\/villa-albertine.org\\\/wp-content\\\/uploads\\\/2023\\\/08\\\/sk05-tt-width-800-height-447-bgcolor-ffffff-lazyload-1.jpeg\",\"datePublished\":\"2022-02-01T22:34:57+00:00\",\"dateModified\":\"2023-08-23T08:10:42+00:00\",\"breadcrumb\":{\"@id\":\"https:\\\/\\\/villa-albertine.org\\\/va\\\/fr\\\/events\\\/trilogy-dance-films-french-artist-smail-kanoute\\\/#breadcrumb\"},\"inLanguage\":\"fr-FR\",\"potentialAction\":[{\"@type\":\"ReadAction\",\"target\":[\"https:\\\/\\\/villa-albertine.org\\\/va\\\/fr\\\/events\\\/trilogy-dance-films-french-artist-smail-kanoute\\\/\"]}]},{\"@type\":\"ImageObject\",\"inLanguage\":\"fr-FR\",\"@id\":\"https:\\\/\\\/villa-albertine.org\\\/va\\\/fr\\\/events\\\/trilogy-dance-films-french-artist-smail-kanoute\\\/#primaryimage\",\"url\":\"https:\\\/\\\/villa-albertine.org\\\/wp-content\\\/uploads\\\/2023\\\/08\\\/sk05-tt-width-800-height-447-bgcolor-ffffff-lazyload-1.jpeg\",\"contentUrl\":\"https:\\\/\\\/villa-albertine.org\\\/wp-content\\\/uploads\\\/2023\\\/08\\\/sk05-tt-width-800-height-447-bgcolor-ffffff-lazyload-1.jpeg\",\"width\":800,\"height\":447},{\"@type\":\"BreadcrumbList\",\"@id\":\"https:\\\/\\\/villa-albertine.org\\\/va\\\/fr\\\/events\\\/trilogy-dance-films-french-artist-smail-kanoute\\\/#breadcrumb\",\"itemListElement\":[{\"@type\":\"ListItem\",\"position\":1,\"name\":\"Home\",\"item\":\"https:\\\/\\\/villa-albertine.org\\\/va\\\/fr\\\/home\\\/\"},{\"@type\":\"ListItem\",\"position\":2,\"name\":\"Une trilogie de films de danse de Sma\u00efl Kanout\u00e9\"}]},{\"@type\":\"WebSite\",\"@id\":\"https:\\\/\\\/villa-albertine.org\\\/va\\\/fr\\\/#website\",\"url\":\"https:\\\/\\\/villa-albertine.org\\\/va\\\/fr\\\/\",\"name\":\"Villa Albertine\",\"description\":\"\",\"potentialAction\":[{\"@type\":\"SearchAction\",\"target\":{\"@type\":\"EntryPoint\",\"urlTemplate\":\"https:\\\/\\\/villa-albertine.org\\\/va\\\/fr\\\/?s={search_term_string}\"},\"query-input\":{\"@type\":\"PropertyValueSpecification\",\"valueRequired\":true,\"valueName\":\"search_term_string\"}}],\"inLanguage\":\"fr-FR\"}]}<\/script>\n<!-- \/ Yoast SEO plugin. -->","yoast_head_json":{"title":"Une trilogie de films de danse de Sma\u00efl Kanout\u00e9 - Villa Albertine","robots":{"index":"index","follow":"follow","max-snippet":"max-snippet:-1","max-image-preview":"max-image-preview:large","max-video-preview":"max-video-preview:-1"},"canonical":"https:\/\/villa-albertine.org\/va\/fr\/events\/trilogy-dance-films-french-artist-smail-kanoute\/","og_locale":"fr_FR","og_type":"article","og_title":"Une trilogie de films de danse de Sma\u00efl Kanout\u00e9 - Villa Albertine","og_description":"La Trilogie comprend Never Twenty One 21, un court m\u00e9trage cor\u00e9alis\u00e9 avec l&rsquo;ex-collectif Racine. Mis en sc\u00e8ne en 2021, il s&rsquo;agit d&rsquo;un hommage \u00e0 ceux qui n&rsquo;auront jamais l&rsquo;occasion de voir l&rsquo;\u00e2ge de 21 ans ; leurs vies vol\u00e9es \u00e0 cause de la violence des armes \u00e0 feu aux \u00c9tats-Unis. N\u00e9e du mouvement Black Lives...","og_url":"https:\/\/villa-albertine.org\/va\/fr\/events\/trilogy-dance-films-french-artist-smail-kanoute\/","og_site_name":"Villa Albertine","article_modified_time":"2023-08-23T08:10:42+00:00","og_image":[{"width":800,"height":447,"url":"https:\/\/villa-albertine.org\/wp-content\/uploads\/2023\/08\/sk05-tt-width-800-height-447-bgcolor-ffffff-lazyload-1.jpeg","type":"image\/jpeg"}],"twitter_card":"summary_large_image","twitter_misc":{"Dur\u00e9e de lecture estim\u00e9e":"4 minutes"},"schema":{"@context":"https:\/\/schema.org","@graph":[{"@type":"WebPage","@id":"https:\/\/villa-albertine.org\/va\/fr\/events\/trilogy-dance-films-french-artist-smail-kanoute\/","url":"https:\/\/villa-albertine.org\/va\/fr\/events\/trilogy-dance-films-french-artist-smail-kanoute\/","name":"Une trilogie de films de danse de Sma\u00efl Kanout\u00e9 - Villa Albertine","isPartOf":{"@id":"https:\/\/villa-albertine.org\/va\/fr\/#website"},"primaryImageOfPage":{"@id":"https:\/\/villa-albertine.org\/va\/fr\/events\/trilogy-dance-films-french-artist-smail-kanoute\/#primaryimage"},"image":{"@id":"https:\/\/villa-albertine.org\/va\/fr\/events\/trilogy-dance-films-french-artist-smail-kanoute\/#primaryimage"},"thumbnailUrl":"https:\/\/villa-albertine.org\/wp-content\/uploads\/2023\/08\/sk05-tt-width-800-height-447-bgcolor-ffffff-lazyload-1.jpeg","datePublished":"2022-02-01T22:34:57+00:00","dateModified":"2023-08-23T08:10:42+00:00","breadcrumb":{"@id":"https:\/\/villa-albertine.org\/va\/fr\/events\/trilogy-dance-films-french-artist-smail-kanoute\/#breadcrumb"},"inLanguage":"fr-FR","potentialAction":[{"@type":"ReadAction","target":["https:\/\/villa-albertine.org\/va\/fr\/events\/trilogy-dance-films-french-artist-smail-kanoute\/"]}]},{"@type":"ImageObject","inLanguage":"fr-FR","@id":"https:\/\/villa-albertine.org\/va\/fr\/events\/trilogy-dance-films-french-artist-smail-kanoute\/#primaryimage","url":"https:\/\/villa-albertine.org\/wp-content\/uploads\/2023\/08\/sk05-tt-width-800-height-447-bgcolor-ffffff-lazyload-1.jpeg","contentUrl":"https:\/\/villa-albertine.org\/wp-content\/uploads\/2023\/08\/sk05-tt-width-800-height-447-bgcolor-ffffff-lazyload-1.jpeg","width":800,"height":447},{"@type":"BreadcrumbList","@id":"https:\/\/villa-albertine.org\/va\/fr\/events\/trilogy-dance-films-french-artist-smail-kanoute\/#breadcrumb","itemListElement":[{"@type":"ListItem","position":1,"name":"Home","item":"https:\/\/villa-albertine.org\/va\/fr\/home\/"},{"@type":"ListItem","position":2,"name":"Une trilogie de films de danse de Sma\u00efl Kanout\u00e9"}]},{"@type":"WebSite","@id":"https:\/\/villa-albertine.org\/va\/fr\/#website","url":"https:\/\/villa-albertine.org\/va\/fr\/","name":"Villa Albertine","description":"","potentialAction":[{"@type":"SearchAction","target":{"@type":"EntryPoint","urlTemplate":"https:\/\/villa-albertine.org\/va\/fr\/?s={search_term_string}"},"query-input":{"@type":"PropertyValueSpecification","valueRequired":true,"valueName":"search_term_string"}}],"inLanguage":"fr-FR"}]}},"_links":{"self":[{"href":"https:\/\/villa-albertine.org\/va\/fr\/wp-json\/wp\/v2\/app_event\/63547","targetHints":{"allow":["GET"]}}],"collection":[{"href":"https:\/\/villa-albertine.org\/va\/fr\/wp-json\/wp\/v2\/app_event"}],"about":[{"href":"https:\/\/villa-albertine.org\/va\/fr\/wp-json\/wp\/v2\/types\/app_event"}],"wp:featuredmedia":[{"embeddable":true,"href":"https:\/\/villa-albertine.org\/va\/fr\/wp-json\/wp\/v2\/media\/58700"}],"wp:attachment":[{"href":"https:\/\/villa-albertine.org\/va\/fr\/wp-json\/wp\/v2\/media?parent=63547"}],"wp:term":[{"taxonomy":"app_discipline","embeddable":true,"href":"https:\/\/villa-albertine.org\/va\/fr\/wp-json\/wp\/v2\/app_discipline?post=63547"},{"taxonomy":"app_city_tax","embeddable":true,"href":"https:\/\/villa-albertine.org\/va\/fr\/wp-json\/wp\/v2\/app_city_tax?post=63547"},{"taxonomy":"app_event_type","embeddable":true,"href":"https:\/\/villa-albertine.org\/va\/fr\/wp-json\/wp\/v2\/app_event_type?post=63547"}],"curies":[{"name":"wp","href":"https:\/\/api.w.org\/{rel}","templated":true}]}}