{"id":63542,"date":"2022-01-31T21:38:09","date_gmt":"2022-01-31T21:38:09","guid":{"rendered":"https:\/\/villa-albertine.org\/events\/nina-childress-first-solo-show-nathalie-karg-gallery-2\/"},"modified":"2023-08-23T08:10:42","modified_gmt":"2023-08-23T08:10:42","slug":"nina-childress-first-solo-show-nathalie-karg-gallery","status":"publish","type":"app_event","link":"https:\/\/villa-albertine.org\/va\/fr\/events\/nina-childress-first-solo-show-nathalie-karg-gallery\/","title":{"rendered":"Premi\u00e8re exposition monographique de Nina Childress aux Etats-Unis !"},"content":{"rendered":"<p><strong>About <a href=\"https:\/\/ninachildress.com\/\">Nina Childress<\/a> :\u00a0<\/strong><\/p>\n<p>\u00a0<\/p>\n<p>Nina Childress (n\u00e9e en 1961 \u00e0 Pasadena, CA) est l&rsquo;un des peintres fran\u00e7ais les plus connues et les plus c\u00e9l\u00e8bres de sa g\u00e9n\u00e9ration, mais avant Nina Childress, il y avait Nina Kuss, \u00e9g\u00e9rie du groupe punk fran\u00e7ais Lucrate Milk. De 1985 \u00e0 1989, elle a rejoint le collectif d&rsquo;artistes de rue Les Fr\u00e8res Ripoulin (1984-1988), dont les membres\u00a0 comprenaient\u00a0 des artistes tels que Pierre Huyghe et Claude Closky. Depuis les ann\u00e9es 1980, Childress se consacre \u00e0 la peinture. Se r\u00e9inventant toujours et s&#8217;emparant tous les modes de repr\u00e9sentation, Childress a explor\u00e9 la peinture dans l&rsquo;abstraction et l&rsquo;hyperr\u00e9alisme, magnifi\u00e9 des objets du quotidien et cr\u00e9\u00e9 des autoportraits introspectifs. L&rsquo;\u0153uvre de Nina Childress a \u00e9t\u00e9 expos\u00e9e au niveau national et international, notamment au MAMCO (Gen\u00e8ve), au Palais de Tokyo (Paris), au Centre R\u00e9gional d&rsquo;Art Contemporain (S\u00e8te), \u00e0 la Fondation d&rsquo;entreprise Ricard (Paris), au FRAC Limousin-Artoth\u00e8que (Limoges) et au Frac Nouvelle-Aquitaine M\u00c9CA (Bordeaux), o\u00f9 elle pr\u00e9sente une grande r\u00e9trospective jusqu&rsquo;en ao\u00fbt 2022. En 2021, Nina Childress a \u00e9t\u00e9 nomm\u00e9e Chevalier de la L\u00e9gion d&rsquo;honneur pour sa carri\u00e8re artistique.<\/p>\n<p>\u00a0<\/p>\n<p>\u00a0<\/p>\n<p><strong>About the exhibition :\u00a0<\/strong><\/p>\n<p>\u00a0<\/p>\n<p>Les \u0153uvres tr\u00e8s expressives et \u00e9tonnamment color\u00e9es expos\u00e9es explorent la nature de la c\u00e9l\u00e9brit\u00e9, la nostalgie et la relation souvent difficile entre la jeunesse et la beaut\u00e9, en particulier lorsqu&rsquo;il s&rsquo;agit de femmes connues pour leur image ou leur impact dans la culture pop. Certains des visages qui ornent les murs de la galerie sont facilement reconnaissables, d&rsquo;autres sont moins \u00e9vidents et posent donc la question : Qui est cette fille ? Childress a toujours \u00e9t\u00e9 attir\u00e9e par les visages. C&rsquo;est particuli\u00e8rement vrai en ce moment dans le contexte de la pand\u00e9mie, une \u00e9poque d\u00e9finie par le port de masques obscurcissant les traits. Les visages repr\u00e9sent\u00e9s dans cette exposition sont ceux de c\u00e9l\u00e9brit\u00e9s des ann\u00e9es 1970, peut-\u00eatre inconnues de beaucoup aujourd&rsquo;hui, mais embl\u00e9matiques pour Childress dans sa jeunesse. Choisies non pas pour leur c\u00e9l\u00e9brit\u00e9, ou peut-\u00eatre leur absence de c\u00e9l\u00e9brit\u00e9, mais plut\u00f4t pour leurs expressions et les humeurs qu&rsquo;elles suscitent, les \u0153uvres de Childress nous ram\u00e8ne instantan\u00e9ment \u00e0 une autre \u00e9poque, d\u00e9bordant de sentiments de nostalgie chaleureuse pour ces visages maintenant alt\u00e9r\u00e9s par l&rsquo;in\u00e9vitable passage du temps ou peut-\u00eatre par une intervention chirurgicale.<\/p>\n<p>\u00a0<\/p>\n<p>\u00a0<\/p>\n<p><strong>About the gallery :\u00a0<\/strong><\/p>\n<p><a href=\"https:\/\/nathaliekarg.com\/\">La galerie Nathalie Karg <\/a>pr\u00e9sente un programme international inclusif qui met en avant des artistes \u00e9mergents et en milieu de carri\u00e8re aux int\u00e9r\u00eats esth\u00e9tiques divers, refl\u00e9tant la mission de la galerie de penser au-del\u00e0 du m\u00e9dium.<\/p>\n","protected":false},"featured_media":58678,"menu_order":0,"template":"","app_discipline":[265],"app_city_tax":[264],"app_event_type":[290],"class_list":["post-63542","app_event","type-app_event","status-publish","has-post-thumbnail","hentry","app_discipline-arts-visuels-fr","app_city_tax-nyc-fr","app_event_type-exposition-fr"],"acf":[],"yoast_head":"<!-- This site is optimized with the Yoast SEO plugin v27.3 - https:\/\/yoast.com\/product\/yoast-seo-wordpress\/ -->\n<title>Premi\u00e8re exposition monographique de Nina Childress aux Etats-Unis ! - Villa Albertine<\/title>\n<meta name=\"robots\" content=\"index, follow, max-snippet:-1, max-image-preview:large, max-video-preview:-1\" \/>\n<link rel=\"canonical\" href=\"https:\/\/villa-albertine.org\/va\/fr\/events\/nina-childress-first-solo-show-nathalie-karg-gallery\/\" \/>\n<meta property=\"og:locale\" content=\"fr_FR\" \/>\n<meta property=\"og:type\" content=\"article\" \/>\n<meta property=\"og:title\" content=\"Premi\u00e8re exposition monographique de Nina Childress aux Etats-Unis ! - Villa Albertine\" \/>\n<meta property=\"og:description\" content=\"About Nina Childress :\u00a0 \u00a0 Nina Childress (n\u00e9e en 1961 \u00e0 Pasadena, CA) est l&rsquo;un des peintres fran\u00e7ais les plus connues et les plus c\u00e9l\u00e8bres de sa g\u00e9n\u00e9ration, mais avant Nina Childress, il y avait Nina Kuss, \u00e9g\u00e9rie du groupe punk fran\u00e7ais Lucrate Milk. De 1985 \u00e0 1989, elle a rejoint le collectif d&rsquo;artistes de...\" \/>\n<meta property=\"og:url\" content=\"https:\/\/villa-albertine.org\/va\/fr\/events\/nina-childress-first-solo-show-nathalie-karg-gallery\/\" \/>\n<meta property=\"og:site_name\" content=\"Villa Albertine\" \/>\n<meta property=\"article:modified_time\" content=\"2023-08-23T08:10:42+00:00\" \/>\n<meta property=\"og:image\" content=\"https:\/\/villa-albertine.org\/wp-content\/uploads\/2023\/08\/Australiens2028inversC3A9s29205BCHNI10955D2C202021.jpg\" \/>\n\t<meta property=\"og:image:width\" content=\"1392\" \/>\n\t<meta property=\"og:image:height\" content=\"1392\" \/>\n\t<meta property=\"og:image:type\" content=\"image\/jpeg\" \/>\n<meta name=\"twitter:card\" content=\"summary_large_image\" \/>\n<meta name=\"twitter:label1\" content=\"Dur\u00e9e de lecture estim\u00e9e\" \/>\n\t<meta name=\"twitter:data1\" content=\"2 minutes\" \/>\n<script type=\"application\/ld+json\" class=\"yoast-schema-graph\">{\"@context\":\"https:\\\/\\\/schema.org\",\"@graph\":[{\"@type\":\"WebPage\",\"@id\":\"https:\\\/\\\/villa-albertine.org\\\/va\\\/fr\\\/events\\\/nina-childress-first-solo-show-nathalie-karg-gallery\\\/\",\"url\":\"https:\\\/\\\/villa-albertine.org\\\/va\\\/fr\\\/events\\\/nina-childress-first-solo-show-nathalie-karg-gallery\\\/\",\"name\":\"Premi\u00e8re exposition monographique de Nina Childress aux Etats-Unis ! - Villa Albertine\",\"isPartOf\":{\"@id\":\"https:\\\/\\\/villa-albertine.org\\\/va\\\/fr\\\/#website\"},\"primaryImageOfPage\":{\"@id\":\"https:\\\/\\\/villa-albertine.org\\\/va\\\/fr\\\/events\\\/nina-childress-first-solo-show-nathalie-karg-gallery\\\/#primaryimage\"},\"image\":{\"@id\":\"https:\\\/\\\/villa-albertine.org\\\/va\\\/fr\\\/events\\\/nina-childress-first-solo-show-nathalie-karg-gallery\\\/#primaryimage\"},\"thumbnailUrl\":\"https:\\\/\\\/villa-albertine.org\\\/wp-content\\\/uploads\\\/2023\\\/08\\\/Australiens2028inversC3A9s29205BCHNI10955D2C202021.jpg\",\"datePublished\":\"2022-01-31T21:38:09+00:00\",\"dateModified\":\"2023-08-23T08:10:42+00:00\",\"breadcrumb\":{\"@id\":\"https:\\\/\\\/villa-albertine.org\\\/va\\\/fr\\\/events\\\/nina-childress-first-solo-show-nathalie-karg-gallery\\\/#breadcrumb\"},\"inLanguage\":\"fr-FR\",\"potentialAction\":[{\"@type\":\"ReadAction\",\"target\":[\"https:\\\/\\\/villa-albertine.org\\\/va\\\/fr\\\/events\\\/nina-childress-first-solo-show-nathalie-karg-gallery\\\/\"]}]},{\"@type\":\"ImageObject\",\"inLanguage\":\"fr-FR\",\"@id\":\"https:\\\/\\\/villa-albertine.org\\\/va\\\/fr\\\/events\\\/nina-childress-first-solo-show-nathalie-karg-gallery\\\/#primaryimage\",\"url\":\"https:\\\/\\\/villa-albertine.org\\\/wp-content\\\/uploads\\\/2023\\\/08\\\/Australiens2028inversC3A9s29205BCHNI10955D2C202021.jpg\",\"contentUrl\":\"https:\\\/\\\/villa-albertine.org\\\/wp-content\\\/uploads\\\/2023\\\/08\\\/Australiens2028inversC3A9s29205BCHNI10955D2C202021.jpg\",\"width\":1392,\"height\":1392},{\"@type\":\"BreadcrumbList\",\"@id\":\"https:\\\/\\\/villa-albertine.org\\\/va\\\/fr\\\/events\\\/nina-childress-first-solo-show-nathalie-karg-gallery\\\/#breadcrumb\",\"itemListElement\":[{\"@type\":\"ListItem\",\"position\":1,\"name\":\"Home\",\"item\":\"https:\\\/\\\/villa-albertine.org\\\/va\\\/fr\\\/home\\\/\"},{\"@type\":\"ListItem\",\"position\":2,\"name\":\"Premi\u00e8re exposition monographique de Nina Childress aux Etats-Unis !\"}]},{\"@type\":\"WebSite\",\"@id\":\"https:\\\/\\\/villa-albertine.org\\\/va\\\/fr\\\/#website\",\"url\":\"https:\\\/\\\/villa-albertine.org\\\/va\\\/fr\\\/\",\"name\":\"Villa Albertine\",\"description\":\"\",\"potentialAction\":[{\"@type\":\"SearchAction\",\"target\":{\"@type\":\"EntryPoint\",\"urlTemplate\":\"https:\\\/\\\/villa-albertine.org\\\/va\\\/fr\\\/?s={search_term_string}\"},\"query-input\":{\"@type\":\"PropertyValueSpecification\",\"valueRequired\":true,\"valueName\":\"search_term_string\"}}],\"inLanguage\":\"fr-FR\"}]}<\/script>\n<!-- \/ Yoast SEO plugin. -->","yoast_head_json":{"title":"Premi\u00e8re exposition monographique de Nina Childress aux Etats-Unis ! - Villa Albertine","robots":{"index":"index","follow":"follow","max-snippet":"max-snippet:-1","max-image-preview":"max-image-preview:large","max-video-preview":"max-video-preview:-1"},"canonical":"https:\/\/villa-albertine.org\/va\/fr\/events\/nina-childress-first-solo-show-nathalie-karg-gallery\/","og_locale":"fr_FR","og_type":"article","og_title":"Premi\u00e8re exposition monographique de Nina Childress aux Etats-Unis ! - Villa Albertine","og_description":"About Nina Childress :\u00a0 \u00a0 Nina Childress (n\u00e9e en 1961 \u00e0 Pasadena, CA) est l&rsquo;un des peintres fran\u00e7ais les plus connues et les plus c\u00e9l\u00e8bres de sa g\u00e9n\u00e9ration, mais avant Nina Childress, il y avait Nina Kuss, \u00e9g\u00e9rie du groupe punk fran\u00e7ais Lucrate Milk. De 1985 \u00e0 1989, elle a rejoint le collectif d&rsquo;artistes de...","og_url":"https:\/\/villa-albertine.org\/va\/fr\/events\/nina-childress-first-solo-show-nathalie-karg-gallery\/","og_site_name":"Villa Albertine","article_modified_time":"2023-08-23T08:10:42+00:00","og_image":[{"width":1392,"height":1392,"url":"https:\/\/villa-albertine.org\/wp-content\/uploads\/2023\/08\/Australiens2028inversC3A9s29205BCHNI10955D2C202021.jpg","type":"image\/jpeg"}],"twitter_card":"summary_large_image","twitter_misc":{"Dur\u00e9e de lecture estim\u00e9e":"2 minutes"},"schema":{"@context":"https:\/\/schema.org","@graph":[{"@type":"WebPage","@id":"https:\/\/villa-albertine.org\/va\/fr\/events\/nina-childress-first-solo-show-nathalie-karg-gallery\/","url":"https:\/\/villa-albertine.org\/va\/fr\/events\/nina-childress-first-solo-show-nathalie-karg-gallery\/","name":"Premi\u00e8re exposition monographique de Nina Childress aux Etats-Unis ! - Villa Albertine","isPartOf":{"@id":"https:\/\/villa-albertine.org\/va\/fr\/#website"},"primaryImageOfPage":{"@id":"https:\/\/villa-albertine.org\/va\/fr\/events\/nina-childress-first-solo-show-nathalie-karg-gallery\/#primaryimage"},"image":{"@id":"https:\/\/villa-albertine.org\/va\/fr\/events\/nina-childress-first-solo-show-nathalie-karg-gallery\/#primaryimage"},"thumbnailUrl":"https:\/\/villa-albertine.org\/wp-content\/uploads\/2023\/08\/Australiens2028inversC3A9s29205BCHNI10955D2C202021.jpg","datePublished":"2022-01-31T21:38:09+00:00","dateModified":"2023-08-23T08:10:42+00:00","breadcrumb":{"@id":"https:\/\/villa-albertine.org\/va\/fr\/events\/nina-childress-first-solo-show-nathalie-karg-gallery\/#breadcrumb"},"inLanguage":"fr-FR","potentialAction":[{"@type":"ReadAction","target":["https:\/\/villa-albertine.org\/va\/fr\/events\/nina-childress-first-solo-show-nathalie-karg-gallery\/"]}]},{"@type":"ImageObject","inLanguage":"fr-FR","@id":"https:\/\/villa-albertine.org\/va\/fr\/events\/nina-childress-first-solo-show-nathalie-karg-gallery\/#primaryimage","url":"https:\/\/villa-albertine.org\/wp-content\/uploads\/2023\/08\/Australiens2028inversC3A9s29205BCHNI10955D2C202021.jpg","contentUrl":"https:\/\/villa-albertine.org\/wp-content\/uploads\/2023\/08\/Australiens2028inversC3A9s29205BCHNI10955D2C202021.jpg","width":1392,"height":1392},{"@type":"BreadcrumbList","@id":"https:\/\/villa-albertine.org\/va\/fr\/events\/nina-childress-first-solo-show-nathalie-karg-gallery\/#breadcrumb","itemListElement":[{"@type":"ListItem","position":1,"name":"Home","item":"https:\/\/villa-albertine.org\/va\/fr\/home\/"},{"@type":"ListItem","position":2,"name":"Premi\u00e8re exposition monographique de Nina Childress aux Etats-Unis !"}]},{"@type":"WebSite","@id":"https:\/\/villa-albertine.org\/va\/fr\/#website","url":"https:\/\/villa-albertine.org\/va\/fr\/","name":"Villa Albertine","description":"","potentialAction":[{"@type":"SearchAction","target":{"@type":"EntryPoint","urlTemplate":"https:\/\/villa-albertine.org\/va\/fr\/?s={search_term_string}"},"query-input":{"@type":"PropertyValueSpecification","valueRequired":true,"valueName":"search_term_string"}}],"inLanguage":"fr-FR"}]}},"_links":{"self":[{"href":"https:\/\/villa-albertine.org\/va\/fr\/wp-json\/wp\/v2\/app_event\/63542","targetHints":{"allow":["GET"]}}],"collection":[{"href":"https:\/\/villa-albertine.org\/va\/fr\/wp-json\/wp\/v2\/app_event"}],"about":[{"href":"https:\/\/villa-albertine.org\/va\/fr\/wp-json\/wp\/v2\/types\/app_event"}],"wp:featuredmedia":[{"embeddable":true,"href":"https:\/\/villa-albertine.org\/va\/fr\/wp-json\/wp\/v2\/media\/58678"}],"wp:attachment":[{"href":"https:\/\/villa-albertine.org\/va\/fr\/wp-json\/wp\/v2\/media?parent=63542"}],"wp:term":[{"taxonomy":"app_discipline","embeddable":true,"href":"https:\/\/villa-albertine.org\/va\/fr\/wp-json\/wp\/v2\/app_discipline?post=63542"},{"taxonomy":"app_city_tax","embeddable":true,"href":"https:\/\/villa-albertine.org\/va\/fr\/wp-json\/wp\/v2\/app_city_tax?post=63542"},{"taxonomy":"app_event_type","embeddable":true,"href":"https:\/\/villa-albertine.org\/va\/fr\/wp-json\/wp\/v2\/app_event_type?post=63542"}],"curies":[{"name":"wp","href":"https:\/\/api.w.org\/{rel}","templated":true}]}}