{"id":63517,"date":"2021-11-04T16:48:42","date_gmt":"2021-11-04T16:48:42","guid":{"rendered":"https:\/\/villa-albertine.org\/events\/les-lumieres-urban-buffet-2\/"},"modified":"2023-08-23T08:10:40","modified_gmt":"2023-08-23T08:10:40","slug":"les-lumieres-urban-buffet","status":"publish","type":"app_event","link":"https:\/\/villa-albertine.org\/va\/fr\/events\/les-lumieres-urban-buffet\/","title":{"rendered":"Les Lumi\u00e8res: Urban Buffet"},"content":{"rendered":"<p>Cet espace disponible annonce tous les panneaux publicitaires inutilis\u00e9s, d\u00e9labr\u00e9s ou disparus, alors que la r\u00e9volution technologique conduit \u00e0 de nouveaux moyens de communication. En r\u00e9f\u00e9rence au \u00ab\u00a0Si\u00e8cle des Lumi\u00e8res\u00a0\u00bb, la sculpture ouvre la voie \u00e0 une vision audacieuse : et si les panneaux d&rsquo;affichage disponibles dans la ville avaient une seconde vie pour cr\u00e9er une pr\u00e9sence artistique plus dense, rendant la parole cr\u00e9ative plus accessible aux quartiers de la ville ?<\/p>\n<p>Lors de la soir\u00e9e d&rsquo;ouverture, le 7 octobre, Philippe Stanfield-Pinel parlera de ce projet et des enjeux de l&rsquo;\u00e9clairage des villes. L&rsquo;objectif est \u00e9galement de cr\u00e9er un dialogue entre le d\u00e9bat public men\u00e9 \u00e0 Paris sur l&rsquo;am\u00e9nagement urbain et l&rsquo;esth\u00e9tique contemporaine, et le souhait de la ville de Chicago de commander dix \u0153uvres pour l&rsquo;espace public.<\/p>\n<p>Bien que la soir\u00e9e d&rsquo;ouverture et le panel soient pass\u00e9s, nous vous encourageons vivement \u00e0 aller voir la cr\u00e9ation artistique qui est expos\u00e9e sur le toit de l&rsquo;Alliance Fran\u00e7aise \u00e0 Chicago !\u00a0<\/p>\n<p>Cette conf\u00e9rence sera la premi\u00e8re de notre s\u00e9rie 2021 City\/Cit\u00e9 organis\u00e9e pendant la Biennale d&rsquo;architecture de Chicago par les services culturels de l&rsquo;Ambassade de France, le Great Cities Institute (Universit\u00e9 de l&rsquo;Illinois \u00e0 Chicago) et l&rsquo;Alliance fran\u00e7aise de Chicago.<\/p>\n<p>Un grand merci \u00e0 Phillipe Stanfield-Pinel et Nedir Benkhelfia de BOA Light Studio pour leur travail et leur contribution \u00e0 ce projet.<\/p>\n<p>City\/Cit\u00e9 est le cinqui\u00e8me \u00e9v\u00e9nement de la s\u00e9rie \u00ab\u00a0City\/Cit\u00e9 : A Transatlantic Exchange\u00a0\u00bb, lanc\u00e9e par les services culturels de l&rsquo;Ambassade de France \u00e0 Chicago en 2015 avec le soutien de l&rsquo;Institut Fran\u00e7ais \u00e0 Paris en collaboration avec des partenaires en France et dans le Midwest.<\/p>\n<p>The Available City, l&rsquo;\u00e9dition 2021 de la Biennale d&rsquo;architecture de Chicago, est un cadre pour une approche de conception collaborative, dirig\u00e9e par la communaut\u00e9, qui pr\u00e9sente des possibilit\u00e9s de transformation pour les espaces urbains vacants qui sont cr\u00e9\u00e9s avec et pour les r\u00e9sidents locaux.\u00a0&#8211;Biennale d&rsquo;architecture de Chicago<\/p>\n<p>\u00a0<\/p>\n","protected":false},"featured_media":58523,"menu_order":0,"template":"","app_discipline":[277],"app_city_tax":[271],"app_event_type":[290],"class_list":["post-63517","app_event","type-app_event","status-publish","has-post-thumbnail","hentry","app_discipline-architecture-fr","app_city_tax-chi-fr","app_event_type-exposition-fr"],"acf":[],"yoast_head":"<!-- This site is optimized with the Yoast SEO plugin v27.3 - https:\/\/yoast.com\/product\/yoast-seo-wordpress\/ -->\n<title>Les Lumi\u00e8res: Urban Buffet - Villa Albertine<\/title>\n<meta name=\"robots\" content=\"index, follow, max-snippet:-1, max-image-preview:large, max-video-preview:-1\" \/>\n<link rel=\"canonical\" href=\"https:\/\/villa-albertine.org\/va\/fr\/events\/les-lumieres-urban-buffet\/\" \/>\n<meta property=\"og:locale\" content=\"fr_FR\" \/>\n<meta property=\"og:type\" content=\"article\" \/>\n<meta property=\"og:title\" content=\"Les Lumi\u00e8res: Urban Buffet - Villa Albertine\" \/>\n<meta property=\"og:description\" content=\"Cet espace disponible annonce tous les panneaux publicitaires inutilis\u00e9s, d\u00e9labr\u00e9s ou disparus, alors que la r\u00e9volution technologique conduit \u00e0 de nouveaux moyens de communication. En r\u00e9f\u00e9rence au \u00ab\u00a0Si\u00e8cle des Lumi\u00e8res\u00a0\u00bb, la sculpture ouvre la voie \u00e0 une vision audacieuse : et si les panneaux d&rsquo;affichage disponibles dans la ville avaient une seconde vie pour cr\u00e9er...\" \/>\n<meta property=\"og:url\" content=\"https:\/\/villa-albertine.org\/va\/fr\/events\/les-lumieres-urban-buffet\/\" \/>\n<meta property=\"og:site_name\" content=\"Villa Albertine\" \/>\n<meta property=\"article:modified_time\" content=\"2023-08-23T08:10:40+00:00\" \/>\n<meta property=\"og:image\" content=\"https:\/\/villa-albertine.org\/wp-content\/uploads\/2023\/08\/les_lumieres_af_chicago_stanfield-pinel.jpg\" \/>\n\t<meta property=\"og:image:width\" content=\"970\" \/>\n\t<meta property=\"og:image:height\" content=\"647\" \/>\n\t<meta property=\"og:image:type\" content=\"image\/jpeg\" \/>\n<meta name=\"twitter:card\" content=\"summary_large_image\" \/>\n<meta name=\"twitter:label1\" content=\"Dur\u00e9e de lecture estim\u00e9e\" \/>\n\t<meta name=\"twitter:data1\" content=\"2 minutes\" \/>\n<script type=\"application\/ld+json\" class=\"yoast-schema-graph\">{\"@context\":\"https:\\\/\\\/schema.org\",\"@graph\":[{\"@type\":\"WebPage\",\"@id\":\"https:\\\/\\\/villa-albertine.org\\\/va\\\/fr\\\/events\\\/les-lumieres-urban-buffet\\\/\",\"url\":\"https:\\\/\\\/villa-albertine.org\\\/va\\\/fr\\\/events\\\/les-lumieres-urban-buffet\\\/\",\"name\":\"Les Lumi\u00e8res: Urban Buffet - Villa Albertine\",\"isPartOf\":{\"@id\":\"https:\\\/\\\/villa-albertine.org\\\/va\\\/fr\\\/#website\"},\"primaryImageOfPage\":{\"@id\":\"https:\\\/\\\/villa-albertine.org\\\/va\\\/fr\\\/events\\\/les-lumieres-urban-buffet\\\/#primaryimage\"},\"image\":{\"@id\":\"https:\\\/\\\/villa-albertine.org\\\/va\\\/fr\\\/events\\\/les-lumieres-urban-buffet\\\/#primaryimage\"},\"thumbnailUrl\":\"https:\\\/\\\/villa-albertine.org\\\/wp-content\\\/uploads\\\/2023\\\/08\\\/les_lumieres_af_chicago_stanfield-pinel.jpg\",\"datePublished\":\"2021-11-04T16:48:42+00:00\",\"dateModified\":\"2023-08-23T08:10:40+00:00\",\"breadcrumb\":{\"@id\":\"https:\\\/\\\/villa-albertine.org\\\/va\\\/fr\\\/events\\\/les-lumieres-urban-buffet\\\/#breadcrumb\"},\"inLanguage\":\"fr-FR\",\"potentialAction\":[{\"@type\":\"ReadAction\",\"target\":[\"https:\\\/\\\/villa-albertine.org\\\/va\\\/fr\\\/events\\\/les-lumieres-urban-buffet\\\/\"]}]},{\"@type\":\"ImageObject\",\"inLanguage\":\"fr-FR\",\"@id\":\"https:\\\/\\\/villa-albertine.org\\\/va\\\/fr\\\/events\\\/les-lumieres-urban-buffet\\\/#primaryimage\",\"url\":\"https:\\\/\\\/villa-albertine.org\\\/wp-content\\\/uploads\\\/2023\\\/08\\\/les_lumieres_af_chicago_stanfield-pinel.jpg\",\"contentUrl\":\"https:\\\/\\\/villa-albertine.org\\\/wp-content\\\/uploads\\\/2023\\\/08\\\/les_lumieres_af_chicago_stanfield-pinel.jpg\",\"width\":970,\"height\":647},{\"@type\":\"BreadcrumbList\",\"@id\":\"https:\\\/\\\/villa-albertine.org\\\/va\\\/fr\\\/events\\\/les-lumieres-urban-buffet\\\/#breadcrumb\",\"itemListElement\":[{\"@type\":\"ListItem\",\"position\":1,\"name\":\"Home\",\"item\":\"https:\\\/\\\/villa-albertine.org\\\/va\\\/fr\\\/home\\\/\"},{\"@type\":\"ListItem\",\"position\":2,\"name\":\"Les Lumi\u00e8res: Urban Buffet\"}]},{\"@type\":\"WebSite\",\"@id\":\"https:\\\/\\\/villa-albertine.org\\\/va\\\/fr\\\/#website\",\"url\":\"https:\\\/\\\/villa-albertine.org\\\/va\\\/fr\\\/\",\"name\":\"Villa Albertine\",\"description\":\"\",\"potentialAction\":[{\"@type\":\"SearchAction\",\"target\":{\"@type\":\"EntryPoint\",\"urlTemplate\":\"https:\\\/\\\/villa-albertine.org\\\/va\\\/fr\\\/?s={search_term_string}\"},\"query-input\":{\"@type\":\"PropertyValueSpecification\",\"valueRequired\":true,\"valueName\":\"search_term_string\"}}],\"inLanguage\":\"fr-FR\"}]}<\/script>\n<!-- \/ Yoast SEO plugin. -->","yoast_head_json":{"title":"Les Lumi\u00e8res: Urban Buffet - Villa Albertine","robots":{"index":"index","follow":"follow","max-snippet":"max-snippet:-1","max-image-preview":"max-image-preview:large","max-video-preview":"max-video-preview:-1"},"canonical":"https:\/\/villa-albertine.org\/va\/fr\/events\/les-lumieres-urban-buffet\/","og_locale":"fr_FR","og_type":"article","og_title":"Les Lumi\u00e8res: Urban Buffet - Villa Albertine","og_description":"Cet espace disponible annonce tous les panneaux publicitaires inutilis\u00e9s, d\u00e9labr\u00e9s ou disparus, alors que la r\u00e9volution technologique conduit \u00e0 de nouveaux moyens de communication. En r\u00e9f\u00e9rence au \u00ab\u00a0Si\u00e8cle des Lumi\u00e8res\u00a0\u00bb, la sculpture ouvre la voie \u00e0 une vision audacieuse : et si les panneaux d&rsquo;affichage disponibles dans la ville avaient une seconde vie pour cr\u00e9er...","og_url":"https:\/\/villa-albertine.org\/va\/fr\/events\/les-lumieres-urban-buffet\/","og_site_name":"Villa Albertine","article_modified_time":"2023-08-23T08:10:40+00:00","og_image":[{"width":970,"height":647,"url":"https:\/\/villa-albertine.org\/wp-content\/uploads\/2023\/08\/les_lumieres_af_chicago_stanfield-pinel.jpg","type":"image\/jpeg"}],"twitter_card":"summary_large_image","twitter_misc":{"Dur\u00e9e de lecture estim\u00e9e":"2 minutes"},"schema":{"@context":"https:\/\/schema.org","@graph":[{"@type":"WebPage","@id":"https:\/\/villa-albertine.org\/va\/fr\/events\/les-lumieres-urban-buffet\/","url":"https:\/\/villa-albertine.org\/va\/fr\/events\/les-lumieres-urban-buffet\/","name":"Les Lumi\u00e8res: Urban Buffet - Villa Albertine","isPartOf":{"@id":"https:\/\/villa-albertine.org\/va\/fr\/#website"},"primaryImageOfPage":{"@id":"https:\/\/villa-albertine.org\/va\/fr\/events\/les-lumieres-urban-buffet\/#primaryimage"},"image":{"@id":"https:\/\/villa-albertine.org\/va\/fr\/events\/les-lumieres-urban-buffet\/#primaryimage"},"thumbnailUrl":"https:\/\/villa-albertine.org\/wp-content\/uploads\/2023\/08\/les_lumieres_af_chicago_stanfield-pinel.jpg","datePublished":"2021-11-04T16:48:42+00:00","dateModified":"2023-08-23T08:10:40+00:00","breadcrumb":{"@id":"https:\/\/villa-albertine.org\/va\/fr\/events\/les-lumieres-urban-buffet\/#breadcrumb"},"inLanguage":"fr-FR","potentialAction":[{"@type":"ReadAction","target":["https:\/\/villa-albertine.org\/va\/fr\/events\/les-lumieres-urban-buffet\/"]}]},{"@type":"ImageObject","inLanguage":"fr-FR","@id":"https:\/\/villa-albertine.org\/va\/fr\/events\/les-lumieres-urban-buffet\/#primaryimage","url":"https:\/\/villa-albertine.org\/wp-content\/uploads\/2023\/08\/les_lumieres_af_chicago_stanfield-pinel.jpg","contentUrl":"https:\/\/villa-albertine.org\/wp-content\/uploads\/2023\/08\/les_lumieres_af_chicago_stanfield-pinel.jpg","width":970,"height":647},{"@type":"BreadcrumbList","@id":"https:\/\/villa-albertine.org\/va\/fr\/events\/les-lumieres-urban-buffet\/#breadcrumb","itemListElement":[{"@type":"ListItem","position":1,"name":"Home","item":"https:\/\/villa-albertine.org\/va\/fr\/home\/"},{"@type":"ListItem","position":2,"name":"Les Lumi\u00e8res: Urban Buffet"}]},{"@type":"WebSite","@id":"https:\/\/villa-albertine.org\/va\/fr\/#website","url":"https:\/\/villa-albertine.org\/va\/fr\/","name":"Villa Albertine","description":"","potentialAction":[{"@type":"SearchAction","target":{"@type":"EntryPoint","urlTemplate":"https:\/\/villa-albertine.org\/va\/fr\/?s={search_term_string}"},"query-input":{"@type":"PropertyValueSpecification","valueRequired":true,"valueName":"search_term_string"}}],"inLanguage":"fr-FR"}]}},"_links":{"self":[{"href":"https:\/\/villa-albertine.org\/va\/fr\/wp-json\/wp\/v2\/app_event\/63517","targetHints":{"allow":["GET"]}}],"collection":[{"href":"https:\/\/villa-albertine.org\/va\/fr\/wp-json\/wp\/v2\/app_event"}],"about":[{"href":"https:\/\/villa-albertine.org\/va\/fr\/wp-json\/wp\/v2\/types\/app_event"}],"wp:featuredmedia":[{"embeddable":true,"href":"https:\/\/villa-albertine.org\/va\/fr\/wp-json\/wp\/v2\/media\/58523"}],"wp:attachment":[{"href":"https:\/\/villa-albertine.org\/va\/fr\/wp-json\/wp\/v2\/media?parent=63517"}],"wp:term":[{"taxonomy":"app_discipline","embeddable":true,"href":"https:\/\/villa-albertine.org\/va\/fr\/wp-json\/wp\/v2\/app_discipline?post=63517"},{"taxonomy":"app_city_tax","embeddable":true,"href":"https:\/\/villa-albertine.org\/va\/fr\/wp-json\/wp\/v2\/app_city_tax?post=63517"},{"taxonomy":"app_event_type","embeddable":true,"href":"https:\/\/villa-albertine.org\/va\/fr\/wp-json\/wp\/v2\/app_event_type?post=63517"}],"curies":[{"name":"wp","href":"https:\/\/api.w.org\/{rel}","templated":true}]}}