{"id":63514,"date":"2021-11-15T18:27:51","date_gmt":"2021-11-15T18:27:51","guid":{"rendered":"https:\/\/villa-albertine.org\/events\/retour-sur-terre\/"},"modified":"2023-08-23T08:08:21","modified_gmt":"2023-08-23T08:08:21","slug":"retour-sur-terre","status":"publish","type":"app_event","link":"https:\/\/villa-albertine.org\/va\/fr\/events\/retour-sur-terre\/","title":{"rendered":"Retour sur Terre"},"content":{"rendered":"<p>\u00ab Supposons qu\u2019il nous reste dix ann\u00e9es pour enfin affronter le monde tel qu\u2019il est devenu, \u00e0 savoir de moins en moins favorable \u00e0 nos existences, et \u00e0 celles des autres \u00eatres vivants. Dix ans pour un virage politique tr\u00e8s serr\u00e9. Dix ans pour nous d\u00e9barrasser de nos lubies productivistes et consum\u00e9ristes. Dix ans pour apprendre \u00e0 r\u00e9g\u00e9n\u00e9rer une nature en voie de destruction acc\u00e9l\u00e9r\u00e9e. Dix ans pour resserrer nos in\u00e9galit\u00e9s, tout en redonnant sens \u00e0 nos existences. Dix ans, enfin, pour commencer \u00e0 b\u00e2tir une civilisation nouvelle. \u00bb\u00a0<\/p>\n<p>Le philosophe Dominique Bourg, sp\u00e9cialiste des questions environnementales, en collaboration avec six chercheurs propose une s\u00e9rie de mesures \u00e9conomiques et institutionnelles pour un \u00ab Retour sur Terre \u00bb.\u00a0<\/p>\n<p><u><strong>Notice bio-bibliographique<\/strong><\/u><\/p>\n<p>Dominique Bourg est professeur honoraire \u00e0 l&rsquo;universit\u00e9 de Lausanne et philosophe sp\u00e9cialiste des questions environnementales. Il a pr\u00e9sid\u00e9 jusqu&rsquo;en d\u00e9cembre 2018 le conseil scientifique de la Fondation Nicolas-Hulot pour la nature et l&rsquo;homme.\u00a0Ses domaines de recherche concernent notamment l&rsquo;\u00e9thique du d\u00e9veloppement durable. Il a fait partie de la commission Coppens qui a pr\u00e9par\u00e9 la charte de l\u2019environnement.\u00a0\u00a0<\/p>\n<p>Auteur de plus de dix ouvrages, dont\u00a0Une Nouvelle Terre. Pour une autre relation au monde\u00a0(Descl\u00e9e De Brouwer, 2018) et\u00a0Le march\u00e9 contre l&rsquo;humanit\u00e9\u00a0(PUF, 2019), son livre le plus r\u00e9cent,\u00a0Retour sur Terre\u202f: 35 propositions\u00a0 (PUF, 2020),\u00a0pose les bases d\u2019un programme politique ambitieux pour une nouvelle \u00e8re.\u00a0<\/p>\n<p><u><strong>Pour participer<\/strong><\/u>\u00a0<\/p>\n<p>Webinaire ouvert au public. Veuillez-vous inscrire en utilisant le lien suivant:\u00a0<a href=\"https:\/\/go.iu.edu\/4avn\">https:\/\/go.iu.edu\/4avn<\/a>. La rencontre se d\u00e9roulera en fran\u00e7ais (une version sous-titr\u00e9e en anglais sera disponible ult\u00e9rieurement sur YouTube).\u00a0\u00a0<\/p>\n<p>Cet \u00e9v\u00e9nement est coparrain\u00e9 par le D\u00e9partement de Fran\u00e7ais et d\u2019Italien\u00a0et\u00a0le Centre d\u2019Excellence\u00a0de l\u2019Ambassade de France \u00e0\u00a0l\u2019Universit\u00e9 de l\u2019Indiana \u00e0 Bloomington\u00a0en partenariat avec la Villa Albertine et les\u00a0Presses Universitaires de France.\u00a0<\/p>\n<p>La conf\u00e9rence de Dominique Bourg s\u2019inscrit dans le cadre de la s\u00e9rie\u00a0\u00ab\u202fBridges to the Future: 100\u00a0Years\u00a0of French\u00a0Thought\u202f\u00bb\u00a0c\u00e9l\u00e9brant les penseurs exceptionnels contemporains publi\u00e9s aux Presses Universitaires de France. Tous les \u00e9v\u00e9nements ont lieu en ligne et en collaboration avec des universit\u00e9s am\u00e9ricaines prestigieuses.\u00a0<\/p>\n","protected":false},"featured_media":58548,"menu_order":0,"template":"","app_discipline":[282],"app_city_tax":[271],"app_event_type":[289],"class_list":["post-63514","app_event","type-app_event","status-publish","has-post-thumbnail","hentry","app_discipline-sciences-humaines-et-sociales-fr","app_city_tax-chi-fr","app_event_type-conference-fr"],"acf":[],"yoast_head":"<!-- This site is optimized with the Yoast SEO plugin v27.3 - https:\/\/yoast.com\/product\/yoast-seo-wordpress\/ -->\n<title>Retour sur Terre - Villa Albertine<\/title>\n<meta name=\"robots\" content=\"index, follow, max-snippet:-1, max-image-preview:large, max-video-preview:-1\" \/>\n<link rel=\"canonical\" href=\"https:\/\/villa-albertine.org\/va\/fr\/events\/retour-sur-terre\/\" \/>\n<meta property=\"og:locale\" content=\"fr_FR\" \/>\n<meta property=\"og:type\" content=\"article\" \/>\n<meta property=\"og:title\" content=\"Retour sur Terre - Villa Albertine\" \/>\n<meta property=\"og:description\" content=\"\u00ab Supposons qu\u2019il nous reste dix ann\u00e9es pour enfin affronter le monde tel qu\u2019il est devenu, \u00e0 savoir de moins en moins favorable \u00e0 nos existences, et \u00e0 celles des autres \u00eatres vivants. Dix ans pour un virage politique tr\u00e8s serr\u00e9. Dix ans pour nous d\u00e9barrasser de nos lubies productivistes et consum\u00e9ristes. Dix ans pour...\" \/>\n<meta property=\"og:url\" content=\"https:\/\/villa-albertine.org\/va\/fr\/events\/retour-sur-terre\/\" \/>\n<meta property=\"og:site_name\" content=\"Villa Albertine\" \/>\n<meta property=\"article:modified_time\" content=\"2023-08-23T08:08:21+00:00\" \/>\n<meta property=\"og:image\" content=\"https:\/\/villa-albertine.org\/wp-content\/uploads\/2023\/08\/domibourg.jpg\" \/>\n\t<meta property=\"og:image:width\" content=\"838\" \/>\n\t<meta property=\"og:image:height\" content=\"558\" \/>\n\t<meta property=\"og:image:type\" content=\"image\/jpeg\" \/>\n<meta name=\"twitter:card\" content=\"summary_large_image\" \/>\n<meta name=\"twitter:label1\" content=\"Dur\u00e9e de lecture estim\u00e9e\" \/>\n\t<meta name=\"twitter:data1\" content=\"2 minutes\" \/>\n<script type=\"application\/ld+json\" class=\"yoast-schema-graph\">{\"@context\":\"https:\\\/\\\/schema.org\",\"@graph\":[{\"@type\":\"WebPage\",\"@id\":\"https:\\\/\\\/villa-albertine.org\\\/va\\\/fr\\\/events\\\/retour-sur-terre\\\/\",\"url\":\"https:\\\/\\\/villa-albertine.org\\\/va\\\/fr\\\/events\\\/retour-sur-terre\\\/\",\"name\":\"Retour sur Terre - Villa Albertine\",\"isPartOf\":{\"@id\":\"https:\\\/\\\/villa-albertine.org\\\/va\\\/fr\\\/#website\"},\"primaryImageOfPage\":{\"@id\":\"https:\\\/\\\/villa-albertine.org\\\/va\\\/fr\\\/events\\\/retour-sur-terre\\\/#primaryimage\"},\"image\":{\"@id\":\"https:\\\/\\\/villa-albertine.org\\\/va\\\/fr\\\/events\\\/retour-sur-terre\\\/#primaryimage\"},\"thumbnailUrl\":\"https:\\\/\\\/villa-albertine.org\\\/wp-content\\\/uploads\\\/2023\\\/08\\\/domibourg.jpg\",\"datePublished\":\"2021-11-15T18:27:51+00:00\",\"dateModified\":\"2023-08-23T08:08:21+00:00\",\"breadcrumb\":{\"@id\":\"https:\\\/\\\/villa-albertine.org\\\/va\\\/fr\\\/events\\\/retour-sur-terre\\\/#breadcrumb\"},\"inLanguage\":\"fr-FR\",\"potentialAction\":[{\"@type\":\"ReadAction\",\"target\":[\"https:\\\/\\\/villa-albertine.org\\\/va\\\/fr\\\/events\\\/retour-sur-terre\\\/\"]}]},{\"@type\":\"ImageObject\",\"inLanguage\":\"fr-FR\",\"@id\":\"https:\\\/\\\/villa-albertine.org\\\/va\\\/fr\\\/events\\\/retour-sur-terre\\\/#primaryimage\",\"url\":\"https:\\\/\\\/villa-albertine.org\\\/wp-content\\\/uploads\\\/2023\\\/08\\\/domibourg.jpg\",\"contentUrl\":\"https:\\\/\\\/villa-albertine.org\\\/wp-content\\\/uploads\\\/2023\\\/08\\\/domibourg.jpg\",\"width\":838,\"height\":558},{\"@type\":\"BreadcrumbList\",\"@id\":\"https:\\\/\\\/villa-albertine.org\\\/va\\\/fr\\\/events\\\/retour-sur-terre\\\/#breadcrumb\",\"itemListElement\":[{\"@type\":\"ListItem\",\"position\":1,\"name\":\"Home\",\"item\":\"https:\\\/\\\/villa-albertine.org\\\/va\\\/fr\\\/home\\\/\"},{\"@type\":\"ListItem\",\"position\":2,\"name\":\"Retour sur Terre\"}]},{\"@type\":\"WebSite\",\"@id\":\"https:\\\/\\\/villa-albertine.org\\\/va\\\/fr\\\/#website\",\"url\":\"https:\\\/\\\/villa-albertine.org\\\/va\\\/fr\\\/\",\"name\":\"Villa Albertine\",\"description\":\"\",\"potentialAction\":[{\"@type\":\"SearchAction\",\"target\":{\"@type\":\"EntryPoint\",\"urlTemplate\":\"https:\\\/\\\/villa-albertine.org\\\/va\\\/fr\\\/?s={search_term_string}\"},\"query-input\":{\"@type\":\"PropertyValueSpecification\",\"valueRequired\":true,\"valueName\":\"search_term_string\"}}],\"inLanguage\":\"fr-FR\"}]}<\/script>\n<!-- \/ Yoast SEO plugin. -->","yoast_head_json":{"title":"Retour sur Terre - Villa Albertine","robots":{"index":"index","follow":"follow","max-snippet":"max-snippet:-1","max-image-preview":"max-image-preview:large","max-video-preview":"max-video-preview:-1"},"canonical":"https:\/\/villa-albertine.org\/va\/fr\/events\/retour-sur-terre\/","og_locale":"fr_FR","og_type":"article","og_title":"Retour sur Terre - Villa Albertine","og_description":"\u00ab Supposons qu\u2019il nous reste dix ann\u00e9es pour enfin affronter le monde tel qu\u2019il est devenu, \u00e0 savoir de moins en moins favorable \u00e0 nos existences, et \u00e0 celles des autres \u00eatres vivants. Dix ans pour un virage politique tr\u00e8s serr\u00e9. Dix ans pour nous d\u00e9barrasser de nos lubies productivistes et consum\u00e9ristes. Dix ans pour...","og_url":"https:\/\/villa-albertine.org\/va\/fr\/events\/retour-sur-terre\/","og_site_name":"Villa Albertine","article_modified_time":"2023-08-23T08:08:21+00:00","og_image":[{"width":838,"height":558,"url":"https:\/\/villa-albertine.org\/wp-content\/uploads\/2023\/08\/domibourg.jpg","type":"image\/jpeg"}],"twitter_card":"summary_large_image","twitter_misc":{"Dur\u00e9e de lecture estim\u00e9e":"2 minutes"},"schema":{"@context":"https:\/\/schema.org","@graph":[{"@type":"WebPage","@id":"https:\/\/villa-albertine.org\/va\/fr\/events\/retour-sur-terre\/","url":"https:\/\/villa-albertine.org\/va\/fr\/events\/retour-sur-terre\/","name":"Retour sur Terre - Villa Albertine","isPartOf":{"@id":"https:\/\/villa-albertine.org\/va\/fr\/#website"},"primaryImageOfPage":{"@id":"https:\/\/villa-albertine.org\/va\/fr\/events\/retour-sur-terre\/#primaryimage"},"image":{"@id":"https:\/\/villa-albertine.org\/va\/fr\/events\/retour-sur-terre\/#primaryimage"},"thumbnailUrl":"https:\/\/villa-albertine.org\/wp-content\/uploads\/2023\/08\/domibourg.jpg","datePublished":"2021-11-15T18:27:51+00:00","dateModified":"2023-08-23T08:08:21+00:00","breadcrumb":{"@id":"https:\/\/villa-albertine.org\/va\/fr\/events\/retour-sur-terre\/#breadcrumb"},"inLanguage":"fr-FR","potentialAction":[{"@type":"ReadAction","target":["https:\/\/villa-albertine.org\/va\/fr\/events\/retour-sur-terre\/"]}]},{"@type":"ImageObject","inLanguage":"fr-FR","@id":"https:\/\/villa-albertine.org\/va\/fr\/events\/retour-sur-terre\/#primaryimage","url":"https:\/\/villa-albertine.org\/wp-content\/uploads\/2023\/08\/domibourg.jpg","contentUrl":"https:\/\/villa-albertine.org\/wp-content\/uploads\/2023\/08\/domibourg.jpg","width":838,"height":558},{"@type":"BreadcrumbList","@id":"https:\/\/villa-albertine.org\/va\/fr\/events\/retour-sur-terre\/#breadcrumb","itemListElement":[{"@type":"ListItem","position":1,"name":"Home","item":"https:\/\/villa-albertine.org\/va\/fr\/home\/"},{"@type":"ListItem","position":2,"name":"Retour sur Terre"}]},{"@type":"WebSite","@id":"https:\/\/villa-albertine.org\/va\/fr\/#website","url":"https:\/\/villa-albertine.org\/va\/fr\/","name":"Villa Albertine","description":"","potentialAction":[{"@type":"SearchAction","target":{"@type":"EntryPoint","urlTemplate":"https:\/\/villa-albertine.org\/va\/fr\/?s={search_term_string}"},"query-input":{"@type":"PropertyValueSpecification","valueRequired":true,"valueName":"search_term_string"}}],"inLanguage":"fr-FR"}]}},"_links":{"self":[{"href":"https:\/\/villa-albertine.org\/va\/fr\/wp-json\/wp\/v2\/app_event\/63514","targetHints":{"allow":["GET"]}}],"collection":[{"href":"https:\/\/villa-albertine.org\/va\/fr\/wp-json\/wp\/v2\/app_event"}],"about":[{"href":"https:\/\/villa-albertine.org\/va\/fr\/wp-json\/wp\/v2\/types\/app_event"}],"wp:featuredmedia":[{"embeddable":true,"href":"https:\/\/villa-albertine.org\/va\/fr\/wp-json\/wp\/v2\/media\/58548"}],"wp:attachment":[{"href":"https:\/\/villa-albertine.org\/va\/fr\/wp-json\/wp\/v2\/media?parent=63514"}],"wp:term":[{"taxonomy":"app_discipline","embeddable":true,"href":"https:\/\/villa-albertine.org\/va\/fr\/wp-json\/wp\/v2\/app_discipline?post=63514"},{"taxonomy":"app_city_tax","embeddable":true,"href":"https:\/\/villa-albertine.org\/va\/fr\/wp-json\/wp\/v2\/app_city_tax?post=63514"},{"taxonomy":"app_event_type","embeddable":true,"href":"https:\/\/villa-albertine.org\/va\/fr\/wp-json\/wp\/v2\/app_event_type?post=63514"}],"curies":[{"name":"wp","href":"https:\/\/api.w.org\/{rel}","templated":true}]}}