{"id":63507,"date":"2021-10-26T23:48:06","date_gmt":"2021-10-26T23:48:06","guid":{"rendered":"https:\/\/villa-albertine.org\/events\/film-across-borders-brazen-series-short-animated-films-2\/"},"modified":"2023-08-23T08:10:39","modified_gmt":"2023-08-23T08:10:39","slug":"film-across-borders-brazen-series-short-animated-films","status":"publish","type":"app_event","link":"https:\/\/villa-albertine.org\/va\/fr\/events\/film-across-borders-brazen-series-short-animated-films\/","title":{"rendered":"Film Across Borders: Brazen, a series of short animated films"},"content":{"rendered":"<p><em><strong>Brazen, series of 18 animated short films, directed by Mai Nguyen and Charlotte Cambon De La Valette, 45 min, 2020 + panel discussions\u00a0<\/strong><\/em><\/p>\n<p>The portraits of 18 women, each revolutionary in their own way.<\/p>\n<p>Brazen is a series adapted from the bestselling comic books Culott\u00e9es by P\u00e9n\u00e9lope Bagieu (Gallimard 2016), first published online on Le Monde.fr, which has since been translated into 19 languages in 27 countries with over 550 000 copies sold worldwide (France, Australia, Brazil, Belgium, Canada, China, Croatia, Denmark, Germany, Italy, Japan, Korea, Mexico, Netherlands, New-Zealand, Poland, Portugal, Russia, Slovenia, Spain, Sweden, Switzerland, Turkey, UK, USA). The portraits of 18 women, each revolutionary in their way. 18 women who wrote their destinies and changed the world! Lighthouse keeper, astronaut, empress, animal interpreter, crime miniaturist\u2026 whoever they were and wherever they came from, those Brazen ladies were out to tear down prejudice and bring energy and hope.<\/p>\n<p><strong>Before the screenings of the Films Across Borders movies at La Maison Fran\u00e7aise, we will be offering a short film shown in virtual reality between 6:00 and 7:00 pm<\/strong>! <strong>Lifeline by Victor Michelot<\/strong>\u00a0(<a href=\"https:\/\/culturevr.fr\/network\/wide\/\">WIDE VR<\/a>) tells the familiar story of the moment you fall in love. Our virtual reality equipment takes this narrative to another level, which we are so excited to add to our event.\u00a0<\/p>\n<p><em>LINEUP<\/em><\/p>\n<p>VR MOVIE LIFELINE starts at 6:00 pm\u00a0<\/p>\n<p><em>General presentation and moderation by Dr. Isabel Rivero-Vila,\u00a0Senior Professorial Lecturer in French, Department of World Languages and Cultures,\u00a0American University<\/em><\/p>\n<p>Part 1: Wu Zetian ; Margaret Hamilton ; Leymah Gbowee ; Naziq al-Abid ; Katia Krafft ; Tove Jansson ; Mae Jemison&rsquo;s short movies (15 minutes)\u00a0<\/p>\n<p><em>First panel discussion with Howard and American University students (15 minutes)<\/em><\/p>\n<p>Part 2:\u00a0Josephine Baker ; Lozen ; Cheryl Bridges ; Annette Kellerman ; Christine Jorgensen&rsquo;s&rsquo;s short movies (15 minutes)<\/p>\n<p><em>Second Panel discussion\u00a0with Howard and American University students (15 minutes)\u00a0<\/em><\/p>\n<p>Part 3:\u00a0Nzinga ; Frances Glessner Lee ; Phulan Devi ; Peggy Guggenheim ; Hedy Lamarr ; Delia Akeley&rsquo;s short movies (15 minutes)<\/p>\n<p><em>Third panel discussion with\u00a0Howard and American University students (15 minutes)<\/em><\/p>\n<p>\u00a0<\/p>\n<p>\u00a0<\/p>\n<p>\u00a0<\/p>\n<p>This event is moderated by <strong>Dr. Isabel Rivero-Vil\u00e1<\/strong>, a Senior Professorial Lecturer at American University. She teaches French and West African cinema. Prof. Rivero-Vil\u00e1 is also a filmmaker. She has filmed and produced several short documentaries and just recently, a feature film documentary about Senegalese women filmmakers. She regularly works and collaborates in various film projects with African filmmakers in Senegal.<\/p>\n<p>\u00a0<\/p>\n<p>This night we are also joined by some select panelists:<\/p>\n<p>\u00a0<\/p>\n<p><strong>Andreya Davis<\/strong>: Andreya Davis is a proud native of Detroit, MI. She received her BA in English- Literature and Graduate Certificate in Women&rsquo;s Studies from Howard University. Andreya is currently an MA student in the Department of African Studies. Her research centers on the barriers that prevent Africana women from ascending and being retained in roles of leadership across the higher education spectrum. Currently, she is the assistant dean for faith-based and community initiatives in the Office of the Dean of the Chapel at Howard. In her free time, she enjoys service-oriented projects, listening to music and critiquing anti-women ideologies.<\/p>\n<p>\u00a0<\/p>\n<p><strong>Sarah Havdala<\/strong>: Sarah is a freshman at American University. She is originally from Jonesboro, Arkansas and is studying International Relations with a focus on foreign policy and national security. She is passionate about history and is especially interested in studying the contributions of Jewish women throughout the world.<\/p>\n<p>\u00a0<\/p>\n<p><strong>Aichatou Nimaga<\/strong>: is a first year Master\u2019s student at Howard University studying African Studies. She is originally from the Bronx, New York with a nationality from West Africa, Mali. She studied International Relations with a minor in Black Studies in undergrad. She is currently a Program Associate at IREX on the Young African Leaders Intitative supporting the Mandela Washington Fellowship. Her career interests include work in the philanthropic\/non-profit field while researching how individuals with intersectional identities navigate and exist in society.<\/p>\n<p>\u00a0<\/p>\n<p><strong>Miranda Rivers<\/strong>: is a Ph.D. student in African Studies at Howard University as well as a program specialist at the U.S. Institute of Peace, where she conducts applied research on nonviolent action and its intersections with peacebuilding and democratization. Miranda has a background in journalism and prior experience working with refugee communities and teaching English as a second language.<\/p>\n<p>\u00a0<\/p>\n<p><strong>Linda Silim Moundene<\/strong>: is a Ph. D. student in African Studies at Howard University, and an assistant movie producer at Delphy Production a movie company based in Paris. Her research interest are on education, especially gender-based violence in school. She has numerous experience in cultural project, exhibitions, community organization in Nantes, and also education and cultural project in Cameroon.<\/p>\n<p>\u00a0<\/p>\n<p><strong>Rachel Zelicof<\/strong>: Rachel is a freshman at American University originally from Long Island, New York. She is majoring in Political Science and minoring in French with hopes of becoming a lawyer. Rachel took a Gender and Literacy course her senior year of high school which discussed women\u2019s roles in society and how women are viewed in a patriarchal structure.<\/p>\n","protected":false},"featured_media":58488,"menu_order":0,"template":"","app_discipline":[266],"app_city_tax":[274],"app_event_type":[287],"class_list":["post-63507","app_event","type-app_event","status-publish","has-post-thumbnail","hentry","app_discipline-cinema-fr","app_city_tax-dc-fr","app_event_type-film-fr"],"acf":[],"yoast_head":"<!-- This site is optimized with the Yoast SEO plugin v27.3 - https:\/\/yoast.com\/product\/yoast-seo-wordpress\/ -->\n<title>Film Across Borders: Brazen, a series of short animated films - Villa Albertine<\/title>\n<meta name=\"robots\" content=\"index, follow, max-snippet:-1, max-image-preview:large, max-video-preview:-1\" \/>\n<link rel=\"canonical\" href=\"https:\/\/villa-albertine.org\/va\/fr\/events\/film-across-borders-brazen-series-short-animated-films\/\" \/>\n<meta property=\"og:locale\" content=\"fr_FR\" \/>\n<meta property=\"og:type\" content=\"article\" \/>\n<meta property=\"og:title\" content=\"Film Across Borders: Brazen, a series of short animated films - Villa Albertine\" \/>\n<meta property=\"og:description\" content=\"Brazen, series of 18 animated short films, directed by Mai Nguyen and Charlotte Cambon De La Valette, 45 min, 2020 + panel discussions\u00a0 The portraits of 18 women, each revolutionary in their own way. Brazen is a series adapted from the bestselling comic books Culott\u00e9es by P\u00e9n\u00e9lope Bagieu (Gallimard 2016), first published online on Le...\" \/>\n<meta property=\"og:url\" content=\"https:\/\/villa-albertine.org\/va\/fr\/events\/film-across-borders-brazen-series-short-animated-films\/\" \/>\n<meta property=\"og:site_name\" content=\"Villa Albertine\" \/>\n<meta property=\"article:modified_time\" content=\"2023-08-23T08:10:39+00:00\" \/>\n<meta property=\"og:image\" content=\"https:\/\/villa-albertine.org\/wp-content\/uploads\/2023\/08\/Sans20titre20281829.png\" \/>\n\t<meta property=\"og:image:width\" content=\"1392\" \/>\n\t<meta property=\"og:image:height\" content=\"1044\" \/>\n\t<meta property=\"og:image:type\" content=\"image\/png\" \/>\n<meta name=\"twitter:card\" content=\"summary_large_image\" \/>\n<meta name=\"twitter:label1\" content=\"Dur\u00e9e de lecture estim\u00e9e\" \/>\n\t<meta name=\"twitter:data1\" content=\"4 minutes\" \/>\n<script type=\"application\/ld+json\" class=\"yoast-schema-graph\">{\"@context\":\"https:\\\/\\\/schema.org\",\"@graph\":[{\"@type\":\"WebPage\",\"@id\":\"https:\\\/\\\/villa-albertine.org\\\/va\\\/fr\\\/events\\\/film-across-borders-brazen-series-short-animated-films\\\/\",\"url\":\"https:\\\/\\\/villa-albertine.org\\\/va\\\/fr\\\/events\\\/film-across-borders-brazen-series-short-animated-films\\\/\",\"name\":\"Film Across Borders: Brazen, a series of short animated films - Villa Albertine\",\"isPartOf\":{\"@id\":\"https:\\\/\\\/villa-albertine.org\\\/va\\\/fr\\\/#website\"},\"primaryImageOfPage\":{\"@id\":\"https:\\\/\\\/villa-albertine.org\\\/va\\\/fr\\\/events\\\/film-across-borders-brazen-series-short-animated-films\\\/#primaryimage\"},\"image\":{\"@id\":\"https:\\\/\\\/villa-albertine.org\\\/va\\\/fr\\\/events\\\/film-across-borders-brazen-series-short-animated-films\\\/#primaryimage\"},\"thumbnailUrl\":\"https:\\\/\\\/villa-albertine.org\\\/wp-content\\\/uploads\\\/2023\\\/08\\\/Sans20titre20281829.png\",\"datePublished\":\"2021-10-26T23:48:06+00:00\",\"dateModified\":\"2023-08-23T08:10:39+00:00\",\"breadcrumb\":{\"@id\":\"https:\\\/\\\/villa-albertine.org\\\/va\\\/fr\\\/events\\\/film-across-borders-brazen-series-short-animated-films\\\/#breadcrumb\"},\"inLanguage\":\"fr-FR\",\"potentialAction\":[{\"@type\":\"ReadAction\",\"target\":[\"https:\\\/\\\/villa-albertine.org\\\/va\\\/fr\\\/events\\\/film-across-borders-brazen-series-short-animated-films\\\/\"]}]},{\"@type\":\"ImageObject\",\"inLanguage\":\"fr-FR\",\"@id\":\"https:\\\/\\\/villa-albertine.org\\\/va\\\/fr\\\/events\\\/film-across-borders-brazen-series-short-animated-films\\\/#primaryimage\",\"url\":\"https:\\\/\\\/villa-albertine.org\\\/wp-content\\\/uploads\\\/2023\\\/08\\\/Sans20titre20281829.png\",\"contentUrl\":\"https:\\\/\\\/villa-albertine.org\\\/wp-content\\\/uploads\\\/2023\\\/08\\\/Sans20titre20281829.png\",\"width\":1392,\"height\":1044},{\"@type\":\"BreadcrumbList\",\"@id\":\"https:\\\/\\\/villa-albertine.org\\\/va\\\/fr\\\/events\\\/film-across-borders-brazen-series-short-animated-films\\\/#breadcrumb\",\"itemListElement\":[{\"@type\":\"ListItem\",\"position\":1,\"name\":\"Home\",\"item\":\"https:\\\/\\\/villa-albertine.org\\\/va\\\/fr\\\/home\\\/\"},{\"@type\":\"ListItem\",\"position\":2,\"name\":\"Film Across Borders: Brazen, a series of short animated films\"}]},{\"@type\":\"WebSite\",\"@id\":\"https:\\\/\\\/villa-albertine.org\\\/va\\\/fr\\\/#website\",\"url\":\"https:\\\/\\\/villa-albertine.org\\\/va\\\/fr\\\/\",\"name\":\"Villa Albertine\",\"description\":\"\",\"potentialAction\":[{\"@type\":\"SearchAction\",\"target\":{\"@type\":\"EntryPoint\",\"urlTemplate\":\"https:\\\/\\\/villa-albertine.org\\\/va\\\/fr\\\/?s={search_term_string}\"},\"query-input\":{\"@type\":\"PropertyValueSpecification\",\"valueRequired\":true,\"valueName\":\"search_term_string\"}}],\"inLanguage\":\"fr-FR\"}]}<\/script>\n<!-- \/ Yoast SEO plugin. -->","yoast_head_json":{"title":"Film Across Borders: Brazen, a series of short animated films - Villa Albertine","robots":{"index":"index","follow":"follow","max-snippet":"max-snippet:-1","max-image-preview":"max-image-preview:large","max-video-preview":"max-video-preview:-1"},"canonical":"https:\/\/villa-albertine.org\/va\/fr\/events\/film-across-borders-brazen-series-short-animated-films\/","og_locale":"fr_FR","og_type":"article","og_title":"Film Across Borders: Brazen, a series of short animated films - Villa Albertine","og_description":"Brazen, series of 18 animated short films, directed by Mai Nguyen and Charlotte Cambon De La Valette, 45 min, 2020 + panel discussions\u00a0 The portraits of 18 women, each revolutionary in their own way. Brazen is a series adapted from the bestselling comic books Culott\u00e9es by P\u00e9n\u00e9lope Bagieu (Gallimard 2016), first published online on Le...","og_url":"https:\/\/villa-albertine.org\/va\/fr\/events\/film-across-borders-brazen-series-short-animated-films\/","og_site_name":"Villa Albertine","article_modified_time":"2023-08-23T08:10:39+00:00","og_image":[{"width":1392,"height":1044,"url":"https:\/\/villa-albertine.org\/wp-content\/uploads\/2023\/08\/Sans20titre20281829.png","type":"image\/png"}],"twitter_card":"summary_large_image","twitter_misc":{"Dur\u00e9e de lecture estim\u00e9e":"4 minutes"},"schema":{"@context":"https:\/\/schema.org","@graph":[{"@type":"WebPage","@id":"https:\/\/villa-albertine.org\/va\/fr\/events\/film-across-borders-brazen-series-short-animated-films\/","url":"https:\/\/villa-albertine.org\/va\/fr\/events\/film-across-borders-brazen-series-short-animated-films\/","name":"Film Across Borders: Brazen, a series of short animated films - Villa Albertine","isPartOf":{"@id":"https:\/\/villa-albertine.org\/va\/fr\/#website"},"primaryImageOfPage":{"@id":"https:\/\/villa-albertine.org\/va\/fr\/events\/film-across-borders-brazen-series-short-animated-films\/#primaryimage"},"image":{"@id":"https:\/\/villa-albertine.org\/va\/fr\/events\/film-across-borders-brazen-series-short-animated-films\/#primaryimage"},"thumbnailUrl":"https:\/\/villa-albertine.org\/wp-content\/uploads\/2023\/08\/Sans20titre20281829.png","datePublished":"2021-10-26T23:48:06+00:00","dateModified":"2023-08-23T08:10:39+00:00","breadcrumb":{"@id":"https:\/\/villa-albertine.org\/va\/fr\/events\/film-across-borders-brazen-series-short-animated-films\/#breadcrumb"},"inLanguage":"fr-FR","potentialAction":[{"@type":"ReadAction","target":["https:\/\/villa-albertine.org\/va\/fr\/events\/film-across-borders-brazen-series-short-animated-films\/"]}]},{"@type":"ImageObject","inLanguage":"fr-FR","@id":"https:\/\/villa-albertine.org\/va\/fr\/events\/film-across-borders-brazen-series-short-animated-films\/#primaryimage","url":"https:\/\/villa-albertine.org\/wp-content\/uploads\/2023\/08\/Sans20titre20281829.png","contentUrl":"https:\/\/villa-albertine.org\/wp-content\/uploads\/2023\/08\/Sans20titre20281829.png","width":1392,"height":1044},{"@type":"BreadcrumbList","@id":"https:\/\/villa-albertine.org\/va\/fr\/events\/film-across-borders-brazen-series-short-animated-films\/#breadcrumb","itemListElement":[{"@type":"ListItem","position":1,"name":"Home","item":"https:\/\/villa-albertine.org\/va\/fr\/home\/"},{"@type":"ListItem","position":2,"name":"Film Across Borders: Brazen, a series of short animated films"}]},{"@type":"WebSite","@id":"https:\/\/villa-albertine.org\/va\/fr\/#website","url":"https:\/\/villa-albertine.org\/va\/fr\/","name":"Villa Albertine","description":"","potentialAction":[{"@type":"SearchAction","target":{"@type":"EntryPoint","urlTemplate":"https:\/\/villa-albertine.org\/va\/fr\/?s={search_term_string}"},"query-input":{"@type":"PropertyValueSpecification","valueRequired":true,"valueName":"search_term_string"}}],"inLanguage":"fr-FR"}]}},"_links":{"self":[{"href":"https:\/\/villa-albertine.org\/va\/fr\/wp-json\/wp\/v2\/app_event\/63507","targetHints":{"allow":["GET"]}}],"collection":[{"href":"https:\/\/villa-albertine.org\/va\/fr\/wp-json\/wp\/v2\/app_event"}],"about":[{"href":"https:\/\/villa-albertine.org\/va\/fr\/wp-json\/wp\/v2\/types\/app_event"}],"wp:featuredmedia":[{"embeddable":true,"href":"https:\/\/villa-albertine.org\/va\/fr\/wp-json\/wp\/v2\/media\/58488"}],"wp:attachment":[{"href":"https:\/\/villa-albertine.org\/va\/fr\/wp-json\/wp\/v2\/media?parent=63507"}],"wp:term":[{"taxonomy":"app_discipline","embeddable":true,"href":"https:\/\/villa-albertine.org\/va\/fr\/wp-json\/wp\/v2\/app_discipline?post=63507"},{"taxonomy":"app_city_tax","embeddable":true,"href":"https:\/\/villa-albertine.org\/va\/fr\/wp-json\/wp\/v2\/app_city_tax?post=63507"},{"taxonomy":"app_event_type","embeddable":true,"href":"https:\/\/villa-albertine.org\/va\/fr\/wp-json\/wp\/v2\/app_event_type?post=63507"}],"curies":[{"name":"wp","href":"https:\/\/api.w.org\/{rel}","templated":true}]}}