{"id":63499,"date":"2021-11-10T15:57:46","date_gmt":"2021-11-10T15:57:46","guid":{"rendered":"https:\/\/villa-albertine.org\/events\/anne-lacaton-jean-philippe-vassal-et-frederic-druot-conference-la-memoire-de-samuel-ratensky\/"},"modified":"2023-08-23T08:10:39","modified_gmt":"2023-08-23T08:10:39","slug":"anne-lacaton-jean-philippe-vassal-et-frederic-druot-conference-la-memoire-de-samuel-ratensky","status":"publish","type":"app_event","link":"https:\/\/villa-albertine.org\/va\/fr\/events\/anne-lacaton-jean-philippe-vassal-et-frederic-druot-conference-la-memoire-de-samuel-ratensky\/","title":{"rendered":"Anne Lacaton, Jean-Philippe Vassal et Fr\u00e9d\u00e9ric Druot : Conf\u00e9rence \u00e0 la m\u00e9moire de Samuel Ratensky"},"content":{"rendered":"<p>Cette ann\u00e9e, le Comit\u00e9 du logement de l&rsquo;AIANY rendra hommage aux laur\u00e9ats du prix Pritzker 2021, <strong>Anne Lacaton et Jean-Philippe Vassal<\/strong>, ainsi qu&rsquo;\u00e0 <strong>Fr\u00e9d\u00e9ric Druot<\/strong>.\u00a0Les architectes discuteront de leur approche transformatrice du logement social, qui se concentre sur la conception de l&rsquo;int\u00e9rieur pour maximiser l&rsquo;espace et donner la priorit\u00e9 aux besoins des r\u00e9sidents. Cette conf\u00e9rence est organis\u00e9e en partenariat avec la s\u00e9rie \u00ab\u00a0Current Work\u00a0\u00bb de l&rsquo;Architectural League of New York et avec Cooper Union, et avec le soutien de la Villa Albertine, en partenariat avec l&rsquo;Ambassade de France aux Etats-Unis.<\/p>\n<p>Les architectes <strong>Anne Lacaton, Jean Philippe Vassal<\/strong> et <strong>Fr\u00e9d\u00e9ric Druot<\/strong> ont collabor\u00e9 \u00e0 de nombreux projets de conception et de recherche, red\u00e9finissant les possibilit\u00e9s de logement social, de durabilit\u00e9 et d&rsquo;agence communautaire.\u00a0\u00a0Leur devise, \u00ab\u00a0ne jamais d\u00e9molir, ne jamais enlever ou remplacer, toujours ajouter, transformer et r\u00e9utiliser\u00a0\u00bb, les a guid\u00e9s pour cr\u00e9er :<\/p>\n<ul>\n<li><a href=\"https:\/\/www.lacatonvassal.com\/index.php?idp=80#\">Cit\u00e9 du Grand Parc<\/a>, la transformation en 2017 de trois immeubles de logements sociaux modernistes enti\u00e8rement occup\u00e9s \u00e0 Bordeaux, en ajoutant des jardins et des balcons \u00e0 chaque unit\u00e9.<\/li>\n<li><a href=\"http:\/\/www.lacatonvassal.com\/?idp=56#\">Tour Bois le Pr\u00eatre<\/a>, la r\u00e9novation et l&rsquo;extension en 2010 d&rsquo;une tour de logements sociaux des ann\u00e9es 1960, con\u00e7ue en collaboration avec les r\u00e9sidents actuels.<\/li>\n<li><a href=\"https:\/\/www.faireparis.com\/en\/projets\/faire-2017\/updating-paris-1298.html\">PLUS Paris<\/a>, une \u00e9tude r\u00e9alis\u00e9e en 2004 sur 1 648 sites \u00e0 Paris ayant le potentiel d&rsquo;ajouter 135 000 nouveaux logements sans d\u00e9molition ni d\u00e9placement des r\u00e9sidents.<\/li>\n<\/ul>\n<p><strong>A propos des architectes :<\/strong><\/p>\n<p>Anne Lacaton est dipl\u00f4m\u00e9e de l&rsquo;\u00c9cole nationale sup\u00e9rieure d&rsquo;architecture de Bordeaux en 1980 et a obtenu un dipl\u00f4me d&rsquo;urbanisme de l&rsquo;Universit\u00e9 de Bordeaux en 1984. Elle est professeur d&rsquo;architecture et de design \u00e0 l&rsquo;ETH Zurich et a enseign\u00e9 \u00e0 l&rsquo;EPFL de Lausanne, \u00e0 la Technische Hochschule N\u00fcrnberg Georg Simon Ohm, \u00e0 la Harvard Graduate School of Design, \u00e0 l&rsquo;Universit\u00e9 de technologie de Delft, \u00e0 l&rsquo;Universit\u00e9 polytechnique de Madrid et \u00e0 l&rsquo;Universit\u00e9 de Buffalo.<\/p>\n<p>Jean Philippe Vassal est dipl\u00f4m\u00e9 de l&rsquo;Ecole Nationale Sup\u00e9rieure d&rsquo;Architecture de Bordeaux en 1980 et a travaill\u00e9 comme urbaniste au Niger de 1980 \u00e0 1985. Il est professeur associ\u00e9 \u00e0 l&rsquo;Universit\u00e4t der K\u00fcnste Berlin et a enseign\u00e9 \u00e0 la Technische Universit\u00e4t Berlin, \u00e0 la Hochschule D\u00fcsseldorf, \u00e0 l&rsquo;EPFL Lausanne, \u00e0 l&rsquo;\u00c9cole nationale sup\u00e9rieure d&rsquo;architecture de Versailles et \u00e0 l&rsquo;\u00c9cole nationale sup\u00e9rieure d&rsquo;architecture de Bordeaux.<\/p>\n<p>Fr\u00e9d\u00e9ric Druot est dipl\u00f4m\u00e9 en 1984 de l&rsquo;\u00c9cole Nationale Sup\u00e9rieure d&rsquo;Architecture de Bordeaux. En 1987, il fonde l&rsquo;agence d&rsquo;architecture Epinard Bleu, qui re\u00e7oit l&rsquo;Album de la Jeune Architecture en 1990. L&rsquo;ann\u00e9e suivante, il fonde son propre cabinet, Fr\u00e9d\u00e9ric Druot Architecture, \u00e0 Paris.<\/p>\n<p>L&rsquo;\u00e9v\u00e9nement sera retransmis en direct <a href=\"https:\/\/vimeo.com\/643587101\/427fe35b5b\">ici<\/a>.\u00a0<\/p>\n<p>\u00a0<\/p>\n<p>\u00a0<\/p>\n<p>\u00a0<\/p>\n<p>\u00a0<\/p>\n<p>\u00a0<\/p>\n","protected":false},"featured_media":58445,"menu_order":0,"template":"","app_discipline":[277],"app_city_tax":[264],"app_event_type":[289],"class_list":["post-63499","app_event","type-app_event","status-publish","has-post-thumbnail","hentry","app_discipline-architecture-fr","app_city_tax-nyc-fr","app_event_type-conference-fr"],"acf":[],"yoast_head":"<!-- This site is optimized with the Yoast SEO plugin v27.3 - https:\/\/yoast.com\/product\/yoast-seo-wordpress\/ -->\n<title>Anne Lacaton, Jean-Philippe Vassal et Fr\u00e9d\u00e9ric Druot : Conf\u00e9rence \u00e0 la m\u00e9moire de Samuel Ratensky - Villa Albertine<\/title>\n<meta name=\"robots\" content=\"index, follow, max-snippet:-1, max-image-preview:large, max-video-preview:-1\" \/>\n<link rel=\"canonical\" href=\"https:\/\/villa-albertine.org\/va\/fr\/events\/anne-lacaton-jean-philippe-vassal-et-frederic-druot-conference-la-memoire-de-samuel-ratensky\/\" \/>\n<meta property=\"og:locale\" content=\"fr_FR\" \/>\n<meta property=\"og:type\" content=\"article\" \/>\n<meta property=\"og:title\" content=\"Anne Lacaton, Jean-Philippe Vassal et Fr\u00e9d\u00e9ric Druot : Conf\u00e9rence \u00e0 la m\u00e9moire de Samuel Ratensky - Villa Albertine\" \/>\n<meta property=\"og:description\" content=\"Cette ann\u00e9e, le Comit\u00e9 du logement de l&rsquo;AIANY rendra hommage aux laur\u00e9ats du prix Pritzker 2021, Anne Lacaton et Jean-Philippe Vassal, ainsi qu&rsquo;\u00e0 Fr\u00e9d\u00e9ric Druot.\u00a0Les architectes discuteront de leur approche transformatrice du logement social, qui se concentre sur la conception de l&rsquo;int\u00e9rieur pour maximiser l&rsquo;espace et donner la priorit\u00e9 aux besoins des r\u00e9sidents. Cette conf\u00e9rence...\" \/>\n<meta property=\"og:url\" content=\"https:\/\/villa-albertine.org\/va\/fr\/events\/anne-lacaton-jean-philippe-vassal-et-frederic-druot-conference-la-memoire-de-samuel-ratensky\/\" \/>\n<meta property=\"og:site_name\" content=\"Villa Albertine\" \/>\n<meta property=\"article:modified_time\" content=\"2023-08-23T08:10:39+00:00\" \/>\n<meta property=\"og:image\" content=\"https:\/\/villa-albertine.org\/wp-content\/uploads\/2023\/08\/6_TBP_AvAp_Ext03_1_Web.jpg\" \/>\n\t<meta property=\"og:image:width\" content=\"565\" \/>\n\t<meta property=\"og:image:height\" content=\"318\" \/>\n\t<meta property=\"og:image:type\" content=\"image\/jpeg\" \/>\n<meta name=\"twitter:card\" content=\"summary_large_image\" \/>\n<meta name=\"twitter:label1\" content=\"Dur\u00e9e de lecture estim\u00e9e\" \/>\n\t<meta name=\"twitter:data1\" content=\"2 minutes\" \/>\n<script type=\"application\/ld+json\" class=\"yoast-schema-graph\">{\"@context\":\"https:\\\/\\\/schema.org\",\"@graph\":[{\"@type\":\"WebPage\",\"@id\":\"https:\\\/\\\/villa-albertine.org\\\/va\\\/fr\\\/events\\\/anne-lacaton-jean-philippe-vassal-et-frederic-druot-conference-la-memoire-de-samuel-ratensky\\\/\",\"url\":\"https:\\\/\\\/villa-albertine.org\\\/va\\\/fr\\\/events\\\/anne-lacaton-jean-philippe-vassal-et-frederic-druot-conference-la-memoire-de-samuel-ratensky\\\/\",\"name\":\"Anne Lacaton, Jean-Philippe Vassal et Fr\u00e9d\u00e9ric Druot : Conf\u00e9rence \u00e0 la m\u00e9moire de Samuel Ratensky - Villa Albertine\",\"isPartOf\":{\"@id\":\"https:\\\/\\\/villa-albertine.org\\\/va\\\/fr\\\/#website\"},\"primaryImageOfPage\":{\"@id\":\"https:\\\/\\\/villa-albertine.org\\\/va\\\/fr\\\/events\\\/anne-lacaton-jean-philippe-vassal-et-frederic-druot-conference-la-memoire-de-samuel-ratensky\\\/#primaryimage\"},\"image\":{\"@id\":\"https:\\\/\\\/villa-albertine.org\\\/va\\\/fr\\\/events\\\/anne-lacaton-jean-philippe-vassal-et-frederic-druot-conference-la-memoire-de-samuel-ratensky\\\/#primaryimage\"},\"thumbnailUrl\":\"https:\\\/\\\/villa-albertine.org\\\/wp-content\\\/uploads\\\/2023\\\/08\\\/6_TBP_AvAp_Ext03_1_Web.jpg\",\"datePublished\":\"2021-11-10T15:57:46+00:00\",\"dateModified\":\"2023-08-23T08:10:39+00:00\",\"breadcrumb\":{\"@id\":\"https:\\\/\\\/villa-albertine.org\\\/va\\\/fr\\\/events\\\/anne-lacaton-jean-philippe-vassal-et-frederic-druot-conference-la-memoire-de-samuel-ratensky\\\/#breadcrumb\"},\"inLanguage\":\"fr-FR\",\"potentialAction\":[{\"@type\":\"ReadAction\",\"target\":[\"https:\\\/\\\/villa-albertine.org\\\/va\\\/fr\\\/events\\\/anne-lacaton-jean-philippe-vassal-et-frederic-druot-conference-la-memoire-de-samuel-ratensky\\\/\"]}]},{\"@type\":\"ImageObject\",\"inLanguage\":\"fr-FR\",\"@id\":\"https:\\\/\\\/villa-albertine.org\\\/va\\\/fr\\\/events\\\/anne-lacaton-jean-philippe-vassal-et-frederic-druot-conference-la-memoire-de-samuel-ratensky\\\/#primaryimage\",\"url\":\"https:\\\/\\\/villa-albertine.org\\\/wp-content\\\/uploads\\\/2023\\\/08\\\/6_TBP_AvAp_Ext03_1_Web.jpg\",\"contentUrl\":\"https:\\\/\\\/villa-albertine.org\\\/wp-content\\\/uploads\\\/2023\\\/08\\\/6_TBP_AvAp_Ext03_1_Web.jpg\",\"width\":565,\"height\":318},{\"@type\":\"BreadcrumbList\",\"@id\":\"https:\\\/\\\/villa-albertine.org\\\/va\\\/fr\\\/events\\\/anne-lacaton-jean-philippe-vassal-et-frederic-druot-conference-la-memoire-de-samuel-ratensky\\\/#breadcrumb\",\"itemListElement\":[{\"@type\":\"ListItem\",\"position\":1,\"name\":\"Home\",\"item\":\"https:\\\/\\\/villa-albertine.org\\\/va\\\/fr\\\/home\\\/\"},{\"@type\":\"ListItem\",\"position\":2,\"name\":\"Anne Lacaton, Jean-Philippe Vassal et Fr\u00e9d\u00e9ric Druot : Conf\u00e9rence \u00e0 la m\u00e9moire de Samuel Ratensky\"}]},{\"@type\":\"WebSite\",\"@id\":\"https:\\\/\\\/villa-albertine.org\\\/va\\\/fr\\\/#website\",\"url\":\"https:\\\/\\\/villa-albertine.org\\\/va\\\/fr\\\/\",\"name\":\"Villa Albertine\",\"description\":\"\",\"potentialAction\":[{\"@type\":\"SearchAction\",\"target\":{\"@type\":\"EntryPoint\",\"urlTemplate\":\"https:\\\/\\\/villa-albertine.org\\\/va\\\/fr\\\/?s={search_term_string}\"},\"query-input\":{\"@type\":\"PropertyValueSpecification\",\"valueRequired\":true,\"valueName\":\"search_term_string\"}}],\"inLanguage\":\"fr-FR\"}]}<\/script>\n<!-- \/ Yoast SEO plugin. -->","yoast_head_json":{"title":"Anne Lacaton, Jean-Philippe Vassal et Fr\u00e9d\u00e9ric Druot : Conf\u00e9rence \u00e0 la m\u00e9moire de Samuel Ratensky - Villa Albertine","robots":{"index":"index","follow":"follow","max-snippet":"max-snippet:-1","max-image-preview":"max-image-preview:large","max-video-preview":"max-video-preview:-1"},"canonical":"https:\/\/villa-albertine.org\/va\/fr\/events\/anne-lacaton-jean-philippe-vassal-et-frederic-druot-conference-la-memoire-de-samuel-ratensky\/","og_locale":"fr_FR","og_type":"article","og_title":"Anne Lacaton, Jean-Philippe Vassal et Fr\u00e9d\u00e9ric Druot : Conf\u00e9rence \u00e0 la m\u00e9moire de Samuel Ratensky - Villa Albertine","og_description":"Cette ann\u00e9e, le Comit\u00e9 du logement de l&rsquo;AIANY rendra hommage aux laur\u00e9ats du prix Pritzker 2021, Anne Lacaton et Jean-Philippe Vassal, ainsi qu&rsquo;\u00e0 Fr\u00e9d\u00e9ric Druot.\u00a0Les architectes discuteront de leur approche transformatrice du logement social, qui se concentre sur la conception de l&rsquo;int\u00e9rieur pour maximiser l&rsquo;espace et donner la priorit\u00e9 aux besoins des r\u00e9sidents. Cette conf\u00e9rence...","og_url":"https:\/\/villa-albertine.org\/va\/fr\/events\/anne-lacaton-jean-philippe-vassal-et-frederic-druot-conference-la-memoire-de-samuel-ratensky\/","og_site_name":"Villa Albertine","article_modified_time":"2023-08-23T08:10:39+00:00","og_image":[{"width":565,"height":318,"url":"https:\/\/villa-albertine.org\/wp-content\/uploads\/2023\/08\/6_TBP_AvAp_Ext03_1_Web.jpg","type":"image\/jpeg"}],"twitter_card":"summary_large_image","twitter_misc":{"Dur\u00e9e de lecture estim\u00e9e":"2 minutes"},"schema":{"@context":"https:\/\/schema.org","@graph":[{"@type":"WebPage","@id":"https:\/\/villa-albertine.org\/va\/fr\/events\/anne-lacaton-jean-philippe-vassal-et-frederic-druot-conference-la-memoire-de-samuel-ratensky\/","url":"https:\/\/villa-albertine.org\/va\/fr\/events\/anne-lacaton-jean-philippe-vassal-et-frederic-druot-conference-la-memoire-de-samuel-ratensky\/","name":"Anne Lacaton, Jean-Philippe Vassal et Fr\u00e9d\u00e9ric Druot : Conf\u00e9rence \u00e0 la m\u00e9moire de Samuel Ratensky - Villa Albertine","isPartOf":{"@id":"https:\/\/villa-albertine.org\/va\/fr\/#website"},"primaryImageOfPage":{"@id":"https:\/\/villa-albertine.org\/va\/fr\/events\/anne-lacaton-jean-philippe-vassal-et-frederic-druot-conference-la-memoire-de-samuel-ratensky\/#primaryimage"},"image":{"@id":"https:\/\/villa-albertine.org\/va\/fr\/events\/anne-lacaton-jean-philippe-vassal-et-frederic-druot-conference-la-memoire-de-samuel-ratensky\/#primaryimage"},"thumbnailUrl":"https:\/\/villa-albertine.org\/wp-content\/uploads\/2023\/08\/6_TBP_AvAp_Ext03_1_Web.jpg","datePublished":"2021-11-10T15:57:46+00:00","dateModified":"2023-08-23T08:10:39+00:00","breadcrumb":{"@id":"https:\/\/villa-albertine.org\/va\/fr\/events\/anne-lacaton-jean-philippe-vassal-et-frederic-druot-conference-la-memoire-de-samuel-ratensky\/#breadcrumb"},"inLanguage":"fr-FR","potentialAction":[{"@type":"ReadAction","target":["https:\/\/villa-albertine.org\/va\/fr\/events\/anne-lacaton-jean-philippe-vassal-et-frederic-druot-conference-la-memoire-de-samuel-ratensky\/"]}]},{"@type":"ImageObject","inLanguage":"fr-FR","@id":"https:\/\/villa-albertine.org\/va\/fr\/events\/anne-lacaton-jean-philippe-vassal-et-frederic-druot-conference-la-memoire-de-samuel-ratensky\/#primaryimage","url":"https:\/\/villa-albertine.org\/wp-content\/uploads\/2023\/08\/6_TBP_AvAp_Ext03_1_Web.jpg","contentUrl":"https:\/\/villa-albertine.org\/wp-content\/uploads\/2023\/08\/6_TBP_AvAp_Ext03_1_Web.jpg","width":565,"height":318},{"@type":"BreadcrumbList","@id":"https:\/\/villa-albertine.org\/va\/fr\/events\/anne-lacaton-jean-philippe-vassal-et-frederic-druot-conference-la-memoire-de-samuel-ratensky\/#breadcrumb","itemListElement":[{"@type":"ListItem","position":1,"name":"Home","item":"https:\/\/villa-albertine.org\/va\/fr\/home\/"},{"@type":"ListItem","position":2,"name":"Anne Lacaton, Jean-Philippe Vassal et Fr\u00e9d\u00e9ric Druot : Conf\u00e9rence \u00e0 la m\u00e9moire de Samuel Ratensky"}]},{"@type":"WebSite","@id":"https:\/\/villa-albertine.org\/va\/fr\/#website","url":"https:\/\/villa-albertine.org\/va\/fr\/","name":"Villa Albertine","description":"","potentialAction":[{"@type":"SearchAction","target":{"@type":"EntryPoint","urlTemplate":"https:\/\/villa-albertine.org\/va\/fr\/?s={search_term_string}"},"query-input":{"@type":"PropertyValueSpecification","valueRequired":true,"valueName":"search_term_string"}}],"inLanguage":"fr-FR"}]}},"_links":{"self":[{"href":"https:\/\/villa-albertine.org\/va\/fr\/wp-json\/wp\/v2\/app_event\/63499","targetHints":{"allow":["GET"]}}],"collection":[{"href":"https:\/\/villa-albertine.org\/va\/fr\/wp-json\/wp\/v2\/app_event"}],"about":[{"href":"https:\/\/villa-albertine.org\/va\/fr\/wp-json\/wp\/v2\/types\/app_event"}],"wp:featuredmedia":[{"embeddable":true,"href":"https:\/\/villa-albertine.org\/va\/fr\/wp-json\/wp\/v2\/media\/58445"}],"wp:attachment":[{"href":"https:\/\/villa-albertine.org\/va\/fr\/wp-json\/wp\/v2\/media?parent=63499"}],"wp:term":[{"taxonomy":"app_discipline","embeddable":true,"href":"https:\/\/villa-albertine.org\/va\/fr\/wp-json\/wp\/v2\/app_discipline?post=63499"},{"taxonomy":"app_city_tax","embeddable":true,"href":"https:\/\/villa-albertine.org\/va\/fr\/wp-json\/wp\/v2\/app_city_tax?post=63499"},{"taxonomy":"app_event_type","embeddable":true,"href":"https:\/\/villa-albertine.org\/va\/fr\/wp-json\/wp\/v2\/app_event_type?post=63499"}],"curies":[{"name":"wp","href":"https:\/\/api.w.org\/{rel}","templated":true}]}}