{"id":63489,"date":"2021-10-14T15:44:34","date_gmt":"2021-10-14T15:44:34","guid":{"rendered":"https:\/\/villa-albertine.org\/events\/french-essentials-une-selection-de-films-presentee-par-le-juge-g-breyer\/"},"modified":"2023-08-23T08:10:38","modified_gmt":"2023-08-23T08:10:38","slug":"french-essentials-une-selection-de-films-presentee-par-le-juge-g-breyer","status":"publish","type":"app_event","link":"https:\/\/villa-albertine.org\/va\/fr\/events\/french-essentials-une-selection-de-films-presentee-par-le-juge-g-breyer\/","title":{"rendered":"French Essentials, une s\u00e9lection de films pr\u00e9sent\u00e9e par le juge G. Breyer"},"content":{"rendered":"<p><em><strong>28 septembre &#8211; \u00ab\u00a0Les Enfants du Paradis\u00a0\u00bb, r\u00e9alis\u00e9 par Marcel Carn\u00e9 et \u00e9crit par Jacques Pr\u00e9vert,1945,\u00a0190\u00a0min, France<\/strong><\/em><\/p>\n<p>Le r\u00e9alisme po\u00e9tique atteint des sommets avec <em>Les Enfants du Paradis<\/em>, largement consid\u00e9r\u00e9 comme l&rsquo;un des plus grands films fran\u00e7ais de tous les temps. Cette repr\u00e9sentation du monde th\u00e9\u00e2tral parisien du XIXe si\u00e8cle, film\u00e9e pendant la Seconde Guerre mondiale, suit Arletty en femme myst\u00e9rieuse et aim\u00e9e par quatre hommes que tout oppose: un acteur, un criminel, un comte et un mime. Avec sensibilit\u00e9, le r\u00e9alisateur Marcel Carn\u00e9 et le sc\u00e9nariste Jacques Pr\u00e9vert ressuscitent un monde grouillant d&rsquo;escrocs et d&rsquo;aristocrates, de voleurs et de courtisanes, de prox\u00e9n\u00e8tes et de voyants.\u00a0<\/p>\n<p><em><strong>12 octobre &#8211; \u00ab\u00a0La Grande Illusion\u00a0\u00bb, r\u00e9alis\u00e9 par Jean Renoir, 1937, 114\u00a0min, France\u00a0<\/strong><\/em><\/p>\n<p>L&rsquo;un des tout premiers films d&rsquo;\u00e9vasion,<em> La Grande Illusion<\/em> est salu\u00e9 comme l&rsquo;un des plus grands films jamais r\u00e9alis\u00e9s. Le chef-d&rsquo;\u0153uvre anti-guerre de Jean Renoir met en sc\u00e8ne Jean Gabin et Pierre Fresnay dans le r\u00f4le de soldats fran\u00e7ais d\u00e9tenus dans un camp de prisonniers allemands de la Premi\u00e8re Guerre mondiale, ainsi qu&rsquo;Erich von Stroheim dans celui de l&rsquo;inoubliable capitaine von Rauffenstein.<\/p>\n<p><strong><em>26 octobre &#8211; \u00ab\u00a0Rendez-vous de Juillet\u00a0\u00bb, r\u00e9alis\u00e9 par Jacques Becker, 1949, 112 min, France<\/em><\/strong><\/p>\n<p>Les probl\u00e8mes amoureux et les aspirations professionnelles d&rsquo;une bande de jeunes dans le Paris de l&rsquo;apr\u00e8s-guerre, entre la pr\u00e9paration d&rsquo;une exp\u00e9dition africaine, les r\u00e9p\u00e9titions th\u00e9\u00e2trales et les soir\u00e9es dans les cabarets de jazz.<\/p>\n<p><strong><em>9 novembre &#8211; \u00ab\u00a0Jules et Jim\u00a0\u00bb, r\u00e9alis\u00e9 par Fran\u00e7ois Truffaut, 1962, 115 min, France<\/em><\/strong><\/p>\n<p>Les journ\u00e9es insouciantes avant la Premi\u00e8re Guerre mondiale laissaient la chance \u00e0 un auteur autrichien introverti nomm\u00e9 Jules de devenir ami avec un Fran\u00e7ais exub\u00e9rant au nom de Jim. Les deux hommes tombent amoureux de la belle et impulsive Catherine, mais c&rsquo;est Jules qui la marie. Apr\u00e8s la guerre, Jim rend visite \u00e0 Jules, Catherine, et leur fille en Autriche et d\u00e9couvre que ses sentiments pour Catherine n&rsquo;ont pas chang\u00e9, et d&rsquo;ailleurs, ils sont r\u00e9ciproques.<\/p>\n","protected":false},"featured_media":58412,"menu_order":0,"template":"","app_discipline":[266],"app_city_tax":[274],"app_event_type":[287],"class_list":["post-63489","app_event","type-app_event","status-publish","has-post-thumbnail","hentry","app_discipline-cinema-fr","app_city_tax-dc-fr","app_event_type-film-fr"],"acf":[],"yoast_head":"<!-- This site is optimized with the Yoast SEO plugin v27.3 - https:\/\/yoast.com\/product\/yoast-seo-wordpress\/ -->\n<title>French Essentials, une s\u00e9lection de films pr\u00e9sent\u00e9e par le juge G. Breyer - Villa Albertine<\/title>\n<meta name=\"robots\" content=\"index, follow, max-snippet:-1, max-image-preview:large, max-video-preview:-1\" \/>\n<link rel=\"canonical\" href=\"https:\/\/villa-albertine.org\/va\/fr\/events\/french-essentials-une-selection-de-films-presentee-par-le-juge-g-breyer\/\" \/>\n<meta property=\"og:locale\" content=\"fr_FR\" \/>\n<meta property=\"og:type\" content=\"article\" \/>\n<meta property=\"og:title\" content=\"French Essentials, une s\u00e9lection de films pr\u00e9sent\u00e9e par le juge G. Breyer - Villa Albertine\" \/>\n<meta property=\"og:description\" content=\"28 septembre &#8211; \u00ab\u00a0Les Enfants du Paradis\u00a0\u00bb, r\u00e9alis\u00e9 par Marcel Carn\u00e9 et \u00e9crit par Jacques Pr\u00e9vert,1945,\u00a0190\u00a0min, France Le r\u00e9alisme po\u00e9tique atteint des sommets avec Les Enfants du Paradis, largement consid\u00e9r\u00e9 comme l&rsquo;un des plus grands films fran\u00e7ais de tous les temps. Cette repr\u00e9sentation du monde th\u00e9\u00e2tral parisien du XIXe si\u00e8cle, film\u00e9e pendant la Seconde Guerre...\" \/>\n<meta property=\"og:url\" content=\"https:\/\/villa-albertine.org\/va\/fr\/events\/french-essentials-une-selection-de-films-presentee-par-le-juge-g-breyer\/\" \/>\n<meta property=\"og:site_name\" content=\"Villa Albertine\" \/>\n<meta property=\"article:modified_time\" content=\"2023-08-23T08:10:38+00:00\" \/>\n<meta property=\"og:image\" content=\"https:\/\/villa-albertine.org\/wp-content\/uploads\/2023\/08\/jules-et-jim-bridge-1108x0-c-default.jpg\" \/>\n\t<meta property=\"og:image:width\" content=\"1108\" \/>\n\t<meta property=\"og:image:height\" content=\"831\" \/>\n\t<meta property=\"og:image:type\" content=\"image\/jpeg\" \/>\n<meta name=\"twitter:card\" content=\"summary_large_image\" \/>\n<meta name=\"twitter:label1\" content=\"Dur\u00e9e de lecture estim\u00e9e\" \/>\n\t<meta name=\"twitter:data1\" content=\"2 minutes\" \/>\n<script type=\"application\/ld+json\" class=\"yoast-schema-graph\">{\"@context\":\"https:\\\/\\\/schema.org\",\"@graph\":[{\"@type\":\"WebPage\",\"@id\":\"https:\\\/\\\/villa-albertine.org\\\/va\\\/fr\\\/events\\\/french-essentials-une-selection-de-films-presentee-par-le-juge-g-breyer\\\/\",\"url\":\"https:\\\/\\\/villa-albertine.org\\\/va\\\/fr\\\/events\\\/french-essentials-une-selection-de-films-presentee-par-le-juge-g-breyer\\\/\",\"name\":\"French Essentials, une s\u00e9lection de films pr\u00e9sent\u00e9e par le juge G. Breyer - Villa Albertine\",\"isPartOf\":{\"@id\":\"https:\\\/\\\/villa-albertine.org\\\/va\\\/fr\\\/#website\"},\"primaryImageOfPage\":{\"@id\":\"https:\\\/\\\/villa-albertine.org\\\/va\\\/fr\\\/events\\\/french-essentials-une-selection-de-films-presentee-par-le-juge-g-breyer\\\/#primaryimage\"},\"image\":{\"@id\":\"https:\\\/\\\/villa-albertine.org\\\/va\\\/fr\\\/events\\\/french-essentials-une-selection-de-films-presentee-par-le-juge-g-breyer\\\/#primaryimage\"},\"thumbnailUrl\":\"https:\\\/\\\/villa-albertine.org\\\/wp-content\\\/uploads\\\/2023\\\/08\\\/jules-et-jim-bridge-1108x0-c-default.jpg\",\"datePublished\":\"2021-10-14T15:44:34+00:00\",\"dateModified\":\"2023-08-23T08:10:38+00:00\",\"breadcrumb\":{\"@id\":\"https:\\\/\\\/villa-albertine.org\\\/va\\\/fr\\\/events\\\/french-essentials-une-selection-de-films-presentee-par-le-juge-g-breyer\\\/#breadcrumb\"},\"inLanguage\":\"fr-FR\",\"potentialAction\":[{\"@type\":\"ReadAction\",\"target\":[\"https:\\\/\\\/villa-albertine.org\\\/va\\\/fr\\\/events\\\/french-essentials-une-selection-de-films-presentee-par-le-juge-g-breyer\\\/\"]}]},{\"@type\":\"ImageObject\",\"inLanguage\":\"fr-FR\",\"@id\":\"https:\\\/\\\/villa-albertine.org\\\/va\\\/fr\\\/events\\\/french-essentials-une-selection-de-films-presentee-par-le-juge-g-breyer\\\/#primaryimage\",\"url\":\"https:\\\/\\\/villa-albertine.org\\\/wp-content\\\/uploads\\\/2023\\\/08\\\/jules-et-jim-bridge-1108x0-c-default.jpg\",\"contentUrl\":\"https:\\\/\\\/villa-albertine.org\\\/wp-content\\\/uploads\\\/2023\\\/08\\\/jules-et-jim-bridge-1108x0-c-default.jpg\",\"width\":1108,\"height\":831},{\"@type\":\"BreadcrumbList\",\"@id\":\"https:\\\/\\\/villa-albertine.org\\\/va\\\/fr\\\/events\\\/french-essentials-une-selection-de-films-presentee-par-le-juge-g-breyer\\\/#breadcrumb\",\"itemListElement\":[{\"@type\":\"ListItem\",\"position\":1,\"name\":\"Home\",\"item\":\"https:\\\/\\\/villa-albertine.org\\\/va\\\/fr\\\/home\\\/\"},{\"@type\":\"ListItem\",\"position\":2,\"name\":\"French Essentials, une s\u00e9lection de films pr\u00e9sent\u00e9e par le juge G. Breyer\"}]},{\"@type\":\"WebSite\",\"@id\":\"https:\\\/\\\/villa-albertine.org\\\/va\\\/fr\\\/#website\",\"url\":\"https:\\\/\\\/villa-albertine.org\\\/va\\\/fr\\\/\",\"name\":\"Villa Albertine\",\"description\":\"\",\"potentialAction\":[{\"@type\":\"SearchAction\",\"target\":{\"@type\":\"EntryPoint\",\"urlTemplate\":\"https:\\\/\\\/villa-albertine.org\\\/va\\\/fr\\\/?s={search_term_string}\"},\"query-input\":{\"@type\":\"PropertyValueSpecification\",\"valueRequired\":true,\"valueName\":\"search_term_string\"}}],\"inLanguage\":\"fr-FR\"}]}<\/script>\n<!-- \/ Yoast SEO plugin. -->","yoast_head_json":{"title":"French Essentials, une s\u00e9lection de films pr\u00e9sent\u00e9e par le juge G. Breyer - Villa Albertine","robots":{"index":"index","follow":"follow","max-snippet":"max-snippet:-1","max-image-preview":"max-image-preview:large","max-video-preview":"max-video-preview:-1"},"canonical":"https:\/\/villa-albertine.org\/va\/fr\/events\/french-essentials-une-selection-de-films-presentee-par-le-juge-g-breyer\/","og_locale":"fr_FR","og_type":"article","og_title":"French Essentials, une s\u00e9lection de films pr\u00e9sent\u00e9e par le juge G. Breyer - Villa Albertine","og_description":"28 septembre &#8211; \u00ab\u00a0Les Enfants du Paradis\u00a0\u00bb, r\u00e9alis\u00e9 par Marcel Carn\u00e9 et \u00e9crit par Jacques Pr\u00e9vert,1945,\u00a0190\u00a0min, France Le r\u00e9alisme po\u00e9tique atteint des sommets avec Les Enfants du Paradis, largement consid\u00e9r\u00e9 comme l&rsquo;un des plus grands films fran\u00e7ais de tous les temps. Cette repr\u00e9sentation du monde th\u00e9\u00e2tral parisien du XIXe si\u00e8cle, film\u00e9e pendant la Seconde Guerre...","og_url":"https:\/\/villa-albertine.org\/va\/fr\/events\/french-essentials-une-selection-de-films-presentee-par-le-juge-g-breyer\/","og_site_name":"Villa Albertine","article_modified_time":"2023-08-23T08:10:38+00:00","og_image":[{"width":1108,"height":831,"url":"https:\/\/villa-albertine.org\/wp-content\/uploads\/2023\/08\/jules-et-jim-bridge-1108x0-c-default.jpg","type":"image\/jpeg"}],"twitter_card":"summary_large_image","twitter_misc":{"Dur\u00e9e de lecture estim\u00e9e":"2 minutes"},"schema":{"@context":"https:\/\/schema.org","@graph":[{"@type":"WebPage","@id":"https:\/\/villa-albertine.org\/va\/fr\/events\/french-essentials-une-selection-de-films-presentee-par-le-juge-g-breyer\/","url":"https:\/\/villa-albertine.org\/va\/fr\/events\/french-essentials-une-selection-de-films-presentee-par-le-juge-g-breyer\/","name":"French Essentials, une s\u00e9lection de films pr\u00e9sent\u00e9e par le juge G. Breyer - Villa Albertine","isPartOf":{"@id":"https:\/\/villa-albertine.org\/va\/fr\/#website"},"primaryImageOfPage":{"@id":"https:\/\/villa-albertine.org\/va\/fr\/events\/french-essentials-une-selection-de-films-presentee-par-le-juge-g-breyer\/#primaryimage"},"image":{"@id":"https:\/\/villa-albertine.org\/va\/fr\/events\/french-essentials-une-selection-de-films-presentee-par-le-juge-g-breyer\/#primaryimage"},"thumbnailUrl":"https:\/\/villa-albertine.org\/wp-content\/uploads\/2023\/08\/jules-et-jim-bridge-1108x0-c-default.jpg","datePublished":"2021-10-14T15:44:34+00:00","dateModified":"2023-08-23T08:10:38+00:00","breadcrumb":{"@id":"https:\/\/villa-albertine.org\/va\/fr\/events\/french-essentials-une-selection-de-films-presentee-par-le-juge-g-breyer\/#breadcrumb"},"inLanguage":"fr-FR","potentialAction":[{"@type":"ReadAction","target":["https:\/\/villa-albertine.org\/va\/fr\/events\/french-essentials-une-selection-de-films-presentee-par-le-juge-g-breyer\/"]}]},{"@type":"ImageObject","inLanguage":"fr-FR","@id":"https:\/\/villa-albertine.org\/va\/fr\/events\/french-essentials-une-selection-de-films-presentee-par-le-juge-g-breyer\/#primaryimage","url":"https:\/\/villa-albertine.org\/wp-content\/uploads\/2023\/08\/jules-et-jim-bridge-1108x0-c-default.jpg","contentUrl":"https:\/\/villa-albertine.org\/wp-content\/uploads\/2023\/08\/jules-et-jim-bridge-1108x0-c-default.jpg","width":1108,"height":831},{"@type":"BreadcrumbList","@id":"https:\/\/villa-albertine.org\/va\/fr\/events\/french-essentials-une-selection-de-films-presentee-par-le-juge-g-breyer\/#breadcrumb","itemListElement":[{"@type":"ListItem","position":1,"name":"Home","item":"https:\/\/villa-albertine.org\/va\/fr\/home\/"},{"@type":"ListItem","position":2,"name":"French Essentials, une s\u00e9lection de films pr\u00e9sent\u00e9e par le juge G. Breyer"}]},{"@type":"WebSite","@id":"https:\/\/villa-albertine.org\/va\/fr\/#website","url":"https:\/\/villa-albertine.org\/va\/fr\/","name":"Villa Albertine","description":"","potentialAction":[{"@type":"SearchAction","target":{"@type":"EntryPoint","urlTemplate":"https:\/\/villa-albertine.org\/va\/fr\/?s={search_term_string}"},"query-input":{"@type":"PropertyValueSpecification","valueRequired":true,"valueName":"search_term_string"}}],"inLanguage":"fr-FR"}]}},"_links":{"self":[{"href":"https:\/\/villa-albertine.org\/va\/fr\/wp-json\/wp\/v2\/app_event\/63489","targetHints":{"allow":["GET"]}}],"collection":[{"href":"https:\/\/villa-albertine.org\/va\/fr\/wp-json\/wp\/v2\/app_event"}],"about":[{"href":"https:\/\/villa-albertine.org\/va\/fr\/wp-json\/wp\/v2\/types\/app_event"}],"wp:featuredmedia":[{"embeddable":true,"href":"https:\/\/villa-albertine.org\/va\/fr\/wp-json\/wp\/v2\/media\/58412"}],"wp:attachment":[{"href":"https:\/\/villa-albertine.org\/va\/fr\/wp-json\/wp\/v2\/media?parent=63489"}],"wp:term":[{"taxonomy":"app_discipline","embeddable":true,"href":"https:\/\/villa-albertine.org\/va\/fr\/wp-json\/wp\/v2\/app_discipline?post=63489"},{"taxonomy":"app_city_tax","embeddable":true,"href":"https:\/\/villa-albertine.org\/va\/fr\/wp-json\/wp\/v2\/app_city_tax?post=63489"},{"taxonomy":"app_event_type","embeddable":true,"href":"https:\/\/villa-albertine.org\/va\/fr\/wp-json\/wp\/v2\/app_event_type?post=63489"}],"curies":[{"name":"wp","href":"https:\/\/api.w.org\/{rel}","templated":true}]}}