{"id":63488,"date":"2021-11-05T16:12:32","date_gmt":"2021-11-05T16:12:32","guid":{"rendered":"https:\/\/villa-albertine.org\/events\/le-nouveau-cinema-francais-au-dela-des-frontieres\/"},"modified":"2023-08-23T08:10:38","modified_gmt":"2023-08-23T08:10:38","slug":"le-nouveau-cinema-francais-au-dela-des-frontieres","status":"publish","type":"app_event","link":"https:\/\/villa-albertine.org\/va\/fr\/events\/le-nouveau-cinema-francais-au-dela-des-frontieres\/","title":{"rendered":"Le nouveau cin\u00e9ma fran\u00e7ais : au-del\u00e0 des fronti\u00e8res"},"content":{"rendered":"<p>Ces trois films ont \u00e9t\u00e9 r\u00e9alis\u00e9s par des sc\u00e9naristes et r\u00e9alisatrices et mettent en sc\u00e8ne des personnages \u00e9trangers \u00e0 la France. <em>\u00c0 Coeur battant <\/em>de Karen Ben Rafael se d\u00e9roule en France et en Isra\u00ebl ; <em>Sous le ciel d&rsquo;Alice <\/em>de Chlo\u00e9 Mazlo se d\u00e9roule \u00e0 Beyrouth et <em>Si le vent tombe<\/em> de Nora Martirosyan suit un inspecteur fran\u00e7ais dans le Haut-Karabakh.<\/p>\n<p>La table ronde r\u00e9unira les trois cin\u00e9astes, Keren Ben Rafael, Chlo Mazlo et Nora Martirosyan et abordera les questions de la narration, du genre et de la culture fran\u00e7aise au-del\u00e0 de ses fronti\u00e8res. Elle sera anim\u00e9e par Richard Neupert, professeur et coordinateur du programme d&rsquo;\u00e9tudes cin\u00e9matographiques \u00e0 l&rsquo;Universit\u00e9 de G\u00e9orgie, et par Kelley Conway, professeure de cin\u00e9ma au d\u00e9partement des arts de la communication de l&rsquo;Universit\u00e9 du Wisconsin-Madison.<\/p>\n<p>\u00a0Les films peuvent \u00eatre visionn\u00e9s gratuitement en ligne quelques jours avant la table ronde.<\/p>\n<p>Cet \u00e9v\u00e9nement fait partie de France Atlanta 2021 et est organis\u00e9 par le Programme d&rsquo;\u00e9tudes cin\u00e9matographiques de l&rsquo;Universit\u00e9 de G\u00e9orgie et le Willson Center for Humanities and Arts, par Unifrance et Athens Cin\u00e9, avec le soutien du Bureau d&rsquo;Atlanta des Services culturels de l&rsquo;ambassade de France aux \u00c9tats-Unis.<\/p>\n<p>\u00a0<\/p>\n\t<a class=\"btn\" href=\"https:\/\/france-atlanta.org\/atlanta-events\/new-french-cinema-beyond-borders\/\" target=\"\">\n\t\tEn savoir plus et s&rsquo;inscrire\t<\/a>\n\t\n","protected":false},"featured_media":58409,"menu_order":0,"template":"","app_discipline":[266],"app_city_tax":[268],"app_event_type":[289],"class_list":["post-63488","app_event","type-app_event","status-publish","has-post-thumbnail","hentry","app_discipline-cinema-fr","app_city_tax-atl-fr","app_event_type-conference-fr"],"acf":[],"yoast_head":"<!-- This site is optimized with the Yoast SEO plugin v27.3 - https:\/\/yoast.com\/product\/yoast-seo-wordpress\/ -->\n<title>Le nouveau cin\u00e9ma fran\u00e7ais : au-del\u00e0 des fronti\u00e8res - Villa Albertine<\/title>\n<meta name=\"robots\" content=\"index, follow, max-snippet:-1, max-image-preview:large, max-video-preview:-1\" \/>\n<link rel=\"canonical\" href=\"https:\/\/villa-albertine.org\/va\/fr\/events\/le-nouveau-cinema-francais-au-dela-des-frontieres\/\" \/>\n<meta property=\"og:locale\" content=\"fr_FR\" \/>\n<meta property=\"og:type\" content=\"article\" \/>\n<meta property=\"og:title\" content=\"Le nouveau cin\u00e9ma fran\u00e7ais : au-del\u00e0 des fronti\u00e8res - Villa Albertine\" \/>\n<meta property=\"og:description\" content=\"Ces trois films ont \u00e9t\u00e9 r\u00e9alis\u00e9s par des sc\u00e9naristes et r\u00e9alisatrices et mettent en sc\u00e8ne des personnages \u00e9trangers \u00e0 la France. \u00c0 Coeur battant de Karen Ben Rafael se d\u00e9roule en France et en Isra\u00ebl ; Sous le ciel d&rsquo;Alice de Chlo\u00e9 Mazlo se d\u00e9roule \u00e0 Beyrouth et Si le vent tombe de Nora Martirosyan...\" \/>\n<meta property=\"og:url\" content=\"https:\/\/villa-albertine.org\/va\/fr\/events\/le-nouveau-cinema-francais-au-dela-des-frontieres\/\" \/>\n<meta property=\"og:site_name\" content=\"Villa Albertine\" \/>\n<meta property=\"article:modified_time\" content=\"2023-08-23T08:10:38+00:00\" \/>\n<meta property=\"og:image\" content=\"https:\/\/villa-albertine.org\/wp-content\/uploads\/2023\/08\/b634cf6ba97b008ad0815aeedfc9b832-BWsWBy.tmp_.jpg\" \/>\n\t<meta property=\"og:image:width\" content=\"1392\" \/>\n\t<meta property=\"og:image:height\" content=\"696\" \/>\n\t<meta property=\"og:image:type\" content=\"image\/jpeg\" \/>\n<meta name=\"twitter:card\" content=\"summary_large_image\" \/>\n<meta name=\"twitter:label1\" content=\"Dur\u00e9e de lecture estim\u00e9e\" \/>\n\t<meta name=\"twitter:data1\" content=\"1 minute\" \/>\n<script type=\"application\/ld+json\" class=\"yoast-schema-graph\">{\"@context\":\"https:\\\/\\\/schema.org\",\"@graph\":[{\"@type\":\"WebPage\",\"@id\":\"https:\\\/\\\/villa-albertine.org\\\/va\\\/fr\\\/events\\\/le-nouveau-cinema-francais-au-dela-des-frontieres\\\/\",\"url\":\"https:\\\/\\\/villa-albertine.org\\\/va\\\/fr\\\/events\\\/le-nouveau-cinema-francais-au-dela-des-frontieres\\\/\",\"name\":\"Le nouveau cin\u00e9ma fran\u00e7ais : au-del\u00e0 des fronti\u00e8res - Villa Albertine\",\"isPartOf\":{\"@id\":\"https:\\\/\\\/villa-albertine.org\\\/va\\\/fr\\\/#website\"},\"primaryImageOfPage\":{\"@id\":\"https:\\\/\\\/villa-albertine.org\\\/va\\\/fr\\\/events\\\/le-nouveau-cinema-francais-au-dela-des-frontieres\\\/#primaryimage\"},\"image\":{\"@id\":\"https:\\\/\\\/villa-albertine.org\\\/va\\\/fr\\\/events\\\/le-nouveau-cinema-francais-au-dela-des-frontieres\\\/#primaryimage\"},\"thumbnailUrl\":\"https:\\\/\\\/villa-albertine.org\\\/wp-content\\\/uploads\\\/2023\\\/08\\\/b634cf6ba97b008ad0815aeedfc9b832-BWsWBy.tmp_.jpg\",\"datePublished\":\"2021-11-05T16:12:32+00:00\",\"dateModified\":\"2023-08-23T08:10:38+00:00\",\"breadcrumb\":{\"@id\":\"https:\\\/\\\/villa-albertine.org\\\/va\\\/fr\\\/events\\\/le-nouveau-cinema-francais-au-dela-des-frontieres\\\/#breadcrumb\"},\"inLanguage\":\"fr-FR\",\"potentialAction\":[{\"@type\":\"ReadAction\",\"target\":[\"https:\\\/\\\/villa-albertine.org\\\/va\\\/fr\\\/events\\\/le-nouveau-cinema-francais-au-dela-des-frontieres\\\/\"]}]},{\"@type\":\"ImageObject\",\"inLanguage\":\"fr-FR\",\"@id\":\"https:\\\/\\\/villa-albertine.org\\\/va\\\/fr\\\/events\\\/le-nouveau-cinema-francais-au-dela-des-frontieres\\\/#primaryimage\",\"url\":\"https:\\\/\\\/villa-albertine.org\\\/wp-content\\\/uploads\\\/2023\\\/08\\\/b634cf6ba97b008ad0815aeedfc9b832-BWsWBy.tmp_.jpg\",\"contentUrl\":\"https:\\\/\\\/villa-albertine.org\\\/wp-content\\\/uploads\\\/2023\\\/08\\\/b634cf6ba97b008ad0815aeedfc9b832-BWsWBy.tmp_.jpg\",\"width\":1392,\"height\":696},{\"@type\":\"BreadcrumbList\",\"@id\":\"https:\\\/\\\/villa-albertine.org\\\/va\\\/fr\\\/events\\\/le-nouveau-cinema-francais-au-dela-des-frontieres\\\/#breadcrumb\",\"itemListElement\":[{\"@type\":\"ListItem\",\"position\":1,\"name\":\"Home\",\"item\":\"https:\\\/\\\/villa-albertine.org\\\/va\\\/fr\\\/home\\\/\"},{\"@type\":\"ListItem\",\"position\":2,\"name\":\"Le nouveau cin\u00e9ma fran\u00e7ais : au-del\u00e0 des fronti\u00e8res\"}]},{\"@type\":\"WebSite\",\"@id\":\"https:\\\/\\\/villa-albertine.org\\\/va\\\/fr\\\/#website\",\"url\":\"https:\\\/\\\/villa-albertine.org\\\/va\\\/fr\\\/\",\"name\":\"Villa Albertine\",\"description\":\"\",\"potentialAction\":[{\"@type\":\"SearchAction\",\"target\":{\"@type\":\"EntryPoint\",\"urlTemplate\":\"https:\\\/\\\/villa-albertine.org\\\/va\\\/fr\\\/?s={search_term_string}\"},\"query-input\":{\"@type\":\"PropertyValueSpecification\",\"valueRequired\":true,\"valueName\":\"search_term_string\"}}],\"inLanguage\":\"fr-FR\"}]}<\/script>\n<!-- \/ Yoast SEO plugin. -->","yoast_head_json":{"title":"Le nouveau cin\u00e9ma fran\u00e7ais : au-del\u00e0 des fronti\u00e8res - Villa Albertine","robots":{"index":"index","follow":"follow","max-snippet":"max-snippet:-1","max-image-preview":"max-image-preview:large","max-video-preview":"max-video-preview:-1"},"canonical":"https:\/\/villa-albertine.org\/va\/fr\/events\/le-nouveau-cinema-francais-au-dela-des-frontieres\/","og_locale":"fr_FR","og_type":"article","og_title":"Le nouveau cin\u00e9ma fran\u00e7ais : au-del\u00e0 des fronti\u00e8res - Villa Albertine","og_description":"Ces trois films ont \u00e9t\u00e9 r\u00e9alis\u00e9s par des sc\u00e9naristes et r\u00e9alisatrices et mettent en sc\u00e8ne des personnages \u00e9trangers \u00e0 la France. \u00c0 Coeur battant de Karen Ben Rafael se d\u00e9roule en France et en Isra\u00ebl ; Sous le ciel d&rsquo;Alice de Chlo\u00e9 Mazlo se d\u00e9roule \u00e0 Beyrouth et Si le vent tombe de Nora Martirosyan...","og_url":"https:\/\/villa-albertine.org\/va\/fr\/events\/le-nouveau-cinema-francais-au-dela-des-frontieres\/","og_site_name":"Villa Albertine","article_modified_time":"2023-08-23T08:10:38+00:00","og_image":[{"width":1392,"height":696,"url":"https:\/\/villa-albertine.org\/wp-content\/uploads\/2023\/08\/b634cf6ba97b008ad0815aeedfc9b832-BWsWBy.tmp_.jpg","type":"image\/jpeg"}],"twitter_card":"summary_large_image","twitter_misc":{"Dur\u00e9e de lecture estim\u00e9e":"1 minute"},"schema":{"@context":"https:\/\/schema.org","@graph":[{"@type":"WebPage","@id":"https:\/\/villa-albertine.org\/va\/fr\/events\/le-nouveau-cinema-francais-au-dela-des-frontieres\/","url":"https:\/\/villa-albertine.org\/va\/fr\/events\/le-nouveau-cinema-francais-au-dela-des-frontieres\/","name":"Le nouveau cin\u00e9ma fran\u00e7ais : au-del\u00e0 des fronti\u00e8res - Villa Albertine","isPartOf":{"@id":"https:\/\/villa-albertine.org\/va\/fr\/#website"},"primaryImageOfPage":{"@id":"https:\/\/villa-albertine.org\/va\/fr\/events\/le-nouveau-cinema-francais-au-dela-des-frontieres\/#primaryimage"},"image":{"@id":"https:\/\/villa-albertine.org\/va\/fr\/events\/le-nouveau-cinema-francais-au-dela-des-frontieres\/#primaryimage"},"thumbnailUrl":"https:\/\/villa-albertine.org\/wp-content\/uploads\/2023\/08\/b634cf6ba97b008ad0815aeedfc9b832-BWsWBy.tmp_.jpg","datePublished":"2021-11-05T16:12:32+00:00","dateModified":"2023-08-23T08:10:38+00:00","breadcrumb":{"@id":"https:\/\/villa-albertine.org\/va\/fr\/events\/le-nouveau-cinema-francais-au-dela-des-frontieres\/#breadcrumb"},"inLanguage":"fr-FR","potentialAction":[{"@type":"ReadAction","target":["https:\/\/villa-albertine.org\/va\/fr\/events\/le-nouveau-cinema-francais-au-dela-des-frontieres\/"]}]},{"@type":"ImageObject","inLanguage":"fr-FR","@id":"https:\/\/villa-albertine.org\/va\/fr\/events\/le-nouveau-cinema-francais-au-dela-des-frontieres\/#primaryimage","url":"https:\/\/villa-albertine.org\/wp-content\/uploads\/2023\/08\/b634cf6ba97b008ad0815aeedfc9b832-BWsWBy.tmp_.jpg","contentUrl":"https:\/\/villa-albertine.org\/wp-content\/uploads\/2023\/08\/b634cf6ba97b008ad0815aeedfc9b832-BWsWBy.tmp_.jpg","width":1392,"height":696},{"@type":"BreadcrumbList","@id":"https:\/\/villa-albertine.org\/va\/fr\/events\/le-nouveau-cinema-francais-au-dela-des-frontieres\/#breadcrumb","itemListElement":[{"@type":"ListItem","position":1,"name":"Home","item":"https:\/\/villa-albertine.org\/va\/fr\/home\/"},{"@type":"ListItem","position":2,"name":"Le nouveau cin\u00e9ma fran\u00e7ais : au-del\u00e0 des fronti\u00e8res"}]},{"@type":"WebSite","@id":"https:\/\/villa-albertine.org\/va\/fr\/#website","url":"https:\/\/villa-albertine.org\/va\/fr\/","name":"Villa Albertine","description":"","potentialAction":[{"@type":"SearchAction","target":{"@type":"EntryPoint","urlTemplate":"https:\/\/villa-albertine.org\/va\/fr\/?s={search_term_string}"},"query-input":{"@type":"PropertyValueSpecification","valueRequired":true,"valueName":"search_term_string"}}],"inLanguage":"fr-FR"}]}},"_links":{"self":[{"href":"https:\/\/villa-albertine.org\/va\/fr\/wp-json\/wp\/v2\/app_event\/63488","targetHints":{"allow":["GET"]}}],"collection":[{"href":"https:\/\/villa-albertine.org\/va\/fr\/wp-json\/wp\/v2\/app_event"}],"about":[{"href":"https:\/\/villa-albertine.org\/va\/fr\/wp-json\/wp\/v2\/types\/app_event"}],"wp:featuredmedia":[{"embeddable":true,"href":"https:\/\/villa-albertine.org\/va\/fr\/wp-json\/wp\/v2\/media\/58409"}],"wp:attachment":[{"href":"https:\/\/villa-albertine.org\/va\/fr\/wp-json\/wp\/v2\/media?parent=63488"}],"wp:term":[{"taxonomy":"app_discipline","embeddable":true,"href":"https:\/\/villa-albertine.org\/va\/fr\/wp-json\/wp\/v2\/app_discipline?post=63488"},{"taxonomy":"app_city_tax","embeddable":true,"href":"https:\/\/villa-albertine.org\/va\/fr\/wp-json\/wp\/v2\/app_city_tax?post=63488"},{"taxonomy":"app_event_type","embeddable":true,"href":"https:\/\/villa-albertine.org\/va\/fr\/wp-json\/wp\/v2\/app_event_type?post=63488"}],"curies":[{"name":"wp","href":"https:\/\/api.w.org\/{rel}","templated":true}]}}