{"id":63483,"date":"2021-10-15T16:56:08","date_gmt":"2021-10-15T16:56:08","guid":{"rendered":"https:\/\/villa-albertine.org\/events\/festival-city-immortals\/"},"modified":"2023-08-23T08:10:38","modified_gmt":"2023-08-23T08:10:38","slug":"festival-city-immortals","status":"publish","type":"app_event","link":"https:\/\/villa-albertine.org\/va\/fr\/events\/festival-city-immortals\/","title":{"rendered":"Festival : City of Immortals"},"content":{"rendered":"<p>Le Th\u00e9\u00e2tre Raymond Kabbas (TRK) est fier de pr\u00e9senter la \u00ab <a href=\"https:\/\/www.theatreraymondkabbaz.com\/upcoming-events-1\/2021\/11\/6\/city-of-immortals\"><u>Cit\u00e9 des Immortes<\/u><\/a>\u00a0\u00bb, une interpr\u00e9tation fran\u00e7aise d\u2019El Di\u00e1 de Los Muertos qui c\u00e9l\u00e8bre la vie et l\u2019immortalit\u00e9 des arts. Le temps de ce festival, les \u00e2mes des grands artistes enterr\u00e9s au cimeti\u00e8re du P\u00e8re-Lachaise \u00e0 Paris sont ramen\u00e9es \u00e0 la vie, et se m\u00ealent dans l\u2019au-del\u00e0.<\/p>\n<p>Inspir\u00e9 par le livre \u00e0 succ\u00e8s de Carolyn Campbell, <em>City of Immortals<\/em>, le festival rend hommage aux chefs-d&rsquo;oeuvre p\u00e9rennes des artistes les plus c\u00e9l\u00e9br\u00e9s au court des si\u00e8cles, r\u00e9unis dans l\u2019au-del\u00e0 et, \u00e0 l\u2019occasion du festival, sur la sc\u00e8ne du Th\u00e9\u00e2tre Raymond Kabbaz. \u00c0 travers la photographie, la litt\u00e9rature, la musique, la danse, l\u2019art, les livres, et la nourriture, ce festival \u00e9clectique rend hommage \u00e0 Fr\u00e9d\u00e9ric Chopin, Edith Piaf, St\u00e9phane Grappelli, Colette, Jim Morrison, et de nombreux autres grands noms, dont les \u0153uvres survivent encore et ont depuis longtemps assur\u00e9 leur gloire.<\/p>\n<p>Le festival dure une journ\u00e9e, et comprendra notamment une projection de<a href=\"https:\/\/icarusfilms.com\/if-fore\"> <em><u>Forever<\/u><\/em><\/a> de Heddy Honigmann (en fran\u00e7ais, sous-titr\u00e9 anglais), une performance pluri-artistique qui m\u00eale danse, litt\u00e9rature et art, une exposition de photographies, de la nourriture, du vin, et plus encore !<\/p>\n<p>\u00a0<\/p>\n<p><strong>Programme :<\/strong><\/p>\n<p>\u00a0<\/p>\n<p><strong>15:00h &#8211; 22h: Exposition <\/strong>des photographies de Carolyn Campbell<\/p>\n<p><strong>16h00: Projection <\/strong>du film documentaire <em>Forever <\/em>de Heddy Honigmann<\/p>\n<ul>\n<li>\u00c0 travers une visite du c\u00e9l\u00e8bre cimeti\u00e8re du P\u00e8re-Lachaise \u00e0 Paris, o\u00f9 reposent nombre de l\u00e9gendaires \u00e9crivains, compositeur, peintres et artistes du monde entier, <em>Forever <\/em>propose une r\u00e9flexion partiuli\u00e8rement poignante et \u00e9mouvante sur les relations entre les vivants et les morts, et sur les puissances immortelles de l\u2019art : l\u2019immortalit\u00e9 existe, gr\u00e2ce aux arts.<\/li>\n<\/ul>\n<p><strong>17h30: Pr\u00e9sentation et rencontre <\/strong>avec Carolyn Campbell, apr\u00e8s la projection<\/p>\n<p><strong>18h45 &#8211; 19h15: D\u00e9dicace <\/strong>du livre de Carolyn Campbell, <em>City of Immortals<\/em><\/p>\n<p><strong>19h30 &#8211; 21h30: Performance <\/strong>inspir\u00e9e de <em>City of Immortals <\/em>et des \u0153uvres des artistes du cimeti\u00e8re du P\u00e8re Lachaise<\/p>\n<p><strong>19h30 &#8211; 21h30:\u00a0 D\u00e9dicace<\/strong><\/p>\n<p>\u00a0<\/p>\n<p><strong>Pour acheter vos billets :<\/strong><a href=\"https:\/\/trkcityofimmortals.eventive.org\/welcome\"><strong> <\/strong><strong><u>https:\/\/trkcityofimmortals.eventive.org\/welcome<\/u><\/strong><\/a><strong>\u00a0<\/strong><\/p>\n<p>\n\u00a0<\/p>\n<p>Tarifs :\u00a0<\/p>\n<p>Pass Film (15 $), 15h00 \u2013 19h15<\/p>\n<ul>\n<li>Donne acc\u00e8s \u00e0 la projection de <em>Forever<\/em> (Heddy Hongmann), suivie d\u2019une conversation avec Carolyn Campbell, une d\u00e9dicace de son livre <em>City of Immortals<\/em>, et \u00e0 l\u2019exposition photographique \u00ab City of Immortals \u00bb<\/li>\n<\/ul>\n<p>Pass Performance (25$), 18h00 \u2013 22h00<\/p>\n<ul>\n<li>Donne acc\u00e8s \u00e0 la performance \u00ab City of Immortals \u00bb, pr\u00e9c\u00e9d\u00e9e par une conversation avec Carolyn Campbell, \u00e0 la d\u00e9dicace de son livre <em>City of Immortals<\/em> et \u00e0 l\u2019exposition photographique \u00ab City of Immortals \u00bb<\/li>\n<\/ul>\n<p>Pass complet (35 $), 15h00 &#8211; 22h00<\/p>\n<ul>\n<li>Donne acc\u00e8s \u00e0 la totalit\u00e9 des \u00e9v\u00e9nements du festival<\/li>\n<\/ul>\n","protected":false},"featured_media":58391,"menu_order":0,"template":"","app_discipline":[275],"app_city_tax":[267],"app_event_type":[285],"class_list":["post-63483","app_event","type-app_event","status-publish","has-post-thumbnail","hentry","app_discipline-arts-de-la-scene-fr","app_city_tax-la-fr","app_event_type-festival-fr"],"acf":[],"yoast_head":"<!-- This site is optimized with the Yoast SEO plugin v27.3 - https:\/\/yoast.com\/product\/yoast-seo-wordpress\/ -->\n<title>Festival : City of Immortals - Villa Albertine<\/title>\n<meta name=\"robots\" content=\"index, follow, max-snippet:-1, max-image-preview:large, max-video-preview:-1\" \/>\n<link rel=\"canonical\" href=\"https:\/\/villa-albertine.org\/va\/fr\/events\/festival-city-immortals\/\" \/>\n<meta property=\"og:locale\" content=\"fr_FR\" \/>\n<meta property=\"og:type\" content=\"article\" \/>\n<meta property=\"og:title\" content=\"Festival : City of Immortals - Villa Albertine\" \/>\n<meta property=\"og:description\" content=\"Le Th\u00e9\u00e2tre Raymond Kabbas (TRK) est fier de pr\u00e9senter la \u00ab Cit\u00e9 des Immortes\u00a0\u00bb, une interpr\u00e9tation fran\u00e7aise d\u2019El Di\u00e1 de Los Muertos qui c\u00e9l\u00e8bre la vie et l\u2019immortalit\u00e9 des arts. Le temps de ce festival, les \u00e2mes des grands artistes enterr\u00e9s au cimeti\u00e8re du P\u00e8re-Lachaise \u00e0 Paris sont ramen\u00e9es \u00e0 la vie, et se m\u00ealent...\" \/>\n<meta property=\"og:url\" content=\"https:\/\/villa-albertine.org\/va\/fr\/events\/festival-city-immortals\/\" \/>\n<meta property=\"og:site_name\" content=\"Villa Albertine\" \/>\n<meta property=\"article:modified_time\" content=\"2023-08-23T08:10:38+00:00\" \/>\n<meta property=\"og:image\" content=\"https:\/\/villa-albertine.org\/wp-content\/uploads\/2023\/08\/city20of20immortals.jpg\" \/>\n\t<meta property=\"og:image:width\" content=\"1392\" \/>\n\t<meta property=\"og:image:height\" content=\"683\" \/>\n\t<meta property=\"og:image:type\" content=\"image\/jpeg\" \/>\n<meta name=\"twitter:card\" content=\"summary_large_image\" \/>\n<meta name=\"twitter:label1\" content=\"Dur\u00e9e de lecture estim\u00e9e\" \/>\n\t<meta name=\"twitter:data1\" content=\"2 minutes\" \/>\n<script type=\"application\/ld+json\" class=\"yoast-schema-graph\">{\"@context\":\"https:\\\/\\\/schema.org\",\"@graph\":[{\"@type\":\"WebPage\",\"@id\":\"https:\\\/\\\/villa-albertine.org\\\/va\\\/fr\\\/events\\\/festival-city-immortals\\\/\",\"url\":\"https:\\\/\\\/villa-albertine.org\\\/va\\\/fr\\\/events\\\/festival-city-immortals\\\/\",\"name\":\"Festival : City of Immortals - Villa Albertine\",\"isPartOf\":{\"@id\":\"https:\\\/\\\/villa-albertine.org\\\/va\\\/fr\\\/#website\"},\"primaryImageOfPage\":{\"@id\":\"https:\\\/\\\/villa-albertine.org\\\/va\\\/fr\\\/events\\\/festival-city-immortals\\\/#primaryimage\"},\"image\":{\"@id\":\"https:\\\/\\\/villa-albertine.org\\\/va\\\/fr\\\/events\\\/festival-city-immortals\\\/#primaryimage\"},\"thumbnailUrl\":\"https:\\\/\\\/villa-albertine.org\\\/wp-content\\\/uploads\\\/2023\\\/08\\\/city20of20immortals.jpg\",\"datePublished\":\"2021-10-15T16:56:08+00:00\",\"dateModified\":\"2023-08-23T08:10:38+00:00\",\"breadcrumb\":{\"@id\":\"https:\\\/\\\/villa-albertine.org\\\/va\\\/fr\\\/events\\\/festival-city-immortals\\\/#breadcrumb\"},\"inLanguage\":\"fr-FR\",\"potentialAction\":[{\"@type\":\"ReadAction\",\"target\":[\"https:\\\/\\\/villa-albertine.org\\\/va\\\/fr\\\/events\\\/festival-city-immortals\\\/\"]}]},{\"@type\":\"ImageObject\",\"inLanguage\":\"fr-FR\",\"@id\":\"https:\\\/\\\/villa-albertine.org\\\/va\\\/fr\\\/events\\\/festival-city-immortals\\\/#primaryimage\",\"url\":\"https:\\\/\\\/villa-albertine.org\\\/wp-content\\\/uploads\\\/2023\\\/08\\\/city20of20immortals.jpg\",\"contentUrl\":\"https:\\\/\\\/villa-albertine.org\\\/wp-content\\\/uploads\\\/2023\\\/08\\\/city20of20immortals.jpg\",\"width\":1392,\"height\":683},{\"@type\":\"BreadcrumbList\",\"@id\":\"https:\\\/\\\/villa-albertine.org\\\/va\\\/fr\\\/events\\\/festival-city-immortals\\\/#breadcrumb\",\"itemListElement\":[{\"@type\":\"ListItem\",\"position\":1,\"name\":\"Home\",\"item\":\"https:\\\/\\\/villa-albertine.org\\\/va\\\/fr\\\/home\\\/\"},{\"@type\":\"ListItem\",\"position\":2,\"name\":\"Festival : City of Immortals\"}]},{\"@type\":\"WebSite\",\"@id\":\"https:\\\/\\\/villa-albertine.org\\\/va\\\/fr\\\/#website\",\"url\":\"https:\\\/\\\/villa-albertine.org\\\/va\\\/fr\\\/\",\"name\":\"Villa Albertine\",\"description\":\"\",\"potentialAction\":[{\"@type\":\"SearchAction\",\"target\":{\"@type\":\"EntryPoint\",\"urlTemplate\":\"https:\\\/\\\/villa-albertine.org\\\/va\\\/fr\\\/?s={search_term_string}\"},\"query-input\":{\"@type\":\"PropertyValueSpecification\",\"valueRequired\":true,\"valueName\":\"search_term_string\"}}],\"inLanguage\":\"fr-FR\"}]}<\/script>\n<!-- \/ Yoast SEO plugin. -->","yoast_head_json":{"title":"Festival : City of Immortals - Villa Albertine","robots":{"index":"index","follow":"follow","max-snippet":"max-snippet:-1","max-image-preview":"max-image-preview:large","max-video-preview":"max-video-preview:-1"},"canonical":"https:\/\/villa-albertine.org\/va\/fr\/events\/festival-city-immortals\/","og_locale":"fr_FR","og_type":"article","og_title":"Festival : City of Immortals - Villa Albertine","og_description":"Le Th\u00e9\u00e2tre Raymond Kabbas (TRK) est fier de pr\u00e9senter la \u00ab Cit\u00e9 des Immortes\u00a0\u00bb, une interpr\u00e9tation fran\u00e7aise d\u2019El Di\u00e1 de Los Muertos qui c\u00e9l\u00e8bre la vie et l\u2019immortalit\u00e9 des arts. Le temps de ce festival, les \u00e2mes des grands artistes enterr\u00e9s au cimeti\u00e8re du P\u00e8re-Lachaise \u00e0 Paris sont ramen\u00e9es \u00e0 la vie, et se m\u00ealent...","og_url":"https:\/\/villa-albertine.org\/va\/fr\/events\/festival-city-immortals\/","og_site_name":"Villa Albertine","article_modified_time":"2023-08-23T08:10:38+00:00","og_image":[{"width":1392,"height":683,"url":"https:\/\/villa-albertine.org\/wp-content\/uploads\/2023\/08\/city20of20immortals.jpg","type":"image\/jpeg"}],"twitter_card":"summary_large_image","twitter_misc":{"Dur\u00e9e de lecture estim\u00e9e":"2 minutes"},"schema":{"@context":"https:\/\/schema.org","@graph":[{"@type":"WebPage","@id":"https:\/\/villa-albertine.org\/va\/fr\/events\/festival-city-immortals\/","url":"https:\/\/villa-albertine.org\/va\/fr\/events\/festival-city-immortals\/","name":"Festival : City of Immortals - Villa Albertine","isPartOf":{"@id":"https:\/\/villa-albertine.org\/va\/fr\/#website"},"primaryImageOfPage":{"@id":"https:\/\/villa-albertine.org\/va\/fr\/events\/festival-city-immortals\/#primaryimage"},"image":{"@id":"https:\/\/villa-albertine.org\/va\/fr\/events\/festival-city-immortals\/#primaryimage"},"thumbnailUrl":"https:\/\/villa-albertine.org\/wp-content\/uploads\/2023\/08\/city20of20immortals.jpg","datePublished":"2021-10-15T16:56:08+00:00","dateModified":"2023-08-23T08:10:38+00:00","breadcrumb":{"@id":"https:\/\/villa-albertine.org\/va\/fr\/events\/festival-city-immortals\/#breadcrumb"},"inLanguage":"fr-FR","potentialAction":[{"@type":"ReadAction","target":["https:\/\/villa-albertine.org\/va\/fr\/events\/festival-city-immortals\/"]}]},{"@type":"ImageObject","inLanguage":"fr-FR","@id":"https:\/\/villa-albertine.org\/va\/fr\/events\/festival-city-immortals\/#primaryimage","url":"https:\/\/villa-albertine.org\/wp-content\/uploads\/2023\/08\/city20of20immortals.jpg","contentUrl":"https:\/\/villa-albertine.org\/wp-content\/uploads\/2023\/08\/city20of20immortals.jpg","width":1392,"height":683},{"@type":"BreadcrumbList","@id":"https:\/\/villa-albertine.org\/va\/fr\/events\/festival-city-immortals\/#breadcrumb","itemListElement":[{"@type":"ListItem","position":1,"name":"Home","item":"https:\/\/villa-albertine.org\/va\/fr\/home\/"},{"@type":"ListItem","position":2,"name":"Festival : City of Immortals"}]},{"@type":"WebSite","@id":"https:\/\/villa-albertine.org\/va\/fr\/#website","url":"https:\/\/villa-albertine.org\/va\/fr\/","name":"Villa Albertine","description":"","potentialAction":[{"@type":"SearchAction","target":{"@type":"EntryPoint","urlTemplate":"https:\/\/villa-albertine.org\/va\/fr\/?s={search_term_string}"},"query-input":{"@type":"PropertyValueSpecification","valueRequired":true,"valueName":"search_term_string"}}],"inLanguage":"fr-FR"}]}},"_links":{"self":[{"href":"https:\/\/villa-albertine.org\/va\/fr\/wp-json\/wp\/v2\/app_event\/63483","targetHints":{"allow":["GET"]}}],"collection":[{"href":"https:\/\/villa-albertine.org\/va\/fr\/wp-json\/wp\/v2\/app_event"}],"about":[{"href":"https:\/\/villa-albertine.org\/va\/fr\/wp-json\/wp\/v2\/types\/app_event"}],"wp:featuredmedia":[{"embeddable":true,"href":"https:\/\/villa-albertine.org\/va\/fr\/wp-json\/wp\/v2\/media\/58391"}],"wp:attachment":[{"href":"https:\/\/villa-albertine.org\/va\/fr\/wp-json\/wp\/v2\/media?parent=63483"}],"wp:term":[{"taxonomy":"app_discipline","embeddable":true,"href":"https:\/\/villa-albertine.org\/va\/fr\/wp-json\/wp\/v2\/app_discipline?post=63483"},{"taxonomy":"app_city_tax","embeddable":true,"href":"https:\/\/villa-albertine.org\/va\/fr\/wp-json\/wp\/v2\/app_city_tax?post=63483"},{"taxonomy":"app_event_type","embeddable":true,"href":"https:\/\/villa-albertine.org\/va\/fr\/wp-json\/wp\/v2\/app_event_type?post=63483"}],"curies":[{"name":"wp","href":"https:\/\/api.w.org\/{rel}","templated":true}]}}