{"id":63479,"date":"2021-10-19T15:38:09","date_gmt":"2021-10-19T15:38:09","guid":{"rendered":"https:\/\/villa-albertine.org\/events\/exposition-witch-hunt-au-hammer-museum\/"},"modified":"2023-08-23T08:10:37","modified_gmt":"2023-08-23T08:10:37","slug":"exposition-witch-hunt-au-hammer-museum","status":"publish","type":"app_event","link":"https:\/\/villa-albertine.org\/va\/fr\/events\/exposition-witch-hunt-au-hammer-museum\/","title":{"rendered":"Exposition Witch Hunt au Hammer Museum"},"content":{"rendered":"<p><em>Witch Hunt<\/em> offrira une puissante perspective f\u00e9ministe &#8211; couvrant la race, la classe sociale, la religion, l&rsquo;ethnicit\u00e9 et la g\u00e9ographie &#8211; et encouragera le dialogue sur certaines des questions les plus urgentes d&rsquo;aujourd&rsquo;hui, allant de la violence contre les femmes et les personnes transgenres au droit \u00e0 la libert\u00e9 d&rsquo;expression et de protestation dans une soci\u00e9t\u00e9 d\u00e9mocratique.<\/p>\n<p>L&rsquo;exposition montrera avec force comment les id\u00e9ologies f\u00e9ministes dans l&rsquo;art peuvent contribuer de mani\u00e8re significative aux d\u00e9bats et renforcer le r\u00f4le que jouent les artistes pour rendre plus visibles les d\u00e9fis auxquels nous sommes confront\u00e9s en tant que soci\u00e9t\u00e9. En cette p\u00e9riode culturelle et politique charni\u00e8re, <em>Witch Hunt<\/em> &#8211; ainsi que le catalogue et les programmes publics qui l&rsquo;accompagnent &#8211; offrira au public un espace sans pr\u00e9c\u00e9dent pour dialoguer avec des artistes femmes qui utilisent leur pratique pour explorer les questions d&rsquo;in\u00e9galit\u00e9 et l&rsquo;effacement des histoires des femmes.<\/p>\n<p><a href=\"https:\/\/hammer.ucla.edu\/exhibitions\/2021\/witch-hunt\">En savoir plus sur Witch Hunt\u00a0<\/a><\/p>\n<p><strong>A propos de\u00a0<em>The Tempest Society<\/em>, pr\u00e9sent\u00e9 par Bouchra Khalili<\/strong><\/p>\n<p><em>The Tempest Society<\/em> s&rsquo;int\u00e9resse \u00e0 l&rsquo;h\u00e9ritage oubli\u00e9 d&rsquo;Al-Assifa (\u00ab\u00a0La Temp\u00eate\u00a0\u00bb en arabe), un th\u00e9\u00e2tre contestataire compos\u00e9 de travailleurs immigr\u00e9s nord-africains et d&rsquo;\u00e9tudiants fran\u00e7ais, actif \u00e0 Paris de 1972 \u00e0 1978, et explore sa pertinence dans les luttes \u00e9conomiques et humanitaires actuelles.<\/p>\n<p>Le film n&rsquo;est ni un documentaire ni une fiction, mais plut\u00f4t une hypoth\u00e8se. En 2017, \u00e0 Ath\u00e8nes, Khalili invite trois personnes issues de milieux diff\u00e9rents \u00e0 former une troupe de th\u00e9\u00e2tre. Les jeunes Ath\u00e9niens se nomment \u00ab\u00a0The Tempest Society\u00a0\u00bb, et s&rsquo;inspirent de la m\u00e9thode de performance d&rsquo;Al Assifa en tant que \u00ab\u00a0journal th\u00e9\u00e2tral\u00a0\u00bb pour aborder le racisme et les in\u00e9galit\u00e9s en France. Les invit\u00e9s qui se joignent aux performeurs de la Tempest Society comprennent : Ghani, porte-parole d&rsquo;un groupe de trois cents travailleurs immigr\u00e9s qui a men\u00e9 une gr\u00e8ve de la faim en 2011 pour l&rsquo;\u00e9galit\u00e9 des droits au travail ; Katerina, n\u00e9e en Gr\u00e8ce mais sans papiers, qui m\u00e9dite sur la citoyennet\u00e9 et l&rsquo;appartenance civique ; et Malek, jeune r\u00e9fugi\u00e9 syrien qui s&rsquo;est engag\u00e9 dans le th\u00e9\u00e2tre \u00e0 Ath\u00e8nes pour transformer \u00a0\u00bb la tristesse en beaut\u00e9 \u00ab\u00a0. Ensemble, ils font du th\u00e9\u00e2tre un espace civique pour partager leurs histoires et examiner l&rsquo;\u00e9tat actuel de la Gr\u00e8ce, de l&rsquo;Europe et de la M\u00e9diterran\u00e9e.<\/p>\n<p><strong>A propos de Bouchra Khalili\u00a0<\/strong><\/p>\n<p>Bouchra Khalili est une artiste visuelle franco-marocaine vivant \u00e0 Berlin. Elle a \u00e9tudi\u00e9 le cin\u00e9ma \u00e0 la Sorbonne Nouvelle et les arts visuels \u00e0 l&rsquo;\u00c9cole Nationale Sup\u00e9rieure d&rsquo;Arts de Paris-Cergy. Bas\u00e9e sur des recherches approfondies, sa pratique du cin\u00e9ma, de l&rsquo;installation, de la photographie et de la gravure s&rsquo;int\u00e9resse aux strat\u00e9gies et aux discours de r\u00e9sistance tels qu&rsquo;ils sont \u00e9labor\u00e9s, d\u00e9velopp\u00e9s et racont\u00e9s par des individus, souvent membres de minorit\u00e9s politiques rendues invisibles par l&rsquo;\u00c9tat-nation. Elle a particip\u00e9 \u00e0 de nombreuses expositions internationales majeures, dont Documenta 14, la 55e Biennale de Venise, la 18e Biennale de Sydney, la 10e Biennale de Sharjah et la 5e Biennale de Moscou, entre autres. Elle a eu des expositions individuelles au Museum of Fine Arts (Boston), \u00e0 la Galerie nationale du Jeu de Paume (Paris), au Museum Folkwang (Essen), \u00e0 la Secession (Vienne), au MoMA (New York), au PAMM (Miami), au MACBA (Barcelone) et au Palais de Tokyo (Paris), entre autres. Le travail de Khalili a \u00e9t\u00e9 inclus dans les expositions du New Museum \u00ab\u00a0Here and Elsewhere\u00a0\u00bb (2014) et \u00ab\u00a0The Warmth of Other Suns\u00a0\u00bb (2019) \u00e0 la collection Phillips. Elle est membre de la Soros Arts Fellow 2019 de l&rsquo;Open Society Foundations.<\/p>\n<p><strong>A propos du Hammer Museum\u00a0<\/strong><\/p>\n<p>Le Hammer Museum d\u00e9fend l&rsquo;art et les artistes qui nous incitent \u00e0 voir le monde sous un jour nouveau, \u00e0 vivre des exp\u00e9riences inattendues, \u00e0 enflammer notre imagination et \u00e0 inspirer le changement. \u00a0V\u00e9ritable carrefour intellectuel et cr\u00e9atif, le Hammer est aliment\u00e9 par des expositions et des programmes dynamiques &#8211; notamment des conf\u00e9rences, des symposiums, des s\u00e9ries de films, des lectures et des spectacles musicaux &#8211; qui suscitent des rencontres significatives avec l&rsquo;art et les id\u00e9es. Le Hammer Museum a ouvert ses portes au public en novembre 1990. Fond\u00e9 par le Dr Armand Hammer, ancien pr\u00e9sident de l&rsquo;Occidental Petroleum Corporation, le mus\u00e9e a \u00e9t\u00e9 con\u00e7u par l&rsquo;architecte Edward Larrabee Barnes. La collection contemporaine du Hammer compte aujourd&rsquo;hui plus de 2 000 \u0153uvres d&rsquo;art.<\/p>\n","protected":false},"featured_media":58382,"menu_order":0,"template":"","app_discipline":[265],"app_city_tax":[267],"app_event_type":[290],"class_list":["post-63479","app_event","type-app_event","status-publish","has-post-thumbnail","hentry","app_discipline-arts-visuels-fr","app_city_tax-la-fr","app_event_type-exposition-fr"],"acf":[],"yoast_head":"<!-- This site is optimized with the Yoast SEO plugin v27.3 - https:\/\/yoast.com\/product\/yoast-seo-wordpress\/ -->\n<title>Exposition Witch Hunt au Hammer Museum - Villa Albertine<\/title>\n<meta name=\"robots\" content=\"index, follow, max-snippet:-1, max-image-preview:large, max-video-preview:-1\" \/>\n<link rel=\"canonical\" href=\"https:\/\/villa-albertine.org\/va\/fr\/events\/exposition-witch-hunt-au-hammer-museum\/\" \/>\n<meta property=\"og:locale\" content=\"fr_FR\" \/>\n<meta property=\"og:type\" content=\"article\" \/>\n<meta property=\"og:title\" content=\"Exposition Witch Hunt au Hammer Museum - Villa Albertine\" \/>\n<meta property=\"og:description\" content=\"Witch Hunt offrira une puissante perspective f\u00e9ministe &#8211; couvrant la race, la classe sociale, la religion, l&rsquo;ethnicit\u00e9 et la g\u00e9ographie &#8211; et encouragera le dialogue sur certaines des questions les plus urgentes d&rsquo;aujourd&rsquo;hui, allant de la violence contre les femmes et les personnes transgenres au droit \u00e0 la libert\u00e9 d&rsquo;expression et de protestation dans une...\" \/>\n<meta property=\"og:url\" content=\"https:\/\/villa-albertine.org\/va\/fr\/events\/exposition-witch-hunt-au-hammer-museum\/\" \/>\n<meta property=\"og:site_name\" content=\"Villa Albertine\" \/>\n<meta property=\"article:modified_time\" content=\"2023-08-23T08:10:37+00:00\" \/>\n<meta property=\"og:image\" content=\"https:\/\/villa-albertine.org\/wp-content\/uploads\/2023\/08\/image007.jpeg\" \/>\n\t<meta property=\"og:image:width\" content=\"970\" \/>\n\t<meta property=\"og:image:height\" content=\"723\" \/>\n\t<meta property=\"og:image:type\" content=\"image\/jpeg\" \/>\n<meta name=\"twitter:card\" content=\"summary_large_image\" \/>\n<meta name=\"twitter:label1\" content=\"Dur\u00e9e de lecture estim\u00e9e\" \/>\n\t<meta name=\"twitter:data1\" content=\"4 minutes\" \/>\n<script type=\"application\/ld+json\" class=\"yoast-schema-graph\">{\"@context\":\"https:\\\/\\\/schema.org\",\"@graph\":[{\"@type\":\"WebPage\",\"@id\":\"https:\\\/\\\/villa-albertine.org\\\/va\\\/fr\\\/events\\\/exposition-witch-hunt-au-hammer-museum\\\/\",\"url\":\"https:\\\/\\\/villa-albertine.org\\\/va\\\/fr\\\/events\\\/exposition-witch-hunt-au-hammer-museum\\\/\",\"name\":\"Exposition Witch Hunt au Hammer Museum - Villa Albertine\",\"isPartOf\":{\"@id\":\"https:\\\/\\\/villa-albertine.org\\\/va\\\/fr\\\/#website\"},\"primaryImageOfPage\":{\"@id\":\"https:\\\/\\\/villa-albertine.org\\\/va\\\/fr\\\/events\\\/exposition-witch-hunt-au-hammer-museum\\\/#primaryimage\"},\"image\":{\"@id\":\"https:\\\/\\\/villa-albertine.org\\\/va\\\/fr\\\/events\\\/exposition-witch-hunt-au-hammer-museum\\\/#primaryimage\"},\"thumbnailUrl\":\"https:\\\/\\\/villa-albertine.org\\\/wp-content\\\/uploads\\\/2023\\\/08\\\/image007.jpeg\",\"datePublished\":\"2021-10-19T15:38:09+00:00\",\"dateModified\":\"2023-08-23T08:10:37+00:00\",\"breadcrumb\":{\"@id\":\"https:\\\/\\\/villa-albertine.org\\\/va\\\/fr\\\/events\\\/exposition-witch-hunt-au-hammer-museum\\\/#breadcrumb\"},\"inLanguage\":\"fr-FR\",\"potentialAction\":[{\"@type\":\"ReadAction\",\"target\":[\"https:\\\/\\\/villa-albertine.org\\\/va\\\/fr\\\/events\\\/exposition-witch-hunt-au-hammer-museum\\\/\"]}]},{\"@type\":\"ImageObject\",\"inLanguage\":\"fr-FR\",\"@id\":\"https:\\\/\\\/villa-albertine.org\\\/va\\\/fr\\\/events\\\/exposition-witch-hunt-au-hammer-museum\\\/#primaryimage\",\"url\":\"https:\\\/\\\/villa-albertine.org\\\/wp-content\\\/uploads\\\/2023\\\/08\\\/image007.jpeg\",\"contentUrl\":\"https:\\\/\\\/villa-albertine.org\\\/wp-content\\\/uploads\\\/2023\\\/08\\\/image007.jpeg\",\"width\":970,\"height\":723},{\"@type\":\"BreadcrumbList\",\"@id\":\"https:\\\/\\\/villa-albertine.org\\\/va\\\/fr\\\/events\\\/exposition-witch-hunt-au-hammer-museum\\\/#breadcrumb\",\"itemListElement\":[{\"@type\":\"ListItem\",\"position\":1,\"name\":\"Home\",\"item\":\"https:\\\/\\\/villa-albertine.org\\\/va\\\/fr\\\/home\\\/\"},{\"@type\":\"ListItem\",\"position\":2,\"name\":\"Exposition Witch Hunt au Hammer Museum\"}]},{\"@type\":\"WebSite\",\"@id\":\"https:\\\/\\\/villa-albertine.org\\\/va\\\/fr\\\/#website\",\"url\":\"https:\\\/\\\/villa-albertine.org\\\/va\\\/fr\\\/\",\"name\":\"Villa Albertine\",\"description\":\"\",\"potentialAction\":[{\"@type\":\"SearchAction\",\"target\":{\"@type\":\"EntryPoint\",\"urlTemplate\":\"https:\\\/\\\/villa-albertine.org\\\/va\\\/fr\\\/?s={search_term_string}\"},\"query-input\":{\"@type\":\"PropertyValueSpecification\",\"valueRequired\":true,\"valueName\":\"search_term_string\"}}],\"inLanguage\":\"fr-FR\"}]}<\/script>\n<!-- \/ Yoast SEO plugin. -->","yoast_head_json":{"title":"Exposition Witch Hunt au Hammer Museum - Villa Albertine","robots":{"index":"index","follow":"follow","max-snippet":"max-snippet:-1","max-image-preview":"max-image-preview:large","max-video-preview":"max-video-preview:-1"},"canonical":"https:\/\/villa-albertine.org\/va\/fr\/events\/exposition-witch-hunt-au-hammer-museum\/","og_locale":"fr_FR","og_type":"article","og_title":"Exposition Witch Hunt au Hammer Museum - Villa Albertine","og_description":"Witch Hunt offrira une puissante perspective f\u00e9ministe &#8211; couvrant la race, la classe sociale, la religion, l&rsquo;ethnicit\u00e9 et la g\u00e9ographie &#8211; et encouragera le dialogue sur certaines des questions les plus urgentes d&rsquo;aujourd&rsquo;hui, allant de la violence contre les femmes et les personnes transgenres au droit \u00e0 la libert\u00e9 d&rsquo;expression et de protestation dans une...","og_url":"https:\/\/villa-albertine.org\/va\/fr\/events\/exposition-witch-hunt-au-hammer-museum\/","og_site_name":"Villa Albertine","article_modified_time":"2023-08-23T08:10:37+00:00","og_image":[{"width":970,"height":723,"url":"https:\/\/villa-albertine.org\/wp-content\/uploads\/2023\/08\/image007.jpeg","type":"image\/jpeg"}],"twitter_card":"summary_large_image","twitter_misc":{"Dur\u00e9e de lecture estim\u00e9e":"4 minutes"},"schema":{"@context":"https:\/\/schema.org","@graph":[{"@type":"WebPage","@id":"https:\/\/villa-albertine.org\/va\/fr\/events\/exposition-witch-hunt-au-hammer-museum\/","url":"https:\/\/villa-albertine.org\/va\/fr\/events\/exposition-witch-hunt-au-hammer-museum\/","name":"Exposition Witch Hunt au Hammer Museum - Villa Albertine","isPartOf":{"@id":"https:\/\/villa-albertine.org\/va\/fr\/#website"},"primaryImageOfPage":{"@id":"https:\/\/villa-albertine.org\/va\/fr\/events\/exposition-witch-hunt-au-hammer-museum\/#primaryimage"},"image":{"@id":"https:\/\/villa-albertine.org\/va\/fr\/events\/exposition-witch-hunt-au-hammer-museum\/#primaryimage"},"thumbnailUrl":"https:\/\/villa-albertine.org\/wp-content\/uploads\/2023\/08\/image007.jpeg","datePublished":"2021-10-19T15:38:09+00:00","dateModified":"2023-08-23T08:10:37+00:00","breadcrumb":{"@id":"https:\/\/villa-albertine.org\/va\/fr\/events\/exposition-witch-hunt-au-hammer-museum\/#breadcrumb"},"inLanguage":"fr-FR","potentialAction":[{"@type":"ReadAction","target":["https:\/\/villa-albertine.org\/va\/fr\/events\/exposition-witch-hunt-au-hammer-museum\/"]}]},{"@type":"ImageObject","inLanguage":"fr-FR","@id":"https:\/\/villa-albertine.org\/va\/fr\/events\/exposition-witch-hunt-au-hammer-museum\/#primaryimage","url":"https:\/\/villa-albertine.org\/wp-content\/uploads\/2023\/08\/image007.jpeg","contentUrl":"https:\/\/villa-albertine.org\/wp-content\/uploads\/2023\/08\/image007.jpeg","width":970,"height":723},{"@type":"BreadcrumbList","@id":"https:\/\/villa-albertine.org\/va\/fr\/events\/exposition-witch-hunt-au-hammer-museum\/#breadcrumb","itemListElement":[{"@type":"ListItem","position":1,"name":"Home","item":"https:\/\/villa-albertine.org\/va\/fr\/home\/"},{"@type":"ListItem","position":2,"name":"Exposition Witch Hunt au Hammer Museum"}]},{"@type":"WebSite","@id":"https:\/\/villa-albertine.org\/va\/fr\/#website","url":"https:\/\/villa-albertine.org\/va\/fr\/","name":"Villa Albertine","description":"","potentialAction":[{"@type":"SearchAction","target":{"@type":"EntryPoint","urlTemplate":"https:\/\/villa-albertine.org\/va\/fr\/?s={search_term_string}"},"query-input":{"@type":"PropertyValueSpecification","valueRequired":true,"valueName":"search_term_string"}}],"inLanguage":"fr-FR"}]}},"_links":{"self":[{"href":"https:\/\/villa-albertine.org\/va\/fr\/wp-json\/wp\/v2\/app_event\/63479","targetHints":{"allow":["GET"]}}],"collection":[{"href":"https:\/\/villa-albertine.org\/va\/fr\/wp-json\/wp\/v2\/app_event"}],"about":[{"href":"https:\/\/villa-albertine.org\/va\/fr\/wp-json\/wp\/v2\/types\/app_event"}],"wp:featuredmedia":[{"embeddable":true,"href":"https:\/\/villa-albertine.org\/va\/fr\/wp-json\/wp\/v2\/media\/58382"}],"wp:attachment":[{"href":"https:\/\/villa-albertine.org\/va\/fr\/wp-json\/wp\/v2\/media?parent=63479"}],"wp:term":[{"taxonomy":"app_discipline","embeddable":true,"href":"https:\/\/villa-albertine.org\/va\/fr\/wp-json\/wp\/v2\/app_discipline?post=63479"},{"taxonomy":"app_city_tax","embeddable":true,"href":"https:\/\/villa-albertine.org\/va\/fr\/wp-json\/wp\/v2\/app_city_tax?post=63479"},{"taxonomy":"app_event_type","embeddable":true,"href":"https:\/\/villa-albertine.org\/va\/fr\/wp-json\/wp\/v2\/app_event_type?post=63479"}],"curies":[{"name":"wp","href":"https:\/\/api.w.org\/{rel}","templated":true}]}}