{"id":63453,"date":"2021-10-20T00:14:13","date_gmt":"2021-10-20T00:14:13","guid":{"rendered":"https:\/\/villa-albertine.org\/events\/33eme-edition-du-boston-jewish-film-festival\/"},"modified":"2023-08-23T08:08:18","modified_gmt":"2023-08-23T08:08:18","slug":"33eme-edition-du-boston-jewish-film-festival","status":"publish","type":"app_event","link":"https:\/\/villa-albertine.org\/va\/fr\/events\/33eme-edition-du-boston-jewish-film-festival\/","title":{"rendered":"33\u00e8me \u00e9dition du Boston Jewish Film Festival"},"content":{"rendered":"<p>Le Festival du film juif de Boston est de retour pour sa 33\u00e8me \u00e9dition. Chaque mois de novembre, durant douze jours, ce festival est l\u2019occasion de voir les meilleurs films contemporains, du monde entier, qui ont pour th\u00e8mes la culture et l\u2019identit\u00e9 juives. La projection de ces films en pr\u00e9sence de certains r\u00e9alisateurs permet au public de participer \u00e0 des panels de discussions, d\u2019assister \u00e0 des \u00e9v\u00e8nements musicaux, etc.\u00a0<\/p>\n<p>Le festival comprend un ensemble de projections virtuelles, ainsi qu&rsquo;une projection en personne de <em>Space Torah<\/em> \u00e0 l&rsquo;Omni Theater du Mus\u00e9e des Sciences de Boston, avec un invit\u00e9 sp\u00e9cial, le Dr Jeff Hoffman, astronaute de la NASA. Pour la partie virtuelle, les films peuvent \u00eatre visionn\u00e9s \u00e0 tout moment. Le festival revient aussi avec son programme <em>FreshFlix<\/em>, qui promeut les nouvelles voix du cin\u00e9ma juif gr\u00e2ce \u00e0 des projections sp\u00e9ciales, des f\u00eates et la comp\u00e9tition annuelle de courts m\u00e9trages, o\u00f9 les participants choisissent les gagnants et portent un toast \u00e0 la nouvelle vague de jeunes cin\u00e9astes.\u00a0<\/p>\n<p>Depuis de nombreuses ann\u00e9es, le festival du film juif de Boston collabore avec les services culturels fran\u00e7ais afin d\u2019explorer et de c\u00e9l\u00e9brer la richesse de la communaut\u00e9 juive fran\u00e7aise, ainsi que les nombreuses collaborations professionnelles entre le monde du cin\u00e9ma fran\u00e7ais et isra\u00e9lien. Cette ann\u00e9e, deux films r\u00e9alis\u00e9s en France sont \u00e0 l\u2019honneur, ainsi que deux films en langue fran\u00e7aise. Tenez-vous au courant de la sortie du programme sur <a href=\"http:\/\/www.bostonjfilm.org\"><u>www.bostonjfilm.org<\/u><\/a>.<\/p>\n<p><strong>Haute Couture, film r\u00e9alis\u00e9 par Sylvie Ohayon<\/strong> \u00a0 \u00a0 (Fiction, 100 minutes, 2021, France, en fran\u00e7ais avec des sous-titres)<\/p>\n<p>Premi\u00e8re d\u2019atelier au sein de la Maison Dior, Esther participe \u00e0 sa derni\u00e8re collection de Haute Couture avant de prendre sa retraite. Un jour, elle se fait voler son sac dans le m\u00e9tro par Jade, 20 ans. Mais celle-ci, prise de remords, d\u00e9cide de lui restituer son bien. S\u00e9duite malgr\u00e9 elle par l\u2019audace de la jeune fille et convaincue qu\u2019elle a un don, Esther lui offre la chance d\u2019int\u00e9grer les ateliers de la Maison Dior comme apprentie. L\u2019occasion de transmettre \u00e0 Jade un m\u00e9tier exerc\u00e9 depuis toujours pour la beaut\u00e9 du geste&#8230;<\/p>\n<p><strong>La Collection, film r\u00e9alis\u00e9 par Emmanuel Blanchard<\/strong>\u00a0 (Fiction, 13 minutes, 2019, France, en fran\u00e7ais avec des sous-titres)<\/p>\n<p>Paris, 1942. En pleine occupation, Victor Gence, un marchand sans scrupules, rach\u00e8te \u00e0 vil prix les \u0153uvres d\u2019art de collectionneurs juifs. Renseign\u00e9 par une concierge, il r\u00e9ussit \u00e0 s\u2019introduire dans l\u2019appartement de Monsieur Klein qui semble disposer d\u2019une collection proprement fabuleuse.<\/p>\n<p>Jean-Claude Carri\u00e8re, laur\u00e9at d&rsquo;un Oscar, est la vedette de ce drame sinistre et d\u00e9chirant qui se d\u00e9roule dans le Paris occup\u00e9 par les nazis. Inspir\u00e9 d&rsquo;une nouvelle de Stefan Zweig.<\/p>\n<p><strong>Bukra Fil Mish-Mish [Quand les poules auront des dents], film r\u00e9alis\u00e9 par Tal Michael <\/strong>(Documentaire, 52 minutes, 2019, Isra\u00ebl, en arabe, anglais, fran\u00e7ais, h\u00e9breu avec des sous-titres)\u00a0\u00a0\u00a0<\/p>\n<p>Peu apr\u00e8s la mort de ses oncles, Didier Frenkel descend au sous-sol de leur maison commune et trouve un tr\u00e9sor : une ancienne archive anim\u00e9e d&rsquo;\u00c9gypte mettant en sc\u00e8ne Mish-Mish Effendi, l&rsquo;\u00e9quivalent arabe de Mickey Mouse. Ses oncles ont gard\u00e9 secr\u00e8tement ce chapitre surprenant de leur vie. Didier commence \u00e0 restaurer les films et d\u00e9voile l&rsquo;histoire de l&rsquo;ascension et de la chute de ces pionniers de l&rsquo;animation arabe. Bizarrement, la m\u00e8re de Didier est oppos\u00e9e \u00e0 ce projet.<\/p>\n<p><strong>Persian Lessons, film r\u00e9alis\u00e9 par Vadim Perelman<\/strong> (Fiction, 127 minutes, 2019, Bi\u00e9lorussie\/Allemagne\/Russie, en anglais, fran\u00e7ais, allemand, italien avec des sous-titres)\u00a0\u00a0<\/p>\n<p>1942. Gilles, un jeune Belge, est arr\u00eat\u00e9 par les SS avec d&rsquo;autres Juifs et envoy\u00e9 dans un camp de concentration en Allemagne. Il \u00e9vite de justesse l&rsquo;ex\u00e9cution en jurant aux gardes qu&rsquo;il n&rsquo;est pas juif, mais persan. Ce mensonge le sauve provisoirement, mais Gilles se voit alors confier une mission apparemment intenable : enseigner le farsi \u00e0 Koch, l&rsquo;officier responsable de la cuisine du camp, qui r\u00eave d&rsquo;ouvrir un restaurant en Iran une fois la guerre termin\u00e9e. Gilles se retrouve \u00e0 devoir inventer, mot \u00e0 mot, une langue qu&rsquo;il ne conna\u00eet pas. Alors que la relation inhabituelle entre les deux hommes commence \u00e0 susciter jalousie et suspicion, Gilles prend conscience qu&rsquo;un seul faux pas pourrait r\u00e9v\u00e9ler son escroquerie.<\/p>\n<p>\u00a0<\/p>\n","protected":false},"featured_media":63451,"menu_order":0,"template":"","app_discipline":[266],"app_city_tax":[269],"app_event_type":[287],"class_list":["post-63453","app_event","type-app_event","status-publish","has-post-thumbnail","hentry","app_discipline-cinema-fr","app_city_tax-bos-fr","app_event_type-film-fr"],"acf":[],"yoast_head":"<!-- This site is optimized with the Yoast SEO plugin v27.3 - https:\/\/yoast.com\/product\/yoast-seo-wordpress\/ -->\n<title>33\u00e8me \u00e9dition du Boston Jewish Film Festival - Villa Albertine<\/title>\n<meta name=\"robots\" content=\"index, follow, max-snippet:-1, max-image-preview:large, max-video-preview:-1\" \/>\n<link rel=\"canonical\" href=\"https:\/\/villa-albertine.org\/va\/fr\/events\/33eme-edition-du-boston-jewish-film-festival\/\" \/>\n<meta property=\"og:locale\" content=\"fr_FR\" \/>\n<meta property=\"og:type\" content=\"article\" \/>\n<meta property=\"og:title\" content=\"33\u00e8me \u00e9dition du Boston Jewish Film Festival - Villa Albertine\" \/>\n<meta property=\"og:description\" content=\"Le Festival du film juif de Boston est de retour pour sa 33\u00e8me \u00e9dition. Chaque mois de novembre, durant douze jours, ce festival est l\u2019occasion de voir les meilleurs films contemporains, du monde entier, qui ont pour th\u00e8mes la culture et l\u2019identit\u00e9 juives. La projection de ces films en pr\u00e9sence de certains r\u00e9alisateurs permet au...\" \/>\n<meta property=\"og:url\" content=\"https:\/\/villa-albertine.org\/va\/fr\/events\/33eme-edition-du-boston-jewish-film-festival\/\" \/>\n<meta property=\"og:site_name\" content=\"Villa Albertine\" \/>\n<meta property=\"article:modified_time\" content=\"2023-08-23T08:08:18+00:00\" \/>\n<meta property=\"og:image\" content=\"https:\/\/villa-albertine.org\/wp-content\/uploads\/2023\/08\/BJFF.jpg\" \/>\n\t<meta property=\"og:image:width\" content=\"1392\" \/>\n\t<meta property=\"og:image:height\" content=\"924\" \/>\n\t<meta property=\"og:image:type\" content=\"image\/jpeg\" \/>\n<meta name=\"twitter:card\" content=\"summary_large_image\" \/>\n<meta name=\"twitter:label1\" content=\"Dur\u00e9e de lecture estim\u00e9e\" \/>\n\t<meta name=\"twitter:data1\" content=\"4 minutes\" \/>\n<script type=\"application\/ld+json\" class=\"yoast-schema-graph\">{\"@context\":\"https:\\\/\\\/schema.org\",\"@graph\":[{\"@type\":\"WebPage\",\"@id\":\"https:\\\/\\\/villa-albertine.org\\\/va\\\/fr\\\/events\\\/33eme-edition-du-boston-jewish-film-festival\\\/\",\"url\":\"https:\\\/\\\/villa-albertine.org\\\/va\\\/fr\\\/events\\\/33eme-edition-du-boston-jewish-film-festival\\\/\",\"name\":\"33\u00e8me \u00e9dition du Boston Jewish Film Festival - Villa Albertine\",\"isPartOf\":{\"@id\":\"https:\\\/\\\/villa-albertine.org\\\/va\\\/fr\\\/#website\"},\"primaryImageOfPage\":{\"@id\":\"https:\\\/\\\/villa-albertine.org\\\/va\\\/fr\\\/events\\\/33eme-edition-du-boston-jewish-film-festival\\\/#primaryimage\"},\"image\":{\"@id\":\"https:\\\/\\\/villa-albertine.org\\\/va\\\/fr\\\/events\\\/33eme-edition-du-boston-jewish-film-festival\\\/#primaryimage\"},\"thumbnailUrl\":\"https:\\\/\\\/villa-albertine.org\\\/wp-content\\\/uploads\\\/2023\\\/08\\\/BJFF.jpg\",\"datePublished\":\"2021-10-20T00:14:13+00:00\",\"dateModified\":\"2023-08-23T08:08:18+00:00\",\"breadcrumb\":{\"@id\":\"https:\\\/\\\/villa-albertine.org\\\/va\\\/fr\\\/events\\\/33eme-edition-du-boston-jewish-film-festival\\\/#breadcrumb\"},\"inLanguage\":\"fr-FR\",\"potentialAction\":[{\"@type\":\"ReadAction\",\"target\":[\"https:\\\/\\\/villa-albertine.org\\\/va\\\/fr\\\/events\\\/33eme-edition-du-boston-jewish-film-festival\\\/\"]}]},{\"@type\":\"ImageObject\",\"inLanguage\":\"fr-FR\",\"@id\":\"https:\\\/\\\/villa-albertine.org\\\/va\\\/fr\\\/events\\\/33eme-edition-du-boston-jewish-film-festival\\\/#primaryimage\",\"url\":\"https:\\\/\\\/villa-albertine.org\\\/wp-content\\\/uploads\\\/2023\\\/08\\\/BJFF.jpg\",\"contentUrl\":\"https:\\\/\\\/villa-albertine.org\\\/wp-content\\\/uploads\\\/2023\\\/08\\\/BJFF.jpg\",\"width\":1392,\"height\":924},{\"@type\":\"BreadcrumbList\",\"@id\":\"https:\\\/\\\/villa-albertine.org\\\/va\\\/fr\\\/events\\\/33eme-edition-du-boston-jewish-film-festival\\\/#breadcrumb\",\"itemListElement\":[{\"@type\":\"ListItem\",\"position\":1,\"name\":\"Home\",\"item\":\"https:\\\/\\\/villa-albertine.org\\\/va\\\/fr\\\/home\\\/\"},{\"@type\":\"ListItem\",\"position\":2,\"name\":\"33\u00e8me \u00e9dition du Boston Jewish Film Festival\"}]},{\"@type\":\"WebSite\",\"@id\":\"https:\\\/\\\/villa-albertine.org\\\/va\\\/fr\\\/#website\",\"url\":\"https:\\\/\\\/villa-albertine.org\\\/va\\\/fr\\\/\",\"name\":\"Villa Albertine\",\"description\":\"\",\"potentialAction\":[{\"@type\":\"SearchAction\",\"target\":{\"@type\":\"EntryPoint\",\"urlTemplate\":\"https:\\\/\\\/villa-albertine.org\\\/va\\\/fr\\\/?s={search_term_string}\"},\"query-input\":{\"@type\":\"PropertyValueSpecification\",\"valueRequired\":true,\"valueName\":\"search_term_string\"}}],\"inLanguage\":\"fr-FR\"}]}<\/script>\n<!-- \/ Yoast SEO plugin. -->","yoast_head_json":{"title":"33\u00e8me \u00e9dition du Boston Jewish Film Festival - Villa Albertine","robots":{"index":"index","follow":"follow","max-snippet":"max-snippet:-1","max-image-preview":"max-image-preview:large","max-video-preview":"max-video-preview:-1"},"canonical":"https:\/\/villa-albertine.org\/va\/fr\/events\/33eme-edition-du-boston-jewish-film-festival\/","og_locale":"fr_FR","og_type":"article","og_title":"33\u00e8me \u00e9dition du Boston Jewish Film Festival - Villa Albertine","og_description":"Le Festival du film juif de Boston est de retour pour sa 33\u00e8me \u00e9dition. Chaque mois de novembre, durant douze jours, ce festival est l\u2019occasion de voir les meilleurs films contemporains, du monde entier, qui ont pour th\u00e8mes la culture et l\u2019identit\u00e9 juives. La projection de ces films en pr\u00e9sence de certains r\u00e9alisateurs permet au...","og_url":"https:\/\/villa-albertine.org\/va\/fr\/events\/33eme-edition-du-boston-jewish-film-festival\/","og_site_name":"Villa Albertine","article_modified_time":"2023-08-23T08:08:18+00:00","og_image":[{"width":1392,"height":924,"url":"https:\/\/villa-albertine.org\/wp-content\/uploads\/2023\/08\/BJFF.jpg","type":"image\/jpeg"}],"twitter_card":"summary_large_image","twitter_misc":{"Dur\u00e9e de lecture estim\u00e9e":"4 minutes"},"schema":{"@context":"https:\/\/schema.org","@graph":[{"@type":"WebPage","@id":"https:\/\/villa-albertine.org\/va\/fr\/events\/33eme-edition-du-boston-jewish-film-festival\/","url":"https:\/\/villa-albertine.org\/va\/fr\/events\/33eme-edition-du-boston-jewish-film-festival\/","name":"33\u00e8me \u00e9dition du Boston Jewish Film Festival - Villa Albertine","isPartOf":{"@id":"https:\/\/villa-albertine.org\/va\/fr\/#website"},"primaryImageOfPage":{"@id":"https:\/\/villa-albertine.org\/va\/fr\/events\/33eme-edition-du-boston-jewish-film-festival\/#primaryimage"},"image":{"@id":"https:\/\/villa-albertine.org\/va\/fr\/events\/33eme-edition-du-boston-jewish-film-festival\/#primaryimage"},"thumbnailUrl":"https:\/\/villa-albertine.org\/wp-content\/uploads\/2023\/08\/BJFF.jpg","datePublished":"2021-10-20T00:14:13+00:00","dateModified":"2023-08-23T08:08:18+00:00","breadcrumb":{"@id":"https:\/\/villa-albertine.org\/va\/fr\/events\/33eme-edition-du-boston-jewish-film-festival\/#breadcrumb"},"inLanguage":"fr-FR","potentialAction":[{"@type":"ReadAction","target":["https:\/\/villa-albertine.org\/va\/fr\/events\/33eme-edition-du-boston-jewish-film-festival\/"]}]},{"@type":"ImageObject","inLanguage":"fr-FR","@id":"https:\/\/villa-albertine.org\/va\/fr\/events\/33eme-edition-du-boston-jewish-film-festival\/#primaryimage","url":"https:\/\/villa-albertine.org\/wp-content\/uploads\/2023\/08\/BJFF.jpg","contentUrl":"https:\/\/villa-albertine.org\/wp-content\/uploads\/2023\/08\/BJFF.jpg","width":1392,"height":924},{"@type":"BreadcrumbList","@id":"https:\/\/villa-albertine.org\/va\/fr\/events\/33eme-edition-du-boston-jewish-film-festival\/#breadcrumb","itemListElement":[{"@type":"ListItem","position":1,"name":"Home","item":"https:\/\/villa-albertine.org\/va\/fr\/home\/"},{"@type":"ListItem","position":2,"name":"33\u00e8me \u00e9dition du Boston Jewish Film Festival"}]},{"@type":"WebSite","@id":"https:\/\/villa-albertine.org\/va\/fr\/#website","url":"https:\/\/villa-albertine.org\/va\/fr\/","name":"Villa Albertine","description":"","potentialAction":[{"@type":"SearchAction","target":{"@type":"EntryPoint","urlTemplate":"https:\/\/villa-albertine.org\/va\/fr\/?s={search_term_string}"},"query-input":{"@type":"PropertyValueSpecification","valueRequired":true,"valueName":"search_term_string"}}],"inLanguage":"fr-FR"}]}},"_links":{"self":[{"href":"https:\/\/villa-albertine.org\/va\/fr\/wp-json\/wp\/v2\/app_event\/63453","targetHints":{"allow":["GET"]}}],"collection":[{"href":"https:\/\/villa-albertine.org\/va\/fr\/wp-json\/wp\/v2\/app_event"}],"about":[{"href":"https:\/\/villa-albertine.org\/va\/fr\/wp-json\/wp\/v2\/types\/app_event"}],"wp:featuredmedia":[{"embeddable":true,"href":"https:\/\/villa-albertine.org\/va\/fr\/wp-json\/wp\/v2\/media\/63451"}],"wp:attachment":[{"href":"https:\/\/villa-albertine.org\/va\/fr\/wp-json\/wp\/v2\/media?parent=63453"}],"wp:term":[{"taxonomy":"app_discipline","embeddable":true,"href":"https:\/\/villa-albertine.org\/va\/fr\/wp-json\/wp\/v2\/app_discipline?post=63453"},{"taxonomy":"app_city_tax","embeddable":true,"href":"https:\/\/villa-albertine.org\/va\/fr\/wp-json\/wp\/v2\/app_city_tax?post=63453"},{"taxonomy":"app_event_type","embeddable":true,"href":"https:\/\/villa-albertine.org\/va\/fr\/wp-json\/wp\/v2\/app_event_type?post=63453"}],"curies":[{"name":"wp","href":"https:\/\/api.w.org\/{rel}","templated":true}]}}