{"id":607968,"date":"2023-08-31T18:52:52","date_gmt":"2023-08-31T18:52:52","guid":{"rendered":"https:\/\/villa-albertine.org\/events\/atliens-visit-planet-mars\/"},"modified":"2024-04-25T14:13:06","modified_gmt":"2024-04-25T14:13:06","slug":"atliens-visit-planet-mars","status":"publish","type":"app_event","link":"https:\/\/villa-albertine.org\/va\/fr\/events\/atliens-visit-planet-mars\/","title":{"rendered":"ATLiens Visit Planet MARS"},"content":{"rendered":"\n<p><strong>La Villa Albertine est heureuse d&rsquo;inaugurer l&rsquo;ouverture du festival <a href=\"https:\/\/www.elevateatlart.com\/\" data-type=\"link\" data-id=\"https:\/\/www.elevateatlart.com\/\">ELEVATE Public ART<\/a> Celebrating 50 years of Hip Hop avec ATLiens Visit Planet MARS, une exposition qui remonte aux origines du hip-hop \u00e0 Atlanta et \u00e0 Marseille \u00e0 travers le travail des photographes Jean-Pierre Ma\u00e9ro et Shannon McCollum.<\/strong><\/p>\n\n\n\n<p>Cette exposition photographique pr\u00e9sente les origines des communaut\u00e9s hip-hop dans deux capitales de la cr\u00e9ation musicale : Atlanta et Marseille. Au d\u00e9but des ann\u00e9es 1990, lorsque le hip-hop s&rsquo;est propag\u00e9 au-del\u00e0 de New York et de Los Angeles, les communaut\u00e9s du monde entier ont commenc\u00e9 \u00e0 se l&rsquo;approprier et \u00e0 trouver leur propre identit\u00e9 au sein du monde de la culture gr\u00e2ce \u00e0 ce nouvel objet. Dans cette exposition, les photographes Shannon McCollum et Jean-Pierre Ma\u00e9ro nous donnent un acc\u00e8s in\u00e9dit aux artistes, espaces et moments fondateurs du hip-hop \u00e0 Marseille et Atlanta, qui ont contribu\u00e9 \u00e0 faire de ces villes des capitales culturelles contemporaines. Tout comme les \u00ab ATLiens \u00bb se distinguent du contexte d&rsquo;Atlanta et la \u00ab Planet MARS \u00bb se distingue de Marseille, les communaut\u00e9s hip-hop de ces villes ont trouv\u00e9 le moyen de revendiquer leur propre identit\u00e9 tout en pr\u00e9parant le terrain pour les g\u00e9n\u00e9rations d&rsquo;artistes \u00e0 venir.<\/p>\n\n\n\n<p><strong>Le vernissage de l&rsquo;exposition aura lieu le 22 septembre de 17h \u00e0 20h au Chastain Arts Center and Gallery. Rejoignez-nous pour une discussion avec les artistes et les commissaires, ainsi que pour un DJ set avec DJ Djel (Marseille) et Salah Ananse (Atlanta) &#8211; deux playlists in\u00e9dites \u00e0 d\u00e9couvrir en scannant les QR code en bas de cette page !<\/strong><\/p>\n\n\n\n<ul class=\"wp-block-list\">\n<li>17h : R\u00e9ception et DJ set<\/li>\n\n\n\n<li>18h : Discussion avec les artistes<\/li>\n\n\n\n<li>19h00 : R\u00e9ception et DJ set<\/li>\n<\/ul>\n\n\n\n<p>ATLiens Visit Planet MARS <em>est pr\u00e9sent\u00e9e par la Villa Albertine dans le cadre de City\/Cit\u00e9 Atlanta x Marseille, ELEVATE, et France-Atlanta, en partenariat avec l&rsquo;AMI\/Friche la Belle de Mai. R\u00e9alis\u00e9 avec le soutien de <em>the City of Atlanta Mayor&rsquo;s Office of Cultural Affairs<\/em> et de l&rsquo;Institut Fran\u00e7ais.<\/em><\/p>\n\n\n\n<p>ATLiens Visit Planet MARS<em> a \u00e9t\u00e9 pens\u00e9e par les curateurs Floyd Hall et Elodie Le Breut.<\/em><\/p>\n\n\n\n<figure class=\"wp-block-image size-large\"><img loading=\"lazy\" decoding=\"async\" width=\"1024\" height=\"332\" src=\"https:\/\/villa-albertine.org\/wp-content\/uploads\/2023\/08\/Capture-decran-2024-04-24-a-12.49.50-1024x332.jpg\" alt=\"\" class=\"wp-image-605696\" srcset=\"https:\/\/villa-albertine.org\/wp-content\/uploads\/2023\/08\/Capture-decran-2024-04-24-a-12.49.50-1024x332.jpg 1024w, https:\/\/villa-albertine.org\/wp-content\/uploads\/2023\/08\/Capture-decran-2024-04-24-a-12.49.50-300x97.jpg 300w, https:\/\/villa-albertine.org\/wp-content\/uploads\/2023\/08\/Capture-decran-2024-04-24-a-12.49.50-768x249.jpg 768w, https:\/\/villa-albertine.org\/wp-content\/uploads\/2023\/08\/Capture-decran-2024-04-24-a-12.49.50-1536x498.jpg 1536w, https:\/\/villa-albertine.org\/wp-content\/uploads\/2023\/08\/Capture-decran-2024-04-24-a-12.49.50-2048x664.jpg 2048w\" sizes=\"auto, (max-width: 1024px) 100vw, 1024px\" \/><\/figure>\n\n\n\n<p><strong>Photographes<\/strong><\/p>\n\n\n\n<p><strong>Jean-Pierre Ma\u00e9ro<\/strong> est n\u00e9 \u00e0 Marseille en 1952 et a suivi une formation aux Arts D\u00e9coratifs de Paris. De 1984 \u00e0 1995, Jean-Pierre Ma\u00e9ro r\u00e9alise des portraits vid\u00e9o et photo des premiers groupes de rap marseillais, avec le parti pris esth\u00e9tique de capter les images sur le vif, dans leurs quartiers (la rue, les appartements, etc.) et leurs lieux de cr\u00e9ation (les studios, les premi\u00e8res sc\u00e8nes dans les rares salles qui acceptent de les accueillir). De son travail se d\u00e9gage une v\u00e9ritable intimit\u00e9 partag\u00e9e avec ces artistes \u00e9mergents, et un d\u00e9sir constant de transmettre au reste du monde l&rsquo;essence de leur musique engag\u00e9e.<\/p>\n\n\n\n<p>Cette incroyable galerie de portraits (plus de 200 clich\u00e9s) constitue une collection unique de photographies nous montrant la naissance du hip-hop marseillais, ce qui lui vaut d&rsquo;\u00eatre r\u00e9guli\u00e8rement sollicit\u00e9 par de nombreux mus\u00e9es et institutions culturelles fran\u00e7aises (Mucem, Philarmonie de Paris, Mus\u00e9e d&rsquo;Art Contemporain de Marseille, Institut du Monde Arabe, Mus\u00e9e de l&rsquo;Immigration) ainsi qu&rsquo;aupr\u00e8s d&rsquo;auteurs (<em>M.A.R.S. Histoires et L\u00e9gendes du hip-hop marseillais<\/em>, Julien Valnet) ou de m\u00e9dias (Disney+, France T\u00e9l\u00e9vision, Lib\u00e9ration, Rock &amp; Folk). Jean-Pierre Ma\u00e9ro a publi\u00e9 son premier recueil auto-\u00e9dit\u00e9 en 2017 intitul\u00e9 <em>L&rsquo;Odyss\u00e9e Martienne, Voyage visuel dans le mouvement hip-hop de la cit\u00e9 phoc\u00e9enne<\/em>.  <\/p>\n\n\n\n<p><strong>Shannon McCollum<\/strong> est un photographe autodidacte qui navigue dans la vie avec un charme m\u00e9ridional contagieux et un \u0153il culturel aiguis\u00e9. Les portraits candides de McCollum ont permis de retracer l&rsquo;\u00e9volution du g\u00e9nie des ma\u00eetres du funk OutKast, de capturer le flair insaisissable d&rsquo;Erykah Badu, de confirmer le cool de John Legend, de r\u00e9affirmer la n\u00e9cessit\u00e9 de The Last Poet et d&rsquo;honorer Notorious BIG. Ses chefs-d&rsquo;\u0153uvre intimes on fait l&rsquo;objet de publications dans des m\u00e9dias convoit\u00e9s &#8211; le New York Times, Rolling Stone, XXL, Boston Globe, Vibe et Black Enterprise.<\/p>\n\n\n\n<p>Consid\u00e9r\u00e9 comme le \u00ab Gordon Parks du hip-hop \u00bb, McCollum a photographi\u00e9 Goodie Mob, Brian McKnight, Jermaine Dupri, P. Diddy, Wu Tang Clan, Coretta Scott King, Andrew Young, Jesse Jackson, Cicely Tyson et Roy Jones Jr, pour n&rsquo;en citer que quelques-uns. Il est le visionnaire de pr\u00e9dilection des rois de l&rsquo;underground et des l\u00e9gendes de la musique moderne. Tout comme l&rsquo;\u00e9crivain Langston Hughes a \u00e9crit des vers pour les gens de tous les jours, l&rsquo;h\u00e9ritage de McCollum est ancr\u00e9 dans le c\u0153ur des gens ordinaires qui appr\u00e9cient ses productions attachantes.<\/p>\n\n\n\n<p><strong>Curateurs<\/strong><\/p>\n\n\n\n<p><strong>Floyd Hall<\/strong>&nbsp;est un artiste, ing\u00e9nieur, producteur, \u00e9crivain et documentariste d\u2019Atlanta, G\u00e9orgie. En tant qu\u2019artiste et commissaire d\u2019exposition, son travail se situe souvent \u00e0 l\u2019intersection de la culture, des m\u00e9dias et de la technologie.\u202fEn 2023, il a \u00e9t\u00e9 commissaire de l\u2019exposition JUSTICE \u00e0 la Science Gallery Atlanta ; en 2022, il a \u00e9t\u00e9 co-commissaire de l\u2019exposition inaugurale HOOKED au m\u00eame endroit. En 2021, il a assur\u00e9 le commissariat de l\u2019exposition du Museum of Design Atlanta (MODA),&nbsp;<em>The Future Happened : Designing the Future of Music<\/em>. Il est titulaire d\u2019une licence en math\u00e9matiques du Morehouse College, d\u2019une licence en g\u00e9nie m\u00e9canique de Georgia Tech et d\u2019un MBA de l\u2019universit\u00e9 de Columbia.<\/p>\n\n\n\n<p><strong>Elodie Le Breut\u00a0<\/strong>est la directrice de l\u2019A.M.I, une organisation d\u00e9di\u00e9e au soutien de la sc\u00e8ne musicale innovante \u00e0 Marseille, \u00e0 la Friche la Belle de Mai. Elodie Le Breut travaille plus particuli\u00e8rement sur le d\u00e9veloppement strat\u00e9gique, ainsi que sur la programmation g\u00e9n\u00e9rale et artistique. L&rsquo;AMI g\u00e8re six studios de r\u00e9p\u00e9tition, des r\u00e9sidences de cr\u00e9ation, des ateliers de pratique artistique, des sessions de coaching sc\u00e9nique pour les groupes \u00e9mergents et les entrepreneurs culturels, ainsi que des formations artistiques et techniques. Avant l&rsquo;A.M.I., Elodie Le Breut a travaill\u00e9 comme journaliste \u00e0 Radio Grenouille (Marseille) dans le cadre d\u2019une \u00e9mission consacr\u00e9e aux musiques exp\u00e9rimentales et nouvelles dans le monde. Elle a \u00e9galement \u00e9t\u00e9 conseill\u00e8re en d\u00e9veloppement international pour le label gabonais ZORBAM Produxions, et conseill\u00e8re artistique pour BALOJI, artiste et rappeur belge.<\/p>\n\n\n\n<p><\/p>\n\n\n\n<figure class=\"wp-block-image size-large is-resized\"><img loading=\"lazy\" decoding=\"async\" width=\"1024\" height=\"660\" src=\"https:\/\/villa-albertine.org\/wp-content\/uploads\/2024\/04\/ATLiens-vs-MARS-ele23-One-Shot-John-59-1024x660.jpg\" alt=\"\" class=\"wp-image-605415\" style=\"width:839px;height:auto\" srcset=\"https:\/\/villa-albertine.org\/wp-content\/uploads\/2024\/04\/ATLiens-vs-MARS-ele23-One-Shot-John-59-1024x660.jpg 1024w, https:\/\/villa-albertine.org\/wp-content\/uploads\/2024\/04\/ATLiens-vs-MARS-ele23-One-Shot-John-59-300x193.jpg 300w, https:\/\/villa-albertine.org\/wp-content\/uploads\/2024\/04\/ATLiens-vs-MARS-ele23-One-Shot-John-59-768x495.jpg 768w, https:\/\/villa-albertine.org\/wp-content\/uploads\/2024\/04\/ATLiens-vs-MARS-ele23-One-Shot-John-59-1536x989.jpg 1536w, https:\/\/villa-albertine.org\/wp-content\/uploads\/2024\/04\/ATLiens-vs-MARS-ele23-One-Shot-John-59-2048x1319.jpg 2048w\" sizes=\"auto, (max-width: 1024px) 100vw, 1024px\" \/><figcaption class=\"wp-element-caption\"><p>Shannon McCollum<\/p><\/figcaption><\/figure>\n\n\n\n<figure class=\"wp-block-gallery has-nested-images columns-default is-cropped wp-block-gallery-1 is-layout-flex wp-block-gallery-is-layout-flex\">\n<figure class=\"wp-block-image size-large\"><img loading=\"lazy\" decoding=\"async\" width=\"1024\" height=\"683\" data-id=\"605348\" src=\"https:\/\/villa-albertine.org\/wp-content\/uploads\/2023\/08\/ATLiens-vs-MARS-ele23-One-Shot-John-17-1024x683.jpg\" alt=\"\" class=\"wp-image-605348\" srcset=\"https:\/\/villa-albertine.org\/wp-content\/uploads\/2023\/08\/ATLiens-vs-MARS-ele23-One-Shot-John-17-1024x683.jpg 1024w, https:\/\/villa-albertine.org\/wp-content\/uploads\/2023\/08\/ATLiens-vs-MARS-ele23-One-Shot-John-17-300x200.jpg 300w, https:\/\/villa-albertine.org\/wp-content\/uploads\/2023\/08\/ATLiens-vs-MARS-ele23-One-Shot-John-17-768x512.jpg 768w, https:\/\/villa-albertine.org\/wp-content\/uploads\/2023\/08\/ATLiens-vs-MARS-ele23-One-Shot-John-17-1536x1024.jpg 1536w, https:\/\/villa-albertine.org\/wp-content\/uploads\/2023\/08\/ATLiens-vs-MARS-ele23-One-Shot-John-17-2048x1365.jpg 2048w\" sizes=\"auto, (max-width: 1024px) 100vw, 1024px\" \/><\/figure>\n\n\n\n<figure class=\"wp-block-image size-large\"><img loading=\"lazy\" decoding=\"async\" width=\"1024\" height=\"683\" data-id=\"605357\" src=\"https:\/\/villa-albertine.org\/wp-content\/uploads\/2023\/08\/ATLiens-vs-MARS-ele23-One-Shot-John-19-1024x683.jpg\" alt=\"\" class=\"wp-image-605357\" srcset=\"https:\/\/villa-albertine.org\/wp-content\/uploads\/2023\/08\/ATLiens-vs-MARS-ele23-One-Shot-John-19-1024x683.jpg 1024w, https:\/\/villa-albertine.org\/wp-content\/uploads\/2023\/08\/ATLiens-vs-MARS-ele23-One-Shot-John-19-300x200.jpg 300w, https:\/\/villa-albertine.org\/wp-content\/uploads\/2023\/08\/ATLiens-vs-MARS-ele23-One-Shot-John-19-768x512.jpg 768w, https:\/\/villa-albertine.org\/wp-content\/uploads\/2023\/08\/ATLiens-vs-MARS-ele23-One-Shot-John-19-1536x1024.jpg 1536w, https:\/\/villa-albertine.org\/wp-content\/uploads\/2023\/08\/ATLiens-vs-MARS-ele23-One-Shot-John-19-2048x1365.jpg 2048w\" sizes=\"auto, (max-width: 1024px) 100vw, 1024px\" \/><\/figure>\n<\/figure>\n\n\n\n<figure class=\"wp-block-image size-large\"><img loading=\"lazy\" decoding=\"async\" width=\"1024\" height=\"617\" src=\"https:\/\/villa-albertine.org\/wp-content\/uploads\/2023\/08\/ATLiens-vs-MARS-ele23-One-Shot-John-45-1024x617.jpg\" alt=\"\" class=\"wp-image-605373\" srcset=\"https:\/\/villa-albertine.org\/wp-content\/uploads\/2023\/08\/ATLiens-vs-MARS-ele23-One-Shot-John-45-1024x617.jpg 1024w, https:\/\/villa-albertine.org\/wp-content\/uploads\/2023\/08\/ATLiens-vs-MARS-ele23-One-Shot-John-45-300x181.jpg 300w, https:\/\/villa-albertine.org\/wp-content\/uploads\/2023\/08\/ATLiens-vs-MARS-ele23-One-Shot-John-45-768x462.jpg 768w, https:\/\/villa-albertine.org\/wp-content\/uploads\/2023\/08\/ATLiens-vs-MARS-ele23-One-Shot-John-45-1536x925.jpg 1536w, https:\/\/villa-albertine.org\/wp-content\/uploads\/2023\/08\/ATLiens-vs-MARS-ele23-One-Shot-John-45-2048x1233.jpg 2048w\" sizes=\"auto, (max-width: 1024px) 100vw, 1024px\" \/><\/figure>\n\n\n\n<figure class=\"wp-block-gallery has-nested-images columns-default is-cropped wp-block-gallery-2 is-layout-flex wp-block-gallery-is-layout-flex\">\n<figure class=\"wp-block-image size-large\"><img loading=\"lazy\" decoding=\"async\" width=\"1024\" height=\"683\" data-id=\"605345\" src=\"https:\/\/villa-albertine.org\/wp-content\/uploads\/2023\/08\/ATLiens-vs-MARS-ele23-One-Shot-John-16-1024x683.jpg\" alt=\"\" class=\"wp-image-605345\" srcset=\"https:\/\/villa-albertine.org\/wp-content\/uploads\/2023\/08\/ATLiens-vs-MARS-ele23-One-Shot-John-16-1024x683.jpg 1024w, https:\/\/villa-albertine.org\/wp-content\/uploads\/2023\/08\/ATLiens-vs-MARS-ele23-One-Shot-John-16-300x200.jpg 300w, https:\/\/villa-albertine.org\/wp-content\/uploads\/2023\/08\/ATLiens-vs-MARS-ele23-One-Shot-John-16-768x512.jpg 768w\" sizes=\"auto, (max-width: 1024px) 100vw, 1024px\" \/><\/figure>\n\n\n\n<figure class=\"wp-block-image size-large\"><img loading=\"lazy\" decoding=\"async\" width=\"1024\" height=\"683\" data-id=\"605366\" src=\"https:\/\/villa-albertine.org\/wp-content\/uploads\/2023\/08\/ATLiens-vs-MARS-ele23-One-Shot-John-29-1024x683.jpg\" alt=\"\" class=\"wp-image-605366\" srcset=\"https:\/\/villa-albertine.org\/wp-content\/uploads\/2023\/08\/ATLiens-vs-MARS-ele23-One-Shot-John-29-1024x683.jpg 1024w, https:\/\/villa-albertine.org\/wp-content\/uploads\/2023\/08\/ATLiens-vs-MARS-ele23-One-Shot-John-29-300x200.jpg 300w, https:\/\/villa-albertine.org\/wp-content\/uploads\/2023\/08\/ATLiens-vs-MARS-ele23-One-Shot-John-29-768x512.jpg 768w, https:\/\/villa-albertine.org\/wp-content\/uploads\/2023\/08\/ATLiens-vs-MARS-ele23-One-Shot-John-29-1536x1024.jpg 1536w, https:\/\/villa-albertine.org\/wp-content\/uploads\/2023\/08\/ATLiens-vs-MARS-ele23-One-Shot-John-29-2048x1365.jpg 2048w\" sizes=\"auto, (max-width: 1024px) 100vw, 1024px\" \/><\/figure>\n<\/figure>\n\n\n\n<figure class=\"wp-block-image size-large\"><img loading=\"lazy\" decoding=\"async\" width=\"1024\" height=\"683\" src=\"https:\/\/villa-albertine.org\/wp-content\/uploads\/2023\/08\/ATLiens-vs-MARS-ele23-One-Shot-John-25-1024x683.jpg\" alt=\"\" class=\"wp-image-605363\" srcset=\"https:\/\/villa-albertine.org\/wp-content\/uploads\/2023\/08\/ATLiens-vs-MARS-ele23-One-Shot-John-25-1024x683.jpg 1024w, https:\/\/villa-albertine.org\/wp-content\/uploads\/2023\/08\/ATLiens-vs-MARS-ele23-One-Shot-John-25-300x200.jpg 300w, https:\/\/villa-albertine.org\/wp-content\/uploads\/2023\/08\/ATLiens-vs-MARS-ele23-One-Shot-John-25-768x512.jpg 768w, https:\/\/villa-albertine.org\/wp-content\/uploads\/2023\/08\/ATLiens-vs-MARS-ele23-One-Shot-John-25-1536x1024.jpg 1536w, https:\/\/villa-albertine.org\/wp-content\/uploads\/2023\/08\/ATLiens-vs-MARS-ele23-One-Shot-John-25-2048x1365.jpg 2048w\" sizes=\"auto, (max-width: 1024px) 100vw, 1024px\" \/><\/figure>\n\n\n\n<figure class=\"wp-block-image size-large\"><img loading=\"lazy\" decoding=\"async\" width=\"1024\" height=\"236\" src=\"https:\/\/villa-albertine.org\/wp-content\/uploads\/2024\/04\/Copy-of-Download-the-playlists-copie-1-1024x236.png\" alt=\"\" class=\"wp-image-605532\" srcset=\"https:\/\/villa-albertine.org\/wp-content\/uploads\/2024\/04\/Copy-of-Download-the-playlists-copie-1-1024x236.png 1024w, https:\/\/villa-albertine.org\/wp-content\/uploads\/2024\/04\/Copy-of-Download-the-playlists-copie-1-300x69.png 300w, https:\/\/villa-albertine.org\/wp-content\/uploads\/2024\/04\/Copy-of-Download-the-playlists-copie-1-768x177.png 768w, https:\/\/villa-albertine.org\/wp-content\/uploads\/2024\/04\/Copy-of-Download-the-playlists-copie-1-1536x353.png 1536w, https:\/\/villa-albertine.org\/wp-content\/uploads\/2024\/04\/Copy-of-Download-the-playlists-copie-1.png 1600w\" sizes=\"auto, (max-width: 1024px) 100vw, 1024px\" \/><\/figure>\n\n\n\n<figure class=\"wp-block-gallery has-nested-images columns-default is-cropped wp-block-gallery-3 is-layout-flex wp-block-gallery-is-layout-flex\">\n<figure class=\"wp-block-image size-large\"><img loading=\"lazy\" decoding=\"async\" width=\"1024\" height=\"683\" data-id=\"605339\" src=\"https:\/\/villa-albertine.org\/wp-content\/uploads\/2023\/08\/ATLiens-vs-MARS-ele23-One-Shot-John-9-copie-1-1024x683.jpg\" alt=\"\" class=\"wp-image-605339\" srcset=\"https:\/\/villa-albertine.org\/wp-content\/uploads\/2023\/08\/ATLiens-vs-MARS-ele23-One-Shot-John-9-copie-1-1024x683.jpg 1024w, https:\/\/villa-albertine.org\/wp-content\/uploads\/2023\/08\/ATLiens-vs-MARS-ele23-One-Shot-John-9-copie-1-300x200.jpg 300w, https:\/\/villa-albertine.org\/wp-content\/uploads\/2023\/08\/ATLiens-vs-MARS-ele23-One-Shot-John-9-copie-1-768x512.jpg 768w\" sizes=\"auto, (max-width: 1024px) 100vw, 1024px\" \/><\/figure>\n\n\n\n<figure class=\"wp-block-image size-large\"><img loading=\"lazy\" decoding=\"async\" width=\"1024\" height=\"683\" data-id=\"605342\" src=\"https:\/\/villa-albertine.org\/wp-content\/uploads\/2023\/08\/ATLiens-vs-MARS-ele23-One-Shot-John-12-1024x683.jpg\" alt=\"\" class=\"wp-image-605342\" srcset=\"https:\/\/villa-albertine.org\/wp-content\/uploads\/2023\/08\/ATLiens-vs-MARS-ele23-One-Shot-John-12-1024x683.jpg 1024w, https:\/\/villa-albertine.org\/wp-content\/uploads\/2023\/08\/ATLiens-vs-MARS-ele23-One-Shot-John-12-300x200.jpg 300w, https:\/\/villa-albertine.org\/wp-content\/uploads\/2023\/08\/ATLiens-vs-MARS-ele23-One-Shot-John-12-768x512.jpg 768w, https:\/\/villa-albertine.org\/wp-content\/uploads\/2023\/08\/ATLiens-vs-MARS-ele23-One-Shot-John-12-1536x1024.jpg 1536w\" sizes=\"auto, (max-width: 1024px) 100vw, 1024px\" \/><\/figure>\n<\/figure>\n\n\n\n<figure class=\"wp-block-image size-large\"><img loading=\"lazy\" decoding=\"async\" width=\"1600\" height=\"808\" src=\"https:\/\/villa-albertine.org\/wp-content\/uploads\/2023\/08\/Copy-of-Download-the-playlists-e1713976979317.jpg\" alt=\"\" class=\"wp-image-605568\" srcset=\"https:\/\/villa-albertine.org\/wp-content\/uploads\/2023\/08\/Copy-of-Download-the-playlists-e1713976979317.jpg 1600w, https:\/\/villa-albertine.org\/wp-content\/uploads\/2023\/08\/Copy-of-Download-the-playlists-e1713976979317-300x152.jpg 300w, https:\/\/villa-albertine.org\/wp-content\/uploads\/2023\/08\/Copy-of-Download-the-playlists-e1713976979317-1024x517.jpg 1024w, https:\/\/villa-albertine.org\/wp-content\/uploads\/2023\/08\/Copy-of-Download-the-playlists-e1713976979317-768x388.jpg 768w, https:\/\/villa-albertine.org\/wp-content\/uploads\/2023\/08\/Copy-of-Download-the-playlists-e1713976979317-1536x776.jpg 1536w\" sizes=\"auto, (max-width: 1600px) 100vw, 1600px\" \/><\/figure>\n\n\n\n<hr class=\"wp-block-separator has-alpha-channel-opacity\"\/>\n\n\n\n<figure class=\"wp-block-image size-large is-resized\"><img loading=\"lazy\" decoding=\"async\" width=\"1024\" height=\"509\" src=\"https:\/\/villa-albertine.org\/wp-content\/uploads\/2024\/04\/Capture-decran-2024-04-24-a-10.46.07-1024x509.png\" alt=\"\" class=\"wp-image-604969\" style=\"width:769px;height:auto\" srcset=\"https:\/\/villa-albertine.org\/wp-content\/uploads\/2024\/04\/Capture-decran-2024-04-24-a-10.46.07-1024x509.png 1024w, https:\/\/villa-albertine.org\/wp-content\/uploads\/2024\/04\/Capture-decran-2024-04-24-a-10.46.07-300x149.png 300w, https:\/\/villa-albertine.org\/wp-content\/uploads\/2024\/04\/Capture-decran-2024-04-24-a-10.46.07-768x382.png 768w, https:\/\/villa-albertine.org\/wp-content\/uploads\/2024\/04\/Capture-decran-2024-04-24-a-10.46.07-1536x764.png 1536w, https:\/\/villa-albertine.org\/wp-content\/uploads\/2024\/04\/Capture-decran-2024-04-24-a-10.46.07-2048x1019.png 2048w\" sizes=\"auto, (max-width: 1024px) 100vw, 1024px\" \/><\/figure>\n\n\n\n<figure class=\"wp-block-image size-large\"><img loading=\"lazy\" decoding=\"async\" width=\"1024\" height=\"684\" src=\"https:\/\/villa-albertine.org\/wp-content\/uploads\/2024\/04\/Capture-decran-2024-04-24-a-10.44.13-1024x684.png\" alt=\"\" class=\"wp-image-604948\" srcset=\"https:\/\/villa-albertine.org\/wp-content\/uploads\/2024\/04\/Capture-decran-2024-04-24-a-10.44.13-1024x684.png 1024w, https:\/\/villa-albertine.org\/wp-content\/uploads\/2024\/04\/Capture-decran-2024-04-24-a-10.44.13-300x200.png 300w, https:\/\/villa-albertine.org\/wp-content\/uploads\/2024\/04\/Capture-decran-2024-04-24-a-10.44.13-768x513.png 768w, https:\/\/villa-albertine.org\/wp-content\/uploads\/2024\/04\/Capture-decran-2024-04-24-a-10.44.13-1536x1026.png 1536w, https:\/\/villa-albertine.org\/wp-content\/uploads\/2024\/04\/Capture-decran-2024-04-24-a-10.44.13-2048x1369.png 2048w\" sizes=\"auto, (max-width: 1024px) 100vw, 1024px\" \/><\/figure>\n\n\n\n<figure class=\"wp-block-image size-large\"><img loading=\"lazy\" decoding=\"async\" width=\"1024\" height=\"684\" src=\"https:\/\/villa-albertine.org\/wp-content\/uploads\/2024\/04\/Capture-decran-2024-04-24-a-10.45.25-1024x684.png\" alt=\"\" class=\"wp-image-604961\" srcset=\"https:\/\/villa-albertine.org\/wp-content\/uploads\/2024\/04\/Capture-decran-2024-04-24-a-10.45.25-1024x684.png 1024w, https:\/\/villa-albertine.org\/wp-content\/uploads\/2024\/04\/Capture-decran-2024-04-24-a-10.45.25-300x200.png 300w, https:\/\/villa-albertine.org\/wp-content\/uploads\/2024\/04\/Capture-decran-2024-04-24-a-10.45.25-768x513.png 768w, https:\/\/villa-albertine.org\/wp-content\/uploads\/2024\/04\/Capture-decran-2024-04-24-a-10.45.25-1536x1026.png 1536w, https:\/\/villa-albertine.org\/wp-content\/uploads\/2024\/04\/Capture-decran-2024-04-24-a-10.45.25-2048x1369.png 2048w\" sizes=\"auto, (max-width: 1024px) 100vw, 1024px\" \/><\/figure>\n\n\n\n<figure class=\"wp-block-image size-large\"><img loading=\"lazy\" decoding=\"async\" width=\"1024\" height=\"439\" src=\"https:\/\/villa-albertine.org\/wp-content\/uploads\/2023\/08\/Download-the-playlists-1024x439.png\" alt=\"\" class=\"wp-image-605643\" srcset=\"https:\/\/villa-albertine.org\/wp-content\/uploads\/2023\/08\/Download-the-playlists-1024x439.png 1024w, https:\/\/villa-albertine.org\/wp-content\/uploads\/2023\/08\/Download-the-playlists-300x129.png 300w, https:\/\/villa-albertine.org\/wp-content\/uploads\/2023\/08\/Download-the-playlists-768x329.png 768w, https:\/\/villa-albertine.org\/wp-content\/uploads\/2023\/08\/Download-the-playlists-1536x659.png 1536w, https:\/\/villa-albertine.org\/wp-content\/uploads\/2023\/08\/Download-the-playlists.png 1567w\" sizes=\"auto, (max-width: 1024px) 100vw, 1024px\" \/><\/figure>\n","protected":false},"featured_media":605072,"menu_order":0,"template":"","app_discipline":[265,383,281],"app_city_tax":[268],"app_event_type":[290],"class_list":["post-607968","app_event","type-app_event","status-publish","has-post-thumbnail","hentry","app_discipline-arts-visuels-fr","app_discipline-city-cite-fr","app_discipline-musique-fr","app_city_tax-atl-fr","app_event_type-exposition-fr"],"acf":[],"yoast_head":"<!-- This site is optimized with the Yoast SEO plugin v27.3 - https:\/\/yoast.com\/product\/yoast-seo-wordpress\/ -->\n<title>ATLiens Visit Planet MARS - Villa Albertine<\/title>\n<meta name=\"robots\" content=\"index, follow, max-snippet:-1, max-image-preview:large, max-video-preview:-1\" \/>\n<link rel=\"canonical\" href=\"https:\/\/villa-albertine.org\/va\/fr\/events\/atliens-visit-planet-mars\/\" \/>\n<meta property=\"og:locale\" content=\"fr_FR\" \/>\n<meta property=\"og:type\" content=\"article\" \/>\n<meta property=\"og:title\" content=\"ATLiens Visit Planet MARS - Villa Albertine\" \/>\n<meta property=\"og:description\" content=\"La Villa Albertine est heureuse d&rsquo;inaugurer l&rsquo;ouverture du festival ELEVATE Public ART Celebrating 50 years of Hip Hop avec ATLiens Visit Planet MARS, une exposition qui remonte aux origines du hip-hop \u00e0 Atlanta et \u00e0 Marseille \u00e0 travers le travail des photographes Jean-Pierre Ma\u00e9ro et Shannon McCollum. Cette exposition photographique pr\u00e9sente les origines des communaut\u00e9s...\" \/>\n<meta property=\"og:url\" content=\"https:\/\/villa-albertine.org\/va\/fr\/events\/atliens-visit-planet-mars\/\" \/>\n<meta property=\"og:site_name\" content=\"Villa Albertine\" \/>\n<meta property=\"article:modified_time\" content=\"2024-04-25T14:13:06+00:00\" \/>\n<meta property=\"og:image\" content=\"https:\/\/villa-albertine.org\/wp-content\/uploads\/2023\/08\/Capture-decran-2024-04-24-a-11.02.45.jpeg\" \/>\n\t<meta property=\"og:image:width\" content=\"1954\" \/>\n\t<meta property=\"og:image:height\" content=\"1465\" \/>\n\t<meta property=\"og:image:type\" content=\"image\/jpeg\" \/>\n<meta name=\"twitter:card\" content=\"summary_large_image\" \/>\n<meta name=\"twitter:label1\" content=\"Dur\u00e9e de lecture estim\u00e9e\" \/>\n\t<meta name=\"twitter:data1\" content=\"5 minutes\" \/>\n<script type=\"application\/ld+json\" class=\"yoast-schema-graph\">{\"@context\":\"https:\\\/\\\/schema.org\",\"@graph\":[{\"@type\":\"WebPage\",\"@id\":\"https:\\\/\\\/villa-albertine.org\\\/va\\\/fr\\\/events\\\/atliens-visit-planet-mars\\\/\",\"url\":\"https:\\\/\\\/villa-albertine.org\\\/va\\\/fr\\\/events\\\/atliens-visit-planet-mars\\\/\",\"name\":\"ATLiens Visit Planet MARS - Villa Albertine\",\"isPartOf\":{\"@id\":\"https:\\\/\\\/villa-albertine.org\\\/va\\\/fr\\\/#website\"},\"primaryImageOfPage\":{\"@id\":\"https:\\\/\\\/villa-albertine.org\\\/va\\\/fr\\\/events\\\/atliens-visit-planet-mars\\\/#primaryimage\"},\"image\":{\"@id\":\"https:\\\/\\\/villa-albertine.org\\\/va\\\/fr\\\/events\\\/atliens-visit-planet-mars\\\/#primaryimage\"},\"thumbnailUrl\":\"https:\\\/\\\/villa-albertine.org\\\/wp-content\\\/uploads\\\/2023\\\/08\\\/Capture-decran-2024-04-24-a-11.02.45.jpeg\",\"datePublished\":\"2023-08-31T18:52:52+00:00\",\"dateModified\":\"2024-04-25T14:13:06+00:00\",\"breadcrumb\":{\"@id\":\"https:\\\/\\\/villa-albertine.org\\\/va\\\/fr\\\/events\\\/atliens-visit-planet-mars\\\/#breadcrumb\"},\"inLanguage\":\"fr-FR\",\"potentialAction\":[{\"@type\":\"ReadAction\",\"target\":[\"https:\\\/\\\/villa-albertine.org\\\/va\\\/fr\\\/events\\\/atliens-visit-planet-mars\\\/\"]}]},{\"@type\":\"ImageObject\",\"inLanguage\":\"fr-FR\",\"@id\":\"https:\\\/\\\/villa-albertine.org\\\/va\\\/fr\\\/events\\\/atliens-visit-planet-mars\\\/#primaryimage\",\"url\":\"https:\\\/\\\/villa-albertine.org\\\/wp-content\\\/uploads\\\/2023\\\/08\\\/Capture-decran-2024-04-24-a-11.02.45.jpeg\",\"contentUrl\":\"https:\\\/\\\/villa-albertine.org\\\/wp-content\\\/uploads\\\/2023\\\/08\\\/Capture-decran-2024-04-24-a-11.02.45.jpeg\",\"width\":1954,\"height\":1465,\"caption\":\"Screenshot\"},{\"@type\":\"BreadcrumbList\",\"@id\":\"https:\\\/\\\/villa-albertine.org\\\/va\\\/fr\\\/events\\\/atliens-visit-planet-mars\\\/#breadcrumb\",\"itemListElement\":[{\"@type\":\"ListItem\",\"position\":1,\"name\":\"Home\",\"item\":\"https:\\\/\\\/villa-albertine.org\\\/va\\\/fr\\\/home\\\/\"},{\"@type\":\"ListItem\",\"position\":2,\"name\":\"ATLiens Visit Planet MARS\"}]},{\"@type\":\"WebSite\",\"@id\":\"https:\\\/\\\/villa-albertine.org\\\/va\\\/fr\\\/#website\",\"url\":\"https:\\\/\\\/villa-albertine.org\\\/va\\\/fr\\\/\",\"name\":\"Villa Albertine\",\"description\":\"\",\"potentialAction\":[{\"@type\":\"SearchAction\",\"target\":{\"@type\":\"EntryPoint\",\"urlTemplate\":\"https:\\\/\\\/villa-albertine.org\\\/va\\\/fr\\\/?s={search_term_string}\"},\"query-input\":{\"@type\":\"PropertyValueSpecification\",\"valueRequired\":true,\"valueName\":\"search_term_string\"}}],\"inLanguage\":\"fr-FR\"}]}<\/script>\n<!-- \/ Yoast SEO plugin. -->","yoast_head_json":{"title":"ATLiens Visit Planet MARS - Villa Albertine","robots":{"index":"index","follow":"follow","max-snippet":"max-snippet:-1","max-image-preview":"max-image-preview:large","max-video-preview":"max-video-preview:-1"},"canonical":"https:\/\/villa-albertine.org\/va\/fr\/events\/atliens-visit-planet-mars\/","og_locale":"fr_FR","og_type":"article","og_title":"ATLiens Visit Planet MARS - Villa Albertine","og_description":"La Villa Albertine est heureuse d&rsquo;inaugurer l&rsquo;ouverture du festival ELEVATE Public ART Celebrating 50 years of Hip Hop avec ATLiens Visit Planet MARS, une exposition qui remonte aux origines du hip-hop \u00e0 Atlanta et \u00e0 Marseille \u00e0 travers le travail des photographes Jean-Pierre Ma\u00e9ro et Shannon McCollum. Cette exposition photographique pr\u00e9sente les origines des communaut\u00e9s...","og_url":"https:\/\/villa-albertine.org\/va\/fr\/events\/atliens-visit-planet-mars\/","og_site_name":"Villa Albertine","article_modified_time":"2024-04-25T14:13:06+00:00","og_image":[{"width":1954,"height":1465,"url":"https:\/\/villa-albertine.org\/wp-content\/uploads\/2023\/08\/Capture-decran-2024-04-24-a-11.02.45.jpeg","type":"image\/jpeg"}],"twitter_card":"summary_large_image","twitter_misc":{"Dur\u00e9e de lecture estim\u00e9e":"5 minutes"},"schema":{"@context":"https:\/\/schema.org","@graph":[{"@type":"WebPage","@id":"https:\/\/villa-albertine.org\/va\/fr\/events\/atliens-visit-planet-mars\/","url":"https:\/\/villa-albertine.org\/va\/fr\/events\/atliens-visit-planet-mars\/","name":"ATLiens Visit Planet MARS - Villa Albertine","isPartOf":{"@id":"https:\/\/villa-albertine.org\/va\/fr\/#website"},"primaryImageOfPage":{"@id":"https:\/\/villa-albertine.org\/va\/fr\/events\/atliens-visit-planet-mars\/#primaryimage"},"image":{"@id":"https:\/\/villa-albertine.org\/va\/fr\/events\/atliens-visit-planet-mars\/#primaryimage"},"thumbnailUrl":"https:\/\/villa-albertine.org\/wp-content\/uploads\/2023\/08\/Capture-decran-2024-04-24-a-11.02.45.jpeg","datePublished":"2023-08-31T18:52:52+00:00","dateModified":"2024-04-25T14:13:06+00:00","breadcrumb":{"@id":"https:\/\/villa-albertine.org\/va\/fr\/events\/atliens-visit-planet-mars\/#breadcrumb"},"inLanguage":"fr-FR","potentialAction":[{"@type":"ReadAction","target":["https:\/\/villa-albertine.org\/va\/fr\/events\/atliens-visit-planet-mars\/"]}]},{"@type":"ImageObject","inLanguage":"fr-FR","@id":"https:\/\/villa-albertine.org\/va\/fr\/events\/atliens-visit-planet-mars\/#primaryimage","url":"https:\/\/villa-albertine.org\/wp-content\/uploads\/2023\/08\/Capture-decran-2024-04-24-a-11.02.45.jpeg","contentUrl":"https:\/\/villa-albertine.org\/wp-content\/uploads\/2023\/08\/Capture-decran-2024-04-24-a-11.02.45.jpeg","width":1954,"height":1465,"caption":"Screenshot"},{"@type":"BreadcrumbList","@id":"https:\/\/villa-albertine.org\/va\/fr\/events\/atliens-visit-planet-mars\/#breadcrumb","itemListElement":[{"@type":"ListItem","position":1,"name":"Home","item":"https:\/\/villa-albertine.org\/va\/fr\/home\/"},{"@type":"ListItem","position":2,"name":"ATLiens Visit Planet MARS"}]},{"@type":"WebSite","@id":"https:\/\/villa-albertine.org\/va\/fr\/#website","url":"https:\/\/villa-albertine.org\/va\/fr\/","name":"Villa Albertine","description":"","potentialAction":[{"@type":"SearchAction","target":{"@type":"EntryPoint","urlTemplate":"https:\/\/villa-albertine.org\/va\/fr\/?s={search_term_string}"},"query-input":{"@type":"PropertyValueSpecification","valueRequired":true,"valueName":"search_term_string"}}],"inLanguage":"fr-FR"}]}},"_links":{"self":[{"href":"https:\/\/villa-albertine.org\/va\/fr\/wp-json\/wp\/v2\/app_event\/607968","targetHints":{"allow":["GET"]}}],"collection":[{"href":"https:\/\/villa-albertine.org\/va\/fr\/wp-json\/wp\/v2\/app_event"}],"about":[{"href":"https:\/\/villa-albertine.org\/va\/fr\/wp-json\/wp\/v2\/types\/app_event"}],"wp:featuredmedia":[{"embeddable":true,"href":"https:\/\/villa-albertine.org\/va\/fr\/wp-json\/wp\/v2\/media\/605072"}],"wp:attachment":[{"href":"https:\/\/villa-albertine.org\/va\/fr\/wp-json\/wp\/v2\/media?parent=607968"}],"wp:term":[{"taxonomy":"app_discipline","embeddable":true,"href":"https:\/\/villa-albertine.org\/va\/fr\/wp-json\/wp\/v2\/app_discipline?post=607968"},{"taxonomy":"app_city_tax","embeddable":true,"href":"https:\/\/villa-albertine.org\/va\/fr\/wp-json\/wp\/v2\/app_city_tax?post=607968"},{"taxonomy":"app_event_type","embeddable":true,"href":"https:\/\/villa-albertine.org\/va\/fr\/wp-json\/wp\/v2\/app_event_type?post=607968"}],"curies":[{"name":"wp","href":"https:\/\/api.w.org\/{rel}","templated":true}]}}