{"id":565043,"date":"2024-04-09T20:28:01","date_gmt":"2024-04-09T20:28:01","guid":{"rendered":"https:\/\/villa-albertine.org\/?post_type=app_event&#038;p=565043"},"modified":"2024-04-09T20:35:48","modified_gmt":"2024-04-09T20:35:48","slug":"decouvrir-lintervention-de-j-olu-baiyewu-terres-communes-2023","status":"publish","type":"app_event","link":"https:\/\/villa-albertine.org\/va\/fr\/events\/decouvrir-lintervention-de-j-olu-baiyewu-terres-communes-2023\/","title":{"rendered":"D\u00e9couvrir l&rsquo;intervention de J. Olu Baiyewu &#8211; Terres Communes 2023"},"content":{"rendered":"\n<p><\/p>\n\n\n\n<p><a href=\"https:\/\/frenchcultural.sharepoint.com\/:u:\/s\/AtlantaCulture\/EXBD_1iC1rxAuIVxDQvyJjYBfIppg1GvUjn7vbtNahXZkg?e=tQahUD\" data-type=\"link\" data-id=\"https:\/\/frenchcultural.sharepoint.com\/:u:\/s\/AtlantaCulture\/EXBD_1iC1rxAuIVxDQvyJjYBfIppg1GvUjn7vbtNahXZkg?e=tQahUD\">\u00c9couter cet entretien ici<\/a>. <\/p>\n\n\n\n<p><\/p>\n\n\n\n<p><strong>J. Olu, vous \u00eates le directeur des programmes d&rsquo;agriculture urbaine de la ville d&rsquo;Atlanta et un fervent promoteur de l&rsquo;agriculture urbaine. \u00c0 Atlanta, il y a des fermes urbaines, des jardins et des for\u00eats alimentaires. Le monde a-t-il pris conscience des urgences selon vous, ou bien y a-t-il des continents qui restent aveugles face \u00e0 l&rsquo;urgence ?<\/strong>&nbsp;<\/p>\n\n\n\n<p>J\u2019aimerais avant tout mentionner une dimension importante \u00e0 propos de l\u2019agriculture urbaine : on parle de gu\u00e9rir la terre, mais il s\u2019agit aussi de gu\u00e9rir les peuples. Aux \u00c9tats-Unis, l\u2019histoire de l\u2019agriculture est horrifiante : il y a ces terribles massacres des peuples autochtones, il y a ces d\u00e9placements forc\u00e9s d\u2019\u00eatres humains depuis l\u2019Afrique, pour labourer la terre. Et m\u00eame de nos jours, quand on pense aux syst\u00e8mes alimentaires, ils sont peupl\u00e9s de personnes d\u2019origine hispanique. Je tiens \u00e0 le souligner et \u00e0 leur donner une certaine reconnaissance ; je tiens aussi \u00e0 exprimer mon honneur, ma gratitude et mon respect \u00e0 tous, \u00e0 toutes nos relations qui honorent et respectent la terre, au fur et \u00e0 mesure que nous avan\u00e7ons.&nbsp;<\/p>\n\n\n\n<p>Pour r\u00e9pondre \u00e0 votre question, le monde est conscient, Atlanta est une ville consciente. Durant la p\u00e9riode du covid, en allant \u00e0 l\u2019\u00e9picerie, \u00e7a nous est tous arriv\u00e9 au moins une fois qu\u2019il n\u2019y ait plus de nourriture. Peu importe si vous veniez des quartiers riches ou pauvres. Cela montre de fa\u00e7on tr\u00e8s claire que le syst\u00e8me alimentaire est d\u00e9faillant, et l\u2019une des r\u00e9ponses \u00e0 ce probl\u00e8me, ce sont les \u00e9chelles locale, hyper-locale, et r\u00e9gionale. La cl\u00e9, c\u2019est l\u2019agriculture urbaine.\u00a0<\/p>\n\n\n\n<p><\/p>\n\n\n\n<p><strong>Combien y a-t&rsquo;il d&rsquo;habitants \u00e0 Atlanta et combien se nourrissent d&rsquo;ultra local ?<\/strong>&nbsp;<\/p>\n\n\n\n<p>La ville compte 500 000 habitants et l&rsquo;agglom\u00e9ration, 6 millions. Il y a \u00e9norm\u00e9ment de quartiers et de municipalit\u00e9s. Concernant celles et ceux qui sont au courant de l\u2019existence de l\u2019agriculture urbaine, cela devrait tourner autour de 50 %. Pour celles et ceux qui participent, cela varie ; il y en a qui produisent, d&rsquo;autres qui cr\u00e9ent des produits \u00e0 valeur ajout\u00e9e, certains qui sont agriculteurs, ou encore distributeurs. Et enfin, impossible d\u2019omettre celles et ceux qui font du compost et du recyclage organique, qui nourrissent la terre et les pollinisateurs. Difficile, donc, de donner un pourcentage pr\u00e9cis. Je dirais que le pourcentage est situ\u00e9 \u00e0 moins de 50%, mais il est croissant, c\u2019est s\u00fbr.\u00a0<\/p>\n\n\n\n<p><\/p>\n\n\n\n<p><strong>Atlanta est-elle une ville pionni\u00e8re ou bien y a-t-il d&rsquo;autres villes aux \u00c9tats-Unis qui abritent une organisation comme la v\u00f4tre ?<\/strong>&nbsp;<\/p>\n\n\n\n<p><strong> <\/strong>Les deux. Atlanta \u00e9tait la premi\u00e8re ville \u00e0 avoir un directeur pour l\u2019agriculture urbaine aux \u00c9tats-Unis, en 2015. Je suis la deuxi\u00e8me personne \u00e0 tenir ce poste, j\u2019ai commenc\u00e9 en novembre 2020. Atlanta est une ville pionni\u00e8re en ce qui concerne la reconnaissance du fait que ce poste doit se situer \u00e0 une \u00e9chelle gouvernementale, de fa\u00e7on \u00e0 r\u00e9pondre \u00e0 un certain niveau d&rsquo;autorit\u00e9, de n\u00e9gociation et de prise de d\u00e9cision. Mais je reconnais qu&rsquo;aux \u00c9tats-Unis, en ce qui concerne le mouvement biologique (\u00ab organic movement \u00bb), il y avait deux courants : l&rsquo;un provenait de la c\u00f4te ouest (Californie, Washington, Oregon) et l&rsquo;autre, des pratiques indig\u00e8nes originales, pratiques qui existaient depuis le d\u00e9but mais qui n&rsquo;\u00e9taient pas d\u00e9sign\u00e9es par le terme \u00ab\u00a0biologique\u00a0\u00bb ou autre.\u00a0<\/p>\n\n\n\n<p><\/p>\n\n\n\n<p><strong>En quoi l&rsquo;agriculture urbaine va-t-elle r\u00e9duire les in\u00e9galit\u00e9s alimentaires ? Est-ce que, par exemple, la culture sur place limite les frais de transport et permet des tarifs moins on\u00e9reux ?<\/strong>&nbsp;<\/p>\n\n\n\n<p>La cl\u00e9, comme beaucoup de gens l&rsquo;ont dit ici aujourd&rsquo;hui, c&rsquo;est la collaboration. L&rsquo;union fait la force : on divise la charge de travail et par-l\u00e0, on l\u2019all\u00e8ge. Il faut \u00e9galement tenir compte du contexte historique, penser \u00e0 la r\u00e9paration de la terre et \u00e0 la r\u00e9paration de la culture. \u00c0 Atlanta, on dispose de beaucoup d&rsquo;endroits vacants qui donnent aux communaut\u00e9s la possibilit\u00e9 de cr\u00e9er leur propre ferme ou jardin, comme \u00e0 Marseille, et dans d&rsquo;autres villes. Lorsque l\u2019on proc\u00e8de aux s\u00e9lections, il s&rsquo;agit l\u00e0 encore d&rsquo;un processus \u00e9quitable, garantissant que les communaut\u00e9s qui ont \u00e9t\u00e9 syst\u00e9matiquement d\u00e9laiss\u00e9es, rejet\u00e9es, soient d\u00e9sormais en premi\u00e8re ligne pour pouvoir b\u00e9n\u00e9ficier des avantages de cette merveilleuse nourriture que nous cultivons, et profiter ainsi de cette incroyable exp\u00e9rience.\u00a0<\/p>\n\n\n\n<p><\/p>\n\n\n\n<p><strong>Qu&rsquo;est-ce qu\u2019une \u00ab food forest \u00bb ?<\/strong>&nbsp;<\/p>\n\n\n\n<p>La ville d&rsquo;Atlanta a une for\u00eat comestible \u00e0 Browns Mill [Sud d\u2019Atlanta]. C&rsquo;est la plus grande for\u00eat comestible urbaine des \u00c9tats-Unis &#8211; 9 acres [3,6 hectares]. Dans cet espace, on trouve des aliments comestibles : diff\u00e9rents types de baies, de noix, de champignons, et on y injecte \u00e9galement davantage de lits de jardin sur\u00e9lev\u00e9s, de lits pour pollinisateurs, d&rsquo;infrastructures vertes, et les organisations communautaires en assurent l&rsquo;intendance. La ville est donc propri\u00e9taire du terrain, mais c&rsquo;est en collaboration avec la communaut\u00e9 qu&rsquo;elle s&rsquo;occupe directement de l&rsquo;\u00e9limination des esp\u00e8ces envahissantes, des plantations, des distributions et du programme.\u00a0<\/p>\n\n\n\n<p><\/p>\n\n\n\n<p><strong>C\u2019est donc le retour du glanage\u2026?<\/strong>&nbsp;<\/p>\n\n\n\n<p>Exactement : c&rsquo;est le retour du glanage, c\u2019est le retour \u00e0 la terre. Il est aussi question d\u2019\u00e9ducation et de sensibilisation. On doit \u00eatre visible quand il s\u2019agit d\u2019agriculture urbaine. On doit \u00eatre transparents. Les gens ont besoin de voir, de toucher, de sentir. Les for\u00eats comestibles urbaines leur donnent la possibilit\u00e9 de retourner \u00e0 la nature et de participer.&nbsp;<\/p>\n","protected":false},"featured_media":565185,"menu_order":0,"template":"","app_discipline":[],"app_city_tax":[],"app_event_type":[],"class_list":["post-565043","app_event","type-app_event","status-publish","has-post-thumbnail","hentry"],"acf":[],"yoast_head":"<!-- This site is optimized with the Yoast SEO plugin v27.3 - https:\/\/yoast.com\/product\/yoast-seo-wordpress\/ -->\n<title>D\u00e9couvrir l&#039;intervention de J. Olu Baiyewu - Terres Communes 2023 - Villa Albertine<\/title>\n<meta name=\"robots\" content=\"index, follow, max-snippet:-1, max-image-preview:large, max-video-preview:-1\" \/>\n<link rel=\"canonical\" href=\"https:\/\/villa-albertine.org\/va\/fr\/events\/decouvrir-lintervention-de-j-olu-baiyewu-terres-communes-2023\/\" \/>\n<meta property=\"og:locale\" content=\"fr_FR\" \/>\n<meta property=\"og:type\" content=\"article\" \/>\n<meta property=\"og:title\" content=\"D\u00e9couvrir l&#039;intervention de J. Olu Baiyewu - Terres Communes 2023 - Villa Albertine\" \/>\n<meta property=\"og:description\" content=\"\u00c9couter cet entretien ici. J. Olu, vous \u00eates le directeur des programmes d&rsquo;agriculture urbaine de la ville d&rsquo;Atlanta et un fervent promoteur de l&rsquo;agriculture urbaine. \u00c0 Atlanta, il y a des fermes urbaines, des jardins et des for\u00eats alimentaires. Le monde a-t-il pris conscience des urgences selon vous, ou bien y a-t-il des continents qui...\" \/>\n<meta property=\"og:url\" content=\"https:\/\/villa-albertine.org\/va\/fr\/events\/decouvrir-lintervention-de-j-olu-baiyewu-terres-communes-2023\/\" \/>\n<meta property=\"og:site_name\" content=\"Villa Albertine\" \/>\n<meta property=\"article:modified_time\" content=\"2024-04-09T20:35:48+00:00\" \/>\n<meta property=\"og:image\" content=\"https:\/\/villa-albertine.org\/wp-content\/uploads\/2024\/04\/132-TerresCommunes-PYB-6063.jpg\" \/>\n\t<meta property=\"og:image:width\" content=\"1500\" \/>\n\t<meta property=\"og:image:height\" content=\"1000\" \/>\n\t<meta property=\"og:image:type\" content=\"image\/jpeg\" \/>\n<meta name=\"twitter:card\" content=\"summary_large_image\" \/>\n<meta name=\"twitter:label1\" content=\"Dur\u00e9e de lecture estim\u00e9e\" \/>\n\t<meta name=\"twitter:data1\" content=\"5 minutes\" \/>\n<script type=\"application\/ld+json\" class=\"yoast-schema-graph\">{\"@context\":\"https:\\\/\\\/schema.org\",\"@graph\":[{\"@type\":\"WebPage\",\"@id\":\"https:\\\/\\\/villa-albertine.org\\\/va\\\/fr\\\/events\\\/decouvrir-lintervention-de-j-olu-baiyewu-terres-communes-2023\\\/\",\"url\":\"https:\\\/\\\/villa-albertine.org\\\/va\\\/fr\\\/events\\\/decouvrir-lintervention-de-j-olu-baiyewu-terres-communes-2023\\\/\",\"name\":\"D\u00e9couvrir l'intervention de J. Olu Baiyewu - Terres Communes 2023 - Villa Albertine\",\"isPartOf\":{\"@id\":\"https:\\\/\\\/villa-albertine.org\\\/va\\\/fr\\\/#website\"},\"primaryImageOfPage\":{\"@id\":\"https:\\\/\\\/villa-albertine.org\\\/va\\\/fr\\\/events\\\/decouvrir-lintervention-de-j-olu-baiyewu-terres-communes-2023\\\/#primaryimage\"},\"image\":{\"@id\":\"https:\\\/\\\/villa-albertine.org\\\/va\\\/fr\\\/events\\\/decouvrir-lintervention-de-j-olu-baiyewu-terres-communes-2023\\\/#primaryimage\"},\"thumbnailUrl\":\"https:\\\/\\\/villa-albertine.org\\\/wp-content\\\/uploads\\\/2024\\\/04\\\/132-TerresCommunes-PYB-6063.jpg\",\"datePublished\":\"2024-04-09T20:28:01+00:00\",\"dateModified\":\"2024-04-09T20:35:48+00:00\",\"breadcrumb\":{\"@id\":\"https:\\\/\\\/villa-albertine.org\\\/va\\\/fr\\\/events\\\/decouvrir-lintervention-de-j-olu-baiyewu-terres-communes-2023\\\/#breadcrumb\"},\"inLanguage\":\"fr-FR\",\"potentialAction\":[{\"@type\":\"ReadAction\",\"target\":[\"https:\\\/\\\/villa-albertine.org\\\/va\\\/fr\\\/events\\\/decouvrir-lintervention-de-j-olu-baiyewu-terres-communes-2023\\\/\"]}]},{\"@type\":\"ImageObject\",\"inLanguage\":\"fr-FR\",\"@id\":\"https:\\\/\\\/villa-albertine.org\\\/va\\\/fr\\\/events\\\/decouvrir-lintervention-de-j-olu-baiyewu-terres-communes-2023\\\/#primaryimage\",\"url\":\"https:\\\/\\\/villa-albertine.org\\\/wp-content\\\/uploads\\\/2024\\\/04\\\/132-TerresCommunes-PYB-6063.jpg\",\"contentUrl\":\"https:\\\/\\\/villa-albertine.org\\\/wp-content\\\/uploads\\\/2024\\\/04\\\/132-TerresCommunes-PYB-6063.jpg\",\"width\":1500,\"height\":1000,\"caption\":\"\u00a9 Pierre-Yves Brunaud\"},{\"@type\":\"BreadcrumbList\",\"@id\":\"https:\\\/\\\/villa-albertine.org\\\/va\\\/fr\\\/events\\\/decouvrir-lintervention-de-j-olu-baiyewu-terres-communes-2023\\\/#breadcrumb\",\"itemListElement\":[{\"@type\":\"ListItem\",\"position\":1,\"name\":\"Home\",\"item\":\"https:\\\/\\\/villa-albertine.org\\\/va\\\/fr\\\/home\\\/\"},{\"@type\":\"ListItem\",\"position\":2,\"name\":\"D\u00e9couvrir l&rsquo;intervention de J. Olu Baiyewu &#8211; Terres Communes 2023\"}]},{\"@type\":\"WebSite\",\"@id\":\"https:\\\/\\\/villa-albertine.org\\\/va\\\/fr\\\/#website\",\"url\":\"https:\\\/\\\/villa-albertine.org\\\/va\\\/fr\\\/\",\"name\":\"Villa Albertine\",\"description\":\"\",\"potentialAction\":[{\"@type\":\"SearchAction\",\"target\":{\"@type\":\"EntryPoint\",\"urlTemplate\":\"https:\\\/\\\/villa-albertine.org\\\/va\\\/fr\\\/?s={search_term_string}\"},\"query-input\":{\"@type\":\"PropertyValueSpecification\",\"valueRequired\":true,\"valueName\":\"search_term_string\"}}],\"inLanguage\":\"fr-FR\"}]}<\/script>\n<!-- \/ Yoast SEO plugin. -->","yoast_head_json":{"title":"D\u00e9couvrir l'intervention de J. Olu Baiyewu - Terres Communes 2023 - Villa Albertine","robots":{"index":"index","follow":"follow","max-snippet":"max-snippet:-1","max-image-preview":"max-image-preview:large","max-video-preview":"max-video-preview:-1"},"canonical":"https:\/\/villa-albertine.org\/va\/fr\/events\/decouvrir-lintervention-de-j-olu-baiyewu-terres-communes-2023\/","og_locale":"fr_FR","og_type":"article","og_title":"D\u00e9couvrir l'intervention de J. Olu Baiyewu - Terres Communes 2023 - Villa Albertine","og_description":"\u00c9couter cet entretien ici. J. Olu, vous \u00eates le directeur des programmes d&rsquo;agriculture urbaine de la ville d&rsquo;Atlanta et un fervent promoteur de l&rsquo;agriculture urbaine. \u00c0 Atlanta, il y a des fermes urbaines, des jardins et des for\u00eats alimentaires. Le monde a-t-il pris conscience des urgences selon vous, ou bien y a-t-il des continents qui...","og_url":"https:\/\/villa-albertine.org\/va\/fr\/events\/decouvrir-lintervention-de-j-olu-baiyewu-terres-communes-2023\/","og_site_name":"Villa Albertine","article_modified_time":"2024-04-09T20:35:48+00:00","og_image":[{"width":1500,"height":1000,"url":"https:\/\/villa-albertine.org\/wp-content\/uploads\/2024\/04\/132-TerresCommunes-PYB-6063.jpg","type":"image\/jpeg"}],"twitter_card":"summary_large_image","twitter_misc":{"Dur\u00e9e de lecture estim\u00e9e":"5 minutes"},"schema":{"@context":"https:\/\/schema.org","@graph":[{"@type":"WebPage","@id":"https:\/\/villa-albertine.org\/va\/fr\/events\/decouvrir-lintervention-de-j-olu-baiyewu-terres-communes-2023\/","url":"https:\/\/villa-albertine.org\/va\/fr\/events\/decouvrir-lintervention-de-j-olu-baiyewu-terres-communes-2023\/","name":"D\u00e9couvrir l'intervention de J. Olu Baiyewu - Terres Communes 2023 - Villa Albertine","isPartOf":{"@id":"https:\/\/villa-albertine.org\/va\/fr\/#website"},"primaryImageOfPage":{"@id":"https:\/\/villa-albertine.org\/va\/fr\/events\/decouvrir-lintervention-de-j-olu-baiyewu-terres-communes-2023\/#primaryimage"},"image":{"@id":"https:\/\/villa-albertine.org\/va\/fr\/events\/decouvrir-lintervention-de-j-olu-baiyewu-terres-communes-2023\/#primaryimage"},"thumbnailUrl":"https:\/\/villa-albertine.org\/wp-content\/uploads\/2024\/04\/132-TerresCommunes-PYB-6063.jpg","datePublished":"2024-04-09T20:28:01+00:00","dateModified":"2024-04-09T20:35:48+00:00","breadcrumb":{"@id":"https:\/\/villa-albertine.org\/va\/fr\/events\/decouvrir-lintervention-de-j-olu-baiyewu-terres-communes-2023\/#breadcrumb"},"inLanguage":"fr-FR","potentialAction":[{"@type":"ReadAction","target":["https:\/\/villa-albertine.org\/va\/fr\/events\/decouvrir-lintervention-de-j-olu-baiyewu-terres-communes-2023\/"]}]},{"@type":"ImageObject","inLanguage":"fr-FR","@id":"https:\/\/villa-albertine.org\/va\/fr\/events\/decouvrir-lintervention-de-j-olu-baiyewu-terres-communes-2023\/#primaryimage","url":"https:\/\/villa-albertine.org\/wp-content\/uploads\/2024\/04\/132-TerresCommunes-PYB-6063.jpg","contentUrl":"https:\/\/villa-albertine.org\/wp-content\/uploads\/2024\/04\/132-TerresCommunes-PYB-6063.jpg","width":1500,"height":1000,"caption":"\u00a9 Pierre-Yves Brunaud"},{"@type":"BreadcrumbList","@id":"https:\/\/villa-albertine.org\/va\/fr\/events\/decouvrir-lintervention-de-j-olu-baiyewu-terres-communes-2023\/#breadcrumb","itemListElement":[{"@type":"ListItem","position":1,"name":"Home","item":"https:\/\/villa-albertine.org\/va\/fr\/home\/"},{"@type":"ListItem","position":2,"name":"D\u00e9couvrir l&rsquo;intervention de J. Olu Baiyewu &#8211; Terres Communes 2023"}]},{"@type":"WebSite","@id":"https:\/\/villa-albertine.org\/va\/fr\/#website","url":"https:\/\/villa-albertine.org\/va\/fr\/","name":"Villa Albertine","description":"","potentialAction":[{"@type":"SearchAction","target":{"@type":"EntryPoint","urlTemplate":"https:\/\/villa-albertine.org\/va\/fr\/?s={search_term_string}"},"query-input":{"@type":"PropertyValueSpecification","valueRequired":true,"valueName":"search_term_string"}}],"inLanguage":"fr-FR"}]}},"_links":{"self":[{"href":"https:\/\/villa-albertine.org\/va\/fr\/wp-json\/wp\/v2\/app_event\/565043","targetHints":{"allow":["GET"]}}],"collection":[{"href":"https:\/\/villa-albertine.org\/va\/fr\/wp-json\/wp\/v2\/app_event"}],"about":[{"href":"https:\/\/villa-albertine.org\/va\/fr\/wp-json\/wp\/v2\/types\/app_event"}],"wp:featuredmedia":[{"embeddable":true,"href":"https:\/\/villa-albertine.org\/va\/fr\/wp-json\/wp\/v2\/media\/565185"}],"wp:attachment":[{"href":"https:\/\/villa-albertine.org\/va\/fr\/wp-json\/wp\/v2\/media?parent=565043"}],"wp:term":[{"taxonomy":"app_discipline","embeddable":true,"href":"https:\/\/villa-albertine.org\/va\/fr\/wp-json\/wp\/v2\/app_discipline?post=565043"},{"taxonomy":"app_city_tax","embeddable":true,"href":"https:\/\/villa-albertine.org\/va\/fr\/wp-json\/wp\/v2\/app_city_tax?post=565043"},{"taxonomy":"app_event_type","embeddable":true,"href":"https:\/\/villa-albertine.org\/va\/fr\/wp-json\/wp\/v2\/app_event_type?post=565043"}],"curies":[{"name":"wp","href":"https:\/\/api.w.org\/{rel}","templated":true}]}}