{"id":554935,"date":"2024-04-05T15:50:05","date_gmt":"2024-04-05T15:50:05","guid":{"rendered":"https:\/\/villa-albertine.org\/events\/raphael-imbert-reverence-collective-perform-at-gallery-992\/"},"modified":"2025-07-01T19:43:52","modified_gmt":"2025-07-01T19:43:52","slug":"raphael-imbert-reverence-collective-perform-at-gallery-992","status":"publish","type":"app_event","link":"https:\/\/villa-albertine.org\/va\/fr\/events\/raphael-imbert-reverence-collective-perform-at-gallery-992\/","title":{"rendered":"Rapha\u00ebl Imbert et le collectif Reverence se produisent \u00e0 Gallery 992\u00a0"},"content":{"rendered":"\n<p><strong>Le dimanche 28 avril, le saxophoniste de jazz fran\u00e7ais Rapha\u00ebl Imbert se produira aux c\u00f4t\u00e9s du collectif musical d\u2019Atlanta Reverence, reconnu pour son approche audacieuse des genres, lors d\u2019un concert exceptionnel \u00e0 la Gallery 992, lieu embl\u00e9matique des artistes exp\u00e9rimentaux.\u00a0<\/strong><\/p>\n\n\n\n<p>Cette collaboration artistique a vu le jour en mai 2023 dans le cadre du projet Music is My Field, une exploration in situ men\u00e9e par Rapha\u00ebl Imbert autour des traditions musicales du Sud-Est des \u00c9tats-Unis et des Appalaches. \u00a0<a href=\"https:\/\/villa-albertine.org\/fr\/events\/music-my-field-raphael-imbert\/\">En savoir plus sur <em>Music is My Field<\/em><\/a><em>. <\/em>De retour \u00e0 Atlanta et dans la r\u00e9gion au printemps 2024, l\u2019artiste vient achever le tournage du film issu de cette immersion. <\/p>\n\n\n\n<p>En novembre 2023, Kebbi Williams \u2014 leader du collectif Reverence et saxophoniste t\u00e9nor laur\u00e9at d\u2019un Grammy Award \u2014 a \u00e9t\u00e9 invit\u00e9 \u00e0 se produire aux c\u00f4t\u00e9s de Rapha\u00ebl Imbert lors du festival JEST \u00e0 Marseille, en France. <a href=\"https:\/\/www.lejest.fr\/artistes\/kebbi-williams-meets-raphael-imbert-co\">D\u00e9couvrez-en davantage sur cette performance au JEST.<\/a><\/p>\n\n\n\n<p>Reverence et Rapha\u00ebl Imbert se produiront \u00e9galement en juillet 2024 aux c\u00f4t\u00e9s de musiciens du Conservatoire Pierre Barbizet de Marseille, dans le cadre du festival Jazz des Cinq Continents, \u00e0 Marseille. <\/p>\n\n\n\n<p><strong>Rapha\u00ebl Imbert<\/strong> <em>est un saxophoniste de jazz autodidacte, chef d&rsquo;orchestre et compositeur. L&rsquo;un de ses domaines de recherche privil\u00e9gi\u00e9s, qu&rsquo;il continue \u00e0 approfondir, est le spirituel dans le jazz. L&rsquo;acte fondateur de la d\u00e9marche artistique de Rapha\u00ebl Imbert remonte \u00e0 1999, avec la cr\u00e9ation d&rsquo;un orchestre de neuf musiciens, La Compagnie Nine Spirit. En 2010, Rapha\u00ebl Imbert rejoint le programme Improtech, en collaboration avec l&rsquo;IRCAM et l&rsquo;EHESS, et se rend aux \u00c9tats-Unis pour \u00e9tudier les liens entre les musiques populaires traditionnelles, l&rsquo;oralit\u00e9 et l&rsquo;improvisation, les nouveaux m\u00e9dias et la r\u00e9volution num\u00e9rique. \u00a0<\/em><\/p>\n\n\n\n<p><em>Il a travaill\u00e9 avec des musiciens tels que Archie Shepp, Daniel Humair, Yaron Herman, Anne Paceo, le Manfred Quartet, le Chemirani Trio, l&rsquo;Ensemble Contraste d&rsquo;Arnaud Thorette et Johan Farjot, Johan Farjot, Karol Beffa, Hugh Coltman, Laurent de Wilde, etc. La discographie de Rapha\u00ebl Imbert comprend \u00a0\u00bb Newtopia Project : Suite \u00c9l\u00e9giaque \u00ab (2006), \u00bb Bach &#8211; Coltrane \u00ab (2008), \u00bb New York Project \u00ab (2009), \u00bb Live au Tracteur \u00ab (2011), \u00bb Heavens &#8211; Amadeus &amp; The Duke \u00ab (2013), \u00bb Janus \u00ab (2013), \u00bb The Appalachians \u00a0\u00bb (2014).\u00a0<\/em><\/p>\n\n\n\n<p><strong>Reverence<\/strong><em> est un collectif aux multiples facettes bas\u00e9 \u00e0 Atlanta (G\u00e9orgie), qui se distingue par la cr\u00e9ation de paysages sonores improvis\u00e9s brouillant les fronti\u00e8res entre les genres \u2014 une esth\u00e9tique singuli\u00e8re qualifi\u00e9e de couture sounds. Les membres du collectif r\u00e9unissent des parcours impressionnants, jalonn\u00e9s de collaborations avec des artistes tels que Russell Gunn, Chris Dave, Kamaal Williams, Roy Ayers, Outkast, Tedeschi Trucks Band, Little Tybee, Arrested Development, Miguel Atwood-Ferguson, parmi tant d\u2019autres.\u00a0Le collectif Reverence est compos\u00e9 de TJ Merritt (basse), Chris Marks (guitare), Dallas Dawson (batterie), Kebbi Williams (saxophone, fl\u00fbte), Brandon Stephens (basse), Quinn Mason (saxophone, moog) et CJ Brinson (batterie). <a href=\"https:\/\/www.reverence.band\/\">D\u00e9couvrez-en plus sur l&rsquo;univers de Reverence.<\/a><\/em><\/p>\n","protected":false},"featured_media":554527,"menu_order":0,"template":"","app_discipline":[281],"app_city_tax":[268],"app_event_type":[286],"class_list":["post-554935","app_event","type-app_event","status-publish","has-post-thumbnail","hentry","app_discipline-musique-fr","app_city_tax-atl-fr","app_event_type-concert-fr"],"acf":[],"yoast_head":"<!-- This site is optimized with the Yoast SEO plugin v27.3 - https:\/\/yoast.com\/product\/yoast-seo-wordpress\/ -->\n<title>Rapha\u00ebl Imbert et le collectif Reverence se produisent \u00e0 Gallery 992\u00a0 - Villa Albertine<\/title>\n<meta name=\"robots\" content=\"index, follow, max-snippet:-1, max-image-preview:large, max-video-preview:-1\" \/>\n<link rel=\"canonical\" href=\"https:\/\/villa-albertine.org\/va\/fr\/events\/raphael-imbert-reverence-collective-perform-at-gallery-992\/\" \/>\n<meta property=\"og:locale\" content=\"fr_FR\" \/>\n<meta property=\"og:type\" content=\"article\" \/>\n<meta property=\"og:title\" content=\"Rapha\u00ebl Imbert et le collectif Reverence se produisent \u00e0 Gallery 992\u00a0 - Villa Albertine\" \/>\n<meta property=\"og:description\" content=\"Le dimanche 28 avril, le saxophoniste de jazz fran\u00e7ais Rapha\u00ebl Imbert se produira aux c\u00f4t\u00e9s du collectif musical d\u2019Atlanta Reverence, reconnu pour son approche audacieuse des genres, lors d\u2019un concert exceptionnel \u00e0 la Gallery 992, lieu embl\u00e9matique des artistes exp\u00e9rimentaux.\u00a0 Cette collaboration artistique a vu le jour en mai 2023 dans le cadre du projet...\" \/>\n<meta property=\"og:url\" content=\"https:\/\/villa-albertine.org\/va\/fr\/events\/raphael-imbert-reverence-collective-perform-at-gallery-992\/\" \/>\n<meta property=\"og:site_name\" content=\"Villa Albertine\" \/>\n<meta property=\"article:modified_time\" content=\"2025-07-01T19:43:52+00:00\" \/>\n<meta property=\"og:image\" content=\"https:\/\/villa-albertine.org\/wp-content\/uploads\/2024\/04\/imbert-x-reverence.png\" \/>\n\t<meta property=\"og:image:width\" content=\"900\" \/>\n\t<meta property=\"og:image:height\" content=\"505\" \/>\n\t<meta property=\"og:image:type\" content=\"image\/png\" \/>\n<meta name=\"twitter:card\" content=\"summary_large_image\" \/>\n<meta name=\"twitter:label1\" content=\"Dur\u00e9e de lecture estim\u00e9e\" \/>\n\t<meta name=\"twitter:data1\" content=\"3 minutes\" \/>\n<script type=\"application\/ld+json\" class=\"yoast-schema-graph\">{\"@context\":\"https:\\\/\\\/schema.org\",\"@graph\":[{\"@type\":\"WebPage\",\"@id\":\"https:\\\/\\\/villa-albertine.org\\\/va\\\/fr\\\/events\\\/raphael-imbert-reverence-collective-perform-at-gallery-992\\\/\",\"url\":\"https:\\\/\\\/villa-albertine.org\\\/va\\\/fr\\\/events\\\/raphael-imbert-reverence-collective-perform-at-gallery-992\\\/\",\"name\":\"Rapha\u00ebl Imbert et le collectif Reverence se produisent \u00e0 Gallery 992\u00a0 - Villa Albertine\",\"isPartOf\":{\"@id\":\"https:\\\/\\\/villa-albertine.org\\\/va\\\/fr\\\/#website\"},\"primaryImageOfPage\":{\"@id\":\"https:\\\/\\\/villa-albertine.org\\\/va\\\/fr\\\/events\\\/raphael-imbert-reverence-collective-perform-at-gallery-992\\\/#primaryimage\"},\"image\":{\"@id\":\"https:\\\/\\\/villa-albertine.org\\\/va\\\/fr\\\/events\\\/raphael-imbert-reverence-collective-perform-at-gallery-992\\\/#primaryimage\"},\"thumbnailUrl\":\"https:\\\/\\\/villa-albertine.org\\\/wp-content\\\/uploads\\\/2024\\\/04\\\/imbert-x-reverence.png\",\"datePublished\":\"2024-04-05T15:50:05+00:00\",\"dateModified\":\"2025-07-01T19:43:52+00:00\",\"breadcrumb\":{\"@id\":\"https:\\\/\\\/villa-albertine.org\\\/va\\\/fr\\\/events\\\/raphael-imbert-reverence-collective-perform-at-gallery-992\\\/#breadcrumb\"},\"inLanguage\":\"fr-FR\",\"potentialAction\":[{\"@type\":\"ReadAction\",\"target\":[\"https:\\\/\\\/villa-albertine.org\\\/va\\\/fr\\\/events\\\/raphael-imbert-reverence-collective-perform-at-gallery-992\\\/\"]}]},{\"@type\":\"ImageObject\",\"inLanguage\":\"fr-FR\",\"@id\":\"https:\\\/\\\/villa-albertine.org\\\/va\\\/fr\\\/events\\\/raphael-imbert-reverence-collective-perform-at-gallery-992\\\/#primaryimage\",\"url\":\"https:\\\/\\\/villa-albertine.org\\\/wp-content\\\/uploads\\\/2024\\\/04\\\/imbert-x-reverence.png\",\"contentUrl\":\"https:\\\/\\\/villa-albertine.org\\\/wp-content\\\/uploads\\\/2024\\\/04\\\/imbert-x-reverence.png\",\"width\":900,\"height\":505},{\"@type\":\"BreadcrumbList\",\"@id\":\"https:\\\/\\\/villa-albertine.org\\\/va\\\/fr\\\/events\\\/raphael-imbert-reverence-collective-perform-at-gallery-992\\\/#breadcrumb\",\"itemListElement\":[{\"@type\":\"ListItem\",\"position\":1,\"name\":\"Home\",\"item\":\"https:\\\/\\\/villa-albertine.org\\\/va\\\/fr\\\/home\\\/\"},{\"@type\":\"ListItem\",\"position\":2,\"name\":\"Rapha\u00ebl Imbert et le collectif Reverence se produisent \u00e0 Gallery 992\u00a0\"}]},{\"@type\":\"WebSite\",\"@id\":\"https:\\\/\\\/villa-albertine.org\\\/va\\\/fr\\\/#website\",\"url\":\"https:\\\/\\\/villa-albertine.org\\\/va\\\/fr\\\/\",\"name\":\"Villa Albertine\",\"description\":\"\",\"potentialAction\":[{\"@type\":\"SearchAction\",\"target\":{\"@type\":\"EntryPoint\",\"urlTemplate\":\"https:\\\/\\\/villa-albertine.org\\\/va\\\/fr\\\/?s={search_term_string}\"},\"query-input\":{\"@type\":\"PropertyValueSpecification\",\"valueRequired\":true,\"valueName\":\"search_term_string\"}}],\"inLanguage\":\"fr-FR\"}]}<\/script>\n<!-- \/ Yoast SEO plugin. -->","yoast_head_json":{"title":"Rapha\u00ebl Imbert et le collectif Reverence se produisent \u00e0 Gallery 992\u00a0 - Villa Albertine","robots":{"index":"index","follow":"follow","max-snippet":"max-snippet:-1","max-image-preview":"max-image-preview:large","max-video-preview":"max-video-preview:-1"},"canonical":"https:\/\/villa-albertine.org\/va\/fr\/events\/raphael-imbert-reverence-collective-perform-at-gallery-992\/","og_locale":"fr_FR","og_type":"article","og_title":"Rapha\u00ebl Imbert et le collectif Reverence se produisent \u00e0 Gallery 992\u00a0 - Villa Albertine","og_description":"Le dimanche 28 avril, le saxophoniste de jazz fran\u00e7ais Rapha\u00ebl Imbert se produira aux c\u00f4t\u00e9s du collectif musical d\u2019Atlanta Reverence, reconnu pour son approche audacieuse des genres, lors d\u2019un concert exceptionnel \u00e0 la Gallery 992, lieu embl\u00e9matique des artistes exp\u00e9rimentaux.\u00a0 Cette collaboration artistique a vu le jour en mai 2023 dans le cadre du projet...","og_url":"https:\/\/villa-albertine.org\/va\/fr\/events\/raphael-imbert-reverence-collective-perform-at-gallery-992\/","og_site_name":"Villa Albertine","article_modified_time":"2025-07-01T19:43:52+00:00","og_image":[{"width":900,"height":505,"url":"https:\/\/villa-albertine.org\/wp-content\/uploads\/2024\/04\/imbert-x-reverence.png","type":"image\/png"}],"twitter_card":"summary_large_image","twitter_misc":{"Dur\u00e9e de lecture estim\u00e9e":"3 minutes"},"schema":{"@context":"https:\/\/schema.org","@graph":[{"@type":"WebPage","@id":"https:\/\/villa-albertine.org\/va\/fr\/events\/raphael-imbert-reverence-collective-perform-at-gallery-992\/","url":"https:\/\/villa-albertine.org\/va\/fr\/events\/raphael-imbert-reverence-collective-perform-at-gallery-992\/","name":"Rapha\u00ebl Imbert et le collectif Reverence se produisent \u00e0 Gallery 992\u00a0 - Villa Albertine","isPartOf":{"@id":"https:\/\/villa-albertine.org\/va\/fr\/#website"},"primaryImageOfPage":{"@id":"https:\/\/villa-albertine.org\/va\/fr\/events\/raphael-imbert-reverence-collective-perform-at-gallery-992\/#primaryimage"},"image":{"@id":"https:\/\/villa-albertine.org\/va\/fr\/events\/raphael-imbert-reverence-collective-perform-at-gallery-992\/#primaryimage"},"thumbnailUrl":"https:\/\/villa-albertine.org\/wp-content\/uploads\/2024\/04\/imbert-x-reverence.png","datePublished":"2024-04-05T15:50:05+00:00","dateModified":"2025-07-01T19:43:52+00:00","breadcrumb":{"@id":"https:\/\/villa-albertine.org\/va\/fr\/events\/raphael-imbert-reverence-collective-perform-at-gallery-992\/#breadcrumb"},"inLanguage":"fr-FR","potentialAction":[{"@type":"ReadAction","target":["https:\/\/villa-albertine.org\/va\/fr\/events\/raphael-imbert-reverence-collective-perform-at-gallery-992\/"]}]},{"@type":"ImageObject","inLanguage":"fr-FR","@id":"https:\/\/villa-albertine.org\/va\/fr\/events\/raphael-imbert-reverence-collective-perform-at-gallery-992\/#primaryimage","url":"https:\/\/villa-albertine.org\/wp-content\/uploads\/2024\/04\/imbert-x-reverence.png","contentUrl":"https:\/\/villa-albertine.org\/wp-content\/uploads\/2024\/04\/imbert-x-reverence.png","width":900,"height":505},{"@type":"BreadcrumbList","@id":"https:\/\/villa-albertine.org\/va\/fr\/events\/raphael-imbert-reverence-collective-perform-at-gallery-992\/#breadcrumb","itemListElement":[{"@type":"ListItem","position":1,"name":"Home","item":"https:\/\/villa-albertine.org\/va\/fr\/home\/"},{"@type":"ListItem","position":2,"name":"Rapha\u00ebl Imbert et le collectif Reverence se produisent \u00e0 Gallery 992\u00a0"}]},{"@type":"WebSite","@id":"https:\/\/villa-albertine.org\/va\/fr\/#website","url":"https:\/\/villa-albertine.org\/va\/fr\/","name":"Villa Albertine","description":"","potentialAction":[{"@type":"SearchAction","target":{"@type":"EntryPoint","urlTemplate":"https:\/\/villa-albertine.org\/va\/fr\/?s={search_term_string}"},"query-input":{"@type":"PropertyValueSpecification","valueRequired":true,"valueName":"search_term_string"}}],"inLanguage":"fr-FR"}]}},"_links":{"self":[{"href":"https:\/\/villa-albertine.org\/va\/fr\/wp-json\/wp\/v2\/app_event\/554935","targetHints":{"allow":["GET"]}}],"collection":[{"href":"https:\/\/villa-albertine.org\/va\/fr\/wp-json\/wp\/v2\/app_event"}],"about":[{"href":"https:\/\/villa-albertine.org\/va\/fr\/wp-json\/wp\/v2\/types\/app_event"}],"wp:featuredmedia":[{"embeddable":true,"href":"https:\/\/villa-albertine.org\/va\/fr\/wp-json\/wp\/v2\/media\/554527"}],"wp:attachment":[{"href":"https:\/\/villa-albertine.org\/va\/fr\/wp-json\/wp\/v2\/media?parent=554935"}],"wp:term":[{"taxonomy":"app_discipline","embeddable":true,"href":"https:\/\/villa-albertine.org\/va\/fr\/wp-json\/wp\/v2\/app_discipline?post=554935"},{"taxonomy":"app_city_tax","embeddable":true,"href":"https:\/\/villa-albertine.org\/va\/fr\/wp-json\/wp\/v2\/app_city_tax?post=554935"},{"taxonomy":"app_event_type","embeddable":true,"href":"https:\/\/villa-albertine.org\/va\/fr\/wp-json\/wp\/v2\/app_event_type?post=554935"}],"curies":[{"name":"wp","href":"https:\/\/api.w.org\/{rel}","templated":true}]}}