{"id":310527,"date":"2023-09-29T18:59:14","date_gmt":"2023-09-29T18:59:14","guid":{"rendered":"https:\/\/villa-albertine.org\/?post_type=app_event&#038;p=310527"},"modified":"2024-04-30T18:48:21","modified_gmt":"2024-04-30T18:48:21","slug":"city-cite-in-the-forests-cities-and-the-future-design-in-collaboration-with-the-more-than-human-world","status":"publish","type":"app_event","link":"https:\/\/villa-albertine.org\/va\/fr\/events\/city-cite-in-the-forests-cities-and-the-future-design-in-collaboration-with-the-more-than-human-world\/","title":{"rendered":"Dans les for\u00eats : les villes et le futur de l\u2019architecture en lien avec le monde vivant non-humain, avec Christina Shivers &amp; Andrew Todd\u00a0"},"content":{"rendered":"\n<p>Cette conf\u00e9rence abordera le pass\u00e9, le pr\u00e9sent et l&rsquo;avenir de l&rsquo;\u00e9cologie dans les villes d&rsquo;aujourd&rsquo;hui. Avec un int\u00e9r\u00eat particulier port\u00e9 aux for\u00eats et aux espaces urbains sauvages, les intervenants Andrew Todd et Christina Shivers \u00e9tudieront les implications politiques possibles au sein des \u00e9cologies urbaines \u00e9mergentes, tout en explorant le potentiel du design pour d\u00e9velopper des connexions entre nature et soci\u00e9t\u00e9.<\/p>\n\n\n\n<p>Cette conf\u00e9rence est pr\u00e9sent\u00e9e par la Villa Albertine, dans le cadre de <a href=\"https:\/\/villa-albertine.org\/fr\/events\/city-cite-towards-earthly-cities\/\" data-type=\"link\" data-id=\"https:\/\/villa-albertine.org\/fr\/events\/city-cite-towards-earthly-cities\/\">City\/Cit\u00e9 &#8211; Vers des villes terrestres<\/a>, <a href=\"https:\/\/atlantadesignfestival.net\/events\/conference\/\">Creative Futures Conference 2023 \/ Atlanta Design Festival<\/a> et <a href=\"https:\/\/france-atlanta.org\/\">France-Atlanta<\/a><\/p>\n\n\n\n<p>Creative Futures Conference est une conf\u00e9rence de 2 jours (14-15 octobre 2023) qui a lieu \u00e0 Fourth Ward Offices, le long de la Beltline.<\/p>\n\n\n\n<hr class=\"wp-block-separator has-alpha-channel-opacity\"\/>\n\n\n\n<div class=\"wp-block-media-text is-stacked-on-mobile is-vertically-aligned-top is-image-fill\" style=\"grid-template-columns:37% auto\"><figure class=\"wp-block-media-text__media\" style=\"background-image:url(https:\/\/villa-albertine.org\/wp-content\/uploads\/2023\/09\/CHRIST1-945x1024.jpg);background-position:43% 43%\"><img loading=\"lazy\" decoding=\"async\" width=\"945\" height=\"1024\" src=\"https:\/\/villa-albertine.org\/wp-content\/uploads\/2023\/09\/CHRIST1-945x1024.jpg\" alt=\"\" class=\"wp-image-310488 size-full\" srcset=\"https:\/\/villa-albertine.org\/wp-content\/uploads\/2023\/09\/CHRIST1-945x1024.jpg 945w, https:\/\/villa-albertine.org\/wp-content\/uploads\/2023\/09\/CHRIST1-277x300.jpg 277w, https:\/\/villa-albertine.org\/wp-content\/uploads\/2023\/09\/CHRIST1-768x832.jpg 768w, https:\/\/villa-albertine.org\/wp-content\/uploads\/2023\/09\/CHRIST1-1417x1536.jpg 1417w, https:\/\/villa-albertine.org\/wp-content\/uploads\/2023\/09\/CHRIST1-1890x2048.jpg 1890w, https:\/\/villa-albertine.org\/wp-content\/uploads\/2023\/09\/CHRIST1.jpg 1984w\" sizes=\"auto, (max-width: 945px) 100vw, 945px\" \/><\/figure><div class=\"wp-block-media-text__content\">\n<p class=\"has-small-font-size\"><strong>Christina Shivers<\/strong> est une chercheuse, une architecte et une musicienne dont les recherches se concentrent sur l&rsquo;intersection de la pens\u00e9e environnementale et \u00e9conomique, en particulier dans les disciplines du design. Sa th\u00e8se de doctorat porte sur l&rsquo;interconnexion de la conception et de l&rsquo;extraction des ressources au Canada et aux \u00c9tats-Unis et passe par l&rsquo;\u00e9tude de l&rsquo;histoire de l&rsquo;exploitation mini\u00e8re \u00e0 ciel ouvert et de la remise en \u00e9tat des terres. Ce travail a permis d&rsquo;analyser la mani\u00e8re dont les professions d&rsquo;architecte, de paysagiste et de planificateur ont influenc\u00e9 la politique environnementale \u00e0 l&rsquo;\u00e9chelle nationale et internationale. Christina Shivers est \u00e9galement artiste visuelle et musicienne \u00e9lectronique. Elle est titulaire d&rsquo;une licence en musique avec une sp\u00e9cialisation en th\u00e9orie musicale et en interpr\u00e9tation de l&rsquo;universit\u00e9 d&rsquo;\u00c9tat de Floride, d&rsquo;une ma\u00eetrise en architecture de l&rsquo;Institut de technologie de G\u00e9orgie et d&rsquo;un doctorat en architecture, en architecture paysag\u00e8re et en planification urbaine de l&rsquo;\u00c9cole sup\u00e9rieure de design de Harvard. Elle est actuellement la Ventulett NEXT Fellow 2023 \u00e0 l&rsquo;\u00e9cole d&rsquo;architecture de l&rsquo;Institut de technologie de G\u00e9orgie.<\/p>\n\n\n\n<p class=\"has-text-align-right has-small-font-size\"><a href=\"http:\/\/www.christinashivers.com\" data-type=\"link\" data-id=\"www.christinashivers.com\">www.christinashivers.com<\/a><\/p>\n<\/div><\/div>\n\n\n\n<div style=\"height:39px\" aria-hidden=\"true\" class=\"wp-block-spacer\"><\/div>\n\n\n\n<div class=\"wp-block-media-text is-stacked-on-mobile is-image-fill\" style=\"grid-template-columns:37% auto\"><figure class=\"wp-block-media-text__media\" style=\"background-image:url(https:\/\/villa-albertine.org\/wp-content\/uploads\/2023\/09\/ANDREW1.png);background-position:71% 23%\"><img loading=\"lazy\" decoding=\"async\" width=\"818\" height=\"545\" src=\"https:\/\/villa-albertine.org\/wp-content\/uploads\/2023\/09\/ANDREW1.png\" alt=\"\" class=\"wp-image-310491 size-full\" srcset=\"https:\/\/villa-albertine.org\/wp-content\/uploads\/2023\/09\/ANDREW1.png 818w, https:\/\/villa-albertine.org\/wp-content\/uploads\/2023\/09\/ANDREW1-300x200.png 300w, https:\/\/villa-albertine.org\/wp-content\/uploads\/2023\/09\/ANDREW1-768x512.png 768w\" sizes=\"auto, (max-width: 818px) 100vw, 818px\" \/><\/figure><div class=\"wp-block-media-text__content\">\n<p class=\"has-small-font-size\"><strong>Andrew Todd <\/strong>est un architecte, laur\u00e9at du WAN Award pour la meilleure construction en bois au monde d\u00e9di\u00e9e au th\u00e9\u00e2tre \u00e9lisab\u00e9thain de Hardelot. Fort de son int\u00e9r\u00eat inn\u00e9 pour la construction de b\u00e2timents \u00e0 base v\u00e9g\u00e9tale et de l&rsquo;exp\u00e9rience qu&rsquo;il a acquis de son p\u00e8re, agent forestier, il nous emm\u00e8ne dans un voyage dans lequel arbres et for\u00eats sont consid\u00e9r\u00e9s d&rsquo;un point de vue kal\u00e9idoscopique : en tant que mati\u00e8re solide pour construire des abris, en tant qu&rsquo;habitat permanent pour des tribus intemporelles, en tant que si\u00e8ge des mythes originels de l&rsquo;Occident. Son dernier livre, <em>The Clearing<\/em> (Nybrogade Press, 2023, Danemark) nous emm\u00e8ne dans les for\u00eats contest\u00e9es de l&rsquo;Ancienne et de la Nouvelle Angleterre, dans la for\u00eat tropicale, dans le Japon ultramoderne (mais animiste), dans des villages en bois novateurs en Autriche et sur l&rsquo;\u00eele de l&rsquo;Ascension terraform\u00e9e et bois\u00e9e, peupl\u00e9e de zombies, au milieu de l&rsquo;Atlantique.<\/p>\n\n\n\n<p class=\"has-text-align-right has-small-font-size\"><a href=\"http:\/\/www.studioandrewtodd.com\" data-type=\"link\" data-id=\"www.geoffroymathieu.com\">www.studioandrewtodd.com<\/a><\/p>\n\n\n\n<p class=\"has-text-align-right has-small-font-size\"><a href=\"http:\/\/www.nybrogadepress.com\/the-clearing\" data-type=\"link\" data-id=\"www.geoffroymathieu.com\">www.nybrogadepress.com\/the-clearing<\/a><\/p>\n<\/div><\/div>\n\n\n\n<div style=\"height:39px\" aria-hidden=\"true\" class=\"wp-block-spacer\"><\/div>\n\n\n\n<hr class=\"wp-block-separator has-alpha-channel-opacity\"\/>\n\n\n\n<p><strong>\u00c0 propos de&nbsp;<em>City\/Cit\u00e9 \u2013 Vers des villes terrestres<\/em>&nbsp;\u2013 Atlanta, 11-22 oct 2023<\/strong><\/p>\n\n\n\n<p><em><a href=\"https:\/\/villa-albertine.org\/fr\/events\/city-cite-towards-earthly-cities\/\">City\/Cit\u00e9 \u2013 Towards Earthly Cities<\/a><\/em>&nbsp;(Atlanta, 11-22 octobre 2023) est un programme invitant le public et les professionnels d\u2019Atlanta et de Marseille \u00e0 se r\u00e9unir pour en apprendre davantage sur l\u2019\u00e9cologie urbaine et r\u00e9fl\u00e9chir collectivement \u00e0 l\u2019avenir de nos villes. Commissaire associ\u00e9 : Alexandre Field (Marseille).<\/p>\n","protected":false},"featured_media":310502,"menu_order":0,"template":"","app_discipline":[277,383],"app_city_tax":[268],"app_event_type":[289],"class_list":["post-310527","app_event","type-app_event","status-publish","has-post-thumbnail","hentry","app_discipline-architecture-fr","app_discipline-city-cite-fr","app_city_tax-atl-fr","app_event_type-conference-fr"],"acf":[],"yoast_head":"<!-- This site is optimized with the Yoast SEO plugin v27.3 - https:\/\/yoast.com\/product\/yoast-seo-wordpress\/ -->\n<title>Dans les for\u00eats : les villes et le futur de l\u2019architecture en lien avec le monde vivant non-humain, avec Christina Shivers &amp; Andrew Todd\u00a0 - Villa Albertine<\/title>\n<meta name=\"robots\" content=\"index, follow, max-snippet:-1, max-image-preview:large, max-video-preview:-1\" \/>\n<link rel=\"canonical\" href=\"https:\/\/villa-albertine.org\/va\/fr\/events\/city-cite-in-the-forests-cities-and-the-future-design-in-collaboration-with-the-more-than-human-world\/\" \/>\n<meta property=\"og:locale\" content=\"fr_FR\" \/>\n<meta property=\"og:type\" content=\"article\" \/>\n<meta property=\"og:title\" content=\"Dans les for\u00eats : les villes et le futur de l\u2019architecture en lien avec le monde vivant non-humain, avec Christina Shivers &amp; Andrew Todd\u00a0 - Villa Albertine\" \/>\n<meta property=\"og:description\" content=\"Cette conf\u00e9rence abordera le pass\u00e9, le pr\u00e9sent et l&rsquo;avenir de l&rsquo;\u00e9cologie dans les villes d&rsquo;aujourd&rsquo;hui. Avec un int\u00e9r\u00eat particulier port\u00e9 aux for\u00eats et aux espaces urbains sauvages, les intervenants Andrew Todd et Christina Shivers \u00e9tudieront les implications politiques possibles au sein des \u00e9cologies urbaines \u00e9mergentes, tout en explorant le potentiel du design pour d\u00e9velopper des...\" \/>\n<meta property=\"og:url\" content=\"https:\/\/villa-albertine.org\/va\/fr\/events\/city-cite-in-the-forests-cities-and-the-future-design-in-collaboration-with-the-more-than-human-world\/\" \/>\n<meta property=\"og:site_name\" content=\"Villa Albertine\" \/>\n<meta property=\"article:modified_time\" content=\"2024-04-30T18:48:21+00:00\" \/>\n<meta property=\"og:image\" content=\"https:\/\/villa-albertine.org\/wp-content\/uploads\/2023\/09\/INTHEF1.png\" \/>\n\t<meta property=\"og:image:width\" content=\"1920\" \/>\n\t<meta property=\"og:image:height\" content=\"1080\" \/>\n\t<meta property=\"og:image:type\" content=\"image\/png\" \/>\n<meta name=\"twitter:card\" content=\"summary_large_image\" \/>\n<meta name=\"twitter:label1\" content=\"Dur\u00e9e de lecture estim\u00e9e\" \/>\n\t<meta name=\"twitter:data1\" content=\"3 minutes\" \/>\n<script type=\"application\/ld+json\" class=\"yoast-schema-graph\">{\"@context\":\"https:\\\/\\\/schema.org\",\"@graph\":[{\"@type\":\"WebPage\",\"@id\":\"https:\\\/\\\/villa-albertine.org\\\/va\\\/fr\\\/events\\\/city-cite-in-the-forests-cities-and-the-future-design-in-collaboration-with-the-more-than-human-world\\\/\",\"url\":\"https:\\\/\\\/villa-albertine.org\\\/va\\\/fr\\\/events\\\/city-cite-in-the-forests-cities-and-the-future-design-in-collaboration-with-the-more-than-human-world\\\/\",\"name\":\"Dans les for\u00eats : les villes et le futur de l\u2019architecture en lien avec le monde vivant non-humain, avec Christina Shivers &amp; Andrew Todd\u00a0 - Villa Albertine\",\"isPartOf\":{\"@id\":\"https:\\\/\\\/villa-albertine.org\\\/va\\\/fr\\\/#website\"},\"primaryImageOfPage\":{\"@id\":\"https:\\\/\\\/villa-albertine.org\\\/va\\\/fr\\\/events\\\/city-cite-in-the-forests-cities-and-the-future-design-in-collaboration-with-the-more-than-human-world\\\/#primaryimage\"},\"image\":{\"@id\":\"https:\\\/\\\/villa-albertine.org\\\/va\\\/fr\\\/events\\\/city-cite-in-the-forests-cities-and-the-future-design-in-collaboration-with-the-more-than-human-world\\\/#primaryimage\"},\"thumbnailUrl\":\"https:\\\/\\\/villa-albertine.org\\\/wp-content\\\/uploads\\\/2023\\\/09\\\/INTHEF1.png\",\"datePublished\":\"2023-09-29T18:59:14+00:00\",\"dateModified\":\"2024-04-30T18:48:21+00:00\",\"breadcrumb\":{\"@id\":\"https:\\\/\\\/villa-albertine.org\\\/va\\\/fr\\\/events\\\/city-cite-in-the-forests-cities-and-the-future-design-in-collaboration-with-the-more-than-human-world\\\/#breadcrumb\"},\"inLanguage\":\"fr-FR\",\"potentialAction\":[{\"@type\":\"ReadAction\",\"target\":[\"https:\\\/\\\/villa-albertine.org\\\/va\\\/fr\\\/events\\\/city-cite-in-the-forests-cities-and-the-future-design-in-collaboration-with-the-more-than-human-world\\\/\"]}]},{\"@type\":\"ImageObject\",\"inLanguage\":\"fr-FR\",\"@id\":\"https:\\\/\\\/villa-albertine.org\\\/va\\\/fr\\\/events\\\/city-cite-in-the-forests-cities-and-the-future-design-in-collaboration-with-the-more-than-human-world\\\/#primaryimage\",\"url\":\"https:\\\/\\\/villa-albertine.org\\\/wp-content\\\/uploads\\\/2023\\\/09\\\/INTHEF1.png\",\"contentUrl\":\"https:\\\/\\\/villa-albertine.org\\\/wp-content\\\/uploads\\\/2023\\\/09\\\/INTHEF1.png\",\"width\":1920,\"height\":1080},{\"@type\":\"BreadcrumbList\",\"@id\":\"https:\\\/\\\/villa-albertine.org\\\/va\\\/fr\\\/events\\\/city-cite-in-the-forests-cities-and-the-future-design-in-collaboration-with-the-more-than-human-world\\\/#breadcrumb\",\"itemListElement\":[{\"@type\":\"ListItem\",\"position\":1,\"name\":\"Home\",\"item\":\"https:\\\/\\\/villa-albertine.org\\\/va\\\/fr\\\/home\\\/\"},{\"@type\":\"ListItem\",\"position\":2,\"name\":\"Dans les for\u00eats : les villes et le futur de l\u2019architecture en lien avec le monde vivant non-humain, avec Christina Shivers &amp; Andrew Todd\u00a0\"}]},{\"@type\":\"WebSite\",\"@id\":\"https:\\\/\\\/villa-albertine.org\\\/va\\\/fr\\\/#website\",\"url\":\"https:\\\/\\\/villa-albertine.org\\\/va\\\/fr\\\/\",\"name\":\"Villa Albertine\",\"description\":\"\",\"potentialAction\":[{\"@type\":\"SearchAction\",\"target\":{\"@type\":\"EntryPoint\",\"urlTemplate\":\"https:\\\/\\\/villa-albertine.org\\\/va\\\/fr\\\/?s={search_term_string}\"},\"query-input\":{\"@type\":\"PropertyValueSpecification\",\"valueRequired\":true,\"valueName\":\"search_term_string\"}}],\"inLanguage\":\"fr-FR\"}]}<\/script>\n<!-- \/ Yoast SEO plugin. -->","yoast_head_json":{"title":"Dans les for\u00eats : les villes et le futur de l\u2019architecture en lien avec le monde vivant non-humain, avec Christina Shivers &amp; Andrew Todd\u00a0 - Villa Albertine","robots":{"index":"index","follow":"follow","max-snippet":"max-snippet:-1","max-image-preview":"max-image-preview:large","max-video-preview":"max-video-preview:-1"},"canonical":"https:\/\/villa-albertine.org\/va\/fr\/events\/city-cite-in-the-forests-cities-and-the-future-design-in-collaboration-with-the-more-than-human-world\/","og_locale":"fr_FR","og_type":"article","og_title":"Dans les for\u00eats : les villes et le futur de l\u2019architecture en lien avec le monde vivant non-humain, avec Christina Shivers &amp; Andrew Todd\u00a0 - Villa Albertine","og_description":"Cette conf\u00e9rence abordera le pass\u00e9, le pr\u00e9sent et l&rsquo;avenir de l&rsquo;\u00e9cologie dans les villes d&rsquo;aujourd&rsquo;hui. Avec un int\u00e9r\u00eat particulier port\u00e9 aux for\u00eats et aux espaces urbains sauvages, les intervenants Andrew Todd et Christina Shivers \u00e9tudieront les implications politiques possibles au sein des \u00e9cologies urbaines \u00e9mergentes, tout en explorant le potentiel du design pour d\u00e9velopper des...","og_url":"https:\/\/villa-albertine.org\/va\/fr\/events\/city-cite-in-the-forests-cities-and-the-future-design-in-collaboration-with-the-more-than-human-world\/","og_site_name":"Villa Albertine","article_modified_time":"2024-04-30T18:48:21+00:00","og_image":[{"width":1920,"height":1080,"url":"https:\/\/villa-albertine.org\/wp-content\/uploads\/2023\/09\/INTHEF1.png","type":"image\/png"}],"twitter_card":"summary_large_image","twitter_misc":{"Dur\u00e9e de lecture estim\u00e9e":"3 minutes"},"schema":{"@context":"https:\/\/schema.org","@graph":[{"@type":"WebPage","@id":"https:\/\/villa-albertine.org\/va\/fr\/events\/city-cite-in-the-forests-cities-and-the-future-design-in-collaboration-with-the-more-than-human-world\/","url":"https:\/\/villa-albertine.org\/va\/fr\/events\/city-cite-in-the-forests-cities-and-the-future-design-in-collaboration-with-the-more-than-human-world\/","name":"Dans les for\u00eats : les villes et le futur de l\u2019architecture en lien avec le monde vivant non-humain, avec Christina Shivers &amp; Andrew Todd\u00a0 - Villa Albertine","isPartOf":{"@id":"https:\/\/villa-albertine.org\/va\/fr\/#website"},"primaryImageOfPage":{"@id":"https:\/\/villa-albertine.org\/va\/fr\/events\/city-cite-in-the-forests-cities-and-the-future-design-in-collaboration-with-the-more-than-human-world\/#primaryimage"},"image":{"@id":"https:\/\/villa-albertine.org\/va\/fr\/events\/city-cite-in-the-forests-cities-and-the-future-design-in-collaboration-with-the-more-than-human-world\/#primaryimage"},"thumbnailUrl":"https:\/\/villa-albertine.org\/wp-content\/uploads\/2023\/09\/INTHEF1.png","datePublished":"2023-09-29T18:59:14+00:00","dateModified":"2024-04-30T18:48:21+00:00","breadcrumb":{"@id":"https:\/\/villa-albertine.org\/va\/fr\/events\/city-cite-in-the-forests-cities-and-the-future-design-in-collaboration-with-the-more-than-human-world\/#breadcrumb"},"inLanguage":"fr-FR","potentialAction":[{"@type":"ReadAction","target":["https:\/\/villa-albertine.org\/va\/fr\/events\/city-cite-in-the-forests-cities-and-the-future-design-in-collaboration-with-the-more-than-human-world\/"]}]},{"@type":"ImageObject","inLanguage":"fr-FR","@id":"https:\/\/villa-albertine.org\/va\/fr\/events\/city-cite-in-the-forests-cities-and-the-future-design-in-collaboration-with-the-more-than-human-world\/#primaryimage","url":"https:\/\/villa-albertine.org\/wp-content\/uploads\/2023\/09\/INTHEF1.png","contentUrl":"https:\/\/villa-albertine.org\/wp-content\/uploads\/2023\/09\/INTHEF1.png","width":1920,"height":1080},{"@type":"BreadcrumbList","@id":"https:\/\/villa-albertine.org\/va\/fr\/events\/city-cite-in-the-forests-cities-and-the-future-design-in-collaboration-with-the-more-than-human-world\/#breadcrumb","itemListElement":[{"@type":"ListItem","position":1,"name":"Home","item":"https:\/\/villa-albertine.org\/va\/fr\/home\/"},{"@type":"ListItem","position":2,"name":"Dans les for\u00eats : les villes et le futur de l\u2019architecture en lien avec le monde vivant non-humain, avec Christina Shivers &amp; Andrew Todd\u00a0"}]},{"@type":"WebSite","@id":"https:\/\/villa-albertine.org\/va\/fr\/#website","url":"https:\/\/villa-albertine.org\/va\/fr\/","name":"Villa Albertine","description":"","potentialAction":[{"@type":"SearchAction","target":{"@type":"EntryPoint","urlTemplate":"https:\/\/villa-albertine.org\/va\/fr\/?s={search_term_string}"},"query-input":{"@type":"PropertyValueSpecification","valueRequired":true,"valueName":"search_term_string"}}],"inLanguage":"fr-FR"}]}},"_links":{"self":[{"href":"https:\/\/villa-albertine.org\/va\/fr\/wp-json\/wp\/v2\/app_event\/310527","targetHints":{"allow":["GET"]}}],"collection":[{"href":"https:\/\/villa-albertine.org\/va\/fr\/wp-json\/wp\/v2\/app_event"}],"about":[{"href":"https:\/\/villa-albertine.org\/va\/fr\/wp-json\/wp\/v2\/types\/app_event"}],"wp:featuredmedia":[{"embeddable":true,"href":"https:\/\/villa-albertine.org\/va\/fr\/wp-json\/wp\/v2\/media\/310502"}],"wp:attachment":[{"href":"https:\/\/villa-albertine.org\/va\/fr\/wp-json\/wp\/v2\/media?parent=310527"}],"wp:term":[{"taxonomy":"app_discipline","embeddable":true,"href":"https:\/\/villa-albertine.org\/va\/fr\/wp-json\/wp\/v2\/app_discipline?post=310527"},{"taxonomy":"app_city_tax","embeddable":true,"href":"https:\/\/villa-albertine.org\/va\/fr\/wp-json\/wp\/v2\/app_city_tax?post=310527"},{"taxonomy":"app_event_type","embeddable":true,"href":"https:\/\/villa-albertine.org\/va\/fr\/wp-json\/wp\/v2\/app_event_type?post=310527"}],"curies":[{"name":"wp","href":"https:\/\/api.w.org\/{rel}","templated":true}]}}