{"version":"1.0","provider_name":"Villa Albertine","provider_url":"https:\/\/villa-albertine.org\/va\/fr\/","author_name":"Communications","author_url":"https:\/\/villa-albertine.org\/va\/fr\/author\/communications\/","title":"Appel g\u00e9n\u00e9ral \u00e0 candidatures : r\u00e9sidences 2026 - Villa Albertine","type":"rich","width":600,"height":338,"html":"<blockquote class=\"wp-embedded-content\" data-secret=\"iZXS4EdL4A\"><a href=\"https:\/\/villa-albertine.org\/va\/fr\/professionals\/appel-general-a-candidatures-residences-2026\/\">Appel g\u00e9n\u00e9ral \u00e0 candidatures : r\u00e9sidences 2026<\/a><\/blockquote><iframe sandbox=\"allow-scripts\" security=\"restricted\" src=\"https:\/\/villa-albertine.org\/va\/fr\/professionals\/appel-general-a-candidatures-residences-2026\/embed\/#?secret=iZXS4EdL4A\" width=\"600\" height=\"338\" title=\"\u00ab\u00a0Appel g\u00e9n\u00e9ral \u00e0 candidatures : r\u00e9sidences 2026\u00a0\u00bb &#8212; Villa Albertine\" data-secret=\"iZXS4EdL4A\" frameborder=\"0\" marginwidth=\"0\" marginheight=\"0\" scrolling=\"no\" class=\"wp-embedded-content\"><\/iframe><script type=\"text\/javascript\">\n\/* <![CDATA[ *\/\n\/*! This file is auto-generated *\/\n!function(d,l){\"use strict\";l.querySelector&&d.addEventListener&&\"undefined\"!=typeof URL&&(d.wp=d.wp||{},d.wp.receiveEmbedMessage||(d.wp.receiveEmbedMessage=function(e){var t=e.data;if((t||t.secret||t.message||t.value)&&!\/[^a-zA-Z0-9]\/.test(t.secret)){for(var s,r,n,a=l.querySelectorAll('iframe[data-secret=\"'+t.secret+'\"]'),o=l.querySelectorAll('blockquote[data-secret=\"'+t.secret+'\"]'),c=new RegExp(\"^https?:$\",\"i\"),i=0;i<o.length;i++)o[i].style.display=\"none\";for(i=0;i<a.length;i++)s=a[i],e.source===s.contentWindow&&(s.removeAttribute(\"style\"),\"height\"===t.message?(1e3<(r=parseInt(t.value,10))?r=1e3:~~r<200&&(r=200),s.height=r):\"link\"===t.message&&(r=new URL(s.getAttribute(\"src\")),n=new URL(t.value),c.test(n.protocol))&&n.host===r.host&&l.activeElement===s&&(d.top.location.href=t.value))}},d.addEventListener(\"message\",d.wp.receiveEmbedMessage,!1),l.addEventListener(\"DOMContentLoaded\",function(){for(var e,t,s=l.querySelectorAll(\"iframe.wp-embedded-content\"),r=0;r<s.length;r++)(t=(e=s[r]).getAttribute(\"data-secret\"))||(t=Math.random().toString(36).substring(2,12),e.src+=\"#?secret=\"+t,e.setAttribute(\"data-secret\",t)),e.contentWindow.postMessage({message:\"ready\",secret:t},\"*\")},!1)))}(window,document);\n\/\/# sourceURL=https:\/\/villa-albertine.org\/wp-includes\/js\/wp-embed.min.js\n\/* ]]> *\/\n<\/script>\n","thumbnail_url":"https:\/\/villa-albertine.org\/wp-content\/uploads\/2024\/11\/VA_26CALL_1247x573_V2_HD-scaled.jpg","thumbnail_width":2560,"thumbnail_height":1176,"description":"L\u2019appel \u00e0 candidatures pour les r\u00e9sidences 2026 de la Villa Albertine est ouvert jusqu\u2019au 30 janvier 2025. La Villa Albertine a le plaisir d&rsquo;annoncer l&rsquo;ouverture de son appel \u00e0 candidatures pour des r\u00e9sidences en 2026. De janvier \u00e0 d\u00e9cembre 2026, la Villa Albertine accompagnera une cinquantaine de r\u00e9sidences d\u2019exploration, d\u2019une dur\u00e9e comprise entre un et..."}