{"version":"1.0","provider_name":"Villa Albertine","provider_url":"https:\/\/villa-albertine.org\/va\/fr\/","author_name":"Villa Albertine","author_url":"https:\/\/villa-albertine.org\/va\/fr\/","title":"Les laur\u00e9ats 2023 du programme FUSED annonc\u00e9s - Villa Albertine","type":"rich","width":600,"height":338,"html":"<blockquote class=\"wp-embedded-content\" data-secret=\"qbE8Wr7Wqr\"><a href=\"https:\/\/villa-albertine.org\/va\/fr\/professionals\/2023-grantees-fused\/\">Les laur\u00e9ats 2023 du programme FUSED annonc\u00e9s<\/a><\/blockquote><iframe sandbox=\"allow-scripts\" security=\"restricted\" src=\"https:\/\/villa-albertine.org\/va\/fr\/professionals\/2023-grantees-fused\/embed\/#?secret=qbE8Wr7Wqr\" width=\"600\" height=\"338\" title=\"\u00ab\u00a0Les laur\u00e9ats 2023 du programme FUSED annonc\u00e9s\u00a0\u00bb &#8212; Villa Albertine\" data-secret=\"qbE8Wr7Wqr\" frameborder=\"0\" marginwidth=\"0\" marginheight=\"0\" scrolling=\"no\" class=\"wp-embedded-content\"><\/iframe><script type=\"text\/javascript\">\n\/* <![CDATA[ *\/\n\/*! This file is auto-generated *\/\n!function(d,l){\"use strict\";l.querySelector&&d.addEventListener&&\"undefined\"!=typeof URL&&(d.wp=d.wp||{},d.wp.receiveEmbedMessage||(d.wp.receiveEmbedMessage=function(e){var t=e.data;if((t||t.secret||t.message||t.value)&&!\/[^a-zA-Z0-9]\/.test(t.secret)){for(var s,r,n,a=l.querySelectorAll('iframe[data-secret=\"'+t.secret+'\"]'),o=l.querySelectorAll('blockquote[data-secret=\"'+t.secret+'\"]'),c=new RegExp(\"^https?:$\",\"i\"),i=0;i<o.length;i++)o[i].style.display=\"none\";for(i=0;i<a.length;i++)s=a[i],e.source===s.contentWindow&&(s.removeAttribute(\"style\"),\"height\"===t.message?(1e3<(r=parseInt(t.value,10))?r=1e3:~~r<200&&(r=200),s.height=r):\"link\"===t.message&&(r=new URL(s.getAttribute(\"src\")),n=new URL(t.value),c.test(n.protocol))&&n.host===r.host&&l.activeElement===s&&(d.top.location.href=t.value))}},d.addEventListener(\"message\",d.wp.receiveEmbedMessage,!1),l.addEventListener(\"DOMContentLoaded\",function(){for(var e,t,s=l.querySelectorAll(\"iframe.wp-embedded-content\"),r=0;r<s.length;r++)(t=(e=s[r]).getAttribute(\"data-secret\"))||(t=Math.random().toString(36).substring(2,12),e.src+=\"#?secret=\"+t,e.setAttribute(\"data-secret\",t)),e.contentWindow.postMessage({message:\"ready\",secret:t},\"*\")},!1)))}(window,document);\n\/\/# sourceURL=https:\/\/villa-albertine.org\/wp-includes\/js\/wp-embed.min.js\n\/* ]]> *\/\n<\/script>\n","thumbnail_url":"https:\/\/villa-albertine.org\/wp-content\/uploads\/2023\/08\/Pixel20-20Compagnie20KC3A4fig20C2A920Laurent20Philippe.jpg","thumbnail_width":1257,"thumbnail_height":836,"description":"Le programme FUSED favorise le dialogue, renforce les relations entre professionnels du secteur et stimule la cr\u00e9ativit\u00e9 artistique en mettant en relation et en soutenant des institutions de renom et des chor\u00e9graphes et interpr\u00e8tes contemporains de France, du continent africain, des Cara\u00efbes et du Moyen-Orient.\u00a0Les bourses soutiennent \u00e0 la fois la cr\u00e9ation et la diffusion..."}