{"version":"1.0","provider_name":"Villa Albertine","provider_url":"https:\/\/villa-albertine.org\/va\/fr\/","author_name":"Communications","author_url":"https:\/\/villa-albertine.org\/va\/fr\/author\/communications\/","title":"La Villa Albertine annonce les 70 projets de r\u00e9sidence retenus pour 2023 - Villa Albertine","type":"rich","width":600,"height":338,"html":"<blockquote class=\"wp-embedded-content\" data-secret=\"u9XZbWoMY5\"><a href=\"https:\/\/villa-albertine.org\/va\/fr\/news\/villa-albertine-2023-residencies\/\">La Villa Albertine annonce les 70 projets de r\u00e9sidence retenus pour 2023<\/a><\/blockquote><iframe sandbox=\"allow-scripts\" security=\"restricted\" src=\"https:\/\/villa-albertine.org\/va\/fr\/news\/villa-albertine-2023-residencies\/embed\/#?secret=u9XZbWoMY5\" width=\"600\" height=\"338\" title=\"\u00ab\u00a0La Villa Albertine annonce les 70 projets de r\u00e9sidence retenus pour 2023\u00a0\u00bb &#8212; Villa Albertine\" data-secret=\"u9XZbWoMY5\" frameborder=\"0\" marginwidth=\"0\" marginheight=\"0\" scrolling=\"no\" class=\"wp-embedded-content\"><\/iframe><script type=\"text\/javascript\">\n\/* <![CDATA[ *\/\n\/*! This file is auto-generated *\/\n!function(d,l){\"use strict\";l.querySelector&&d.addEventListener&&\"undefined\"!=typeof URL&&(d.wp=d.wp||{},d.wp.receiveEmbedMessage||(d.wp.receiveEmbedMessage=function(e){var t=e.data;if((t||t.secret||t.message||t.value)&&!\/[^a-zA-Z0-9]\/.test(t.secret)){for(var s,r,n,a=l.querySelectorAll('iframe[data-secret=\"'+t.secret+'\"]'),o=l.querySelectorAll('blockquote[data-secret=\"'+t.secret+'\"]'),c=new RegExp(\"^https?:$\",\"i\"),i=0;i<o.length;i++)o[i].style.display=\"none\";for(i=0;i<a.length;i++)s=a[i],e.source===s.contentWindow&&(s.removeAttribute(\"style\"),\"height\"===t.message?(1e3<(r=parseInt(t.value,10))?r=1e3:~~r<200&&(r=200),s.height=r):\"link\"===t.message&&(r=new URL(s.getAttribute(\"src\")),n=new URL(t.value),c.test(n.protocol))&&n.host===r.host&&l.activeElement===s&&(d.top.location.href=t.value))}},d.addEventListener(\"message\",d.wp.receiveEmbedMessage,!1),l.addEventListener(\"DOMContentLoaded\",function(){for(var e,t,s=l.querySelectorAll(\"iframe.wp-embedded-content\"),r=0;r<s.length;r++)(t=(e=s[r]).getAttribute(\"data-secret\"))||(t=Math.random().toString(36).substring(2,12),e.src+=\"#?secret=\"+t,e.setAttribute(\"data-secret\",t)),e.contentWindow.postMessage({message:\"ready\",secret:t},\"*\")},!1)))}(window,document);\n\/\/# sourceURL=https:\/\/villa-albertine.org\/wp-includes\/js\/wp-embed.min.js\n\/* ]]> *\/\n<\/script>\n","thumbnail_url":"https:\/\/villa-albertine.org\/wp-content\/uploads\/2023\/08\/VA_VISUEL_RESID_23_BANNIERE_ARTICLE_1246x572_HD_02.jpg","thumbnail_width":1246,"thumbnail_height":572,"description":"La Villa Albertine, \u00e9tablissement culturel du minist\u00e8re de l\u2019Europe et des Affaires \u00e9trang\u00e8res, a d\u00e9voil\u00e9 les noms de ses futurs r\u00e9sidents qui viendront aux Etats-Unis en 2023 pour une r\u00e9sidence d\u2019un \u00e0 trois mois. Gr\u00e2ce \u00e0 un r\u00e9seau de 10 antennes, une \u00e9quipe de 80 personnes et un dense r\u00e9seau de partenaires \u00e0 travers les..."}