{"version":"1.0","provider_name":"Villa Albertine","provider_url":"https:\/\/villa-albertine.org\/va\/fr\/","author_name":"Villa Albertine","author_url":"https:\/\/villa-albertine.org\/va\/fr\/","title":"La Semaine du Cin\u00e9ma Francophone - Villa Albertine","type":"rich","width":600,"height":338,"html":"<blockquote class=\"wp-embedded-content\" data-secret=\"WuZ46yc2Ra\"><a href=\"https:\/\/villa-albertine.org\/va\/fr\/events\/week-french-language-cinema\/\">La Semaine du Cin\u00e9ma Francophone<\/a><\/blockquote><iframe sandbox=\"allow-scripts\" security=\"restricted\" src=\"https:\/\/villa-albertine.org\/va\/fr\/events\/week-french-language-cinema\/embed\/#?secret=WuZ46yc2Ra\" width=\"600\" height=\"338\" title=\"\u00ab\u00a0La Semaine du Cin\u00e9ma Francophone\u00a0\u00bb &#8212; Villa Albertine\" data-secret=\"WuZ46yc2Ra\" frameborder=\"0\" marginwidth=\"0\" marginheight=\"0\" scrolling=\"no\" class=\"wp-embedded-content\"><\/iframe><script type=\"text\/javascript\">\n\/* <![CDATA[ *\/\n\/*! This file is auto-generated *\/\n!function(d,l){\"use strict\";l.querySelector&&d.addEventListener&&\"undefined\"!=typeof URL&&(d.wp=d.wp||{},d.wp.receiveEmbedMessage||(d.wp.receiveEmbedMessage=function(e){var t=e.data;if((t||t.secret||t.message||t.value)&&!\/[^a-zA-Z0-9]\/.test(t.secret)){for(var s,r,n,a=l.querySelectorAll('iframe[data-secret=\"'+t.secret+'\"]'),o=l.querySelectorAll('blockquote[data-secret=\"'+t.secret+'\"]'),c=new RegExp(\"^https?:$\",\"i\"),i=0;i<o.length;i++)o[i].style.display=\"none\";for(i=0;i<a.length;i++)s=a[i],e.source===s.contentWindow&&(s.removeAttribute(\"style\"),\"height\"===t.message?(1e3<(r=parseInt(t.value,10))?r=1e3:~~r<200&&(r=200),s.height=r):\"link\"===t.message&&(r=new URL(s.getAttribute(\"src\")),n=new URL(t.value),c.test(n.protocol))&&n.host===r.host&&l.activeElement===s&&(d.top.location.href=t.value))}},d.addEventListener(\"message\",d.wp.receiveEmbedMessage,!1),l.addEventListener(\"DOMContentLoaded\",function(){for(var e,t,s=l.querySelectorAll(\"iframe.wp-embedded-content\"),r=0;r<s.length;r++)(t=(e=s[r]).getAttribute(\"data-secret\"))||(t=Math.random().toString(36).substring(2,12),e.src+=\"#?secret=\"+t,e.setAttribute(\"data-secret\",t)),e.contentWindow.postMessage({message:\"ready\",secret:t},\"*\")},!1)))}(window,document);\n\/\/# sourceURL=https:\/\/villa-albertine.org\/wp-includes\/js\/wp-embed.min.js\n\/* ]]> *\/\n<\/script>\n","thumbnail_url":"https:\/\/villa-albertine.org\/wp-content\/uploads\/2023\/08\/gaspard-ulliel.jpg","thumbnail_width":1024,"thumbnail_height":576,"description":"Pour la treizi\u00e8me ann\u00e9e cons\u00e9cutive, le Th\u00e9\u00e2tre Raymond Kabbaz, en collaboration avec les Consulats de France, Belgique, Suisse, Canada, le Bureau gouvernemental du Qu\u00e9bec \u00e0 Los Angeles et le Lyc\u00e9e Fran\u00e7ais de Los Angeles, pour pr\u00e9senter La Semaine du Cin\u00e9ma Francophone, avec la projection nocturne de films francophones acclam\u00e9s par la critique, du vendredi 18..."}