{"version":"1.0","provider_name":"Villa Albertine","provider_url":"https:\/\/villa-albertine.org\/va\/fr\/","author_name":"Communications","author_url":"https:\/\/villa-albertine.org\/va\/fr\/author\/communications\/","title":"Les s\u00e9ries fran\u00e7aises \u00e0 ne pas manquer - Villa Albertine","type":"rich","width":600,"height":338,"html":"<blockquote class=\"wp-embedded-content\" data-secret=\"MzkdFvUluG\"><a href=\"https:\/\/villa-albertine.org\/va\/fr\/events\/french-series-not-miss\/\">Les s\u00e9ries fran\u00e7aises \u00e0 ne pas manquer<\/a><\/blockquote><iframe sandbox=\"allow-scripts\" security=\"restricted\" src=\"https:\/\/villa-albertine.org\/va\/fr\/events\/french-series-not-miss\/embed\/#?secret=MzkdFvUluG\" width=\"600\" height=\"338\" title=\"\u00ab\u00a0Les s\u00e9ries fran\u00e7aises \u00e0 ne pas manquer\u00a0\u00bb &#8212; Villa Albertine\" data-secret=\"MzkdFvUluG\" frameborder=\"0\" marginwidth=\"0\" marginheight=\"0\" scrolling=\"no\" class=\"wp-embedded-content\"><\/iframe><script type=\"text\/javascript\">\n\/* <![CDATA[ *\/\n\/*! This file is auto-generated *\/\n!function(d,l){\"use strict\";l.querySelector&&d.addEventListener&&\"undefined\"!=typeof URL&&(d.wp=d.wp||{},d.wp.receiveEmbedMessage||(d.wp.receiveEmbedMessage=function(e){var t=e.data;if((t||t.secret||t.message||t.value)&&!\/[^a-zA-Z0-9]\/.test(t.secret)){for(var s,r,n,a=l.querySelectorAll('iframe[data-secret=\"'+t.secret+'\"]'),o=l.querySelectorAll('blockquote[data-secret=\"'+t.secret+'\"]'),c=new RegExp(\"^https?:$\",\"i\"),i=0;i<o.length;i++)o[i].style.display=\"none\";for(i=0;i<a.length;i++)s=a[i],e.source===s.contentWindow&&(s.removeAttribute(\"style\"),\"height\"===t.message?(1e3<(r=parseInt(t.value,10))?r=1e3:~~r<200&&(r=200),s.height=r):\"link\"===t.message&&(r=new URL(s.getAttribute(\"src\")),n=new URL(t.value),c.test(n.protocol))&&n.host===r.host&&l.activeElement===s&&(d.top.location.href=t.value))}},d.addEventListener(\"message\",d.wp.receiveEmbedMessage,!1),l.addEventListener(\"DOMContentLoaded\",function(){for(var e,t,s=l.querySelectorAll(\"iframe.wp-embedded-content\"),r=0;r<s.length;r++)(t=(e=s[r]).getAttribute(\"data-secret\"))||(t=Math.random().toString(36).substring(2,12),e.src+=\"#?secret=\"+t,e.setAttribute(\"data-secret\",t)),e.contentWindow.postMessage({message:\"ready\",secret:t},\"*\")},!1)))}(window,document);\n\/\/# sourceURL=https:\/\/villa-albertine.org\/wp-includes\/js\/wp-embed.min.js\n\/* ]]> *\/\n<\/script>\n","thumbnail_url":"https:\/\/villa-albertine.org\/wp-content\/uploads\/2023\/08\/Capture20dE28099eCC81cran202022-06-2320aCC802011.58.11_1.png","thumbnail_width":1392,"thumbnail_height":693,"description":"Irma Vep, une mini-s\u00e9rie bas\u00e9e sur le film originel d\u2019Olivier Assayas avec le m\u00eame nom, est disponible pour regarder sur HBO Max. Des nouveaux \u00e9pisodes sortent chaque lundi \u00e0 21h. Il faut s\u2019abonner \u00e0 HBO Max pour voir la s\u00e9rie. Irma Vep Mira (Alicia Vikander) est une actrice am\u00e9ricaine d\u00e9sillusionn\u00e9e par sa carri\u00e8re et une..."}